{"id":3630,"date":"2023-03-27T19:57:18","date_gmt":"2023-03-27T19:57:18","guid":{"rendered":"http:\/\/talkpal.ai\/grammar_exercises\/verbos-para-la-gramatica-francesa\/"},"modified":"2025-07-17T19:58:08","modified_gmt":"2025-07-17T19:58:08","slug":"verbos-para-la-gramatica-francesa","status":"publish","type":"grammar_exercises","link":"https:\/\/talkpal.ai\/es\/grammar_exercises\/verbos-para-la-gramatica-francesa\/","title":{"rendered":"Ejercicios de gram\u00e1tica francesa con verbos"},"content":{"rendered":"<p>Los verbos pronominales en <a href=\"https:\/\/talkpal.ai\/es\/locations\/aprende-frances-leyendo\/\">franc\u00e9s<\/a> se construyen con un <a href=\"https:\/\/talkpal.ai\/es\/grammar_exercises\/pronombres-reflexivos-para-la-gramatica-francesa\/\">pronombre reflexivo<\/a> y se emplean para indicar que la acci\u00f3n recae sobre el sujeto. Este tipo de verbos es muy frecuente para describir rutinas diarias, emociones y ciertas acciones rec\u00edprocas. Practica con estos ejercicios la conjugaci\u00f3n y el uso correcto de los verbos pronominales en diferentes contextos.<\/p>\n<h3>Conjugaci\u00f3n de verbos pronominales en presente<\/h3>\n<div class=\"input_sentences\">\n1. Je *me l\u00e8ve* \u00e0 sept heures (Conjuga \u201cse lever\u201d para \u201cje\u201d en <a href=\"https:\/\/talkpal.ai\/zh-hans\/grammar_exercises\/presente-%e8%a5%bf%e7%8f%ad%e7%89%99%e8%af%ad%e6%b3%95%e7%bb%83%e4%b9%a0\/\">presente<\/a>).<br \/>\n2. Tu *te r\u00e9veilles* t\u00f4t le matin (<a href=\"https:\/\/talkpal.ai\/locations\/learn-english-in-usa\/\">Usa<\/a> \u201cse r\u00e9veiller\u201d con \u201ctu\u201d).<br \/>\n3. Il *se douche* apr\u00e8s le sport (Conjuga \u201cse doucher\u201d para \u201cil\u201d).<br \/>\n4. Nous *nous habillons* rapidement (Conjuga \u201cs\u2019habiller\u201d para \u201cnous\u201d).<br \/>\n5. Vous *vous couchez* tard (Usa \u201cse coucher\u201d con \u201cvous\u201d).<br \/>\n6. Elles *se maquillent* avant la f\u00eate (Conjuga \u201cse maquiller\u201d para \u201celles\u201d).<br \/>\n7. On *se brosse* les dents apr\u00e8s chaque repas (Conjuga \u201cse brosser\u201d para \u201con\u201d).<br \/>\n8. Tu *t\u2019amuses* beaucoup (Usa \u201cs\u2019amuser\u201d con \u201ctu\u201d).<br \/>\n9. Je *me repose* le dimanche (Usa \u201cse reposer\u201d con \u201cje\u201d).<br \/>\n10. Ils *se d\u00e9p\u00eachent* pour ne pas \u00eatre en retard (Conjuga \u201cse d\u00e9p\u00eacher\u201d para \u201cils\u201d).\n<\/div>\n<div class=\"exercise\"><\/div>\n<h3>Uso de verbos pronominales en frases con negaci\u00f3n<\/h3>\n<div class=\"input_sentences\">\n1. Je *ne me l\u00e8ve pas* tard (Coloca la <a href=\"https:\/\/talkpal.ai\/zh-hans\/grammar_exercises\/negacion-%e8%a5%bf%e7%8f%ad%e7%89%99%e8%af%ad%e6%b3%95%e7%bb%83%e4%b9%a0\/\">negaci\u00f3n<\/a> correctamente con un verbo pronominal en presente para \u201cje\u201d).<br \/>\n2. Tu *ne te couches pas* t\u00f4t (Agrega la negaci\u00f3n a \u201cse coucher\u201d para \u201ctu\u201d).<br \/>\n3. Il *ne se rase pas* chaque jour (Constr\u00fayelo en negativo para \u201cil\u201d con \u201cse raser\u201d).<br \/>\n4. Nous *ne nous disputons pas* souvent (Negar la acci\u00f3n de \u201cse disputer\u201d para \u201cnous\u201d).<br \/>\n5. Vous *ne vous souvenez pas* de cette histoire (Negaci\u00f3n con el verbo \u201cse souvenir de\u201d para \u201cvous\u201d).<br \/>\n6. Elles *ne se reposent pas* le samedi (Negar con \u201cse reposer\u201d para \u201celles\u201d).<br \/>\n7. Je *ne m\u2019habille pas* vite (Negar acci\u00f3n con \u201cs\u2019habiller\u201d para \u201cje\u201d).<br \/>\n8. Tu *ne t\u2019\u00e9nerves pas* facilement (Agregar la negaci\u00f3n a \u201cs\u2019\u00e9nerver\u201d para \u201ctu\u201d).<br \/>\n9. Il *ne se trompe pas* souvent (Nega la acci\u00f3n usando \u201cse tromper\u201d para \u201cil\u201d).<br \/>\n10. Nous *ne nous d\u00e9p\u00eachons pas* ce matin (Negar \u201cse d\u00e9p\u00eacher\u201d para \u201cnous\u201d).\n<\/div>\n<div class=\"exercise\"><\/div>\n","protected":false},"featured_media":1527690,"parent":0,"menu_order":0,"template":"","exercise_language":[481,13842],"class_list":["post-3630","grammar_exercises","type-grammar_exercises","status-publish","has-post-thumbnail","hentry","exercise_language-frances","exercise_language-verbos-gramatica-francesa"],"acf":[],"yoast_head":"<!-- This site is optimized with the Yoast SEO Premium plugin v27.2 (Yoast SEO v27.2) - https:\/\/yoast.com\/product\/yoast-seo-premium-wordpress\/ -->\n<title>Ejercicios de gram\u00e1tica francesa con verbos - Talkpal<\/title>\n<meta name=\"description\" content=\"Los verbos pronominales en franc\u00e9s se construyen con un pronombre reflexivo y se emplean para indicar que la acci\u00f3n recae sobre el sujeto. Este tipo de\" \/>\n<meta name=\"robots\" content=\"index, follow, max-snippet:-1, max-image-preview:large, max-video-preview:-1\" \/>\n<link rel=\"canonical\" href=\"https:\/\/talkpal.ai\/es\/grammar_exercises\/verbos-para-la-gramatica-francesa\/\" \/>\n<meta property=\"og:locale\" content=\"es_ES\" \/>\n<meta property=\"og:type\" content=\"article\" \/>\n<meta property=\"og:title\" content=\"Ejercicios de gram\u00e1tica francesa con verbos\" \/>\n<meta property=\"og:description\" content=\"Los verbos pronominales en franc\u00e9s se construyen con un pronombre reflexivo y se emplean para indicar que la acci\u00f3n recae sobre el sujeto. Este tipo de\" \/>\n<meta property=\"og:url\" content=\"https:\/\/talkpal.ai\/es\/grammar_exercises\/verbos-para-la-gramatica-francesa\/\" \/>\n<meta property=\"og:site_name\" content=\"Talkpal\" \/>\n<meta property=\"article:publisher\" content=\"https:\/\/www.facebook.com\/profile.php?id=100090733639311\" \/>\n<meta property=\"article:modified_time\" content=\"2025-07-17T19:58:08+00:00\" \/>\n<meta property=\"og:image\" content=\"https:\/\/talkpal.ai\/wp-content\/uploads\/2023\/06\/TalkPal-Illustration-of-Grammar-Exercises190-1024x574.png\" \/>\n\t<meta property=\"og:image:width\" content=\"1024\" \/>\n\t<meta property=\"og:image:height\" content=\"574\" \/>\n\t<meta property=\"og:image:type\" content=\"image\/png\" \/>\n<meta name=\"twitter:card\" content=\"summary_large_image\" \/>\n<meta name=\"twitter:site\" content=\"@talkpalai\" \/>\n<meta name=\"twitter:label1\" content=\"Tiempo de lectura\" \/>\n\t<meta name=\"twitter:data1\" content=\"2 minutos\" \/>\n<script type=\"application\/ld+json\" class=\"yoast-schema-graph\">{\"@context\":\"https:\/\/schema.org\",\"@graph\":[{\"@type\":\"WebPage\",\"@id\":\"https:\/\/talkpal.ai\/es\/grammar_exercises\/verbos-para-la-gramatica-francesa\/\",\"url\":\"https:\/\/talkpal.ai\/es\/grammar_exercises\/verbos-para-la-gramatica-francesa\/\",\"name\":\"Ejercicios de gram\u00e1tica francesa con verbos - Talkpal\",\"isPartOf\":{\"@id\":\"https:\/\/talkpal.ai\/es\/#website\"},\"primaryImageOfPage\":{\"@id\":\"https:\/\/talkpal.ai\/es\/grammar_exercises\/verbos-para-la-gramatica-francesa\/#primaryimage\"},\"image\":{\"@id\":\"https:\/\/talkpal.ai\/es\/grammar_exercises\/verbos-para-la-gramatica-francesa\/#primaryimage\"},\"thumbnailUrl\":\"https:\/\/talkpal.ai\/wp-content\/uploads\/2025\/12\/group-reads-together-to-learn-languages.webp\",\"datePublished\":\"2023-03-27T19:57:18+00:00\",\"dateModified\":\"2025-07-17T19:58:08+00:00\",\"description\":\"Los verbos pronominales en franc\u00e9s se construyen con un pronombre reflexivo y se emplean para indicar que la acci\u00f3n recae sobre el sujeto. Este tipo de\",\"breadcrumb\":{\"@id\":\"https:\/\/talkpal.ai\/es\/grammar_exercises\/verbos-para-la-gramatica-francesa\/#breadcrumb\"},\"inLanguage\":\"es\",\"potentialAction\":[{\"@type\":\"ReadAction\",\"target\":[\"https:\/\/talkpal.ai\/es\/grammar_exercises\/verbos-para-la-gramatica-francesa\/\"]}]},{\"@type\":\"ImageObject\",\"inLanguage\":\"es\",\"@id\":\"https:\/\/talkpal.ai\/es\/grammar_exercises\/verbos-para-la-gramatica-francesa\/#primaryimage\",\"url\":\"https:\/\/talkpal.ai\/wp-content\/uploads\/2025\/12\/group-reads-together-to-learn-languages.webp\",\"contentUrl\":\"https:\/\/talkpal.ai\/wp-content\/uploads\/2025\/12\/group-reads-together-to-learn-languages.webp\",\"width\":1200,\"height\":896,\"caption\":\"Several students sit at a table in a warm, sunlit room while learning languages with their textbooks.\"},{\"@type\":\"BreadcrumbList\",\"@id\":\"https:\/\/talkpal.ai\/es\/grammar_exercises\/verbos-para-la-gramatica-francesa\/#breadcrumb\",\"itemListElement\":[{\"@type\":\"ListItem\",\"position\":1,\"name\":\"Homepage\",\"item\":\"https:\/\/talkpal.ai\/es\/\"},{\"@type\":\"ListItem\",\"position\":2,\"name\":\"Ejercicios de gram\u00e1tica francesa con verbos\"}]},{\"@type\":\"WebSite\",\"@id\":\"https:\/\/talkpal.ai\/es\/#website\",\"url\":\"https:\/\/talkpal.ai\/es\/\",\"name\":\"Talkpal\",\"description\":\"AI Language Learning\",\"publisher\":{\"@id\":\"https:\/\/talkpal.ai\/es\/#organization\"},\"alternateName\":\"Talkpal AI\",\"potentialAction\":[{\"@type\":\"SearchAction\",\"target\":{\"@type\":\"EntryPoint\",\"urlTemplate\":\"https:\/\/talkpal.ai\/es\/?s={search_term_string}\"},\"query-input\":{\"@type\":\"PropertyValueSpecification\",\"valueRequired\":true,\"valueName\":\"search_term_string\"}}],\"inLanguage\":\"es\"},{\"@type\":\"Organization\",\"@id\":\"https:\/\/talkpal.ai\/es\/#organization\",\"name\":\"Talkpal, Inc.\",\"alternateName\":\"Talkpal AI\",\"url\":\"https:\/\/talkpal.ai\/es\/\",\"logo\":{\"@type\":\"ImageObject\",\"inLanguage\":\"es\",\"@id\":\"https:\/\/talkpal.ai\/es\/#\/schema\/logo\/image\/\",\"url\":\"https:\/\/talkpal.ai\/wp-content\/uploads\/2024\/03\/Talkpal-Logo-Icon.png\",\"contentUrl\":\"https:\/\/talkpal.ai\/wp-content\/uploads\/2024\/03\/Talkpal-Logo-Icon.png\",\"width\":2880,\"height\":2880,\"caption\":\"Talkpal, Inc.\"},\"image\":{\"@id\":\"https:\/\/talkpal.ai\/es\/#\/schema\/logo\/image\/\"},\"sameAs\":[\"https:\/\/www.facebook.com\/profile.php?id=100090733639311\",\"https:\/\/x.com\/talkpalai\",\"https:\/\/www.linkedin.com\/company\/talkpal\/\",\"https:\/\/www.youtube.com\/@TalkPal\/\",\"https:\/\/www.tiktok.com\/@talkpal\",\"https:\/\/www.instagram.com\/talkpal_ai\/\",\"https:\/\/www.crunchbase.com\/organization\/talkpal-9cde\",\"https:\/\/www.g2.com\/products\/talkpal-for-business\/\",\"https:\/\/www.trustpilot.com\/review\/talkpal.ai\",\"https:\/\/www.capterra.com\/p\/10006800\/TalkPal\/\"],\"description\":\"Talkpal is a language learning web and mobile education app, powered by the latest AI technologies, that provides engaging experiences to its customers in many different languages to help them improve their language skills. Users can chat about unlimited amount of topics with the app and use other modes to practice their language learning.\",\"email\":\"support@talkpal.ai\",\"legalName\":\"Talkpal, Inc.\",\"foundingDate\":\"2023-04-03\",\"duns\":\"118989042\",\"numberOfEmployees\":{\"@type\":\"QuantitativeValue\",\"minValue\":\"11\",\"maxValue\":\"50\"},\"publishingPrinciples\":\"https:\/\/talkpal.ai\/publishing-principles\/\",\"actionableFeedbackPolicy\":\"https:\/\/talkpal.ai\/actionable-feedback-policy\/\",\"correctionsPolicy\":\"https:\/\/talkpal.ai\/corrections-policy\/\",\"ethicsPolicy\":\"https:\/\/talkpal.ai\/ethics-policy\/\",\"diversityPolicy\":\"https:\/\/talkpal.ai\/diversity-policy\/\",\"diversityStaffingReport\":\"https:\/\/talkpal.ai\/diversity-policy\/\"}]}<\/script>\n<!-- \/ Yoast SEO Premium plugin. -->","yoast_head_json":{"title":"Ejercicios de gram\u00e1tica francesa con verbos - Talkpal","description":"Los verbos pronominales en franc\u00e9s se construyen con un pronombre reflexivo y se emplean para indicar que la acci\u00f3n recae sobre el sujeto. Este tipo de","robots":{"index":"index","follow":"follow","max-snippet":"max-snippet:-1","max-image-preview":"max-image-preview:large","max-video-preview":"max-video-preview:-1"},"canonical":"https:\/\/talkpal.ai\/es\/grammar_exercises\/verbos-para-la-gramatica-francesa\/","og_locale":"es_ES","og_type":"article","og_title":"Ejercicios de gram\u00e1tica francesa con verbos","og_description":"Los verbos pronominales en franc\u00e9s se construyen con un pronombre reflexivo y se emplean para indicar que la acci\u00f3n recae sobre el sujeto. Este tipo de","og_url":"https:\/\/talkpal.ai\/es\/grammar_exercises\/verbos-para-la-gramatica-francesa\/","og_site_name":"Talkpal","article_publisher":"https:\/\/www.facebook.com\/profile.php?id=100090733639311","article_modified_time":"2025-07-17T19:58:08+00:00","og_image":[{"width":1024,"height":574,"url":"https:\/\/talkpal.ai\/wp-content\/uploads\/2023\/06\/TalkPal-Illustration-of-Grammar-Exercises190-1024x574.png","type":"image\/png"}],"twitter_card":"summary_large_image","twitter_site":"@talkpalai","twitter_misc":{"Tiempo de lectura":"2 minutos"},"schema":{"@context":"https:\/\/schema.org","@graph":[{"@type":"WebPage","@id":"https:\/\/talkpal.ai\/es\/grammar_exercises\/verbos-para-la-gramatica-francesa\/","url":"https:\/\/talkpal.ai\/es\/grammar_exercises\/verbos-para-la-gramatica-francesa\/","name":"Ejercicios de gram\u00e1tica francesa con verbos - Talkpal","isPartOf":{"@id":"https:\/\/talkpal.ai\/es\/#website"},"primaryImageOfPage":{"@id":"https:\/\/talkpal.ai\/es\/grammar_exercises\/verbos-para-la-gramatica-francesa\/#primaryimage"},"image":{"@id":"https:\/\/talkpal.ai\/es\/grammar_exercises\/verbos-para-la-gramatica-francesa\/#primaryimage"},"thumbnailUrl":"https:\/\/talkpal.ai\/wp-content\/uploads\/2025\/12\/group-reads-together-to-learn-languages.webp","datePublished":"2023-03-27T19:57:18+00:00","dateModified":"2025-07-17T19:58:08+00:00","description":"Los verbos pronominales en franc\u00e9s se construyen con un pronombre reflexivo y se emplean para indicar que la acci\u00f3n recae sobre el sujeto. Este tipo de","breadcrumb":{"@id":"https:\/\/talkpal.ai\/es\/grammar_exercises\/verbos-para-la-gramatica-francesa\/#breadcrumb"},"inLanguage":"es","potentialAction":[{"@type":"ReadAction","target":["https:\/\/talkpal.ai\/es\/grammar_exercises\/verbos-para-la-gramatica-francesa\/"]}]},{"@type":"ImageObject","inLanguage":"es","@id":"https:\/\/talkpal.ai\/es\/grammar_exercises\/verbos-para-la-gramatica-francesa\/#primaryimage","url":"https:\/\/talkpal.ai\/wp-content\/uploads\/2025\/12\/group-reads-together-to-learn-languages.webp","contentUrl":"https:\/\/talkpal.ai\/wp-content\/uploads\/2025\/12\/group-reads-together-to-learn-languages.webp","width":1200,"height":896,"caption":"Several students sit at a table in a warm, sunlit room while learning languages with their textbooks."},{"@type":"BreadcrumbList","@id":"https:\/\/talkpal.ai\/es\/grammar_exercises\/verbos-para-la-gramatica-francesa\/#breadcrumb","itemListElement":[{"@type":"ListItem","position":1,"name":"Homepage","item":"https:\/\/talkpal.ai\/es\/"},{"@type":"ListItem","position":2,"name":"Ejercicios de gram\u00e1tica francesa con verbos"}]},{"@type":"WebSite","@id":"https:\/\/talkpal.ai\/es\/#website","url":"https:\/\/talkpal.ai\/es\/","name":"Talkpal","description":"AI Language Learning","publisher":{"@id":"https:\/\/talkpal.ai\/es\/#organization"},"alternateName":"Talkpal AI","potentialAction":[{"@type":"SearchAction","target":{"@type":"EntryPoint","urlTemplate":"https:\/\/talkpal.ai\/es\/?s={search_term_string}"},"query-input":{"@type":"PropertyValueSpecification","valueRequired":true,"valueName":"search_term_string"}}],"inLanguage":"es"},{"@type":"Organization","@id":"https:\/\/talkpal.ai\/es\/#organization","name":"Talkpal, Inc.","alternateName":"Talkpal AI","url":"https:\/\/talkpal.ai\/es\/","logo":{"@type":"ImageObject","inLanguage":"es","@id":"https:\/\/talkpal.ai\/es\/#\/schema\/logo\/image\/","url":"https:\/\/talkpal.ai\/wp-content\/uploads\/2024\/03\/Talkpal-Logo-Icon.png","contentUrl":"https:\/\/talkpal.ai\/wp-content\/uploads\/2024\/03\/Talkpal-Logo-Icon.png","width":2880,"height":2880,"caption":"Talkpal, Inc."},"image":{"@id":"https:\/\/talkpal.ai\/es\/#\/schema\/logo\/image\/"},"sameAs":["https:\/\/www.facebook.com\/profile.php?id=100090733639311","https:\/\/x.com\/talkpalai","https:\/\/www.linkedin.com\/company\/talkpal\/","https:\/\/www.youtube.com\/@TalkPal\/","https:\/\/www.tiktok.com\/@talkpal","https:\/\/www.instagram.com\/talkpal_ai\/","https:\/\/www.crunchbase.com\/organization\/talkpal-9cde","https:\/\/www.g2.com\/products\/talkpal-for-business\/","https:\/\/www.trustpilot.com\/review\/talkpal.ai","https:\/\/www.capterra.com\/p\/10006800\/TalkPal\/"],"description":"Talkpal is a language learning web and mobile education app, powered by the latest AI technologies, that provides engaging experiences to its customers in many different languages to help them improve their language skills. Users can chat about unlimited amount of topics with the app and use other modes to practice their language learning.","email":"support@talkpal.ai","legalName":"Talkpal, Inc.","foundingDate":"2023-04-03","duns":"118989042","numberOfEmployees":{"@type":"QuantitativeValue","minValue":"11","maxValue":"50"},"publishingPrinciples":"https:\/\/talkpal.ai\/publishing-principles\/","actionableFeedbackPolicy":"https:\/\/talkpal.ai\/actionable-feedback-policy\/","correctionsPolicy":"https:\/\/talkpal.ai\/corrections-policy\/","ethicsPolicy":"https:\/\/talkpal.ai\/ethics-policy\/","diversityPolicy":"https:\/\/talkpal.ai\/diversity-policy\/","diversityStaffingReport":"https:\/\/talkpal.ai\/diversity-policy\/"}]}},"_links":{"self":[{"href":"https:\/\/talkpal.ai\/es\/wp-json\/wp\/v2\/grammar_exercises\/3630","targetHints":{"allow":["GET"]}}],"collection":[{"href":"https:\/\/talkpal.ai\/es\/wp-json\/wp\/v2\/grammar_exercises"}],"about":[{"href":"https:\/\/talkpal.ai\/es\/wp-json\/wp\/v2\/types\/grammar_exercises"}],"wp:featuredmedia":[{"embeddable":true,"href":"https:\/\/talkpal.ai\/es\/wp-json\/wp\/v2\/media\/1527690"}],"wp:attachment":[{"href":"https:\/\/talkpal.ai\/es\/wp-json\/wp\/v2\/media?parent=3630"}],"wp:term":[{"taxonomy":"exercise_language","embeddable":true,"href":"https:\/\/talkpal.ai\/es\/wp-json\/wp\/v2\/exercise_language?post=3630"}],"curies":[{"name":"wp","href":"https:\/\/api.w.org\/{rel}","templated":true}]}}