{"id":3505,"date":"2023-03-27T16:56:11","date_gmt":"2023-03-27T16:56:11","guid":{"rendered":"http:\/\/talkpal.ai\/grammar_exercises\/ejercicios-de-adjetivos-para-la-gramatica-alemana\/"},"modified":"2025-07-17T07:04:45","modified_gmt":"2025-07-17T07:04:45","slug":"ejercicios-de-adjetivos-para-la-gramatica-alemana","status":"publish","type":"grammar_exercises","link":"https:\/\/talkpal.ai\/es\/grammar_exercises\/ejercicios-de-adjetivos-para-la-gramatica-alemana\/","title":{"rendered":"Ejercicios de adjetivos para la gram\u00e1tica alemana"},"content":{"rendered":"<p>En <a href=\"https:\/\/talkpal.ai\/learn-german\/\">alem\u00e1n<\/a>, los adjetivos deben concordar en g\u00e9nero, n\u00famero y caso con el sustantivo que acompa\u00f1an. Existen distintas <a href=\"https:\/\/talkpal.ai\/zh-hans\/grammar_exercises\/terminaciones-%e8%a5%bf%e7%8f%ad%e7%89%99%e8%af%ad%e6%b3%95%e7%bb%83%e4%b9%a0\/\">terminaciones<\/a> seg\u00fan se usen con o sin art\u00edculo, o despu\u00e9s de pronombres. Practica con los siguientes ejercicios para mejorar tu conocimiento sobre los adjetivos en alem\u00e1n y su declinaci\u00f3n en diferentes contextos.<\/p>\n<h3>Adjetivos despu\u00e9s de der\/die\/das (declinaci\u00f3n d\u00e9bil)<\/h3>\n<div class=\"input_sentences\">\n1. Das ist der *kleine* Hund. (Hint: Despu\u00e9s de \u201cder\u201d, el adjetivo masculino singular nominativo lleva \u201c-e\u201d).<br \/>\n2. Ich sehe die *rote* Blume. (Hint: En acusativo femenino singular con \u201cdie\u201d, termina en \u201c-e\u201d).<br \/>\n3. Er schenkt dem *netten* Mann ein Buch. (Hint: Dativo masculino singular tras \u201cdem\u201d, termina en \u201c-en\u201d).<br \/>\n4. Ich kenne das *moderne* Auto. (Hint: Acusativo neutro con \u201cdas\u201d, adjetivo termina en \u201c-e\u201d).<br \/>\n5. Die *freundlichen* Leute helfen uns. (Hint: Plural nominativo con \u201cdie\u201d, todos los adjetivos terminan en \u201c-en\u201d).<br \/>\n6. Ich danke der *hilfsbereiten* Frau. (Hint: Dativo femenino singular con \u201cder\u201d, adjetivo termina en \u201c-en\u201d).<br \/>\n7. Ich finde den *interessanten* Film spannend. (Hint: Acusativo masculino singular con \u201cden\u201d, termina en \u201c-en\u201d).<br \/>\n8. Wir besuchen die *alten* Freunde. (Hint: Acusativo plural con \u201cdie\u201d, termina en \u201c-en\u201d).<br \/>\n9. Sie gibt das Geschenk dem *jungen* Kind. (Hint: Dativo neutro singular con \u201cdem\u201d, termina en \u201c-en\u201d).<br \/>\n10. Der *gro\u00dfe* Baum steht im Garten. (Hint: Nominativo masculino singular con \u201cder\u201d, termina en \u201c-e\u201d).\n<\/div>\n<div class=\"exercise\"><\/div>\n<h3>Adjetivos sin art\u00edculo (declinaci\u00f3n fuerte)<\/h3>\n<div class=\"input_sentences\">\n1. Ich habe kaltes *Wasser* bestellt. (Hint: Neutro acusativo sin art\u00edculo, adjetivo termina en \u201c-es\u201d).<br \/>\n2. Sie liest spannendes *Buch*. (Hint: Neutro acusativo, adjetivo termina en \u201c-es\u201d).<br \/>\n3. Wir <a href=\"https:\/\/talkpal.ai\/locations\/language-courses-in-essen\/\">essen<\/a> frisches *Brot*. (Hint: Neutro acusativo, termina en \u201c-es\u201d).<br \/>\n4. Er bringt neue *Ideen* mit. (Hint: Plural acusativo sin art\u00edculo, adjetivo termina en \u201c-e\u201d).<br \/>\n5. Guter *Kaffee* ist teuer. (Hint: Masculino nominativo sin art\u00edculo, adjetivo termina en \u201c-er\u201d).<br \/>\n6. Schneller *Service* ist wichtig. (Hint: Masculino nominativo, adjetivo termina en \u201c-er\u201d).<br \/>\n7. Klares *Wetter* macht Spa\u00df. (Hint: Neutro nominativo, adjetivo termina en \u201c-es\u201d).<br \/>\n8. Ich suche roten *Wein*. (Hint: Masculino acusativo sin art\u00edculo, adjetivo termina en \u201c-en\u201d).<br \/>\n9. Mit alter *Musik* tanzt er gern. (Hint: Femenino dativo sin art\u00edculo, adjetivo termina en \u201c-er\u201d).<br \/>\n10. Wir sprechen \u00fcber gute *B\u00fccher*. (Hint: Plural acusativo sin art\u00edculo, adjetivo termina en \u201c-e\u201d).\n<\/div>\n<div class=\"exercise\"><\/div>\n","protected":false},"featured_media":1527690,"parent":0,"menu_order":0,"template":"","exercise_language":[13836,470],"class_list":["post-3505","grammar_exercises","type-grammar_exercises","status-publish","has-post-thumbnail","hentry","exercise_language-adjetivos-gramatica-alemana","exercise_language-aleman"],"acf":[],"yoast_head":"<!-- This site is optimized with the Yoast SEO Premium plugin v27.2 (Yoast SEO v27.2) - https:\/\/yoast.com\/product\/yoast-seo-premium-wordpress\/ -->\n<title>Ejercicios de adjetivos para la gram\u00e1tica alemana - Talkpal<\/title>\n<meta name=\"description\" content=\"En alem\u00e1n, los adjetivos deben concordar en g\u00e9nero, n\u00famero y caso con el sustantivo que acompa\u00f1an. Existen distintas terminaciones seg\u00fan se usen con o sin\" \/>\n<meta name=\"robots\" content=\"index, follow, max-snippet:-1, max-image-preview:large, max-video-preview:-1\" \/>\n<link rel=\"canonical\" href=\"https:\/\/talkpal.ai\/es\/grammar_exercises\/ejercicios-de-adjetivos-para-la-gramatica-alemana\/\" \/>\n<meta property=\"og:locale\" content=\"es_ES\" \/>\n<meta property=\"og:type\" content=\"article\" \/>\n<meta property=\"og:title\" content=\"Ejercicios de adjetivos para la gram\u00e1tica alemana\" \/>\n<meta property=\"og:description\" content=\"En alem\u00e1n, los adjetivos deben concordar en g\u00e9nero, n\u00famero y caso con el sustantivo que acompa\u00f1an. Existen distintas terminaciones seg\u00fan se usen con o sin\" \/>\n<meta property=\"og:url\" content=\"https:\/\/talkpal.ai\/es\/grammar_exercises\/ejercicios-de-adjetivos-para-la-gramatica-alemana\/\" \/>\n<meta property=\"og:site_name\" content=\"Talkpal\" \/>\n<meta property=\"article:publisher\" content=\"https:\/\/www.facebook.com\/profile.php?id=100090733639311\" \/>\n<meta property=\"article:modified_time\" content=\"2025-07-17T07:04:45+00:00\" \/>\n<meta property=\"og:image\" content=\"https:\/\/talkpal.ai\/wp-content\/uploads\/2023\/06\/TalkPal-Illustration-of-Grammar-Exercises132.png\" \/>\n\t<meta property=\"og:image:width\" content=\"1456\" \/>\n\t<meta property=\"og:image:height\" content=\"816\" \/>\n\t<meta property=\"og:image:type\" content=\"image\/png\" \/>\n<meta name=\"twitter:card\" content=\"summary_large_image\" \/>\n<meta name=\"twitter:site\" content=\"@talkpalai\" \/>\n<meta name=\"twitter:label1\" content=\"Tiempo de lectura\" \/>\n\t<meta name=\"twitter:data1\" content=\"2 minutos\" \/>\n<script type=\"application\/ld+json\" class=\"yoast-schema-graph\">{\"@context\":\"https:\/\/schema.org\",\"@graph\":[{\"@type\":\"WebPage\",\"@id\":\"https:\/\/talkpal.ai\/es\/grammar_exercises\/ejercicios-de-adjetivos-para-la-gramatica-alemana\/\",\"url\":\"https:\/\/talkpal.ai\/es\/grammar_exercises\/ejercicios-de-adjetivos-para-la-gramatica-alemana\/\",\"name\":\"Ejercicios de adjetivos para la gram\u00e1tica alemana - Talkpal\",\"isPartOf\":{\"@id\":\"https:\/\/talkpal.ai\/es\/#website\"},\"primaryImageOfPage\":{\"@id\":\"https:\/\/talkpal.ai\/es\/grammar_exercises\/ejercicios-de-adjetivos-para-la-gramatica-alemana\/#primaryimage\"},\"image\":{\"@id\":\"https:\/\/talkpal.ai\/es\/grammar_exercises\/ejercicios-de-adjetivos-para-la-gramatica-alemana\/#primaryimage\"},\"thumbnailUrl\":\"https:\/\/talkpal.ai\/wp-content\/uploads\/2025\/12\/group-reads-together-to-learn-languages.webp\",\"datePublished\":\"2023-03-27T16:56:11+00:00\",\"dateModified\":\"2025-07-17T07:04:45+00:00\",\"description\":\"En alem\u00e1n, los adjetivos deben concordar en g\u00e9nero, n\u00famero y caso con el sustantivo que acompa\u00f1an. Existen distintas terminaciones seg\u00fan se usen con o sin\",\"breadcrumb\":{\"@id\":\"https:\/\/talkpal.ai\/es\/grammar_exercises\/ejercicios-de-adjetivos-para-la-gramatica-alemana\/#breadcrumb\"},\"inLanguage\":\"es\",\"potentialAction\":[{\"@type\":\"ReadAction\",\"target\":[\"https:\/\/talkpal.ai\/es\/grammar_exercises\/ejercicios-de-adjetivos-para-la-gramatica-alemana\/\"]}]},{\"@type\":\"ImageObject\",\"inLanguage\":\"es\",\"@id\":\"https:\/\/talkpal.ai\/es\/grammar_exercises\/ejercicios-de-adjetivos-para-la-gramatica-alemana\/#primaryimage\",\"url\":\"https:\/\/talkpal.ai\/wp-content\/uploads\/2025\/12\/group-reads-together-to-learn-languages.webp\",\"contentUrl\":\"https:\/\/talkpal.ai\/wp-content\/uploads\/2025\/12\/group-reads-together-to-learn-languages.webp\",\"width\":1200,\"height\":896,\"caption\":\"Several students sit at a table in a warm, sunlit room while learning languages with their textbooks.\"},{\"@type\":\"BreadcrumbList\",\"@id\":\"https:\/\/talkpal.ai\/es\/grammar_exercises\/ejercicios-de-adjetivos-para-la-gramatica-alemana\/#breadcrumb\",\"itemListElement\":[{\"@type\":\"ListItem\",\"position\":1,\"name\":\"Homepage\",\"item\":\"https:\/\/talkpal.ai\/es\/\"},{\"@type\":\"ListItem\",\"position\":2,\"name\":\"Ejercicios de adjetivos para la gram\u00e1tica alemana\"}]},{\"@type\":\"WebSite\",\"@id\":\"https:\/\/talkpal.ai\/es\/#website\",\"url\":\"https:\/\/talkpal.ai\/es\/\",\"name\":\"Talkpal\",\"description\":\"AI Language Learning\",\"publisher\":{\"@id\":\"https:\/\/talkpal.ai\/es\/#organization\"},\"alternateName\":\"Talkpal AI\",\"potentialAction\":[{\"@type\":\"SearchAction\",\"target\":{\"@type\":\"EntryPoint\",\"urlTemplate\":\"https:\/\/talkpal.ai\/es\/?s={search_term_string}\"},\"query-input\":{\"@type\":\"PropertyValueSpecification\",\"valueRequired\":true,\"valueName\":\"search_term_string\"}}],\"inLanguage\":\"es\"},{\"@type\":\"Organization\",\"@id\":\"https:\/\/talkpal.ai\/es\/#organization\",\"name\":\"Talkpal, Inc.\",\"alternateName\":\"Talkpal AI\",\"url\":\"https:\/\/talkpal.ai\/es\/\",\"logo\":{\"@type\":\"ImageObject\",\"inLanguage\":\"es\",\"@id\":\"https:\/\/talkpal.ai\/es\/#\/schema\/logo\/image\/\",\"url\":\"https:\/\/talkpal.ai\/wp-content\/uploads\/2024\/03\/Talkpal-Logo-Icon.png\",\"contentUrl\":\"https:\/\/talkpal.ai\/wp-content\/uploads\/2024\/03\/Talkpal-Logo-Icon.png\",\"width\":2880,\"height\":2880,\"caption\":\"Talkpal, Inc.\"},\"image\":{\"@id\":\"https:\/\/talkpal.ai\/es\/#\/schema\/logo\/image\/\"},\"sameAs\":[\"https:\/\/www.facebook.com\/profile.php?id=100090733639311\",\"https:\/\/x.com\/talkpalai\",\"https:\/\/www.linkedin.com\/company\/talkpal\/\",\"https:\/\/www.youtube.com\/@TalkPal\/\",\"https:\/\/www.tiktok.com\/@talkpal\",\"https:\/\/www.instagram.com\/talkpal_ai\/\",\"https:\/\/www.crunchbase.com\/organization\/talkpal-9cde\",\"https:\/\/www.g2.com\/products\/talkpal-for-business\/\",\"https:\/\/www.trustpilot.com\/review\/talkpal.ai\",\"https:\/\/www.capterra.com\/p\/10006800\/TalkPal\/\"],\"description\":\"Talkpal is a language learning web and mobile education app, powered by the latest AI technologies, that provides engaging experiences to its customers in many different languages to help them improve their language skills. Users can chat about unlimited amount of topics with the app and use other modes to practice their language learning.\",\"email\":\"support@talkpal.ai\",\"legalName\":\"Talkpal, Inc.\",\"foundingDate\":\"2023-04-03\",\"duns\":\"118989042\",\"numberOfEmployees\":{\"@type\":\"QuantitativeValue\",\"minValue\":\"11\",\"maxValue\":\"50\"},\"publishingPrinciples\":\"https:\/\/talkpal.ai\/publishing-principles\/\",\"actionableFeedbackPolicy\":\"https:\/\/talkpal.ai\/actionable-feedback-policy\/\",\"correctionsPolicy\":\"https:\/\/talkpal.ai\/corrections-policy\/\",\"ethicsPolicy\":\"https:\/\/talkpal.ai\/ethics-policy\/\",\"diversityPolicy\":\"https:\/\/talkpal.ai\/diversity-policy\/\",\"diversityStaffingReport\":\"https:\/\/talkpal.ai\/diversity-policy\/\"}]}<\/script>\n<!-- \/ Yoast SEO Premium plugin. -->","yoast_head_json":{"title":"Ejercicios de adjetivos para la gram\u00e1tica alemana - Talkpal","description":"En alem\u00e1n, los adjetivos deben concordar en g\u00e9nero, n\u00famero y caso con el sustantivo que acompa\u00f1an. Existen distintas terminaciones seg\u00fan se usen con o sin","robots":{"index":"index","follow":"follow","max-snippet":"max-snippet:-1","max-image-preview":"max-image-preview:large","max-video-preview":"max-video-preview:-1"},"canonical":"https:\/\/talkpal.ai\/es\/grammar_exercises\/ejercicios-de-adjetivos-para-la-gramatica-alemana\/","og_locale":"es_ES","og_type":"article","og_title":"Ejercicios de adjetivos para la gram\u00e1tica alemana","og_description":"En alem\u00e1n, los adjetivos deben concordar en g\u00e9nero, n\u00famero y caso con el sustantivo que acompa\u00f1an. Existen distintas terminaciones seg\u00fan se usen con o sin","og_url":"https:\/\/talkpal.ai\/es\/grammar_exercises\/ejercicios-de-adjetivos-para-la-gramatica-alemana\/","og_site_name":"Talkpal","article_publisher":"https:\/\/www.facebook.com\/profile.php?id=100090733639311","article_modified_time":"2025-07-17T07:04:45+00:00","og_image":[{"width":1456,"height":816,"url":"https:\/\/talkpal.ai\/wp-content\/uploads\/2023\/06\/TalkPal-Illustration-of-Grammar-Exercises132.png","type":"image\/png"}],"twitter_card":"summary_large_image","twitter_site":"@talkpalai","twitter_misc":{"Tiempo de lectura":"2 minutos"},"schema":{"@context":"https:\/\/schema.org","@graph":[{"@type":"WebPage","@id":"https:\/\/talkpal.ai\/es\/grammar_exercises\/ejercicios-de-adjetivos-para-la-gramatica-alemana\/","url":"https:\/\/talkpal.ai\/es\/grammar_exercises\/ejercicios-de-adjetivos-para-la-gramatica-alemana\/","name":"Ejercicios de adjetivos para la gram\u00e1tica alemana - Talkpal","isPartOf":{"@id":"https:\/\/talkpal.ai\/es\/#website"},"primaryImageOfPage":{"@id":"https:\/\/talkpal.ai\/es\/grammar_exercises\/ejercicios-de-adjetivos-para-la-gramatica-alemana\/#primaryimage"},"image":{"@id":"https:\/\/talkpal.ai\/es\/grammar_exercises\/ejercicios-de-adjetivos-para-la-gramatica-alemana\/#primaryimage"},"thumbnailUrl":"https:\/\/talkpal.ai\/wp-content\/uploads\/2025\/12\/group-reads-together-to-learn-languages.webp","datePublished":"2023-03-27T16:56:11+00:00","dateModified":"2025-07-17T07:04:45+00:00","description":"En alem\u00e1n, los adjetivos deben concordar en g\u00e9nero, n\u00famero y caso con el sustantivo que acompa\u00f1an. Existen distintas terminaciones seg\u00fan se usen con o sin","breadcrumb":{"@id":"https:\/\/talkpal.ai\/es\/grammar_exercises\/ejercicios-de-adjetivos-para-la-gramatica-alemana\/#breadcrumb"},"inLanguage":"es","potentialAction":[{"@type":"ReadAction","target":["https:\/\/talkpal.ai\/es\/grammar_exercises\/ejercicios-de-adjetivos-para-la-gramatica-alemana\/"]}]},{"@type":"ImageObject","inLanguage":"es","@id":"https:\/\/talkpal.ai\/es\/grammar_exercises\/ejercicios-de-adjetivos-para-la-gramatica-alemana\/#primaryimage","url":"https:\/\/talkpal.ai\/wp-content\/uploads\/2025\/12\/group-reads-together-to-learn-languages.webp","contentUrl":"https:\/\/talkpal.ai\/wp-content\/uploads\/2025\/12\/group-reads-together-to-learn-languages.webp","width":1200,"height":896,"caption":"Several students sit at a table in a warm, sunlit room while learning languages with their textbooks."},{"@type":"BreadcrumbList","@id":"https:\/\/talkpal.ai\/es\/grammar_exercises\/ejercicios-de-adjetivos-para-la-gramatica-alemana\/#breadcrumb","itemListElement":[{"@type":"ListItem","position":1,"name":"Homepage","item":"https:\/\/talkpal.ai\/es\/"},{"@type":"ListItem","position":2,"name":"Ejercicios de adjetivos para la gram\u00e1tica alemana"}]},{"@type":"WebSite","@id":"https:\/\/talkpal.ai\/es\/#website","url":"https:\/\/talkpal.ai\/es\/","name":"Talkpal","description":"AI Language Learning","publisher":{"@id":"https:\/\/talkpal.ai\/es\/#organization"},"alternateName":"Talkpal AI","potentialAction":[{"@type":"SearchAction","target":{"@type":"EntryPoint","urlTemplate":"https:\/\/talkpal.ai\/es\/?s={search_term_string}"},"query-input":{"@type":"PropertyValueSpecification","valueRequired":true,"valueName":"search_term_string"}}],"inLanguage":"es"},{"@type":"Organization","@id":"https:\/\/talkpal.ai\/es\/#organization","name":"Talkpal, Inc.","alternateName":"Talkpal AI","url":"https:\/\/talkpal.ai\/es\/","logo":{"@type":"ImageObject","inLanguage":"es","@id":"https:\/\/talkpal.ai\/es\/#\/schema\/logo\/image\/","url":"https:\/\/talkpal.ai\/wp-content\/uploads\/2024\/03\/Talkpal-Logo-Icon.png","contentUrl":"https:\/\/talkpal.ai\/wp-content\/uploads\/2024\/03\/Talkpal-Logo-Icon.png","width":2880,"height":2880,"caption":"Talkpal, Inc."},"image":{"@id":"https:\/\/talkpal.ai\/es\/#\/schema\/logo\/image\/"},"sameAs":["https:\/\/www.facebook.com\/profile.php?id=100090733639311","https:\/\/x.com\/talkpalai","https:\/\/www.linkedin.com\/company\/talkpal\/","https:\/\/www.youtube.com\/@TalkPal\/","https:\/\/www.tiktok.com\/@talkpal","https:\/\/www.instagram.com\/talkpal_ai\/","https:\/\/www.crunchbase.com\/organization\/talkpal-9cde","https:\/\/www.g2.com\/products\/talkpal-for-business\/","https:\/\/www.trustpilot.com\/review\/talkpal.ai","https:\/\/www.capterra.com\/p\/10006800\/TalkPal\/"],"description":"Talkpal is a language learning web and mobile education app, powered by the latest AI technologies, that provides engaging experiences to its customers in many different languages to help them improve their language skills. Users can chat about unlimited amount of topics with the app and use other modes to practice their language learning.","email":"support@talkpal.ai","legalName":"Talkpal, Inc.","foundingDate":"2023-04-03","duns":"118989042","numberOfEmployees":{"@type":"QuantitativeValue","minValue":"11","maxValue":"50"},"publishingPrinciples":"https:\/\/talkpal.ai\/publishing-principles\/","actionableFeedbackPolicy":"https:\/\/talkpal.ai\/actionable-feedback-policy\/","correctionsPolicy":"https:\/\/talkpal.ai\/corrections-policy\/","ethicsPolicy":"https:\/\/talkpal.ai\/ethics-policy\/","diversityPolicy":"https:\/\/talkpal.ai\/diversity-policy\/","diversityStaffingReport":"https:\/\/talkpal.ai\/diversity-policy\/"}]}},"_links":{"self":[{"href":"https:\/\/talkpal.ai\/es\/wp-json\/wp\/v2\/grammar_exercises\/3505","targetHints":{"allow":["GET"]}}],"collection":[{"href":"https:\/\/talkpal.ai\/es\/wp-json\/wp\/v2\/grammar_exercises"}],"about":[{"href":"https:\/\/talkpal.ai\/es\/wp-json\/wp\/v2\/types\/grammar_exercises"}],"wp:featuredmedia":[{"embeddable":true,"href":"https:\/\/talkpal.ai\/es\/wp-json\/wp\/v2\/media\/1527690"}],"wp:attachment":[{"href":"https:\/\/talkpal.ai\/es\/wp-json\/wp\/v2\/media?parent=3505"}],"wp:term":[{"taxonomy":"exercise_language","embeddable":true,"href":"https:\/\/talkpal.ai\/es\/wp-json\/wp\/v2\/exercise_language?post=3505"}],"curies":[{"name":"wp","href":"https:\/\/api.w.org\/{rel}","templated":true}]}}