{"id":1129989,"date":"2025-07-06T06:39:08","date_gmt":"2025-07-06T06:39:08","guid":{"rendered":"https:\/\/talkpal.ai\/grammar_exercises\/ejercicios-de-declinacion-de-adjetivos-para-la-gramatica-rumana\/"},"modified":"2025-07-06T06:39:08","modified_gmt":"2025-07-06T06:39:08","slug":"ejercicios-de-declinacion-de-adjetivos-para-la-gramatica-rumana","status":"publish","type":"grammar_exercises","link":"https:\/\/talkpal.ai\/es\/grammar_exercises\/ejercicios-de-declinacion-de-adjetivos-para-la-gramatica-rumana\/","title":{"rendered":"Ejercicios de declinaci\u00f3n de adjetivos para la gram\u00e1tica rumana"},"content":{"rendered":"<p>En estos ejercicios practicar\u00e1s la declinaci\u00f3n de adjetivos en <a href=\"https:\/\/talkpal.ai\/learn-romanian\/\">rumano<\/a>, enfoc\u00e1ndote en la concordancia correcta con el g\u00e9nero, n\u00famero y caso del sustantivo que acompa\u00f1an. Observa cuidadosamente las <a href=\"https:\/\/talkpal.ai\/zh-hans\/grammar_exercises\/terminaciones-%e8%a5%bf%e7%8f%ad%e7%89%99%e8%af%ad%e6%b3%95%e7%bb%83%e4%b9%a0\/\">terminaciones<\/a> y el contexto para elegir la forma adecuada del adjetivo.<\/p>\n<h3>Ejercicio 1: Declinaci\u00f3n b\u00e1sica de adjetivos en nominativo<\/h3>\n<div class=\"input_sentences\">\n1. Casa este *frumoas\u0103* (adjetivo femenino singular, nominativo).<br \/>\n2. B\u0103ie\u021bii sunt *ferici\u021bi* (adjetivo masculino plural, nominativo).<br \/>\n3. Fata are o rochie *nou\u0103* (adjetivo femenino singular, acusativo).<br \/>\n4. C\u00e2inele este *mare* (adjetivo masculino singular, nominativo).<br \/>\n5. Flori *frumoase* cresc \u00een gr\u0103din\u0103 (adjetivo femenino plural, nominativo).<br \/>\n6. Omul *bun* ajut\u0103 pe to\u021bi (adjetivo masculino singular, nominativo).<br \/>\n7. Ma\u0219inile sunt *vechi* (adjetivo femenino plural, nominativo).<br \/>\n8. Pisica este *mic\u0103* \u0219i *dr\u0103gu\u021b\u0103* (adjetivos femenino singular, nominativo).<br \/>\n9. Copiii sunt *curajo\u0219i* \u0219i *inteligen\u021bi* (adjetivos masculino plural, nominativo).<br \/>\n10. Cartea este *interesant\u0103* \u0219i *util\u0103* (adjetivos femenino singular, nominativo).\n<\/div>\n<div class=\"exercise\"><\/div>\n<h3>Ejercicio 2: Declinaci\u00f3n de adjetivos en dativo y genitivo<\/h3>\n<div class=\"input_sentences\">\n1. I-am dat b\u0103iatului *frumosului* cadou (adjetivo masculino singular, dativo).<br \/>\n2. Am vorbit cu femeia *bun\u0103* (adjetivo femenino singular, dativo).<br \/>\n3. Am dat flori fetelor *frumoaselor* (adjetivo femenino plural, dativo).<br \/>\n4. Cartea *mare* a copilului este pe mas\u0103 (adjetivo femenino singular, genitivo).<br \/>\n5. Am spus adev\u0103rul prietenilor *vechi* (adjetivo masculino plural, dativo).<br \/>\n6. Prietenul *inteligent* a venit la \u00eent\u00e2lnire (adjetivo masculino singular, nominativo\/genitivo).<br \/>\n7. Am cump\u0103rat haina *nou\u0103* a surorii mele (adjetivo femenino singular, genitivo).<br \/>\n8. Am ajutat b\u0103ie\u021bii *puternici* la mutat (adjetivo masculino plural, dativo).<br \/>\n9. Casa *frumoas\u0103* a p\u0103rin\u021bilor este mare (adjetivo femenino singular, genitivo).<br \/>\n10. Am scris scrisoare profesorului *bun* (adjetivo masculino singular, dativo).\n<\/div>\n<div class=\"exercise\"><\/div>\n","protected":false},"featured_media":1527896,"parent":0,"menu_order":0,"template":"","exercise_language":[14205,14216],"class_list":["post-1129989","grammar_exercises","type-grammar_exercises","status-publish","has-post-thumbnail","hentry","exercise_language-ejercicios-de-rumano","exercise_language-pronombres-determinantes-gramatica-rumana"],"acf":[],"yoast_head":"<!-- This site is optimized with the Yoast SEO Premium plugin v27.2 (Yoast SEO v27.2) - https:\/\/yoast.com\/product\/yoast-seo-premium-wordpress\/ -->\n<title>Ejercicios de declinaci\u00f3n de adjetivos para la gram\u00e1tica rumana - Talkpal<\/title>\n<meta name=\"description\" content=\"En estos ejercicios practicar\u00e1s la declinaci\u00f3n de adjetivos en rumano, enfoc\u00e1ndote en la concordancia correcta con el g\u00e9nero, n\u00famero y caso del sustantivo\" \/>\n<meta name=\"robots\" content=\"index, follow, max-snippet:-1, max-image-preview:large, max-video-preview:-1\" \/>\n<link rel=\"canonical\" href=\"https:\/\/talkpal.ai\/es\/grammar_exercises\/ejercicios-de-declinacion-de-adjetivos-para-la-gramatica-rumana\/\" \/>\n<meta property=\"og:locale\" content=\"es_ES\" \/>\n<meta property=\"og:type\" content=\"article\" \/>\n<meta property=\"og:title\" content=\"Ejercicios de declinaci\u00f3n de adjetivos para la gram\u00e1tica rumana\" \/>\n<meta property=\"og:description\" content=\"En estos ejercicios practicar\u00e1s la declinaci\u00f3n de adjetivos en rumano, enfoc\u00e1ndote en la concordancia correcta con el g\u00e9nero, n\u00famero y caso del sustantivo\" \/>\n<meta property=\"og:url\" content=\"https:\/\/talkpal.ai\/es\/grammar_exercises\/ejercicios-de-declinacion-de-adjetivos-para-la-gramatica-rumana\/\" \/>\n<meta property=\"og:site_name\" content=\"Talkpal\" \/>\n<meta property=\"article:publisher\" content=\"https:\/\/www.facebook.com\/profile.php?id=100090733639311\" \/>\n<meta property=\"og:image\" content=\"https:\/\/talkpal.ai\/wp-content\/uploads\/2025\/02\/Progress-tab-16_9.png\" \/>\n\t<meta property=\"og:image:width\" content=\"2880\" \/>\n\t<meta property=\"og:image:height\" content=\"1620\" \/>\n\t<meta property=\"og:image:type\" content=\"image\/png\" \/>\n<meta name=\"twitter:card\" content=\"summary_large_image\" \/>\n<meta name=\"twitter:site\" content=\"@talkpalai\" \/>\n<meta name=\"twitter:label1\" content=\"Tiempo de lectura\" \/>\n\t<meta name=\"twitter:data1\" content=\"1 minuto\" \/>\n<script type=\"application\/ld+json\" class=\"yoast-schema-graph\">{\"@context\":\"https:\/\/schema.org\",\"@graph\":[{\"@type\":\"WebPage\",\"@id\":\"https:\/\/talkpal.ai\/es\/grammar_exercises\/ejercicios-de-declinacion-de-adjetivos-para-la-gramatica-rumana\/\",\"url\":\"https:\/\/talkpal.ai\/es\/grammar_exercises\/ejercicios-de-declinacion-de-adjetivos-para-la-gramatica-rumana\/\",\"name\":\"Ejercicios de declinaci\u00f3n de adjetivos para la gram\u00e1tica rumana - Talkpal\",\"isPartOf\":{\"@id\":\"https:\/\/talkpal.ai\/es\/#website\"},\"primaryImageOfPage\":{\"@id\":\"https:\/\/talkpal.ai\/es\/grammar_exercises\/ejercicios-de-declinacion-de-adjetivos-para-la-gramatica-rumana\/#primaryimage\"},\"image\":{\"@id\":\"https:\/\/talkpal.ai\/es\/grammar_exercises\/ejercicios-de-declinacion-de-adjetivos-para-la-gramatica-rumana\/#primaryimage\"},\"thumbnailUrl\":\"https:\/\/talkpal.ai\/wp-content\/uploads\/2025\/12\/student-is-learning-languages-in-classroom.webp\",\"datePublished\":\"2025-07-06T06:39:08+00:00\",\"description\":\"En estos ejercicios practicar\u00e1s la declinaci\u00f3n de adjetivos en rumano, enfoc\u00e1ndote en la concordancia correcta con el g\u00e9nero, n\u00famero y caso del sustantivo\",\"breadcrumb\":{\"@id\":\"https:\/\/talkpal.ai\/es\/grammar_exercises\/ejercicios-de-declinacion-de-adjetivos-para-la-gramatica-rumana\/#breadcrumb\"},\"inLanguage\":\"es\",\"potentialAction\":[{\"@type\":\"ReadAction\",\"target\":[\"https:\/\/talkpal.ai\/es\/grammar_exercises\/ejercicios-de-declinacion-de-adjetivos-para-la-gramatica-rumana\/\"]}]},{\"@type\":\"ImageObject\",\"inLanguage\":\"es\",\"@id\":\"https:\/\/talkpal.ai\/es\/grammar_exercises\/ejercicios-de-declinacion-de-adjetivos-para-la-gramatica-rumana\/#primaryimage\",\"url\":\"https:\/\/talkpal.ai\/wp-content\/uploads\/2025\/12\/student-is-learning-languages-in-classroom.webp\",\"contentUrl\":\"https:\/\/talkpal.ai\/wp-content\/uploads\/2025\/12\/student-is-learning-languages-in-classroom.webp\",\"width\":1200,\"height\":896,\"caption\":\"A student with curly hair takes notes while learning languages in a large, sunny classroom.\"},{\"@type\":\"BreadcrumbList\",\"@id\":\"https:\/\/talkpal.ai\/es\/grammar_exercises\/ejercicios-de-declinacion-de-adjetivos-para-la-gramatica-rumana\/#breadcrumb\",\"itemListElement\":[{\"@type\":\"ListItem\",\"position\":1,\"name\":\"Homepage\",\"item\":\"https:\/\/talkpal.ai\/es\/\"},{\"@type\":\"ListItem\",\"position\":2,\"name\":\"Ejercicios de declinaci\u00f3n de adjetivos para la gram\u00e1tica rumana\"}]},{\"@type\":\"WebSite\",\"@id\":\"https:\/\/talkpal.ai\/es\/#website\",\"url\":\"https:\/\/talkpal.ai\/es\/\",\"name\":\"Talkpal\",\"description\":\"AI Language Learning\",\"publisher\":{\"@id\":\"https:\/\/talkpal.ai\/es\/#organization\"},\"alternateName\":\"Talkpal AI\",\"potentialAction\":[{\"@type\":\"SearchAction\",\"target\":{\"@type\":\"EntryPoint\",\"urlTemplate\":\"https:\/\/talkpal.ai\/es\/?s={search_term_string}\"},\"query-input\":{\"@type\":\"PropertyValueSpecification\",\"valueRequired\":true,\"valueName\":\"search_term_string\"}}],\"inLanguage\":\"es\"},{\"@type\":\"Organization\",\"@id\":\"https:\/\/talkpal.ai\/es\/#organization\",\"name\":\"Talkpal, Inc.\",\"alternateName\":\"Talkpal AI\",\"url\":\"https:\/\/talkpal.ai\/es\/\",\"logo\":{\"@type\":\"ImageObject\",\"inLanguage\":\"es\",\"@id\":\"https:\/\/talkpal.ai\/es\/#\/schema\/logo\/image\/\",\"url\":\"https:\/\/talkpal.ai\/wp-content\/uploads\/2024\/03\/Talkpal-Logo-Icon.png\",\"contentUrl\":\"https:\/\/talkpal.ai\/wp-content\/uploads\/2024\/03\/Talkpal-Logo-Icon.png\",\"width\":2880,\"height\":2880,\"caption\":\"Talkpal, Inc.\"},\"image\":{\"@id\":\"https:\/\/talkpal.ai\/es\/#\/schema\/logo\/image\/\"},\"sameAs\":[\"https:\/\/www.facebook.com\/profile.php?id=100090733639311\",\"https:\/\/x.com\/talkpalai\",\"https:\/\/www.linkedin.com\/company\/talkpal\/\",\"https:\/\/www.youtube.com\/@TalkPal\/\",\"https:\/\/www.tiktok.com\/@talkpal\",\"https:\/\/www.instagram.com\/talkpal_ai\/\",\"https:\/\/www.crunchbase.com\/organization\/talkpal-9cde\",\"https:\/\/www.g2.com\/products\/talkpal-for-business\/\",\"https:\/\/www.trustpilot.com\/review\/talkpal.ai\",\"https:\/\/www.capterra.com\/p\/10006800\/TalkPal\/\"],\"description\":\"Talkpal is a language learning web and mobile education app, powered by the latest AI technologies, that provides engaging experiences to its customers in many different languages to help them improve their language skills. Users can chat about unlimited amount of topics with the app and use other modes to practice their language learning.\",\"email\":\"support@talkpal.ai\",\"legalName\":\"Talkpal, Inc.\",\"foundingDate\":\"2023-04-03\",\"duns\":\"118989042\",\"numberOfEmployees\":{\"@type\":\"QuantitativeValue\",\"minValue\":\"11\",\"maxValue\":\"50\"},\"publishingPrinciples\":\"https:\/\/talkpal.ai\/publishing-principles\/\",\"actionableFeedbackPolicy\":\"https:\/\/talkpal.ai\/actionable-feedback-policy\/\",\"correctionsPolicy\":\"https:\/\/talkpal.ai\/corrections-policy\/\",\"ethicsPolicy\":\"https:\/\/talkpal.ai\/ethics-policy\/\",\"diversityPolicy\":\"https:\/\/talkpal.ai\/diversity-policy\/\",\"diversityStaffingReport\":\"https:\/\/talkpal.ai\/diversity-policy\/\"}]}<\/script>\n<!-- \/ Yoast SEO Premium plugin. -->","yoast_head_json":{"title":"Ejercicios de declinaci\u00f3n de adjetivos para la gram\u00e1tica rumana - Talkpal","description":"En estos ejercicios practicar\u00e1s la declinaci\u00f3n de adjetivos en rumano, enfoc\u00e1ndote en la concordancia correcta con el g\u00e9nero, n\u00famero y caso del sustantivo","robots":{"index":"index","follow":"follow","max-snippet":"max-snippet:-1","max-image-preview":"max-image-preview:large","max-video-preview":"max-video-preview:-1"},"canonical":"https:\/\/talkpal.ai\/es\/grammar_exercises\/ejercicios-de-declinacion-de-adjetivos-para-la-gramatica-rumana\/","og_locale":"es_ES","og_type":"article","og_title":"Ejercicios de declinaci\u00f3n de adjetivos para la gram\u00e1tica rumana","og_description":"En estos ejercicios practicar\u00e1s la declinaci\u00f3n de adjetivos en rumano, enfoc\u00e1ndote en la concordancia correcta con el g\u00e9nero, n\u00famero y caso del sustantivo","og_url":"https:\/\/talkpal.ai\/es\/grammar_exercises\/ejercicios-de-declinacion-de-adjetivos-para-la-gramatica-rumana\/","og_site_name":"Talkpal","article_publisher":"https:\/\/www.facebook.com\/profile.php?id=100090733639311","og_image":[{"width":2880,"height":1620,"url":"https:\/\/talkpal.ai\/wp-content\/uploads\/2025\/02\/Progress-tab-16_9.png","type":"image\/png"}],"twitter_card":"summary_large_image","twitter_site":"@talkpalai","twitter_misc":{"Tiempo de lectura":"1 minuto"},"schema":{"@context":"https:\/\/schema.org","@graph":[{"@type":"WebPage","@id":"https:\/\/talkpal.ai\/es\/grammar_exercises\/ejercicios-de-declinacion-de-adjetivos-para-la-gramatica-rumana\/","url":"https:\/\/talkpal.ai\/es\/grammar_exercises\/ejercicios-de-declinacion-de-adjetivos-para-la-gramatica-rumana\/","name":"Ejercicios de declinaci\u00f3n de adjetivos para la gram\u00e1tica rumana - Talkpal","isPartOf":{"@id":"https:\/\/talkpal.ai\/es\/#website"},"primaryImageOfPage":{"@id":"https:\/\/talkpal.ai\/es\/grammar_exercises\/ejercicios-de-declinacion-de-adjetivos-para-la-gramatica-rumana\/#primaryimage"},"image":{"@id":"https:\/\/talkpal.ai\/es\/grammar_exercises\/ejercicios-de-declinacion-de-adjetivos-para-la-gramatica-rumana\/#primaryimage"},"thumbnailUrl":"https:\/\/talkpal.ai\/wp-content\/uploads\/2025\/12\/student-is-learning-languages-in-classroom.webp","datePublished":"2025-07-06T06:39:08+00:00","description":"En estos ejercicios practicar\u00e1s la declinaci\u00f3n de adjetivos en rumano, enfoc\u00e1ndote en la concordancia correcta con el g\u00e9nero, n\u00famero y caso del sustantivo","breadcrumb":{"@id":"https:\/\/talkpal.ai\/es\/grammar_exercises\/ejercicios-de-declinacion-de-adjetivos-para-la-gramatica-rumana\/#breadcrumb"},"inLanguage":"es","potentialAction":[{"@type":"ReadAction","target":["https:\/\/talkpal.ai\/es\/grammar_exercises\/ejercicios-de-declinacion-de-adjetivos-para-la-gramatica-rumana\/"]}]},{"@type":"ImageObject","inLanguage":"es","@id":"https:\/\/talkpal.ai\/es\/grammar_exercises\/ejercicios-de-declinacion-de-adjetivos-para-la-gramatica-rumana\/#primaryimage","url":"https:\/\/talkpal.ai\/wp-content\/uploads\/2025\/12\/student-is-learning-languages-in-classroom.webp","contentUrl":"https:\/\/talkpal.ai\/wp-content\/uploads\/2025\/12\/student-is-learning-languages-in-classroom.webp","width":1200,"height":896,"caption":"A student with curly hair takes notes while learning languages in a large, sunny classroom."},{"@type":"BreadcrumbList","@id":"https:\/\/talkpal.ai\/es\/grammar_exercises\/ejercicios-de-declinacion-de-adjetivos-para-la-gramatica-rumana\/#breadcrumb","itemListElement":[{"@type":"ListItem","position":1,"name":"Homepage","item":"https:\/\/talkpal.ai\/es\/"},{"@type":"ListItem","position":2,"name":"Ejercicios de declinaci\u00f3n de adjetivos para la gram\u00e1tica rumana"}]},{"@type":"WebSite","@id":"https:\/\/talkpal.ai\/es\/#website","url":"https:\/\/talkpal.ai\/es\/","name":"Talkpal","description":"AI Language Learning","publisher":{"@id":"https:\/\/talkpal.ai\/es\/#organization"},"alternateName":"Talkpal AI","potentialAction":[{"@type":"SearchAction","target":{"@type":"EntryPoint","urlTemplate":"https:\/\/talkpal.ai\/es\/?s={search_term_string}"},"query-input":{"@type":"PropertyValueSpecification","valueRequired":true,"valueName":"search_term_string"}}],"inLanguage":"es"},{"@type":"Organization","@id":"https:\/\/talkpal.ai\/es\/#organization","name":"Talkpal, Inc.","alternateName":"Talkpal AI","url":"https:\/\/talkpal.ai\/es\/","logo":{"@type":"ImageObject","inLanguage":"es","@id":"https:\/\/talkpal.ai\/es\/#\/schema\/logo\/image\/","url":"https:\/\/talkpal.ai\/wp-content\/uploads\/2024\/03\/Talkpal-Logo-Icon.png","contentUrl":"https:\/\/talkpal.ai\/wp-content\/uploads\/2024\/03\/Talkpal-Logo-Icon.png","width":2880,"height":2880,"caption":"Talkpal, Inc."},"image":{"@id":"https:\/\/talkpal.ai\/es\/#\/schema\/logo\/image\/"},"sameAs":["https:\/\/www.facebook.com\/profile.php?id=100090733639311","https:\/\/x.com\/talkpalai","https:\/\/www.linkedin.com\/company\/talkpal\/","https:\/\/www.youtube.com\/@TalkPal\/","https:\/\/www.tiktok.com\/@talkpal","https:\/\/www.instagram.com\/talkpal_ai\/","https:\/\/www.crunchbase.com\/organization\/talkpal-9cde","https:\/\/www.g2.com\/products\/talkpal-for-business\/","https:\/\/www.trustpilot.com\/review\/talkpal.ai","https:\/\/www.capterra.com\/p\/10006800\/TalkPal\/"],"description":"Talkpal is a language learning web and mobile education app, powered by the latest AI technologies, that provides engaging experiences to its customers in many different languages to help them improve their language skills. Users can chat about unlimited amount of topics with the app and use other modes to practice their language learning.","email":"support@talkpal.ai","legalName":"Talkpal, Inc.","foundingDate":"2023-04-03","duns":"118989042","numberOfEmployees":{"@type":"QuantitativeValue","minValue":"11","maxValue":"50"},"publishingPrinciples":"https:\/\/talkpal.ai\/publishing-principles\/","actionableFeedbackPolicy":"https:\/\/talkpal.ai\/actionable-feedback-policy\/","correctionsPolicy":"https:\/\/talkpal.ai\/corrections-policy\/","ethicsPolicy":"https:\/\/talkpal.ai\/ethics-policy\/","diversityPolicy":"https:\/\/talkpal.ai\/diversity-policy\/","diversityStaffingReport":"https:\/\/talkpal.ai\/diversity-policy\/"}]}},"_links":{"self":[{"href":"https:\/\/talkpal.ai\/es\/wp-json\/wp\/v2\/grammar_exercises\/1129989","targetHints":{"allow":["GET"]}}],"collection":[{"href":"https:\/\/talkpal.ai\/es\/wp-json\/wp\/v2\/grammar_exercises"}],"about":[{"href":"https:\/\/talkpal.ai\/es\/wp-json\/wp\/v2\/types\/grammar_exercises"}],"wp:featuredmedia":[{"embeddable":true,"href":"https:\/\/talkpal.ai\/es\/wp-json\/wp\/v2\/media\/1527896"}],"wp:attachment":[{"href":"https:\/\/talkpal.ai\/es\/wp-json\/wp\/v2\/media?parent=1129989"}],"wp:term":[{"taxonomy":"exercise_language","embeddable":true,"href":"https:\/\/talkpal.ai\/es\/wp-json\/wp\/v2\/exercise_language?post=1129989"}],"curies":[{"name":"wp","href":"https:\/\/api.w.org\/{rel}","templated":true}]}}