{"id":1128107,"date":"2025-07-06T06:07:43","date_gmt":"2025-07-06T06:07:43","guid":{"rendered":"https:\/\/talkpal.ai\/grammar_exercises\/ejercicios-de-adjetivos-ordinales-para-gramatica-catalana\/"},"modified":"2025-07-06T06:07:43","modified_gmt":"2025-07-06T06:07:43","slug":"ejercicios-de-adjetivos-ordinales-para-gramatica-catalana","status":"publish","type":"grammar_exercises","link":"https:\/\/talkpal.ai\/es\/grammar_exercises\/ejercicios-de-adjetivos-ordinales-para-gramatica-catalana\/","title":{"rendered":"Ejercicios de adjetivos ordinales para gram\u00e1tica catalana"},"content":{"rendered":"<p>En estos ejercicios practicar\u00e1s el uso de los adjetivos ordinales en <a href=\"https:\/\/talkpal.ai\/learn-catalan\/\">catal\u00e1n<\/a>, que se utilizan para indicar el orden <a href=\"https:\/\/talkpal.ai\/culture\/what-is-the-difference-between-o-and-la-when-using-the-verb-to-be\/\">o la<\/a> posici\u00f3n de un elemento dentro de una serie. Presta atenci\u00f3n a la concordancia en g\u00e9nero y n\u00famero cuando sea necesario.<\/p>\n<h3>Ejercicio 1: Completa con el adjetivo ordinal correcto en singular<\/h3>\n<div class=\"input_sentences\">\n1. Avui \u00e9s el *primer* dia de classe. (Indica la posici\u00f3n n\u00famero uno)<br \/>\n2. La Marta va arribar la *segona* a la festa. (Indica la posici\u00f3n n\u00famero dos, femenino)<br \/>\n3. Aquest \u00e9s el *tercer* cap\u00edtol del llibre. (Indica la posici\u00f3n n\u00famero tres)<br \/>\n4. La casa est\u00e0 a la *quarta* planta. (Indica la posici\u00f3n n\u00famero cuatro, femenino)<br \/>\n5. El meu aniversari \u00e9s el *cinqu\u00e8* de maig. (Indica la posici\u00f3n n\u00famero cinco)<br \/>\n6. El *sis\u00e8* mes de l\u2019any \u00e9s juny. (Indica la posici\u00f3n n\u00famero seis)<br \/>\n7. La *setena* p\u00e0gina del document est\u00e0 en blanc. (Indica la posici\u00f3n n\u00famero siete, femenino)<br \/>\n8. El *vuit\u00e8* jugador va entrar al camp. (Indica la posici\u00f3n n\u00famero ocho)<br \/>\n9. La *novena* nota \u00e9s un do. (Indica la posici\u00f3n n\u00famero nueve, femenino)<br \/>\n10. Aquest \u00e9s el *des\u00e8* aniversari de la nostra escola. (Indica la posici\u00f3n n\u00famero diez)\n<\/div>\n<div class=\"exercise\"><\/div>\n<h3>Ejercicio 2: Completa con el adjetivo ordinal correcto en plural<\/h3>\n<div class=\"input_sentences\">\n1. Els *primers* <a href=\"https:\/\/talkpal.ai\/culture\/what-are-the-days-of-the-week-in-catalan\/\">dies de la setmana<\/a> s\u00f3n dilluns i dimarts. (Plural masculino de primero)<br \/>\n2. Les *segones* opcions no sempre s\u00f3n les millors. (Plural femenino de segundo)<br \/>\n3. Els *tercers* participants <a href=\"https:\/\/talkpal.ai\/locations\/language-courses-in-van\/\">van<\/a> arribar tard. (Plural masculino de tercero)<br \/>\n4. Les *quartes* classes comencen a les deu. (Plural femenino de cuarto)<br \/>\n5. Els *cinquens* llibres de la s\u00e8rie s\u00f3n interessants. (Plural masculino de quinto)<br \/>\n6. Les *sisens* <a href=\"https:\/\/talkpal.ai\/talkpal-discount-for-test-takers-e-g-toefl-ielts\/\">proves<\/a> s\u00f3n les m\u00e9s dif\u00edcils. (Plural femenino de sexto)<br \/>\n7. Els *setens* equips van guanyar el partit. (Plural masculino de s\u00e9ptimo)<br \/>\n8. Les *vuitens* p\u00e0gines tenen errors. (Plural femenino de octavo)<br \/>\n9. Els *novens* alumnes van participar en la competici\u00f3. (Plural masculino de noveno)<br \/>\n10. Les *desenes* sessions seran a la tarda. (Plural femenino de d\u00e9cimo)\n<\/div>\n<div class=\"exercise\"><\/div>\n","protected":false},"featured_media":1527634,"parent":0,"menu_order":0,"template":"","exercise_language":[14190,14176],"class_list":["post-1128107","grammar_exercises","type-grammar_exercises","status-publish","has-post-thumbnail","hentry","exercise_language-adjetivos-gramatica-catalana","exercise_language-catalan-es"],"acf":[],"yoast_head":"<!-- This site is optimized with the Yoast SEO Premium plugin v27.2 (Yoast SEO v27.2) - https:\/\/yoast.com\/product\/yoast-seo-premium-wordpress\/ -->\n<title>Ejercicios de adjetivos ordinales para gram\u00e1tica catalana - Talkpal<\/title>\n<meta name=\"description\" content=\"En estos ejercicios practicar\u00e1s el uso de los adjetivos ordinales en catal\u00e1n, que se utilizan para indicar el orden o la posici\u00f3n de un elemento dentro de\" \/>\n<meta name=\"robots\" content=\"index, follow, max-snippet:-1, max-image-preview:large, max-video-preview:-1\" \/>\n<link rel=\"canonical\" href=\"https:\/\/talkpal.ai\/es\/grammar_exercises\/ejercicios-de-adjetivos-ordinales-para-gramatica-catalana\/\" \/>\n<meta property=\"og:locale\" content=\"es_ES\" \/>\n<meta property=\"og:type\" content=\"article\" \/>\n<meta property=\"og:title\" content=\"Ejercicios de adjetivos ordinales para gram\u00e1tica catalana\" \/>\n<meta property=\"og:description\" content=\"En estos ejercicios practicar\u00e1s el uso de los adjetivos ordinales en catal\u00e1n, que se utilizan para indicar el orden o la posici\u00f3n de un elemento dentro de\" \/>\n<meta property=\"og:url\" content=\"https:\/\/talkpal.ai\/es\/grammar_exercises\/ejercicios-de-adjetivos-ordinales-para-gramatica-catalana\/\" \/>\n<meta property=\"og:site_name\" content=\"Talkpal\" \/>\n<meta property=\"article:publisher\" content=\"https:\/\/www.facebook.com\/profile.php?id=100090733639311\" \/>\n<meta property=\"og:image\" content=\"https:\/\/talkpal.ai\/wp-content\/uploads\/2025\/02\/Progress-tab-16_9.png\" \/>\n\t<meta property=\"og:image:width\" content=\"2880\" \/>\n\t<meta property=\"og:image:height\" content=\"1620\" \/>\n\t<meta property=\"og:image:type\" content=\"image\/png\" \/>\n<meta name=\"twitter:card\" content=\"summary_large_image\" \/>\n<meta name=\"twitter:site\" content=\"@talkpalai\" \/>\n<meta name=\"twitter:label1\" content=\"Tiempo de lectura\" \/>\n\t<meta name=\"twitter:data1\" content=\"2 minutos\" \/>\n<script type=\"application\/ld+json\" class=\"yoast-schema-graph\">{\"@context\":\"https:\/\/schema.org\",\"@graph\":[{\"@type\":\"WebPage\",\"@id\":\"https:\/\/talkpal.ai\/es\/grammar_exercises\/ejercicios-de-adjetivos-ordinales-para-gramatica-catalana\/\",\"url\":\"https:\/\/talkpal.ai\/es\/grammar_exercises\/ejercicios-de-adjetivos-ordinales-para-gramatica-catalana\/\",\"name\":\"Ejercicios de adjetivos ordinales para gram\u00e1tica catalana - Talkpal\",\"isPartOf\":{\"@id\":\"https:\/\/talkpal.ai\/es\/#website\"},\"primaryImageOfPage\":{\"@id\":\"https:\/\/talkpal.ai\/es\/grammar_exercises\/ejercicios-de-adjetivos-ordinales-para-gramatica-catalana\/#primaryimage\"},\"image\":{\"@id\":\"https:\/\/talkpal.ai\/es\/grammar_exercises\/ejercicios-de-adjetivos-ordinales-para-gramatica-catalana\/#primaryimage\"},\"thumbnailUrl\":\"https:\/\/talkpal.ai\/wp-content\/uploads\/2025\/12\/digital-lessons-help-to-learn-languages.webp\",\"datePublished\":\"2025-07-06T06:07:43+00:00\",\"description\":\"En estos ejercicios practicar\u00e1s el uso de los adjetivos ordinales en catal\u00e1n, que se utilizan para indicar el orden o la posici\u00f3n de un elemento dentro de\",\"breadcrumb\":{\"@id\":\"https:\/\/talkpal.ai\/es\/grammar_exercises\/ejercicios-de-adjetivos-ordinales-para-gramatica-catalana\/#breadcrumb\"},\"inLanguage\":\"es\",\"potentialAction\":[{\"@type\":\"ReadAction\",\"target\":[\"https:\/\/talkpal.ai\/es\/grammar_exercises\/ejercicios-de-adjetivos-ordinales-para-gramatica-catalana\/\"]}]},{\"@type\":\"ImageObject\",\"inLanguage\":\"es\",\"@id\":\"https:\/\/talkpal.ai\/es\/grammar_exercises\/ejercicios-de-adjetivos-ordinales-para-gramatica-catalana\/#primaryimage\",\"url\":\"https:\/\/talkpal.ai\/wp-content\/uploads\/2025\/12\/digital-lessons-help-to-learn-languages.webp\",\"contentUrl\":\"https:\/\/talkpal.ai\/wp-content\/uploads\/2025\/12\/digital-lessons-help-to-learn-languages.webp\",\"width\":1200,\"height\":896,\"caption\":\"Diverse students use laptops and textbooks while learning languages in a large, brightly lit study hall.\"},{\"@type\":\"BreadcrumbList\",\"@id\":\"https:\/\/talkpal.ai\/es\/grammar_exercises\/ejercicios-de-adjetivos-ordinales-para-gramatica-catalana\/#breadcrumb\",\"itemListElement\":[{\"@type\":\"ListItem\",\"position\":1,\"name\":\"Homepage\",\"item\":\"https:\/\/talkpal.ai\/es\/\"},{\"@type\":\"ListItem\",\"position\":2,\"name\":\"Ejercicios de adjetivos ordinales para gram\u00e1tica catalana\"}]},{\"@type\":\"WebSite\",\"@id\":\"https:\/\/talkpal.ai\/es\/#website\",\"url\":\"https:\/\/talkpal.ai\/es\/\",\"name\":\"Talkpal\",\"description\":\"AI Language Learning\",\"publisher\":{\"@id\":\"https:\/\/talkpal.ai\/es\/#organization\"},\"alternateName\":\"Talkpal AI\",\"potentialAction\":[{\"@type\":\"SearchAction\",\"target\":{\"@type\":\"EntryPoint\",\"urlTemplate\":\"https:\/\/talkpal.ai\/es\/?s={search_term_string}\"},\"query-input\":{\"@type\":\"PropertyValueSpecification\",\"valueRequired\":true,\"valueName\":\"search_term_string\"}}],\"inLanguage\":\"es\"},{\"@type\":\"Organization\",\"@id\":\"https:\/\/talkpal.ai\/es\/#organization\",\"name\":\"Talkpal, Inc.\",\"alternateName\":\"Talkpal AI\",\"url\":\"https:\/\/talkpal.ai\/es\/\",\"logo\":{\"@type\":\"ImageObject\",\"inLanguage\":\"es\",\"@id\":\"https:\/\/talkpal.ai\/es\/#\/schema\/logo\/image\/\",\"url\":\"https:\/\/talkpal.ai\/wp-content\/uploads\/2024\/03\/Talkpal-Logo-Icon.png\",\"contentUrl\":\"https:\/\/talkpal.ai\/wp-content\/uploads\/2024\/03\/Talkpal-Logo-Icon.png\",\"width\":2880,\"height\":2880,\"caption\":\"Talkpal, Inc.\"},\"image\":{\"@id\":\"https:\/\/talkpal.ai\/es\/#\/schema\/logo\/image\/\"},\"sameAs\":[\"https:\/\/www.facebook.com\/profile.php?id=100090733639311\",\"https:\/\/x.com\/talkpalai\",\"https:\/\/www.linkedin.com\/company\/talkpal\/\",\"https:\/\/www.youtube.com\/@TalkPal\/\",\"https:\/\/www.tiktok.com\/@talkpal\",\"https:\/\/www.instagram.com\/talkpal_ai\/\",\"https:\/\/www.crunchbase.com\/organization\/talkpal-9cde\",\"https:\/\/www.g2.com\/products\/talkpal-for-business\/\",\"https:\/\/www.trustpilot.com\/review\/talkpal.ai\",\"https:\/\/www.capterra.com\/p\/10006800\/TalkPal\/\"],\"description\":\"Talkpal is a language learning web and mobile education app, powered by the latest AI technologies, that provides engaging experiences to its customers in many different languages to help them improve their language skills. Users can chat about unlimited amount of topics with the app and use other modes to practice their language learning.\",\"email\":\"support@talkpal.ai\",\"legalName\":\"Talkpal, Inc.\",\"foundingDate\":\"2023-04-03\",\"duns\":\"118989042\",\"numberOfEmployees\":{\"@type\":\"QuantitativeValue\",\"minValue\":\"11\",\"maxValue\":\"50\"},\"publishingPrinciples\":\"https:\/\/talkpal.ai\/publishing-principles\/\",\"actionableFeedbackPolicy\":\"https:\/\/talkpal.ai\/actionable-feedback-policy\/\",\"correctionsPolicy\":\"https:\/\/talkpal.ai\/corrections-policy\/\",\"ethicsPolicy\":\"https:\/\/talkpal.ai\/ethics-policy\/\",\"diversityPolicy\":\"https:\/\/talkpal.ai\/diversity-policy\/\",\"diversityStaffingReport\":\"https:\/\/talkpal.ai\/diversity-policy\/\"}]}<\/script>\n<!-- \/ Yoast SEO Premium plugin. -->","yoast_head_json":{"title":"Ejercicios de adjetivos ordinales para gram\u00e1tica catalana - Talkpal","description":"En estos ejercicios practicar\u00e1s el uso de los adjetivos ordinales en catal\u00e1n, que se utilizan para indicar el orden o la posici\u00f3n de un elemento dentro de","robots":{"index":"index","follow":"follow","max-snippet":"max-snippet:-1","max-image-preview":"max-image-preview:large","max-video-preview":"max-video-preview:-1"},"canonical":"https:\/\/talkpal.ai\/es\/grammar_exercises\/ejercicios-de-adjetivos-ordinales-para-gramatica-catalana\/","og_locale":"es_ES","og_type":"article","og_title":"Ejercicios de adjetivos ordinales para gram\u00e1tica catalana","og_description":"En estos ejercicios practicar\u00e1s el uso de los adjetivos ordinales en catal\u00e1n, que se utilizan para indicar el orden o la posici\u00f3n de un elemento dentro de","og_url":"https:\/\/talkpal.ai\/es\/grammar_exercises\/ejercicios-de-adjetivos-ordinales-para-gramatica-catalana\/","og_site_name":"Talkpal","article_publisher":"https:\/\/www.facebook.com\/profile.php?id=100090733639311","og_image":[{"width":2880,"height":1620,"url":"https:\/\/talkpal.ai\/wp-content\/uploads\/2025\/02\/Progress-tab-16_9.png","type":"image\/png"}],"twitter_card":"summary_large_image","twitter_site":"@talkpalai","twitter_misc":{"Tiempo de lectura":"2 minutos"},"schema":{"@context":"https:\/\/schema.org","@graph":[{"@type":"WebPage","@id":"https:\/\/talkpal.ai\/es\/grammar_exercises\/ejercicios-de-adjetivos-ordinales-para-gramatica-catalana\/","url":"https:\/\/talkpal.ai\/es\/grammar_exercises\/ejercicios-de-adjetivos-ordinales-para-gramatica-catalana\/","name":"Ejercicios de adjetivos ordinales para gram\u00e1tica catalana - Talkpal","isPartOf":{"@id":"https:\/\/talkpal.ai\/es\/#website"},"primaryImageOfPage":{"@id":"https:\/\/talkpal.ai\/es\/grammar_exercises\/ejercicios-de-adjetivos-ordinales-para-gramatica-catalana\/#primaryimage"},"image":{"@id":"https:\/\/talkpal.ai\/es\/grammar_exercises\/ejercicios-de-adjetivos-ordinales-para-gramatica-catalana\/#primaryimage"},"thumbnailUrl":"https:\/\/talkpal.ai\/wp-content\/uploads\/2025\/12\/digital-lessons-help-to-learn-languages.webp","datePublished":"2025-07-06T06:07:43+00:00","description":"En estos ejercicios practicar\u00e1s el uso de los adjetivos ordinales en catal\u00e1n, que se utilizan para indicar el orden o la posici\u00f3n de un elemento dentro de","breadcrumb":{"@id":"https:\/\/talkpal.ai\/es\/grammar_exercises\/ejercicios-de-adjetivos-ordinales-para-gramatica-catalana\/#breadcrumb"},"inLanguage":"es","potentialAction":[{"@type":"ReadAction","target":["https:\/\/talkpal.ai\/es\/grammar_exercises\/ejercicios-de-adjetivos-ordinales-para-gramatica-catalana\/"]}]},{"@type":"ImageObject","inLanguage":"es","@id":"https:\/\/talkpal.ai\/es\/grammar_exercises\/ejercicios-de-adjetivos-ordinales-para-gramatica-catalana\/#primaryimage","url":"https:\/\/talkpal.ai\/wp-content\/uploads\/2025\/12\/digital-lessons-help-to-learn-languages.webp","contentUrl":"https:\/\/talkpal.ai\/wp-content\/uploads\/2025\/12\/digital-lessons-help-to-learn-languages.webp","width":1200,"height":896,"caption":"Diverse students use laptops and textbooks while learning languages in a large, brightly lit study hall."},{"@type":"BreadcrumbList","@id":"https:\/\/talkpal.ai\/es\/grammar_exercises\/ejercicios-de-adjetivos-ordinales-para-gramatica-catalana\/#breadcrumb","itemListElement":[{"@type":"ListItem","position":1,"name":"Homepage","item":"https:\/\/talkpal.ai\/es\/"},{"@type":"ListItem","position":2,"name":"Ejercicios de adjetivos ordinales para gram\u00e1tica catalana"}]},{"@type":"WebSite","@id":"https:\/\/talkpal.ai\/es\/#website","url":"https:\/\/talkpal.ai\/es\/","name":"Talkpal","description":"AI Language Learning","publisher":{"@id":"https:\/\/talkpal.ai\/es\/#organization"},"alternateName":"Talkpal AI","potentialAction":[{"@type":"SearchAction","target":{"@type":"EntryPoint","urlTemplate":"https:\/\/talkpal.ai\/es\/?s={search_term_string}"},"query-input":{"@type":"PropertyValueSpecification","valueRequired":true,"valueName":"search_term_string"}}],"inLanguage":"es"},{"@type":"Organization","@id":"https:\/\/talkpal.ai\/es\/#organization","name":"Talkpal, Inc.","alternateName":"Talkpal AI","url":"https:\/\/talkpal.ai\/es\/","logo":{"@type":"ImageObject","inLanguage":"es","@id":"https:\/\/talkpal.ai\/es\/#\/schema\/logo\/image\/","url":"https:\/\/talkpal.ai\/wp-content\/uploads\/2024\/03\/Talkpal-Logo-Icon.png","contentUrl":"https:\/\/talkpal.ai\/wp-content\/uploads\/2024\/03\/Talkpal-Logo-Icon.png","width":2880,"height":2880,"caption":"Talkpal, Inc."},"image":{"@id":"https:\/\/talkpal.ai\/es\/#\/schema\/logo\/image\/"},"sameAs":["https:\/\/www.facebook.com\/profile.php?id=100090733639311","https:\/\/x.com\/talkpalai","https:\/\/www.linkedin.com\/company\/talkpal\/","https:\/\/www.youtube.com\/@TalkPal\/","https:\/\/www.tiktok.com\/@talkpal","https:\/\/www.instagram.com\/talkpal_ai\/","https:\/\/www.crunchbase.com\/organization\/talkpal-9cde","https:\/\/www.g2.com\/products\/talkpal-for-business\/","https:\/\/www.trustpilot.com\/review\/talkpal.ai","https:\/\/www.capterra.com\/p\/10006800\/TalkPal\/"],"description":"Talkpal is a language learning web and mobile education app, powered by the latest AI technologies, that provides engaging experiences to its customers in many different languages to help them improve their language skills. Users can chat about unlimited amount of topics with the app and use other modes to practice their language learning.","email":"support@talkpal.ai","legalName":"Talkpal, Inc.","foundingDate":"2023-04-03","duns":"118989042","numberOfEmployees":{"@type":"QuantitativeValue","minValue":"11","maxValue":"50"},"publishingPrinciples":"https:\/\/talkpal.ai\/publishing-principles\/","actionableFeedbackPolicy":"https:\/\/talkpal.ai\/actionable-feedback-policy\/","correctionsPolicy":"https:\/\/talkpal.ai\/corrections-policy\/","ethicsPolicy":"https:\/\/talkpal.ai\/ethics-policy\/","diversityPolicy":"https:\/\/talkpal.ai\/diversity-policy\/","diversityStaffingReport":"https:\/\/talkpal.ai\/diversity-policy\/"}]}},"_links":{"self":[{"href":"https:\/\/talkpal.ai\/es\/wp-json\/wp\/v2\/grammar_exercises\/1128107","targetHints":{"allow":["GET"]}}],"collection":[{"href":"https:\/\/talkpal.ai\/es\/wp-json\/wp\/v2\/grammar_exercises"}],"about":[{"href":"https:\/\/talkpal.ai\/es\/wp-json\/wp\/v2\/types\/grammar_exercises"}],"wp:featuredmedia":[{"embeddable":true,"href":"https:\/\/talkpal.ai\/es\/wp-json\/wp\/v2\/media\/1527634"}],"wp:attachment":[{"href":"https:\/\/talkpal.ai\/es\/wp-json\/wp\/v2\/media?parent=1128107"}],"wp:term":[{"taxonomy":"exercise_language","embeddable":true,"href":"https:\/\/talkpal.ai\/es\/wp-json\/wp\/v2\/exercise_language?post=1128107"}],"curies":[{"name":"wp","href":"https:\/\/api.w.org\/{rel}","templated":true}]}}