{"id":1128097,"date":"2025-07-06T06:07:35","date_gmt":"2025-07-06T06:07:35","guid":{"rendered":"https:\/\/talkpal.ai\/grammar_exercises\/ejercicios-de-pronombres-reflexivos-para-la-gramatica-catalana\/"},"modified":"2025-07-06T06:07:35","modified_gmt":"2025-07-06T06:07:35","slug":"ejercicios-de-pronombres-reflexivos-para-la-gramatica-catalana","status":"publish","type":"grammar_exercises","link":"https:\/\/talkpal.ai\/es\/grammar_exercises\/ejercicios-de-pronombres-reflexivos-para-la-gramatica-catalana\/","title":{"rendered":"Ejercicios de pronombres reflexivos para la gram\u00e1tica catalana"},"content":{"rendered":"<p>En estos ejercicios practicar\u00e1s el uso de los <a href=\"https:\/\/talkpal.ai\/ar\/grammar_exercises\/pronombres-reflexivos-%d8%aa%d9%85%d8%a7%d8%b1%d9%8a%d9%86-%d9%84%d9%82%d9%88%d8%a7%d8%b9%d8%af-%d8%a7%d9%84%d9%84%d8%ba%d8%a9-%d8%a7%d9%84%d8%a5%d8%b3%d8%a8%d8%a7%d9%86%d9%8a%d8%a9\/\">pronombres reflexivos<\/a> en <a href=\"https:\/\/talkpal.ai\/learn-catalan\/\">catal\u00e1n<\/a>, que se utilizan para indicar que la acci\u00f3n recae sobre el mismo sujeto que la realiza. Presta atenci\u00f3n a c\u00f3mo cambian seg\u00fan la persona gramatical y su <a href=\"https:\/\/talkpal.ai\/uk\/grammar_exercises\/posicion-%d0%b2%d0%bf%d1%80%d0%b0%d0%b2%d0%b8-%d0%b4%d0%bb%d1%8f-%d1%96%d1%81%d0%bf%d0%b0%d0%bd%d1%81%d1%8c%d0%ba%d0%be%d1%97-%d0%b3%d1%80%d0%b0%d0%bc%d0%b0%d1%82%d0%b8%d0%ba%d0%b8\/\">posici\u00f3n en la oraci\u00f3n<\/a>.<\/p>\n<h3>Ejercicio 1: Completa con el pronombre reflexivo correcto (me, et, es, ens, us, es)<\/h3>\n<div class=\"input_sentences\">\n1. Jo *em* rento les mans cada dia. (Pensa en la primera persona del singular).<br \/>\n2. Tu sempre *et* prepares per l\u2019examen. (Pensa en la segona persona del singular).<br \/>\n3. Ell *es* <a href=\"https:\/\/talkpal.ai\/locations\/language-courses-in-mira\/\">mira<\/a> al mirall abans de sortir. (Pensa en la tercera persona del singular).<br \/>\n4. Nosaltres *ens* ajudem quan tenim dubtes. (Pensa en la primera persona del plural).<br \/>\n5. Vosaltres *us* veieu al parc cada tarda. (Pensa en la segona persona del plural).<br \/>\n6. Ells *es* vesteixen r\u00e0pidament cada mat\u00ed. (Pensa en la tercera persona del plural).<br \/>\n7. Jo *em* poso el barret quan fa fred. (Pensa en la primera persona del singular).<br \/>\n8. Tu *et* lleves molt d\u2019hora els caps de setmana. (Pensa en la segona persona del singular).<br \/>\n9. Ella *es* pentina abans d\u2019anar a l\u2019escola. (Pensa en la tercera persona del singular).<br \/>\n10. Nosaltres *ens* relaxem despr\u00e9s de treballar. (Pensa en la primera persona del plural).\n<\/div>\n<div class=\"exercise\"><\/div>\n<h3>Ejercicio 2: Usa el pronombre reflexivo correcto en frases con verbos pronominals<\/h3>\n<div class=\"input_sentences\">\n1. Jo sempre *em* llevo a les set del mat\u00ed. (Recorda que \u00abllevar-se\u00bb \u00e9s un verb pronominal).<br \/>\n2. Tu *et* queixes quan fa molt fred. (Pensa en la segona persona del singular).<br \/>\n3. Ell *es* adorm molt tard. (La tercera persona del singular necessita el <a href=\"https:\/\/talkpal.ai\/es\/grammar_exercises\/pronombres-reflexivos-para-la-gramatica-francesa\/\">pronombre reflexivo<\/a> corresponent).<br \/>\n4. Nosaltres *ens* preparem per a la festa. (Primer persona plural amb verb pronominal).<br \/>\n5. Vosaltres *us* divertiu molt a la platja. (Segona persona plural amb verb pronominal).<br \/>\n6. Ells *es* troben al centre comercial. (Tercer persona plural amb verb pronominal).<br \/>\n7. Jo *em* relaxo escoltant m\u00fasica. (Primer persona singular).<br \/>\n8. Tu *et* maquilles abans de sortir. (Segona persona singular).<br \/>\n9. Ella *es* mira les mans despr\u00e9s de treballar. (Tercer persona singular).<br \/>\n10. Nosaltres *ens* adonem que \u00e9s hora d\u2019anar a casa. (Primer persona plural).\n<\/div>\n<div class=\"exercise\"><\/div>\n","protected":false},"featured_media":1527737,"parent":0,"menu_order":0,"template":"","exercise_language":[14176,14188],"class_list":["post-1128097","grammar_exercises","type-grammar_exercises","status-publish","has-post-thumbnail","hentry","exercise_language-catalan-es","exercise_language-pronombres-determinantes-gramatica-catalana"],"acf":[],"yoast_head":"<!-- This site is optimized with the Yoast SEO Premium plugin v27.2 (Yoast SEO v27.2) - https:\/\/yoast.com\/product\/yoast-seo-premium-wordpress\/ -->\n<title>Ejercicios de pronombres reflexivos para la gram\u00e1tica catalana - Talkpal<\/title>\n<meta name=\"description\" content=\"En estos ejercicios practicar\u00e1s el uso de los pronombres reflexivos en catal\u00e1n, que se utilizan para indicar que la acci\u00f3n recae sobre el mismo sujeto que\" \/>\n<meta name=\"robots\" content=\"index, follow, max-snippet:-1, max-image-preview:large, max-video-preview:-1\" \/>\n<link rel=\"canonical\" href=\"https:\/\/talkpal.ai\/es\/grammar_exercises\/ejercicios-de-pronombres-reflexivos-para-la-gramatica-catalana\/\" \/>\n<meta property=\"og:locale\" content=\"es_ES\" \/>\n<meta property=\"og:type\" content=\"article\" \/>\n<meta property=\"og:title\" content=\"Ejercicios de pronombres reflexivos para la gram\u00e1tica catalana\" \/>\n<meta property=\"og:description\" content=\"En estos ejercicios practicar\u00e1s el uso de los pronombres reflexivos en catal\u00e1n, que se utilizan para indicar que la acci\u00f3n recae sobre el mismo sujeto que\" \/>\n<meta property=\"og:url\" content=\"https:\/\/talkpal.ai\/es\/grammar_exercises\/ejercicios-de-pronombres-reflexivos-para-la-gramatica-catalana\/\" \/>\n<meta property=\"og:site_name\" content=\"Talkpal\" \/>\n<meta property=\"article:publisher\" content=\"https:\/\/www.facebook.com\/profile.php?id=100090733639311\" \/>\n<meta property=\"og:image\" content=\"https:\/\/talkpal.ai\/wp-content\/uploads\/2025\/02\/Progress-tab-16_9.png\" \/>\n\t<meta property=\"og:image:width\" content=\"2880\" \/>\n\t<meta property=\"og:image:height\" content=\"1620\" \/>\n\t<meta property=\"og:image:type\" content=\"image\/png\" \/>\n<meta name=\"twitter:card\" content=\"summary_large_image\" \/>\n<meta name=\"twitter:site\" content=\"@talkpalai\" \/>\n<meta name=\"twitter:label1\" content=\"Tiempo de lectura\" \/>\n\t<meta name=\"twitter:data1\" content=\"2 minutos\" \/>\n<script type=\"application\/ld+json\" class=\"yoast-schema-graph\">{\"@context\":\"https:\/\/schema.org\",\"@graph\":[{\"@type\":\"WebPage\",\"@id\":\"https:\/\/talkpal.ai\/es\/grammar_exercises\/ejercicios-de-pronombres-reflexivos-para-la-gramatica-catalana\/\",\"url\":\"https:\/\/talkpal.ai\/es\/grammar_exercises\/ejercicios-de-pronombres-reflexivos-para-la-gramatica-catalana\/\",\"name\":\"Ejercicios de pronombres reflexivos para la gram\u00e1tica catalana - Talkpal\",\"isPartOf\":{\"@id\":\"https:\/\/talkpal.ai\/es\/#website\"},\"primaryImageOfPage\":{\"@id\":\"https:\/\/talkpal.ai\/es\/grammar_exercises\/ejercicios-de-pronombres-reflexivos-para-la-gramatica-catalana\/#primaryimage\"},\"image\":{\"@id\":\"https:\/\/talkpal.ai\/es\/grammar_exercises\/ejercicios-de-pronombres-reflexivos-para-la-gramatica-catalana\/#primaryimage\"},\"thumbnailUrl\":\"https:\/\/talkpal.ai\/wp-content\/uploads\/2025\/12\/learning-languages-at-scenic-window.webp\",\"datePublished\":\"2025-07-06T06:07:35+00:00\",\"description\":\"En estos ejercicios practicar\u00e1s el uso de los pronombres reflexivos en catal\u00e1n, que se utilizan para indicar que la acci\u00f3n recae sobre el mismo sujeto que\",\"breadcrumb\":{\"@id\":\"https:\/\/talkpal.ai\/es\/grammar_exercises\/ejercicios-de-pronombres-reflexivos-para-la-gramatica-catalana\/#breadcrumb\"},\"inLanguage\":\"es\",\"potentialAction\":[{\"@type\":\"ReadAction\",\"target\":[\"https:\/\/talkpal.ai\/es\/grammar_exercises\/ejercicios-de-pronombres-reflexivos-para-la-gramatica-catalana\/\"]}]},{\"@type\":\"ImageObject\",\"inLanguage\":\"es\",\"@id\":\"https:\/\/talkpal.ai\/es\/grammar_exercises\/ejercicios-de-pronombres-reflexivos-para-la-gramatica-catalana\/#primaryimage\",\"url\":\"https:\/\/talkpal.ai\/wp-content\/uploads\/2025\/12\/learning-languages-at-scenic-window.webp\",\"contentUrl\":\"https:\/\/talkpal.ai\/wp-content\/uploads\/2025\/12\/learning-languages-at-scenic-window.webp\",\"width\":1200,\"height\":896,\"caption\":\"An open book and a cup of coffee sit on a desk used for learning languages by the window.\"},{\"@type\":\"BreadcrumbList\",\"@id\":\"https:\/\/talkpal.ai\/es\/grammar_exercises\/ejercicios-de-pronombres-reflexivos-para-la-gramatica-catalana\/#breadcrumb\",\"itemListElement\":[{\"@type\":\"ListItem\",\"position\":1,\"name\":\"Homepage\",\"item\":\"https:\/\/talkpal.ai\/es\/\"},{\"@type\":\"ListItem\",\"position\":2,\"name\":\"Ejercicios de pronombres reflexivos para la gram\u00e1tica catalana\"}]},{\"@type\":\"WebSite\",\"@id\":\"https:\/\/talkpal.ai\/es\/#website\",\"url\":\"https:\/\/talkpal.ai\/es\/\",\"name\":\"Talkpal\",\"description\":\"AI Language Learning\",\"publisher\":{\"@id\":\"https:\/\/talkpal.ai\/es\/#organization\"},\"alternateName\":\"Talkpal AI\",\"potentialAction\":[{\"@type\":\"SearchAction\",\"target\":{\"@type\":\"EntryPoint\",\"urlTemplate\":\"https:\/\/talkpal.ai\/es\/?s={search_term_string}\"},\"query-input\":{\"@type\":\"PropertyValueSpecification\",\"valueRequired\":true,\"valueName\":\"search_term_string\"}}],\"inLanguage\":\"es\"},{\"@type\":\"Organization\",\"@id\":\"https:\/\/talkpal.ai\/es\/#organization\",\"name\":\"Talkpal, Inc.\",\"alternateName\":\"Talkpal AI\",\"url\":\"https:\/\/talkpal.ai\/es\/\",\"logo\":{\"@type\":\"ImageObject\",\"inLanguage\":\"es\",\"@id\":\"https:\/\/talkpal.ai\/es\/#\/schema\/logo\/image\/\",\"url\":\"https:\/\/talkpal.ai\/wp-content\/uploads\/2024\/03\/Talkpal-Logo-Icon.png\",\"contentUrl\":\"https:\/\/talkpal.ai\/wp-content\/uploads\/2024\/03\/Talkpal-Logo-Icon.png\",\"width\":2880,\"height\":2880,\"caption\":\"Talkpal, Inc.\"},\"image\":{\"@id\":\"https:\/\/talkpal.ai\/es\/#\/schema\/logo\/image\/\"},\"sameAs\":[\"https:\/\/www.facebook.com\/profile.php?id=100090733639311\",\"https:\/\/x.com\/talkpalai\",\"https:\/\/www.linkedin.com\/company\/talkpal\/\",\"https:\/\/www.youtube.com\/@TalkPal\/\",\"https:\/\/www.tiktok.com\/@talkpal\",\"https:\/\/www.instagram.com\/talkpal_ai\/\",\"https:\/\/www.crunchbase.com\/organization\/talkpal-9cde\",\"https:\/\/www.g2.com\/products\/talkpal-for-business\/\",\"https:\/\/www.trustpilot.com\/review\/talkpal.ai\",\"https:\/\/www.capterra.com\/p\/10006800\/TalkPal\/\"],\"description\":\"Talkpal is a language learning web and mobile education app, powered by the latest AI technologies, that provides engaging experiences to its customers in many different languages to help them improve their language skills. Users can chat about unlimited amount of topics with the app and use other modes to practice their language learning.\",\"email\":\"support@talkpal.ai\",\"legalName\":\"Talkpal, Inc.\",\"foundingDate\":\"2023-04-03\",\"duns\":\"118989042\",\"numberOfEmployees\":{\"@type\":\"QuantitativeValue\",\"minValue\":\"11\",\"maxValue\":\"50\"},\"publishingPrinciples\":\"https:\/\/talkpal.ai\/publishing-principles\/\",\"actionableFeedbackPolicy\":\"https:\/\/talkpal.ai\/actionable-feedback-policy\/\",\"correctionsPolicy\":\"https:\/\/talkpal.ai\/corrections-policy\/\",\"ethicsPolicy\":\"https:\/\/talkpal.ai\/ethics-policy\/\",\"diversityPolicy\":\"https:\/\/talkpal.ai\/diversity-policy\/\",\"diversityStaffingReport\":\"https:\/\/talkpal.ai\/diversity-policy\/\"}]}<\/script>\n<!-- \/ Yoast SEO Premium plugin. -->","yoast_head_json":{"title":"Ejercicios de pronombres reflexivos para la gram\u00e1tica catalana - Talkpal","description":"En estos ejercicios practicar\u00e1s el uso de los pronombres reflexivos en catal\u00e1n, que se utilizan para indicar que la acci\u00f3n recae sobre el mismo sujeto que","robots":{"index":"index","follow":"follow","max-snippet":"max-snippet:-1","max-image-preview":"max-image-preview:large","max-video-preview":"max-video-preview:-1"},"canonical":"https:\/\/talkpal.ai\/es\/grammar_exercises\/ejercicios-de-pronombres-reflexivos-para-la-gramatica-catalana\/","og_locale":"es_ES","og_type":"article","og_title":"Ejercicios de pronombres reflexivos para la gram\u00e1tica catalana","og_description":"En estos ejercicios practicar\u00e1s el uso de los pronombres reflexivos en catal\u00e1n, que se utilizan para indicar que la acci\u00f3n recae sobre el mismo sujeto que","og_url":"https:\/\/talkpal.ai\/es\/grammar_exercises\/ejercicios-de-pronombres-reflexivos-para-la-gramatica-catalana\/","og_site_name":"Talkpal","article_publisher":"https:\/\/www.facebook.com\/profile.php?id=100090733639311","og_image":[{"width":2880,"height":1620,"url":"https:\/\/talkpal.ai\/wp-content\/uploads\/2025\/02\/Progress-tab-16_9.png","type":"image\/png"}],"twitter_card":"summary_large_image","twitter_site":"@talkpalai","twitter_misc":{"Tiempo de lectura":"2 minutos"},"schema":{"@context":"https:\/\/schema.org","@graph":[{"@type":"WebPage","@id":"https:\/\/talkpal.ai\/es\/grammar_exercises\/ejercicios-de-pronombres-reflexivos-para-la-gramatica-catalana\/","url":"https:\/\/talkpal.ai\/es\/grammar_exercises\/ejercicios-de-pronombres-reflexivos-para-la-gramatica-catalana\/","name":"Ejercicios de pronombres reflexivos para la gram\u00e1tica catalana - Talkpal","isPartOf":{"@id":"https:\/\/talkpal.ai\/es\/#website"},"primaryImageOfPage":{"@id":"https:\/\/talkpal.ai\/es\/grammar_exercises\/ejercicios-de-pronombres-reflexivos-para-la-gramatica-catalana\/#primaryimage"},"image":{"@id":"https:\/\/talkpal.ai\/es\/grammar_exercises\/ejercicios-de-pronombres-reflexivos-para-la-gramatica-catalana\/#primaryimage"},"thumbnailUrl":"https:\/\/talkpal.ai\/wp-content\/uploads\/2025\/12\/learning-languages-at-scenic-window.webp","datePublished":"2025-07-06T06:07:35+00:00","description":"En estos ejercicios practicar\u00e1s el uso de los pronombres reflexivos en catal\u00e1n, que se utilizan para indicar que la acci\u00f3n recae sobre el mismo sujeto que","breadcrumb":{"@id":"https:\/\/talkpal.ai\/es\/grammar_exercises\/ejercicios-de-pronombres-reflexivos-para-la-gramatica-catalana\/#breadcrumb"},"inLanguage":"es","potentialAction":[{"@type":"ReadAction","target":["https:\/\/talkpal.ai\/es\/grammar_exercises\/ejercicios-de-pronombres-reflexivos-para-la-gramatica-catalana\/"]}]},{"@type":"ImageObject","inLanguage":"es","@id":"https:\/\/talkpal.ai\/es\/grammar_exercises\/ejercicios-de-pronombres-reflexivos-para-la-gramatica-catalana\/#primaryimage","url":"https:\/\/talkpal.ai\/wp-content\/uploads\/2025\/12\/learning-languages-at-scenic-window.webp","contentUrl":"https:\/\/talkpal.ai\/wp-content\/uploads\/2025\/12\/learning-languages-at-scenic-window.webp","width":1200,"height":896,"caption":"An open book and a cup of coffee sit on a desk used for learning languages by the window."},{"@type":"BreadcrumbList","@id":"https:\/\/talkpal.ai\/es\/grammar_exercises\/ejercicios-de-pronombres-reflexivos-para-la-gramatica-catalana\/#breadcrumb","itemListElement":[{"@type":"ListItem","position":1,"name":"Homepage","item":"https:\/\/talkpal.ai\/es\/"},{"@type":"ListItem","position":2,"name":"Ejercicios de pronombres reflexivos para la gram\u00e1tica catalana"}]},{"@type":"WebSite","@id":"https:\/\/talkpal.ai\/es\/#website","url":"https:\/\/talkpal.ai\/es\/","name":"Talkpal","description":"AI Language Learning","publisher":{"@id":"https:\/\/talkpal.ai\/es\/#organization"},"alternateName":"Talkpal AI","potentialAction":[{"@type":"SearchAction","target":{"@type":"EntryPoint","urlTemplate":"https:\/\/talkpal.ai\/es\/?s={search_term_string}"},"query-input":{"@type":"PropertyValueSpecification","valueRequired":true,"valueName":"search_term_string"}}],"inLanguage":"es"},{"@type":"Organization","@id":"https:\/\/talkpal.ai\/es\/#organization","name":"Talkpal, Inc.","alternateName":"Talkpal AI","url":"https:\/\/talkpal.ai\/es\/","logo":{"@type":"ImageObject","inLanguage":"es","@id":"https:\/\/talkpal.ai\/es\/#\/schema\/logo\/image\/","url":"https:\/\/talkpal.ai\/wp-content\/uploads\/2024\/03\/Talkpal-Logo-Icon.png","contentUrl":"https:\/\/talkpal.ai\/wp-content\/uploads\/2024\/03\/Talkpal-Logo-Icon.png","width":2880,"height":2880,"caption":"Talkpal, Inc."},"image":{"@id":"https:\/\/talkpal.ai\/es\/#\/schema\/logo\/image\/"},"sameAs":["https:\/\/www.facebook.com\/profile.php?id=100090733639311","https:\/\/x.com\/talkpalai","https:\/\/www.linkedin.com\/company\/talkpal\/","https:\/\/www.youtube.com\/@TalkPal\/","https:\/\/www.tiktok.com\/@talkpal","https:\/\/www.instagram.com\/talkpal_ai\/","https:\/\/www.crunchbase.com\/organization\/talkpal-9cde","https:\/\/www.g2.com\/products\/talkpal-for-business\/","https:\/\/www.trustpilot.com\/review\/talkpal.ai","https:\/\/www.capterra.com\/p\/10006800\/TalkPal\/"],"description":"Talkpal is a language learning web and mobile education app, powered by the latest AI technologies, that provides engaging experiences to its customers in many different languages to help them improve their language skills. Users can chat about unlimited amount of topics with the app and use other modes to practice their language learning.","email":"support@talkpal.ai","legalName":"Talkpal, Inc.","foundingDate":"2023-04-03","duns":"118989042","numberOfEmployees":{"@type":"QuantitativeValue","minValue":"11","maxValue":"50"},"publishingPrinciples":"https:\/\/talkpal.ai\/publishing-principles\/","actionableFeedbackPolicy":"https:\/\/talkpal.ai\/actionable-feedback-policy\/","correctionsPolicy":"https:\/\/talkpal.ai\/corrections-policy\/","ethicsPolicy":"https:\/\/talkpal.ai\/ethics-policy\/","diversityPolicy":"https:\/\/talkpal.ai\/diversity-policy\/","diversityStaffingReport":"https:\/\/talkpal.ai\/diversity-policy\/"}]}},"_links":{"self":[{"href":"https:\/\/talkpal.ai\/es\/wp-json\/wp\/v2\/grammar_exercises\/1128097","targetHints":{"allow":["GET"]}}],"collection":[{"href":"https:\/\/talkpal.ai\/es\/wp-json\/wp\/v2\/grammar_exercises"}],"about":[{"href":"https:\/\/talkpal.ai\/es\/wp-json\/wp\/v2\/types\/grammar_exercises"}],"wp:featuredmedia":[{"embeddable":true,"href":"https:\/\/talkpal.ai\/es\/wp-json\/wp\/v2\/media\/1527737"}],"wp:attachment":[{"href":"https:\/\/talkpal.ai\/es\/wp-json\/wp\/v2\/media?parent=1128097"}],"wp:term":[{"taxonomy":"exercise_language","embeddable":true,"href":"https:\/\/talkpal.ai\/es\/wp-json\/wp\/v2\/exercise_language?post=1128097"}],"curies":[{"name":"wp","href":"https:\/\/api.w.org\/{rel}","templated":true}]}}