{"id":5651,"date":"2023-03-31T10:58:18","date_gmt":"2023-03-31T10:58:18","guid":{"rendered":"http:\/\/talkpal.ai\/?post_type=grammar&#038;p=5651"},"modified":"2023-04-22T14:14:41","modified_gmt":"2023-04-22T14:14:41","slug":"dominando-las-oraciones-negativas-en-la-gramatica-espanola","status":"publish","type":"grammar","link":"https:\/\/talkpal.ai\/es\/grammar\/dominando-las-oraciones-negativas-en-la-gramatica-espanola\/","title":{"rendered":"Dominando las oraciones negativas en la gram\u00e1tica espa\u00f1ola"},"content":{"rendered":"\n<p>En este art\u00edculo, profundizaremos en el tema de las oraciones negativas en la <a href=\"https:\/\/talkpal.ai\/spanish-grammar\/\">gram\u00e1tica espa\u00f1ola<\/a>. Analizaremos c\u00f3mo formar oraciones negativas correctamente, las diferencias entre la <a href=\"https:\/\/talkpal.ai\/zh-hans\/grammar_exercises\/negacion-%e8%a5%bf%e7%8f%ad%e7%89%99%e8%af%ad%e6%b3%95%e7%bb%83%e4%b9%a0\/\">negaci\u00f3n<\/a> simple y la negaci\u00f3n doble, y c\u00f3mo utilizar adecuadamente las palabras negativas en la estructura de las oraciones.<\/p>\n\n\n\n<h2 class=\"wp-block-heading\">La negaci\u00f3n simple en las oraciones negativas<\/h2>\n\n\n\n<p>La negaci\u00f3n simple en <a href=\"https:\/\/talkpal.ai\/es\/locations\/aprende-espanol-leyendo\/\">espa\u00f1ol<\/a> se forma utilizando la palabra \u00abno\u00bb antes del verbo. A continuaci\u00f3n, presentamos algunos ejemplos de oraciones negativas simples:<\/p>\n\n\n\n<ul class=\"wp-block-list\">\n<li>No quiero ir al cine.<\/li>\n\n\n\n<li>No estudiamos para el examen.<\/li>\n\n\n\n<li>No hablamos <a href=\"https:\/\/talkpal.ai\/es\/locations\/aprende-ingles-en-orange\/\">ingl\u00e9s<\/a>.<\/li>\n<\/ul>\n\n\n\n<h3 class=\"wp-block-heading\">Reglas para la negaci\u00f3n simple<\/h3>\n\n\n\n<ol class=\"wp-block-list\">\n<li>La palabra \u00abno\u00bb siempre precede al verbo conjugado en la oraci\u00f3n negativa.<\/li>\n\n\n\n<li>Cuando se utiliza un verbo auxiliar, \u00abno\u00bb precede al auxiliar y no al verbo principal.<\/li>\n\n\n\n<li>Si hay un pronombre de objeto directo o indirecto en la oraci\u00f3n, \u00abno\u00bb precede al pronombre.<\/li>\n<\/ol>\n\n\n\n<h2 class=\"wp-block-heading\">La negaci\u00f3n doble en las oraciones negativas<\/h2>\n\n\n\n<p>En espa\u00f1ol, es com\u00fan utilizar la negaci\u00f3n doble para enfatizar la negaci\u00f3n. Esto se logra mediante el uso de palabras negativas adicionales en la oraci\u00f3n, <a href=\"https:\/\/talkpal.ai\/locations\/language-courses-in-como\/\">como<\/a> \u00abnadie\u00bb, \u00abnada\u00bb, \u00abninguno\u00bb o \u00abnunca\u00bb. Estas palabras generalmente siguen al verbo y se utilizan junto con la palabra \u00abno\u00bb. Aqu\u00ed hay algunos ejemplos de oraciones negativas dobles:<\/p>\n\n\n\n<ul class=\"wp-block-list\">\n<li>No vi a nadie en la fiesta.<\/li>\n\n\n\n<li>No comimos nada en todo el d\u00eda.<\/li>\n\n\n\n<li>No tengo ning\u00fan problema con eso.<\/li>\n<\/ul>\n\n\n\n<h3 class=\"wp-block-heading\">Reglas para la negaci\u00f3n doble<\/h3>\n\n\n\n<ol class=\"wp-block-list\">\n<li>La palabra \u00abno\u00bb precede al verbo conjugado en la oraci\u00f3n negativa doble.<\/li>\n\n\n\n<li>La segunda palabra negativa sigue al verbo.<\/li>\n\n\n\n<li>Si hay un pronombre de objeto directo o indirecto en la oraci\u00f3n, la segunda palabra negativa sigue al pronombre.<\/li>\n<\/ol>\n\n\n\n<h2 class=\"wp-block-heading\">Uso de palabras negativas en oraciones negativas<\/h2>\n\n\n\n<p>A continuaci\u00f3n, se detallan algunas de las palabras negativas m\u00e1s comunes en espa\u00f1ol y c\u00f3mo se utilizan en las oraciones negativas.<\/p>\n\n\n\n<h3 class=\"wp-block-heading\">Nadie<\/h3>\n\n\n\n<p>\u00abNadie\u00bb se utiliza para negar la presencia de cualquier persona. Por ejemplo:<\/p>\n\n\n\n<ul class=\"wp-block-list\">\n<li>No conocemos a nadie en esta ciudad.<\/li>\n\n\n\n<li>Nadie sabe la respuesta.<\/li>\n<\/ul>\n\n\n\n<h3 class=\"wp-block-heading\">Nada<\/h3>\n\n\n\n<p>\u00abNada\u00bb se emplea para negar la existencia de cualquier cosa. Por ejemplo:<\/p>\n\n\n\n<ul class=\"wp-block-list\">\n<li>No quiero nada de la tienda.<\/li>\n\n\n\n<li>Nada es imposible si te lo propones.<\/li>\n<\/ul>\n\n\n\n<h3 class=\"wp-block-heading\">Ninguno\/ninguna<\/h3>\n\n\n\n<p>\u00abNinguno\u00bb y \u00abninguna\u00bb se utilizan para negar la presencia o existencia de algo o alguien en un grupo. Por ejemplo:<\/p>\n\n\n\n<ul class=\"wp-block-list\">\n<li>No tengo ninguna duda al respecto.<\/li>\n\n\n\n<li>No hay ninguno que me guste.<\/li>\n<\/ul>\n\n\n\n<h3 class=\"wp-block-heading\">Nunca\/jam\u00e1s<\/h3>\n\n\n\n<p>\u00abNunca\u00bb y \u00abjam\u00e1s\u00bb se usan para negar una acci\u00f3n en cualquier momento del pasado, <a href=\"https:\/\/talkpal.ai\/zh-hans\/grammar_exercises\/presente-%e8%a5%bf%e7%8f%ad%e7%89%99%e8%af%ad%e6%b3%95%e7%bb%83%e4%b9%a0\/\">presente<\/a> o <a href=\"https:\/\/talkpal.ai\/ja\/grammar_exercises\/futuro-%e3%82%b9%e3%83%9a%e3%82%a4%e3%83%b3%e8%aa%9e%e3%81%ae%e6%96%87%e6%b3%95%e3%81%ae%e6%bc%94%e7%bf%92\/\">futuro<\/a>. Por ejemplo:<\/p>\n\n\n\n<ul class=\"wp-block-list\">\n<li>No he estado nunca en M\u00e9xico.<\/li>\n\n\n\n<li>Jam\u00e1s olvidar\u00e9 ese momento.<\/li>\n<\/ul>\n\n\n\n<h2 class=\"wp-block-heading\">Expresiones negativas<\/h2>\n\n\n\n<p>Adem\u00e1s de las palabras negativas mencionadas anteriormente, hay algunas expresiones negativas comunes en espa\u00f1ol que tambi\u00e9n se utilizan en oraciones negativas, como \u00abni\u00bb, \u00abnada de\u00bb, \u00abni siquiera\u00bb y \u00abni mucho menos\u00bb. Veamos algunos ejemplos:<\/p>\n\n\n\n<ul class=\"wp-block-list\">\n<li>No quiero ni pensar en ello.<\/li>\n\n\n\n<li>No hay nada de malo en pedir ayuda.<\/li>\n\n\n\n<li>No entiendo ni siquiera la primera pregunta.<\/li>\n\n\n\n<li>No solo no me gusta, ni mucho menos lo quiero.<\/li>\n<\/ul>\n\n\n\n<p>En resumen, las oraciones negativas en espa\u00f1ol pueden ser simples o dobles, y se forman utilizando la palabra \u00abno\u00bb antes del verbo, junto con otras palabras negativas dependiendo del \u00e9nfasis deseado. El uso correcto de las oraciones negativas es fundamental para dominar la gram\u00e1tica espa\u00f1ola y lograr una comunicaci\u00f3n efectiva en este idioma.<\/p>\n","protected":false},"featured_media":1527896,"template":"","language":[323,334],"class_list":["post-5651","grammar","type-grammar","status-publish","has-post-thumbnail","hentry","language-espanol","language-estructura-de-la-oracion-es-2"],"acf":[],"yoast_head":"<!-- This site is optimized with the Yoast SEO Premium plugin v27.2 (Yoast SEO v27.2) - https:\/\/yoast.com\/product\/yoast-seo-premium-wordpress\/ -->\n<title>Dominando las oraciones negativas en la gram\u00e1tica espa\u00f1ola - Talkpal<\/title>\n<meta name=\"description\" content=\"En este art\u00edculo, profundizaremos en el tema de las oraciones negativas en la gram\u00e1tica espa\u00f1ola. Analizaremos c\u00f3mo formar oraciones negativas\" \/>\n<meta name=\"robots\" content=\"index, follow, max-snippet:-1, max-image-preview:large, max-video-preview:-1\" \/>\n<link rel=\"canonical\" href=\"https:\/\/talkpal.ai\/es\/grammar\/dominando-las-oraciones-negativas-en-la-gramatica-espanola\/\" \/>\n<meta property=\"og:locale\" content=\"es_ES\" \/>\n<meta property=\"og:type\" content=\"article\" \/>\n<meta property=\"og:title\" content=\"Dominando las oraciones negativas en la gram\u00e1tica espa\u00f1ola\" \/>\n<meta property=\"og:description\" content=\"En este art\u00edculo, profundizaremos en el tema de las oraciones negativas en la gram\u00e1tica espa\u00f1ola. Analizaremos c\u00f3mo formar oraciones negativas\" \/>\n<meta property=\"og:url\" content=\"https:\/\/talkpal.ai\/es\/grammar\/dominando-las-oraciones-negativas-en-la-gramatica-espanola\/\" \/>\n<meta property=\"og:site_name\" content=\"Talkpal\" \/>\n<meta property=\"article:publisher\" content=\"https:\/\/www.facebook.com\/profile.php?id=100090733639311\" \/>\n<meta property=\"article:modified_time\" content=\"2023-04-22T14:14:41+00:00\" \/>\n<meta property=\"og:image\" content=\"https:\/\/talkpal.ai\/wp-content\/uploads\/2023\/04\/TalkPal-Illustration-of-students-studying-grammar-lessons-57.png\" \/>\n\t<meta property=\"og:image:width\" content=\"1456\" \/>\n\t<meta property=\"og:image:height\" content=\"816\" \/>\n\t<meta property=\"og:image:type\" content=\"image\/png\" \/>\n<meta name=\"twitter:card\" content=\"summary_large_image\" \/>\n<meta name=\"twitter:site\" content=\"@talkpalai\" \/>\n<meta name=\"twitter:label1\" content=\"Tiempo de lectura\" \/>\n\t<meta name=\"twitter:data1\" content=\"3 minutos\" \/>\n<script type=\"application\/ld+json\" class=\"yoast-schema-graph\">{\"@context\":\"https:\/\/schema.org\",\"@graph\":[{\"@type\":\"WebPage\",\"@id\":\"https:\/\/talkpal.ai\/es\/grammar\/dominando-las-oraciones-negativas-en-la-gramatica-espanola\/\",\"url\":\"https:\/\/talkpal.ai\/es\/grammar\/dominando-las-oraciones-negativas-en-la-gramatica-espanola\/\",\"name\":\"Dominando las oraciones negativas en la gram\u00e1tica espa\u00f1ola - Talkpal\",\"isPartOf\":{\"@id\":\"https:\/\/talkpal.ai\/es\/#website\"},\"primaryImageOfPage\":{\"@id\":\"https:\/\/talkpal.ai\/es\/grammar\/dominando-las-oraciones-negativas-en-la-gramatica-espanola\/#primaryimage\"},\"image\":{\"@id\":\"https:\/\/talkpal.ai\/es\/grammar\/dominando-las-oraciones-negativas-en-la-gramatica-espanola\/#primaryimage\"},\"thumbnailUrl\":\"https:\/\/talkpal.ai\/wp-content\/uploads\/2025\/12\/student-is-learning-languages-in-classroom.webp\",\"datePublished\":\"2023-03-31T10:58:18+00:00\",\"dateModified\":\"2023-04-22T14:14:41+00:00\",\"description\":\"En este art\u00edculo, profundizaremos en el tema de las oraciones negativas en la gram\u00e1tica espa\u00f1ola. Analizaremos c\u00f3mo formar oraciones negativas\",\"breadcrumb\":{\"@id\":\"https:\/\/talkpal.ai\/es\/grammar\/dominando-las-oraciones-negativas-en-la-gramatica-espanola\/#breadcrumb\"},\"inLanguage\":\"es\",\"potentialAction\":[{\"@type\":\"ReadAction\",\"target\":[\"https:\/\/talkpal.ai\/es\/grammar\/dominando-las-oraciones-negativas-en-la-gramatica-espanola\/\"]}]},{\"@type\":\"ImageObject\",\"inLanguage\":\"es\",\"@id\":\"https:\/\/talkpal.ai\/es\/grammar\/dominando-las-oraciones-negativas-en-la-gramatica-espanola\/#primaryimage\",\"url\":\"https:\/\/talkpal.ai\/wp-content\/uploads\/2025\/12\/student-is-learning-languages-in-classroom.webp\",\"contentUrl\":\"https:\/\/talkpal.ai\/wp-content\/uploads\/2025\/12\/student-is-learning-languages-in-classroom.webp\",\"width\":1200,\"height\":896,\"caption\":\"A student with curly hair takes notes while learning languages in a large, sunny classroom.\"},{\"@type\":\"BreadcrumbList\",\"@id\":\"https:\/\/talkpal.ai\/es\/grammar\/dominando-las-oraciones-negativas-en-la-gramatica-espanola\/#breadcrumb\",\"itemListElement\":[{\"@type\":\"ListItem\",\"position\":1,\"name\":\"Homepage\",\"item\":\"https:\/\/talkpal.ai\/es\/\"},{\"@type\":\"ListItem\",\"position\":2,\"name\":\"Dominando las oraciones negativas en la gram\u00e1tica espa\u00f1ola\"}]},{\"@type\":\"WebSite\",\"@id\":\"https:\/\/talkpal.ai\/es\/#website\",\"url\":\"https:\/\/talkpal.ai\/es\/\",\"name\":\"Talkpal\",\"description\":\"AI Language Learning\",\"publisher\":{\"@id\":\"https:\/\/talkpal.ai\/es\/#organization\"},\"alternateName\":\"Talkpal AI\",\"potentialAction\":[{\"@type\":\"SearchAction\",\"target\":{\"@type\":\"EntryPoint\",\"urlTemplate\":\"https:\/\/talkpal.ai\/es\/?s={search_term_string}\"},\"query-input\":{\"@type\":\"PropertyValueSpecification\",\"valueRequired\":true,\"valueName\":\"search_term_string\"}}],\"inLanguage\":\"es\"},{\"@type\":\"Organization\",\"@id\":\"https:\/\/talkpal.ai\/es\/#organization\",\"name\":\"Talkpal, Inc.\",\"alternateName\":\"Talkpal AI\",\"url\":\"https:\/\/talkpal.ai\/es\/\",\"logo\":{\"@type\":\"ImageObject\",\"inLanguage\":\"es\",\"@id\":\"https:\/\/talkpal.ai\/es\/#\/schema\/logo\/image\/\",\"url\":\"https:\/\/talkpal.ai\/wp-content\/uploads\/2024\/03\/Talkpal-Logo-Icon.png\",\"contentUrl\":\"https:\/\/talkpal.ai\/wp-content\/uploads\/2024\/03\/Talkpal-Logo-Icon.png\",\"width\":2880,\"height\":2880,\"caption\":\"Talkpal, Inc.\"},\"image\":{\"@id\":\"https:\/\/talkpal.ai\/es\/#\/schema\/logo\/image\/\"},\"sameAs\":[\"https:\/\/www.facebook.com\/profile.php?id=100090733639311\",\"https:\/\/x.com\/talkpalai\",\"https:\/\/www.linkedin.com\/company\/talkpal\/\",\"https:\/\/www.youtube.com\/@TalkPal\/\",\"https:\/\/www.tiktok.com\/@talkpal\",\"https:\/\/www.instagram.com\/talkpal_ai\/\",\"https:\/\/www.crunchbase.com\/organization\/talkpal-9cde\",\"https:\/\/www.g2.com\/products\/talkpal-for-business\/\",\"https:\/\/www.trustpilot.com\/review\/talkpal.ai\",\"https:\/\/www.capterra.com\/p\/10006800\/TalkPal\/\"],\"description\":\"Talkpal is a language learning web and mobile education app, powered by the latest AI technologies, that provides engaging experiences to its customers in many different languages to help them improve their language skills. Users can chat about unlimited amount of topics with the app and use other modes to practice their language learning.\",\"email\":\"support@talkpal.ai\",\"legalName\":\"Talkpal, Inc.\",\"foundingDate\":\"2023-04-03\",\"duns\":\"118989042\",\"numberOfEmployees\":{\"@type\":\"QuantitativeValue\",\"minValue\":\"11\",\"maxValue\":\"50\"},\"publishingPrinciples\":\"https:\/\/talkpal.ai\/publishing-principles\/\",\"actionableFeedbackPolicy\":\"https:\/\/talkpal.ai\/actionable-feedback-policy\/\",\"correctionsPolicy\":\"https:\/\/talkpal.ai\/corrections-policy\/\",\"ethicsPolicy\":\"https:\/\/talkpal.ai\/ethics-policy\/\",\"diversityPolicy\":\"https:\/\/talkpal.ai\/diversity-policy\/\",\"diversityStaffingReport\":\"https:\/\/talkpal.ai\/diversity-policy\/\"}]}<\/script>\n<!-- \/ Yoast SEO Premium plugin. -->","yoast_head_json":{"title":"Dominando las oraciones negativas en la gram\u00e1tica espa\u00f1ola - Talkpal","description":"En este art\u00edculo, profundizaremos en el tema de las oraciones negativas en la gram\u00e1tica espa\u00f1ola. Analizaremos c\u00f3mo formar oraciones negativas","robots":{"index":"index","follow":"follow","max-snippet":"max-snippet:-1","max-image-preview":"max-image-preview:large","max-video-preview":"max-video-preview:-1"},"canonical":"https:\/\/talkpal.ai\/es\/grammar\/dominando-las-oraciones-negativas-en-la-gramatica-espanola\/","og_locale":"es_ES","og_type":"article","og_title":"Dominando las oraciones negativas en la gram\u00e1tica espa\u00f1ola","og_description":"En este art\u00edculo, profundizaremos en el tema de las oraciones negativas en la gram\u00e1tica espa\u00f1ola. Analizaremos c\u00f3mo formar oraciones negativas","og_url":"https:\/\/talkpal.ai\/es\/grammar\/dominando-las-oraciones-negativas-en-la-gramatica-espanola\/","og_site_name":"Talkpal","article_publisher":"https:\/\/www.facebook.com\/profile.php?id=100090733639311","article_modified_time":"2023-04-22T14:14:41+00:00","og_image":[{"width":1456,"height":816,"url":"https:\/\/talkpal.ai\/wp-content\/uploads\/2023\/04\/TalkPal-Illustration-of-students-studying-grammar-lessons-57.png","type":"image\/png"}],"twitter_card":"summary_large_image","twitter_site":"@talkpalai","twitter_misc":{"Tiempo de lectura":"3 minutos"},"schema":{"@context":"https:\/\/schema.org","@graph":[{"@type":"WebPage","@id":"https:\/\/talkpal.ai\/es\/grammar\/dominando-las-oraciones-negativas-en-la-gramatica-espanola\/","url":"https:\/\/talkpal.ai\/es\/grammar\/dominando-las-oraciones-negativas-en-la-gramatica-espanola\/","name":"Dominando las oraciones negativas en la gram\u00e1tica espa\u00f1ola - Talkpal","isPartOf":{"@id":"https:\/\/talkpal.ai\/es\/#website"},"primaryImageOfPage":{"@id":"https:\/\/talkpal.ai\/es\/grammar\/dominando-las-oraciones-negativas-en-la-gramatica-espanola\/#primaryimage"},"image":{"@id":"https:\/\/talkpal.ai\/es\/grammar\/dominando-las-oraciones-negativas-en-la-gramatica-espanola\/#primaryimage"},"thumbnailUrl":"https:\/\/talkpal.ai\/wp-content\/uploads\/2025\/12\/student-is-learning-languages-in-classroom.webp","datePublished":"2023-03-31T10:58:18+00:00","dateModified":"2023-04-22T14:14:41+00:00","description":"En este art\u00edculo, profundizaremos en el tema de las oraciones negativas en la gram\u00e1tica espa\u00f1ola. Analizaremos c\u00f3mo formar oraciones negativas","breadcrumb":{"@id":"https:\/\/talkpal.ai\/es\/grammar\/dominando-las-oraciones-negativas-en-la-gramatica-espanola\/#breadcrumb"},"inLanguage":"es","potentialAction":[{"@type":"ReadAction","target":["https:\/\/talkpal.ai\/es\/grammar\/dominando-las-oraciones-negativas-en-la-gramatica-espanola\/"]}]},{"@type":"ImageObject","inLanguage":"es","@id":"https:\/\/talkpal.ai\/es\/grammar\/dominando-las-oraciones-negativas-en-la-gramatica-espanola\/#primaryimage","url":"https:\/\/talkpal.ai\/wp-content\/uploads\/2025\/12\/student-is-learning-languages-in-classroom.webp","contentUrl":"https:\/\/talkpal.ai\/wp-content\/uploads\/2025\/12\/student-is-learning-languages-in-classroom.webp","width":1200,"height":896,"caption":"A student with curly hair takes notes while learning languages in a large, sunny classroom."},{"@type":"BreadcrumbList","@id":"https:\/\/talkpal.ai\/es\/grammar\/dominando-las-oraciones-negativas-en-la-gramatica-espanola\/#breadcrumb","itemListElement":[{"@type":"ListItem","position":1,"name":"Homepage","item":"https:\/\/talkpal.ai\/es\/"},{"@type":"ListItem","position":2,"name":"Dominando las oraciones negativas en la gram\u00e1tica espa\u00f1ola"}]},{"@type":"WebSite","@id":"https:\/\/talkpal.ai\/es\/#website","url":"https:\/\/talkpal.ai\/es\/","name":"Talkpal","description":"AI Language Learning","publisher":{"@id":"https:\/\/talkpal.ai\/es\/#organization"},"alternateName":"Talkpal AI","potentialAction":[{"@type":"SearchAction","target":{"@type":"EntryPoint","urlTemplate":"https:\/\/talkpal.ai\/es\/?s={search_term_string}"},"query-input":{"@type":"PropertyValueSpecification","valueRequired":true,"valueName":"search_term_string"}}],"inLanguage":"es"},{"@type":"Organization","@id":"https:\/\/talkpal.ai\/es\/#organization","name":"Talkpal, Inc.","alternateName":"Talkpal AI","url":"https:\/\/talkpal.ai\/es\/","logo":{"@type":"ImageObject","inLanguage":"es","@id":"https:\/\/talkpal.ai\/es\/#\/schema\/logo\/image\/","url":"https:\/\/talkpal.ai\/wp-content\/uploads\/2024\/03\/Talkpal-Logo-Icon.png","contentUrl":"https:\/\/talkpal.ai\/wp-content\/uploads\/2024\/03\/Talkpal-Logo-Icon.png","width":2880,"height":2880,"caption":"Talkpal, Inc."},"image":{"@id":"https:\/\/talkpal.ai\/es\/#\/schema\/logo\/image\/"},"sameAs":["https:\/\/www.facebook.com\/profile.php?id=100090733639311","https:\/\/x.com\/talkpalai","https:\/\/www.linkedin.com\/company\/talkpal\/","https:\/\/www.youtube.com\/@TalkPal\/","https:\/\/www.tiktok.com\/@talkpal","https:\/\/www.instagram.com\/talkpal_ai\/","https:\/\/www.crunchbase.com\/organization\/talkpal-9cde","https:\/\/www.g2.com\/products\/talkpal-for-business\/","https:\/\/www.trustpilot.com\/review\/talkpal.ai","https:\/\/www.capterra.com\/p\/10006800\/TalkPal\/"],"description":"Talkpal is a language learning web and mobile education app, powered by the latest AI technologies, that provides engaging experiences to its customers in many different languages to help them improve their language skills. Users can chat about unlimited amount of topics with the app and use other modes to practice their language learning.","email":"support@talkpal.ai","legalName":"Talkpal, Inc.","foundingDate":"2023-04-03","duns":"118989042","numberOfEmployees":{"@type":"QuantitativeValue","minValue":"11","maxValue":"50"},"publishingPrinciples":"https:\/\/talkpal.ai\/publishing-principles\/","actionableFeedbackPolicy":"https:\/\/talkpal.ai\/actionable-feedback-policy\/","correctionsPolicy":"https:\/\/talkpal.ai\/corrections-policy\/","ethicsPolicy":"https:\/\/talkpal.ai\/ethics-policy\/","diversityPolicy":"https:\/\/talkpal.ai\/diversity-policy\/","diversityStaffingReport":"https:\/\/talkpal.ai\/diversity-policy\/"}]}},"_links":{"self":[{"href":"https:\/\/talkpal.ai\/es\/wp-json\/wp\/v2\/grammar\/5651","targetHints":{"allow":["GET"]}}],"collection":[{"href":"https:\/\/talkpal.ai\/es\/wp-json\/wp\/v2\/grammar"}],"about":[{"href":"https:\/\/talkpal.ai\/es\/wp-json\/wp\/v2\/types\/grammar"}],"wp:featuredmedia":[{"embeddable":true,"href":"https:\/\/talkpal.ai\/es\/wp-json\/wp\/v2\/media\/1527896"}],"wp:attachment":[{"href":"https:\/\/talkpal.ai\/es\/wp-json\/wp\/v2\/media?parent=5651"}],"wp:term":[{"taxonomy":"language","embeddable":true,"href":"https:\/\/talkpal.ai\/es\/wp-json\/wp\/v2\/language?post=5651"}],"curies":[{"name":"wp","href":"https:\/\/api.w.org\/{rel}","templated":true}]}}