{"id":5646,"date":"2023-03-31T10:48:57","date_gmt":"2023-03-31T10:48:57","guid":{"rendered":"http:\/\/talkpal.ai\/?post_type=grammar&#038;p=5646"},"modified":"2023-04-22T14:14:44","modified_gmt":"2023-04-22T14:14:44","slug":"los-grados-del-adverbio-en-la-gramatica-espanola","status":"publish","type":"grammar","link":"https:\/\/talkpal.ai\/es\/grammar\/los-grados-del-adverbio-en-la-gramatica-espanola\/","title":{"rendered":"Los Grados del Adverbio en la Gram\u00e1tica Espa\u00f1ola"},"content":{"rendered":"\n<h2 class=\"wp-block-heading\">Introducci\u00f3n a los grados del adverbio<\/h2>\n\n\n\n<p>En la <a href=\"https:\/\/talkpal.ai\/spanish-grammar\/\">gram\u00e1tica espa\u00f1ola<\/a>, los adverbios son palabras que modifican o complementan a un verbo, un adjetivo u otro adverbio. Los grados del adverbio <a href=\"https:\/\/talkpal.ai\/locations\/language-courses-in-tienen\/\">tienen<\/a> <a href=\"https:\/\/talkpal.ai\/locations\/language-courses-in-como\/\">como<\/a> funci\u00f3n expresar la intensidad o grado de la acci\u00f3n, cualidad o circunstancia que est\u00e1n modificando. En este art\u00edculo, profundizaremos en los diferentes grados del adverbio en <a href=\"https:\/\/talkpal.ai\/es\/locations\/aprende-espanol-leyendo\/\">espa\u00f1ol<\/a> y c\u00f3mo utilizarlos correctamente.<\/p>\n\n\n\n<h2 class=\"wp-block-heading\">Clasificaci\u00f3n de los grados del adverbio<\/h2>\n\n\n\n<p>Los adverbios en espa\u00f1ol se clasifican en tres grados: positivo, <a href=\"https:\/\/talkpal.ai\/es\/comparativo-y-superlativo-en-ingles-guia-facil-y-rapida\/\">comparativo y superlativo<\/a>. A continuaci\u00f3n, analizaremos cada uno de estos grados.<\/p>\n\n\n\n<h3 class=\"wp-block-heading\">Grado positivo<\/h3>\n\n\n\n<p>El grado positivo es la forma b\u00e1sica del adverbio y no establece comparaciones. Simplemente expresa una acci\u00f3n, cualidad o circunstancia de manera neutral. Ejemplos de adverbios en grado positivo son: r\u00e1pido, lentamente, cerca, lejos, mucho, poco, siempre, nunca.<\/p>\n\n\n\n<p><strong>Ejemplo:<\/strong><\/p>\n\n\n\n<ul class=\"wp-block-list\">\n<li>Juan estudia <em>eficientemente<\/em>.<\/li>\n<\/ul>\n\n\n\n<h3 class=\"wp-block-heading\">Grado comparativo<\/h3>\n\n\n\n<p>El grado <a href=\"https:\/\/talkpal.ai\/zh-hans\/grammar_exercises\/comparativo-%e8%a5%bf%e7%8f%ad%e7%89%99%e8%af%ad%e6%b3%95%e7%bb%83%e4%b9%a0\/\">comparativo<\/a> se utiliza para comparar la intensidad de una acci\u00f3n, cualidad o circunstancia entre dos elementos. En espa\u00f1ol, podemos distinguir dos tipos de comparativo: comparativo de igualdad y comparativo de desigualdad.<\/p>\n\n\n\n<h4 class=\"wp-block-heading\">Comparativo de igualdad<\/h4>\n\n\n\n<p>El comparativo de igualdad se forma utilizando la estructura \u00abtan + adverbio + como\u00bb y se emplea para indicar que la intensidad de la acci\u00f3n, cualidad o circunstancia es la misma en ambos elementos comparados.<\/p>\n\n\n\n<p><strong>Ejemplo:<\/strong><\/p>\n\n\n\n<ul class=\"wp-block-list\">\n<li>Mar\u00eda trabaja <em>tan r\u00e1pido como<\/em> Pedro.<\/li>\n<\/ul>\n\n\n\n<h4 class=\"wp-block-heading\">Comparativo de desigualdad<\/h4>\n\n\n\n<p>El comparativo de desigualdad se forma utilizando la estructura \u00abm\u00e1s\/menos + adverbio + que\u00bb y se emplea para indicar que la intensidad de la acci\u00f3n, cualidad o circunstancia es diferente entre los elementos comparados.<\/p>\n\n\n\n<p><strong>Ejemplos:<\/strong><\/p>\n\n\n\n<ul class=\"wp-block-list\">\n<li>Luisa habla <em>m\u00e1s claramente que<\/em> Sof\u00eda.<\/li>\n\n\n\n<li>Ra\u00fal corre <em>menos r\u00e1pidamente que<\/em> Carlos.<\/li>\n<\/ul>\n\n\n\n<h3 class=\"wp-block-heading\">Grado superlativo<\/h3>\n\n\n\n<p>El grado superlativo se utiliza para expresar la intensidad m\u00e1xima de una acci\u00f3n, cualidad o circunstancia. En espa\u00f1ol, podemos distinguir dos tipos de superlativo: superlativo relativo y superlativo absoluto.<\/p>\n\n\n\n<h4 class=\"wp-block-heading\">Superlativo relativo<\/h4>\n\n\n\n<p>El superlativo relativo se forma utilizando la estructura \u00abel\/la\/los\/las + m\u00e1s\/menos + adverbio + de\u00bb y se emplea para indicar que la intensidad de la acci\u00f3n, cualidad o circunstancia es la mayor o menor en un grupo espec\u00edfico.<\/p>\n\n\n\n<p><strong>Ejemplos:<\/strong><\/p>\n\n\n\n<ul class=\"wp-block-list\">\n<li>Marta es la que escribe <em>m\u00e1s r\u00e1pidamente de<\/em> todos los <a href=\"https:\/\/talkpal.ai\/talkpal-discount-for-students\/\">estudiantes<\/a>.<\/li>\n\n\n\n<li>Este es el libro que explica las cosas <em>menos claramente de<\/em> todos los que he le\u00eddo.<\/li>\n<\/ul>\n\n\n\n<h4 class=\"wp-block-heading\">Superlativo absoluto<\/h4>\n\n\n\n<p>El superlativo absoluto se forma a\u00f1adiendo el sufijo \u00ab-\u00edsimo\u00bb al adverbio en su forma positiva o utilizando la palabra \u00abmuy\u00bb delante del adverbio. Expresa la intensidad m\u00e1xima de una acci\u00f3n, cualidad o circunstancia sin establecer comparaciones.<\/p>\n\n\n\n<p><strong>Ejemplos:<\/strong><\/p>\n\n\n\n<ul class=\"wp-block-list\">\n<li>La pel\u00edcula es <em>aburrid\u00edsima<\/em>.<\/li>\n\n\n\n<li>El tren avanza <em>muy lentamente<\/em>.<\/li>\n<\/ul>\n\n\n\n<h2 class=\"wp-block-heading\">Consejos para el uso correcto de los grados del adverbio<\/h2>\n\n\n\n<ol class=\"wp-block-list\">\n<li>Al utilizar el comparativo de igualdad, recuerda que debes emplear la estructura \u00abtan + adverbio + como\u00bb.<\/li>\n\n\n\n<li>Cuando uses el comparativo de desigualdad, aseg\u00farate de emplear la estructura \u00abm\u00e1s\/menos + adverbio + que\u00bb.<\/li>\n\n\n\n<li>Para formar el superlativo relativo, utiliza la estructura \u00abel\/la\/los\/las + m\u00e1s\/menos + adverbio + de\u00bb.<\/li>\n\n\n\n<li>Cuando quieras expresar un superlativo absoluto, puedes a\u00f1adir el sufijo \u00ab-\u00edsimo\u00bb al adverbio en su forma positiva o utilizar la palabra \u00abmuy\u00bb delante del adverbio.<\/li>\n<\/ol>\n\n\n\n<h2 class=\"wp-block-heading\">Conclusi\u00f3n<\/h2>\n\n\n\n<p>Dominar los grados del adverbio en espa\u00f1ol es fundamental para expresar con precisi\u00f3n la intensidad de las acciones, cualidades y circunstancias. Aseg\u00farate de comprender y practicar cada uno de los grados del adverbio y sus respectivas estructuras para enriquecer tu comunicaci\u00f3n en espa\u00f1ol.<\/p>\n","protected":false},"featured_media":1527999,"template":"","language":[332,323],"class_list":["post-5646","grammar","type-grammar","status-publish","has-post-thumbnail","hentry","language-adverbios-es-3","language-espanol"],"acf":[],"yoast_head":"<!-- This site is optimized with the Yoast SEO Premium plugin v27.2 (Yoast SEO v27.2) - https:\/\/yoast.com\/product\/yoast-seo-premium-wordpress\/ -->\n<title>Los Grados del Adverbio en la Gram\u00e1tica Espa\u00f1ola - Talkpal<\/title>\n<meta name=\"description\" content=\"Introducci\u00f3n a los grados del adverbio En la gram\u00e1tica espa\u00f1ola, los adverbios son palabras que modifican o complementan a un verbo, un adjetivo u otro\" \/>\n<meta name=\"robots\" content=\"index, follow, max-snippet:-1, max-image-preview:large, max-video-preview:-1\" \/>\n<link rel=\"canonical\" href=\"https:\/\/talkpal.ai\/es\/grammar\/los-grados-del-adverbio-en-la-gramatica-espanola\/\" \/>\n<meta property=\"og:locale\" content=\"es_ES\" \/>\n<meta property=\"og:type\" content=\"article\" \/>\n<meta property=\"og:title\" content=\"Los Grados del Adverbio en la Gram\u00e1tica Espa\u00f1ola\" \/>\n<meta property=\"og:description\" content=\"Introducci\u00f3n a los grados del adverbio En la gram\u00e1tica espa\u00f1ola, los adverbios son palabras que modifican o complementan a un verbo, un adjetivo u otro\" \/>\n<meta property=\"og:url\" content=\"https:\/\/talkpal.ai\/es\/grammar\/los-grados-del-adverbio-en-la-gramatica-espanola\/\" \/>\n<meta property=\"og:site_name\" content=\"Talkpal\" \/>\n<meta property=\"article:publisher\" content=\"https:\/\/www.facebook.com\/profile.php?id=100090733639311\" \/>\n<meta property=\"article:modified_time\" content=\"2023-04-22T14:14:44+00:00\" \/>\n<meta property=\"og:image\" content=\"https:\/\/talkpal.ai\/wp-content\/uploads\/2023\/04\/TalkPal-Illustration-of-students-studying-grammar-lessons-57.png\" \/>\n\t<meta property=\"og:image:width\" content=\"1456\" \/>\n\t<meta property=\"og:image:height\" content=\"816\" \/>\n\t<meta property=\"og:image:type\" content=\"image\/png\" \/>\n<meta name=\"twitter:card\" content=\"summary_large_image\" \/>\n<meta name=\"twitter:site\" content=\"@talkpalai\" \/>\n<meta name=\"twitter:label1\" content=\"Tiempo de lectura\" \/>\n\t<meta name=\"twitter:data1\" content=\"3 minutos\" \/>\n<script type=\"application\/ld+json\" class=\"yoast-schema-graph\">{\"@context\":\"https:\/\/schema.org\",\"@graph\":[{\"@type\":\"WebPage\",\"@id\":\"https:\/\/talkpal.ai\/es\/grammar\/los-grados-del-adverbio-en-la-gramatica-espanola\/\",\"url\":\"https:\/\/talkpal.ai\/es\/grammar\/los-grados-del-adverbio-en-la-gramatica-espanola\/\",\"name\":\"Los Grados del Adverbio en la Gram\u00e1tica Espa\u00f1ola - Talkpal\",\"isPartOf\":{\"@id\":\"https:\/\/talkpal.ai\/es\/#website\"},\"primaryImageOfPage\":{\"@id\":\"https:\/\/talkpal.ai\/es\/grammar\/los-grados-del-adverbio-en-la-gramatica-espanola\/#primaryimage\"},\"image\":{\"@id\":\"https:\/\/talkpal.ai\/es\/grammar\/los-grados-del-adverbio-en-la-gramatica-espanola\/#primaryimage\"},\"thumbnailUrl\":\"https:\/\/talkpal.ai\/wp-content\/uploads\/2025\/12\/students-view-handouts-learning-languages.webp\",\"datePublished\":\"2023-03-31T10:48:57+00:00\",\"dateModified\":\"2023-04-22T14:14:44+00:00\",\"description\":\"Introducci\u00f3n a los grados del adverbio En la gram\u00e1tica espa\u00f1ola, los adverbios son palabras que modifican o complementan a un verbo, un adjetivo u otro\",\"breadcrumb\":{\"@id\":\"https:\/\/talkpal.ai\/es\/grammar\/los-grados-del-adverbio-en-la-gramatica-espanola\/#breadcrumb\"},\"inLanguage\":\"es\",\"potentialAction\":[{\"@type\":\"ReadAction\",\"target\":[\"https:\/\/talkpal.ai\/es\/grammar\/los-grados-del-adverbio-en-la-gramatica-espanola\/\"]}]},{\"@type\":\"ImageObject\",\"inLanguage\":\"es\",\"@id\":\"https:\/\/talkpal.ai\/es\/grammar\/los-grados-del-adverbio-en-la-gramatica-espanola\/#primaryimage\",\"url\":\"https:\/\/talkpal.ai\/wp-content\/uploads\/2025\/12\/students-view-handouts-learning-languages.webp\",\"contentUrl\":\"https:\/\/talkpal.ai\/wp-content\/uploads\/2025\/12\/students-view-handouts-learning-languages.webp\",\"width\":1200,\"height\":896,\"caption\":\"Three students look at printed handouts with surprise while learning languages in a library.\"},{\"@type\":\"BreadcrumbList\",\"@id\":\"https:\/\/talkpal.ai\/es\/grammar\/los-grados-del-adverbio-en-la-gramatica-espanola\/#breadcrumb\",\"itemListElement\":[{\"@type\":\"ListItem\",\"position\":1,\"name\":\"Homepage\",\"item\":\"https:\/\/talkpal.ai\/es\/\"},{\"@type\":\"ListItem\",\"position\":2,\"name\":\"Los Grados del Adverbio en la Gram\u00e1tica Espa\u00f1ola\"}]},{\"@type\":\"WebSite\",\"@id\":\"https:\/\/talkpal.ai\/es\/#website\",\"url\":\"https:\/\/talkpal.ai\/es\/\",\"name\":\"Talkpal\",\"description\":\"AI Language Learning\",\"publisher\":{\"@id\":\"https:\/\/talkpal.ai\/es\/#organization\"},\"alternateName\":\"Talkpal AI\",\"potentialAction\":[{\"@type\":\"SearchAction\",\"target\":{\"@type\":\"EntryPoint\",\"urlTemplate\":\"https:\/\/talkpal.ai\/es\/?s={search_term_string}\"},\"query-input\":{\"@type\":\"PropertyValueSpecification\",\"valueRequired\":true,\"valueName\":\"search_term_string\"}}],\"inLanguage\":\"es\"},{\"@type\":\"Organization\",\"@id\":\"https:\/\/talkpal.ai\/es\/#organization\",\"name\":\"Talkpal, Inc.\",\"alternateName\":\"Talkpal AI\",\"url\":\"https:\/\/talkpal.ai\/es\/\",\"logo\":{\"@type\":\"ImageObject\",\"inLanguage\":\"es\",\"@id\":\"https:\/\/talkpal.ai\/es\/#\/schema\/logo\/image\/\",\"url\":\"https:\/\/talkpal.ai\/wp-content\/uploads\/2024\/03\/Talkpal-Logo-Icon.png\",\"contentUrl\":\"https:\/\/talkpal.ai\/wp-content\/uploads\/2024\/03\/Talkpal-Logo-Icon.png\",\"width\":2880,\"height\":2880,\"caption\":\"Talkpal, Inc.\"},\"image\":{\"@id\":\"https:\/\/talkpal.ai\/es\/#\/schema\/logo\/image\/\"},\"sameAs\":[\"https:\/\/www.facebook.com\/profile.php?id=100090733639311\",\"https:\/\/x.com\/talkpalai\",\"https:\/\/www.linkedin.com\/company\/talkpal\/\",\"https:\/\/www.youtube.com\/@TalkPal\/\",\"https:\/\/www.tiktok.com\/@talkpal\",\"https:\/\/www.instagram.com\/talkpal_ai\/\",\"https:\/\/www.crunchbase.com\/organization\/talkpal-9cde\",\"https:\/\/www.g2.com\/products\/talkpal-for-business\/\",\"https:\/\/www.trustpilot.com\/review\/talkpal.ai\",\"https:\/\/www.capterra.com\/p\/10006800\/TalkPal\/\"],\"description\":\"Talkpal is a language learning web and mobile education app, powered by the latest AI technologies, that provides engaging experiences to its customers in many different languages to help them improve their language skills. Users can chat about unlimited amount of topics with the app and use other modes to practice their language learning.\",\"email\":\"support@talkpal.ai\",\"legalName\":\"Talkpal, Inc.\",\"foundingDate\":\"2023-04-03\",\"duns\":\"118989042\",\"numberOfEmployees\":{\"@type\":\"QuantitativeValue\",\"minValue\":\"11\",\"maxValue\":\"50\"},\"publishingPrinciples\":\"https:\/\/talkpal.ai\/publishing-principles\/\",\"actionableFeedbackPolicy\":\"https:\/\/talkpal.ai\/actionable-feedback-policy\/\",\"correctionsPolicy\":\"https:\/\/talkpal.ai\/corrections-policy\/\",\"ethicsPolicy\":\"https:\/\/talkpal.ai\/ethics-policy\/\",\"diversityPolicy\":\"https:\/\/talkpal.ai\/diversity-policy\/\",\"diversityStaffingReport\":\"https:\/\/talkpal.ai\/diversity-policy\/\"}]}<\/script>\n<!-- \/ Yoast SEO Premium plugin. -->","yoast_head_json":{"title":"Los Grados del Adverbio en la Gram\u00e1tica Espa\u00f1ola - Talkpal","description":"Introducci\u00f3n a los grados del adverbio En la gram\u00e1tica espa\u00f1ola, los adverbios son palabras que modifican o complementan a un verbo, un adjetivo u otro","robots":{"index":"index","follow":"follow","max-snippet":"max-snippet:-1","max-image-preview":"max-image-preview:large","max-video-preview":"max-video-preview:-1"},"canonical":"https:\/\/talkpal.ai\/es\/grammar\/los-grados-del-adverbio-en-la-gramatica-espanola\/","og_locale":"es_ES","og_type":"article","og_title":"Los Grados del Adverbio en la Gram\u00e1tica Espa\u00f1ola","og_description":"Introducci\u00f3n a los grados del adverbio En la gram\u00e1tica espa\u00f1ola, los adverbios son palabras que modifican o complementan a un verbo, un adjetivo u otro","og_url":"https:\/\/talkpal.ai\/es\/grammar\/los-grados-del-adverbio-en-la-gramatica-espanola\/","og_site_name":"Talkpal","article_publisher":"https:\/\/www.facebook.com\/profile.php?id=100090733639311","article_modified_time":"2023-04-22T14:14:44+00:00","og_image":[{"width":1456,"height":816,"url":"https:\/\/talkpal.ai\/wp-content\/uploads\/2023\/04\/TalkPal-Illustration-of-students-studying-grammar-lessons-57.png","type":"image\/png"}],"twitter_card":"summary_large_image","twitter_site":"@talkpalai","twitter_misc":{"Tiempo de lectura":"3 minutos"},"schema":{"@context":"https:\/\/schema.org","@graph":[{"@type":"WebPage","@id":"https:\/\/talkpal.ai\/es\/grammar\/los-grados-del-adverbio-en-la-gramatica-espanola\/","url":"https:\/\/talkpal.ai\/es\/grammar\/los-grados-del-adverbio-en-la-gramatica-espanola\/","name":"Los Grados del Adverbio en la Gram\u00e1tica Espa\u00f1ola - Talkpal","isPartOf":{"@id":"https:\/\/talkpal.ai\/es\/#website"},"primaryImageOfPage":{"@id":"https:\/\/talkpal.ai\/es\/grammar\/los-grados-del-adverbio-en-la-gramatica-espanola\/#primaryimage"},"image":{"@id":"https:\/\/talkpal.ai\/es\/grammar\/los-grados-del-adverbio-en-la-gramatica-espanola\/#primaryimage"},"thumbnailUrl":"https:\/\/talkpal.ai\/wp-content\/uploads\/2025\/12\/students-view-handouts-learning-languages.webp","datePublished":"2023-03-31T10:48:57+00:00","dateModified":"2023-04-22T14:14:44+00:00","description":"Introducci\u00f3n a los grados del adverbio En la gram\u00e1tica espa\u00f1ola, los adverbios son palabras que modifican o complementan a un verbo, un adjetivo u otro","breadcrumb":{"@id":"https:\/\/talkpal.ai\/es\/grammar\/los-grados-del-adverbio-en-la-gramatica-espanola\/#breadcrumb"},"inLanguage":"es","potentialAction":[{"@type":"ReadAction","target":["https:\/\/talkpal.ai\/es\/grammar\/los-grados-del-adverbio-en-la-gramatica-espanola\/"]}]},{"@type":"ImageObject","inLanguage":"es","@id":"https:\/\/talkpal.ai\/es\/grammar\/los-grados-del-adverbio-en-la-gramatica-espanola\/#primaryimage","url":"https:\/\/talkpal.ai\/wp-content\/uploads\/2025\/12\/students-view-handouts-learning-languages.webp","contentUrl":"https:\/\/talkpal.ai\/wp-content\/uploads\/2025\/12\/students-view-handouts-learning-languages.webp","width":1200,"height":896,"caption":"Three students look at printed handouts with surprise while learning languages in a library."},{"@type":"BreadcrumbList","@id":"https:\/\/talkpal.ai\/es\/grammar\/los-grados-del-adverbio-en-la-gramatica-espanola\/#breadcrumb","itemListElement":[{"@type":"ListItem","position":1,"name":"Homepage","item":"https:\/\/talkpal.ai\/es\/"},{"@type":"ListItem","position":2,"name":"Los Grados del Adverbio en la Gram\u00e1tica Espa\u00f1ola"}]},{"@type":"WebSite","@id":"https:\/\/talkpal.ai\/es\/#website","url":"https:\/\/talkpal.ai\/es\/","name":"Talkpal","description":"AI Language Learning","publisher":{"@id":"https:\/\/talkpal.ai\/es\/#organization"},"alternateName":"Talkpal AI","potentialAction":[{"@type":"SearchAction","target":{"@type":"EntryPoint","urlTemplate":"https:\/\/talkpal.ai\/es\/?s={search_term_string}"},"query-input":{"@type":"PropertyValueSpecification","valueRequired":true,"valueName":"search_term_string"}}],"inLanguage":"es"},{"@type":"Organization","@id":"https:\/\/talkpal.ai\/es\/#organization","name":"Talkpal, Inc.","alternateName":"Talkpal AI","url":"https:\/\/talkpal.ai\/es\/","logo":{"@type":"ImageObject","inLanguage":"es","@id":"https:\/\/talkpal.ai\/es\/#\/schema\/logo\/image\/","url":"https:\/\/talkpal.ai\/wp-content\/uploads\/2024\/03\/Talkpal-Logo-Icon.png","contentUrl":"https:\/\/talkpal.ai\/wp-content\/uploads\/2024\/03\/Talkpal-Logo-Icon.png","width":2880,"height":2880,"caption":"Talkpal, Inc."},"image":{"@id":"https:\/\/talkpal.ai\/es\/#\/schema\/logo\/image\/"},"sameAs":["https:\/\/www.facebook.com\/profile.php?id=100090733639311","https:\/\/x.com\/talkpalai","https:\/\/www.linkedin.com\/company\/talkpal\/","https:\/\/www.youtube.com\/@TalkPal\/","https:\/\/www.tiktok.com\/@talkpal","https:\/\/www.instagram.com\/talkpal_ai\/","https:\/\/www.crunchbase.com\/organization\/talkpal-9cde","https:\/\/www.g2.com\/products\/talkpal-for-business\/","https:\/\/www.trustpilot.com\/review\/talkpal.ai","https:\/\/www.capterra.com\/p\/10006800\/TalkPal\/"],"description":"Talkpal is a language learning web and mobile education app, powered by the latest AI technologies, that provides engaging experiences to its customers in many different languages to help them improve their language skills. Users can chat about unlimited amount of topics with the app and use other modes to practice their language learning.","email":"support@talkpal.ai","legalName":"Talkpal, Inc.","foundingDate":"2023-04-03","duns":"118989042","numberOfEmployees":{"@type":"QuantitativeValue","minValue":"11","maxValue":"50"},"publishingPrinciples":"https:\/\/talkpal.ai\/publishing-principles\/","actionableFeedbackPolicy":"https:\/\/talkpal.ai\/actionable-feedback-policy\/","correctionsPolicy":"https:\/\/talkpal.ai\/corrections-policy\/","ethicsPolicy":"https:\/\/talkpal.ai\/ethics-policy\/","diversityPolicy":"https:\/\/talkpal.ai\/diversity-policy\/","diversityStaffingReport":"https:\/\/talkpal.ai\/diversity-policy\/"}]}},"_links":{"self":[{"href":"https:\/\/talkpal.ai\/es\/wp-json\/wp\/v2\/grammar\/5646","targetHints":{"allow":["GET"]}}],"collection":[{"href":"https:\/\/talkpal.ai\/es\/wp-json\/wp\/v2\/grammar"}],"about":[{"href":"https:\/\/talkpal.ai\/es\/wp-json\/wp\/v2\/types\/grammar"}],"wp:featuredmedia":[{"embeddable":true,"href":"https:\/\/talkpal.ai\/es\/wp-json\/wp\/v2\/media\/1527999"}],"wp:attachment":[{"href":"https:\/\/talkpal.ai\/es\/wp-json\/wp\/v2\/media?parent=5646"}],"wp:term":[{"taxonomy":"language","embeddable":true,"href":"https:\/\/talkpal.ai\/es\/wp-json\/wp\/v2\/language?post=5646"}],"curies":[{"name":"wp","href":"https:\/\/api.w.org\/{rel}","templated":true}]}}