{"id":5639,"date":"2023-03-31T09:09:53","date_gmt":"2023-03-31T09:09:53","guid":{"rendered":"http:\/\/talkpal.ai\/?post_type=grammar&#038;p=5639"},"modified":"2023-04-22T14:14:48","modified_gmt":"2023-04-22T14:14:48","slug":"grados-del-adjetivo-en-la-gramatica-espanola-una-guia-completa","status":"publish","type":"grammar","link":"https:\/\/talkpal.ai\/es\/grammar\/grados-del-adjetivo-en-la-gramatica-espanola-una-guia-completa\/","title":{"rendered":"Grados del Adjetivo en la Gram\u00e1tica Espa\u00f1ola: Una Gu\u00eda Completa"},"content":{"rendered":"\n<h2 class=\"wp-block-heading\">Introducci\u00f3n al uso de los grados del adjetivo<\/h2>\n\n\n\n<p>En la <a href=\"https:\/\/talkpal.ai\/spanish-grammar\/\">gram\u00e1tica espa\u00f1ola<\/a>, los adjetivos son palabras que describen o califican a los sustantivos, atribuy\u00e9ndoles caracter\u00edsticas o propiedades. Los grados del adjetivo permiten intensificar o comparar esas caracter\u00edsticas, y se clasifican en tres categor\u00edas: positivo, <a href=\"https:\/\/talkpal.ai\/es\/comparativo-y-superlativo-en-ingles-guia-facil-y-rapida\/\">comparativo y superlativo<\/a>. En este art\u00edculo, exploraremos en detalle cada uno de estos grados y sus respectivas formas.<\/p>\n\n\n\n<h2 class=\"wp-block-heading\">Grado Positivo del Adjetivo<\/h2>\n\n\n\n<p>El grado positivo es la forma b\u00e1sica del adjetivo, y simplemente describe una cualidad del sustantivo sin realizar comparaciones. Por ejemplo:<\/p>\n\n\n\n<ul class=\"wp-block-list\">\n<li>La casa <em>grande<\/em><\/li>\n\n\n\n<li>El coche <em>r\u00e1pido<\/em><\/li>\n\n\n\n<li>La ni\u00f1a <em>inteligente<\/em><\/li>\n<\/ul>\n\n\n\n<h2 class=\"wp-block-heading\">Grado Comparativo del Adjetivo<\/h2>\n\n\n\n<p>El grado <a href=\"https:\/\/talkpal.ai\/zh-hans\/grammar_exercises\/comparativo-%e8%a5%bf%e7%8f%ad%e7%89%99%e8%af%ad%e6%b3%95%e7%bb%83%e4%b9%a0\/\">comparativo<\/a> permite establecer comparaciones entre dos elementos, ya sea de igualdad, superioridad o inferioridad. Se subdivide en tres subcategor\u00edas:<\/p>\n\n\n\n<h3 class=\"wp-block-heading\">Comparativo de igualdad<\/h3>\n\n\n\n<p>Se forma con la estructura \u00abtan + adjetivo + como\u00bb y expresa que las caracter\u00edsticas de dos sustantivos son iguales en cuanto al adjetivo. Por ejemplo:<\/p>\n\n\n\n<ul class=\"wp-block-list\">\n<li>La casa es <em>tan grande como<\/em> el edificio.<\/li>\n\n\n\n<li>El coche es <em>tan r\u00e1pido como<\/em> la motocicleta.<\/li>\n\n\n\n<li>La ni\u00f1a es <em>tan inteligente como<\/em> el ni\u00f1o.<\/li>\n<\/ul>\n\n\n\n<h3 class=\"wp-block-heading\">Comparativo de superioridad<\/h3>\n\n\n\n<p>Se forma con la estructura \u00abm\u00e1s + adjetivo + que\u00bb y expresa que un sustantivo posee una cualidad en mayor medida que otro. Por ejemplo:<\/p>\n\n\n\n<ul class=\"wp-block-list\">\n<li>La casa es <em>m\u00e1s grande que<\/em> el apartamento.<\/li>\n\n\n\n<li>El coche es <em>m\u00e1s r\u00e1pido que<\/em> la bicicleta.<\/li>\n\n\n\n<li>La ni\u00f1a es <em>m\u00e1s inteligente que<\/em> su hermano.<\/li>\n<\/ul>\n\n\n\n<h3 class=\"wp-block-heading\">Comparativo de inferioridad<\/h3>\n\n\n\n<p>Se forma con la estructura \u00abmenos + adjetivo + que\u00bb y expresa que un sustantivo posee una cualidad en menor medida que otro. Por ejemplo:<\/p>\n\n\n\n<ul class=\"wp-block-list\">\n<li>La casa es <em>menos grande que<\/em> el palacio.<\/li>\n\n\n\n<li>El coche es <em>menos r\u00e1pido que<\/em> el avi\u00f3n.<\/li>\n\n\n\n<li>La ni\u00f1a es <em>menos inteligente que<\/em> su profesor.<\/li>\n<\/ul>\n\n\n\n<h2 class=\"wp-block-heading\">Grado Superlativo del Adjetivo<\/h2>\n\n\n\n<p>El grado superlativo expresa la cualidad de un sustantivo en su m\u00e1ximo grado, ya sea de forma absoluta o relativa.<\/p>\n\n\n\n<h3 class=\"wp-block-heading\">Superlativo absoluto<\/h3>\n\n\n\n<p>Se forma a\u00f1adiendo el sufijo \u00ab-\u00edsimo\u00bb al adjetivo o utilizando el adverbio \u00abmuy\u00bb delante del adjetivo. Expresa la cualidad en su grado m\u00e1ximo sin comparar. Por ejemplo:<\/p>\n\n\n\n<ul class=\"wp-block-list\">\n<li>La casa es <em>grand\u00edsima<\/em> \/ La casa es <em>muy grande<\/em>.<\/li>\n\n\n\n<li>El coche es <em>rapid\u00edsimo<\/em> \/ El coche es <em>muy r\u00e1pido<\/em>.<\/li>\n\n\n\n<li>La ni\u00f1a es <em>inteligent\u00edsima<\/em> \/ La ni\u00f1a es <em>muy inteligente<\/em>.<\/li>\n<\/ul>\n\n\n\n<h3 class=\"wp-block-heading\">Superlativo relativo<\/h3>\n\n\n\n<p>Se forma con la estructura \u00abel\/la\/los\/las + m\u00e1s\/menos + adjetivo + de\u00bb y expresa que un sustantivo posee una cualidad en mayor o menor medida en relaci\u00f3n a un grupo. Por ejemplo:<\/p>\n\n\n\n<ul class=\"wp-block-list\">\n<li>La casa es <em>la m\u00e1s grande de<\/em> la ciudad.<\/li>\n\n\n\n<li>El coche es <em>el menos r\u00e1pido de<\/em> todos.<\/li>\n\n\n\n<li>La ni\u00f1a es <em>la m\u00e1s inteligente de<\/em> la clase.<\/li>\n<\/ul>\n\n\n\n<h2 class=\"wp-block-heading\">Conclusi\u00f3n<\/h2>\n\n\n\n<p>En resumen, los grados del adjetivo en la gram\u00e1tica espa\u00f1ola permiten intensificar o comparar las caracter\u00edsticas de los sustantivos. Dominar el uso de los grados positivo, <a href=\"https:\/\/talkpal.ai\/zh-hans\/grammar_exercises\/comparativo-%e8%a5%bf%e7%8f%ad%e7%89%99%e8%af%ad%e6%b3%95%e7%bb%83%e4%b9%a0\/\">comparativo<\/a> y superlativo es esencial para enriquecer nuestras expresiones y comunicarnos de forma precisa y efectiva. Al entender y aplicar correctamente estos conceptos, lograremos mejorar nuestras habilidades ling\u00fc\u00edsticas en <a href=\"https:\/\/talkpal.ai\/es\/locations\/aprende-espanol-leyendo\/\">espa\u00f1ol<\/a> y alcanzar un dominio m\u00e1s avanzado del idioma.<\/p>\n","protected":false},"featured_media":1528119,"template":"","language":[331,323],"class_list":["post-5639","grammar","type-grammar","status-publish","has-post-thumbnail","hentry","language-adjetivos-es-3","language-espanol"],"acf":[],"yoast_head":"<!-- This site is optimized with the Yoast SEO Premium plugin v27.2 (Yoast SEO v27.2) - https:\/\/yoast.com\/product\/yoast-seo-premium-wordpress\/ -->\n<title>Grados del Adjetivo en la Gram\u00e1tica Espa\u00f1ola: Una Gu\u00eda Completa - Talkpal<\/title>\n<meta name=\"description\" content=\"Introducci\u00f3n al uso de los grados del adjetivo En la gram\u00e1tica espa\u00f1ola, los adjetivos son palabras que describen o califican a los sustantivos,\" \/>\n<meta name=\"robots\" content=\"index, follow, max-snippet:-1, max-image-preview:large, max-video-preview:-1\" \/>\n<link rel=\"canonical\" href=\"https:\/\/talkpal.ai\/es\/grammar\/grados-del-adjetivo-en-la-gramatica-espanola-una-guia-completa\/\" \/>\n<meta property=\"og:locale\" content=\"es_ES\" \/>\n<meta property=\"og:type\" content=\"article\" \/>\n<meta property=\"og:title\" content=\"Grados del Adjetivo en la Gram\u00e1tica Espa\u00f1ola: Una Gu\u00eda Completa\" \/>\n<meta property=\"og:description\" content=\"Introducci\u00f3n al uso de los grados del adjetivo En la gram\u00e1tica espa\u00f1ola, los adjetivos son palabras que describen o califican a los sustantivos,\" \/>\n<meta property=\"og:url\" content=\"https:\/\/talkpal.ai\/es\/grammar\/grados-del-adjetivo-en-la-gramatica-espanola-una-guia-completa\/\" \/>\n<meta property=\"og:site_name\" content=\"Talkpal\" \/>\n<meta property=\"article:publisher\" content=\"https:\/\/www.facebook.com\/profile.php?id=100090733639311\" \/>\n<meta property=\"article:modified_time\" content=\"2023-04-22T14:14:48+00:00\" \/>\n<meta property=\"og:image\" content=\"https:\/\/talkpal.ai\/wp-content\/uploads\/2023\/04\/TalkPal-Illustration-of-students-studying-grammar-lessons-14.png\" \/>\n\t<meta property=\"og:image:width\" content=\"1456\" \/>\n\t<meta property=\"og:image:height\" content=\"816\" \/>\n\t<meta property=\"og:image:type\" content=\"image\/png\" \/>\n<meta name=\"twitter:card\" content=\"summary_large_image\" \/>\n<meta name=\"twitter:site\" content=\"@talkpalai\" \/>\n<meta name=\"twitter:label1\" content=\"Tiempo de lectura\" \/>\n\t<meta name=\"twitter:data1\" content=\"3 minutos\" \/>\n<script type=\"application\/ld+json\" class=\"yoast-schema-graph\">{\"@context\":\"https:\/\/schema.org\",\"@graph\":[{\"@type\":\"WebPage\",\"@id\":\"https:\/\/talkpal.ai\/es\/grammar\/grados-del-adjetivo-en-la-gramatica-espanola-una-guia-completa\/\",\"url\":\"https:\/\/talkpal.ai\/es\/grammar\/grados-del-adjetivo-en-la-gramatica-espanola-una-guia-completa\/\",\"name\":\"Grados del Adjetivo en la Gram\u00e1tica Espa\u00f1ola: Una Gu\u00eda Completa - Talkpal\",\"isPartOf\":{\"@id\":\"https:\/\/talkpal.ai\/es\/#website\"},\"primaryImageOfPage\":{\"@id\":\"https:\/\/talkpal.ai\/es\/grammar\/grados-del-adjetivo-en-la-gramatica-espanola-una-guia-completa\/#primaryimage\"},\"image\":{\"@id\":\"https:\/\/talkpal.ai\/es\/grammar\/grados-del-adjetivo-en-la-gramatica-espanola-una-guia-completa\/#primaryimage\"},\"thumbnailUrl\":\"https:\/\/talkpal.ai\/wp-content\/uploads\/2025\/12\/young-man-at-a-library-learning-languages.webp\",\"datePublished\":\"2023-03-31T09:09:53+00:00\",\"dateModified\":\"2023-04-22T14:14:48+00:00\",\"description\":\"Introducci\u00f3n al uso de los grados del adjetivo En la gram\u00e1tica espa\u00f1ola, los adjetivos son palabras que describen o califican a los sustantivos,\",\"breadcrumb\":{\"@id\":\"https:\/\/talkpal.ai\/es\/grammar\/grados-del-adjetivo-en-la-gramatica-espanola-una-guia-completa\/#breadcrumb\"},\"inLanguage\":\"es\",\"potentialAction\":[{\"@type\":\"ReadAction\",\"target\":[\"https:\/\/talkpal.ai\/es\/grammar\/grados-del-adjetivo-en-la-gramatica-espanola-una-guia-completa\/\"]}]},{\"@type\":\"ImageObject\",\"inLanguage\":\"es\",\"@id\":\"https:\/\/talkpal.ai\/es\/grammar\/grados-del-adjetivo-en-la-gramatica-espanola-una-guia-completa\/#primaryimage\",\"url\":\"https:\/\/talkpal.ai\/wp-content\/uploads\/2025\/12\/young-man-at-a-library-learning-languages.webp\",\"contentUrl\":\"https:\/\/talkpal.ai\/wp-content\/uploads\/2025\/12\/young-man-at-a-library-learning-languages.webp\",\"width\":1200,\"height\":896,\"caption\":\"A young man with glasses and a bun types on his laptop while learning languages in a library.\"},{\"@type\":\"BreadcrumbList\",\"@id\":\"https:\/\/talkpal.ai\/es\/grammar\/grados-del-adjetivo-en-la-gramatica-espanola-una-guia-completa\/#breadcrumb\",\"itemListElement\":[{\"@type\":\"ListItem\",\"position\":1,\"name\":\"Homepage\",\"item\":\"https:\/\/talkpal.ai\/es\/\"},{\"@type\":\"ListItem\",\"position\":2,\"name\":\"Grados del Adjetivo en la Gram\u00e1tica Espa\u00f1ola: Una Gu\u00eda Completa\"}]},{\"@type\":\"WebSite\",\"@id\":\"https:\/\/talkpal.ai\/es\/#website\",\"url\":\"https:\/\/talkpal.ai\/es\/\",\"name\":\"Talkpal\",\"description\":\"AI Language Learning\",\"publisher\":{\"@id\":\"https:\/\/talkpal.ai\/es\/#organization\"},\"alternateName\":\"Talkpal AI\",\"potentialAction\":[{\"@type\":\"SearchAction\",\"target\":{\"@type\":\"EntryPoint\",\"urlTemplate\":\"https:\/\/talkpal.ai\/es\/?s={search_term_string}\"},\"query-input\":{\"@type\":\"PropertyValueSpecification\",\"valueRequired\":true,\"valueName\":\"search_term_string\"}}],\"inLanguage\":\"es\"},{\"@type\":\"Organization\",\"@id\":\"https:\/\/talkpal.ai\/es\/#organization\",\"name\":\"Talkpal, Inc.\",\"alternateName\":\"Talkpal AI\",\"url\":\"https:\/\/talkpal.ai\/es\/\",\"logo\":{\"@type\":\"ImageObject\",\"inLanguage\":\"es\",\"@id\":\"https:\/\/talkpal.ai\/es\/#\/schema\/logo\/image\/\",\"url\":\"https:\/\/talkpal.ai\/wp-content\/uploads\/2024\/03\/Talkpal-Logo-Icon.png\",\"contentUrl\":\"https:\/\/talkpal.ai\/wp-content\/uploads\/2024\/03\/Talkpal-Logo-Icon.png\",\"width\":2880,\"height\":2880,\"caption\":\"Talkpal, Inc.\"},\"image\":{\"@id\":\"https:\/\/talkpal.ai\/es\/#\/schema\/logo\/image\/\"},\"sameAs\":[\"https:\/\/www.facebook.com\/profile.php?id=100090733639311\",\"https:\/\/x.com\/talkpalai\",\"https:\/\/www.linkedin.com\/company\/talkpal\/\",\"https:\/\/www.youtube.com\/@TalkPal\/\",\"https:\/\/www.tiktok.com\/@talkpal\",\"https:\/\/www.instagram.com\/talkpal_ai\/\",\"https:\/\/www.crunchbase.com\/organization\/talkpal-9cde\",\"https:\/\/www.g2.com\/products\/talkpal-for-business\/\",\"https:\/\/www.trustpilot.com\/review\/talkpal.ai\",\"https:\/\/www.capterra.com\/p\/10006800\/TalkPal\/\"],\"description\":\"Talkpal is a language learning web and mobile education app, powered by the latest AI technologies, that provides engaging experiences to its customers in many different languages to help them improve their language skills. Users can chat about unlimited amount of topics with the app and use other modes to practice their language learning.\",\"email\":\"support@talkpal.ai\",\"legalName\":\"Talkpal, Inc.\",\"foundingDate\":\"2023-04-03\",\"duns\":\"118989042\",\"numberOfEmployees\":{\"@type\":\"QuantitativeValue\",\"minValue\":\"11\",\"maxValue\":\"50\"},\"publishingPrinciples\":\"https:\/\/talkpal.ai\/publishing-principles\/\",\"actionableFeedbackPolicy\":\"https:\/\/talkpal.ai\/actionable-feedback-policy\/\",\"correctionsPolicy\":\"https:\/\/talkpal.ai\/corrections-policy\/\",\"ethicsPolicy\":\"https:\/\/talkpal.ai\/ethics-policy\/\",\"diversityPolicy\":\"https:\/\/talkpal.ai\/diversity-policy\/\",\"diversityStaffingReport\":\"https:\/\/talkpal.ai\/diversity-policy\/\"}]}<\/script>\n<!-- \/ Yoast SEO Premium plugin. -->","yoast_head_json":{"title":"Grados del Adjetivo en la Gram\u00e1tica Espa\u00f1ola: Una Gu\u00eda Completa - Talkpal","description":"Introducci\u00f3n al uso de los grados del adjetivo En la gram\u00e1tica espa\u00f1ola, los adjetivos son palabras que describen o califican a los sustantivos,","robots":{"index":"index","follow":"follow","max-snippet":"max-snippet:-1","max-image-preview":"max-image-preview:large","max-video-preview":"max-video-preview:-1"},"canonical":"https:\/\/talkpal.ai\/es\/grammar\/grados-del-adjetivo-en-la-gramatica-espanola-una-guia-completa\/","og_locale":"es_ES","og_type":"article","og_title":"Grados del Adjetivo en la Gram\u00e1tica Espa\u00f1ola: Una Gu\u00eda Completa","og_description":"Introducci\u00f3n al uso de los grados del adjetivo En la gram\u00e1tica espa\u00f1ola, los adjetivos son palabras que describen o califican a los sustantivos,","og_url":"https:\/\/talkpal.ai\/es\/grammar\/grados-del-adjetivo-en-la-gramatica-espanola-una-guia-completa\/","og_site_name":"Talkpal","article_publisher":"https:\/\/www.facebook.com\/profile.php?id=100090733639311","article_modified_time":"2023-04-22T14:14:48+00:00","og_image":[{"width":1456,"height":816,"url":"https:\/\/talkpal.ai\/wp-content\/uploads\/2023\/04\/TalkPal-Illustration-of-students-studying-grammar-lessons-14.png","type":"image\/png"}],"twitter_card":"summary_large_image","twitter_site":"@talkpalai","twitter_misc":{"Tiempo de lectura":"3 minutos"},"schema":{"@context":"https:\/\/schema.org","@graph":[{"@type":"WebPage","@id":"https:\/\/talkpal.ai\/es\/grammar\/grados-del-adjetivo-en-la-gramatica-espanola-una-guia-completa\/","url":"https:\/\/talkpal.ai\/es\/grammar\/grados-del-adjetivo-en-la-gramatica-espanola-una-guia-completa\/","name":"Grados del Adjetivo en la Gram\u00e1tica Espa\u00f1ola: Una Gu\u00eda Completa - Talkpal","isPartOf":{"@id":"https:\/\/talkpal.ai\/es\/#website"},"primaryImageOfPage":{"@id":"https:\/\/talkpal.ai\/es\/grammar\/grados-del-adjetivo-en-la-gramatica-espanola-una-guia-completa\/#primaryimage"},"image":{"@id":"https:\/\/talkpal.ai\/es\/grammar\/grados-del-adjetivo-en-la-gramatica-espanola-una-guia-completa\/#primaryimage"},"thumbnailUrl":"https:\/\/talkpal.ai\/wp-content\/uploads\/2025\/12\/young-man-at-a-library-learning-languages.webp","datePublished":"2023-03-31T09:09:53+00:00","dateModified":"2023-04-22T14:14:48+00:00","description":"Introducci\u00f3n al uso de los grados del adjetivo En la gram\u00e1tica espa\u00f1ola, los adjetivos son palabras que describen o califican a los sustantivos,","breadcrumb":{"@id":"https:\/\/talkpal.ai\/es\/grammar\/grados-del-adjetivo-en-la-gramatica-espanola-una-guia-completa\/#breadcrumb"},"inLanguage":"es","potentialAction":[{"@type":"ReadAction","target":["https:\/\/talkpal.ai\/es\/grammar\/grados-del-adjetivo-en-la-gramatica-espanola-una-guia-completa\/"]}]},{"@type":"ImageObject","inLanguage":"es","@id":"https:\/\/talkpal.ai\/es\/grammar\/grados-del-adjetivo-en-la-gramatica-espanola-una-guia-completa\/#primaryimage","url":"https:\/\/talkpal.ai\/wp-content\/uploads\/2025\/12\/young-man-at-a-library-learning-languages.webp","contentUrl":"https:\/\/talkpal.ai\/wp-content\/uploads\/2025\/12\/young-man-at-a-library-learning-languages.webp","width":1200,"height":896,"caption":"A young man with glasses and a bun types on his laptop while learning languages in a library."},{"@type":"BreadcrumbList","@id":"https:\/\/talkpal.ai\/es\/grammar\/grados-del-adjetivo-en-la-gramatica-espanola-una-guia-completa\/#breadcrumb","itemListElement":[{"@type":"ListItem","position":1,"name":"Homepage","item":"https:\/\/talkpal.ai\/es\/"},{"@type":"ListItem","position":2,"name":"Grados del Adjetivo en la Gram\u00e1tica Espa\u00f1ola: Una Gu\u00eda Completa"}]},{"@type":"WebSite","@id":"https:\/\/talkpal.ai\/es\/#website","url":"https:\/\/talkpal.ai\/es\/","name":"Talkpal","description":"AI Language Learning","publisher":{"@id":"https:\/\/talkpal.ai\/es\/#organization"},"alternateName":"Talkpal AI","potentialAction":[{"@type":"SearchAction","target":{"@type":"EntryPoint","urlTemplate":"https:\/\/talkpal.ai\/es\/?s={search_term_string}"},"query-input":{"@type":"PropertyValueSpecification","valueRequired":true,"valueName":"search_term_string"}}],"inLanguage":"es"},{"@type":"Organization","@id":"https:\/\/talkpal.ai\/es\/#organization","name":"Talkpal, Inc.","alternateName":"Talkpal AI","url":"https:\/\/talkpal.ai\/es\/","logo":{"@type":"ImageObject","inLanguage":"es","@id":"https:\/\/talkpal.ai\/es\/#\/schema\/logo\/image\/","url":"https:\/\/talkpal.ai\/wp-content\/uploads\/2024\/03\/Talkpal-Logo-Icon.png","contentUrl":"https:\/\/talkpal.ai\/wp-content\/uploads\/2024\/03\/Talkpal-Logo-Icon.png","width":2880,"height":2880,"caption":"Talkpal, Inc."},"image":{"@id":"https:\/\/talkpal.ai\/es\/#\/schema\/logo\/image\/"},"sameAs":["https:\/\/www.facebook.com\/profile.php?id=100090733639311","https:\/\/x.com\/talkpalai","https:\/\/www.linkedin.com\/company\/talkpal\/","https:\/\/www.youtube.com\/@TalkPal\/","https:\/\/www.tiktok.com\/@talkpal","https:\/\/www.instagram.com\/talkpal_ai\/","https:\/\/www.crunchbase.com\/organization\/talkpal-9cde","https:\/\/www.g2.com\/products\/talkpal-for-business\/","https:\/\/www.trustpilot.com\/review\/talkpal.ai","https:\/\/www.capterra.com\/p\/10006800\/TalkPal\/"],"description":"Talkpal is a language learning web and mobile education app, powered by the latest AI technologies, that provides engaging experiences to its customers in many different languages to help them improve their language skills. Users can chat about unlimited amount of topics with the app and use other modes to practice their language learning.","email":"support@talkpal.ai","legalName":"Talkpal, Inc.","foundingDate":"2023-04-03","duns":"118989042","numberOfEmployees":{"@type":"QuantitativeValue","minValue":"11","maxValue":"50"},"publishingPrinciples":"https:\/\/talkpal.ai\/publishing-principles\/","actionableFeedbackPolicy":"https:\/\/talkpal.ai\/actionable-feedback-policy\/","correctionsPolicy":"https:\/\/talkpal.ai\/corrections-policy\/","ethicsPolicy":"https:\/\/talkpal.ai\/ethics-policy\/","diversityPolicy":"https:\/\/talkpal.ai\/diversity-policy\/","diversityStaffingReport":"https:\/\/talkpal.ai\/diversity-policy\/"}]}},"_links":{"self":[{"href":"https:\/\/talkpal.ai\/es\/wp-json\/wp\/v2\/grammar\/5639","targetHints":{"allow":["GET"]}}],"collection":[{"href":"https:\/\/talkpal.ai\/es\/wp-json\/wp\/v2\/grammar"}],"about":[{"href":"https:\/\/talkpal.ai\/es\/wp-json\/wp\/v2\/types\/grammar"}],"wp:featuredmedia":[{"embeddable":true,"href":"https:\/\/talkpal.ai\/es\/wp-json\/wp\/v2\/media\/1528119"}],"wp:attachment":[{"href":"https:\/\/talkpal.ai\/es\/wp-json\/wp\/v2\/media?parent=5639"}],"wp:term":[{"taxonomy":"language","embeddable":true,"href":"https:\/\/talkpal.ai\/es\/wp-json\/wp\/v2\/language?post=5639"}],"curies":[{"name":"wp","href":"https:\/\/api.w.org\/{rel}","templated":true}]}}