{"id":5618,"date":"2023-03-31T08:15:01","date_gmt":"2023-03-31T08:15:01","guid":{"rendered":"http:\/\/talkpal.ai\/?post_type=grammar&#038;p=5618"},"modified":"2023-04-22T14:13:59","modified_gmt":"2023-04-22T14:13:59","slug":"los-verbos-modales-en-la-gramatica-espanola","status":"publish","type":"grammar","link":"https:\/\/talkpal.ai\/es\/grammar\/los-verbos-modales-en-la-gramatica-espanola\/","title":{"rendered":"Los verbos modales en la gram\u00e1tica espa\u00f1ola"},"content":{"rendered":"\n<h2 class=\"wp-block-heading\">Introducci\u00f3n a los verbos modales<\/h2>\n\n\n\n<p>Los <a href=\"https:\/\/talkpal.ai\/ja\/grammar\/%e3%82%b9%e3%83%9a%e3%82%a4%e3%83%b3%e8%aa%9e%e6%96%87%e6%b3%95%e3%81%ab%e3%81%8a%e3%81%91%e3%82%8b-verbos-modales\/\">verbos modales<\/a> son verbos auxiliares que se utilizan para expresar modalidad, es decir, la necesidad, la probabilidad, la posibilidad, la capacidad, la obligaci\u00f3n, el permiso <a href=\"https:\/\/talkpal.ai\/culture\/what-is-the-difference-between-o-and-la-when-using-the-verb-to-be\/\">o la<\/a> voluntad de realizar una acci\u00f3n. En la <a href=\"https:\/\/talkpal.ai\/spanish-grammar\/\">gram\u00e1tica espa\u00f1ola<\/a>, los verbos modales m\u00e1s comunes son: deber, poder, querer, tener que, saber y soler.<\/p>\n\n\n\n<h2 class=\"wp-block-heading\">Funciones y usos de los verbos modales<\/h2>\n\n\n\n<h3 class=\"wp-block-heading\">Deber<\/h3>\n\n\n\n<p>El verbo <em>deber<\/em> se utiliza para expresar obligaci\u00f3n, recomendaci\u00f3n o suposici\u00f3n. A continuaci\u00f3n, se presentan ejemplos de sus diferentes usos:<\/p>\n\n\n\n<ul class=\"wp-block-list\">\n<li>Obligaci\u00f3n: Debes estudiar para el examen.<\/li>\n\n\n\n<li>Recomendaci\u00f3n: Deber\u00edas descansar <a href=\"https:\/\/talkpal.ai\/culture\/what-is-the-difference-between-un-poco-and-poco\/\">un poco<\/a>.<\/li>\n\n\n\n<li>Suposici\u00f3n: Deben de estar cansados despu\u00e9s del viaje.<\/li>\n<\/ul>\n\n\n\n<h3 class=\"wp-block-heading\">Poder<\/h3>\n\n\n\n<p>El verbo <em>poder<\/em> se emplea para indicar capacidad, posibilidad o permiso:<\/p>\n\n\n\n<ul class=\"wp-block-list\">\n<li>Capacidad: Puedo levantar esta caja sin problema.<\/li>\n\n\n\n<li>Posibilidad: Puede que llueva ma\u00f1ana.<\/li>\n\n\n\n<li>Permiso: \u00bfPuedo tomar un vaso de agua?<\/li>\n<\/ul>\n\n\n\n<h3 class=\"wp-block-heading\">Querer<\/h3>\n\n\n\n<p>El verbo <em>querer<\/em> se utiliza para expresar deseo, intenci\u00f3n o voluntad:<\/p>\n\n\n\n<ul class=\"wp-block-list\">\n<li>Deseo: Quiero ir a la playa este <a href=\"https:\/\/talkpal.ai\/learn-finnish\/\">fin<\/a> de semana.<\/li>\n\n\n\n<li>Intenci\u00f3n: Quiero estudiar medicina.<\/li>\n\n\n\n<li>Voluntad: Quiero que me escuches atentamente.<\/li>\n<\/ul>\n\n\n\n<h3 class=\"wp-block-heading\">Tener que<\/h3>\n\n\n\n<p>La expresi\u00f3n <em>tener que<\/em> indica obligaci\u00f3n o necesidad:<\/p>\n\n\n\n<ul class=\"wp-block-list\">\n<li>Obligaci\u00f3n: Tienes que terminar el informe antes del viernes.<\/li>\n\n\n\n<li>Necesidad: Tengo que comprar un regalo para el cumplea\u00f1os de mi hermana.<\/li>\n<\/ul>\n\n\n\n<h3 class=\"wp-block-heading\">Saber<\/h3>\n\n\n\n<p>El verbo <em>saber<\/em> se emplea para expresar conocimiento, habilidad o capacidad:<\/p>\n\n\n\n<ul class=\"wp-block-list\">\n<li>Conocimiento: S\u00e9 qui\u00e9n es el autor de este libro.<\/li>\n\n\n\n<li>Habilidad: S\u00e9 cocinar muy bien.<\/li>\n\n\n\n<li>Capacidad: No s\u00e9 c\u00f3mo resolver este problema.<\/li>\n<\/ul>\n\n\n\n<h3 class=\"wp-block-heading\">Soler<\/h3>\n\n\n\n<p>El verbo <em>soler<\/em> se utiliza para expresar costumbre o h\u00e1bito:<\/p>\n\n\n\n<ul class=\"wp-block-list\">\n<li>Costumbre: Suelo <a href=\"https:\/\/talkpal.ai\/locations\/language-courses-in-leer\/\">leer<\/a> antes de dormir.<\/li>\n\n\n\n<li>H\u00e1bito: Solemos ir al cine los s\u00e1bados.<\/li>\n<\/ul>\n\n\n\n<h2 class=\"wp-block-heading\">Conjugaci\u00f3n de los verbos modales<\/h2>\n\n\n\n<p>Los verbos modales se conjugan de acuerdo con el tiempo y el modo en el que se encuentren. A continuaci\u00f3n, se presentan las conjugaciones de los verbos modales en <a href=\"https:\/\/talkpal.ai\/zh-hans\/grammar_exercises\/presente-%e8%a5%bf%e7%8f%ad%e7%89%99%e8%af%ad%e6%b3%95%e7%bb%83%e4%b9%a0\/\">presente<\/a> de indicativo:<\/p>\n\n\n\n<ul class=\"wp-block-list\">\n<li>Deber: yo debo, t\u00fa debes, \u00e9l\/ella debe, nosotros\/nosotras debemos, vosotros\/vosotras deb\u00e9is, ellos\/ellas deben.<\/li>\n\n\n\n<li>Poder: yo puedo, t\u00fa puedes, \u00e9l\/ella puede, nosotros\/nosotras podemos, vosotros\/vosotras pod\u00e9is, ellos\/ellas pueden.<\/li>\n\n\n\n<li>Querer: yo quiero, t\u00fa quieres, \u00e9l\/ella quiere, nosotros\/nosotras queremos, vosotros\/vosotras quer\u00e9is, ellos\/ellas quieren.<\/li>\n\n\n\n<li>Tener que: yo tengo que, t\u00fa tienes que, \u00e9l\/ella tiene que, nosotros\/nosotras tenemos que, vosotros\/vosotras ten\u00e9is que, ellos\/ellas <a href=\"https:\/\/talkpal.ai\/locations\/language-courses-in-tienen\/\">tienen<\/a> que.<\/li>\n\n\n\n<li>Saber: yo s\u00e9, t\u00fa sabes, \u00e9l\/ella sabe, nosotros\/nosotras sabemos, vosotros\/vosotras sab\u00e9is, ellos\/ellas saben.<\/li>\n\n\n\n<li>Soler: yo suelo, t\u00fa sueles, \u00e9l\/ella suele, nosotros\/nosotras solemos, vosotros\/vosotras sol\u00e9is, ellos\/ellas suelen.<\/li>\n<\/ul>\n\n\n\n<p>Los verbos modales tambi\u00e9n se conjugan en otros <a href=\"https:\/\/talkpal.ai\/zh-hans\/grammar_exercises\/tiempos-%e8%a5%bf%e7%8f%ad%e7%89%99%e8%af%ad%e6%b3%95%e7%bb%83%e4%b9%a0\/\">tiempos verbales<\/a> y modos, como el pret\u00e9rito, el futuro, el subjuntivo y el condicional.<\/p>\n\n\n\n<h2 class=\"wp-block-heading\">Ejemplos de uso de verbos modales en oraciones<\/h2>\n\n\n\n<p>A continuaci\u00f3n, se presentan ejemplos de oraciones con verbos modales en diferentes tiempos y modos verbales:<\/p>\n\n\n\n<ul class=\"wp-block-list\">\n<li>Pret\u00e9rito: Ayer debimos entregar el proyecto a tiempo.<\/li>\n\n\n\n<li>Futuro: Ma\u00f1ana podr\u00e9 acompa\u00f1arte al m\u00e9dico.<\/li>\n\n\n\n<li>Subjuntivo: Es importante que sepas la verdad.<\/li>\n\n\n\n<li>Condicional: Si tuviera dinero, querr\u00eda viajar por el mundo.<\/li>\n<\/ul>\n\n\n\n<h2 class=\"wp-block-heading\">Conclusi\u00f3n<\/h2>\n\n\n\n<p>Los verbos modales son fundamentales en la gram\u00e1tica espa\u00f1ola y se emplean para expresar diversos matices de significado en relaci\u00f3n con la modalidad, como la necesidad, la probabilidad, la posibilidad, la capacidad, la obligaci\u00f3n, el permiso o la voluntad. Dominar el uso y la conjugaci\u00f3n de los verbos modales es esencial para comunicarse de manera efectiva y precisa en espa\u00f1ol.<\/p>\n","protected":false},"featured_media":1527977,"template":"","language":[323,325],"class_list":["post-5618","grammar","type-grammar","status-publish","has-post-thumbnail","hentry","language-espanol","language-verbos-es-3"],"acf":[],"yoast_head":"<!-- This site is optimized with the Yoast SEO Premium plugin v27.2 (Yoast SEO v27.2) - https:\/\/yoast.com\/product\/yoast-seo-premium-wordpress\/ -->\n<title>Los verbos modales en la gram\u00e1tica espa\u00f1ola - Talkpal<\/title>\n<meta name=\"description\" content=\"Introducci\u00f3n a los verbos modales Los verbos modales son verbos auxiliares que se utilizan para expresar modalidad, es decir, la necesidad, la\" \/>\n<meta name=\"robots\" content=\"index, follow, max-snippet:-1, max-image-preview:large, max-video-preview:-1\" \/>\n<link rel=\"canonical\" href=\"https:\/\/talkpal.ai\/es\/grammar\/los-verbos-modales-en-la-gramatica-espanola\/\" \/>\n<meta property=\"og:locale\" content=\"es_ES\" \/>\n<meta property=\"og:type\" content=\"article\" \/>\n<meta property=\"og:title\" content=\"Los verbos modales en la gram\u00e1tica espa\u00f1ola\" \/>\n<meta property=\"og:description\" content=\"Introducci\u00f3n a los verbos modales Los verbos modales son verbos auxiliares que se utilizan para expresar modalidad, es decir, la necesidad, la\" \/>\n<meta property=\"og:url\" content=\"https:\/\/talkpal.ai\/es\/grammar\/los-verbos-modales-en-la-gramatica-espanola\/\" \/>\n<meta property=\"og:site_name\" content=\"Talkpal\" \/>\n<meta property=\"article:publisher\" content=\"https:\/\/www.facebook.com\/profile.php?id=100090733639311\" \/>\n<meta property=\"article:modified_time\" content=\"2023-04-22T14:13:59+00:00\" \/>\n<meta property=\"og:image\" content=\"https:\/\/talkpal.ai\/wp-content\/uploads\/2023\/04\/TalkPal-Illustration-of-students-studying-grammar-lessons-111.png\" \/>\n\t<meta property=\"og:image:width\" content=\"1456\" \/>\n\t<meta property=\"og:image:height\" content=\"816\" \/>\n\t<meta property=\"og:image:type\" content=\"image\/png\" \/>\n<meta name=\"twitter:card\" content=\"summary_large_image\" \/>\n<meta name=\"twitter:site\" content=\"@talkpalai\" \/>\n<meta name=\"twitter:label1\" content=\"Tiempo de lectura\" \/>\n\t<meta name=\"twitter:data1\" content=\"3 minutos\" \/>\n<script type=\"application\/ld+json\" class=\"yoast-schema-graph\">{\"@context\":\"https:\/\/schema.org\",\"@graph\":[{\"@type\":\"WebPage\",\"@id\":\"https:\/\/talkpal.ai\/es\/grammar\/los-verbos-modales-en-la-gramatica-espanola\/\",\"url\":\"https:\/\/talkpal.ai\/es\/grammar\/los-verbos-modales-en-la-gramatica-espanola\/\",\"name\":\"Los verbos modales en la gram\u00e1tica espa\u00f1ola - Talkpal\",\"isPartOf\":{\"@id\":\"https:\/\/talkpal.ai\/es\/#website\"},\"primaryImageOfPage\":{\"@id\":\"https:\/\/talkpal.ai\/es\/grammar\/los-verbos-modales-en-la-gramatica-espanola\/#primaryimage\"},\"image\":{\"@id\":\"https:\/\/talkpal.ai\/es\/grammar\/los-verbos-modales-en-la-gramatica-espanola\/#primaryimage\"},\"thumbnailUrl\":\"https:\/\/talkpal.ai\/wp-content\/uploads\/2025\/12\/students-study-papers-to-learn-languages.webp\",\"datePublished\":\"2023-03-31T08:15:01+00:00\",\"dateModified\":\"2023-04-22T14:13:59+00:00\",\"description\":\"Introducci\u00f3n a los verbos modales Los verbos modales son verbos auxiliares que se utilizan para expresar modalidad, es decir, la necesidad, la\",\"breadcrumb\":{\"@id\":\"https:\/\/talkpal.ai\/es\/grammar\/los-verbos-modales-en-la-gramatica-espanola\/#breadcrumb\"},\"inLanguage\":\"es\",\"potentialAction\":[{\"@type\":\"ReadAction\",\"target\":[\"https:\/\/talkpal.ai\/es\/grammar\/los-verbos-modales-en-la-gramatica-espanola\/\"]}]},{\"@type\":\"ImageObject\",\"inLanguage\":\"es\",\"@id\":\"https:\/\/talkpal.ai\/es\/grammar\/los-verbos-modales-en-la-gramatica-espanola\/#primaryimage\",\"url\":\"https:\/\/talkpal.ai\/wp-content\/uploads\/2025\/12\/students-study-papers-to-learn-languages.webp\",\"contentUrl\":\"https:\/\/talkpal.ai\/wp-content\/uploads\/2025\/12\/students-study-papers-to-learn-languages.webp\",\"width\":1200,\"height\":896,\"caption\":\"A man and woman examine printed handouts while learning languages at a cafe table.\"},{\"@type\":\"BreadcrumbList\",\"@id\":\"https:\/\/talkpal.ai\/es\/grammar\/los-verbos-modales-en-la-gramatica-espanola\/#breadcrumb\",\"itemListElement\":[{\"@type\":\"ListItem\",\"position\":1,\"name\":\"Homepage\",\"item\":\"https:\/\/talkpal.ai\/es\/\"},{\"@type\":\"ListItem\",\"position\":2,\"name\":\"Los verbos modales en la gram\u00e1tica espa\u00f1ola\"}]},{\"@type\":\"WebSite\",\"@id\":\"https:\/\/talkpal.ai\/es\/#website\",\"url\":\"https:\/\/talkpal.ai\/es\/\",\"name\":\"Talkpal\",\"description\":\"AI Language Learning\",\"publisher\":{\"@id\":\"https:\/\/talkpal.ai\/es\/#organization\"},\"alternateName\":\"Talkpal AI\",\"potentialAction\":[{\"@type\":\"SearchAction\",\"target\":{\"@type\":\"EntryPoint\",\"urlTemplate\":\"https:\/\/talkpal.ai\/es\/?s={search_term_string}\"},\"query-input\":{\"@type\":\"PropertyValueSpecification\",\"valueRequired\":true,\"valueName\":\"search_term_string\"}}],\"inLanguage\":\"es\"},{\"@type\":\"Organization\",\"@id\":\"https:\/\/talkpal.ai\/es\/#organization\",\"name\":\"Talkpal, Inc.\",\"alternateName\":\"Talkpal AI\",\"url\":\"https:\/\/talkpal.ai\/es\/\",\"logo\":{\"@type\":\"ImageObject\",\"inLanguage\":\"es\",\"@id\":\"https:\/\/talkpal.ai\/es\/#\/schema\/logo\/image\/\",\"url\":\"https:\/\/talkpal.ai\/wp-content\/uploads\/2024\/03\/Talkpal-Logo-Icon.png\",\"contentUrl\":\"https:\/\/talkpal.ai\/wp-content\/uploads\/2024\/03\/Talkpal-Logo-Icon.png\",\"width\":2880,\"height\":2880,\"caption\":\"Talkpal, Inc.\"},\"image\":{\"@id\":\"https:\/\/talkpal.ai\/es\/#\/schema\/logo\/image\/\"},\"sameAs\":[\"https:\/\/www.facebook.com\/profile.php?id=100090733639311\",\"https:\/\/x.com\/talkpalai\",\"https:\/\/www.linkedin.com\/company\/talkpal\/\",\"https:\/\/www.youtube.com\/@TalkPal\/\",\"https:\/\/www.tiktok.com\/@talkpal\",\"https:\/\/www.instagram.com\/talkpal_ai\/\",\"https:\/\/www.crunchbase.com\/organization\/talkpal-9cde\",\"https:\/\/www.g2.com\/products\/talkpal-for-business\/\",\"https:\/\/www.trustpilot.com\/review\/talkpal.ai\",\"https:\/\/www.capterra.com\/p\/10006800\/TalkPal\/\"],\"description\":\"Talkpal is a language learning web and mobile education app, powered by the latest AI technologies, that provides engaging experiences to its customers in many different languages to help them improve their language skills. Users can chat about unlimited amount of topics with the app and use other modes to practice their language learning.\",\"email\":\"support@talkpal.ai\",\"legalName\":\"Talkpal, Inc.\",\"foundingDate\":\"2023-04-03\",\"duns\":\"118989042\",\"numberOfEmployees\":{\"@type\":\"QuantitativeValue\",\"minValue\":\"11\",\"maxValue\":\"50\"},\"publishingPrinciples\":\"https:\/\/talkpal.ai\/publishing-principles\/\",\"actionableFeedbackPolicy\":\"https:\/\/talkpal.ai\/actionable-feedback-policy\/\",\"correctionsPolicy\":\"https:\/\/talkpal.ai\/corrections-policy\/\",\"ethicsPolicy\":\"https:\/\/talkpal.ai\/ethics-policy\/\",\"diversityPolicy\":\"https:\/\/talkpal.ai\/diversity-policy\/\",\"diversityStaffingReport\":\"https:\/\/talkpal.ai\/diversity-policy\/\"}]}<\/script>\n<!-- \/ Yoast SEO Premium plugin. -->","yoast_head_json":{"title":"Los verbos modales en la gram\u00e1tica espa\u00f1ola - Talkpal","description":"Introducci\u00f3n a los verbos modales Los verbos modales son verbos auxiliares que se utilizan para expresar modalidad, es decir, la necesidad, la","robots":{"index":"index","follow":"follow","max-snippet":"max-snippet:-1","max-image-preview":"max-image-preview:large","max-video-preview":"max-video-preview:-1"},"canonical":"https:\/\/talkpal.ai\/es\/grammar\/los-verbos-modales-en-la-gramatica-espanola\/","og_locale":"es_ES","og_type":"article","og_title":"Los verbos modales en la gram\u00e1tica espa\u00f1ola","og_description":"Introducci\u00f3n a los verbos modales Los verbos modales son verbos auxiliares que se utilizan para expresar modalidad, es decir, la necesidad, la","og_url":"https:\/\/talkpal.ai\/es\/grammar\/los-verbos-modales-en-la-gramatica-espanola\/","og_site_name":"Talkpal","article_publisher":"https:\/\/www.facebook.com\/profile.php?id=100090733639311","article_modified_time":"2023-04-22T14:13:59+00:00","og_image":[{"width":1456,"height":816,"url":"https:\/\/talkpal.ai\/wp-content\/uploads\/2023\/04\/TalkPal-Illustration-of-students-studying-grammar-lessons-111.png","type":"image\/png"}],"twitter_card":"summary_large_image","twitter_site":"@talkpalai","twitter_misc":{"Tiempo de lectura":"3 minutos"},"schema":{"@context":"https:\/\/schema.org","@graph":[{"@type":"WebPage","@id":"https:\/\/talkpal.ai\/es\/grammar\/los-verbos-modales-en-la-gramatica-espanola\/","url":"https:\/\/talkpal.ai\/es\/grammar\/los-verbos-modales-en-la-gramatica-espanola\/","name":"Los verbos modales en la gram\u00e1tica espa\u00f1ola - Talkpal","isPartOf":{"@id":"https:\/\/talkpal.ai\/es\/#website"},"primaryImageOfPage":{"@id":"https:\/\/talkpal.ai\/es\/grammar\/los-verbos-modales-en-la-gramatica-espanola\/#primaryimage"},"image":{"@id":"https:\/\/talkpal.ai\/es\/grammar\/los-verbos-modales-en-la-gramatica-espanola\/#primaryimage"},"thumbnailUrl":"https:\/\/talkpal.ai\/wp-content\/uploads\/2025\/12\/students-study-papers-to-learn-languages.webp","datePublished":"2023-03-31T08:15:01+00:00","dateModified":"2023-04-22T14:13:59+00:00","description":"Introducci\u00f3n a los verbos modales Los verbos modales son verbos auxiliares que se utilizan para expresar modalidad, es decir, la necesidad, la","breadcrumb":{"@id":"https:\/\/talkpal.ai\/es\/grammar\/los-verbos-modales-en-la-gramatica-espanola\/#breadcrumb"},"inLanguage":"es","potentialAction":[{"@type":"ReadAction","target":["https:\/\/talkpal.ai\/es\/grammar\/los-verbos-modales-en-la-gramatica-espanola\/"]}]},{"@type":"ImageObject","inLanguage":"es","@id":"https:\/\/talkpal.ai\/es\/grammar\/los-verbos-modales-en-la-gramatica-espanola\/#primaryimage","url":"https:\/\/talkpal.ai\/wp-content\/uploads\/2025\/12\/students-study-papers-to-learn-languages.webp","contentUrl":"https:\/\/talkpal.ai\/wp-content\/uploads\/2025\/12\/students-study-papers-to-learn-languages.webp","width":1200,"height":896,"caption":"A man and woman examine printed handouts while learning languages at a cafe table."},{"@type":"BreadcrumbList","@id":"https:\/\/talkpal.ai\/es\/grammar\/los-verbos-modales-en-la-gramatica-espanola\/#breadcrumb","itemListElement":[{"@type":"ListItem","position":1,"name":"Homepage","item":"https:\/\/talkpal.ai\/es\/"},{"@type":"ListItem","position":2,"name":"Los verbos modales en la gram\u00e1tica espa\u00f1ola"}]},{"@type":"WebSite","@id":"https:\/\/talkpal.ai\/es\/#website","url":"https:\/\/talkpal.ai\/es\/","name":"Talkpal","description":"AI Language Learning","publisher":{"@id":"https:\/\/talkpal.ai\/es\/#organization"},"alternateName":"Talkpal AI","potentialAction":[{"@type":"SearchAction","target":{"@type":"EntryPoint","urlTemplate":"https:\/\/talkpal.ai\/es\/?s={search_term_string}"},"query-input":{"@type":"PropertyValueSpecification","valueRequired":true,"valueName":"search_term_string"}}],"inLanguage":"es"},{"@type":"Organization","@id":"https:\/\/talkpal.ai\/es\/#organization","name":"Talkpal, Inc.","alternateName":"Talkpal AI","url":"https:\/\/talkpal.ai\/es\/","logo":{"@type":"ImageObject","inLanguage":"es","@id":"https:\/\/talkpal.ai\/es\/#\/schema\/logo\/image\/","url":"https:\/\/talkpal.ai\/wp-content\/uploads\/2024\/03\/Talkpal-Logo-Icon.png","contentUrl":"https:\/\/talkpal.ai\/wp-content\/uploads\/2024\/03\/Talkpal-Logo-Icon.png","width":2880,"height":2880,"caption":"Talkpal, Inc."},"image":{"@id":"https:\/\/talkpal.ai\/es\/#\/schema\/logo\/image\/"},"sameAs":["https:\/\/www.facebook.com\/profile.php?id=100090733639311","https:\/\/x.com\/talkpalai","https:\/\/www.linkedin.com\/company\/talkpal\/","https:\/\/www.youtube.com\/@TalkPal\/","https:\/\/www.tiktok.com\/@talkpal","https:\/\/www.instagram.com\/talkpal_ai\/","https:\/\/www.crunchbase.com\/organization\/talkpal-9cde","https:\/\/www.g2.com\/products\/talkpal-for-business\/","https:\/\/www.trustpilot.com\/review\/talkpal.ai","https:\/\/www.capterra.com\/p\/10006800\/TalkPal\/"],"description":"Talkpal is a language learning web and mobile education app, powered by the latest AI technologies, that provides engaging experiences to its customers in many different languages to help them improve their language skills. Users can chat about unlimited amount of topics with the app and use other modes to practice their language learning.","email":"support@talkpal.ai","legalName":"Talkpal, Inc.","foundingDate":"2023-04-03","duns":"118989042","numberOfEmployees":{"@type":"QuantitativeValue","minValue":"11","maxValue":"50"},"publishingPrinciples":"https:\/\/talkpal.ai\/publishing-principles\/","actionableFeedbackPolicy":"https:\/\/talkpal.ai\/actionable-feedback-policy\/","correctionsPolicy":"https:\/\/talkpal.ai\/corrections-policy\/","ethicsPolicy":"https:\/\/talkpal.ai\/ethics-policy\/","diversityPolicy":"https:\/\/talkpal.ai\/diversity-policy\/","diversityStaffingReport":"https:\/\/talkpal.ai\/diversity-policy\/"}]}},"_links":{"self":[{"href":"https:\/\/talkpal.ai\/es\/wp-json\/wp\/v2\/grammar\/5618","targetHints":{"allow":["GET"]}}],"collection":[{"href":"https:\/\/talkpal.ai\/es\/wp-json\/wp\/v2\/grammar"}],"about":[{"href":"https:\/\/talkpal.ai\/es\/wp-json\/wp\/v2\/types\/grammar"}],"wp:featuredmedia":[{"embeddable":true,"href":"https:\/\/talkpal.ai\/es\/wp-json\/wp\/v2\/media\/1527977"}],"wp:attachment":[{"href":"https:\/\/talkpal.ai\/es\/wp-json\/wp\/v2\/media?parent=5618"}],"wp:term":[{"taxonomy":"language","embeddable":true,"href":"https:\/\/talkpal.ai\/es\/wp-json\/wp\/v2\/language?post=5618"}],"curies":[{"name":"wp","href":"https:\/\/api.w.org\/{rel}","templated":true}]}}