{"id":5514,"date":"2023-03-30T10:33:31","date_gmt":"2023-03-30T10:33:31","guid":{"rendered":"http:\/\/talkpal.ai\/?post_type=grammar&#038;p=5514"},"modified":"2023-03-30T10:33:32","modified_gmt":"2023-03-30T10:33:32","slug":"la-oracion-afirmativa-simple-en-la-gramatica-francesa-una-guia-detallada","status":"publish","type":"grammar","link":"https:\/\/talkpal.ai\/es\/grammar\/la-oracion-afirmativa-simple-en-la-gramatica-francesa-una-guia-detallada\/","title":{"rendered":"La oraci\u00f3n afirmativa simple en la gram\u00e1tica francesa: una gu\u00eda detallada"},"content":{"rendered":"\n<h2 class=\"wp-block-heading\">Introducci\u00f3n<\/h2>\n\n\n\n<p>En este art\u00edculo, nos enfocaremos en profundizar en el conocimiento de la oraci\u00f3n afirmativa simple en la <a href=\"https:\/\/talkpal.ai\/pt-pt\/o-que-ha-de-especial-na-gramatica-francesa\/\">gram\u00e1tica francesa<\/a>. Analizaremos su estructura, los elementos que la componen y algunos consejos pr\u00e1cticos para dominar su uso correctamente. Al final de esta lectura, tendr\u00e1s una comprensi\u00f3n m\u00e1s clara de la oraci\u00f3n afirmativa simple en <a href=\"https:\/\/talkpal.ai\/es\/locations\/aprende-frances-leyendo\/\">franc\u00e9s<\/a> y podr\u00e1s aplicarla en tus conversaciones y escritos.<\/p>\n\n\n\n<h2 class=\"wp-block-heading\">Estructura de la oraci\u00f3n afirmativa simple<\/h2>\n\n\n\n<h3 class=\"wp-block-heading\">Sujeto + verbo + complemento<\/h3>\n\n\n\n<p>La oraci\u00f3n afirmativa simple en franc\u00e9s sigue una estructura b\u00e1sica que consiste en tres elementos principales: el sujeto, el verbo y el complemento. A continuaci\u00f3n, se presenta un ejemplo para ilustrar esta estructura:<\/p>\n\n\n\n<pre class=\"wp-block-code\"><code>Le chien (sujeto) mange (verbo) un os (complemento).<\/code><\/pre>\n\n\n\n<h3 class=\"wp-block-heading\">Concordancia entre el sujeto y el verbo<\/h3>\n\n\n\n<p>Es fundamental que el sujeto y el verbo concuerden en n\u00famero y persona. En franc\u00e9s, existen seis formas verbales diferentes para cada verbo, las cuales se corresponden con las seis personas gramaticales:<\/p>\n\n\n\n<ol class=\"wp-block-list\">\n<li>Je (yo)<\/li>\n\n\n\n<li>Tu (t\u00fa)<\/li>\n\n\n\n<li>Il\/elle\/on (\u00e9l\/ella\/uno)<\/li>\n\n\n\n<li>Nous (nosotros)<\/li>\n\n\n\n<li>Vous (ustedes)<\/li>\n\n\n\n<li>Ils\/elles (ellos\/ellas)<\/li>\n<\/ol>\n\n\n\n<p>Cada una de estas personas requiere que el verbo se conjugue de una manera espec\u00edfica. Por ejemplo, el verbo \u00ab\u00eatre\u00bb (<a href=\"https:\/\/talkpal.ai\/ko\/grammar\/ser-estar-%eb%ac%b4%ec%a7%80%ea%b0%9c%eb%ac%b8%ec%9e%90\/\">ser\/estar<\/a>):<\/p>\n\n\n\n<ol class=\"wp-block-list\">\n<li>Je suis<\/li>\n\n\n\n<li>Tu es<\/li>\n\n\n\n<li>Il\/elle\/on est<\/li>\n\n\n\n<li>Nous sommes<\/li>\n\n\n\n<li>Vous \u00eates<\/li>\n\n\n\n<li>Ils\/elles sont<\/li>\n<\/ol>\n\n\n\n<h2 class=\"wp-block-heading\">Pronombres personales sujetos<\/h2>\n\n\n\n<p>Los <a href=\"https:\/\/talkpal.ai\/ar\/grammar_exercises\/pronombres-personales-%d8%aa%d9%85%d8%a7%d8%b1%d9%8a%d9%86-%d9%84%d9%82%d9%88%d8%a7%d8%b9%d8%af-%d8%a7%d9%84%d9%84%d8%ba%d8%a9-%d8%a7%d9%84%d8%a5%d8%b3%d8%a8%d8%a7%d9%86%d9%8a%d8%a9\/\">pronombres personales<\/a> sujetos en franc\u00e9s son palabras que reemplazan al sujeto de la oraci\u00f3n. Estos son: je, tu, il, elle, on, nous, vous, ils e elles. Aqu\u00ed tienes un ejemplo de c\u00f3mo se utilizan estos pronombres en una oraci\u00f3n afirmativa simple:<\/p>\n\n\n\n<pre class=\"wp-block-code\"><code>Elle (sujeto) lit (verbo) un livre (complemento).<\/code><\/pre>\n\n\n\n<h2 class=\"wp-block-heading\">Verbos auxiliares en la oraci\u00f3n afirmativa simple<\/h2>\n\n\n\n<p>En algunos casos, la oraci\u00f3n afirmativa simple en franc\u00e9s puede incluir verbos auxiliares, <a href=\"https:\/\/talkpal.ai\/locations\/language-courses-in-como\/\">como<\/a> \u00abavoir\u00bb (<a href=\"https:\/\/talkpal.ai\/nl\/grammar\/haber-tener-in-de-spaanse-grammatica\/\">haber\/tener<\/a>) y \u00ab\u00eatre\u00bb (ser\/estar). Estos verbos se utilizan para formar los tiempos compuestos y <a href=\"https:\/\/talkpal.ai\/es\/grammar\/la-voz-pasiva-en-la-gramatica-inglesa-una-guia-exhaustiva\/\">la voz pasiva<\/a>. Aqu\u00ed tienes un ejemplo de una oraci\u00f3n afirmativa simple con un verbo auxiliar:<\/p>\n\n\n\n<pre class=\"wp-block-code\"><code>Nous avons (sujeto + verbo auxiliar) termin\u00e9 (verbo principal) le travail (complemento).<\/code><\/pre>\n\n\n\n<h2 class=\"wp-block-heading\">Adjetivos y adverbios en la oraci\u00f3n afirmativa simple<\/h2>\n\n\n\n<p>Los adjetivos y adverbios tambi\u00e9n pueden formar parte de la oraci\u00f3n afirmativa simple en franc\u00e9s. Los adjetivos concuerdan en g\u00e9nero y n\u00famero con el sustantivo al que califican, mientras que los adverbios no var\u00edan. Aqu\u00ed tienes un ejemplo de una oraci\u00f3n afirmativa simple con adjetivos y adverbios:<\/p>\n\n\n\n<pre class=\"wp-block-code\"><code>Les enfants (sujeto) jouent (verbo) tranquillement (adverbio) dans la cour (complemento).<\/code><\/pre>\n\n\n\n<h2 class=\"wp-block-heading\">Conclusi\u00f3n<\/h2>\n\n\n\n<p>La oraci\u00f3n afirmativa simple en la gram\u00e1tica francesa es fundamental para comunicarse de manera efectiva en este idioma. Conocer su estructura, los elementos que la componen y las reglas de concordancia te permitir\u00e1 construir oraciones claras y precisas en tus conversaciones y escritos en franc\u00e9s. Practica estos conceptos y, con el tiempo, dominar\u00e1s el uso de la oraci\u00f3n afirmativa simple en la lengua francesa.<\/p>\n","protected":false},"featured_media":1527782,"template":"","language":[322],"class_list":["post-5514","grammar","type-grammar","status-publish","has-post-thumbnail","hentry","language-oraciones"],"acf":[],"yoast_head":"<!-- This site is optimized with the Yoast SEO Premium plugin v27.2 (Yoast SEO v27.2) - https:\/\/yoast.com\/product\/yoast-seo-premium-wordpress\/ -->\n<title>La oraci\u00f3n afirmativa simple en la gram\u00e1tica francesa: una gu\u00eda detallada - Talkpal<\/title>\n<meta name=\"description\" content=\"Introducci\u00f3n En este art\u00edculo, nos enfocaremos en profundizar en el conocimiento de la oraci\u00f3n afirmativa simple en la gram\u00e1tica francesa. Analizaremos su\" \/>\n<meta name=\"robots\" content=\"index, follow, max-snippet:-1, max-image-preview:large, max-video-preview:-1\" \/>\n<link rel=\"canonical\" href=\"https:\/\/talkpal.ai\/es\/grammar\/la-oracion-afirmativa-simple-en-la-gramatica-francesa-una-guia-detallada\/\" \/>\n<meta property=\"og:locale\" content=\"es_ES\" \/>\n<meta property=\"og:type\" content=\"article\" \/>\n<meta property=\"og:title\" content=\"La oraci\u00f3n afirmativa simple en la gram\u00e1tica francesa: una gu\u00eda detallada\" \/>\n<meta property=\"og:description\" content=\"Introducci\u00f3n En este art\u00edculo, nos enfocaremos en profundizar en el conocimiento de la oraci\u00f3n afirmativa simple en la gram\u00e1tica francesa. Analizaremos su\" \/>\n<meta property=\"og:url\" content=\"https:\/\/talkpal.ai\/es\/grammar\/la-oracion-afirmativa-simple-en-la-gramatica-francesa-una-guia-detallada\/\" \/>\n<meta property=\"og:site_name\" content=\"Talkpal\" \/>\n<meta property=\"article:publisher\" content=\"https:\/\/www.facebook.com\/profile.php?id=100090733639311\" \/>\n<meta property=\"article:modified_time\" content=\"2023-03-30T10:33:32+00:00\" \/>\n<meta property=\"og:image\" content=\"https:\/\/talkpal.ai\/wp-content\/uploads\/2023\/04\/TalkPal-Illustration-of-students-studying-grammar-lessons-93.png\" \/>\n\t<meta property=\"og:image:width\" content=\"1456\" \/>\n\t<meta property=\"og:image:height\" content=\"816\" \/>\n\t<meta property=\"og:image:type\" content=\"image\/png\" \/>\n<meta name=\"twitter:card\" content=\"summary_large_image\" \/>\n<meta name=\"twitter:site\" content=\"@talkpalai\" \/>\n<meta name=\"twitter:label1\" content=\"Tiempo de lectura\" \/>\n\t<meta name=\"twitter:data1\" content=\"2 minutos\" \/>\n<script type=\"application\/ld+json\" class=\"yoast-schema-graph\">{\"@context\":\"https:\/\/schema.org\",\"@graph\":[{\"@type\":\"WebPage\",\"@id\":\"https:\/\/talkpal.ai\/es\/grammar\/la-oracion-afirmativa-simple-en-la-gramatica-francesa-una-guia-detallada\/\",\"url\":\"https:\/\/talkpal.ai\/es\/grammar\/la-oracion-afirmativa-simple-en-la-gramatica-francesa-una-guia-detallada\/\",\"name\":\"La oraci\u00f3n afirmativa simple en la gram\u00e1tica francesa: una gu\u00eda detallada - Talkpal\",\"isPartOf\":{\"@id\":\"https:\/\/talkpal.ai\/es\/#website\"},\"primaryImageOfPage\":{\"@id\":\"https:\/\/talkpal.ai\/es\/grammar\/la-oracion-afirmativa-simple-en-la-gramatica-francesa-una-guia-detallada\/#primaryimage\"},\"image\":{\"@id\":\"https:\/\/talkpal.ai\/es\/grammar\/la-oracion-afirmativa-simple-en-la-gramatica-francesa-una-guia-detallada\/#primaryimage\"},\"thumbnailUrl\":\"https:\/\/talkpal.ai\/wp-content\/uploads\/2025\/12\/man-pins-notes-while-learning-languages.webp\",\"datePublished\":\"2023-03-30T10:33:31+00:00\",\"dateModified\":\"2023-03-30T10:33:32+00:00\",\"description\":\"Introducci\u00f3n En este art\u00edculo, nos enfocaremos en profundizar en el conocimiento de la oraci\u00f3n afirmativa simple en la gram\u00e1tica francesa. Analizaremos su\",\"breadcrumb\":{\"@id\":\"https:\/\/talkpal.ai\/es\/grammar\/la-oracion-afirmativa-simple-en-la-gramatica-francesa-una-guia-detallada\/#breadcrumb\"},\"inLanguage\":\"es\",\"potentialAction\":[{\"@type\":\"ReadAction\",\"target\":[\"https:\/\/talkpal.ai\/es\/grammar\/la-oracion-afirmativa-simple-en-la-gramatica-francesa-una-guia-detallada\/\"]}]},{\"@type\":\"ImageObject\",\"inLanguage\":\"es\",\"@id\":\"https:\/\/talkpal.ai\/es\/grammar\/la-oracion-afirmativa-simple-en-la-gramatica-francesa-una-guia-detallada\/#primaryimage\",\"url\":\"https:\/\/talkpal.ai\/wp-content\/uploads\/2025\/12\/man-pins-notes-while-learning-languages.webp\",\"contentUrl\":\"https:\/\/talkpal.ai\/wp-content\/uploads\/2025\/12\/man-pins-notes-while-learning-languages.webp\",\"width\":1200,\"height\":896,\"caption\":\"A man uses his laptop while learning languages in a room filled with pinned study notes.\"},{\"@type\":\"BreadcrumbList\",\"@id\":\"https:\/\/talkpal.ai\/es\/grammar\/la-oracion-afirmativa-simple-en-la-gramatica-francesa-una-guia-detallada\/#breadcrumb\",\"itemListElement\":[{\"@type\":\"ListItem\",\"position\":1,\"name\":\"Homepage\",\"item\":\"https:\/\/talkpal.ai\/es\/\"},{\"@type\":\"ListItem\",\"position\":2,\"name\":\"La oraci\u00f3n afirmativa simple en la gram\u00e1tica francesa: una gu\u00eda detallada\"}]},{\"@type\":\"WebSite\",\"@id\":\"https:\/\/talkpal.ai\/es\/#website\",\"url\":\"https:\/\/talkpal.ai\/es\/\",\"name\":\"Talkpal\",\"description\":\"AI Language Learning\",\"publisher\":{\"@id\":\"https:\/\/talkpal.ai\/es\/#organization\"},\"alternateName\":\"Talkpal AI\",\"potentialAction\":[{\"@type\":\"SearchAction\",\"target\":{\"@type\":\"EntryPoint\",\"urlTemplate\":\"https:\/\/talkpal.ai\/es\/?s={search_term_string}\"},\"query-input\":{\"@type\":\"PropertyValueSpecification\",\"valueRequired\":true,\"valueName\":\"search_term_string\"}}],\"inLanguage\":\"es\"},{\"@type\":\"Organization\",\"@id\":\"https:\/\/talkpal.ai\/es\/#organization\",\"name\":\"Talkpal, Inc.\",\"alternateName\":\"Talkpal AI\",\"url\":\"https:\/\/talkpal.ai\/es\/\",\"logo\":{\"@type\":\"ImageObject\",\"inLanguage\":\"es\",\"@id\":\"https:\/\/talkpal.ai\/es\/#\/schema\/logo\/image\/\",\"url\":\"https:\/\/talkpal.ai\/wp-content\/uploads\/2024\/03\/Talkpal-Logo-Icon.png\",\"contentUrl\":\"https:\/\/talkpal.ai\/wp-content\/uploads\/2024\/03\/Talkpal-Logo-Icon.png\",\"width\":2880,\"height\":2880,\"caption\":\"Talkpal, Inc.\"},\"image\":{\"@id\":\"https:\/\/talkpal.ai\/es\/#\/schema\/logo\/image\/\"},\"sameAs\":[\"https:\/\/www.facebook.com\/profile.php?id=100090733639311\",\"https:\/\/x.com\/talkpalai\",\"https:\/\/www.linkedin.com\/company\/talkpal\/\",\"https:\/\/www.youtube.com\/@TalkPal\/\",\"https:\/\/www.tiktok.com\/@talkpal\",\"https:\/\/www.instagram.com\/talkpal_ai\/\",\"https:\/\/www.crunchbase.com\/organization\/talkpal-9cde\",\"https:\/\/www.g2.com\/products\/talkpal-for-business\/\",\"https:\/\/www.trustpilot.com\/review\/talkpal.ai\",\"https:\/\/www.capterra.com\/p\/10006800\/TalkPal\/\"],\"description\":\"Talkpal is a language learning web and mobile education app, powered by the latest AI technologies, that provides engaging experiences to its customers in many different languages to help them improve their language skills. Users can chat about unlimited amount of topics with the app and use other modes to practice their language learning.\",\"email\":\"support@talkpal.ai\",\"legalName\":\"Talkpal, Inc.\",\"foundingDate\":\"2023-04-03\",\"duns\":\"118989042\",\"numberOfEmployees\":{\"@type\":\"QuantitativeValue\",\"minValue\":\"11\",\"maxValue\":\"50\"},\"publishingPrinciples\":\"https:\/\/talkpal.ai\/publishing-principles\/\",\"actionableFeedbackPolicy\":\"https:\/\/talkpal.ai\/actionable-feedback-policy\/\",\"correctionsPolicy\":\"https:\/\/talkpal.ai\/corrections-policy\/\",\"ethicsPolicy\":\"https:\/\/talkpal.ai\/ethics-policy\/\",\"diversityPolicy\":\"https:\/\/talkpal.ai\/diversity-policy\/\",\"diversityStaffingReport\":\"https:\/\/talkpal.ai\/diversity-policy\/\"}]}<\/script>\n<!-- \/ Yoast SEO Premium plugin. -->","yoast_head_json":{"title":"La oraci\u00f3n afirmativa simple en la gram\u00e1tica francesa: una gu\u00eda detallada - Talkpal","description":"Introducci\u00f3n En este art\u00edculo, nos enfocaremos en profundizar en el conocimiento de la oraci\u00f3n afirmativa simple en la gram\u00e1tica francesa. Analizaremos su","robots":{"index":"index","follow":"follow","max-snippet":"max-snippet:-1","max-image-preview":"max-image-preview:large","max-video-preview":"max-video-preview:-1"},"canonical":"https:\/\/talkpal.ai\/es\/grammar\/la-oracion-afirmativa-simple-en-la-gramatica-francesa-una-guia-detallada\/","og_locale":"es_ES","og_type":"article","og_title":"La oraci\u00f3n afirmativa simple en la gram\u00e1tica francesa: una gu\u00eda detallada","og_description":"Introducci\u00f3n En este art\u00edculo, nos enfocaremos en profundizar en el conocimiento de la oraci\u00f3n afirmativa simple en la gram\u00e1tica francesa. Analizaremos su","og_url":"https:\/\/talkpal.ai\/es\/grammar\/la-oracion-afirmativa-simple-en-la-gramatica-francesa-una-guia-detallada\/","og_site_name":"Talkpal","article_publisher":"https:\/\/www.facebook.com\/profile.php?id=100090733639311","article_modified_time":"2023-03-30T10:33:32+00:00","og_image":[{"width":1456,"height":816,"url":"https:\/\/talkpal.ai\/wp-content\/uploads\/2023\/04\/TalkPal-Illustration-of-students-studying-grammar-lessons-93.png","type":"image\/png"}],"twitter_card":"summary_large_image","twitter_site":"@talkpalai","twitter_misc":{"Tiempo de lectura":"2 minutos"},"schema":{"@context":"https:\/\/schema.org","@graph":[{"@type":"WebPage","@id":"https:\/\/talkpal.ai\/es\/grammar\/la-oracion-afirmativa-simple-en-la-gramatica-francesa-una-guia-detallada\/","url":"https:\/\/talkpal.ai\/es\/grammar\/la-oracion-afirmativa-simple-en-la-gramatica-francesa-una-guia-detallada\/","name":"La oraci\u00f3n afirmativa simple en la gram\u00e1tica francesa: una gu\u00eda detallada - Talkpal","isPartOf":{"@id":"https:\/\/talkpal.ai\/es\/#website"},"primaryImageOfPage":{"@id":"https:\/\/talkpal.ai\/es\/grammar\/la-oracion-afirmativa-simple-en-la-gramatica-francesa-una-guia-detallada\/#primaryimage"},"image":{"@id":"https:\/\/talkpal.ai\/es\/grammar\/la-oracion-afirmativa-simple-en-la-gramatica-francesa-una-guia-detallada\/#primaryimage"},"thumbnailUrl":"https:\/\/talkpal.ai\/wp-content\/uploads\/2025\/12\/man-pins-notes-while-learning-languages.webp","datePublished":"2023-03-30T10:33:31+00:00","dateModified":"2023-03-30T10:33:32+00:00","description":"Introducci\u00f3n En este art\u00edculo, nos enfocaremos en profundizar en el conocimiento de la oraci\u00f3n afirmativa simple en la gram\u00e1tica francesa. Analizaremos su","breadcrumb":{"@id":"https:\/\/talkpal.ai\/es\/grammar\/la-oracion-afirmativa-simple-en-la-gramatica-francesa-una-guia-detallada\/#breadcrumb"},"inLanguage":"es","potentialAction":[{"@type":"ReadAction","target":["https:\/\/talkpal.ai\/es\/grammar\/la-oracion-afirmativa-simple-en-la-gramatica-francesa-una-guia-detallada\/"]}]},{"@type":"ImageObject","inLanguage":"es","@id":"https:\/\/talkpal.ai\/es\/grammar\/la-oracion-afirmativa-simple-en-la-gramatica-francesa-una-guia-detallada\/#primaryimage","url":"https:\/\/talkpal.ai\/wp-content\/uploads\/2025\/12\/man-pins-notes-while-learning-languages.webp","contentUrl":"https:\/\/talkpal.ai\/wp-content\/uploads\/2025\/12\/man-pins-notes-while-learning-languages.webp","width":1200,"height":896,"caption":"A man uses his laptop while learning languages in a room filled with pinned study notes."},{"@type":"BreadcrumbList","@id":"https:\/\/talkpal.ai\/es\/grammar\/la-oracion-afirmativa-simple-en-la-gramatica-francesa-una-guia-detallada\/#breadcrumb","itemListElement":[{"@type":"ListItem","position":1,"name":"Homepage","item":"https:\/\/talkpal.ai\/es\/"},{"@type":"ListItem","position":2,"name":"La oraci\u00f3n afirmativa simple en la gram\u00e1tica francesa: una gu\u00eda detallada"}]},{"@type":"WebSite","@id":"https:\/\/talkpal.ai\/es\/#website","url":"https:\/\/talkpal.ai\/es\/","name":"Talkpal","description":"AI Language Learning","publisher":{"@id":"https:\/\/talkpal.ai\/es\/#organization"},"alternateName":"Talkpal AI","potentialAction":[{"@type":"SearchAction","target":{"@type":"EntryPoint","urlTemplate":"https:\/\/talkpal.ai\/es\/?s={search_term_string}"},"query-input":{"@type":"PropertyValueSpecification","valueRequired":true,"valueName":"search_term_string"}}],"inLanguage":"es"},{"@type":"Organization","@id":"https:\/\/talkpal.ai\/es\/#organization","name":"Talkpal, Inc.","alternateName":"Talkpal AI","url":"https:\/\/talkpal.ai\/es\/","logo":{"@type":"ImageObject","inLanguage":"es","@id":"https:\/\/talkpal.ai\/es\/#\/schema\/logo\/image\/","url":"https:\/\/talkpal.ai\/wp-content\/uploads\/2024\/03\/Talkpal-Logo-Icon.png","contentUrl":"https:\/\/talkpal.ai\/wp-content\/uploads\/2024\/03\/Talkpal-Logo-Icon.png","width":2880,"height":2880,"caption":"Talkpal, Inc."},"image":{"@id":"https:\/\/talkpal.ai\/es\/#\/schema\/logo\/image\/"},"sameAs":["https:\/\/www.facebook.com\/profile.php?id=100090733639311","https:\/\/x.com\/talkpalai","https:\/\/www.linkedin.com\/company\/talkpal\/","https:\/\/www.youtube.com\/@TalkPal\/","https:\/\/www.tiktok.com\/@talkpal","https:\/\/www.instagram.com\/talkpal_ai\/","https:\/\/www.crunchbase.com\/organization\/talkpal-9cde","https:\/\/www.g2.com\/products\/talkpal-for-business\/","https:\/\/www.trustpilot.com\/review\/talkpal.ai","https:\/\/www.capterra.com\/p\/10006800\/TalkPal\/"],"description":"Talkpal is a language learning web and mobile education app, powered by the latest AI technologies, that provides engaging experiences to its customers in many different languages to help them improve their language skills. Users can chat about unlimited amount of topics with the app and use other modes to practice their language learning.","email":"support@talkpal.ai","legalName":"Talkpal, Inc.","foundingDate":"2023-04-03","duns":"118989042","numberOfEmployees":{"@type":"QuantitativeValue","minValue":"11","maxValue":"50"},"publishingPrinciples":"https:\/\/talkpal.ai\/publishing-principles\/","actionableFeedbackPolicy":"https:\/\/talkpal.ai\/actionable-feedback-policy\/","correctionsPolicy":"https:\/\/talkpal.ai\/corrections-policy\/","ethicsPolicy":"https:\/\/talkpal.ai\/ethics-policy\/","diversityPolicy":"https:\/\/talkpal.ai\/diversity-policy\/","diversityStaffingReport":"https:\/\/talkpal.ai\/diversity-policy\/"}]}},"_links":{"self":[{"href":"https:\/\/talkpal.ai\/es\/wp-json\/wp\/v2\/grammar\/5514","targetHints":{"allow":["GET"]}}],"collection":[{"href":"https:\/\/talkpal.ai\/es\/wp-json\/wp\/v2\/grammar"}],"about":[{"href":"https:\/\/talkpal.ai\/es\/wp-json\/wp\/v2\/types\/grammar"}],"wp:featuredmedia":[{"embeddable":true,"href":"https:\/\/talkpal.ai\/es\/wp-json\/wp\/v2\/media\/1527782"}],"wp:attachment":[{"href":"https:\/\/talkpal.ai\/es\/wp-json\/wp\/v2\/media?parent=5514"}],"wp:term":[{"taxonomy":"language","embeddable":true,"href":"https:\/\/talkpal.ai\/es\/wp-json\/wp\/v2\/language?post=5514"}],"curies":[{"name":"wp","href":"https:\/\/api.w.org\/{rel}","templated":true}]}}