{"id":5511,"date":"2023-03-30T10:23:22","date_gmt":"2023-03-30T10:23:22","guid":{"rendered":"http:\/\/talkpal.ai\/?post_type=grammar&#038;p=5511"},"modified":"2023-04-22T14:16:01","modified_gmt":"2023-04-22T14:16:01","slug":"la-posicion-de-los-adverbios-en-la-gramatica-francesa-una-guia-completa","status":"publish","type":"grammar","link":"https:\/\/talkpal.ai\/es\/grammar\/la-posicion-de-los-adverbios-en-la-gramatica-francesa-una-guia-completa\/","title":{"rendered":"La posici\u00f3n de los adverbios en la gram\u00e1tica francesa: una gu\u00eda completa"},"content":{"rendered":"\n<h2 class=\"wp-block-heading\">Introducci\u00f3n<\/h2>\n\n\n\n<p>En este art\u00edculo, profundizaremos en el tema de la posici\u00f3n de los adverbios en la <a href=\"https:\/\/talkpal.ai\/pt-pt\/o-que-ha-de-especial-na-gramatica-francesa\/\">gram\u00e1tica francesa<\/a>. Abordaremos las reglas generales, las excepciones y los casos espec\u00edficos que deben considerarse para dominar este aspecto esencial de la lengua francesa.<\/p>\n\n\n\n<h2 class=\"wp-block-heading\">Reglas generales para la posici\u00f3n de los adverbios<\/h2>\n\n\n\n<h3 class=\"wp-block-heading\">Adverbios y verbos<\/h3>\n\n\n\n<p>En la mayor\u00eda de los casos, los adverbios se colocan despu\u00e9s del verbo al que modifican. Por ejemplo:<\/p>\n\n\n\n<ul class=\"wp-block-list\">\n<li>Elle chante <em>bien<\/em>.<\/li>\n\n\n\n<li>Ils travaillent <em>rapidement<\/em>.<\/li>\n<\/ul>\n\n\n\n<p><a href=\"https:\/\/talkpal.ai\/culture\/how-do-i-use-the-expression-sin-embargo\/\">Sin embargo<\/a>, cuando el verbo est\u00e1 en un tiempo compuesto, el adverbio se coloca generalmente entre el auxiliar y el <a href=\"https:\/\/talkpal.ai\/zh-hans\/grammar_exercises\/participio-%e8%a5%bf%e7%8f%ad%e7%89%99%e8%af%ad%e6%b3%95%e7%bb%83%e4%b9%a0\/\">participio<\/a> pasado:<\/p>\n\n\n\n<ul class=\"wp-block-list\">\n<li>Elle <em>a<\/em> <em>bien<\/em> <em>chant\u00e9<\/em>.<\/li>\n\n\n\n<li>Ils <em>ont<\/em> <em>rapidement<\/em> <em>travaill\u00e9<\/em>.<\/li>\n<\/ul>\n\n\n\n<h3 class=\"wp-block-heading\">Adverbios y adjetivos<\/h3>\n\n\n\n<p>Cuando un adverbio modifica un adjetivo, se coloca delante del adjetivo:<\/p>\n\n\n\n<ul class=\"wp-block-list\">\n<li>Elle est <em>tr\u00e8s<\/em> jolie.<\/li>\n\n\n\n<li>La maison est <em>assez<\/em> grande.<\/li>\n<\/ul>\n\n\n\n<h3 class=\"wp-block-heading\">Adverbios y otros adverbios<\/h3>\n\n\n\n<p>Cuando un adverbio modifica a otro adverbio, se coloca tambi\u00e9n delante del adverbio que modifica:<\/p>\n\n\n\n<ul class=\"wp-block-list\">\n<li>Il parle <em>tr\u00e8s<\/em> <em>lentement<\/em>.<\/li>\n\n\n\n<li>Elle conduit <em>assez<\/em> <em>prudemment<\/em>.<\/li>\n<\/ul>\n\n\n\n<h2 class=\"wp-block-heading\">Casos espec\u00edficos y excepciones<\/h2>\n\n\n\n<h3 class=\"wp-block-heading\">Adverbios de cantidad y de negaci\u00f3n<\/h3>\n\n\n\n<p>Los adverbios de cantidad y de <a href=\"https:\/\/talkpal.ai\/zh-hans\/grammar_exercises\/negacion-%e8%a5%bf%e7%8f%ad%e7%89%99%e8%af%ad%e6%b3%95%e7%bb%83%e4%b9%a0\/\">negaci\u00f3n<\/a>, <a href=\"https:\/\/talkpal.ai\/locations\/language-courses-in-como\/\">como<\/a> <em>beaucoup, peu, trop, pas,<\/em> etc., siguen las mismas reglas generales de posici\u00f3n que los dem\u00e1s adverbios. Sin embargo, en caso de negaci\u00f3n, se coloca <em>ne<\/em> antes del verbo y <em>pas<\/em> despu\u00e9s:<\/p>\n\n\n\n<ul class=\"wp-block-list\">\n<li>Elle <em>ne<\/em> chante <em>pas<\/em>.<\/li>\n\n\n\n<li>Ils <em>ne<\/em> travaillent <em>pas<\/em> <em>beaucoup<\/em>.<\/li>\n<\/ul>\n\n\n\n<h3 class=\"wp-block-heading\">Adverbios de tiempo<\/h3>\n\n\n\n<p>Los <a href=\"https:\/\/talkpal.ai\/fr\/grammar\/adverbes-de-temps-en-grammaire-tagalog\/\">adverbios de tiempo<\/a>, como <em>hier, aujourd&#8217;hui, demain, t\u00f4t, tard,<\/em> etc., pueden colocarse en diferentes posiciones en funci\u00f3n del \u00e9nfasis que se quiera dar:<\/p>\n\n\n\n<ul class=\"wp-block-list\">\n<li>Elle est arriv\u00e9e <em>tard<\/em>.<\/li>\n\n\n\n<li><em>Tard<\/em>, elle est arriv\u00e9e.<\/li>\n\n\n\n<li>Elle est <em>tard<\/em> arriv\u00e9e.<\/li>\n<\/ul>\n\n\n\n<h3 class=\"wp-block-heading\">Adverbios de lugar<\/h3>\n\n\n\n<p>Los adverbios de lugar, como <em>ici, l\u00e0, pr\u00e8s, loin, partout,<\/em> etc., pueden colocarse antes o despu\u00e9s del verbo, seg\u00fan el \u00e9nfasis:<\/p>\n\n\n\n<ul class=\"wp-block-list\">\n<li>Ils habitent <em>loin<\/em>.<\/li>\n\n\n\n<li><em>Loin<\/em>, ils habitent.<\/li>\n<\/ul>\n\n\n\n<h2 class=\"wp-block-heading\">Adverbios y pronombres<\/h2>\n\n\n\n<p>Cuando un adverbio modifica un pronombre, generalmente se coloca despu\u00e9s del pronombre:<\/p>\n\n\n\n<ul class=\"wp-block-list\">\n<li><em>Quelque chose<\/em> <em>de<\/em> <em>bon<\/em>.<\/li>\n\n\n\n<li><em>Rien<\/em> <em>d&#8217;important<\/em>.<\/li>\n<\/ul>\n\n\n\n<h2 class=\"wp-block-heading\">Adverbios invariables<\/h2>\n\n\n\n<p>Algunos adverbios son invariables y mantienen siempre la misma posici\u00f3n en la oraci\u00f3n, como <em>aussi, d\u00e9j\u00e0, encore, seulement, ne\u2026que,<\/em> etc.:<\/p>\n\n\n\n<ul class=\"wp-block-list\">\n<li>Elle est <em>aussi<\/em> jolie que sa s\u0153ur.<\/li>\n\n\n\n<li>J&#8217;ai <em>d\u00e9j\u00e0<\/em> mang\u00e9.<\/li>\n<\/ul>\n\n\n\n<h2 class=\"wp-block-heading\">Conclusi\u00f3n<\/h2>\n\n\n\n<p>Dominar la posici\u00f3n de los adverbios en la gram\u00e1tica francesa es esencial para expresarse correctamente y con fluidez en esta lengua. Si bien existen reglas generales, es importante prestar atenci\u00f3n a los casos espec\u00edficos y las excepciones para evitar errores y confusiones. Esperamos que este art\u00edculo haya sido \u00fatil para ayudarte a comprender mejor este aspecto fundamental de la lengua francesa.<\/p>\n","protected":false},"featured_media":1528075,"template":"","language":[320,312],"class_list":["post-5511","grammar","type-grammar","status-publish","has-post-thumbnail","hentry","language-adverbios-es-2","language-frances"],"acf":[],"yoast_head":"<!-- This site is optimized with the Yoast SEO Premium plugin v27.2 (Yoast SEO v27.2) - https:\/\/yoast.com\/product\/yoast-seo-premium-wordpress\/ -->\n<title>La posici\u00f3n de los adverbios en la gram\u00e1tica francesa: una gu\u00eda completa - Talkpal<\/title>\n<meta name=\"description\" content=\"Introducci\u00f3n En este art\u00edculo, profundizaremos en el tema de la posici\u00f3n de los adverbios en la gram\u00e1tica francesa. Abordaremos las reglas generales, las\" \/>\n<meta name=\"robots\" content=\"index, follow, max-snippet:-1, max-image-preview:large, max-video-preview:-1\" \/>\n<link rel=\"canonical\" href=\"https:\/\/talkpal.ai\/es\/grammar\/la-posicion-de-los-adverbios-en-la-gramatica-francesa-una-guia-completa\/\" \/>\n<meta property=\"og:locale\" content=\"es_ES\" \/>\n<meta property=\"og:type\" content=\"article\" \/>\n<meta property=\"og:title\" content=\"La posici\u00f3n de los adverbios en la gram\u00e1tica francesa: una gu\u00eda completa\" \/>\n<meta property=\"og:description\" content=\"Introducci\u00f3n En este art\u00edculo, profundizaremos en el tema de la posici\u00f3n de los adverbios en la gram\u00e1tica francesa. Abordaremos las reglas generales, las\" \/>\n<meta property=\"og:url\" content=\"https:\/\/talkpal.ai\/es\/grammar\/la-posicion-de-los-adverbios-en-la-gramatica-francesa-una-guia-completa\/\" \/>\n<meta property=\"og:site_name\" content=\"Talkpal\" \/>\n<meta property=\"article:publisher\" content=\"https:\/\/www.facebook.com\/profile.php?id=100090733639311\" \/>\n<meta property=\"article:modified_time\" content=\"2023-04-22T14:16:01+00:00\" \/>\n<meta property=\"og:image\" content=\"https:\/\/talkpal.ai\/wp-content\/uploads\/2023\/04\/TalkPal-Illustration-of-students-studying-grammar-lessons-16.png\" \/>\n\t<meta property=\"og:image:width\" content=\"1456\" \/>\n\t<meta property=\"og:image:height\" content=\"816\" \/>\n\t<meta property=\"og:image:type\" content=\"image\/png\" \/>\n<meta name=\"twitter:card\" content=\"summary_large_image\" \/>\n<meta name=\"twitter:site\" content=\"@talkpalai\" \/>\n<meta name=\"twitter:label1\" content=\"Tiempo de lectura\" \/>\n\t<meta name=\"twitter:data1\" content=\"2 minutos\" \/>\n<script type=\"application\/ld+json\" class=\"yoast-schema-graph\">{\"@context\":\"https:\/\/schema.org\",\"@graph\":[{\"@type\":\"WebPage\",\"@id\":\"https:\/\/talkpal.ai\/es\/grammar\/la-posicion-de-los-adverbios-en-la-gramatica-francesa-una-guia-completa\/\",\"url\":\"https:\/\/talkpal.ai\/es\/grammar\/la-posicion-de-los-adverbios-en-la-gramatica-francesa-una-guia-completa\/\",\"name\":\"La posici\u00f3n de los adverbios en la gram\u00e1tica francesa: una gu\u00eda completa - Talkpal\",\"isPartOf\":{\"@id\":\"https:\/\/talkpal.ai\/es\/#website\"},\"primaryImageOfPage\":{\"@id\":\"https:\/\/talkpal.ai\/es\/grammar\/la-posicion-de-los-adverbios-en-la-gramatica-francesa-una-guia-completa\/#primaryimage\"},\"image\":{\"@id\":\"https:\/\/talkpal.ai\/es\/grammar\/la-posicion-de-los-adverbios-en-la-gramatica-francesa-una-guia-completa\/#primaryimage\"},\"thumbnailUrl\":\"https:\/\/talkpal.ai\/wp-content\/uploads\/2025\/12\/vocabulary-is-penned-to-learn-languages.webp\",\"datePublished\":\"2023-03-30T10:23:22+00:00\",\"dateModified\":\"2023-04-22T14:16:01+00:00\",\"description\":\"Introducci\u00f3n En este art\u00edculo, profundizaremos en el tema de la posici\u00f3n de los adverbios en la gram\u00e1tica francesa. Abordaremos las reglas generales, las\",\"breadcrumb\":{\"@id\":\"https:\/\/talkpal.ai\/es\/grammar\/la-posicion-de-los-adverbios-en-la-gramatica-francesa-una-guia-completa\/#breadcrumb\"},\"inLanguage\":\"es\",\"potentialAction\":[{\"@type\":\"ReadAction\",\"target\":[\"https:\/\/talkpal.ai\/es\/grammar\/la-posicion-de-los-adverbios-en-la-gramatica-francesa-una-guia-completa\/\"]}]},{\"@type\":\"ImageObject\",\"inLanguage\":\"es\",\"@id\":\"https:\/\/talkpal.ai\/es\/grammar\/la-posicion-de-los-adverbios-en-la-gramatica-francesa-una-guia-completa\/#primaryimage\",\"url\":\"https:\/\/talkpal.ai\/wp-content\/uploads\/2025\/12\/vocabulary-is-penned-to-learn-languages.webp\",\"contentUrl\":\"https:\/\/talkpal.ai\/wp-content\/uploads\/2025\/12\/vocabulary-is-penned-to-learn-languages.webp\",\"width\":1200,\"height\":896,\"caption\":\"A group of students writes in notebooks while learning languages in a library.\"},{\"@type\":\"BreadcrumbList\",\"@id\":\"https:\/\/talkpal.ai\/es\/grammar\/la-posicion-de-los-adverbios-en-la-gramatica-francesa-una-guia-completa\/#breadcrumb\",\"itemListElement\":[{\"@type\":\"ListItem\",\"position\":1,\"name\":\"Homepage\",\"item\":\"https:\/\/talkpal.ai\/es\/\"},{\"@type\":\"ListItem\",\"position\":2,\"name\":\"La posici\u00f3n de los adverbios en la gram\u00e1tica francesa: una gu\u00eda completa\"}]},{\"@type\":\"WebSite\",\"@id\":\"https:\/\/talkpal.ai\/es\/#website\",\"url\":\"https:\/\/talkpal.ai\/es\/\",\"name\":\"Talkpal\",\"description\":\"AI Language Learning\",\"publisher\":{\"@id\":\"https:\/\/talkpal.ai\/es\/#organization\"},\"alternateName\":\"Talkpal AI\",\"potentialAction\":[{\"@type\":\"SearchAction\",\"target\":{\"@type\":\"EntryPoint\",\"urlTemplate\":\"https:\/\/talkpal.ai\/es\/?s={search_term_string}\"},\"query-input\":{\"@type\":\"PropertyValueSpecification\",\"valueRequired\":true,\"valueName\":\"search_term_string\"}}],\"inLanguage\":\"es\"},{\"@type\":\"Organization\",\"@id\":\"https:\/\/talkpal.ai\/es\/#organization\",\"name\":\"Talkpal, Inc.\",\"alternateName\":\"Talkpal AI\",\"url\":\"https:\/\/talkpal.ai\/es\/\",\"logo\":{\"@type\":\"ImageObject\",\"inLanguage\":\"es\",\"@id\":\"https:\/\/talkpal.ai\/es\/#\/schema\/logo\/image\/\",\"url\":\"https:\/\/talkpal.ai\/wp-content\/uploads\/2024\/03\/Talkpal-Logo-Icon.png\",\"contentUrl\":\"https:\/\/talkpal.ai\/wp-content\/uploads\/2024\/03\/Talkpal-Logo-Icon.png\",\"width\":2880,\"height\":2880,\"caption\":\"Talkpal, Inc.\"},\"image\":{\"@id\":\"https:\/\/talkpal.ai\/es\/#\/schema\/logo\/image\/\"},\"sameAs\":[\"https:\/\/www.facebook.com\/profile.php?id=100090733639311\",\"https:\/\/x.com\/talkpalai\",\"https:\/\/www.linkedin.com\/company\/talkpal\/\",\"https:\/\/www.youtube.com\/@TalkPal\/\",\"https:\/\/www.tiktok.com\/@talkpal\",\"https:\/\/www.instagram.com\/talkpal_ai\/\",\"https:\/\/www.crunchbase.com\/organization\/talkpal-9cde\",\"https:\/\/www.g2.com\/products\/talkpal-for-business\/\",\"https:\/\/www.trustpilot.com\/review\/talkpal.ai\",\"https:\/\/www.capterra.com\/p\/10006800\/TalkPal\/\"],\"description\":\"Talkpal is a language learning web and mobile education app, powered by the latest AI technologies, that provides engaging experiences to its customers in many different languages to help them improve their language skills. Users can chat about unlimited amount of topics with the app and use other modes to practice their language learning.\",\"email\":\"support@talkpal.ai\",\"legalName\":\"Talkpal, Inc.\",\"foundingDate\":\"2023-04-03\",\"duns\":\"118989042\",\"numberOfEmployees\":{\"@type\":\"QuantitativeValue\",\"minValue\":\"11\",\"maxValue\":\"50\"},\"publishingPrinciples\":\"https:\/\/talkpal.ai\/publishing-principles\/\",\"actionableFeedbackPolicy\":\"https:\/\/talkpal.ai\/actionable-feedback-policy\/\",\"correctionsPolicy\":\"https:\/\/talkpal.ai\/corrections-policy\/\",\"ethicsPolicy\":\"https:\/\/talkpal.ai\/ethics-policy\/\",\"diversityPolicy\":\"https:\/\/talkpal.ai\/diversity-policy\/\",\"diversityStaffingReport\":\"https:\/\/talkpal.ai\/diversity-policy\/\"}]}<\/script>\n<!-- \/ Yoast SEO Premium plugin. -->","yoast_head_json":{"title":"La posici\u00f3n de los adverbios en la gram\u00e1tica francesa: una gu\u00eda completa - Talkpal","description":"Introducci\u00f3n En este art\u00edculo, profundizaremos en el tema de la posici\u00f3n de los adverbios en la gram\u00e1tica francesa. Abordaremos las reglas generales, las","robots":{"index":"index","follow":"follow","max-snippet":"max-snippet:-1","max-image-preview":"max-image-preview:large","max-video-preview":"max-video-preview:-1"},"canonical":"https:\/\/talkpal.ai\/es\/grammar\/la-posicion-de-los-adverbios-en-la-gramatica-francesa-una-guia-completa\/","og_locale":"es_ES","og_type":"article","og_title":"La posici\u00f3n de los adverbios en la gram\u00e1tica francesa: una gu\u00eda completa","og_description":"Introducci\u00f3n En este art\u00edculo, profundizaremos en el tema de la posici\u00f3n de los adverbios en la gram\u00e1tica francesa. Abordaremos las reglas generales, las","og_url":"https:\/\/talkpal.ai\/es\/grammar\/la-posicion-de-los-adverbios-en-la-gramatica-francesa-una-guia-completa\/","og_site_name":"Talkpal","article_publisher":"https:\/\/www.facebook.com\/profile.php?id=100090733639311","article_modified_time":"2023-04-22T14:16:01+00:00","og_image":[{"width":1456,"height":816,"url":"https:\/\/talkpal.ai\/wp-content\/uploads\/2023\/04\/TalkPal-Illustration-of-students-studying-grammar-lessons-16.png","type":"image\/png"}],"twitter_card":"summary_large_image","twitter_site":"@talkpalai","twitter_misc":{"Tiempo de lectura":"2 minutos"},"schema":{"@context":"https:\/\/schema.org","@graph":[{"@type":"WebPage","@id":"https:\/\/talkpal.ai\/es\/grammar\/la-posicion-de-los-adverbios-en-la-gramatica-francesa-una-guia-completa\/","url":"https:\/\/talkpal.ai\/es\/grammar\/la-posicion-de-los-adverbios-en-la-gramatica-francesa-una-guia-completa\/","name":"La posici\u00f3n de los adverbios en la gram\u00e1tica francesa: una gu\u00eda completa - Talkpal","isPartOf":{"@id":"https:\/\/talkpal.ai\/es\/#website"},"primaryImageOfPage":{"@id":"https:\/\/talkpal.ai\/es\/grammar\/la-posicion-de-los-adverbios-en-la-gramatica-francesa-una-guia-completa\/#primaryimage"},"image":{"@id":"https:\/\/talkpal.ai\/es\/grammar\/la-posicion-de-los-adverbios-en-la-gramatica-francesa-una-guia-completa\/#primaryimage"},"thumbnailUrl":"https:\/\/talkpal.ai\/wp-content\/uploads\/2025\/12\/vocabulary-is-penned-to-learn-languages.webp","datePublished":"2023-03-30T10:23:22+00:00","dateModified":"2023-04-22T14:16:01+00:00","description":"Introducci\u00f3n En este art\u00edculo, profundizaremos en el tema de la posici\u00f3n de los adverbios en la gram\u00e1tica francesa. Abordaremos las reglas generales, las","breadcrumb":{"@id":"https:\/\/talkpal.ai\/es\/grammar\/la-posicion-de-los-adverbios-en-la-gramatica-francesa-una-guia-completa\/#breadcrumb"},"inLanguage":"es","potentialAction":[{"@type":"ReadAction","target":["https:\/\/talkpal.ai\/es\/grammar\/la-posicion-de-los-adverbios-en-la-gramatica-francesa-una-guia-completa\/"]}]},{"@type":"ImageObject","inLanguage":"es","@id":"https:\/\/talkpal.ai\/es\/grammar\/la-posicion-de-los-adverbios-en-la-gramatica-francesa-una-guia-completa\/#primaryimage","url":"https:\/\/talkpal.ai\/wp-content\/uploads\/2025\/12\/vocabulary-is-penned-to-learn-languages.webp","contentUrl":"https:\/\/talkpal.ai\/wp-content\/uploads\/2025\/12\/vocabulary-is-penned-to-learn-languages.webp","width":1200,"height":896,"caption":"A group of students writes in notebooks while learning languages in a library."},{"@type":"BreadcrumbList","@id":"https:\/\/talkpal.ai\/es\/grammar\/la-posicion-de-los-adverbios-en-la-gramatica-francesa-una-guia-completa\/#breadcrumb","itemListElement":[{"@type":"ListItem","position":1,"name":"Homepage","item":"https:\/\/talkpal.ai\/es\/"},{"@type":"ListItem","position":2,"name":"La posici\u00f3n de los adverbios en la gram\u00e1tica francesa: una gu\u00eda completa"}]},{"@type":"WebSite","@id":"https:\/\/talkpal.ai\/es\/#website","url":"https:\/\/talkpal.ai\/es\/","name":"Talkpal","description":"AI Language Learning","publisher":{"@id":"https:\/\/talkpal.ai\/es\/#organization"},"alternateName":"Talkpal AI","potentialAction":[{"@type":"SearchAction","target":{"@type":"EntryPoint","urlTemplate":"https:\/\/talkpal.ai\/es\/?s={search_term_string}"},"query-input":{"@type":"PropertyValueSpecification","valueRequired":true,"valueName":"search_term_string"}}],"inLanguage":"es"},{"@type":"Organization","@id":"https:\/\/talkpal.ai\/es\/#organization","name":"Talkpal, Inc.","alternateName":"Talkpal AI","url":"https:\/\/talkpal.ai\/es\/","logo":{"@type":"ImageObject","inLanguage":"es","@id":"https:\/\/talkpal.ai\/es\/#\/schema\/logo\/image\/","url":"https:\/\/talkpal.ai\/wp-content\/uploads\/2024\/03\/Talkpal-Logo-Icon.png","contentUrl":"https:\/\/talkpal.ai\/wp-content\/uploads\/2024\/03\/Talkpal-Logo-Icon.png","width":2880,"height":2880,"caption":"Talkpal, Inc."},"image":{"@id":"https:\/\/talkpal.ai\/es\/#\/schema\/logo\/image\/"},"sameAs":["https:\/\/www.facebook.com\/profile.php?id=100090733639311","https:\/\/x.com\/talkpalai","https:\/\/www.linkedin.com\/company\/talkpal\/","https:\/\/www.youtube.com\/@TalkPal\/","https:\/\/www.tiktok.com\/@talkpal","https:\/\/www.instagram.com\/talkpal_ai\/","https:\/\/www.crunchbase.com\/organization\/talkpal-9cde","https:\/\/www.g2.com\/products\/talkpal-for-business\/","https:\/\/www.trustpilot.com\/review\/talkpal.ai","https:\/\/www.capterra.com\/p\/10006800\/TalkPal\/"],"description":"Talkpal is a language learning web and mobile education app, powered by the latest AI technologies, that provides engaging experiences to its customers in many different languages to help them improve their language skills. Users can chat about unlimited amount of topics with the app and use other modes to practice their language learning.","email":"support@talkpal.ai","legalName":"Talkpal, Inc.","foundingDate":"2023-04-03","duns":"118989042","numberOfEmployees":{"@type":"QuantitativeValue","minValue":"11","maxValue":"50"},"publishingPrinciples":"https:\/\/talkpal.ai\/publishing-principles\/","actionableFeedbackPolicy":"https:\/\/talkpal.ai\/actionable-feedback-policy\/","correctionsPolicy":"https:\/\/talkpal.ai\/corrections-policy\/","ethicsPolicy":"https:\/\/talkpal.ai\/ethics-policy\/","diversityPolicy":"https:\/\/talkpal.ai\/diversity-policy\/","diversityStaffingReport":"https:\/\/talkpal.ai\/diversity-policy\/"}]}},"_links":{"self":[{"href":"https:\/\/talkpal.ai\/es\/wp-json\/wp\/v2\/grammar\/5511","targetHints":{"allow":["GET"]}}],"collection":[{"href":"https:\/\/talkpal.ai\/es\/wp-json\/wp\/v2\/grammar"}],"about":[{"href":"https:\/\/talkpal.ai\/es\/wp-json\/wp\/v2\/types\/grammar"}],"wp:featuredmedia":[{"embeddable":true,"href":"https:\/\/talkpal.ai\/es\/wp-json\/wp\/v2\/media\/1528075"}],"wp:attachment":[{"href":"https:\/\/talkpal.ai\/es\/wp-json\/wp\/v2\/media?parent=5511"}],"wp:term":[{"taxonomy":"language","embeddable":true,"href":"https:\/\/talkpal.ai\/es\/wp-json\/wp\/v2\/language?post=5511"}],"curies":[{"name":"wp","href":"https:\/\/api.w.org\/{rel}","templated":true}]}}