{"id":5505,"date":"2023-03-30T10:17:29","date_gmt":"2023-03-30T10:17:29","guid":{"rendered":"http:\/\/talkpal.ai\/?post_type=grammar&#038;p=5505"},"modified":"2023-04-22T14:16:10","modified_gmt":"2023-04-22T14:16:10","slug":"los-grados-de-los-adjetivos-en-la-gramatica-francesa","status":"publish","type":"grammar","link":"https:\/\/talkpal.ai\/es\/grammar\/los-grados-de-los-adjetivos-en-la-gramatica-francesa\/","title":{"rendered":"Los grados de los adjetivos en la gram\u00e1tica francesa"},"content":{"rendered":"\n<p>En este art\u00edculo, profundizaremos en los grados de los adjetivos en la <a href=\"https:\/\/talkpal.ai\/pt-pt\/o-que-ha-de-especial-na-gramatica-francesa\/\">gram\u00e1tica francesa<\/a>. Estudiaremos c\u00f3mo se forman y utilizan los grados de los adjetivos, as\u00ed <a href=\"https:\/\/talkpal.ai\/locations\/language-courses-in-como\/\">como<\/a> las reglas y excepciones que los rigen.<\/p>\n\n\n\n<h2 class=\"wp-block-heading\">Introducci\u00f3n a los grados de los adjetivos<\/h2>\n\n\n\n<p>Los adjetivos en <a href=\"https:\/\/talkpal.ai\/es\/locations\/aprende-frances-leyendo\/\">franc\u00e9s<\/a>, al igual que en <a href=\"https:\/\/talkpal.ai\/es\/locations\/aprende-espanol-leyendo\/\">espa\u00f1ol<\/a>, pueden presentarse en tres grados: positivo, <a href=\"https:\/\/talkpal.ai\/es\/comparativo-y-superlativo-en-ingles-guia-facil-y-rapida\/\">comparativo y superlativo<\/a>. Estos grados permiten expresar la intensidad o el nivel de una cualidad en relaci\u00f3n con otras personas o cosas.<\/p>\n\n\n\n<h3 class=\"wp-block-heading\">Grado positivo<\/h3>\n\n\n\n<p>El grado positivo es la forma b\u00e1sica del adjetivo y no implica ninguna comparaci\u00f3n. Simplemente describe una cualidad de un sustantivo.<\/p>\n\n\n\n<p><strong>Ejemplo:<\/strong><\/p>\n\n\n\n<ul class=\"wp-block-list\">\n<li>Marie est <em>intelligente<\/em> (Marie es inteligente).<\/li>\n<\/ul>\n\n\n\n<h3 class=\"wp-block-heading\">Grado comparativo<\/h3>\n\n\n\n<p>El grado <a href=\"https:\/\/talkpal.ai\/zh-hans\/grammar_exercises\/comparativo-%e8%a5%bf%e7%8f%ad%e7%89%99%e8%af%ad%e6%b3%95%e7%bb%83%e4%b9%a0\/\">comparativo<\/a> permite establecer una comparaci\u00f3n entre dos personas o cosas, destacando la superioridad, igualdad o inferioridad de una cualidad.<\/p>\n\n\n\n<h4 class=\"wp-block-heading\">Comparativo de superioridad<\/h4>\n\n\n\n<p>Para formar el comparativo de superioridad, se utiliza la estructura \u00abplus + adjetivo + que\u00bb.<\/p>\n\n\n\n<p><strong>Ejemplo:<\/strong><\/p>\n\n\n\n<ul class=\"wp-block-list\">\n<li>Marie est <em>plus intelligente que<\/em> Pierre (Marie es m\u00e1s inteligente que Pierre).<\/li>\n<\/ul>\n\n\n\n<h4 class=\"wp-block-heading\">Comparativo de igualdad<\/h4>\n\n\n\n<p>Para expresar el comparativo de igualdad, se emplea la estructura \u00abaussi + adjetivo + que\u00bb.<\/p>\n\n\n\n<p><strong>Ejemplo:<\/strong><\/p>\n\n\n\n<ul class=\"wp-block-list\">\n<li>Marie est <em>aussi intelligente que<\/em> Pierre (Marie es tan inteligente como Pierre).<\/li>\n<\/ul>\n\n\n\n<h4 class=\"wp-block-heading\">Comparativo de inferioridad<\/h4>\n\n\n\n<p>El comparativo de inferioridad se forma utilizando \u00abmoins + adjetivo + que\u00bb.<\/p>\n\n\n\n<p><strong>Ejemplo:<\/strong><\/p>\n\n\n\n<ul class=\"wp-block-list\">\n<li>Marie est <em>moins intelligente que<\/em> Pierre (Marie es menos inteligente que Pierre).<\/li>\n<\/ul>\n\n\n\n<h3 class=\"wp-block-heading\">Grado superlativo<\/h3>\n\n\n\n<p>El grado superlativo indica el grado m\u00e1ximo o m\u00ednimo de una cualidad en relaci\u00f3n con un grupo de personas o cosas.<\/p>\n\n\n\n<h4 class=\"wp-block-heading\">Superlativo de superioridad<\/h4>\n\n\n\n<p>Para formar el superlativo de superioridad, se emplea la estructura \u00able\/la\/les plus + adjetivo\u00bb.<\/p>\n\n\n\n<p><strong>Ejemplo:<\/strong><\/p>\n\n\n\n<ul class=\"wp-block-list\">\n<li>Marie est <em>la plus intelligente<\/em> (Marie es la m\u00e1s inteligente).<\/li>\n<\/ul>\n\n\n\n<h4 class=\"wp-block-heading\">Superlativo de inferioridad<\/h4>\n\n\n\n<p>El superlativo de inferioridad se forma utilizando \u00able\/la\/les moins + adjetivo\u00bb.<\/p>\n\n\n\n<p><strong>Ejemplo:<\/strong><\/p>\n\n\n\n<ul class=\"wp-block-list\">\n<li>Marie est <em>la moins intelligente<\/em> (Marie es la menos inteligente).<\/li>\n<\/ul>\n\n\n\n<h2 class=\"wp-block-heading\">Adjetivos irregulares en los grados comparativos y superlativos<\/h2>\n\n\n\n<p>Algunos adjetivos en franc\u00e9s tienen formas irregulares en los grados <a href=\"https:\/\/talkpal.ai\/es\/guia-definitiva-de-comparativos-y-superlativos-en-ingles-aprende-facilmente\/\">comparativos y superlativos<\/a>. A continuaci\u00f3n, se presentan los m\u00e1s comunes:<\/p>\n\n\n\n<ul class=\"wp-block-list\">\n<li><strong>bon (bueno):<\/strong> meilleur (mejor), le meilleur (el mejor)<\/li>\n\n\n\n<li><strong>mauvais (malo):<\/strong> pire (peor), le pire (el peor)<\/li>\n\n\n\n<li><strong>petit (peque\u00f1o):<\/strong> moindre (menor), le moindre (el menor)<\/li>\n<\/ul>\n\n\n\n<h2 class=\"wp-block-heading\">Conclusiones<\/h2>\n\n\n\n<p>En resumen, los grados de los adjetivos en la gram\u00e1tica francesa permiten expresar la intensidad de una cualidad en relaci\u00f3n con otras personas o cosas. Es importante conocer las reglas y estructuras para formar correctamente los grados comparativos y superlativos, as\u00ed como tener en cuenta los adjetivos irregulares que presentan formas excepcionales.<\/p>\n\n\n\n<p>Dominar el uso de los grados de los adjetivos en franc\u00e9s es esencial para comunicarse de manera efectiva y precisa, permitiendo describir y comparar objetos, personas y situaciones con claridad y riqueza en el idioma.<\/p>\n","protected":false},"featured_media":1527900,"template":"","language":[319,312],"class_list":["post-5505","grammar","type-grammar","status-publish","has-post-thumbnail","hentry","language-adjetivos-es-2","language-frances"],"acf":[],"yoast_head":"<!-- This site is optimized with the Yoast SEO Premium plugin v27.2 (Yoast SEO v27.2) - https:\/\/yoast.com\/product\/yoast-seo-premium-wordpress\/ -->\n<title>Los grados de los adjetivos en la gram\u00e1tica francesa - Talkpal<\/title>\n<meta name=\"description\" content=\"En este art\u00edculo, profundizaremos en los grados de los adjetivos en la gram\u00e1tica francesa. Estudiaremos c\u00f3mo se forman y utilizan los grados de los\" \/>\n<meta name=\"robots\" content=\"index, follow, max-snippet:-1, max-image-preview:large, max-video-preview:-1\" \/>\n<link rel=\"canonical\" href=\"https:\/\/talkpal.ai\/es\/grammar\/los-grados-de-los-adjetivos-en-la-gramatica-francesa\/\" \/>\n<meta property=\"og:locale\" content=\"es_ES\" \/>\n<meta property=\"og:type\" content=\"article\" \/>\n<meta property=\"og:title\" content=\"Los grados de los adjetivos en la gram\u00e1tica francesa\" \/>\n<meta property=\"og:description\" content=\"En este art\u00edculo, profundizaremos en los grados de los adjetivos en la gram\u00e1tica francesa. Estudiaremos c\u00f3mo se forman y utilizan los grados de los\" \/>\n<meta property=\"og:url\" content=\"https:\/\/talkpal.ai\/es\/grammar\/los-grados-de-los-adjetivos-en-la-gramatica-francesa\/\" \/>\n<meta property=\"og:site_name\" content=\"Talkpal\" \/>\n<meta property=\"article:publisher\" content=\"https:\/\/www.facebook.com\/profile.php?id=100090733639311\" \/>\n<meta property=\"article:modified_time\" content=\"2023-04-22T14:16:10+00:00\" \/>\n<meta property=\"og:image\" content=\"https:\/\/talkpal.ai\/wp-content\/uploads\/2023\/04\/TalkPal-Illustration-of-students-studying-grammar-lessons-68.png\" \/>\n\t<meta property=\"og:image:width\" content=\"1456\" \/>\n\t<meta property=\"og:image:height\" content=\"816\" \/>\n\t<meta property=\"og:image:type\" content=\"image\/png\" \/>\n<meta name=\"twitter:card\" content=\"summary_large_image\" \/>\n<meta name=\"twitter:site\" content=\"@talkpalai\" \/>\n<meta name=\"twitter:label1\" content=\"Tiempo de lectura\" \/>\n\t<meta name=\"twitter:data1\" content=\"2 minutos\" \/>\n<script type=\"application\/ld+json\" class=\"yoast-schema-graph\">{\"@context\":\"https:\/\/schema.org\",\"@graph\":[{\"@type\":\"WebPage\",\"@id\":\"https:\/\/talkpal.ai\/es\/grammar\/los-grados-de-los-adjetivos-en-la-gramatica-francesa\/\",\"url\":\"https:\/\/talkpal.ai\/es\/grammar\/los-grados-de-los-adjetivos-en-la-gramatica-francesa\/\",\"name\":\"Los grados de los adjetivos en la gram\u00e1tica francesa - Talkpal\",\"isPartOf\":{\"@id\":\"https:\/\/talkpal.ai\/es\/#website\"},\"primaryImageOfPage\":{\"@id\":\"https:\/\/talkpal.ai\/es\/grammar\/los-grados-de-los-adjetivos-en-la-gramatica-francesa\/#primaryimage\"},\"image\":{\"@id\":\"https:\/\/talkpal.ai\/es\/grammar\/los-grados-de-los-adjetivos-en-la-gramatica-francesa\/#primaryimage\"},\"thumbnailUrl\":\"https:\/\/talkpal.ai\/wp-content\/uploads\/2025\/12\/student-is-learning-languages-outside.webp\",\"datePublished\":\"2023-03-30T10:17:29+00:00\",\"dateModified\":\"2023-04-22T14:16:10+00:00\",\"description\":\"En este art\u00edculo, profundizaremos en los grados de los adjetivos en la gram\u00e1tica francesa. Estudiaremos c\u00f3mo se forman y utilizan los grados de los\",\"breadcrumb\":{\"@id\":\"https:\/\/talkpal.ai\/es\/grammar\/los-grados-de-los-adjetivos-en-la-gramatica-francesa\/#breadcrumb\"},\"inLanguage\":\"es\",\"potentialAction\":[{\"@type\":\"ReadAction\",\"target\":[\"https:\/\/talkpal.ai\/es\/grammar\/los-grados-de-los-adjetivos-en-la-gramatica-francesa\/\"]}]},{\"@type\":\"ImageObject\",\"inLanguage\":\"es\",\"@id\":\"https:\/\/talkpal.ai\/es\/grammar\/los-grados-de-los-adjetivos-en-la-gramatica-francesa\/#primaryimage\",\"url\":\"https:\/\/talkpal.ai\/wp-content\/uploads\/2025\/12\/student-is-learning-languages-outside.webp\",\"contentUrl\":\"https:\/\/talkpal.ai\/wp-content\/uploads\/2025\/12\/student-is-learning-languages-outside.webp\",\"width\":1200,\"height\":896,\"caption\":\"A student sits on the stairs of a university and reads an open book while learning languages on a sunny day.\"},{\"@type\":\"BreadcrumbList\",\"@id\":\"https:\/\/talkpal.ai\/es\/grammar\/los-grados-de-los-adjetivos-en-la-gramatica-francesa\/#breadcrumb\",\"itemListElement\":[{\"@type\":\"ListItem\",\"position\":1,\"name\":\"Homepage\",\"item\":\"https:\/\/talkpal.ai\/es\/\"},{\"@type\":\"ListItem\",\"position\":2,\"name\":\"Los grados de los adjetivos en la gram\u00e1tica francesa\"}]},{\"@type\":\"WebSite\",\"@id\":\"https:\/\/talkpal.ai\/es\/#website\",\"url\":\"https:\/\/talkpal.ai\/es\/\",\"name\":\"Talkpal\",\"description\":\"AI Language Learning\",\"publisher\":{\"@id\":\"https:\/\/talkpal.ai\/es\/#organization\"},\"alternateName\":\"Talkpal AI\",\"potentialAction\":[{\"@type\":\"SearchAction\",\"target\":{\"@type\":\"EntryPoint\",\"urlTemplate\":\"https:\/\/talkpal.ai\/es\/?s={search_term_string}\"},\"query-input\":{\"@type\":\"PropertyValueSpecification\",\"valueRequired\":true,\"valueName\":\"search_term_string\"}}],\"inLanguage\":\"es\"},{\"@type\":\"Organization\",\"@id\":\"https:\/\/talkpal.ai\/es\/#organization\",\"name\":\"Talkpal, Inc.\",\"alternateName\":\"Talkpal AI\",\"url\":\"https:\/\/talkpal.ai\/es\/\",\"logo\":{\"@type\":\"ImageObject\",\"inLanguage\":\"es\",\"@id\":\"https:\/\/talkpal.ai\/es\/#\/schema\/logo\/image\/\",\"url\":\"https:\/\/talkpal.ai\/wp-content\/uploads\/2024\/03\/Talkpal-Logo-Icon.png\",\"contentUrl\":\"https:\/\/talkpal.ai\/wp-content\/uploads\/2024\/03\/Talkpal-Logo-Icon.png\",\"width\":2880,\"height\":2880,\"caption\":\"Talkpal, Inc.\"},\"image\":{\"@id\":\"https:\/\/talkpal.ai\/es\/#\/schema\/logo\/image\/\"},\"sameAs\":[\"https:\/\/www.facebook.com\/profile.php?id=100090733639311\",\"https:\/\/x.com\/talkpalai\",\"https:\/\/www.linkedin.com\/company\/talkpal\/\",\"https:\/\/www.youtube.com\/@TalkPal\/\",\"https:\/\/www.tiktok.com\/@talkpal\",\"https:\/\/www.instagram.com\/talkpal_ai\/\",\"https:\/\/www.crunchbase.com\/organization\/talkpal-9cde\",\"https:\/\/www.g2.com\/products\/talkpal-for-business\/\",\"https:\/\/www.trustpilot.com\/review\/talkpal.ai\",\"https:\/\/www.capterra.com\/p\/10006800\/TalkPal\/\"],\"description\":\"Talkpal is a language learning web and mobile education app, powered by the latest AI technologies, that provides engaging experiences to its customers in many different languages to help them improve their language skills. Users can chat about unlimited amount of topics with the app and use other modes to practice their language learning.\",\"email\":\"support@talkpal.ai\",\"legalName\":\"Talkpal, Inc.\",\"foundingDate\":\"2023-04-03\",\"duns\":\"118989042\",\"numberOfEmployees\":{\"@type\":\"QuantitativeValue\",\"minValue\":\"11\",\"maxValue\":\"50\"},\"publishingPrinciples\":\"https:\/\/talkpal.ai\/publishing-principles\/\",\"actionableFeedbackPolicy\":\"https:\/\/talkpal.ai\/actionable-feedback-policy\/\",\"correctionsPolicy\":\"https:\/\/talkpal.ai\/corrections-policy\/\",\"ethicsPolicy\":\"https:\/\/talkpal.ai\/ethics-policy\/\",\"diversityPolicy\":\"https:\/\/talkpal.ai\/diversity-policy\/\",\"diversityStaffingReport\":\"https:\/\/talkpal.ai\/diversity-policy\/\"}]}<\/script>\n<!-- \/ Yoast SEO Premium plugin. -->","yoast_head_json":{"title":"Los grados de los adjetivos en la gram\u00e1tica francesa - Talkpal","description":"En este art\u00edculo, profundizaremos en los grados de los adjetivos en la gram\u00e1tica francesa. Estudiaremos c\u00f3mo se forman y utilizan los grados de los","robots":{"index":"index","follow":"follow","max-snippet":"max-snippet:-1","max-image-preview":"max-image-preview:large","max-video-preview":"max-video-preview:-1"},"canonical":"https:\/\/talkpal.ai\/es\/grammar\/los-grados-de-los-adjetivos-en-la-gramatica-francesa\/","og_locale":"es_ES","og_type":"article","og_title":"Los grados de los adjetivos en la gram\u00e1tica francesa","og_description":"En este art\u00edculo, profundizaremos en los grados de los adjetivos en la gram\u00e1tica francesa. Estudiaremos c\u00f3mo se forman y utilizan los grados de los","og_url":"https:\/\/talkpal.ai\/es\/grammar\/los-grados-de-los-adjetivos-en-la-gramatica-francesa\/","og_site_name":"Talkpal","article_publisher":"https:\/\/www.facebook.com\/profile.php?id=100090733639311","article_modified_time":"2023-04-22T14:16:10+00:00","og_image":[{"width":1456,"height":816,"url":"https:\/\/talkpal.ai\/wp-content\/uploads\/2023\/04\/TalkPal-Illustration-of-students-studying-grammar-lessons-68.png","type":"image\/png"}],"twitter_card":"summary_large_image","twitter_site":"@talkpalai","twitter_misc":{"Tiempo de lectura":"2 minutos"},"schema":{"@context":"https:\/\/schema.org","@graph":[{"@type":"WebPage","@id":"https:\/\/talkpal.ai\/es\/grammar\/los-grados-de-los-adjetivos-en-la-gramatica-francesa\/","url":"https:\/\/talkpal.ai\/es\/grammar\/los-grados-de-los-adjetivos-en-la-gramatica-francesa\/","name":"Los grados de los adjetivos en la gram\u00e1tica francesa - Talkpal","isPartOf":{"@id":"https:\/\/talkpal.ai\/es\/#website"},"primaryImageOfPage":{"@id":"https:\/\/talkpal.ai\/es\/grammar\/los-grados-de-los-adjetivos-en-la-gramatica-francesa\/#primaryimage"},"image":{"@id":"https:\/\/talkpal.ai\/es\/grammar\/los-grados-de-los-adjetivos-en-la-gramatica-francesa\/#primaryimage"},"thumbnailUrl":"https:\/\/talkpal.ai\/wp-content\/uploads\/2025\/12\/student-is-learning-languages-outside.webp","datePublished":"2023-03-30T10:17:29+00:00","dateModified":"2023-04-22T14:16:10+00:00","description":"En este art\u00edculo, profundizaremos en los grados de los adjetivos en la gram\u00e1tica francesa. Estudiaremos c\u00f3mo se forman y utilizan los grados de los","breadcrumb":{"@id":"https:\/\/talkpal.ai\/es\/grammar\/los-grados-de-los-adjetivos-en-la-gramatica-francesa\/#breadcrumb"},"inLanguage":"es","potentialAction":[{"@type":"ReadAction","target":["https:\/\/talkpal.ai\/es\/grammar\/los-grados-de-los-adjetivos-en-la-gramatica-francesa\/"]}]},{"@type":"ImageObject","inLanguage":"es","@id":"https:\/\/talkpal.ai\/es\/grammar\/los-grados-de-los-adjetivos-en-la-gramatica-francesa\/#primaryimage","url":"https:\/\/talkpal.ai\/wp-content\/uploads\/2025\/12\/student-is-learning-languages-outside.webp","contentUrl":"https:\/\/talkpal.ai\/wp-content\/uploads\/2025\/12\/student-is-learning-languages-outside.webp","width":1200,"height":896,"caption":"A student sits on the stairs of a university and reads an open book while learning languages on a sunny day."},{"@type":"BreadcrumbList","@id":"https:\/\/talkpal.ai\/es\/grammar\/los-grados-de-los-adjetivos-en-la-gramatica-francesa\/#breadcrumb","itemListElement":[{"@type":"ListItem","position":1,"name":"Homepage","item":"https:\/\/talkpal.ai\/es\/"},{"@type":"ListItem","position":2,"name":"Los grados de los adjetivos en la gram\u00e1tica francesa"}]},{"@type":"WebSite","@id":"https:\/\/talkpal.ai\/es\/#website","url":"https:\/\/talkpal.ai\/es\/","name":"Talkpal","description":"AI Language Learning","publisher":{"@id":"https:\/\/talkpal.ai\/es\/#organization"},"alternateName":"Talkpal AI","potentialAction":[{"@type":"SearchAction","target":{"@type":"EntryPoint","urlTemplate":"https:\/\/talkpal.ai\/es\/?s={search_term_string}"},"query-input":{"@type":"PropertyValueSpecification","valueRequired":true,"valueName":"search_term_string"}}],"inLanguage":"es"},{"@type":"Organization","@id":"https:\/\/talkpal.ai\/es\/#organization","name":"Talkpal, Inc.","alternateName":"Talkpal AI","url":"https:\/\/talkpal.ai\/es\/","logo":{"@type":"ImageObject","inLanguage":"es","@id":"https:\/\/talkpal.ai\/es\/#\/schema\/logo\/image\/","url":"https:\/\/talkpal.ai\/wp-content\/uploads\/2024\/03\/Talkpal-Logo-Icon.png","contentUrl":"https:\/\/talkpal.ai\/wp-content\/uploads\/2024\/03\/Talkpal-Logo-Icon.png","width":2880,"height":2880,"caption":"Talkpal, Inc."},"image":{"@id":"https:\/\/talkpal.ai\/es\/#\/schema\/logo\/image\/"},"sameAs":["https:\/\/www.facebook.com\/profile.php?id=100090733639311","https:\/\/x.com\/talkpalai","https:\/\/www.linkedin.com\/company\/talkpal\/","https:\/\/www.youtube.com\/@TalkPal\/","https:\/\/www.tiktok.com\/@talkpal","https:\/\/www.instagram.com\/talkpal_ai\/","https:\/\/www.crunchbase.com\/organization\/talkpal-9cde","https:\/\/www.g2.com\/products\/talkpal-for-business\/","https:\/\/www.trustpilot.com\/review\/talkpal.ai","https:\/\/www.capterra.com\/p\/10006800\/TalkPal\/"],"description":"Talkpal is a language learning web and mobile education app, powered by the latest AI technologies, that provides engaging experiences to its customers in many different languages to help them improve their language skills. Users can chat about unlimited amount of topics with the app and use other modes to practice their language learning.","email":"support@talkpal.ai","legalName":"Talkpal, Inc.","foundingDate":"2023-04-03","duns":"118989042","numberOfEmployees":{"@type":"QuantitativeValue","minValue":"11","maxValue":"50"},"publishingPrinciples":"https:\/\/talkpal.ai\/publishing-principles\/","actionableFeedbackPolicy":"https:\/\/talkpal.ai\/actionable-feedback-policy\/","correctionsPolicy":"https:\/\/talkpal.ai\/corrections-policy\/","ethicsPolicy":"https:\/\/talkpal.ai\/ethics-policy\/","diversityPolicy":"https:\/\/talkpal.ai\/diversity-policy\/","diversityStaffingReport":"https:\/\/talkpal.ai\/diversity-policy\/"}]}},"_links":{"self":[{"href":"https:\/\/talkpal.ai\/es\/wp-json\/wp\/v2\/grammar\/5505","targetHints":{"allow":["GET"]}}],"collection":[{"href":"https:\/\/talkpal.ai\/es\/wp-json\/wp\/v2\/grammar"}],"about":[{"href":"https:\/\/talkpal.ai\/es\/wp-json\/wp\/v2\/types\/grammar"}],"wp:featuredmedia":[{"embeddable":true,"href":"https:\/\/talkpal.ai\/es\/wp-json\/wp\/v2\/media\/1527900"}],"wp:attachment":[{"href":"https:\/\/talkpal.ai\/es\/wp-json\/wp\/v2\/media?parent=5505"}],"wp:term":[{"taxonomy":"language","embeddable":true,"href":"https:\/\/talkpal.ai\/es\/wp-json\/wp\/v2\/language?post=5505"}],"curies":[{"name":"wp","href":"https:\/\/api.w.org\/{rel}","templated":true}]}}