{"id":5504,"date":"2023-03-30T10:17:06","date_gmt":"2023-03-30T10:17:06","guid":{"rendered":"http:\/\/talkpal.ai\/?post_type=grammar&#038;p=5504"},"modified":"2023-04-22T14:16:11","modified_gmt":"2023-04-22T14:16:11","slug":"concordancia-de-los-adjetivos-en-la-gramatica-francesa","status":"publish","type":"grammar","link":"https:\/\/talkpal.ai\/es\/grammar\/concordancia-de-los-adjetivos-en-la-gramatica-francesa\/","title":{"rendered":"Concordancia de los adjetivos en la gram\u00e1tica francesa"},"content":{"rendered":"\n<h2 class=\"wp-block-heading\">Introducci\u00f3n a la concordancia de los adjetivos<\/h2>\n\n\n\n<p>En la <a href=\"https:\/\/talkpal.ai\/pt-pt\/o-que-ha-de-especial-na-gramatica-francesa\/\">gram\u00e1tica francesa<\/a>, los adjetivos concuerdan en g\u00e9nero y n\u00famero con los sustantivos a los que se refieren. Esta regla es fundamental para el correcto uso del idioma y permite una comunicaci\u00f3n clara y precisa. En este art\u00edculo, profundizaremos en la concordancia de los adjetivos, sus reglas y excepciones, y ejemplos que faciliten su comprensi\u00f3n y <a href=\"https:\/\/talkpal.ai\/es\/descargar-la-aplicacion-talkpal-para-android-e-ios\/\">aplicaci\u00f3n<\/a>.<\/p>\n\n\n\n<h2 class=\"wp-block-heading\">Reglas b\u00e1sicas de concordancia de los adjetivos<\/h2>\n\n\n\n<h3 class=\"wp-block-heading\">Concordancia en g\u00e9nero<\/h3>\n\n\n\n<p>Los adjetivos en <a href=\"https:\/\/talkpal.ai\/es\/locations\/aprende-frances-leyendo\/\">franc\u00e9s<\/a> deben concordar en g\u00e9nero con el sustantivo al que califican. Por lo general, el g\u00e9nero del adjetivo se determina a partir de su terminaci\u00f3n:<\/p>\n\n\n\n<ol class=\"wp-block-list\">\n<li><strong>Adjetivos que terminan en -e<\/strong>: La mayor\u00eda de los adjetivos que terminan en -e son invariables en g\u00e9nero, es decir, no cambian su forma para el masculino y el femenino. Ejemplos: aimable (amable), heureux\/heureuse (feliz), intelligent\/intelligente (inteligente).<\/li>\n\n\n\n<li><strong>Adjetivos que terminan en consonante<\/strong>: Para formar el femenino de estos adjetivos, se a\u00f1ade -e al final de la forma masculina. Ejemplos: petit\/petite (peque\u00f1o\/peque\u00f1a), grand\/grande (grande), fort\/forte (fuerte).<\/li>\n\n\n\n<li><strong>Adjetivos que terminan en -eur<\/strong>: Estos adjetivos suelen cambiar a -euse en el femenino. Ejemplos: travailleur\/travailleuse (trabajador\/trabajadora), menteur\/menteuse (mentiroso\/mentirosa).<\/li>\n\n\n\n<li><strong>Adjetivos irregulares<\/strong>: Algunos adjetivos <a href=\"https:\/\/talkpal.ai\/locations\/language-courses-in-tienen\/\">tienen<\/a> formas irregulares en el femenino. Ejemplos: beau\/belle (hermoso\/hermosa), nouveau\/nouvelle (nuevo\/nueva), ancien\/ancienne (antiguo\/antigua).<\/li>\n<\/ol>\n\n\n\n<h3 class=\"wp-block-heading\">Concordancia en n\u00famero<\/h3>\n\n\n\n<p>Adem\u00e1s de concordar en g\u00e9nero, los adjetivos tambi\u00e9n deben concordar en n\u00famero con el sustantivo al que califican. Por lo general, se forma el plural de los adjetivos a\u00f1adiendo -s al final de la forma singular (tanto masculina <a href=\"https:\/\/talkpal.ai\/locations\/language-courses-in-como\/\">como<\/a> femenina). Ejemplos: petits\/petites (peque\u00f1os\/peque\u00f1as), grands\/grandes (grandes), forts\/fortes (fuertes).<\/p>\n\n\n\n<p><a href=\"https:\/\/talkpal.ai\/culture\/how-do-i-use-the-expression-sin-embargo\/\">Sin embargo<\/a>, hay algunas excepciones en la formaci\u00f3n del plural:<\/p>\n\n\n\n<ol class=\"wp-block-list\">\n<li><strong>Adjetivos que terminan en -s o -x<\/strong>: Estos adjetivos no cambian en el plural. Ejemplos: gras\/grasses (gordos\/gordas), heureux\/heureuses (felices).<\/li>\n\n\n\n<li><strong>Adjetivos que terminan en -al<\/strong>: Estos adjetivos generalmente cambian a -aux en el plural. Ejemplos: normal\/normaux (normal\/normales), g\u00e9n\u00e9ral\/g\u00e9n\u00e9raux (general\/generales).<\/li>\n\n\n\n<li><strong>Adjetivos que terminan en -eau<\/strong>: Estos adjetivos a\u00f1aden -x en el plural. Ejemplo: beau\/beaux (hermosos), nouveau\/nouveaux (nuevos).<\/li>\n<\/ol>\n\n\n\n<h2 class=\"wp-block-heading\">Excepciones y casos especiales en la concordancia de los adjetivos<\/h2>\n\n\n\n<p>Aunque las reglas mencionadas anteriormente aplican en la mayor\u00eda de los casos, existen algunas excepciones y casos especiales que es importante tener en cuenta:<\/p>\n\n\n\n<ol class=\"wp-block-list\">\n<li><strong>Adjetivos que preceden al sustantivo<\/strong>: Algunos adjetivos, como \u00abbeau\u00bb, \u00abvieux\u00bb (viejo) y \u00abnouveau\u00bb, tienen formas especiales cuando preceden a un sustantivo masculino singular que empieza por vocal o h muda. Ejemplos: un bel homme (un hombre hermoso), un vieil ami (un viejo amigo), un nouvel \u00e9l\u00e8ve (un nuevo alumno).<\/li>\n\n\n\n<li><strong>Adjetivos de color<\/strong>: Los adjetivos de color que se derivan de sustantivos (como los nombres de frutas, flores, minerales) no concuerdan en g\u00e9nero ni en n\u00famero con el sustantivo al que califican. Ejemplos: des yeux marron (ojos marrones), une robe orange (un vestido naranja).<\/li>\n\n\n\n<li><strong>Adjetivos compuestos<\/strong>: Los adjetivos compuestos suelen concordar solo en g\u00e9nero y n\u00famero en el primer elemento de la composici\u00f3n. Ejemplos: des maisons haut-de-gamme (casas de alta gama), des voitures vert-pomme (coches verde manzana).<\/li>\n<\/ol>\n\n\n\n<p>En resumen, la concordancia de los adjetivos en la gram\u00e1tica francesa es un aspecto esencial para una comunicaci\u00f3n efectiva y precisa. Conocer y aplicar correctamente las reglas de concordancia en g\u00e9nero y n\u00famero, as\u00ed como sus excepciones y casos especiales, permitir\u00e1 a los estudiantes y hablantes del idioma franc\u00e9s mejorar significativamente su capacidad para expresarse correctamente en este idioma.<\/p>\n","protected":false},"featured_media":1527834,"template":"","language":[319,312],"class_list":["post-5504","grammar","type-grammar","status-publish","has-post-thumbnail","hentry","language-adjetivos-es-2","language-frances"],"acf":[],"yoast_head":"<!-- This site is optimized with the Yoast SEO Premium plugin v27.2 (Yoast SEO v27.2) - https:\/\/yoast.com\/product\/yoast-seo-premium-wordpress\/ -->\n<title>Concordancia de los adjetivos en la gram\u00e1tica francesa - Talkpal<\/title>\n<meta name=\"description\" content=\"Introducci\u00f3n a la concordancia de los adjetivos En la gram\u00e1tica francesa, los adjetivos concuerdan en g\u00e9nero y n\u00famero con los sustantivos a los que se\" \/>\n<meta name=\"robots\" content=\"index, follow, max-snippet:-1, max-image-preview:large, max-video-preview:-1\" \/>\n<link rel=\"canonical\" href=\"https:\/\/talkpal.ai\/es\/grammar\/concordancia-de-los-adjetivos-en-la-gramatica-francesa\/\" \/>\n<meta property=\"og:locale\" content=\"es_ES\" \/>\n<meta property=\"og:type\" content=\"article\" \/>\n<meta property=\"og:title\" content=\"Concordancia de los adjetivos en la gram\u00e1tica francesa\" \/>\n<meta property=\"og:description\" content=\"Introducci\u00f3n a la concordancia de los adjetivos En la gram\u00e1tica francesa, los adjetivos concuerdan en g\u00e9nero y n\u00famero con los sustantivos a los que se\" \/>\n<meta property=\"og:url\" content=\"https:\/\/talkpal.ai\/es\/grammar\/concordancia-de-los-adjetivos-en-la-gramatica-francesa\/\" \/>\n<meta property=\"og:site_name\" content=\"Talkpal\" \/>\n<meta property=\"article:publisher\" content=\"https:\/\/www.facebook.com\/profile.php?id=100090733639311\" \/>\n<meta property=\"article:modified_time\" content=\"2023-04-22T14:16:11+00:00\" \/>\n<meta property=\"og:image\" content=\"https:\/\/talkpal.ai\/wp-content\/uploads\/2023\/04\/TalkPal-Illustration-of-students-studying-grammar-lessons-51.png\" \/>\n\t<meta property=\"og:image:width\" content=\"1456\" \/>\n\t<meta property=\"og:image:height\" content=\"816\" \/>\n\t<meta property=\"og:image:type\" content=\"image\/png\" \/>\n<meta name=\"twitter:card\" content=\"summary_large_image\" \/>\n<meta name=\"twitter:site\" content=\"@talkpalai\" \/>\n<meta name=\"twitter:label1\" content=\"Tiempo de lectura\" \/>\n\t<meta name=\"twitter:data1\" content=\"3 minutos\" \/>\n<script type=\"application\/ld+json\" class=\"yoast-schema-graph\">{\"@context\":\"https:\/\/schema.org\",\"@graph\":[{\"@type\":\"WebPage\",\"@id\":\"https:\/\/talkpal.ai\/es\/grammar\/concordancia-de-los-adjetivos-en-la-gramatica-francesa\/\",\"url\":\"https:\/\/talkpal.ai\/es\/grammar\/concordancia-de-los-adjetivos-en-la-gramatica-francesa\/\",\"name\":\"Concordancia de los adjetivos en la gram\u00e1tica francesa - Talkpal\",\"isPartOf\":{\"@id\":\"https:\/\/talkpal.ai\/es\/#website\"},\"primaryImageOfPage\":{\"@id\":\"https:\/\/talkpal.ai\/es\/grammar\/concordancia-de-los-adjetivos-en-la-gramatica-francesa\/#primaryimage\"},\"image\":{\"@id\":\"https:\/\/talkpal.ai\/es\/grammar\/concordancia-de-los-adjetivos-en-la-gramatica-francesa\/#primaryimage\"},\"thumbnailUrl\":\"https:\/\/talkpal.ai\/wp-content\/uploads\/2025\/12\/people-at-distant-desks-learning-languages.webp\",\"datePublished\":\"2023-03-30T10:17:06+00:00\",\"dateModified\":\"2023-04-22T14:16:11+00:00\",\"description\":\"Introducci\u00f3n a la concordancia de los adjetivos En la gram\u00e1tica francesa, los adjetivos concuerdan en g\u00e9nero y n\u00famero con los sustantivos a los que se\",\"breadcrumb\":{\"@id\":\"https:\/\/talkpal.ai\/es\/grammar\/concordancia-de-los-adjetivos-en-la-gramatica-francesa\/#breadcrumb\"},\"inLanguage\":\"es\",\"potentialAction\":[{\"@type\":\"ReadAction\",\"target\":[\"https:\/\/talkpal.ai\/es\/grammar\/concordancia-de-los-adjetivos-en-la-gramatica-francesa\/\"]}]},{\"@type\":\"ImageObject\",\"inLanguage\":\"es\",\"@id\":\"https:\/\/talkpal.ai\/es\/grammar\/concordancia-de-los-adjetivos-en-la-gramatica-francesa\/#primaryimage\",\"url\":\"https:\/\/talkpal.ai\/wp-content\/uploads\/2025\/12\/people-at-distant-desks-learning-languages.webp\",\"contentUrl\":\"https:\/\/talkpal.ai\/wp-content\/uploads\/2025\/12\/people-at-distant-desks-learning-languages.webp\",\"width\":1200,\"height\":896,\"caption\":\"People work at various desks throughout a massive library hall while learning languages.\"},{\"@type\":\"BreadcrumbList\",\"@id\":\"https:\/\/talkpal.ai\/es\/grammar\/concordancia-de-los-adjetivos-en-la-gramatica-francesa\/#breadcrumb\",\"itemListElement\":[{\"@type\":\"ListItem\",\"position\":1,\"name\":\"Homepage\",\"item\":\"https:\/\/talkpal.ai\/es\/\"},{\"@type\":\"ListItem\",\"position\":2,\"name\":\"Concordancia de los adjetivos en la gram\u00e1tica francesa\"}]},{\"@type\":\"WebSite\",\"@id\":\"https:\/\/talkpal.ai\/es\/#website\",\"url\":\"https:\/\/talkpal.ai\/es\/\",\"name\":\"Talkpal\",\"description\":\"AI Language Learning\",\"publisher\":{\"@id\":\"https:\/\/talkpal.ai\/es\/#organization\"},\"alternateName\":\"Talkpal AI\",\"potentialAction\":[{\"@type\":\"SearchAction\",\"target\":{\"@type\":\"EntryPoint\",\"urlTemplate\":\"https:\/\/talkpal.ai\/es\/?s={search_term_string}\"},\"query-input\":{\"@type\":\"PropertyValueSpecification\",\"valueRequired\":true,\"valueName\":\"search_term_string\"}}],\"inLanguage\":\"es\"},{\"@type\":\"Organization\",\"@id\":\"https:\/\/talkpal.ai\/es\/#organization\",\"name\":\"Talkpal, Inc.\",\"alternateName\":\"Talkpal AI\",\"url\":\"https:\/\/talkpal.ai\/es\/\",\"logo\":{\"@type\":\"ImageObject\",\"inLanguage\":\"es\",\"@id\":\"https:\/\/talkpal.ai\/es\/#\/schema\/logo\/image\/\",\"url\":\"https:\/\/talkpal.ai\/wp-content\/uploads\/2024\/03\/Talkpal-Logo-Icon.png\",\"contentUrl\":\"https:\/\/talkpal.ai\/wp-content\/uploads\/2024\/03\/Talkpal-Logo-Icon.png\",\"width\":2880,\"height\":2880,\"caption\":\"Talkpal, Inc.\"},\"image\":{\"@id\":\"https:\/\/talkpal.ai\/es\/#\/schema\/logo\/image\/\"},\"sameAs\":[\"https:\/\/www.facebook.com\/profile.php?id=100090733639311\",\"https:\/\/x.com\/talkpalai\",\"https:\/\/www.linkedin.com\/company\/talkpal\/\",\"https:\/\/www.youtube.com\/@TalkPal\/\",\"https:\/\/www.tiktok.com\/@talkpal\",\"https:\/\/www.instagram.com\/talkpal_ai\/\",\"https:\/\/www.crunchbase.com\/organization\/talkpal-9cde\",\"https:\/\/www.g2.com\/products\/talkpal-for-business\/\",\"https:\/\/www.trustpilot.com\/review\/talkpal.ai\",\"https:\/\/www.capterra.com\/p\/10006800\/TalkPal\/\"],\"description\":\"Talkpal is a language learning web and mobile education app, powered by the latest AI technologies, that provides engaging experiences to its customers in many different languages to help them improve their language skills. Users can chat about unlimited amount of topics with the app and use other modes to practice their language learning.\",\"email\":\"support@talkpal.ai\",\"legalName\":\"Talkpal, Inc.\",\"foundingDate\":\"2023-04-03\",\"duns\":\"118989042\",\"numberOfEmployees\":{\"@type\":\"QuantitativeValue\",\"minValue\":\"11\",\"maxValue\":\"50\"},\"publishingPrinciples\":\"https:\/\/talkpal.ai\/publishing-principles\/\",\"actionableFeedbackPolicy\":\"https:\/\/talkpal.ai\/actionable-feedback-policy\/\",\"correctionsPolicy\":\"https:\/\/talkpal.ai\/corrections-policy\/\",\"ethicsPolicy\":\"https:\/\/talkpal.ai\/ethics-policy\/\",\"diversityPolicy\":\"https:\/\/talkpal.ai\/diversity-policy\/\",\"diversityStaffingReport\":\"https:\/\/talkpal.ai\/diversity-policy\/\"}]}<\/script>\n<!-- \/ Yoast SEO Premium plugin. -->","yoast_head_json":{"title":"Concordancia de los adjetivos en la gram\u00e1tica francesa - Talkpal","description":"Introducci\u00f3n a la concordancia de los adjetivos En la gram\u00e1tica francesa, los adjetivos concuerdan en g\u00e9nero y n\u00famero con los sustantivos a los que se","robots":{"index":"index","follow":"follow","max-snippet":"max-snippet:-1","max-image-preview":"max-image-preview:large","max-video-preview":"max-video-preview:-1"},"canonical":"https:\/\/talkpal.ai\/es\/grammar\/concordancia-de-los-adjetivos-en-la-gramatica-francesa\/","og_locale":"es_ES","og_type":"article","og_title":"Concordancia de los adjetivos en la gram\u00e1tica francesa","og_description":"Introducci\u00f3n a la concordancia de los adjetivos En la gram\u00e1tica francesa, los adjetivos concuerdan en g\u00e9nero y n\u00famero con los sustantivos a los que se","og_url":"https:\/\/talkpal.ai\/es\/grammar\/concordancia-de-los-adjetivos-en-la-gramatica-francesa\/","og_site_name":"Talkpal","article_publisher":"https:\/\/www.facebook.com\/profile.php?id=100090733639311","article_modified_time":"2023-04-22T14:16:11+00:00","og_image":[{"width":1456,"height":816,"url":"https:\/\/talkpal.ai\/wp-content\/uploads\/2023\/04\/TalkPal-Illustration-of-students-studying-grammar-lessons-51.png","type":"image\/png"}],"twitter_card":"summary_large_image","twitter_site":"@talkpalai","twitter_misc":{"Tiempo de lectura":"3 minutos"},"schema":{"@context":"https:\/\/schema.org","@graph":[{"@type":"WebPage","@id":"https:\/\/talkpal.ai\/es\/grammar\/concordancia-de-los-adjetivos-en-la-gramatica-francesa\/","url":"https:\/\/talkpal.ai\/es\/grammar\/concordancia-de-los-adjetivos-en-la-gramatica-francesa\/","name":"Concordancia de los adjetivos en la gram\u00e1tica francesa - Talkpal","isPartOf":{"@id":"https:\/\/talkpal.ai\/es\/#website"},"primaryImageOfPage":{"@id":"https:\/\/talkpal.ai\/es\/grammar\/concordancia-de-los-adjetivos-en-la-gramatica-francesa\/#primaryimage"},"image":{"@id":"https:\/\/talkpal.ai\/es\/grammar\/concordancia-de-los-adjetivos-en-la-gramatica-francesa\/#primaryimage"},"thumbnailUrl":"https:\/\/talkpal.ai\/wp-content\/uploads\/2025\/12\/people-at-distant-desks-learning-languages.webp","datePublished":"2023-03-30T10:17:06+00:00","dateModified":"2023-04-22T14:16:11+00:00","description":"Introducci\u00f3n a la concordancia de los adjetivos En la gram\u00e1tica francesa, los adjetivos concuerdan en g\u00e9nero y n\u00famero con los sustantivos a los que se","breadcrumb":{"@id":"https:\/\/talkpal.ai\/es\/grammar\/concordancia-de-los-adjetivos-en-la-gramatica-francesa\/#breadcrumb"},"inLanguage":"es","potentialAction":[{"@type":"ReadAction","target":["https:\/\/talkpal.ai\/es\/grammar\/concordancia-de-los-adjetivos-en-la-gramatica-francesa\/"]}]},{"@type":"ImageObject","inLanguage":"es","@id":"https:\/\/talkpal.ai\/es\/grammar\/concordancia-de-los-adjetivos-en-la-gramatica-francesa\/#primaryimage","url":"https:\/\/talkpal.ai\/wp-content\/uploads\/2025\/12\/people-at-distant-desks-learning-languages.webp","contentUrl":"https:\/\/talkpal.ai\/wp-content\/uploads\/2025\/12\/people-at-distant-desks-learning-languages.webp","width":1200,"height":896,"caption":"People work at various desks throughout a massive library hall while learning languages."},{"@type":"BreadcrumbList","@id":"https:\/\/talkpal.ai\/es\/grammar\/concordancia-de-los-adjetivos-en-la-gramatica-francesa\/#breadcrumb","itemListElement":[{"@type":"ListItem","position":1,"name":"Homepage","item":"https:\/\/talkpal.ai\/es\/"},{"@type":"ListItem","position":2,"name":"Concordancia de los adjetivos en la gram\u00e1tica francesa"}]},{"@type":"WebSite","@id":"https:\/\/talkpal.ai\/es\/#website","url":"https:\/\/talkpal.ai\/es\/","name":"Talkpal","description":"AI Language Learning","publisher":{"@id":"https:\/\/talkpal.ai\/es\/#organization"},"alternateName":"Talkpal AI","potentialAction":[{"@type":"SearchAction","target":{"@type":"EntryPoint","urlTemplate":"https:\/\/talkpal.ai\/es\/?s={search_term_string}"},"query-input":{"@type":"PropertyValueSpecification","valueRequired":true,"valueName":"search_term_string"}}],"inLanguage":"es"},{"@type":"Organization","@id":"https:\/\/talkpal.ai\/es\/#organization","name":"Talkpal, Inc.","alternateName":"Talkpal AI","url":"https:\/\/talkpal.ai\/es\/","logo":{"@type":"ImageObject","inLanguage":"es","@id":"https:\/\/talkpal.ai\/es\/#\/schema\/logo\/image\/","url":"https:\/\/talkpal.ai\/wp-content\/uploads\/2024\/03\/Talkpal-Logo-Icon.png","contentUrl":"https:\/\/talkpal.ai\/wp-content\/uploads\/2024\/03\/Talkpal-Logo-Icon.png","width":2880,"height":2880,"caption":"Talkpal, Inc."},"image":{"@id":"https:\/\/talkpal.ai\/es\/#\/schema\/logo\/image\/"},"sameAs":["https:\/\/www.facebook.com\/profile.php?id=100090733639311","https:\/\/x.com\/talkpalai","https:\/\/www.linkedin.com\/company\/talkpal\/","https:\/\/www.youtube.com\/@TalkPal\/","https:\/\/www.tiktok.com\/@talkpal","https:\/\/www.instagram.com\/talkpal_ai\/","https:\/\/www.crunchbase.com\/organization\/talkpal-9cde","https:\/\/www.g2.com\/products\/talkpal-for-business\/","https:\/\/www.trustpilot.com\/review\/talkpal.ai","https:\/\/www.capterra.com\/p\/10006800\/TalkPal\/"],"description":"Talkpal is a language learning web and mobile education app, powered by the latest AI technologies, that provides engaging experiences to its customers in many different languages to help them improve their language skills. Users can chat about unlimited amount of topics with the app and use other modes to practice their language learning.","email":"support@talkpal.ai","legalName":"Talkpal, Inc.","foundingDate":"2023-04-03","duns":"118989042","numberOfEmployees":{"@type":"QuantitativeValue","minValue":"11","maxValue":"50"},"publishingPrinciples":"https:\/\/talkpal.ai\/publishing-principles\/","actionableFeedbackPolicy":"https:\/\/talkpal.ai\/actionable-feedback-policy\/","correctionsPolicy":"https:\/\/talkpal.ai\/corrections-policy\/","ethicsPolicy":"https:\/\/talkpal.ai\/ethics-policy\/","diversityPolicy":"https:\/\/talkpal.ai\/diversity-policy\/","diversityStaffingReport":"https:\/\/talkpal.ai\/diversity-policy\/"}]}},"_links":{"self":[{"href":"https:\/\/talkpal.ai\/es\/wp-json\/wp\/v2\/grammar\/5504","targetHints":{"allow":["GET"]}}],"collection":[{"href":"https:\/\/talkpal.ai\/es\/wp-json\/wp\/v2\/grammar"}],"about":[{"href":"https:\/\/talkpal.ai\/es\/wp-json\/wp\/v2\/types\/grammar"}],"wp:featuredmedia":[{"embeddable":true,"href":"https:\/\/talkpal.ai\/es\/wp-json\/wp\/v2\/media\/1527834"}],"wp:attachment":[{"href":"https:\/\/talkpal.ai\/es\/wp-json\/wp\/v2\/media?parent=5504"}],"wp:term":[{"taxonomy":"language","embeddable":true,"href":"https:\/\/talkpal.ai\/es\/wp-json\/wp\/v2\/language?post=5504"}],"curies":[{"name":"wp","href":"https:\/\/api.w.org\/{rel}","templated":true}]}}