{"id":5423,"date":"2023-03-30T07:32:18","date_gmt":"2023-03-30T07:32:18","guid":{"rendered":"http:\/\/talkpal.ai\/?post_type=grammar&#038;p=5423"},"modified":"2023-04-22T14:15:33","modified_gmt":"2023-04-22T14:15:33","slug":"verbos-pronominales-en-la-gramatica-francesa-dominar-los-verbos-irregulares","status":"publish","type":"grammar","link":"https:\/\/talkpal.ai\/es\/grammar\/verbos-pronominales-en-la-gramatica-francesa-dominar-los-verbos-irregulares\/","title":{"rendered":"Verbos pronominales en la gram\u00e1tica francesa: dominar los verbos irregulares"},"content":{"rendered":"\n<h2 class=\"wp-block-heading\">Introducci\u00f3n a los verbos pronominales en franc\u00e9s<\/h2>\n\n\n\n<p>Los verbos pronominales en la <a href=\"https:\/\/talkpal.ai\/pt-pt\/o-que-ha-de-especial-na-gramatica-francesa\/\">gram\u00e1tica francesa<\/a> constituyen un grupo de verbos que se construyen <a href=\"https:\/\/talkpal.ai\/culture\/how-do-you-use-the-preposition-con-in-combination-with-pronouns-like-migo\/\">con pronombres<\/a> reflexivos. Estos verbos son indispensables en la comunicaci\u00f3n cotidiana en <a href=\"https:\/\/talkpal.ai\/es\/locations\/aprende-frances-leyendo\/\">franc\u00e9s<\/a> y, a menudo, presentan irregularidades en su conjugaci\u00f3n. En este art\u00edculo, profundizaremos en el uso, la formaci\u00f3n y las particularidades de los verbos pronominales en franc\u00e9s <a href=\"https:\/\/talkpal.ai\/culture\/how-do-i-use-para-que-correctly\/\">para que<\/a> puedas dominarlos en poco tiempo.<\/p>\n\n\n\n<h2 class=\"wp-block-heading\">\u00bfQu\u00e9 son los verbos pronominales en franc\u00e9s?<\/h2>\n\n\n\n<h3 class=\"wp-block-heading\">Definici\u00f3n de verbos pronominales<\/h3>\n\n\n\n<p>Los verbos pronominales en franc\u00e9s son aquellos que se acompa\u00f1an de <a href=\"https:\/\/talkpal.ai\/ar\/grammar_exercises\/pronombres-reflexivos-%d8%aa%d9%85%d8%a7%d8%b1%d9%8a%d9%86-%d9%84%d9%82%d9%88%d8%a7%d8%b9%d8%af-%d8%a7%d9%84%d9%84%d8%ba%d8%a9-%d8%a7%d9%84%d8%a5%d8%b3%d8%a8%d8%a7%d9%86%d9%8a%d8%a9\/\">pronombres reflexivos<\/a>, <a href=\"https:\/\/talkpal.ai\/locations\/language-courses-in-como\/\">como<\/a> <em>me<\/em>, <em>te<\/em>, <em>se<\/em>, <em>nous<\/em>, <em>vous<\/em> y <em>se<\/em>. Estos pronombres indican que la acci\u00f3n del verbo recae sobre el sujeto que la realiza. Los verbos pronominales pueden ser reflexivos, rec\u00edprocos o simplemente pronominales.<\/p>\n\n\n\n<h3 class=\"wp-block-heading\">Tipos de verbos pronominales<\/h3>\n\n\n\n<ol class=\"wp-block-list\">\n<li><strong>Verbos reflexivos<\/strong>: indican que la acci\u00f3n recae sobre el sujeto que la realiza, es decir, el sujeto se realiza la acci\u00f3n a s\u00ed mismo. Ejemplo: <em>se laver<\/em> (lavarse).<\/li>\n\n\n\n<li><strong>Verbos rec\u00edprocos<\/strong>: expresan una acci\u00f3n que se realiza mutuamente entre dos o m\u00e1s personas. Ejemplo: <em>se parler<\/em> (hablarse).<\/li>\n\n\n\n<li><strong>Verbos simplemente pronominales<\/strong>: estos verbos no <a href=\"https:\/\/talkpal.ai\/locations\/language-courses-in-tienen\/\">tienen<\/a> una funci\u00f3n reflexiva o rec\u00edproca, pero se construyen con un <a href=\"https:\/\/talkpal.ai\/es\/grammar_exercises\/pronombres-reflexivos-para-la-gramatica-francesa\/\">pronombre reflexivo<\/a>. Ejemplo: <em>se souvenir<\/em> (recordar).<\/li>\n<\/ol>\n\n\n\n<h2 class=\"wp-block-heading\">Formaci\u00f3n de los verbos pronominales en franc\u00e9s<\/h2>\n\n\n\n<h3 class=\"wp-block-heading\">Conjugaci\u00f3n de verbos pronominales en los diferentes tiempos verbales<\/h3>\n\n\n\n<p>Los verbos pronominales se conjugan en todos los tiempos verbales, tanto simples como compuestos. A continuaci\u00f3n, presentamos la conjugaci\u00f3n de un verbo pronominal regular en distintos tiempos verbales:<\/p>\n\n\n\n<h4 class=\"wp-block-heading\">Presente de indicativo<\/h4>\n\n\n\n<p><em>se laver<\/em> (lavarse)<\/p>\n\n\n\n<ul class=\"wp-block-list\">\n<li>je me lave<\/li>\n\n\n\n<li>tu te laves<\/li>\n\n\n\n<li>il\/elle\/on se lave<\/li>\n\n\n\n<li>nous nous lavons<\/li>\n\n\n\n<li>vous vous lavez<\/li>\n\n\n\n<li>ils\/elles se lavent<\/li>\n<\/ul>\n\n\n\n<h4 class=\"wp-block-heading\">Pasado compuesto<\/h4>\n\n\n\n<p><em>se laver<\/em> (lavarse)<\/p>\n\n\n\n<ul class=\"wp-block-list\">\n<li>je me suis lav\u00e9(e)<\/li>\n\n\n\n<li>tu t&#8217;es lav\u00e9(e)<\/li>\n\n\n\n<li>il\/elle\/on s&#8217;est lav\u00e9(e)<\/li>\n\n\n\n<li>nous nous sommes lav\u00e9(e)s<\/li>\n\n\n\n<li>vous vous \u00eates lav\u00e9(e)(s)<\/li>\n\n\n\n<li>ils\/elles se sont lav\u00e9(e)s<\/li>\n<\/ul>\n\n\n\n<h3 class=\"wp-block-heading\">Verbos pronominales irregulares<\/h3>\n\n\n\n<p>Algunos verbos pronominales presentan irregularidades en su conjugaci\u00f3n. Es importante conocerlos y practicarlos para poder utilizarlos correctamente. A continuaci\u00f3n, se muestran algunos ejemplos de verbos pronominales irregulares:<\/p>\n\n\n\n<ul class=\"wp-block-list\">\n<li><em>s&#8217;asseoir<\/em> (sentarse): je m&#8217;assieds, tu t&#8217;assieds, il\/elle\/on s&#8217;assied, nous nous asseyons, vous vous asseyez, ils\/elles s&#8217;asseyent<\/li>\n\n\n\n<li><em>se taire<\/em> (callarse): je me tais, tu te tais, il\/elle\/on se tait, nous nous taisons, vous vous taisez, ils\/elles se taisent<\/li>\n<\/ul>\n\n\n\n<h2 class=\"wp-block-heading\">Particularidades de los verbos pronominales en franc\u00e9s<\/h2>\n\n\n\n<h3 class=\"wp-block-heading\">Acuerdo del participio pasado<\/h3>\n\n\n\n<p>El participio pasado de los verbos pronominales concuerda en g\u00e9nero y n\u00famero con el sujeto en los tiempos compuestos. Sin embargo, si el pronombre reflexivo funciona como objeto directo y hay otro objeto directo en la oraci\u00f3n, el participio pasado concuerda con este \u00faltimo.<\/p>\n\n\n\n<h3 class=\"wp-block-heading\">Negaci\u00f3n en verbos pronominales<\/h3>\n\n\n\n<p>Para construir la negaci\u00f3n en verbos pronominales, se colocan las part\u00edculas <em>ne<\/em> y <em>pas<\/em> alrededor del pronombre reflexivo y el verbo conjugado. Ejemplo: <em>je ne me lave pas<\/em> (no me lavo).<\/p>\n\n\n\n<h3 class=\"wp-block-heading\">Uso de los verbos pronominales en oraciones interrogativas<\/h3>\n\n\n\n<p>En las oraciones interrogativas, el pronombre reflexivo se coloca despu\u00e9s del sujeto. Ejemplo: <em>Est-ce que tu te laves?<\/em> (\u00bfTe lavas?)<\/p>\n\n\n\n<h2 class=\"wp-block-heading\">Conclusi\u00f3n<\/h2>\n\n\n\n<p>Los verbos pronominales en franc\u00e9s son esenciales para dominar la gram\u00e1tica y la comunicaci\u00f3n en este idioma. Aseg\u00farate de practicar su uso, su conjugaci\u00f3n y sus particularidades para mejorar tu habilidad en la lengua francesa y, poco a poco, convertirte en un experto en los verbos pronominales en franc\u00e9s.<\/p>\n","protected":false},"featured_media":1527753,"template":"","language":[312,314],"class_list":["post-5423","grammar","type-grammar","status-publish","has-post-thumbnail","hentry","language-frances","language-verbos-es-2"],"acf":[],"yoast_head":"<!-- This site is optimized with the Yoast SEO Premium plugin v27.2 (Yoast SEO v27.2) - https:\/\/yoast.com\/product\/yoast-seo-premium-wordpress\/ -->\n<title>Verbos pronominales en la gram\u00e1tica francesa: dominar los verbos irregulares - Talkpal<\/title>\n<meta name=\"description\" content=\"Introducci\u00f3n a los verbos pronominales en franc\u00e9s Los verbos pronominales en la gram\u00e1tica francesa constituyen un grupo de verbos que se construyen con\" \/>\n<meta name=\"robots\" content=\"index, follow, max-snippet:-1, max-image-preview:large, max-video-preview:-1\" \/>\n<link rel=\"canonical\" href=\"https:\/\/talkpal.ai\/es\/grammar\/verbos-pronominales-en-la-gramatica-francesa-dominar-los-verbos-irregulares\/\" \/>\n<meta property=\"og:locale\" content=\"es_ES\" \/>\n<meta property=\"og:type\" content=\"article\" \/>\n<meta property=\"og:title\" content=\"Verbos pronominales en la gram\u00e1tica francesa: dominar los verbos irregulares\" \/>\n<meta property=\"og:description\" content=\"Introducci\u00f3n a los verbos pronominales en franc\u00e9s Los verbos pronominales en la gram\u00e1tica francesa constituyen un grupo de verbos que se construyen con\" \/>\n<meta property=\"og:url\" content=\"https:\/\/talkpal.ai\/es\/grammar\/verbos-pronominales-en-la-gramatica-francesa-dominar-los-verbos-irregulares\/\" \/>\n<meta property=\"og:site_name\" content=\"Talkpal\" \/>\n<meta property=\"article:publisher\" content=\"https:\/\/www.facebook.com\/profile.php?id=100090733639311\" \/>\n<meta property=\"article:modified_time\" content=\"2023-04-22T14:15:33+00:00\" \/>\n<meta property=\"og:image\" content=\"https:\/\/talkpal.ai\/wp-content\/uploads\/2023\/04\/TalkPal-Illustration-of-students-studying-grammar-lessons-97.png\" \/>\n\t<meta property=\"og:image:width\" content=\"1456\" \/>\n\t<meta property=\"og:image:height\" content=\"816\" \/>\n\t<meta property=\"og:image:type\" content=\"image\/png\" \/>\n<meta name=\"twitter:card\" content=\"summary_large_image\" \/>\n<meta name=\"twitter:site\" content=\"@talkpalai\" \/>\n<meta name=\"twitter:label1\" content=\"Tiempo de lectura\" \/>\n\t<meta name=\"twitter:data1\" content=\"3 minutos\" \/>\n<script type=\"application\/ld+json\" class=\"yoast-schema-graph\">{\"@context\":\"https:\/\/schema.org\",\"@graph\":[{\"@type\":\"WebPage\",\"@id\":\"https:\/\/talkpal.ai\/es\/grammar\/verbos-pronominales-en-la-gramatica-francesa-dominar-los-verbos-irregulares\/\",\"url\":\"https:\/\/talkpal.ai\/es\/grammar\/verbos-pronominales-en-la-gramatica-francesa-dominar-los-verbos-irregulares\/\",\"name\":\"Verbos pronominales en la gram\u00e1tica francesa: dominar los verbos irregulares - Talkpal\",\"isPartOf\":{\"@id\":\"https:\/\/talkpal.ai\/es\/#website\"},\"primaryImageOfPage\":{\"@id\":\"https:\/\/talkpal.ai\/es\/grammar\/verbos-pronominales-en-la-gramatica-francesa-dominar-los-verbos-irregulares\/#primaryimage\"},\"image\":{\"@id\":\"https:\/\/talkpal.ai\/es\/grammar\/verbos-pronominales-en-la-gramatica-francesa-dominar-los-verbos-irregulares\/#primaryimage\"},\"thumbnailUrl\":\"https:\/\/talkpal.ai\/wp-content\/uploads\/2025\/12\/library-is-entered-to-learn-languages.webp\",\"datePublished\":\"2023-03-30T07:32:18+00:00\",\"dateModified\":\"2023-04-22T14:15:33+00:00\",\"description\":\"Introducci\u00f3n a los verbos pronominales en franc\u00e9s Los verbos pronominales en la gram\u00e1tica francesa constituyen un grupo de verbos que se construyen con\",\"breadcrumb\":{\"@id\":\"https:\/\/talkpal.ai\/es\/grammar\/verbos-pronominales-en-la-gramatica-francesa-dominar-los-verbos-irregulares\/#breadcrumb\"},\"inLanguage\":\"es\",\"potentialAction\":[{\"@type\":\"ReadAction\",\"target\":[\"https:\/\/talkpal.ai\/es\/grammar\/verbos-pronominales-en-la-gramatica-francesa-dominar-los-verbos-irregulares\/\"]}]},{\"@type\":\"ImageObject\",\"inLanguage\":\"es\",\"@id\":\"https:\/\/talkpal.ai\/es\/grammar\/verbos-pronominales-en-la-gramatica-francesa-dominar-los-verbos-irregulares\/#primaryimage\",\"url\":\"https:\/\/talkpal.ai\/wp-content\/uploads\/2025\/12\/library-is-entered-to-learn-languages.webp\",\"contentUrl\":\"https:\/\/talkpal.ai\/wp-content\/uploads\/2025\/12\/library-is-entered-to-learn-languages.webp\",\"width\":1200,\"height\":896,\"caption\":\"Students sit at small tables in a cozy library while learning languages.\"},{\"@type\":\"BreadcrumbList\",\"@id\":\"https:\/\/talkpal.ai\/es\/grammar\/verbos-pronominales-en-la-gramatica-francesa-dominar-los-verbos-irregulares\/#breadcrumb\",\"itemListElement\":[{\"@type\":\"ListItem\",\"position\":1,\"name\":\"Homepage\",\"item\":\"https:\/\/talkpal.ai\/es\/\"},{\"@type\":\"ListItem\",\"position\":2,\"name\":\"Verbos pronominales en la gram\u00e1tica francesa: dominar los verbos irregulares\"}]},{\"@type\":\"WebSite\",\"@id\":\"https:\/\/talkpal.ai\/es\/#website\",\"url\":\"https:\/\/talkpal.ai\/es\/\",\"name\":\"Talkpal\",\"description\":\"AI Language Learning\",\"publisher\":{\"@id\":\"https:\/\/talkpal.ai\/es\/#organization\"},\"alternateName\":\"Talkpal AI\",\"potentialAction\":[{\"@type\":\"SearchAction\",\"target\":{\"@type\":\"EntryPoint\",\"urlTemplate\":\"https:\/\/talkpal.ai\/es\/?s={search_term_string}\"},\"query-input\":{\"@type\":\"PropertyValueSpecification\",\"valueRequired\":true,\"valueName\":\"search_term_string\"}}],\"inLanguage\":\"es\"},{\"@type\":\"Organization\",\"@id\":\"https:\/\/talkpal.ai\/es\/#organization\",\"name\":\"Talkpal, Inc.\",\"alternateName\":\"Talkpal AI\",\"url\":\"https:\/\/talkpal.ai\/es\/\",\"logo\":{\"@type\":\"ImageObject\",\"inLanguage\":\"es\",\"@id\":\"https:\/\/talkpal.ai\/es\/#\/schema\/logo\/image\/\",\"url\":\"https:\/\/talkpal.ai\/wp-content\/uploads\/2024\/03\/Talkpal-Logo-Icon.png\",\"contentUrl\":\"https:\/\/talkpal.ai\/wp-content\/uploads\/2024\/03\/Talkpal-Logo-Icon.png\",\"width\":2880,\"height\":2880,\"caption\":\"Talkpal, Inc.\"},\"image\":{\"@id\":\"https:\/\/talkpal.ai\/es\/#\/schema\/logo\/image\/\"},\"sameAs\":[\"https:\/\/www.facebook.com\/profile.php?id=100090733639311\",\"https:\/\/x.com\/talkpalai\",\"https:\/\/www.linkedin.com\/company\/talkpal\/\",\"https:\/\/www.youtube.com\/@TalkPal\/\",\"https:\/\/www.tiktok.com\/@talkpal\",\"https:\/\/www.instagram.com\/talkpal_ai\/\",\"https:\/\/www.crunchbase.com\/organization\/talkpal-9cde\",\"https:\/\/www.g2.com\/products\/talkpal-for-business\/\",\"https:\/\/www.trustpilot.com\/review\/talkpal.ai\",\"https:\/\/www.capterra.com\/p\/10006800\/TalkPal\/\"],\"description\":\"Talkpal is a language learning web and mobile education app, powered by the latest AI technologies, that provides engaging experiences to its customers in many different languages to help them improve their language skills. Users can chat about unlimited amount of topics with the app and use other modes to practice their language learning.\",\"email\":\"support@talkpal.ai\",\"legalName\":\"Talkpal, Inc.\",\"foundingDate\":\"2023-04-03\",\"duns\":\"118989042\",\"numberOfEmployees\":{\"@type\":\"QuantitativeValue\",\"minValue\":\"11\",\"maxValue\":\"50\"},\"publishingPrinciples\":\"https:\/\/talkpal.ai\/publishing-principles\/\",\"actionableFeedbackPolicy\":\"https:\/\/talkpal.ai\/actionable-feedback-policy\/\",\"correctionsPolicy\":\"https:\/\/talkpal.ai\/corrections-policy\/\",\"ethicsPolicy\":\"https:\/\/talkpal.ai\/ethics-policy\/\",\"diversityPolicy\":\"https:\/\/talkpal.ai\/diversity-policy\/\",\"diversityStaffingReport\":\"https:\/\/talkpal.ai\/diversity-policy\/\"}]}<\/script>\n<!-- \/ Yoast SEO Premium plugin. -->","yoast_head_json":{"title":"Verbos pronominales en la gram\u00e1tica francesa: dominar los verbos irregulares - Talkpal","description":"Introducci\u00f3n a los verbos pronominales en franc\u00e9s Los verbos pronominales en la gram\u00e1tica francesa constituyen un grupo de verbos que se construyen con","robots":{"index":"index","follow":"follow","max-snippet":"max-snippet:-1","max-image-preview":"max-image-preview:large","max-video-preview":"max-video-preview:-1"},"canonical":"https:\/\/talkpal.ai\/es\/grammar\/verbos-pronominales-en-la-gramatica-francesa-dominar-los-verbos-irregulares\/","og_locale":"es_ES","og_type":"article","og_title":"Verbos pronominales en la gram\u00e1tica francesa: dominar los verbos irregulares","og_description":"Introducci\u00f3n a los verbos pronominales en franc\u00e9s Los verbos pronominales en la gram\u00e1tica francesa constituyen un grupo de verbos que se construyen con","og_url":"https:\/\/talkpal.ai\/es\/grammar\/verbos-pronominales-en-la-gramatica-francesa-dominar-los-verbos-irregulares\/","og_site_name":"Talkpal","article_publisher":"https:\/\/www.facebook.com\/profile.php?id=100090733639311","article_modified_time":"2023-04-22T14:15:33+00:00","og_image":[{"width":1456,"height":816,"url":"https:\/\/talkpal.ai\/wp-content\/uploads\/2023\/04\/TalkPal-Illustration-of-students-studying-grammar-lessons-97.png","type":"image\/png"}],"twitter_card":"summary_large_image","twitter_site":"@talkpalai","twitter_misc":{"Tiempo de lectura":"3 minutos"},"schema":{"@context":"https:\/\/schema.org","@graph":[{"@type":"WebPage","@id":"https:\/\/talkpal.ai\/es\/grammar\/verbos-pronominales-en-la-gramatica-francesa-dominar-los-verbos-irregulares\/","url":"https:\/\/talkpal.ai\/es\/grammar\/verbos-pronominales-en-la-gramatica-francesa-dominar-los-verbos-irregulares\/","name":"Verbos pronominales en la gram\u00e1tica francesa: dominar los verbos irregulares - Talkpal","isPartOf":{"@id":"https:\/\/talkpal.ai\/es\/#website"},"primaryImageOfPage":{"@id":"https:\/\/talkpal.ai\/es\/grammar\/verbos-pronominales-en-la-gramatica-francesa-dominar-los-verbos-irregulares\/#primaryimage"},"image":{"@id":"https:\/\/talkpal.ai\/es\/grammar\/verbos-pronominales-en-la-gramatica-francesa-dominar-los-verbos-irregulares\/#primaryimage"},"thumbnailUrl":"https:\/\/talkpal.ai\/wp-content\/uploads\/2025\/12\/library-is-entered-to-learn-languages.webp","datePublished":"2023-03-30T07:32:18+00:00","dateModified":"2023-04-22T14:15:33+00:00","description":"Introducci\u00f3n a los verbos pronominales en franc\u00e9s Los verbos pronominales en la gram\u00e1tica francesa constituyen un grupo de verbos que se construyen con","breadcrumb":{"@id":"https:\/\/talkpal.ai\/es\/grammar\/verbos-pronominales-en-la-gramatica-francesa-dominar-los-verbos-irregulares\/#breadcrumb"},"inLanguage":"es","potentialAction":[{"@type":"ReadAction","target":["https:\/\/talkpal.ai\/es\/grammar\/verbos-pronominales-en-la-gramatica-francesa-dominar-los-verbos-irregulares\/"]}]},{"@type":"ImageObject","inLanguage":"es","@id":"https:\/\/talkpal.ai\/es\/grammar\/verbos-pronominales-en-la-gramatica-francesa-dominar-los-verbos-irregulares\/#primaryimage","url":"https:\/\/talkpal.ai\/wp-content\/uploads\/2025\/12\/library-is-entered-to-learn-languages.webp","contentUrl":"https:\/\/talkpal.ai\/wp-content\/uploads\/2025\/12\/library-is-entered-to-learn-languages.webp","width":1200,"height":896,"caption":"Students sit at small tables in a cozy library while learning languages."},{"@type":"BreadcrumbList","@id":"https:\/\/talkpal.ai\/es\/grammar\/verbos-pronominales-en-la-gramatica-francesa-dominar-los-verbos-irregulares\/#breadcrumb","itemListElement":[{"@type":"ListItem","position":1,"name":"Homepage","item":"https:\/\/talkpal.ai\/es\/"},{"@type":"ListItem","position":2,"name":"Verbos pronominales en la gram\u00e1tica francesa: dominar los verbos irregulares"}]},{"@type":"WebSite","@id":"https:\/\/talkpal.ai\/es\/#website","url":"https:\/\/talkpal.ai\/es\/","name":"Talkpal","description":"AI Language Learning","publisher":{"@id":"https:\/\/talkpal.ai\/es\/#organization"},"alternateName":"Talkpal AI","potentialAction":[{"@type":"SearchAction","target":{"@type":"EntryPoint","urlTemplate":"https:\/\/talkpal.ai\/es\/?s={search_term_string}"},"query-input":{"@type":"PropertyValueSpecification","valueRequired":true,"valueName":"search_term_string"}}],"inLanguage":"es"},{"@type":"Organization","@id":"https:\/\/talkpal.ai\/es\/#organization","name":"Talkpal, Inc.","alternateName":"Talkpal AI","url":"https:\/\/talkpal.ai\/es\/","logo":{"@type":"ImageObject","inLanguage":"es","@id":"https:\/\/talkpal.ai\/es\/#\/schema\/logo\/image\/","url":"https:\/\/talkpal.ai\/wp-content\/uploads\/2024\/03\/Talkpal-Logo-Icon.png","contentUrl":"https:\/\/talkpal.ai\/wp-content\/uploads\/2024\/03\/Talkpal-Logo-Icon.png","width":2880,"height":2880,"caption":"Talkpal, Inc."},"image":{"@id":"https:\/\/talkpal.ai\/es\/#\/schema\/logo\/image\/"},"sameAs":["https:\/\/www.facebook.com\/profile.php?id=100090733639311","https:\/\/x.com\/talkpalai","https:\/\/www.linkedin.com\/company\/talkpal\/","https:\/\/www.youtube.com\/@TalkPal\/","https:\/\/www.tiktok.com\/@talkpal","https:\/\/www.instagram.com\/talkpal_ai\/","https:\/\/www.crunchbase.com\/organization\/talkpal-9cde","https:\/\/www.g2.com\/products\/talkpal-for-business\/","https:\/\/www.trustpilot.com\/review\/talkpal.ai","https:\/\/www.capterra.com\/p\/10006800\/TalkPal\/"],"description":"Talkpal is a language learning web and mobile education app, powered by the latest AI technologies, that provides engaging experiences to its customers in many different languages to help them improve their language skills. Users can chat about unlimited amount of topics with the app and use other modes to practice their language learning.","email":"support@talkpal.ai","legalName":"Talkpal, Inc.","foundingDate":"2023-04-03","duns":"118989042","numberOfEmployees":{"@type":"QuantitativeValue","minValue":"11","maxValue":"50"},"publishingPrinciples":"https:\/\/talkpal.ai\/publishing-principles\/","actionableFeedbackPolicy":"https:\/\/talkpal.ai\/actionable-feedback-policy\/","correctionsPolicy":"https:\/\/talkpal.ai\/corrections-policy\/","ethicsPolicy":"https:\/\/talkpal.ai\/ethics-policy\/","diversityPolicy":"https:\/\/talkpal.ai\/diversity-policy\/","diversityStaffingReport":"https:\/\/talkpal.ai\/diversity-policy\/"}]}},"_links":{"self":[{"href":"https:\/\/talkpal.ai\/es\/wp-json\/wp\/v2\/grammar\/5423","targetHints":{"allow":["GET"]}}],"collection":[{"href":"https:\/\/talkpal.ai\/es\/wp-json\/wp\/v2\/grammar"}],"about":[{"href":"https:\/\/talkpal.ai\/es\/wp-json\/wp\/v2\/types\/grammar"}],"wp:featuredmedia":[{"embeddable":true,"href":"https:\/\/talkpal.ai\/es\/wp-json\/wp\/v2\/media\/1527753"}],"wp:attachment":[{"href":"https:\/\/talkpal.ai\/es\/wp-json\/wp\/v2\/media?parent=5423"}],"wp:term":[{"taxonomy":"language","embeddable":true,"href":"https:\/\/talkpal.ai\/es\/wp-json\/wp\/v2\/language?post=5423"}],"curies":[{"name":"wp","href":"https:\/\/api.w.org\/{rel}","templated":true}]}}