{"id":4317,"date":"2023-03-29T07:31:39","date_gmt":"2023-03-29T07:31:39","guid":{"rendered":"http:\/\/talkpal.ai\/?post_type=grammar&#038;p=4317"},"modified":"2023-04-22T14:13:09","modified_gmt":"2023-04-22T14:13:09","slug":"la-declinacion-de-los-pronombres-y-determinantes-en-la-gramatica-alemana","status":"publish","type":"grammar","link":"https:\/\/talkpal.ai\/es\/grammar\/la-declinacion-de-los-pronombres-y-determinantes-en-la-gramatica-alemana\/","title":{"rendered":"La Declinaci\u00f3n de los Pronombres y Determinantes en la Gram\u00e1tica Alemana"},"content":{"rendered":"\n<h2 class=\"wp-block-heading\">Introducci\u00f3n a la Declinaci\u00f3n de Pronombres y Determinantes en Alem\u00e1n<\/h2>\n\n\n\n<p>La declinaci\u00f3n es uno de los aspectos fundamentales en la <a href=\"https:\/\/talkpal.ai\/german-grammar\/\">gram\u00e1tica alemana<\/a> y es necesario conocerla para dominar el idioma. En este art\u00edculo, nos centraremos en la declinaci\u00f3n de los pronombres y determinantes en <a href=\"https:\/\/talkpal.ai\/learn-german\/\">alem\u00e1n<\/a>, proporcionando una visi\u00f3n detallada de sus reglas y ejemplos claros para facilitar su comprensi\u00f3n.<\/p>\n\n\n\n<h2 class=\"wp-block-heading\">Los Cuatro Casos de la Gram\u00e1tica Alemana<\/h2>\n\n\n\n<p>Antes de abordar la declinaci\u00f3n, es importante recordar los cuatro casos gramaticales en <a href=\"https:\/\/talkpal.ai\/learn-german\/\">alem\u00e1n<\/a>:<\/p>\n\n\n\n<ol class=\"wp-block-list\">\n<li><strong>Nominativo<\/strong>: el sujeto de la oraci\u00f3n.<\/li>\n\n\n\n<li><strong>Acusativo<\/strong>: el objeto directo de la oraci\u00f3n.<\/li>\n\n\n\n<li><strong>Dativo<\/strong>: el objeto indirecto de la oraci\u00f3n.<\/li>\n\n\n\n<li><strong>Genitivo<\/strong>: indica posesi\u00f3n o relaci\u00f3n.<\/li>\n<\/ol>\n\n\n\n<p>Cada pronombre y determinante en alem\u00e1n se declina en funci\u00f3n del caso en el que se encuentre.<\/p>\n\n\n\n<h2 class=\"wp-block-heading\">Pronombres Personales<\/h2>\n\n\n\n<p>Los <a href=\"https:\/\/talkpal.ai\/ar\/grammar_exercises\/pronombres-personales-%d8%aa%d9%85%d8%a7%d8%b1%d9%8a%d9%86-%d9%84%d9%82%d9%88%d8%a7%d8%b9%d8%af-%d8%a7%d9%84%d9%84%d8%ba%d8%a9-%d8%a7%d9%84%d8%a5%d8%b3%d8%a8%d8%a7%d9%86%d9%8a%d8%a9\/\">pronombres personales<\/a> son palabras que reemplazan a los sustantivos y se refieren a personas o cosas. Estos son los <a href=\"https:\/\/talkpal.ai\/ar\/grammar_exercises\/pronombres-personales-%d8%aa%d9%85%d8%a7%d8%b1%d9%8a%d9%86-%d9%84%d9%82%d9%88%d8%a7%d8%b9%d8%af-%d8%a7%d9%84%d9%84%d8%ba%d8%a9-%d8%a7%d9%84%d8%a5%d8%b3%d8%a8%d8%a7%d9%86%d9%8a%d8%a9\/\">pronombres personales<\/a> en alem\u00e1n:<\/p>\n\n\n\n<h3 class=\"wp-block-heading\">Declinaci\u00f3n de Pronombres Personales en Nominativo<\/h3>\n\n\n\n<figure class=\"wp-block-table\"><table><thead><tr><th>Espa\u00f1ol<\/th><th>Alem\u00e1n<\/th><\/tr><\/thead><tbody><tr><td>yo<\/td><td>ich<\/td><\/tr><tr><td>t\u00fa<\/td><td>du<\/td><\/tr><tr><td>\u00e9l\/ella\/ello<\/td><td>er\/sie\/es<\/td><\/tr><tr><td>nosotros\/nosotras<\/td><td>wir<\/td><\/tr><tr><td>vosotros\/vosotras<\/td><td>ihr<\/td><\/tr><tr><td>ellos\/ellas<\/td><td>sie<\/td><\/tr><tr><td>usted<\/td><td>Sie<\/td><\/tr><\/tbody><\/table><\/figure>\n\n\n\n<h3 class=\"wp-block-heading\">Declinaci\u00f3n de Pronombres Personales en Acusativo<\/h3>\n\n\n\n<figure class=\"wp-block-table\"><table><thead><tr><th>Espa\u00f1ol<\/th><th>Alem\u00e1n<\/th><\/tr><\/thead><tbody><tr><td>me<\/td><td>mich<\/td><\/tr><tr><td>te<\/td><td>dich<\/td><\/tr><tr><td>lo\/la<\/td><td>ihn\/sie\/es<\/td><\/tr><tr><td>nos<\/td><td>uns<\/td><\/tr><tr><td>os<\/td><td>euch<\/td><\/tr><tr><td>los\/las<\/td><td>sie<\/td><\/tr><tr><td>le (usted)<\/td><td>Sie<\/td><\/tr><\/tbody><\/table><\/figure>\n\n\n\n<h3 class=\"wp-block-heading\">Declinaci\u00f3n de Pronombres Personales en Dativo<\/h3>\n\n\n\n<figure class=\"wp-block-table\"><table><thead><tr><th>Espa\u00f1ol<\/th><th>Alem\u00e1n<\/th><\/tr><\/thead><tbody><tr><td>me<\/td><td>mir<\/td><\/tr><tr><td>te<\/td><td>dir<\/td><\/tr><tr><td>le<\/td><td>ihm\/ihr\/ihm<\/td><\/tr><tr><td>nos<\/td><td>uns<\/td><\/tr><tr><td>os<\/td><td>euch<\/td><\/tr><tr><td>les<\/td><td>ihnen<\/td><\/tr><tr><td>les (usted)<\/td><td>Ihnen<\/td><\/tr><\/tbody><\/table><\/figure>\n\n\n\n<h3 class=\"wp-block-heading\">Declinaci\u00f3n de Pronombres Personales en Genitivo<\/h3>\n\n\n\n<figure class=\"wp-block-table\"><table><thead><tr><th>Espa\u00f1ol<\/th><th>Alem\u00e1n<\/th><\/tr><\/thead><tbody><tr><td>m\u00edo\/m\u00eda<\/td><td>meiner<\/td><\/tr><tr><td>tuyo\/tuya<\/td><td>deiner<\/td><\/tr><tr><td>suyo\/suya<\/td><td>seiner\/ihrer\/seiner<\/td><\/tr><tr><td>nuestro\/nuestra<\/td><td>unser<\/td><\/tr><tr><td>vuestro\/vuestra<\/td><td>euer<\/td><\/tr><tr><td>suyo\/suya (ellos\/ellas)<\/td><td>ihrer<\/td><\/tr><tr><td>suyo\/suya (usted)<\/td><td>Ihrer<\/td><\/tr><\/tbody><\/table><\/figure>\n\n\n\n<h2 class=\"wp-block-heading\">Determinantes: Art\u00edculos, Posesivos y Demostrativos<\/h2>\n\n\n\n<p>Los determinantes son palabras que acompa\u00f1an a los sustantivos y proporcionan informaci\u00f3n adicional sobre ellos. En alem\u00e1n, los determinantes incluyen art\u00edculos (definidos e indefinidos), posesivos y demostrativos.<\/p>\n\n\n\n<h3 class=\"wp-block-heading\">Art\u00edculos Definidos e Indefinidos<\/h3>\n\n\n\n<p>Los <a href=\"https:\/\/talkpal.ai\/es\/grammar\/articulos-definidos-en-gramatica-china\/\">art\u00edculos definidos<\/a> (el, la, los, las) e indefinidos (un, una, unos, unas) en alem\u00e1n se declinan de acuerdo al g\u00e9nero, n\u00famero y caso del sustantivo al que acompa\u00f1an.<\/p>\n\n\n\n<h4 class=\"wp-block-heading\">Art\u00edculos Definidos<\/h4>\n\n\n\n<figure class=\"wp-block-table\"><table><thead><tr><th>Caso<\/th><th>Masculino<\/th><th>Femenino<\/th><th>Neutro<\/th><th>Plural<\/th><\/tr><\/thead><tbody><tr><td>Nominativo<\/td><td>der<\/td><td>die<\/td><td>das<\/td><td>die<\/td><\/tr><tr><td>Acusativo<\/td><td>den<\/td><td>die<\/td><td>das<\/td><td>die<\/td><\/tr><tr><td>Dativo<\/td><td>dem<\/td><td>der<\/td><td>dem<\/td><td>den (+n)<\/td><\/tr><tr><td>Genitivo<\/td><td>des (+s\/es)<\/td><td>der<\/td><td>des (+s\/es)<\/td><td>der<\/td><\/tr><\/tbody><\/table><\/figure>\n\n\n\n<h4 class=\"wp-block-heading\">Art\u00edculos Indefinidos<\/h4>\n\n\n\n<figure class=\"wp-block-table\"><table><thead><tr><th>Caso<\/th><th>Masculino<\/th><th>Femenino<\/th><th>Neutro<\/th><\/tr><\/thead><tbody><tr><td>Nominativo<\/td><td>ein<\/td><td>eine<\/td><td>ein<\/td><\/tr><tr><td>Acusativo<\/td><td>einen<\/td><td>eine<\/td><td>ein<\/td><\/tr><tr><td>Dativo<\/td><td>einem<\/td><td>einer<\/td><td>einem<\/td><\/tr><tr><td>Genitivo<\/td><td>eines (+s\/es)<\/td><td>einer<\/td><td>eines (+s\/es)<\/td><\/tr><\/tbody><\/table><\/figure>\n\n\n\n<h3 class=\"wp-block-heading\">Pronombres Posesivos<\/h3>\n\n\n\n<p>Los pronombres posesivos indican posesi\u00f3n o relaci\u00f3n y concuerdan en g\u00e9nero, n\u00famero y caso con el sustantivo pose\u00eddo.<\/p>\n\n\n\n<figure class=\"wp-block-table\"><table><thead><tr><th>Espa\u00f1ol<\/th><th>Alem\u00e1n<\/th><\/tr><\/thead><tbody><tr><td>mi(s)<\/td><td>mein(e)<\/td><\/tr><tr><td>tu(s)<\/td><td>dein(e)<\/td><\/tr><tr><td>su(s) (\u00e9l\/ella\/ello)<\/td><td>sein(e)\/ihr(e)\/sein(e)<\/td><\/tr><tr><td>nuestro(s)\/nuestra(s)<\/td><td>unser(e)<\/td><\/tr><tr><td>vuestro(s)\/vuestra(s)<\/td><td>euer(e)<\/td><\/tr><tr><td>su(s) (ellos\/ellas)<\/td><td>ihr(e)<\/td><\/tr><tr><td>su(s) (usted)<\/td><td>Ihr(e)<\/td><\/tr><\/tbody><\/table><\/figure>\n\n\n\n<h3 class=\"wp-block-heading\">Pronombres Demostrativos<\/h3>\n\n\n\n<p>Los pronombres demostrativos hacen referencia a sustantivos espec\u00edficos y tambi\u00e9n se declinan en funci\u00f3n del g\u00e9nero, n\u00famero y caso.<\/p>\n\n\n\n<figure class=\"wp-block-table\"><table><thead><tr><th>Espa\u00f1ol<\/th><th>Alem\u00e1n<\/th><\/tr><\/thead><tbody><tr><td>este\/esta<\/td><td>dieser\/diese\/dieses<\/td><\/tr><tr><td>ese\/esa<\/td><td>jener\/jene\/jenes<\/td><\/tr><tr><td>aquel\/aquella<\/td><td>derjenige\/diejeneige\/dasjenige<\/td><\/tr><\/tbody><\/table><\/figure>\n\n\n\n<p>En resumen, la declinaci\u00f3n de los pronombres y determinantes en alem\u00e1n es esencial para expresarse de manera correcta y coherente en el idioma. Dominar estas reglas gramaticales te permitir\u00e1 comunicarte con mayor fluidez y confianza en alem\u00e1n.<\/p>\n","protected":false},"featured_media":1527963,"template":"","language":[295,301],"class_list":["post-4317","grammar","type-grammar","status-publish","has-post-thumbnail","hentry","language-aleman","language-pronombres-y-determinantes-es"],"acf":[],"yoast_head":"<!-- This site is optimized with the Yoast SEO Premium plugin v27.2 (Yoast SEO v27.2) - https:\/\/yoast.com\/product\/yoast-seo-premium-wordpress\/ -->\n<title>La Declinaci\u00f3n de los Pronombres y Determinantes en la Gram\u00e1tica Alemana - Talkpal<\/title>\n<meta name=\"description\" content=\"Introducci\u00f3n a la Declinaci\u00f3n de Pronombres y Determinantes en Alem\u00e1n La declinaci\u00f3n es uno de los aspectos fundamentales en la gram\u00e1tica alemana y es\" \/>\n<meta name=\"robots\" content=\"index, follow, max-snippet:-1, max-image-preview:large, max-video-preview:-1\" \/>\n<link rel=\"canonical\" href=\"https:\/\/talkpal.ai\/es\/grammar\/la-declinacion-de-los-pronombres-y-determinantes-en-la-gramatica-alemana\/\" \/>\n<meta property=\"og:locale\" content=\"es_ES\" \/>\n<meta property=\"og:type\" content=\"article\" \/>\n<meta property=\"og:title\" content=\"La Declinaci\u00f3n de los Pronombres y Determinantes en la Gram\u00e1tica Alemana\" \/>\n<meta property=\"og:description\" content=\"Introducci\u00f3n a la Declinaci\u00f3n de Pronombres y Determinantes en Alem\u00e1n La declinaci\u00f3n es uno de los aspectos fundamentales en la gram\u00e1tica alemana y es\" \/>\n<meta property=\"og:url\" content=\"https:\/\/talkpal.ai\/es\/grammar\/la-declinacion-de-los-pronombres-y-determinantes-en-la-gramatica-alemana\/\" \/>\n<meta property=\"og:site_name\" content=\"Talkpal\" \/>\n<meta property=\"article:publisher\" content=\"https:\/\/www.facebook.com\/profile.php?id=100090733639311\" \/>\n<meta property=\"article:modified_time\" content=\"2023-04-22T14:13:09+00:00\" \/>\n<meta property=\"og:image\" content=\"https:\/\/talkpal.ai\/wp-content\/uploads\/2023\/04\/TalkPal-Illustration-of-students-studying-grammar-lessons-95.png\" \/>\n\t<meta property=\"og:image:width\" content=\"1456\" \/>\n\t<meta property=\"og:image:height\" content=\"816\" \/>\n\t<meta property=\"og:image:type\" content=\"image\/png\" \/>\n<meta name=\"twitter:card\" content=\"summary_large_image\" \/>\n<meta name=\"twitter:site\" content=\"@talkpalai\" \/>\n<meta name=\"twitter:label1\" content=\"Tiempo de lectura\" \/>\n\t<meta name=\"twitter:data1\" content=\"3 minutos\" \/>\n<script type=\"application\/ld+json\" class=\"yoast-schema-graph\">{\"@context\":\"https:\/\/schema.org\",\"@graph\":[{\"@type\":\"WebPage\",\"@id\":\"https:\/\/talkpal.ai\/es\/grammar\/la-declinacion-de-los-pronombres-y-determinantes-en-la-gramatica-alemana\/\",\"url\":\"https:\/\/talkpal.ai\/es\/grammar\/la-declinacion-de-los-pronombres-y-determinantes-en-la-gramatica-alemana\/\",\"name\":\"La Declinaci\u00f3n de los Pronombres y Determinantes en la Gram\u00e1tica Alemana - Talkpal\",\"isPartOf\":{\"@id\":\"https:\/\/talkpal.ai\/es\/#website\"},\"primaryImageOfPage\":{\"@id\":\"https:\/\/talkpal.ai\/es\/grammar\/la-declinacion-de-los-pronombres-y-determinantes-en-la-gramatica-alemana\/#primaryimage\"},\"image\":{\"@id\":\"https:\/\/talkpal.ai\/es\/grammar\/la-declinacion-de-los-pronombres-y-determinantes-en-la-gramatica-alemana\/#primaryimage\"},\"thumbnailUrl\":\"https:\/\/talkpal.ai\/wp-content\/uploads\/2025\/12\/students-share-laptop-to-learn-languages.webp\",\"datePublished\":\"2023-03-29T07:31:39+00:00\",\"dateModified\":\"2023-04-22T14:13:09+00:00\",\"description\":\"Introducci\u00f3n a la Declinaci\u00f3n de Pronombres y Determinantes en Alem\u00e1n La declinaci\u00f3n es uno de los aspectos fundamentales en la gram\u00e1tica alemana y es\",\"breadcrumb\":{\"@id\":\"https:\/\/talkpal.ai\/es\/grammar\/la-declinacion-de-los-pronombres-y-determinantes-en-la-gramatica-alemana\/#breadcrumb\"},\"inLanguage\":\"es\",\"potentialAction\":[{\"@type\":\"ReadAction\",\"target\":[\"https:\/\/talkpal.ai\/es\/grammar\/la-declinacion-de-los-pronombres-y-determinantes-en-la-gramatica-alemana\/\"]}]},{\"@type\":\"ImageObject\",\"inLanguage\":\"es\",\"@id\":\"https:\/\/talkpal.ai\/es\/grammar\/la-declinacion-de-los-pronombres-y-determinantes-en-la-gramatica-alemana\/#primaryimage\",\"url\":\"https:\/\/talkpal.ai\/wp-content\/uploads\/2025\/12\/students-share-laptop-to-learn-languages.webp\",\"contentUrl\":\"https:\/\/talkpal.ai\/wp-content\/uploads\/2025\/12\/students-share-laptop-to-learn-languages.webp\",\"width\":1200,\"height\":896,\"caption\":\"Three students sit at an outdoor terrace with laptops while focused on learning languages.\"},{\"@type\":\"BreadcrumbList\",\"@id\":\"https:\/\/talkpal.ai\/es\/grammar\/la-declinacion-de-los-pronombres-y-determinantes-en-la-gramatica-alemana\/#breadcrumb\",\"itemListElement\":[{\"@type\":\"ListItem\",\"position\":1,\"name\":\"Homepage\",\"item\":\"https:\/\/talkpal.ai\/es\/\"},{\"@type\":\"ListItem\",\"position\":2,\"name\":\"La Declinaci\u00f3n de los Pronombres y Determinantes en la Gram\u00e1tica Alemana\"}]},{\"@type\":\"WebSite\",\"@id\":\"https:\/\/talkpal.ai\/es\/#website\",\"url\":\"https:\/\/talkpal.ai\/es\/\",\"name\":\"Talkpal\",\"description\":\"AI Language Learning\",\"publisher\":{\"@id\":\"https:\/\/talkpal.ai\/es\/#organization\"},\"alternateName\":\"Talkpal AI\",\"potentialAction\":[{\"@type\":\"SearchAction\",\"target\":{\"@type\":\"EntryPoint\",\"urlTemplate\":\"https:\/\/talkpal.ai\/es\/?s={search_term_string}\"},\"query-input\":{\"@type\":\"PropertyValueSpecification\",\"valueRequired\":true,\"valueName\":\"search_term_string\"}}],\"inLanguage\":\"es\"},{\"@type\":\"Organization\",\"@id\":\"https:\/\/talkpal.ai\/es\/#organization\",\"name\":\"Talkpal, Inc.\",\"alternateName\":\"Talkpal AI\",\"url\":\"https:\/\/talkpal.ai\/es\/\",\"logo\":{\"@type\":\"ImageObject\",\"inLanguage\":\"es\",\"@id\":\"https:\/\/talkpal.ai\/es\/#\/schema\/logo\/image\/\",\"url\":\"https:\/\/talkpal.ai\/wp-content\/uploads\/2024\/03\/Talkpal-Logo-Icon.png\",\"contentUrl\":\"https:\/\/talkpal.ai\/wp-content\/uploads\/2024\/03\/Talkpal-Logo-Icon.png\",\"width\":2880,\"height\":2880,\"caption\":\"Talkpal, Inc.\"},\"image\":{\"@id\":\"https:\/\/talkpal.ai\/es\/#\/schema\/logo\/image\/\"},\"sameAs\":[\"https:\/\/www.facebook.com\/profile.php?id=100090733639311\",\"https:\/\/x.com\/talkpalai\",\"https:\/\/www.linkedin.com\/company\/talkpal\/\",\"https:\/\/www.youtube.com\/@TalkPal\/\",\"https:\/\/www.tiktok.com\/@talkpal\",\"https:\/\/www.instagram.com\/talkpal_ai\/\",\"https:\/\/www.crunchbase.com\/organization\/talkpal-9cde\",\"https:\/\/www.g2.com\/products\/talkpal-for-business\/\",\"https:\/\/www.trustpilot.com\/review\/talkpal.ai\",\"https:\/\/www.capterra.com\/p\/10006800\/TalkPal\/\"],\"description\":\"Talkpal is a language learning web and mobile education app, powered by the latest AI technologies, that provides engaging experiences to its customers in many different languages to help them improve their language skills. Users can chat about unlimited amount of topics with the app and use other modes to practice their language learning.\",\"email\":\"support@talkpal.ai\",\"legalName\":\"Talkpal, Inc.\",\"foundingDate\":\"2023-04-03\",\"duns\":\"118989042\",\"numberOfEmployees\":{\"@type\":\"QuantitativeValue\",\"minValue\":\"11\",\"maxValue\":\"50\"},\"publishingPrinciples\":\"https:\/\/talkpal.ai\/publishing-principles\/\",\"actionableFeedbackPolicy\":\"https:\/\/talkpal.ai\/actionable-feedback-policy\/\",\"correctionsPolicy\":\"https:\/\/talkpal.ai\/corrections-policy\/\",\"ethicsPolicy\":\"https:\/\/talkpal.ai\/ethics-policy\/\",\"diversityPolicy\":\"https:\/\/talkpal.ai\/diversity-policy\/\",\"diversityStaffingReport\":\"https:\/\/talkpal.ai\/diversity-policy\/\"}]}<\/script>\n<!-- \/ Yoast SEO Premium plugin. -->","yoast_head_json":{"title":"La Declinaci\u00f3n de los Pronombres y Determinantes en la Gram\u00e1tica Alemana - Talkpal","description":"Introducci\u00f3n a la Declinaci\u00f3n de Pronombres y Determinantes en Alem\u00e1n La declinaci\u00f3n es uno de los aspectos fundamentales en la gram\u00e1tica alemana y es","robots":{"index":"index","follow":"follow","max-snippet":"max-snippet:-1","max-image-preview":"max-image-preview:large","max-video-preview":"max-video-preview:-1"},"canonical":"https:\/\/talkpal.ai\/es\/grammar\/la-declinacion-de-los-pronombres-y-determinantes-en-la-gramatica-alemana\/","og_locale":"es_ES","og_type":"article","og_title":"La Declinaci\u00f3n de los Pronombres y Determinantes en la Gram\u00e1tica Alemana","og_description":"Introducci\u00f3n a la Declinaci\u00f3n de Pronombres y Determinantes en Alem\u00e1n La declinaci\u00f3n es uno de los aspectos fundamentales en la gram\u00e1tica alemana y es","og_url":"https:\/\/talkpal.ai\/es\/grammar\/la-declinacion-de-los-pronombres-y-determinantes-en-la-gramatica-alemana\/","og_site_name":"Talkpal","article_publisher":"https:\/\/www.facebook.com\/profile.php?id=100090733639311","article_modified_time":"2023-04-22T14:13:09+00:00","og_image":[{"width":1456,"height":816,"url":"https:\/\/talkpal.ai\/wp-content\/uploads\/2023\/04\/TalkPal-Illustration-of-students-studying-grammar-lessons-95.png","type":"image\/png"}],"twitter_card":"summary_large_image","twitter_site":"@talkpalai","twitter_misc":{"Tiempo de lectura":"3 minutos"},"schema":{"@context":"https:\/\/schema.org","@graph":[{"@type":"WebPage","@id":"https:\/\/talkpal.ai\/es\/grammar\/la-declinacion-de-los-pronombres-y-determinantes-en-la-gramatica-alemana\/","url":"https:\/\/talkpal.ai\/es\/grammar\/la-declinacion-de-los-pronombres-y-determinantes-en-la-gramatica-alemana\/","name":"La Declinaci\u00f3n de los Pronombres y Determinantes en la Gram\u00e1tica Alemana - Talkpal","isPartOf":{"@id":"https:\/\/talkpal.ai\/es\/#website"},"primaryImageOfPage":{"@id":"https:\/\/talkpal.ai\/es\/grammar\/la-declinacion-de-los-pronombres-y-determinantes-en-la-gramatica-alemana\/#primaryimage"},"image":{"@id":"https:\/\/talkpal.ai\/es\/grammar\/la-declinacion-de-los-pronombres-y-determinantes-en-la-gramatica-alemana\/#primaryimage"},"thumbnailUrl":"https:\/\/talkpal.ai\/wp-content\/uploads\/2025\/12\/students-share-laptop-to-learn-languages.webp","datePublished":"2023-03-29T07:31:39+00:00","dateModified":"2023-04-22T14:13:09+00:00","description":"Introducci\u00f3n a la Declinaci\u00f3n de Pronombres y Determinantes en Alem\u00e1n La declinaci\u00f3n es uno de los aspectos fundamentales en la gram\u00e1tica alemana y es","breadcrumb":{"@id":"https:\/\/talkpal.ai\/es\/grammar\/la-declinacion-de-los-pronombres-y-determinantes-en-la-gramatica-alemana\/#breadcrumb"},"inLanguage":"es","potentialAction":[{"@type":"ReadAction","target":["https:\/\/talkpal.ai\/es\/grammar\/la-declinacion-de-los-pronombres-y-determinantes-en-la-gramatica-alemana\/"]}]},{"@type":"ImageObject","inLanguage":"es","@id":"https:\/\/talkpal.ai\/es\/grammar\/la-declinacion-de-los-pronombres-y-determinantes-en-la-gramatica-alemana\/#primaryimage","url":"https:\/\/talkpal.ai\/wp-content\/uploads\/2025\/12\/students-share-laptop-to-learn-languages.webp","contentUrl":"https:\/\/talkpal.ai\/wp-content\/uploads\/2025\/12\/students-share-laptop-to-learn-languages.webp","width":1200,"height":896,"caption":"Three students sit at an outdoor terrace with laptops while focused on learning languages."},{"@type":"BreadcrumbList","@id":"https:\/\/talkpal.ai\/es\/grammar\/la-declinacion-de-los-pronombres-y-determinantes-en-la-gramatica-alemana\/#breadcrumb","itemListElement":[{"@type":"ListItem","position":1,"name":"Homepage","item":"https:\/\/talkpal.ai\/es\/"},{"@type":"ListItem","position":2,"name":"La Declinaci\u00f3n de los Pronombres y Determinantes en la Gram\u00e1tica Alemana"}]},{"@type":"WebSite","@id":"https:\/\/talkpal.ai\/es\/#website","url":"https:\/\/talkpal.ai\/es\/","name":"Talkpal","description":"AI Language Learning","publisher":{"@id":"https:\/\/talkpal.ai\/es\/#organization"},"alternateName":"Talkpal AI","potentialAction":[{"@type":"SearchAction","target":{"@type":"EntryPoint","urlTemplate":"https:\/\/talkpal.ai\/es\/?s={search_term_string}"},"query-input":{"@type":"PropertyValueSpecification","valueRequired":true,"valueName":"search_term_string"}}],"inLanguage":"es"},{"@type":"Organization","@id":"https:\/\/talkpal.ai\/es\/#organization","name":"Talkpal, Inc.","alternateName":"Talkpal AI","url":"https:\/\/talkpal.ai\/es\/","logo":{"@type":"ImageObject","inLanguage":"es","@id":"https:\/\/talkpal.ai\/es\/#\/schema\/logo\/image\/","url":"https:\/\/talkpal.ai\/wp-content\/uploads\/2024\/03\/Talkpal-Logo-Icon.png","contentUrl":"https:\/\/talkpal.ai\/wp-content\/uploads\/2024\/03\/Talkpal-Logo-Icon.png","width":2880,"height":2880,"caption":"Talkpal, Inc."},"image":{"@id":"https:\/\/talkpal.ai\/es\/#\/schema\/logo\/image\/"},"sameAs":["https:\/\/www.facebook.com\/profile.php?id=100090733639311","https:\/\/x.com\/talkpalai","https:\/\/www.linkedin.com\/company\/talkpal\/","https:\/\/www.youtube.com\/@TalkPal\/","https:\/\/www.tiktok.com\/@talkpal","https:\/\/www.instagram.com\/talkpal_ai\/","https:\/\/www.crunchbase.com\/organization\/talkpal-9cde","https:\/\/www.g2.com\/products\/talkpal-for-business\/","https:\/\/www.trustpilot.com\/review\/talkpal.ai","https:\/\/www.capterra.com\/p\/10006800\/TalkPal\/"],"description":"Talkpal is a language learning web and mobile education app, powered by the latest AI technologies, that provides engaging experiences to its customers in many different languages to help them improve their language skills. Users can chat about unlimited amount of topics with the app and use other modes to practice their language learning.","email":"support@talkpal.ai","legalName":"Talkpal, Inc.","foundingDate":"2023-04-03","duns":"118989042","numberOfEmployees":{"@type":"QuantitativeValue","minValue":"11","maxValue":"50"},"publishingPrinciples":"https:\/\/talkpal.ai\/publishing-principles\/","actionableFeedbackPolicy":"https:\/\/talkpal.ai\/actionable-feedback-policy\/","correctionsPolicy":"https:\/\/talkpal.ai\/corrections-policy\/","ethicsPolicy":"https:\/\/talkpal.ai\/ethics-policy\/","diversityPolicy":"https:\/\/talkpal.ai\/diversity-policy\/","diversityStaffingReport":"https:\/\/talkpal.ai\/diversity-policy\/"}]}},"_links":{"self":[{"href":"https:\/\/talkpal.ai\/es\/wp-json\/wp\/v2\/grammar\/4317","targetHints":{"allow":["GET"]}}],"collection":[{"href":"https:\/\/talkpal.ai\/es\/wp-json\/wp\/v2\/grammar"}],"about":[{"href":"https:\/\/talkpal.ai\/es\/wp-json\/wp\/v2\/types\/grammar"}],"wp:featuredmedia":[{"embeddable":true,"href":"https:\/\/talkpal.ai\/es\/wp-json\/wp\/v2\/media\/1527963"}],"wp:attachment":[{"href":"https:\/\/talkpal.ai\/es\/wp-json\/wp\/v2\/media?parent=4317"}],"wp:term":[{"taxonomy":"language","embeddable":true,"href":"https:\/\/talkpal.ai\/es\/wp-json\/wp\/v2\/language?post=4317"}],"curies":[{"name":"wp","href":"https:\/\/api.w.org\/{rel}","templated":true}]}}