{"id":701583,"date":"2024-06-07T23:47:49","date_gmt":"2024-06-07T23:47:49","guid":{"rendered":"https:\/\/talkpal.ai\/vocabulary\/marathi-worter-fur-tages-und-jahreszeiten\/"},"modified":"2024-06-07T23:47:49","modified_gmt":"2024-06-07T23:47:49","slug":"marathi-worter-fur-tages-und-jahreszeiten","status":"publish","type":"vocabulary","link":"https:\/\/talkpal.ai\/de\/vocabulary\/marathi-worter-fur-tages-und-jahreszeiten\/","title":{"rendered":"Marathi-W\u00f6rter f\u00fcr Tages- und Jahreszeiten"},"content":{"rendered":"<p><a href=\"https:\/\/talkpal.ai\/learn-marathi\/\">Marathi<\/a> ist eine der 22 Amtssprachen Indiens und wird haupts\u00e4chlich im westlichen Bundesstaat Maharashtra gesprochen. Das Erlernen von W\u00f6rtern, die Tages- und Jahreszeiten beschreiben, kann sehr n\u00fctzlich sein, um allt\u00e4gliche Gespr\u00e4che zu f\u00fchren. In diesem Artikel werden wir einige grundlegende Marathi-W\u00f6rter f\u00fcr Tages- und Jahreszeiten kennenlernen.<\/p>\n<h2>W\u00f6rter f\u00fcr Tageszeiten<\/h2>\n<p><b>\u0938\u0915\u093e\u0933<\/b> (saka\u1e37) \u2013 Morgen<\/p>\n<p>Der Begriff <b>\u0938\u0915\u093e\u0933<\/b> wird verwendet, um die Zeit des Tages von Sonnenaufgang bis zum sp\u00e4ten Vormittag zu beschreiben.<\/p>\n<p><font color=\"#2D3AC7\">\u092e\u093e\u091d\u0940 \u0938\u0915\u093e\u0933\u0940 \u0935\u094d\u092f\u093e\u092f\u093e\u092e \u0915\u0930\u0923\u094d\u092f\u093e\u091a\u0940 \u0938\u0935\u092f \u0906\u0939\u0947.<\/font><\/p>\n<p><b>\u0926\u0941\u092a\u093e\u0930<\/b> (dup\u0101r) \u2013 Nachmittag<\/p>\n<p><b>\u0926\u0941\u092a\u093e\u0930<\/b> beschreibt die Zeit des Tages zwischen Mittag und dem sp\u00e4ten Nachmittag.<\/p>\n<p><font color=\"#2D3AC7\">\u092e\u0940 \u0926\u0941\u092a\u093e\u0930\u0940 \u092a\u0941\u0938\u094d\u0924\u0915 \u0935\u093e\u091a\u0924\u094b.<\/font><\/p>\n<p><b>\u0938\u0902\u0927\u094d\u092f\u093e\u0915\u093e\u0933<\/b> (sandhy\u0101k\u0101\u1e37) \u2013 Abend<\/p>\n<p>Die Zeit des Tages vom sp\u00e4ten Nachmittag bis zum fr\u00fchen Abend wird als <b>\u0938\u0902\u0927\u094d\u092f\u093e\u0915\u093e\u0933<\/b> bezeichnet.<\/p>\n<p><font color=\"#2D3AC7\">\u0938\u0902\u0927\u094d\u092f\u093e\u0915\u093e\u0933\u0940 \u0938\u0942\u0930\u094d\u092f\u093e\u0938\u094d\u0924 \u0938\u0941\u0902\u0926\u0930 \u0926\u093f\u0938\u0924\u094b.<\/font><\/p>\n<p><b>\u0930\u093e\u0924\u094d\u0930<\/b> (r\u0101tr) \u2013 Nacht<\/p>\n<p><b>\u0930\u093e\u0924\u094d\u0930<\/b> beschreibt die Zeit vom Sonnenuntergang bis zum Sonnenaufgang.<\/p>\n<p><font color=\"#2D3AC7\">\u0930\u093e\u0924\u094d\u0930\u0940 \u091a\u0902\u0926\u094d\u0930 \u0924\u0947\u091c\u0938\u094d\u0935\u0940 \u0926\u093f\u0938\u0924\u094b.<\/font><\/p>\n<h2>W\u00f6rter f\u00fcr Jahreszeiten<\/h2>\n<p><b>\u0935\u0938\u0902\u0924<\/b> (vasa\u1e43ta) \u2013 Fr\u00fchling<\/p>\n<p>Der Fr\u00fchling oder <b>\u0935\u0938\u0902\u0924<\/b> ist die Jahreszeit, die neues Leben und Wachstum symbolisiert.<\/p>\n<p><font color=\"#2D3AC7\">\u0935\u0938\u0902\u0924 \u090b\u0924\u0942\u092e\u0927\u094d\u092f\u0947 \u092b\u0941\u0932\u0947 \u092b\u0941\u0932\u0924\u093e\u0924.<\/font><\/p>\n<p><b>\u0909\u0928\u094d\u0939\u093e\u0933\u093e<\/b> (unh\u0101\u1e37\u0101) \u2013 Sommer<\/p>\n<p><b>\u0909\u0928\u094d\u0939\u093e\u0933\u093e<\/b> ist die hei\u00dfe Jahreszeit, die oft mit Ferien und Freizeitaktivit\u00e4ten verbunden ist.<\/p>\n<p><font color=\"#2D3AC7\">\u0909\u0928\u094d\u0939\u093e\u0933\u094d\u092f\u093e\u0924 \u0924\u093e\u092a\u092e\u093e\u0928 \u0916\u0942\u092a \u0935\u093e\u0922\u0924\u0947.<\/font><\/p>\n<p><b>\u092a\u093e\u0935\u0938\u093e\u0933\u093e<\/b> (p\u0101vas\u0101\u1e37\u0101) \u2013 Regenzeit<\/p>\n<p>Die Regenzeit oder <b>\u092a\u093e\u0935\u0938\u093e\u0933\u093e<\/b> ist bekannt f\u00fcr ihre heftigen Regenf\u00e4lle und die Erfrischung der Natur.<\/p>\n<p><font color=\"#2D3AC7\">\u092a\u093e\u0935\u0938\u093e\u0933\u094d\u092f\u093e\u0924 \u091d\u093e\u0921\u0947 \u0939\u093f\u0930\u0935\u0940\u0917\u093e\u0930 \u0939\u094b\u0924\u093e\u0924.<\/font><\/p>\n<p><b>\u0939\u093f\u0935\u093e\u0933\u093e<\/b> (hiv\u0101\u1e37\u0101) \u2013 Winter<\/p>\n<p>Der Winter oder <b>\u0939\u093f\u0935\u093e\u0933\u093e<\/b> ist die kalte Jahreszeit, oft verbunden mit Schnee in einigen Regionen.<\/p>\n<p><font color=\"#2D3AC7\">\u0939\u093f\u0935\u093e\u0933\u094d\u092f\u093e\u0924 \u0932\u094b\u0915 \u0938\u094d\u0935\u0947\u091f\u0930 \u0918\u093e\u0932\u0924\u093e\u0924.<\/font><\/p>\n<h3>Weitere n\u00fctzliche W\u00f6rter und Ausdr\u00fccke<\/h3>\n<p><b>\u0938\u0942\u0930\u094d\u092f\u094b\u0926\u092f<\/b> (s\u016bryoday) \u2013 Sonnenaufgang<\/p>\n<p>Der Begriff <b>\u0938\u0942\u0930\u094d\u092f\u094b\u0926\u092f<\/b> wird verwendet, um den Moment zu beschreiben, wenn die Sonne am Horizont erscheint.<\/p>\n<p><font color=\"#2D3AC7\">\u0938\u0915\u093e\u0933\u0940 \u0938\u0942\u0930\u094d\u092f\u094b\u0926\u092f \u0916\u0942\u092a \u0938\u0941\u0902\u0926\u0930 \u0905\u0938\u0924\u094b.<\/font><\/p>\n<p><b>\u0938\u0942\u0930\u094d\u092f\u093e\u0938\u094d\u0924<\/b> (s\u016bry\u0101st) \u2013 Sonnenuntergang<\/p>\n<p><b>\u0938\u0942\u0930\u094d\u092f\u093e\u0938\u094d\u0924<\/b> beschreibt den Moment, wenn die Sonne am Horizont untergeht.<\/p>\n<p><font color=\"#2D3AC7\">\u0938\u0902\u0927\u094d\u092f\u093e\u0915\u093e\u0933\u0940 \u0938\u0942\u0930\u094d\u092f\u093e\u0938\u094d\u0924\u093e\u091a\u0947 \u0926\u0943\u0936\u094d\u092f \u092e\u0928\u094b\u0939\u093e\u0930\u0940 \u0905\u0938\u0924\u0947.<\/font><\/p>\n<p><b>\u092a\u0942\u0930\u094d\u0923\u093f\u092e\u093e<\/b> (p\u016br\u1e47im\u0101) \u2013 Vollmond<\/p>\n<p><b>\u092a\u0942\u0930\u094d\u0923\u093f\u092e\u093e<\/b> ist der Begriff f\u00fcr den Tag, an dem der Mond vollst\u00e4ndig sichtbar ist.<\/p>\n<p><font color=\"#2D3AC7\">\u092a\u0942\u0930\u094d\u0923\u093f\u092e\u093e \u0930\u093e\u0924\u094d\u0930\u0940 \u091a\u0902\u0926\u094d\u0930 \u092a\u0942\u0930\u094d\u0923 \u0926\u093f\u0938\u0924\u094b.<\/font><\/p>\n<p><b>\u0905\u092e\u093e\u0935\u0938\u094d\u092f\u093e<\/b> (am\u0101vasy\u0101) \u2013 Neumond<\/p>\n<p><b>\u0905\u092e\u093e\u0935\u0938\u094d\u092f\u093e<\/b> beschreibt den Tag des Mondmonats, an dem der Mond nicht sichtbar ist.<\/p>\n<p><font color=\"#2D3AC7\">\u0905\u092e\u093e\u0935\u0938\u094d\u092f\u093e \u0930\u093e\u0924\u094d\u0930\u0940 \u0906\u0915\u093e\u0936 \u0915\u093e\u0933\u094b\u0916 \u0905\u0938\u0924\u094b.<\/font><\/p>\n<p><b>\u0926\u093f\u0935\u0938<\/b> (divas) \u2013 Tag<\/p>\n<p>Der Begriff <b>\u0926\u093f\u0935\u0938<\/b> beschreibt die Zeit vom Sonnenaufgang bis zum Sonnenuntergang.<\/p>\n<p><font color=\"#2D3AC7\">\u0906\u091c\u091a\u093e \u0926\u093f\u0935\u0938 \u0916\u0942\u092a \u0938\u0941\u0902\u0926\u0930 \u0906\u0939\u0947.<\/font><\/p>\n<p><b>\u0930\u093e\u0924\u094d\u0930<\/b> (r\u0101tr) \u2013 Nacht<\/p>\n<p>Der Begriff <b>\u0930\u093e\u0924\u094d\u0930<\/b> beschreibt die Zeit von Sonnenuntergang bis Sonnenaufgang.<\/p>\n<p><font color=\"#2D3AC7\">\u0930\u093e\u0924\u094d\u0930 \u0916\u0942\u092a \u0936\u093e\u0902\u0924 \u0905\u0938\u0924\u0947.<\/font><\/p>\n<p><b>\u092a\u094d\u0930\u092d\u093e\u0924<\/b> (prabh\u0101t) \u2013 Morgend\u00e4mmerung<\/p>\n<p><b>\u092a\u094d\u0930\u092d\u093e\u0924<\/b> beschreibt die Zeit, kurz bevor die Sonne aufgeht.<\/p>\n<p><font color=\"#2D3AC7\">\u092a\u094d\u0930\u092d\u093e\u0924\u0915\u093e\u0933\u0940 \u092a\u0915\u094d\u0937\u094d\u092f\u093e\u0902\u091a\u0947 \u0917\u093e\u0923\u0947 \u0910\u0915\u093e\u092f\u0932\u093e \u092e\u093f\u0933\u0924\u0947.<\/font><\/p>\n<p><b>\u0938\u093e\u092f\u0902\u0915\u093e\u0933<\/b> (s\u0101ya\u1e45k\u0101\u1e37) \u2013 D\u00e4mmerung<\/p>\n<p><b>\u0938\u093e\u092f\u0902\u0915\u093e\u0933<\/b> beschreibt die Zeit, kurz nachdem die Sonne untergeht.<\/p>\n<p><font color=\"#2D3AC7\">\u0938\u093e\u092f\u0902\u0915\u093e\u0933\u0940 \u0906\u0915\u093e\u0936 \u0932\u093e\u0932\u0938\u0930 \u0939\u094b\u0924\u0947.<\/font><\/p>\n<h3>Feste und besondere Tage<\/h3>\n<p><b>\u0938\u0923<\/b> (sa\u1e47) \u2013 Fest<\/p>\n<p>Ein <b>\u0938\u0923<\/b> ist ein besonderer Tag oder eine Feier, die <a href=\"https:\/\/talkpal.ai\/will-ai-kill-traditional-language-learning\/\">traditionell<\/a> begangen wird.<\/p>\n<p><font color=\"#2D3AC7\">\u0926\u093f\u0935\u093e\u0933\u0940 \u0939\u093e \u090f\u0915 \u092e\u094b\u0920\u093e \u0938\u0923 \u0906\u0939\u0947.<\/font><\/p>\n<p><b>\u0935\u093e\u0930<\/b> (v\u0101r) \u2013 Wochentag<\/p>\n<p>Der Begriff <b>\u0935\u093e\u0930<\/b> wird verwendet, um die verschiedenen Tage der Woche zu beschreiben.<\/p>\n<p><font color=\"#2D3AC7\">\u0906\u0920\u0935\u0921\u094d\u092f\u093e\u0924 \u0938\u093e\u0924 \u0935\u093e\u0930 \u0905\u0938\u0924\u093e\u0924.<\/font><\/p>\n<p><b>\u092e\u0939\u093f\u0928\u093e<\/b> (mahin\u0101) \u2013 Monat<\/p>\n<p><b>\u092e\u0939\u093f\u0928\u093e<\/b> beschreibt eine der zw\u00f6lf Zeitperioden, in die ein Jahr unterteilt ist.<\/p>\n<p><font color=\"#2D3AC7\">\u091c\u093e\u0928\u0947\u0935\u093e\u0930\u0940 \u0939\u093e \u0935\u0930\u094d\u0937\u093e\u091a\u093e \u092a\u0939\u093f\u0932\u093e \u092e\u0939\u093f\u0928\u093e \u0906\u0939\u0947.<\/font><\/p>\n<p><b>\u0935\u0930\u094d\u0937<\/b> (var\u1e63a) \u2013 Jahr<\/p>\n<p><b>\u0935\u0930\u094d\u0937<\/b> ist der Begriff f\u00fcr die Zeitspanne von zw\u00f6lf Monaten.<\/p>\n<p><font color=\"#2D3AC7\">\u0939\u0947 \u0935\u0930\u094d\u0937 \u0916\u0942\u092a \u091a\u093e\u0902\u0917\u0932\u0947 \u0917\u0947\u0932\u0947.<\/font><\/p>\n<p><b>\u090b\u0924\u0942<\/b> (\u1e5bt\u016b) \u2013 Jahreszeit<\/p>\n<p><b>\u090b\u0924\u0942<\/b> beschreibt die verschiedenen Jahreszeiten im Jahr.<\/p>\n<p><font color=\"#2D3AC7\">\u092d\u093e\u0930\u0924\u093e\u0924 \u091a\u093e\u0930 \u090b\u0924\u0942 \u0906\u0939\u0947\u0924.<\/font><\/p>\n<p><b>\u0938\u0915\u093e\u0933\u091a\u093e<\/b> (sak\u0101\u1e37c\u0101) \u2013 morgendlich<\/p>\n<p><b>\u0938\u0915\u093e\u0933\u091a\u093e<\/b> beschreibt etwas, das zum Morgen geh\u00f6rt oder am Morgen stattfindet.<\/p>\n<p><font color=\"#2D3AC7\">\u0938\u0915\u093e\u0933\u091a\u093e \u091a\u0939\u093e \u0916\u0942\u092a \u0924\u093e\u091c\u0947\u0924\u0935\u093e\u0928\u0947 \u0915\u0930\u0924\u094b.<\/font><\/p>\n<p><b>\u0926\u0941\u092a\u093e\u0930\u091a\u093e<\/b> (dup\u0101rc\u0101) \u2013 nachmitt\u00e4glich<\/p>\n<p><b>\u0926\u0941\u092a\u093e\u0930\u091a\u093e<\/b> beschreibt etwas, das zum Nachmittag geh\u00f6rt oder am Nachmittag stattfindet.<\/p>\n<p><font color=\"#2D3AC7\">\u0926\u0941\u092a\u093e\u0930\u091a\u093e \u0935\u0947\u0933 \u0905\u092d\u094d\u092f\u093e\u0938\u093e\u0938\u093e\u0920\u0940 \u0909\u0924\u094d\u0924\u092e \u0906\u0939\u0947.<\/font><\/p>\n<p><b>\u0938\u0902\u0927\u094d\u092f\u093e\u0915\u093e\u0933\u091a\u093e<\/b> (sandhy\u0101k\u0101\u1e37c\u0101) \u2013 abendlich<\/p>\n<p><b>\u0938\u0902\u0927\u094d\u092f\u093e\u0915\u093e\u0933\u091a\u093e<\/b> beschreibt etwas, das zum Abend geh\u00f6rt oder am Abend stattfindet.<\/p>\n<p><font color=\"#2D3AC7\">\u0938\u0902\u0927\u094d\u092f\u093e\u0915\u093e\u0933\u091a\u093e \u0938\u0942\u0930\u094d\u092f\u093e\u0938\u094d\u0924 \u0916\u0942\u092a \u0938\u0941\u0902\u0926\u0930 \u0905\u0938\u0924\u094b.<\/font><\/p>\n<p><b>\u0930\u093e\u0924\u094d\u0930\u0940\u091a\u093e<\/b> (r\u0101tr\u012bc\u0101) \u2013 n\u00e4chtlich<\/p>\n<p><b>\u0930\u093e\u0924\u094d\u0930\u0940\u091a\u093e<\/b> beschreibt etwas, das zur Nacht geh\u00f6rt oder in der Nacht stattfindet.<\/p>\n<p><font color=\"#2D3AC7\">\u0930\u093e\u0924\u094d\u0930\u0940\u091a\u093e \u0906\u0915\u093e\u0936\u093e\u0924 \u0924\u093e\u0930\u0947 \u091a\u092e\u0915\u0924\u093e\u0924.<\/font><\/p>\n<h3>N\u00fctzliche Redewendungen<\/h3>\n<p><b>\u0915\u093f\u0924\u0940 \u0935\u093e\u091c\u0932\u0947?<\/b> (kit\u012b v\u0101jale?) \u2013 <a href=\"https:\/\/talkpal.ai\/de\/wie-spat-ist-es-deutsch-lernen-leicht-gemacht\/\">Wie sp\u00e4t ist es<\/a>?<\/p>\n<p>Diese Frage wird verwendet, um nach der aktuellen Uhrzeit zu fragen.<\/p>\n<p><font color=\"#2D3AC7\">\u0924\u0941\u0932\u093e \u092e\u093e\u0939\u0940\u0924 \u0906\u0939\u0947 \u0915\u093e, \u0915\u093f\u0924\u0940 \u0935\u093e\u091c\u0932\u0947?<\/font><\/p>\n<p><b>\u0915\u093e\u092f \u091a\u093e\u0932\u0942 \u0906\u0939\u0947?<\/b> (k\u0101y c\u0101l\u016b \u0101he?) \u2013 Was l\u00e4uft?<\/p>\n<p>Diese Frage wird oft gestellt, um zu erfahren, was gerade passiert oder was die aktuellen Aktivit\u00e4ten sind.<\/p>\n<p><font color=\"#2D3AC7\">\u0906\u0924\u094d\u0924\u093e \u0915\u093e\u092f \u091a\u093e\u0932\u0942 \u0906\u0939\u0947?<\/font><\/p>\n<p><b>\u0906\u091c\u091a\u093e \u0926\u093f\u0935\u0938<\/b> (\u0101jc\u0101 divas) \u2013 Heute<\/p>\n<p><b>\u0906\u091c\u091a\u093e \u0926\u093f\u0935\u0938<\/b> beschreibt den gegenw\u00e4rtigen Tag.<\/p>\n<p><font color=\"#2D3AC7\">\u0906\u091c\u091a\u093e \u0926\u093f\u0935\u0938 \u0916\u0942\u092a \u092e\u0939\u0924\u094d\u0935\u093e\u091a\u093e \u0906\u0939\u0947.<\/font><\/p>\n<p><b>\u0909\u0926\u094d\u092f\u093e<\/b> (udy\u0101) \u2013 Morgen<\/p>\n<p><b>\u0909\u0926\u094d\u092f\u093e<\/b> beschreibt den Tag nach dem gegenw\u00e4rtigen Tag.<\/p>\n<p><font color=\"#2D3AC7\">\u0909\u0926\u094d\u092f\u093e \u092e\u0940 \u0938\u0941\u091f\u094d\u091f\u0940\u0935\u0930 \u0906\u0939\u0947.<\/font><\/p>\n<p><b>\u0915\u093e\u0932<\/b> (k\u0101l) \u2013 Gestern<\/p>\n<p><b>\u0915\u093e\u0932<\/b> beschreibt den Tag vor dem gegenw\u00e4rtigen Tag.<\/p>\n<p><font color=\"#2D3AC7\">\u0915\u093e\u0932 \u092e\u0940 \u091a\u093f\u0924\u094d\u0930\u092a\u091f \u092a\u093e\u0939\u093f\u0932\u093e.<\/font><\/p>\n<p>Das Erlernen dieser grundlegenden Marathi-W\u00f6rter f\u00fcr Tages- und Jahreszeiten kann Ihnen helfen, Ihre Sprachkenntnisse zu erweitern und allt\u00e4gliche Gespr\u00e4che fl\u00fcssiger zu f\u00fchren. Viel Spa\u00df beim Lernen!<\/p>\n","protected":false},"featured_media":1527677,"template":"","vocabulary_language":[3904],"class_list":["post-701583","vocabulary","type-vocabulary","status-publish","has-post-thumbnail","hentry","vocabulary_language-marathi-de"],"acf":[],"yoast_head":"<!-- This site is optimized with the Yoast SEO Premium plugin v27.2 (Yoast SEO v27.2) - https:\/\/yoast.com\/product\/yoast-seo-premium-wordpress\/ -->\n<title>Marathi-W\u00f6rter f\u00fcr Tages- und Jahreszeiten - Talkpal<\/title>\n<meta name=\"description\" content=\"Marathi ist eine der 22 Amtssprachen Indiens und wird haupts\u00e4chlich im westlichen Bundesstaat Maharashtra gesprochen. Das Erlernen von W\u00f6rtern, die Tages-\" \/>\n<meta name=\"robots\" content=\"index, follow, max-snippet:-1, max-image-preview:large, max-video-preview:-1\" \/>\n<link rel=\"canonical\" href=\"https:\/\/talkpal.ai\/de\/vocabulary\/marathi-worter-fur-tages-und-jahreszeiten\/\" \/>\n<meta property=\"og:locale\" content=\"de_DE\" \/>\n<meta property=\"og:type\" content=\"article\" \/>\n<meta property=\"og:title\" content=\"Marathi-W\u00f6rter f\u00fcr Tages- und Jahreszeiten\" \/>\n<meta property=\"og:description\" content=\"Marathi ist eine der 22 Amtssprachen Indiens und wird haupts\u00e4chlich im westlichen Bundesstaat Maharashtra gesprochen. Das Erlernen von W\u00f6rtern, die Tages-\" \/>\n<meta property=\"og:url\" content=\"https:\/\/talkpal.ai\/de\/vocabulary\/marathi-worter-fur-tages-und-jahreszeiten\/\" \/>\n<meta property=\"og:site_name\" content=\"Talkpal\" \/>\n<meta property=\"article:publisher\" content=\"https:\/\/www.facebook.com\/profile.php?id=100090733639311\" \/>\n<meta property=\"og:image\" content=\"https:\/\/talkpal.ai\/wp-content\/uploads\/2024\/10\/talkpal_flat_illustration_of_a_employees_working_together_happi_c674ff77-e477-4e09-835a-01d30e561e99.png\" \/>\n\t<meta property=\"og:image:width\" content=\"1024\" \/>\n\t<meta property=\"og:image:height\" content=\"1024\" \/>\n\t<meta property=\"og:image:type\" content=\"image\/png\" \/>\n<meta name=\"twitter:card\" content=\"summary_large_image\" \/>\n<meta name=\"twitter:site\" content=\"@talkpalai\" \/>\n<meta name=\"twitter:label1\" content=\"Gesch\u00e4tzte Lesezeit\" \/>\n\t<meta name=\"twitter:data1\" content=\"3\u00a0Minuten\" \/>\n<script type=\"application\/ld+json\" class=\"yoast-schema-graph\">{\"@context\":\"https:\/\/schema.org\",\"@graph\":[{\"@type\":\"WebPage\",\"@id\":\"https:\/\/talkpal.ai\/de\/vocabulary\/marathi-worter-fur-tages-und-jahreszeiten\/\",\"url\":\"https:\/\/talkpal.ai\/de\/vocabulary\/marathi-worter-fur-tages-und-jahreszeiten\/\",\"name\":\"Marathi-W\u00f6rter f\u00fcr Tages- und Jahreszeiten - Talkpal\",\"isPartOf\":{\"@id\":\"https:\/\/talkpal.ai\/de\/#website\"},\"primaryImageOfPage\":{\"@id\":\"https:\/\/talkpal.ai\/de\/vocabulary\/marathi-worter-fur-tages-und-jahreszeiten\/#primaryimage\"},\"image\":{\"@id\":\"https:\/\/talkpal.ai\/de\/vocabulary\/marathi-worter-fur-tages-und-jahreszeiten\/#primaryimage\"},\"thumbnailUrl\":\"https:\/\/talkpal.ai\/wp-content\/uploads\/2025\/12\/group-discusses-plans-to-learn-languages.webp\",\"datePublished\":\"2024-06-07T23:47:49+00:00\",\"description\":\"Marathi ist eine der 22 Amtssprachen Indiens und wird haupts\u00e4chlich im westlichen Bundesstaat Maharashtra gesprochen. Das Erlernen von W\u00f6rtern, die Tages-\",\"breadcrumb\":{\"@id\":\"https:\/\/talkpal.ai\/de\/vocabulary\/marathi-worter-fur-tages-und-jahreszeiten\/#breadcrumb\"},\"inLanguage\":\"de\",\"potentialAction\":[{\"@type\":\"ReadAction\",\"target\":[\"https:\/\/talkpal.ai\/de\/vocabulary\/marathi-worter-fur-tages-und-jahreszeiten\/\"]}]},{\"@type\":\"ImageObject\",\"inLanguage\":\"de\",\"@id\":\"https:\/\/talkpal.ai\/de\/vocabulary\/marathi-worter-fur-tages-und-jahreszeiten\/#primaryimage\",\"url\":\"https:\/\/talkpal.ai\/wp-content\/uploads\/2025\/12\/group-discusses-plans-to-learn-languages.webp\",\"contentUrl\":\"https:\/\/talkpal.ai\/wp-content\/uploads\/2025\/12\/group-discusses-plans-to-learn-languages.webp\",\"width\":1200,\"height\":896,\"caption\":\"Three people talk at a table while learning languages with laptops and papers.\"},{\"@type\":\"BreadcrumbList\",\"@id\":\"https:\/\/talkpal.ai\/de\/vocabulary\/marathi-worter-fur-tages-und-jahreszeiten\/#breadcrumb\",\"itemListElement\":[{\"@type\":\"ListItem\",\"position\":1,\"name\":\"Homepage\",\"item\":\"https:\/\/talkpal.ai\/de\/\"},{\"@type\":\"ListItem\",\"position\":2,\"name\":\"Marathi-W\u00f6rter f\u00fcr Tages- und Jahreszeiten\"}]},{\"@type\":\"WebSite\",\"@id\":\"https:\/\/talkpal.ai\/de\/#website\",\"url\":\"https:\/\/talkpal.ai\/de\/\",\"name\":\"Talkpal\",\"description\":\"AI Language Learning\",\"publisher\":{\"@id\":\"https:\/\/talkpal.ai\/de\/#organization\"},\"alternateName\":\"Talkpal AI\",\"potentialAction\":[{\"@type\":\"SearchAction\",\"target\":{\"@type\":\"EntryPoint\",\"urlTemplate\":\"https:\/\/talkpal.ai\/de\/?s={search_term_string}\"},\"query-input\":{\"@type\":\"PropertyValueSpecification\",\"valueRequired\":true,\"valueName\":\"search_term_string\"}}],\"inLanguage\":\"de\"},{\"@type\":\"Organization\",\"@id\":\"https:\/\/talkpal.ai\/de\/#organization\",\"name\":\"Talkpal, Inc.\",\"alternateName\":\"Talkpal AI\",\"url\":\"https:\/\/talkpal.ai\/de\/\",\"logo\":{\"@type\":\"ImageObject\",\"inLanguage\":\"de\",\"@id\":\"https:\/\/talkpal.ai\/de\/#\/schema\/logo\/image\/\",\"url\":\"https:\/\/talkpal.ai\/wp-content\/uploads\/2024\/03\/Talkpal-Logo-Icon.png\",\"contentUrl\":\"https:\/\/talkpal.ai\/wp-content\/uploads\/2024\/03\/Talkpal-Logo-Icon.png\",\"width\":2880,\"height\":2880,\"caption\":\"Talkpal, Inc.\"},\"image\":{\"@id\":\"https:\/\/talkpal.ai\/de\/#\/schema\/logo\/image\/\"},\"sameAs\":[\"https:\/\/www.facebook.com\/profile.php?id=100090733639311\",\"https:\/\/x.com\/talkpalai\",\"https:\/\/www.linkedin.com\/company\/talkpal\/\",\"https:\/\/www.youtube.com\/@TalkPal\/\",\"https:\/\/www.tiktok.com\/@talkpal\",\"https:\/\/www.instagram.com\/talkpal_ai\/\",\"https:\/\/www.crunchbase.com\/organization\/talkpal-9cde\",\"https:\/\/www.g2.com\/products\/talkpal-for-business\/\",\"https:\/\/www.trustpilot.com\/review\/talkpal.ai\",\"https:\/\/www.capterra.com\/p\/10006800\/TalkPal\/\"],\"description\":\"Talkpal is a language learning web and mobile education app, powered by the latest AI technologies, that provides engaging experiences to its customers in many different languages to help them improve their language skills. Users can chat about unlimited amount of topics with the app and use other modes to practice their language learning.\",\"email\":\"support@talkpal.ai\",\"legalName\":\"Talkpal, Inc.\",\"foundingDate\":\"2023-04-03\",\"duns\":\"118989042\",\"numberOfEmployees\":{\"@type\":\"QuantitativeValue\",\"minValue\":\"11\",\"maxValue\":\"50\"},\"publishingPrinciples\":\"https:\/\/talkpal.ai\/publishing-principles\/\",\"actionableFeedbackPolicy\":\"https:\/\/talkpal.ai\/actionable-feedback-policy\/\",\"correctionsPolicy\":\"https:\/\/talkpal.ai\/corrections-policy\/\",\"ethicsPolicy\":\"https:\/\/talkpal.ai\/ethics-policy\/\",\"diversityPolicy\":\"https:\/\/talkpal.ai\/diversity-policy\/\",\"diversityStaffingReport\":\"https:\/\/talkpal.ai\/diversity-policy\/\"}]}<\/script>\n<!-- \/ Yoast SEO Premium plugin. -->","yoast_head_json":{"title":"Marathi-W\u00f6rter f\u00fcr Tages- und Jahreszeiten - Talkpal","description":"Marathi ist eine der 22 Amtssprachen Indiens und wird haupts\u00e4chlich im westlichen Bundesstaat Maharashtra gesprochen. Das Erlernen von W\u00f6rtern, die Tages-","robots":{"index":"index","follow":"follow","max-snippet":"max-snippet:-1","max-image-preview":"max-image-preview:large","max-video-preview":"max-video-preview:-1"},"canonical":"https:\/\/talkpal.ai\/de\/vocabulary\/marathi-worter-fur-tages-und-jahreszeiten\/","og_locale":"de_DE","og_type":"article","og_title":"Marathi-W\u00f6rter f\u00fcr Tages- und Jahreszeiten","og_description":"Marathi ist eine der 22 Amtssprachen Indiens und wird haupts\u00e4chlich im westlichen Bundesstaat Maharashtra gesprochen. Das Erlernen von W\u00f6rtern, die Tages-","og_url":"https:\/\/talkpal.ai\/de\/vocabulary\/marathi-worter-fur-tages-und-jahreszeiten\/","og_site_name":"Talkpal","article_publisher":"https:\/\/www.facebook.com\/profile.php?id=100090733639311","og_image":[{"width":1024,"height":1024,"url":"https:\/\/talkpal.ai\/wp-content\/uploads\/2024\/10\/talkpal_flat_illustration_of_a_employees_working_together_happi_c674ff77-e477-4e09-835a-01d30e561e99.png","type":"image\/png"}],"twitter_card":"summary_large_image","twitter_site":"@talkpalai","twitter_misc":{"Gesch\u00e4tzte Lesezeit":"3\u00a0Minuten"},"schema":{"@context":"https:\/\/schema.org","@graph":[{"@type":"WebPage","@id":"https:\/\/talkpal.ai\/de\/vocabulary\/marathi-worter-fur-tages-und-jahreszeiten\/","url":"https:\/\/talkpal.ai\/de\/vocabulary\/marathi-worter-fur-tages-und-jahreszeiten\/","name":"Marathi-W\u00f6rter f\u00fcr Tages- und Jahreszeiten - Talkpal","isPartOf":{"@id":"https:\/\/talkpal.ai\/de\/#website"},"primaryImageOfPage":{"@id":"https:\/\/talkpal.ai\/de\/vocabulary\/marathi-worter-fur-tages-und-jahreszeiten\/#primaryimage"},"image":{"@id":"https:\/\/talkpal.ai\/de\/vocabulary\/marathi-worter-fur-tages-und-jahreszeiten\/#primaryimage"},"thumbnailUrl":"https:\/\/talkpal.ai\/wp-content\/uploads\/2025\/12\/group-discusses-plans-to-learn-languages.webp","datePublished":"2024-06-07T23:47:49+00:00","description":"Marathi ist eine der 22 Amtssprachen Indiens und wird haupts\u00e4chlich im westlichen Bundesstaat Maharashtra gesprochen. Das Erlernen von W\u00f6rtern, die Tages-","breadcrumb":{"@id":"https:\/\/talkpal.ai\/de\/vocabulary\/marathi-worter-fur-tages-und-jahreszeiten\/#breadcrumb"},"inLanguage":"de","potentialAction":[{"@type":"ReadAction","target":["https:\/\/talkpal.ai\/de\/vocabulary\/marathi-worter-fur-tages-und-jahreszeiten\/"]}]},{"@type":"ImageObject","inLanguage":"de","@id":"https:\/\/talkpal.ai\/de\/vocabulary\/marathi-worter-fur-tages-und-jahreszeiten\/#primaryimage","url":"https:\/\/talkpal.ai\/wp-content\/uploads\/2025\/12\/group-discusses-plans-to-learn-languages.webp","contentUrl":"https:\/\/talkpal.ai\/wp-content\/uploads\/2025\/12\/group-discusses-plans-to-learn-languages.webp","width":1200,"height":896,"caption":"Three people talk at a table while learning languages with laptops and papers."},{"@type":"BreadcrumbList","@id":"https:\/\/talkpal.ai\/de\/vocabulary\/marathi-worter-fur-tages-und-jahreszeiten\/#breadcrumb","itemListElement":[{"@type":"ListItem","position":1,"name":"Homepage","item":"https:\/\/talkpal.ai\/de\/"},{"@type":"ListItem","position":2,"name":"Marathi-W\u00f6rter f\u00fcr Tages- und Jahreszeiten"}]},{"@type":"WebSite","@id":"https:\/\/talkpal.ai\/de\/#website","url":"https:\/\/talkpal.ai\/de\/","name":"Talkpal","description":"AI Language Learning","publisher":{"@id":"https:\/\/talkpal.ai\/de\/#organization"},"alternateName":"Talkpal AI","potentialAction":[{"@type":"SearchAction","target":{"@type":"EntryPoint","urlTemplate":"https:\/\/talkpal.ai\/de\/?s={search_term_string}"},"query-input":{"@type":"PropertyValueSpecification","valueRequired":true,"valueName":"search_term_string"}}],"inLanguage":"de"},{"@type":"Organization","@id":"https:\/\/talkpal.ai\/de\/#organization","name":"Talkpal, Inc.","alternateName":"Talkpal AI","url":"https:\/\/talkpal.ai\/de\/","logo":{"@type":"ImageObject","inLanguage":"de","@id":"https:\/\/talkpal.ai\/de\/#\/schema\/logo\/image\/","url":"https:\/\/talkpal.ai\/wp-content\/uploads\/2024\/03\/Talkpal-Logo-Icon.png","contentUrl":"https:\/\/talkpal.ai\/wp-content\/uploads\/2024\/03\/Talkpal-Logo-Icon.png","width":2880,"height":2880,"caption":"Talkpal, Inc."},"image":{"@id":"https:\/\/talkpal.ai\/de\/#\/schema\/logo\/image\/"},"sameAs":["https:\/\/www.facebook.com\/profile.php?id=100090733639311","https:\/\/x.com\/talkpalai","https:\/\/www.linkedin.com\/company\/talkpal\/","https:\/\/www.youtube.com\/@TalkPal\/","https:\/\/www.tiktok.com\/@talkpal","https:\/\/www.instagram.com\/talkpal_ai\/","https:\/\/www.crunchbase.com\/organization\/talkpal-9cde","https:\/\/www.g2.com\/products\/talkpal-for-business\/","https:\/\/www.trustpilot.com\/review\/talkpal.ai","https:\/\/www.capterra.com\/p\/10006800\/TalkPal\/"],"description":"Talkpal is a language learning web and mobile education app, powered by the latest AI technologies, that provides engaging experiences to its customers in many different languages to help them improve their language skills. Users can chat about unlimited amount of topics with the app and use other modes to practice their language learning.","email":"support@talkpal.ai","legalName":"Talkpal, Inc.","foundingDate":"2023-04-03","duns":"118989042","numberOfEmployees":{"@type":"QuantitativeValue","minValue":"11","maxValue":"50"},"publishingPrinciples":"https:\/\/talkpal.ai\/publishing-principles\/","actionableFeedbackPolicy":"https:\/\/talkpal.ai\/actionable-feedback-policy\/","correctionsPolicy":"https:\/\/talkpal.ai\/corrections-policy\/","ethicsPolicy":"https:\/\/talkpal.ai\/ethics-policy\/","diversityPolicy":"https:\/\/talkpal.ai\/diversity-policy\/","diversityStaffingReport":"https:\/\/talkpal.ai\/diversity-policy\/"}]}},"_links":{"self":[{"href":"https:\/\/talkpal.ai\/de\/wp-json\/wp\/v2\/vocabulary\/701583","targetHints":{"allow":["GET"]}}],"collection":[{"href":"https:\/\/talkpal.ai\/de\/wp-json\/wp\/v2\/vocabulary"}],"about":[{"href":"https:\/\/talkpal.ai\/de\/wp-json\/wp\/v2\/types\/vocabulary"}],"wp:featuredmedia":[{"embeddable":true,"href":"https:\/\/talkpal.ai\/de\/wp-json\/wp\/v2\/media\/1527677"}],"wp:attachment":[{"href":"https:\/\/talkpal.ai\/de\/wp-json\/wp\/v2\/media?parent=701583"}],"wp:term":[{"taxonomy":"vocabulary_language","embeddable":true,"href":"https:\/\/talkpal.ai\/de\/wp-json\/wp\/v2\/vocabulary_language?post=701583"}],"curies":[{"name":"wp","href":"https:\/\/api.w.org\/{rel}","templated":true}]}}