{"id":700707,"date":"2024-06-07T22:34:42","date_gmt":"2024-06-07T22:34:42","guid":{"rendered":"https:\/\/talkpal.ai\/vocabulary\/auf-katalanisch-uber-klima-und-wetter-sprechen\/"},"modified":"2024-06-07T22:34:42","modified_gmt":"2024-06-07T22:34:42","slug":"auf-katalanisch-uber-klima-und-wetter-sprechen","status":"publish","type":"vocabulary","link":"https:\/\/talkpal.ai\/de\/vocabulary\/auf-katalanisch-uber-klima-und-wetter-sprechen\/","title":{"rendered":"Auf Katalanisch \u00fcber Klima und Wetter sprechen"},"content":{"rendered":"<p>Das Sprechen \u00fcber das Klima und <a href=\"https:\/\/talkpal.ai\/locations\/learn-english-in-wetter-ruhr\/\">Wetter<\/a> ist ein wesentlicher Bestandteil jeder Sprache, da es ein allt\u00e4gliches Gespr\u00e4chsthema ist. In diesem Artikel werden wir uns auf das Katalanische konzentrieren und wichtige Vokabeln und Ausdr\u00fccke einf\u00fchren, die du ben\u00f6tigst, um \u00fcber das Wetter und Klima auf <a href=\"https:\/\/talkpal.ai\/learn-catalan\/\">Katalanisch<\/a> zu sprechen.<\/p>\n<h2>Grundlegende Wettervokabeln<\/h2>\n<p><b>Clima<\/b> &#8211; Klima<br \/>\nDas Wort <b>Clima<\/b> bezieht sich auf die durchschnittlichen Wetterbedingungen in einem bestimmten Gebiet \u00fcber einen l\u00e4ngeren Zeitraum.<br \/>\n<font color=\"#2D3AC7\">El clima de <a href=\"https:\/\/talkpal.ai\/locations\/language-courses-in-barcelona\/\">Barcelona<\/a> es mediterr\u00e1neo.<\/font><\/p>\n<p><b>Temps<\/b> &#8211; Wetter<br \/>\n<b>Temps<\/b> ist das allgemeine Wort f\u00fcr Wetter und wird verwendet, um die aktuellen Wetterbedingungen zu beschreiben.<br \/>\n<font color=\"#2D3AC7\">Avui el <a href=\"https:\/\/talkpal.ai\/zh-hans\/grammar_exercises\/temps-%e6%b3%95%e8%af%ad%e8%af%ad%e6%b3%95%e7%bb%83%e4%b9%a0\/\">temps<\/a> \u00e9s assolellat.<\/font><\/p>\n<p><b>Temperatura<\/b> &#8211; Temperatur<br \/>\n<b>Temperatura<\/b> beschreibt die W\u00e4rme oder K\u00e4lte der Atmosph\u00e4re zu einem bestimmten Zeitpunkt.<br \/>\n<font color=\"#2D3AC7\">La temperatura ha baixat molt aquesta nit.<\/font><\/p>\n<p><b>Estaci\u00f3<\/b> &#8211; Jahreszeit<br \/>\nEine <b>Estaci\u00f3<\/b> ist eine der vier Perioden des Jahres, die durch besondere Wetterbedingungen gekennzeichnet sind: Fr\u00fchling, Sommer, Herbst und Winter.<br \/>\n<font color=\"#2D3AC7\">La meva estaci\u00f3 preferida \u00e9s la primavera.<\/font><\/p>\n<p><b>Pron\u00f2stic<\/b> &#8211; Vorhersage<br \/>\nDas Wort <b>Pron\u00f2stic<\/b> bezieht sich auf die Wettervorhersage, die von Meteorologen gemacht wird.<br \/>\n<font color=\"#2D3AC7\">Segons el pron\u00f2stic, dem\u00e0 plour\u00e0.<\/font><\/p>\n<h2>Wetterph\u00e4nomene und Bedingungen<\/h2>\n<p><b>Sol<\/b> &#8211; Sonne<br \/>\n<b>Sol<\/b> bezeichnet den Stern, der das Zentrum unseres Sonnensystems bildet und das Licht und die W\u00e4rme liefert, die das Wetter beeinflussen.<br \/>\n<font color=\"#2D3AC7\">Avui fa molt de sol.<\/font><\/p>\n<p><b>Pluja<\/b> &#8211; Regen<br \/>\n<b>Pluja<\/b> ist das Wasser, das in Tropfen aus Wolken f\u00e4llt.<br \/>\n<font color=\"#2D3AC7\">La pluja cau suaument aquest mat\u00ed.<\/font><\/p>\n<p><b>Neu<\/b> &#8211; Schnee<br \/>\n<b>Neu<\/b> ist das gefrorene Wasser, das in Form von Kristallen aus Wolken f\u00e4llt.<br \/>\n<font color=\"#2D3AC7\">A l&#8217;hivern, els nens juguen amb la neu.<\/font><\/p>\n<p><b>Vent<\/b> &#8211; Wind<br \/>\n<b>Vent<\/b> ist die Bewegung der Luft in der Atmosph\u00e4re.<br \/>\n<font color=\"#2D3AC7\">El vent bufa fort avui.<\/font><\/p>\n<p><b>Boira<\/b> &#8211; Nebel<br \/>\n<b>Boira<\/b> ist eine Wolke aus winzigen Wassertropfen, die nahe der Erdoberfl\u00e4che schwebt und die Sicht einschr\u00e4nkt.<br \/>\n<font color=\"#2D3AC7\">La boira \u00e9s espessa aquest mat\u00ed.<\/font><\/p>\n<p><b>Tempesta<\/b> &#8211; Sturm<br \/>\nEine <b>Tempesta<\/b> ist ein starkes Wetterph\u00e4nomen, das oft mit starkem Regen, Blitz und Donner verbunden ist.<br \/>\n<font color=\"#2D3AC7\">La tempesta d&#8217;ahir va ser molt intensa.<\/font><\/p>\n<p><b>Humitat<\/b> &#8211; Feuchtigkeit<br \/>\n<b>Humitat<\/b> bezeichnet den Wasserdampfgehalt in der Luft.<br \/>\n<font color=\"#2D3AC7\">Hi ha molta humitat a l&#8217;ambient.<\/font><\/p>\n<p><b>Calor<\/b> &#8211; Hitze<br \/>\n<b>Calor<\/b> beschreibt hohe Temperaturen und die W\u00e4rme der Atmosph\u00e4re.<br \/>\n<font color=\"#2D3AC7\">La calor de l&#8217;estiu pot ser aclaparadora.<\/font><\/p>\n<p><b>Fred<\/b> &#8211; K\u00e4lte<br \/>\n<b>Fred<\/b> beschreibt niedrige Temperaturen und die K\u00e4lte der Atmosph\u00e4re.<br \/>\n<font color=\"#2D3AC7\">El fred de l&#8217;hivern \u00e9s intens.<\/font><\/p>\n<h2>Himmelsph\u00e4nomene<\/h2>\n<p><b>N\u00favol<\/b> &#8211; Wolke<br \/>\n<b>N\u00favol<\/b> bezeichnet eine sichtbare Ansammlung von Wassertropfen oder Eiskristallen in der Atmosph\u00e4re.<br \/>\n<font color=\"#2D3AC7\">El cel est\u00e0 ple de n\u00favols grisos.<\/font><\/p>\n<p><b>Arc de Sant Mart\u00ed<\/b> &#8211; Regenbogen<br \/>\n<b>Arc de Sant Mart\u00ed<\/b> ist das farbige Spektrum, das durch die Brechung und Reflexion von Licht in Wassertropfen entsteht.<br \/>\n<font color=\"#2D3AC7\">Despr\u00e9s de la pluja, va apar\u00e8ixer un arc de Sant Mart\u00ed.<\/font><\/p>\n<p><b>Gla\u00e7<\/b> &#8211; Eis<br \/>\n<b>Gla\u00e7<\/b> ist gefrorenes Wasser, das bei niedrigen Temperaturen entsteht.<br \/>\n<font color=\"#2D3AC7\">El gla\u00e7 cobreix els llacs a l&#8217;hivern.<\/font><\/p>\n<p><b>Gelada<\/b> &#8211; Frost<br \/>\n<b>Gelada<\/b> ist das Gefrieren von Wasser auf Oberfl\u00e4chen bei niedrigen Temperaturen.<br \/>\n<font color=\"#2D3AC7\">La gelada ha danyat les plantes del jard\u00ed.<\/font><\/p>\n<p><b>Raig<\/b> &#8211; Blitz<br \/>\n<b>Raig<\/b> ist ein pl\u00f6tzlicher elektrischer Entladungsvorgang in der Atmosph\u00e4re, oft begleitet von Donner.<br \/>\n<font color=\"#2D3AC7\">Un raig va il\u00b7luminar el cel durant la tempesta.<\/font><\/p>\n<p><b>Tron<\/b> &#8211; Donner<br \/>\n<b>Tron<\/b> ist das Ger\u00e4usch, das durch die pl\u00f6tzliche Ausdehnung der Luft entlang des Blitzkanals verursacht wird.<br \/>\n<font color=\"#2D3AC7\">El tron va ser tan fort que va fer tremolar les finestres.<\/font><\/p>\n<h2>Wetterbeschreibungen<\/h2>\n<p><b>Assolellat<\/b> &#8211; Sonnig<br \/>\n<b>Assolellat<\/b> beschreibt einen Tag, an dem die Sonne scheint und kaum Wolken am Himmel sind.<br \/>\n<font color=\"#2D3AC7\">Avui \u00e9s un dia assolellat perfecte per anar a la platja.<\/font><\/p>\n<p><b>Ennuvolat<\/b> &#8211; Bew\u00f6lkt<br \/>\n<b>Ennuvolat<\/b> beschreibt einen Himmel, der vollst\u00e4ndig oder \u00fcberwiegend von Wolken bedeckt ist.<br \/>\n<font color=\"#2D3AC7\">El dia est\u00e0 ennuvolat i sembla que plour\u00e0.<\/font><\/p>\n<p><b>Pluj\u00f3s<\/b> &#8211; Regnerisch<br \/>\n<b>Pluj\u00f3s<\/b> beschreibt einen Tag mit viel Regen.<br \/>\n<font color=\"#2D3AC7\">El clima pluj\u00f3s \u00e9s perfecte per llegir un llibre a casa.<\/font><\/p>\n<p><b>Nevar<\/b> &#8211; Schneien<br \/>\n<b>Nevar<\/b> bedeutet, dass Schnee vom Himmel f\u00e4llt.<br \/>\n<font color=\"#2D3AC7\">Aquest <a href=\"https:\/\/talkpal.ai\/talkpal-christmas-discount\/\">Nadal<\/a>, ha comen\u00e7at a nevar a la ciutat.<\/font><\/p>\n<p><b>Vent\u00f3s<\/b> &#8211; Windig<br \/>\n<b>Vent\u00f3s<\/b> beschreibt einen Tag mit starkem Wind.<br \/>\n<font color=\"#2D3AC7\">\u00c9s un dia molt vent\u00f3s, ideal per volar estels.<\/font><\/p>\n<p><b>Humit<\/b> &#8211; Feucht<br \/>\n<b>Humit<\/b> beschreibt eine hohe Luftfeuchtigkeit, die sich oft schw\u00fcl anf\u00fchlt.<br \/>\n<font color=\"#2D3AC7\">El clima humit fa que la roba trigui m\u00e9s a assecar-se.<\/font><\/p>\n<p><b>Sec<\/b> &#8211; Trocken<br \/>\n<b>Sec<\/b> beschreibt einen Mangel an Feuchtigkeit in der Luft.<br \/>\n<font color=\"#2D3AC7\">El desert \u00e9s conegut pel seu clima sec.<\/font><\/p>\n<p><b>Fresc<\/b> &#8211; K\u00fchl<br \/>\n<b>Fresc<\/b> beschreibt eine angenehme K\u00fchle, oft im Fr\u00fchling oder Herbst.<br \/>\n<font color=\"#2D3AC7\">El mat\u00ed \u00e9s fresc, perfecte per a una passejada.<\/font><\/p>\n<p><b>C\u00e0lid<\/b> &#8211; Warm<br \/>\n<b>C\u00e0lid<\/b> beschreibt eine angenehme W\u00e4rme.<br \/>\n<font color=\"#2D3AC7\">El clima c\u00e0lid de l&#8217;estiu \u00e9s ideal per a les vacances.<\/font><\/p>\n<h2>Wichtige Wetterausdr\u00fccke<\/h2>\n<p><b>Quin temps fa?<\/b> &#8211; Wie ist das Wetter?<br \/>\nDieser Ausdruck wird verwendet, um nach den aktuellen Wetterbedingungen zu fragen.<br \/>\n<font color=\"#2D3AC7\">Quin temps fa avui?<\/font><\/p>\n<p><b>Fa bon temps.<\/b> &#8211; Es ist sch\u00f6nes Wetter.<br \/>\nDieser Ausdruck wird verwendet, um gutes Wetter zu beschreiben.<br \/>\n<font color=\"#2D3AC7\">Avui fa bon temps, anem a fer un p\u00edcnic.<\/font><\/p>\n<p><b>Fa mal temps.<\/b> &#8211; Es ist schlechtes Wetter.<br \/>\nDieser Ausdruck wird verwendet, um schlechtes Wetter zu beschreiben.<br \/>\n<font color=\"#2D3AC7\">Fa mal temps, millor quedem-nos a casa.<\/font><\/p>\n<p><b>Fa fred.<\/b> &#8211; Es ist kalt.<br \/>\nDieser Ausdruck wird verwendet, um kaltes Wetter zu beschreiben.<br \/>\n<font color=\"#2D3AC7\">Fa fred, posa&#8217;t un abric.<\/font><\/p>\n<p><b>Fa calor.<\/b> &#8211; Es ist hei\u00df.<br \/>\nDieser Ausdruck wird verwendet, um hei\u00dfes Wetter zu beschreiben.<br \/>\n<font color=\"#2D3AC7\">Fa calor, anem a la piscina.<\/font><\/p>\n<p><b>Est\u00e0 n\u00favol.<\/b> &#8211; Es ist bew\u00f6lkt.<br \/>\nDieser Ausdruck wird verwendet, um einen bew\u00f6lkten Himmel zu beschreiben.<br \/>\n<font color=\"#2D3AC7\">Est\u00e0 n\u00favol, per\u00f2 no sembla que plogui.<\/font><\/p>\n<p><b>Hi ha boira.<\/b> &#8211; Es ist neblig.<br \/>\nDieser Ausdruck wird verwendet, um nebliges Wetter zu beschreiben.<br \/>\n<font color=\"#2D3AC7\">Hi ha boira i no es veu gaireb\u00e9 res.<\/font><\/p>\n<p><b>Plou.<\/b> &#8211; Es regnet.<br \/>\nDieser Ausdruck wird verwendet, um Regen zu beschreiben.<br \/>\n<font color=\"#2D3AC7\">Plou molt, agafa el paraigua.<\/font><\/p>\n<p><b>Neva.<\/b> &#8211; Es schneit.<br \/>\nDieser Ausdruck wird verwendet, um Schneefall zu beschreiben.<br \/>\n<font color=\"#2D3AC7\">Neva i tot est\u00e0 cobert de blanc.<\/font><\/p>\n<p><b>Fa vent.<\/b> &#8211; Es ist windig.<br \/>\nDieser Ausdruck wird verwendet, um windiges Wetter zu beschreiben.<br \/>\n<font color=\"#2D3AC7\">Fa vent, vigila amb les finestres.<\/font><\/p>\n<h2>Wettervorhersage verstehen<\/h2>\n<p>Um eine Wettervorhersage auf Katalanisch zu verstehen, ist es hilfreich, einige spezifische Begriffe und Phrasen zu kennen, die oft verwendet werden:<\/p>\n<p><b>Avui<\/b> &#8211; Heute<br \/>\n<font color=\"#2D3AC7\">Avui far\u00e0 sol i la temperatura ser\u00e0 agradable.<\/font><\/p>\n<p><b>Dem\u00e0<\/b> &#8211; Morgen<br \/>\n<font color=\"#2D3AC7\">Dem\u00e0 es preveu pluja durant tot el dia.<\/font><\/p>\n<p><b>Aquesta setmana<\/b> &#8211; Diese Woche<br \/>\n<font color=\"#2D3AC7\">Aquesta setmana tindrem temperatures suaus.<\/font><\/p>\n<p><b>Mat\u00ed<\/b> &#8211; Morgen (Tageszeit)<br \/>\n<font color=\"#2D3AC7\">Al mat\u00ed far\u00e0 fresc, per\u00f2 a la tarda pujar\u00e0 la temperatura.<\/font><\/p>\n<p><b>Tarda<\/b> &#8211; Nachmittag<br \/>\n<font color=\"#2D3AC7\">A la tarda es preveu que augmenti la velocitat del vent.<\/font><\/p>\n<p><b>Vespre<\/b> &#8211; Abend<br \/>\n<font color=\"#2D3AC7\">Al vespre, les temperatures baixaran considerablement.<\/font><\/p>\n<p><b>Precipitacions<\/b> &#8211; Niederschl\u00e4ge<br \/>\n<font color=\"#2D3AC7\">Les precipitacions seran intenses a la nit.<\/font><\/p>\n<p><b>Tempesta el\u00e8ctrica<\/b> &#8211; Gewitter<br \/>\n<font color=\"#2D3AC7\">Es preveu una tempesta el\u00e8ctrica cap al tard.<\/font><\/p>\n<p><b>Onada de calor<\/b> &#8211; Hitzewelle<br \/>\n<font color=\"#2D3AC7\">Una onada de calor afectar\u00e0 la regi\u00f3 durant els propers dies.<\/font><\/p>\n<p><b>Front fred<\/b> &#8211; Kaltfront<br \/>\n<font color=\"#2D3AC7\">Un front fred portar\u00e0 temperatures m\u00e9s baixes a partir de dem\u00e0.<\/font><\/p>\n<p>Zusammenfassend l\u00e4sst sich sagen, dass das Verst\u00e4ndnis und die Verwendung von Wettervokabeln auf Katalanisch <a href=\"https:\/\/talkpal.ai\/culture\/how-do-i-use-the-word-nicht-nur-sondern-auch\/\">nicht nur<\/a> n\u00fctzlich ist, um allt\u00e4gliche Gespr\u00e4che zu f\u00fchren, sondern auch, um Wetterberichte zu verstehen und darauf zu reagieren. Mit diesen Vokabeln und Ausdr\u00fccken bist du bestens ger\u00fcstet, um \u00fcber das Klima und Wetter auf Katalanisch zu sprechen.<\/p>\n","protected":false},"featured_media":1527863,"template":"","vocabulary_language":[3886],"class_list":["post-700707","vocabulary","type-vocabulary","status-publish","has-post-thumbnail","hentry","vocabulary_language-katalanisch"],"acf":[],"yoast_head":"<!-- This site is optimized with the Yoast SEO Premium plugin v27.2 (Yoast SEO v27.2) - https:\/\/yoast.com\/product\/yoast-seo-premium-wordpress\/ -->\n<title>Auf Katalanisch \u00fcber Klima und Wetter sprechen - Talkpal<\/title>\n<meta name=\"description\" content=\"Das Sprechen \u00fcber das Klima und Wetter ist ein wesentlicher Bestandteil jeder Sprache, da es ein allt\u00e4gliches Gespr\u00e4chsthema ist. In diesem Artikel werden\" \/>\n<meta name=\"robots\" content=\"index, follow, max-snippet:-1, max-image-preview:large, max-video-preview:-1\" \/>\n<link rel=\"canonical\" href=\"https:\/\/talkpal.ai\/de\/vocabulary\/auf-katalanisch-uber-klima-und-wetter-sprechen\/\" \/>\n<meta property=\"og:locale\" content=\"de_DE\" \/>\n<meta property=\"og:type\" content=\"article\" \/>\n<meta property=\"og:title\" content=\"Auf Katalanisch \u00fcber Klima und Wetter sprechen\" \/>\n<meta property=\"og:description\" content=\"Das Sprechen \u00fcber das Klima und Wetter ist ein wesentlicher Bestandteil jeder Sprache, da es ein allt\u00e4gliches Gespr\u00e4chsthema ist. In diesem Artikel werden\" \/>\n<meta property=\"og:url\" content=\"https:\/\/talkpal.ai\/de\/vocabulary\/auf-katalanisch-uber-klima-und-wetter-sprechen\/\" \/>\n<meta property=\"og:site_name\" content=\"Talkpal\" \/>\n<meta property=\"article:publisher\" content=\"https:\/\/www.facebook.com\/profile.php?id=100090733639311\" \/>\n<meta property=\"og:image\" content=\"https:\/\/talkpal.ai\/wp-content\/uploads\/2024\/10\/talkpal_flat_illustration_of_a_employees_working_together_happi_c674ff77-e477-4e09-835a-01d30e561e99.png\" \/>\n\t<meta property=\"og:image:width\" content=\"1024\" \/>\n\t<meta property=\"og:image:height\" content=\"1024\" \/>\n\t<meta property=\"og:image:type\" content=\"image\/png\" \/>\n<meta name=\"twitter:card\" content=\"summary_large_image\" \/>\n<meta name=\"twitter:site\" content=\"@talkpalai\" \/>\n<meta name=\"twitter:label1\" content=\"Gesch\u00e4tzte Lesezeit\" \/>\n\t<meta name=\"twitter:data1\" content=\"6\u00a0Minuten\" \/>\n<script type=\"application\/ld+json\" class=\"yoast-schema-graph\">{\"@context\":\"https:\/\/schema.org\",\"@graph\":[{\"@type\":\"WebPage\",\"@id\":\"https:\/\/talkpal.ai\/de\/vocabulary\/auf-katalanisch-uber-klima-und-wetter-sprechen\/\",\"url\":\"https:\/\/talkpal.ai\/de\/vocabulary\/auf-katalanisch-uber-klima-und-wetter-sprechen\/\",\"name\":\"Auf Katalanisch \u00fcber Klima und Wetter sprechen - Talkpal\",\"isPartOf\":{\"@id\":\"https:\/\/talkpal.ai\/de\/#website\"},\"primaryImageOfPage\":{\"@id\":\"https:\/\/talkpal.ai\/de\/vocabulary\/auf-katalanisch-uber-klima-und-wetter-sprechen\/#primaryimage\"},\"image\":{\"@id\":\"https:\/\/talkpal.ai\/de\/vocabulary\/auf-katalanisch-uber-klima-und-wetter-sprechen\/#primaryimage\"},\"thumbnailUrl\":\"https:\/\/talkpal.ai\/wp-content\/uploads\/2025\/12\/person-on-park-bench-learning-languages.webp\",\"datePublished\":\"2024-06-07T22:34:42+00:00\",\"description\":\"Das Sprechen \u00fcber das Klima und Wetter ist ein wesentlicher Bestandteil jeder Sprache, da es ein allt\u00e4gliches Gespr\u00e4chsthema ist. In diesem Artikel werden\",\"breadcrumb\":{\"@id\":\"https:\/\/talkpal.ai\/de\/vocabulary\/auf-katalanisch-uber-klima-und-wetter-sprechen\/#breadcrumb\"},\"inLanguage\":\"de\",\"potentialAction\":[{\"@type\":\"ReadAction\",\"target\":[\"https:\/\/talkpal.ai\/de\/vocabulary\/auf-katalanisch-uber-klima-und-wetter-sprechen\/\"]}]},{\"@type\":\"ImageObject\",\"inLanguage\":\"de\",\"@id\":\"https:\/\/talkpal.ai\/de\/vocabulary\/auf-katalanisch-uber-klima-und-wetter-sprechen\/#primaryimage\",\"url\":\"https:\/\/talkpal.ai\/wp-content\/uploads\/2025\/12\/person-on-park-bench-learning-languages.webp\",\"contentUrl\":\"https:\/\/talkpal.ai\/wp-content\/uploads\/2025\/12\/person-on-park-bench-learning-languages.webp\",\"width\":1200,\"height\":896,\"caption\":\"A person sits alone on a park bench under a tree at sunset while learning languages from a book.\"},{\"@type\":\"BreadcrumbList\",\"@id\":\"https:\/\/talkpal.ai\/de\/vocabulary\/auf-katalanisch-uber-klima-und-wetter-sprechen\/#breadcrumb\",\"itemListElement\":[{\"@type\":\"ListItem\",\"position\":1,\"name\":\"Homepage\",\"item\":\"https:\/\/talkpal.ai\/de\/\"},{\"@type\":\"ListItem\",\"position\":2,\"name\":\"Auf Katalanisch \u00fcber Klima und Wetter sprechen\"}]},{\"@type\":\"WebSite\",\"@id\":\"https:\/\/talkpal.ai\/de\/#website\",\"url\":\"https:\/\/talkpal.ai\/de\/\",\"name\":\"Talkpal\",\"description\":\"AI Language Learning\",\"publisher\":{\"@id\":\"https:\/\/talkpal.ai\/de\/#organization\"},\"alternateName\":\"Talkpal AI\",\"potentialAction\":[{\"@type\":\"SearchAction\",\"target\":{\"@type\":\"EntryPoint\",\"urlTemplate\":\"https:\/\/talkpal.ai\/de\/?s={search_term_string}\"},\"query-input\":{\"@type\":\"PropertyValueSpecification\",\"valueRequired\":true,\"valueName\":\"search_term_string\"}}],\"inLanguage\":\"de\"},{\"@type\":\"Organization\",\"@id\":\"https:\/\/talkpal.ai\/de\/#organization\",\"name\":\"Talkpal, Inc.\",\"alternateName\":\"Talkpal AI\",\"url\":\"https:\/\/talkpal.ai\/de\/\",\"logo\":{\"@type\":\"ImageObject\",\"inLanguage\":\"de\",\"@id\":\"https:\/\/talkpal.ai\/de\/#\/schema\/logo\/image\/\",\"url\":\"https:\/\/talkpal.ai\/wp-content\/uploads\/2024\/03\/Talkpal-Logo-Icon.png\",\"contentUrl\":\"https:\/\/talkpal.ai\/wp-content\/uploads\/2024\/03\/Talkpal-Logo-Icon.png\",\"width\":2880,\"height\":2880,\"caption\":\"Talkpal, Inc.\"},\"image\":{\"@id\":\"https:\/\/talkpal.ai\/de\/#\/schema\/logo\/image\/\"},\"sameAs\":[\"https:\/\/www.facebook.com\/profile.php?id=100090733639311\",\"https:\/\/x.com\/talkpalai\",\"https:\/\/www.linkedin.com\/company\/talkpal\/\",\"https:\/\/www.youtube.com\/@TalkPal\/\",\"https:\/\/www.tiktok.com\/@talkpal\",\"https:\/\/www.instagram.com\/talkpal_ai\/\",\"https:\/\/www.crunchbase.com\/organization\/talkpal-9cde\",\"https:\/\/www.g2.com\/products\/talkpal-for-business\/\",\"https:\/\/www.trustpilot.com\/review\/talkpal.ai\",\"https:\/\/www.capterra.com\/p\/10006800\/TalkPal\/\"],\"description\":\"Talkpal is a language learning web and mobile education app, powered by the latest AI technologies, that provides engaging experiences to its customers in many different languages to help them improve their language skills. Users can chat about unlimited amount of topics with the app and use other modes to practice their language learning.\",\"email\":\"support@talkpal.ai\",\"legalName\":\"Talkpal, Inc.\",\"foundingDate\":\"2023-04-03\",\"duns\":\"118989042\",\"numberOfEmployees\":{\"@type\":\"QuantitativeValue\",\"minValue\":\"11\",\"maxValue\":\"50\"},\"publishingPrinciples\":\"https:\/\/talkpal.ai\/publishing-principles\/\",\"actionableFeedbackPolicy\":\"https:\/\/talkpal.ai\/actionable-feedback-policy\/\",\"correctionsPolicy\":\"https:\/\/talkpal.ai\/corrections-policy\/\",\"ethicsPolicy\":\"https:\/\/talkpal.ai\/ethics-policy\/\",\"diversityPolicy\":\"https:\/\/talkpal.ai\/diversity-policy\/\",\"diversityStaffingReport\":\"https:\/\/talkpal.ai\/diversity-policy\/\"}]}<\/script>\n<!-- \/ Yoast SEO Premium plugin. -->","yoast_head_json":{"title":"Auf Katalanisch \u00fcber Klima und Wetter sprechen - Talkpal","description":"Das Sprechen \u00fcber das Klima und Wetter ist ein wesentlicher Bestandteil jeder Sprache, da es ein allt\u00e4gliches Gespr\u00e4chsthema ist. In diesem Artikel werden","robots":{"index":"index","follow":"follow","max-snippet":"max-snippet:-1","max-image-preview":"max-image-preview:large","max-video-preview":"max-video-preview:-1"},"canonical":"https:\/\/talkpal.ai\/de\/vocabulary\/auf-katalanisch-uber-klima-und-wetter-sprechen\/","og_locale":"de_DE","og_type":"article","og_title":"Auf Katalanisch \u00fcber Klima und Wetter sprechen","og_description":"Das Sprechen \u00fcber das Klima und Wetter ist ein wesentlicher Bestandteil jeder Sprache, da es ein allt\u00e4gliches Gespr\u00e4chsthema ist. In diesem Artikel werden","og_url":"https:\/\/talkpal.ai\/de\/vocabulary\/auf-katalanisch-uber-klima-und-wetter-sprechen\/","og_site_name":"Talkpal","article_publisher":"https:\/\/www.facebook.com\/profile.php?id=100090733639311","og_image":[{"width":1024,"height":1024,"url":"https:\/\/talkpal.ai\/wp-content\/uploads\/2024\/10\/talkpal_flat_illustration_of_a_employees_working_together_happi_c674ff77-e477-4e09-835a-01d30e561e99.png","type":"image\/png"}],"twitter_card":"summary_large_image","twitter_site":"@talkpalai","twitter_misc":{"Gesch\u00e4tzte Lesezeit":"6\u00a0Minuten"},"schema":{"@context":"https:\/\/schema.org","@graph":[{"@type":"WebPage","@id":"https:\/\/talkpal.ai\/de\/vocabulary\/auf-katalanisch-uber-klima-und-wetter-sprechen\/","url":"https:\/\/talkpal.ai\/de\/vocabulary\/auf-katalanisch-uber-klima-und-wetter-sprechen\/","name":"Auf Katalanisch \u00fcber Klima und Wetter sprechen - Talkpal","isPartOf":{"@id":"https:\/\/talkpal.ai\/de\/#website"},"primaryImageOfPage":{"@id":"https:\/\/talkpal.ai\/de\/vocabulary\/auf-katalanisch-uber-klima-und-wetter-sprechen\/#primaryimage"},"image":{"@id":"https:\/\/talkpal.ai\/de\/vocabulary\/auf-katalanisch-uber-klima-und-wetter-sprechen\/#primaryimage"},"thumbnailUrl":"https:\/\/talkpal.ai\/wp-content\/uploads\/2025\/12\/person-on-park-bench-learning-languages.webp","datePublished":"2024-06-07T22:34:42+00:00","description":"Das Sprechen \u00fcber das Klima und Wetter ist ein wesentlicher Bestandteil jeder Sprache, da es ein allt\u00e4gliches Gespr\u00e4chsthema ist. In diesem Artikel werden","breadcrumb":{"@id":"https:\/\/talkpal.ai\/de\/vocabulary\/auf-katalanisch-uber-klima-und-wetter-sprechen\/#breadcrumb"},"inLanguage":"de","potentialAction":[{"@type":"ReadAction","target":["https:\/\/talkpal.ai\/de\/vocabulary\/auf-katalanisch-uber-klima-und-wetter-sprechen\/"]}]},{"@type":"ImageObject","inLanguage":"de","@id":"https:\/\/talkpal.ai\/de\/vocabulary\/auf-katalanisch-uber-klima-und-wetter-sprechen\/#primaryimage","url":"https:\/\/talkpal.ai\/wp-content\/uploads\/2025\/12\/person-on-park-bench-learning-languages.webp","contentUrl":"https:\/\/talkpal.ai\/wp-content\/uploads\/2025\/12\/person-on-park-bench-learning-languages.webp","width":1200,"height":896,"caption":"A person sits alone on a park bench under a tree at sunset while learning languages from a book."},{"@type":"BreadcrumbList","@id":"https:\/\/talkpal.ai\/de\/vocabulary\/auf-katalanisch-uber-klima-und-wetter-sprechen\/#breadcrumb","itemListElement":[{"@type":"ListItem","position":1,"name":"Homepage","item":"https:\/\/talkpal.ai\/de\/"},{"@type":"ListItem","position":2,"name":"Auf Katalanisch \u00fcber Klima und Wetter sprechen"}]},{"@type":"WebSite","@id":"https:\/\/talkpal.ai\/de\/#website","url":"https:\/\/talkpal.ai\/de\/","name":"Talkpal","description":"AI Language Learning","publisher":{"@id":"https:\/\/talkpal.ai\/de\/#organization"},"alternateName":"Talkpal AI","potentialAction":[{"@type":"SearchAction","target":{"@type":"EntryPoint","urlTemplate":"https:\/\/talkpal.ai\/de\/?s={search_term_string}"},"query-input":{"@type":"PropertyValueSpecification","valueRequired":true,"valueName":"search_term_string"}}],"inLanguage":"de"},{"@type":"Organization","@id":"https:\/\/talkpal.ai\/de\/#organization","name":"Talkpal, Inc.","alternateName":"Talkpal AI","url":"https:\/\/talkpal.ai\/de\/","logo":{"@type":"ImageObject","inLanguage":"de","@id":"https:\/\/talkpal.ai\/de\/#\/schema\/logo\/image\/","url":"https:\/\/talkpal.ai\/wp-content\/uploads\/2024\/03\/Talkpal-Logo-Icon.png","contentUrl":"https:\/\/talkpal.ai\/wp-content\/uploads\/2024\/03\/Talkpal-Logo-Icon.png","width":2880,"height":2880,"caption":"Talkpal, Inc."},"image":{"@id":"https:\/\/talkpal.ai\/de\/#\/schema\/logo\/image\/"},"sameAs":["https:\/\/www.facebook.com\/profile.php?id=100090733639311","https:\/\/x.com\/talkpalai","https:\/\/www.linkedin.com\/company\/talkpal\/","https:\/\/www.youtube.com\/@TalkPal\/","https:\/\/www.tiktok.com\/@talkpal","https:\/\/www.instagram.com\/talkpal_ai\/","https:\/\/www.crunchbase.com\/organization\/talkpal-9cde","https:\/\/www.g2.com\/products\/talkpal-for-business\/","https:\/\/www.trustpilot.com\/review\/talkpal.ai","https:\/\/www.capterra.com\/p\/10006800\/TalkPal\/"],"description":"Talkpal is a language learning web and mobile education app, powered by the latest AI technologies, that provides engaging experiences to its customers in many different languages to help them improve their language skills. Users can chat about unlimited amount of topics with the app and use other modes to practice their language learning.","email":"support@talkpal.ai","legalName":"Talkpal, Inc.","foundingDate":"2023-04-03","duns":"118989042","numberOfEmployees":{"@type":"QuantitativeValue","minValue":"11","maxValue":"50"},"publishingPrinciples":"https:\/\/talkpal.ai\/publishing-principles\/","actionableFeedbackPolicy":"https:\/\/talkpal.ai\/actionable-feedback-policy\/","correctionsPolicy":"https:\/\/talkpal.ai\/corrections-policy\/","ethicsPolicy":"https:\/\/talkpal.ai\/ethics-policy\/","diversityPolicy":"https:\/\/talkpal.ai\/diversity-policy\/","diversityStaffingReport":"https:\/\/talkpal.ai\/diversity-policy\/"}]}},"_links":{"self":[{"href":"https:\/\/talkpal.ai\/de\/wp-json\/wp\/v2\/vocabulary\/700707","targetHints":{"allow":["GET"]}}],"collection":[{"href":"https:\/\/talkpal.ai\/de\/wp-json\/wp\/v2\/vocabulary"}],"about":[{"href":"https:\/\/talkpal.ai\/de\/wp-json\/wp\/v2\/types\/vocabulary"}],"wp:featuredmedia":[{"embeddable":true,"href":"https:\/\/talkpal.ai\/de\/wp-json\/wp\/v2\/media\/1527863"}],"wp:attachment":[{"href":"https:\/\/talkpal.ai\/de\/wp-json\/wp\/v2\/media?parent=700707"}],"wp:term":[{"taxonomy":"vocabulary_language","embeddable":true,"href":"https:\/\/talkpal.ai\/de\/wp-json\/wp\/v2\/vocabulary_language?post=700707"}],"curies":[{"name":"wp","href":"https:\/\/api.w.org\/{rel}","templated":true}]}}