{"id":700666,"date":"2024-06-07T22:31:24","date_gmt":"2024-06-07T22:31:24","guid":{"rendered":"https:\/\/talkpal.ai\/vocabulary\/vokabeln-zum-familien-und-privatleben-auf-katalanisch\/"},"modified":"2024-06-07T22:31:24","modified_gmt":"2024-06-07T22:31:24","slug":"vokabeln-zum-familien-und-privatleben-auf-katalanisch","status":"publish","type":"vocabulary","link":"https:\/\/talkpal.ai\/de\/vocabulary\/vokabeln-zum-familien-und-privatleben-auf-katalanisch\/","title":{"rendered":"Vokabeln zum Familien- und Privatleben auf Katalanisch"},"content":{"rendered":"<p>Das Lernen einer neuen Sprache \u00f6ffnet T\u00fcren zu neuen Kulturen und erm\u00f6glicht es uns, tiefere Verbindungen zu Menschen aus verschiedenen Teilen der Welt zu kn\u00fcpfen. Eine der wichtigsten Aspekte jeder Sprache ist die F\u00e4higkeit, \u00fcber Familie und Privatleben zu sprechen. In diesem Artikel werden wir uns auf katalanische Vokabeln konzentrieren, die Ihnen helfen, Gespr\u00e4che \u00fcber Familien- und Privatleben zu f\u00fchren. Diese Vokabeln sind <a href=\"https:\/\/talkpal.ai\/culture\/how-do-i-use-the-word-nicht-nur-sondern-auch\/\">nicht nur<\/a> n\u00fctzlich, um Beziehungen zu beschreiben, sondern auch, um die kulturellen Unterschiede und Gemeinsamkeiten zu verstehen.<\/p>\n<h2>Familienmitglieder und Verwandtschaft<\/h2>\n<p><b>Fam\u00edlia<\/b> &#8211; Familie<br \/>\n<font color=\"#2D3AC7\">La meva <b>fam\u00edlia<\/b> \u00e9s molt gran.<\/font><\/p>\n<p><b>Pare<\/b> &#8211; Vater<br \/>\n<font color=\"#2D3AC7\">El meu <b>pare<\/b> treballa a <a href=\"https:\/\/talkpal.ai\/locations\/language-courses-in-barcelona\/\">Barcelona<\/a>.<\/font><\/p>\n<p><b>Mare<\/b> &#8211; Mutter<br \/>\n<font color=\"#2D3AC7\">La meva <b>mare<\/b> \u00e9s professora.<\/font><\/p>\n<p><b>Germ\u00e0<\/b> &#8211; Bruder<br \/>\n<font color=\"#2D3AC7\">El meu <b>germ\u00e0<\/b> \u00e9s m\u00e9s jove que jo.<\/font><\/p>\n<p><b>Germana<\/b> &#8211; Schwester<br \/>\n<font color=\"#2D3AC7\">La meva <b>germana<\/b> viu a Par\u00eds.<\/font><\/p>\n<p><b>Avi<\/b> &#8211; Gro\u00dfvater<br \/>\n<font color=\"#2D3AC7\">El meu <b>avi<\/b> t\u00e9 vuitanta anys.<\/font><\/p>\n<p><b>\u00c0via<\/b> &#8211; Gro\u00dfmutter<br \/>\n<font color=\"#2D3AC7\">La meva <b>\u00e0via<\/b> cuina molt b\u00e9.<\/font><\/p>\n<p><b>Oncle<\/b> &#8211; Onkel<br \/>\n<font color=\"#2D3AC7\">El meu <b>oncle<\/b> \u00e9s metge.<\/font><\/p>\n<p><b>Tia<\/b> &#8211; Tante<br \/>\n<font color=\"#2D3AC7\">La meva <b>tia<\/b> viu a <a href=\"https:\/\/talkpal.ai\/fr\/locations\/apprendre-langlais-a-londres\/\">Londres<\/a>.<\/font><\/p>\n<p><b>Cos\u00ed<\/b> &#8211; Cousin (m\u00e4nnlich)<br \/>\n<font color=\"#2D3AC7\">El meu <b>cos\u00ed<\/b> i jo som bons amics.<\/font><\/p>\n<p><b>Cosina<\/b> &#8211; Cousine (weiblich)<br \/>\n<font color=\"#2D3AC7\">La meva <b>cosina<\/b> estudia a la <a href=\"https:\/\/talkpal.ai\/mt\/skont-talkpal-ghall-istaff-tal-universita\/\">universitat<\/a>.<\/font><\/p>\n<p><b>Fill<\/b> &#8211; Sohn<br \/>\n<font color=\"#2D3AC7\">El meu <b>fill<\/b> juga a futbol.<\/font><\/p>\n<p><b>Filla<\/b> &#8211; Tochter<br \/>\n<font color=\"#2D3AC7\">La meva <b>filla<\/b> toca el piano.<\/font><\/p>\n<h2>Beziehungen und Familienstand<\/h2>\n<p><b>Casat<\/b> &#8211; Verheiratet (m\u00e4nnlich)<br \/>\n<font color=\"#2D3AC7\">El meu germ\u00e0 est\u00e0 <b>casat<\/b>.<\/font><\/p>\n<p><b>Casada<\/b> &#8211; Verheiratet (weiblich)<br \/>\n<font color=\"#2D3AC7\">La meva cosina est\u00e0 <b>casada<\/b>.<\/font><\/p>\n<p><b>Solter<\/b> &#8211; Ledig (m\u00e4nnlich)<br \/>\n<font color=\"#2D3AC7\">El meu amic est\u00e0 <b>solter<\/b>.<\/font><\/p>\n<p><b>Soltera<\/b> &#8211; Ledig (weiblich)<br \/>\n<font color=\"#2D3AC7\">La meva germana est\u00e0 <b>soltera<\/b>.<\/font><\/p>\n<p><b>Divorciat<\/b> &#8211; Geschieden (m\u00e4nnlich)<br \/>\n<font color=\"#2D3AC7\">El meu oncle est\u00e0 <b>divorciat<\/b>.<\/font><\/p>\n<p><b>Divorciada<\/b> &#8211; Geschieden (weiblich)<br \/>\n<font color=\"#2D3AC7\">La meva tia est\u00e0 <b>divorciada<\/b>.<\/font><\/p>\n<p><b>Prom\u00e8s<\/b> &#8211; Verlobter<br \/>\n<font color=\"#2D3AC7\">El meu <b>prom\u00e8s<\/b> \u00e9s molt amable.<\/font><\/p>\n<p><b>Promesa<\/b> &#8211; Verlobte<br \/>\n<font color=\"#2D3AC7\">La meva <b>promesa<\/b> \u00e9s molt intel\u00b7ligent.<\/font><\/p>\n<p><b>Parella<\/b> &#8211; Partner\/in<br \/>\n<font color=\"#2D3AC7\">La meva <b>parella<\/b> i jo anem de vacances junts.<\/font><\/p>\n<h2>Wichtige Lebensereignisse<\/h2>\n<p><b>Naixement<\/b> &#8211; Geburt<br \/>\n<font color=\"#2D3AC7\">El <b>naixement<\/b> del meu fill va ser un dia feli\u00e7.<\/font><\/p>\n<p><b>Boda<\/b> &#8211; Hochzeit<br \/>\n<font color=\"#2D3AC7\">La <b>boda<\/b> de la meva germana va ser preciosa.<\/font><\/p>\n<p><b>Mort<\/b> &#8211; Tod<br \/>\n<font color=\"#2D3AC7\">La <b>mort<\/b> de l&#8217;avi ens va afectar molt.<\/font><\/p>\n<p><b>Anniversari<\/b> &#8211; Geburtstag<br \/>\n<font color=\"#2D3AC7\">El meu <b>anniversari<\/b> \u00e9s al juny.<\/font><\/p>\n<p><b>Jubileu<\/b> &#8211; Jubil\u00e4um<br \/>\n<font color=\"#2D3AC7\">El <b>jubileu<\/b> dels meus pares va ser una gran festa.<\/font><\/p>\n<p><b>Graduaci\u00f3<\/b> &#8211; Abschluss<br \/>\n<font color=\"#2D3AC7\">La <b>graduaci\u00f3<\/b> de la meva filla va ser emocionant.<\/font><\/p>\n<h2>Alltag und Freizeit<\/h2>\n<p><b>Casa<\/b> &#8211; Haus<br \/>\n<font color=\"#2D3AC7\">La meva <b>casa<\/b> \u00e9s al camp.<\/font><\/p>\n<p><b>Treball<\/b> &#8211; Arbeit<br \/>\n<font color=\"#2D3AC7\">El meu <b>treball<\/b> \u00e9s molt exigent.<\/font><\/p>\n<p><b>Escola<\/b> &#8211; Schule<br \/>\n<font color=\"#2D3AC7\">Els nens <a href=\"https:\/\/talkpal.ai\/locations\/language-courses-in-van\/\">van<\/a> a l&#8216;<b>escola<\/b> cada dia.<\/font><\/p>\n<p><b>Vacances<\/b> &#8211; Urlaub<br \/>\n<font color=\"#2D3AC7\">Vam anar de <b>vacances<\/b> a It\u00e0lia l&#8217;estiu passat.<\/font><\/p>\n<p><b>Afici\u00f3<\/b> &#8211; Hobby<br \/>\n<font color=\"#2D3AC7\">La meva <b>afici\u00f3<\/b> \u00e9s llegir llibres.<\/font><\/p>\n<p><b>Amic<\/b> &#8211; Freund<br \/>\n<font color=\"#2D3AC7\">El meu <b>amic<\/b> \u00e9s molt divertit.<\/font><\/p>\n<p><b>Amiga<\/b> &#8211; Freundin<br \/>\n<font color=\"#2D3AC7\">La meva <b>amiga<\/b> viu a <a href=\"https:\/\/talkpal.ai\/locations\/language-courses-in-madrid\/\">Madrid<\/a>.<\/font><\/p>\n<p><b>Ve\u00ed<\/b> &#8211; Nachbar (m\u00e4nnlich)<br \/>\n<font color=\"#2D3AC7\">El meu <b>ve\u00ed<\/b> \u00e9s molt simp\u00e0tic.<\/font><\/p>\n<p><b>Ve\u00efna<\/b> &#8211; Nachbarin (weiblich)<br \/>\n<font color=\"#2D3AC7\">La meva <b>ve\u00efna<\/b> t\u00e9 un gos.<\/font><\/p>\n<h2>Gef\u00fchle und Emotionen<\/h2>\n<p><b>Felicitat<\/b> &#8211; Gl\u00fcck<br \/>\n<font color=\"#2D3AC7\">La <b>felicitat<\/b> \u00e9s el m\u00e9s important.<\/font><\/p>\n<p><b>Tristesa<\/b> &#8211; Traurigkeit<br \/>\n<font color=\"#2D3AC7\">La <b>tristesa<\/b> va durar molts dies.<\/font><\/p>\n<p><b>Amor<\/b> &#8211; Liebe<br \/>\n<font color=\"#2D3AC7\">L&#8216;<b>amor<\/b> \u00e9s una emoci\u00f3 molt poderosa.<\/font><\/p>\n<p><b>Odi<\/b> &#8211; Hass<br \/>\n<font color=\"#2D3AC7\">L&#8216;<b>odi<\/b> no porta res de bo.<\/font><\/p>\n<p><b>Por<\/b> &#8211; Angst<br \/>\n<font color=\"#2D3AC7\">La <b>por<\/b> \u00e9s natural en situacions dif\u00edcils.<\/font><\/p>\n<p><b>Orgull<\/b> &#8211; Stolz<br \/>\n<font color=\"#2D3AC7\">Sento molt <b>orgull<\/b> pels meus fills.<\/font><\/p>\n<p><b>Vergonya<\/b> &#8211; Scham<br \/>\n<font color=\"#2D3AC7\">Vaig sentir molta <b>vergonya<\/b> aquell dia.<\/font><\/p>\n<p><b>Enveja<\/b> &#8211; Neid<br \/>\n<font color=\"#2D3AC7\">L&#8216;<b>enveja<\/b> no \u00e9s una emoci\u00f3 sana.<\/font><\/p>\n<p><b>Confian\u00e7a<\/b> &#8211; Vertrauen<br \/>\n<font color=\"#2D3AC7\">La <b>confian\u00e7a<\/b> \u00e9s essencial en una relaci\u00f3.<\/font><\/p>\n<p><b>Dubte<\/b> &#8211; Zweifel<br \/>\n<font color=\"#2D3AC7\">El <b>dubte<\/b> \u00e9s <a href=\"https:\/\/talkpal.ai\/locations\/language-courses-in-normal\/\">normal<\/a> abans de prendre decisions importants.<\/font><\/p>\n<h2>Kommunikation innerhalb der Familie<\/h2>\n<p><b>Parlar<\/b> &#8211; Sprechen<br \/>\n<font color=\"#2D3AC7\">Ens agrada <b>parlar<\/b> durant el sopar.<\/font><\/p>\n<p><b>Escoltar<\/b> &#8211; Zuh\u00f6ren<br \/>\n<font color=\"#2D3AC7\">\u00c9s important <b>escoltar<\/b> els nens.<\/font><\/p>\n<p><b>Discutir<\/b> &#8211; Diskutieren<br \/>\n<font color=\"#2D3AC7\">A vegades <b>discutim<\/b> sobre petites coses.<\/font><\/p>\n<p><b>Estimar<\/b> &#8211; Lieben<br \/>\n<font color=\"#2D3AC7\">Els pares <b>estimen<\/b> els seus fills incondicionalment.<\/font><\/p>\n<p><b>Ajudar<\/b> &#8211; Helfen<br \/>\n<font color=\"#2D3AC7\">Els germans han d&#8216;<b>ajudar<\/b>-se m\u00fatuament.<\/font><\/p>\n<p><b>Compartir<\/b> &#8211; Teilen<br \/>\n<font color=\"#2D3AC7\">\u00c9s important <b>compartir<\/b> amb els altres.<\/font><\/p>\n<p><b>Riure<\/b> &#8211; Lachen<br \/>\n<font color=\"#2D3AC7\">Ens agrada <b>riure<\/b> junts.<\/font><\/p>\n<p><b>Plorar<\/b> &#8211; Weinen<br \/>\n<font color=\"#2D3AC7\">Els nens <b>ploren<\/b> quan estan tristos.<\/font><\/p>\n<p><b>Perdonar<\/b> &#8211; Verzeihen<br \/>\n<font color=\"#2D3AC7\">\u00c9s important <b>perdonar<\/b> els errors.<\/font><\/p>\n<p><b>Respectar<\/b> &#8211; Respektieren<br \/>\n<font color=\"#2D3AC7\">Tothom ha de <b>respectar<\/b> els altres.<\/font><\/p>\n<h3>Zusammenfassung<\/h3>\n<p>Die oben genannten Vokabeln sind nur ein Anfang, aber sie bieten eine solide Basis, um \u00fcber Familie und Privatleben auf <a href=\"https:\/\/talkpal.ai\/learn-catalan\/\">Katalanisch<\/a> zu sprechen. Das Verst\u00e4ndnis dieser Begriffe wird Ihnen nicht nur helfen, Gespr\u00e4che zu f\u00fchren, sondern auch ein tieferes Verst\u00e4ndnis der katalanischen Kultur und Gesellschaft zu entwickeln. \u00dcben Sie regelm\u00e4\u00dfig diese Vokabeln, verwenden Sie sie in S\u00e4tzen und Kontexten, die f\u00fcr Ihr eigenes Leben relevant sind, und Sie werden feststellen, dass Sie bald flie\u00dfender und sicherer in Ihrer Kommunikation auf Katalanisch werden.<\/p>\n<p>Viel Erfolg beim Lernen und genie\u00dfen Sie die Reise, eine neue Sprache und Kultur zu entdecken!<\/p>\n","protected":false},"featured_media":1527616,"template":"","vocabulary_language":[3886],"class_list":["post-700666","vocabulary","type-vocabulary","status-publish","has-post-thumbnail","hentry","vocabulary_language-katalanisch"],"acf":[],"yoast_head":"<!-- This site is optimized with the Yoast SEO Premium plugin v27.2 (Yoast SEO v27.2) - https:\/\/yoast.com\/product\/yoast-seo-premium-wordpress\/ -->\n<title>Vokabeln zum Familien- und Privatleben auf Katalanisch - Talkpal<\/title>\n<meta name=\"description\" content=\"Das Lernen einer neuen Sprache \u00f6ffnet T\u00fcren zu neuen Kulturen und erm\u00f6glicht es uns, tiefere Verbindungen zu Menschen aus verschiedenen Teilen der Welt zu\" \/>\n<meta name=\"robots\" content=\"index, follow, max-snippet:-1, max-image-preview:large, max-video-preview:-1\" \/>\n<link rel=\"canonical\" href=\"https:\/\/talkpal.ai\/de\/vocabulary\/vokabeln-zum-familien-und-privatleben-auf-katalanisch\/\" \/>\n<meta property=\"og:locale\" content=\"de_DE\" \/>\n<meta property=\"og:type\" content=\"article\" \/>\n<meta property=\"og:title\" content=\"Vokabeln zum Familien- und Privatleben auf Katalanisch\" \/>\n<meta property=\"og:description\" content=\"Das Lernen einer neuen Sprache \u00f6ffnet T\u00fcren zu neuen Kulturen und erm\u00f6glicht es uns, tiefere Verbindungen zu Menschen aus verschiedenen Teilen der Welt zu\" \/>\n<meta property=\"og:url\" content=\"https:\/\/talkpal.ai\/de\/vocabulary\/vokabeln-zum-familien-und-privatleben-auf-katalanisch\/\" \/>\n<meta property=\"og:site_name\" content=\"Talkpal\" \/>\n<meta property=\"article:publisher\" content=\"https:\/\/www.facebook.com\/profile.php?id=100090733639311\" \/>\n<meta property=\"og:image\" content=\"https:\/\/talkpal.ai\/wp-content\/uploads\/2024\/10\/talkpal_flat_illustration_of_a_employees_working_together_happi_c674ff77-e477-4e09-835a-01d30e561e99.png\" \/>\n\t<meta property=\"og:image:width\" content=\"1024\" \/>\n\t<meta property=\"og:image:height\" content=\"1024\" \/>\n\t<meta property=\"og:image:type\" content=\"image\/png\" \/>\n<meta name=\"twitter:card\" content=\"summary_large_image\" \/>\n<meta name=\"twitter:site\" content=\"@talkpalai\" \/>\n<meta name=\"twitter:label1\" content=\"Gesch\u00e4tzte Lesezeit\" \/>\n\t<meta name=\"twitter:data1\" content=\"4\u00a0Minuten\" \/>\n<script type=\"application\/ld+json\" class=\"yoast-schema-graph\">{\"@context\":\"https:\/\/schema.org\",\"@graph\":[{\"@type\":\"WebPage\",\"@id\":\"https:\/\/talkpal.ai\/de\/vocabulary\/vokabeln-zum-familien-und-privatleben-auf-katalanisch\/\",\"url\":\"https:\/\/talkpal.ai\/de\/vocabulary\/vokabeln-zum-familien-und-privatleben-auf-katalanisch\/\",\"name\":\"Vokabeln zum Familien- und Privatleben auf Katalanisch - Talkpal\",\"isPartOf\":{\"@id\":\"https:\/\/talkpal.ai\/de\/#website\"},\"primaryImageOfPage\":{\"@id\":\"https:\/\/talkpal.ai\/de\/vocabulary\/vokabeln-zum-familien-und-privatleben-auf-katalanisch\/#primaryimage\"},\"image\":{\"@id\":\"https:\/\/talkpal.ai\/de\/vocabulary\/vokabeln-zum-familien-und-privatleben-auf-katalanisch\/#primaryimage\"},\"thumbnailUrl\":\"https:\/\/talkpal.ai\/wp-content\/uploads\/2025\/12\/coffee-is-enjoyed-while-learning-languages.webp\",\"datePublished\":\"2024-06-07T22:31:24+00:00\",\"description\":\"Das Lernen einer neuen Sprache \u00f6ffnet T\u00fcren zu neuen Kulturen und erm\u00f6glicht es uns, tiefere Verbindungen zu Menschen aus verschiedenen Teilen der Welt zu\",\"breadcrumb\":{\"@id\":\"https:\/\/talkpal.ai\/de\/vocabulary\/vokabeln-zum-familien-und-privatleben-auf-katalanisch\/#breadcrumb\"},\"inLanguage\":\"de\",\"potentialAction\":[{\"@type\":\"ReadAction\",\"target\":[\"https:\/\/talkpal.ai\/de\/vocabulary\/vokabeln-zum-familien-und-privatleben-auf-katalanisch\/\"]}]},{\"@type\":\"ImageObject\",\"inLanguage\":\"de\",\"@id\":\"https:\/\/talkpal.ai\/de\/vocabulary\/vokabeln-zum-familien-und-privatleben-auf-katalanisch\/#primaryimage\",\"url\":\"https:\/\/talkpal.ai\/wp-content\/uploads\/2025\/12\/coffee-is-enjoyed-while-learning-languages.webp\",\"contentUrl\":\"https:\/\/talkpal.ai\/wp-content\/uploads\/2025\/12\/coffee-is-enjoyed-while-learning-languages.webp\",\"width\":1200,\"height\":896,\"caption\":\"A woman sits with a coffee and a croissant while learning languages in a bright, modern cafe.\"},{\"@type\":\"BreadcrumbList\",\"@id\":\"https:\/\/talkpal.ai\/de\/vocabulary\/vokabeln-zum-familien-und-privatleben-auf-katalanisch\/#breadcrumb\",\"itemListElement\":[{\"@type\":\"ListItem\",\"position\":1,\"name\":\"Homepage\",\"item\":\"https:\/\/talkpal.ai\/de\/\"},{\"@type\":\"ListItem\",\"position\":2,\"name\":\"Vokabeln zum Familien- und Privatleben auf Katalanisch\"}]},{\"@type\":\"WebSite\",\"@id\":\"https:\/\/talkpal.ai\/de\/#website\",\"url\":\"https:\/\/talkpal.ai\/de\/\",\"name\":\"Talkpal\",\"description\":\"AI Language Learning\",\"publisher\":{\"@id\":\"https:\/\/talkpal.ai\/de\/#organization\"},\"alternateName\":\"Talkpal AI\",\"potentialAction\":[{\"@type\":\"SearchAction\",\"target\":{\"@type\":\"EntryPoint\",\"urlTemplate\":\"https:\/\/talkpal.ai\/de\/?s={search_term_string}\"},\"query-input\":{\"@type\":\"PropertyValueSpecification\",\"valueRequired\":true,\"valueName\":\"search_term_string\"}}],\"inLanguage\":\"de\"},{\"@type\":\"Organization\",\"@id\":\"https:\/\/talkpal.ai\/de\/#organization\",\"name\":\"Talkpal, Inc.\",\"alternateName\":\"Talkpal AI\",\"url\":\"https:\/\/talkpal.ai\/de\/\",\"logo\":{\"@type\":\"ImageObject\",\"inLanguage\":\"de\",\"@id\":\"https:\/\/talkpal.ai\/de\/#\/schema\/logo\/image\/\",\"url\":\"https:\/\/talkpal.ai\/wp-content\/uploads\/2024\/03\/Talkpal-Logo-Icon.png\",\"contentUrl\":\"https:\/\/talkpal.ai\/wp-content\/uploads\/2024\/03\/Talkpal-Logo-Icon.png\",\"width\":2880,\"height\":2880,\"caption\":\"Talkpal, Inc.\"},\"image\":{\"@id\":\"https:\/\/talkpal.ai\/de\/#\/schema\/logo\/image\/\"},\"sameAs\":[\"https:\/\/www.facebook.com\/profile.php?id=100090733639311\",\"https:\/\/x.com\/talkpalai\",\"https:\/\/www.linkedin.com\/company\/talkpal\/\",\"https:\/\/www.youtube.com\/@TalkPal\/\",\"https:\/\/www.tiktok.com\/@talkpal\",\"https:\/\/www.instagram.com\/talkpal_ai\/\",\"https:\/\/www.crunchbase.com\/organization\/talkpal-9cde\",\"https:\/\/www.g2.com\/products\/talkpal-for-business\/\",\"https:\/\/www.trustpilot.com\/review\/talkpal.ai\",\"https:\/\/www.capterra.com\/p\/10006800\/TalkPal\/\"],\"description\":\"Talkpal is a language learning web and mobile education app, powered by the latest AI technologies, that provides engaging experiences to its customers in many different languages to help them improve their language skills. Users can chat about unlimited amount of topics with the app and use other modes to practice their language learning.\",\"email\":\"support@talkpal.ai\",\"legalName\":\"Talkpal, Inc.\",\"foundingDate\":\"2023-04-03\",\"duns\":\"118989042\",\"numberOfEmployees\":{\"@type\":\"QuantitativeValue\",\"minValue\":\"11\",\"maxValue\":\"50\"},\"publishingPrinciples\":\"https:\/\/talkpal.ai\/publishing-principles\/\",\"actionableFeedbackPolicy\":\"https:\/\/talkpal.ai\/actionable-feedback-policy\/\",\"correctionsPolicy\":\"https:\/\/talkpal.ai\/corrections-policy\/\",\"ethicsPolicy\":\"https:\/\/talkpal.ai\/ethics-policy\/\",\"diversityPolicy\":\"https:\/\/talkpal.ai\/diversity-policy\/\",\"diversityStaffingReport\":\"https:\/\/talkpal.ai\/diversity-policy\/\"}]}<\/script>\n<!-- \/ Yoast SEO Premium plugin. -->","yoast_head_json":{"title":"Vokabeln zum Familien- und Privatleben auf Katalanisch - Talkpal","description":"Das Lernen einer neuen Sprache \u00f6ffnet T\u00fcren zu neuen Kulturen und erm\u00f6glicht es uns, tiefere Verbindungen zu Menschen aus verschiedenen Teilen der Welt zu","robots":{"index":"index","follow":"follow","max-snippet":"max-snippet:-1","max-image-preview":"max-image-preview:large","max-video-preview":"max-video-preview:-1"},"canonical":"https:\/\/talkpal.ai\/de\/vocabulary\/vokabeln-zum-familien-und-privatleben-auf-katalanisch\/","og_locale":"de_DE","og_type":"article","og_title":"Vokabeln zum Familien- und Privatleben auf Katalanisch","og_description":"Das Lernen einer neuen Sprache \u00f6ffnet T\u00fcren zu neuen Kulturen und erm\u00f6glicht es uns, tiefere Verbindungen zu Menschen aus verschiedenen Teilen der Welt zu","og_url":"https:\/\/talkpal.ai\/de\/vocabulary\/vokabeln-zum-familien-und-privatleben-auf-katalanisch\/","og_site_name":"Talkpal","article_publisher":"https:\/\/www.facebook.com\/profile.php?id=100090733639311","og_image":[{"width":1024,"height":1024,"url":"https:\/\/talkpal.ai\/wp-content\/uploads\/2024\/10\/talkpal_flat_illustration_of_a_employees_working_together_happi_c674ff77-e477-4e09-835a-01d30e561e99.png","type":"image\/png"}],"twitter_card":"summary_large_image","twitter_site":"@talkpalai","twitter_misc":{"Gesch\u00e4tzte Lesezeit":"4\u00a0Minuten"},"schema":{"@context":"https:\/\/schema.org","@graph":[{"@type":"WebPage","@id":"https:\/\/talkpal.ai\/de\/vocabulary\/vokabeln-zum-familien-und-privatleben-auf-katalanisch\/","url":"https:\/\/talkpal.ai\/de\/vocabulary\/vokabeln-zum-familien-und-privatleben-auf-katalanisch\/","name":"Vokabeln zum Familien- und Privatleben auf Katalanisch - Talkpal","isPartOf":{"@id":"https:\/\/talkpal.ai\/de\/#website"},"primaryImageOfPage":{"@id":"https:\/\/talkpal.ai\/de\/vocabulary\/vokabeln-zum-familien-und-privatleben-auf-katalanisch\/#primaryimage"},"image":{"@id":"https:\/\/talkpal.ai\/de\/vocabulary\/vokabeln-zum-familien-und-privatleben-auf-katalanisch\/#primaryimage"},"thumbnailUrl":"https:\/\/talkpal.ai\/wp-content\/uploads\/2025\/12\/coffee-is-enjoyed-while-learning-languages.webp","datePublished":"2024-06-07T22:31:24+00:00","description":"Das Lernen einer neuen Sprache \u00f6ffnet T\u00fcren zu neuen Kulturen und erm\u00f6glicht es uns, tiefere Verbindungen zu Menschen aus verschiedenen Teilen der Welt zu","breadcrumb":{"@id":"https:\/\/talkpal.ai\/de\/vocabulary\/vokabeln-zum-familien-und-privatleben-auf-katalanisch\/#breadcrumb"},"inLanguage":"de","potentialAction":[{"@type":"ReadAction","target":["https:\/\/talkpal.ai\/de\/vocabulary\/vokabeln-zum-familien-und-privatleben-auf-katalanisch\/"]}]},{"@type":"ImageObject","inLanguage":"de","@id":"https:\/\/talkpal.ai\/de\/vocabulary\/vokabeln-zum-familien-und-privatleben-auf-katalanisch\/#primaryimage","url":"https:\/\/talkpal.ai\/wp-content\/uploads\/2025\/12\/coffee-is-enjoyed-while-learning-languages.webp","contentUrl":"https:\/\/talkpal.ai\/wp-content\/uploads\/2025\/12\/coffee-is-enjoyed-while-learning-languages.webp","width":1200,"height":896,"caption":"A woman sits with a coffee and a croissant while learning languages in a bright, modern cafe."},{"@type":"BreadcrumbList","@id":"https:\/\/talkpal.ai\/de\/vocabulary\/vokabeln-zum-familien-und-privatleben-auf-katalanisch\/#breadcrumb","itemListElement":[{"@type":"ListItem","position":1,"name":"Homepage","item":"https:\/\/talkpal.ai\/de\/"},{"@type":"ListItem","position":2,"name":"Vokabeln zum Familien- und Privatleben auf Katalanisch"}]},{"@type":"WebSite","@id":"https:\/\/talkpal.ai\/de\/#website","url":"https:\/\/talkpal.ai\/de\/","name":"Talkpal","description":"AI Language Learning","publisher":{"@id":"https:\/\/talkpal.ai\/de\/#organization"},"alternateName":"Talkpal AI","potentialAction":[{"@type":"SearchAction","target":{"@type":"EntryPoint","urlTemplate":"https:\/\/talkpal.ai\/de\/?s={search_term_string}"},"query-input":{"@type":"PropertyValueSpecification","valueRequired":true,"valueName":"search_term_string"}}],"inLanguage":"de"},{"@type":"Organization","@id":"https:\/\/talkpal.ai\/de\/#organization","name":"Talkpal, Inc.","alternateName":"Talkpal AI","url":"https:\/\/talkpal.ai\/de\/","logo":{"@type":"ImageObject","inLanguage":"de","@id":"https:\/\/talkpal.ai\/de\/#\/schema\/logo\/image\/","url":"https:\/\/talkpal.ai\/wp-content\/uploads\/2024\/03\/Talkpal-Logo-Icon.png","contentUrl":"https:\/\/talkpal.ai\/wp-content\/uploads\/2024\/03\/Talkpal-Logo-Icon.png","width":2880,"height":2880,"caption":"Talkpal, Inc."},"image":{"@id":"https:\/\/talkpal.ai\/de\/#\/schema\/logo\/image\/"},"sameAs":["https:\/\/www.facebook.com\/profile.php?id=100090733639311","https:\/\/x.com\/talkpalai","https:\/\/www.linkedin.com\/company\/talkpal\/","https:\/\/www.youtube.com\/@TalkPal\/","https:\/\/www.tiktok.com\/@talkpal","https:\/\/www.instagram.com\/talkpal_ai\/","https:\/\/www.crunchbase.com\/organization\/talkpal-9cde","https:\/\/www.g2.com\/products\/talkpal-for-business\/","https:\/\/www.trustpilot.com\/review\/talkpal.ai","https:\/\/www.capterra.com\/p\/10006800\/TalkPal\/"],"description":"Talkpal is a language learning web and mobile education app, powered by the latest AI technologies, that provides engaging experiences to its customers in many different languages to help them improve their language skills. Users can chat about unlimited amount of topics with the app and use other modes to practice their language learning.","email":"support@talkpal.ai","legalName":"Talkpal, Inc.","foundingDate":"2023-04-03","duns":"118989042","numberOfEmployees":{"@type":"QuantitativeValue","minValue":"11","maxValue":"50"},"publishingPrinciples":"https:\/\/talkpal.ai\/publishing-principles\/","actionableFeedbackPolicy":"https:\/\/talkpal.ai\/actionable-feedback-policy\/","correctionsPolicy":"https:\/\/talkpal.ai\/corrections-policy\/","ethicsPolicy":"https:\/\/talkpal.ai\/ethics-policy\/","diversityPolicy":"https:\/\/talkpal.ai\/diversity-policy\/","diversityStaffingReport":"https:\/\/talkpal.ai\/diversity-policy\/"}]}},"_links":{"self":[{"href":"https:\/\/talkpal.ai\/de\/wp-json\/wp\/v2\/vocabulary\/700666","targetHints":{"allow":["GET"]}}],"collection":[{"href":"https:\/\/talkpal.ai\/de\/wp-json\/wp\/v2\/vocabulary"}],"about":[{"href":"https:\/\/talkpal.ai\/de\/wp-json\/wp\/v2\/types\/vocabulary"}],"wp:featuredmedia":[{"embeddable":true,"href":"https:\/\/talkpal.ai\/de\/wp-json\/wp\/v2\/media\/1527616"}],"wp:attachment":[{"href":"https:\/\/talkpal.ai\/de\/wp-json\/wp\/v2\/media?parent=700666"}],"wp:term":[{"taxonomy":"vocabulary_language","embeddable":true,"href":"https:\/\/talkpal.ai\/de\/wp-json\/wp\/v2\/vocabulary_language?post=700666"}],"curies":[{"name":"wp","href":"https:\/\/api.w.org\/{rel}","templated":true}]}}