{"id":700205,"date":"2024-06-07T22:21:05","date_gmt":"2024-06-07T22:21:05","guid":{"rendered":"https:\/\/talkpal.ai\/vocabulary\/historisches-vokabular-mit-bezug-zu-weisrussland\/"},"modified":"2024-06-07T22:21:05","modified_gmt":"2024-06-07T22:21:05","slug":"historisches-vokabular-mit-bezug-zu-weisrussland","status":"publish","type":"vocabulary","link":"https:\/\/talkpal.ai\/de\/vocabulary\/historisches-vokabular-mit-bezug-zu-weisrussland\/","title":{"rendered":"Historisches Vokabular mit Bezug zu Wei\u00dfrussland"},"content":{"rendered":"<p>Wei\u00dfrussland, auch bekannt als Belarus, hat eine reiche und vielf\u00e4ltige Geschichte, die sich in der Sprache und im Vokabular widerspiegelt. In diesem Artikel werden wir einige historische Begriffe und Vokabeln untersuchen, die eng mit der Geschichte von Belarus verbunden sind. Diese Begriffe helfen uns, die komplexe Geschichte und Kultur dieses osteurop\u00e4ischen Landes besser zu verstehen.<\/p>\n<h2>Das Gro\u00dff\u00fcrstentum Litauen<\/h2>\n<p><b>\u0412\u044f\u043b\u0456\u043a\u0430\u0435 \u041a\u043d\u044f\u0441\u0442\u0432\u0430 \u041b\u0456\u0442\u043e\u045e\u0441\u043a\u0430\u0435 (Vialikaje Kniastva Litouskae)<\/b><br \/>\nDas Gro\u00dff\u00fcrstentum Litauen war ein m\u00e4chtiger mittelalterlicher Staat, der Teile des heutigen Belarus, Litauen, und anderer osteurop\u00e4ischer Gebiete umfasste. Es spielte eine bedeutende Rolle in der Geschichte der Region.<\/p>\n<p><font color=\"#2D3AC7\">\u0412\u044f\u043b\u0456\u043a\u0430\u0435 \u041a\u043d\u044f\u0441\u0442\u0432\u0430 \u041b\u0456\u0442\u043e\u045e\u0441\u043a\u0430\u0435 \u0431\u044b\u043b\u043e \u0430\u0434\u043d\u044b\u043c \u0437 \u043d\u0430\u0439\u043c\u0430\u0446\u043d\u0435\u0439\u0448\u044b\u0445 \u0434\u0437\u044f\u0440\u0436\u0430\u045e \u0443 \u0423\u0441\u0445\u043e\u0434\u043d\u044f\u0439 \u0415\u045e\u0440\u043e\u043f\u0435.<\/font><\/p>\n<p><b>\u0413\u0435\u0434\u044b\u043c\u0456\u043d (Hiedymin)<\/b><br \/>\nGediminas war einer der bedeutendsten Herrscher des Gro\u00dff\u00fcrstentums Litauen. Er regierte im 14. Jahrhundert und erweiterte die Grenzen des F\u00fcrstentums erheblich.<\/p>\n<p><font color=\"#2D3AC7\">\u0413\u0435\u0434\u044b\u043c\u0456\u043d \u0431\u044b\u045e \u0432\u044f\u043b\u0456\u043a\u0456\u043c \u043a\u043d\u044f\u0437\u0435\u043c, \u044f\u043a\u0456 \u043f\u0430\u0448\u044b\u0440\u044b\u045e \u043c\u0435\u0436\u044b \u0441\u0432\u0430\u0439\u0433\u043e \u043a\u043d\u044f\u0441\u0442\u0432\u0430.<\/font><\/p>\n<h3>Union von Lublin<\/h3>\n<p><b>\u041b\u044e\u0431\u043b\u0456\u043d\u0441\u043a\u0430\u044f \u0443\u043d\u0456\u044f (Liublinskaja unija)<\/b><br \/>\nDie <a href=\"https:\/\/talkpal.ai\/locations\/language-courses-in-union\/\">Union<\/a> von <a href=\"https:\/\/talkpal.ai\/locations\/language-courses-in-lublin\/\">Lublin<\/a> war ein Abkommen, das 1569 zwischen Polen und dem Gro\u00dff\u00fcrstentum Litauen geschlossen wurde. Es f\u00fchrte zur Gr\u00fcndung der polnisch-litauischen Union, eines der gr\u00f6\u00dften und m\u00e4chtigsten Staaten Europas.<\/p>\n<p><font color=\"#2D3AC7\">\u041b\u044e\u0431\u043b\u0456\u043d\u0441\u043a\u0430\u044f \u0443\u043d\u0456\u044f \u0430\u0431&#8217;\u044f\u0434\u043d\u0430\u043b\u0430 \u041f\u043e\u043b\u044c\u0448\u0447\u0443 \u0456 \u0412\u044f\u043b\u0456\u043a\u0430\u0435 \u041a\u043d\u044f\u0441\u0442\u0432\u0430 \u041b\u0456\u0442\u043e\u045e\u0441\u043a\u0430\u0435 \u045e \u0430\u0434\u0437\u0456\u043d\u0443\u044e \u0434\u0437\u044f\u0440\u0436\u0430\u0432\u0443.<\/font><\/p>\n<h2>Die Zeit der Teilungen<\/h2>\n<p><b>\u041f\u0430\u0434\u0437\u0435\u043b\u044b \u0420\u044d\u0447\u044b \u041f\u0430\u0441\u043f\u0430\u043b\u0456\u0442\u0430\u0439 (Padzely Rechy Paspalitai)<\/b><br \/>\nDie Teilungen der Adelsrepublik waren drei Ereignisse im sp\u00e4ten 18. Jahrhundert, bei denen das Gebiet der polnisch-litauischen Union zwischen Russland, Preu\u00dfen und \u00d6sterreich aufgeteilt wurde.<\/p>\n<p><font color=\"#2D3AC7\">\u041f\u0430\u0434\u0437\u0435\u043b\u044b \u0420\u044d\u0447\u044b \u041f\u0430\u0441\u043f\u0430\u043b\u0456\u0442\u0430\u0439 \u043f\u0440\u044b\u0432\u044f\u043b\u0456 \u0434\u0430 \u0437\u043d\u0456\u043a\u043d\u0435\u043d\u043d\u044f \u0434\u0437\u044f\u0440\u0436\u0430\u0432\u044b \u0437 \u043a\u0430\u0440\u0442\u044b \u0415\u045e\u0440\u043e\u043f\u044b.<\/font><\/p>\n<p><b>\u041a\u0430\u0446\u044f\u0440\u044b\u043da II (Kaciaryna II)<\/b><br \/>\nKatharina die Gro\u00dfe, Kaiserin von Russland, spielte eine entscheidende Rolle bei den Teilungen der polnisch-litauischen Union. Sie erweiterte das Russische Reich erheblich auf Kosten der Union.<\/p>\n<p><font color=\"#2D3AC7\">\u041a\u0430\u0446\u044f\u0440\u044b\u043da II \u0431\u044b\u043b\u0430 \u0430\u0434\u043d\u043e\u0439 \u0437 \u0433\u0430\u043b\u043e\u045e\u043d\u044b\u0445 \u0444\u0456\u0433\u0443\u0440 \u0443 \u043f\u0430\u0434\u0437\u0435\u043b\u0430\u0445 \u0420\u044d\u0447\u044b \u041f\u0430\u0441\u043f\u0430\u043b\u0456\u0442\u0430\u0439.<\/font><\/p>\n<h2>Das Russische Reich und der Aufstand<\/h2>\n<p><b>\u0420\u0430\u0441\u0456\u0439\u0441\u043a\u0430\u044f \u0456\u043c\u043f\u0435\u0440\u044b\u044f (Rasijskaja imperyja)<\/b><br \/>\nNach den Teilungen fiel ein gro\u00dfer Teil von Belarus unter die Herrschaft des Russischen Reiches. Diese Zeit war gepr\u00e4gt von Russifizierung und Unterdr\u00fcckung nationaler Identit\u00e4ten.<\/p>\n<p><font color=\"#2D3AC7\"><a href=\"https:\/\/talkpal.ai\/learn-belarusian\/\">\u0411\u0435\u043b\u0430\u0440\u0443\u0441\u044c<\/a> \u0441\u0442\u0430\u043b\u0430 \u0447\u0430\u0441\u0442\u043a\u0430\u0439 \u0420\u0430\u0441\u0456\u0439\u0441\u043a\u0430\u0439 \u0456\u043c\u043f\u0435\u0440\u044b\u0456 \u043f\u0430\u0441\u043b\u044f \u043f\u0430\u0434\u0437\u0435\u043b\u0430\u045e \u0420\u044d\u0447\u044b \u041f\u0430\u0441\u043f\u0430\u043b\u0456\u0442\u0430\u0439.<\/font><\/p>\n<p><b>\u041a\u0430\u0441\u0442\u0443\u0441\u044c \u041a\u0430\u043b\u0456\u043d\u043e\u045e\u0441\u043a\u0456 (Kastus Kalinouski)<\/b><br \/>\nKastus Kalinouski war ein belarussischer Revolution\u00e4r und Anf\u00fchrer des Januaraufstands von 1863-1864 gegen die russische Herrschaft. Er gilt als Nationalheld in Belarus.<\/p>\n<p><font color=\"#2D3AC7\">\u041a\u0430\u0441\u0442\u0443\u0441\u044c \u041a\u0430\u043b\u0456\u043d\u043e\u045e\u0441\u043a\u0456 \u0431\u044b\u045e \u043b\u0456\u0434\u0430\u0440\u0430\u043c \u043f\u0430\u045e\u0441\u0442\u0430\u043d\u043d\u044f \u0441\u0443\u043f\u0440\u0430\u0446\u044c \u0440\u0430\u0441\u0456\u0439\u0441\u043a\u0430\u0439 \u0443\u043b\u0430\u0434\u044b.<\/font><\/p>\n<h2>Die Sowjetzeit<\/h2>\n<p><b>\u0421\u0430\u0432\u0435\u0446\u043a\u0456 \u0421\u0430\u044e\u0437 (Savetski Sajuz)<\/b><br \/>\nNach dem Ersten Weltkrieg und der Russischen Revolution wurde Belarus Teil der Sowjetunion. Diese Zeit brachte sowohl industrielle Entwicklung als auch politische Repressionen mit sich.<\/p>\n<p><font color=\"#2D3AC7\">\u0411\u0435\u043b\u0430\u0440\u0443\u0441\u044c \u0441\u0442\u0430\u043b\u0430 \u0447\u0430\u0441\u0442\u043a\u0430\u0439 \u0421\u0430\u0432\u0435\u0446\u043a\u0430\u0433\u0430 \u0421\u0430\u044e\u0437\u0430 \u045e 1922 \u0433\u043e\u0434\u0437\u0435.<\/font><\/p>\n<p><b>\u0412\u044f\u043b\u0456\u043a\u0430\u044f \u0410\u0439\u0447\u044b\u043d\u043d\u0430\u044f \u0432\u0430\u0439\u043d\u0430 (Vialikaja Ai\u010dynnaja vajna)<\/b><br \/>\nDer Gro\u00dfe Vaterl\u00e4ndische Krieg ist die Bezeichnung f\u00fcr den Teil des Zweiten Weltkriegs, in dem die Sowjetunion gegen Nazi-Deutschland k\u00e4mpfte. Belarus war eines der am schwersten betroffenen Gebiete w\u00e4hrend dieser Zeit.<\/p>\n<p><font color=\"#2D3AC7\">\u0412\u044f\u043b\u0456\u043a\u0430\u044f \u0410\u0439\u0447\u044b\u043d\u043d\u0430\u044f \u0432\u0430\u0439\u043d\u0430 \u043f\u0440\u044b\u043d\u0435\u0441\u043b\u0430 \u0432\u044f\u043b\u0456\u043a\u0456\u044f \u0440\u0430\u0437\u0431\u0443\u0440\u044d\u043d\u043d\u0456 \u045e \u0411\u0435\u043b\u0430\u0440\u0443\u0441\u044c.<\/font><\/p>\n<p><b>\u0427\u0430\u0440\u043d\u043e\u0431\u044b\u043b\u044c\u0441\u043a\u0430\u044f \u043a\u0430\u0442\u0430\u0441\u0442\u0440\u043e\u0444\u0430 (\u010carnobylskaja katastrofa)<\/b><br \/>\nDie Tschernobyl-Katastrophe von 1986 war ein verheerender Atomunfall, der weite Teile von Belarus kontaminierte. Die Auswirkungen sind bis heute sp\u00fcrbar.<\/p>\n<p><font color=\"#2D3AC7\">\u0427\u0430\u0440\u043d\u043e\u0431\u044b\u043b\u044c\u0441\u043a\u0430\u044f \u043a\u0430\u0442\u0430\u0441\u0442\u0440\u043e\u0444\u0430 \u043c\u0435\u043b\u0430 \u0436\u0443\u0434\u0430\u0441\u043d\u044b\u044f \u043d\u0430\u0441\u0442\u0443\u043f\u0441\u0442\u0432\u044b \u0434\u043b\u044f \u0411\u0435\u043b\u0430\u0440\u0443\u0441\u0456.<\/font><\/p>\n<h2>Die Unabh\u00e4ngigkeit und Moderne<\/h2>\n<p><b>\u041d\u0435\u0437\u0430\u043b\u0435\u0436\u043d\u0430\u0441\u0446\u044c (Niezalie\u017enas\u0107)<\/b><br \/>\nDie Unabh\u00e4ngigkeit von Belarus wurde 1991 nach dem Zusammenbruch der Sowjetunion erkl\u00e4rt. Dies markierte den Beginn einer neuen \u00c4ra in der belarussischen Geschichte.<\/p>\n<p><font color=\"#2D3AC7\">\u0411\u0435\u043b\u0430\u0440\u0443\u0441\u044c \u0430\u0431\u0432\u044f\u0441\u0446\u0456\u043b\u0430 \u0441\u0432\u0430\u044e \u043d\u0435\u0437\u0430\u043b\u0435\u0436\u043d\u0430\u0441\u0446\u044c \u0443 1991 \u0433\u043e\u0434\u0437\u0435.<\/font><\/p>\n<p><b>\u0410\u043b\u044f\u043a\u0441\u0430\u043d\u0434\u0440 \u041b\u0443\u043a\u0430\u0448\u044d\u043d\u043a\u0430 (Alaksandr Luka\u0161enka)<\/b><br \/>\nAlexander Lukaschenko ist seit 1994 der Pr\u00e4sident von Belarus. Seine lange Amtszeit ist gepr\u00e4gt von autorit\u00e4rer Herrschaft und internationaler Kritik.<\/p>\n<p><font color=\"#2D3AC7\">\u0410\u043b\u044f\u043a\u0441\u0430\u043d\u0434\u0440 \u041b\u0443\u043a\u0430\u0448\u044d\u043d\u043a\u0430 \u0437&#8217;\u044f\u045e\u043b\u044f\u0435\u0446\u0446\u0430 \u043f\u0440\u044d\u0437\u0456\u0434\u044d\u043d\u0442\u0430\u043c \u0411\u0435\u043b\u0430\u0440\u0443\u0441\u0456 \u0437 1994 \u0433\u043e\u0434\u0430.<\/font><\/p>\n<p><b>\u041c\u0456\u043d\u0441\u043a\u0456\u044f \u043f\u0430\u0433\u0430\u0434\u043d\u0435\u043d\u043d\u0456 (Minskiya pagadnenni)<\/b><br \/>\nDie Minsker Vereinbarungen sind eine Reihe von Friedensabkommen, die darauf abzielen, den Konflikt in der <a href=\"https:\/\/talkpal.ai\/locations\/language-courses-in-ukraine\/\">Ukraine<\/a> zu beenden. Sie wurden in <a href=\"https:\/\/talkpal.ai\/locations\/language-courses-in-minsk\/\">Minsk<\/a>, der Hauptstadt von Belarus, verhandelt und unterzeichnet.<\/p>\n<p><font color=\"#2D3AC7\">\u041c\u0456\u043d\u0441\u043a\u0456\u044f \u043f\u0430\u0433\u0430\u0434\u043d\u0435\u043d\u043d\u0456 \u0431\u044b\u043b\u0456 \u043f\u0430\u0434\u043f\u0456\u0441\u0430\u043d\u044b\u044f \u0434\u043b\u044f \u0441\u043f\u044b\u043d\u0435\u043d\u043d\u044f \u043a\u0430\u043d\u0444\u043b\u0456\u043a\u0442\u0443 \u0432\u0430 \u0423\u043a\u0440\u0430\u0456\u043d\u0435.<\/font><\/p>\n<h2>Einfluss der Sprache auf die Kultur<\/h2>\n<p><b>\u0411\u0435\u043b\u0430\u0440\u0443\u0441\u043a\u0430\u044f \u043c\u043e\u0432\u0430 (Belaruskaja mova)<\/b><br \/>\nDie <a href=\"https:\/\/talkpal.ai\/de\/welche-lander-sprechen-die-belarussische-sprache-am-besten\/\">belarussische Sprache<\/a> ist ein wesentlicher Bestandteil der nationalen Identit\u00e4t und Kultur. Trotz der Herausforderungen durch Russifizierung und politische Unterdr\u00fcckung hat sie \u00fcberlebt und ist heute eine der Amtssprachen von Belarus.<\/p>\n<p><font color=\"#2D3AC7\"><a href=\"https:\/\/talkpal.ai\/sr\/%d0%bd%d0%b0%d1%83%d1%87%d0%b8%d1%82%d0%b5-%d0%b1%d0%b5%d0%bb%d0%be%d1%80%d1%83%d1%81%d0%ba%d0%b8\/\">\u0411\u0435\u043b\u0430\u0440\u0443\u0441\u043a\u0430\u044f \u043c\u043e\u0432\u0430<\/a> \u0437&#8217;\u044f\u045e\u043b\u044f\u0435\u0446\u0446\u0430 \u0432\u0430\u0436\u043d\u0430\u0439 \u0447\u0430\u0441\u0442\u043a\u0430\u0439 \u043d\u0430\u0446\u044b\u044f\u043d\u0430\u043b\u044c\u043d\u0430\u0439 \u0456\u0434\u044d\u043d\u0442\u044b\u0447\u043d\u0430\u0441\u0446\u0456.<\/font><\/p>\n<p><b>\u041a\u0443\u043f\u0430\u043b\u043b\u0435 (Kupalle)<\/b><br \/>\nKupala-Nacht ist ein traditionelles slawisches Fest, das zur Sommersonnenwende gefeiert wird. Es ist ein wichtiger Bestandteil der belarussischen Folklore und Kultur.<\/p>\n<p><font color=\"#2D3AC7\">\u041a\u0443\u043f\u0430\u043b\u043b\u0435 &#8211; \u0433\u044d\u0442\u0430 \u0441\u0442\u0430\u0440\u0430\u0436\u044b\u0442\u043d\u0430\u0435 \u0441\u0432\u044f\u0442\u0430, \u044f\u043a\u043e\u0435 \u0430\u0434\u0437\u043d\u0430\u0447\u0430\u0435\u0446\u0446\u0430 \u045e \u0411\u0435\u043b\u0430\u0440\u0443\u0441\u0456.<\/font><\/p>\n<p><b>\u0421\u044f\u0440\u0433\u0435\u0439 \u041f\u0430\u043b\u0443\u044f\u043d (Siargiej Palujan)<\/b><br \/>\nSergej Palujan war ein belarussischer Schriftsteller und Dichter, der im fr\u00fchen 20. Jahrhundert lebte. Er ist bekannt f\u00fcr seine Werke, die die belarussische Kultur und Identit\u00e4t thematisieren.<\/p>\n<p><font color=\"#2D3AC7\">\u0421\u044f\u0440\u0433\u0435\u0439 \u041f\u0430\u043b\u0443\u044f\u043d \u0431\u044b\u045e \u0432\u044f\u0434\u043e\u043c\u044b\u043c \u0431\u0435\u043b\u0430\u0440\u0443\u0441\u043a\u0456\u043c \u043f\u0456\u0441\u044c\u043c\u0435\u043d\u043d\u0456\u043a\u0430\u043c \u0456 \u043f\u0430\u044d\u0442\u0430\u043c.<\/font><\/p>\n<h2>Schlussfolgerung<\/h2>\n<p>Die Geschichte von Belarus ist reich und komplex, und das historische Vokabular, das wir in diesem Artikel behandelt haben, bietet einen faszinierenden Einblick in die Entwicklung dieses Landes. Durch das Verst\u00e4ndnis dieser Begriffe k\u00f6nnen wir nicht nur die Vergangenheit von Belarus besser verstehen, sondern auch die kulturelle und sprachliche Identit\u00e4t, die das Land bis heute pr\u00e4gt.<\/p>\n","protected":false},"featured_media":1527849,"template":"","vocabulary_language":[3883],"class_list":["post-700205","vocabulary","type-vocabulary","status-publish","has-post-thumbnail","hentry","vocabulary_language-belarussisch"],"acf":[],"yoast_head":"<!-- This site is optimized with the Yoast SEO Premium plugin v27.2 (Yoast SEO v27.2) - https:\/\/yoast.com\/product\/yoast-seo-premium-wordpress\/ -->\n<title>Historisches Vokabular mit Bezug zu Wei\u00dfrussland - Talkpal<\/title>\n<meta name=\"description\" content=\"Wei\u00dfrussland, auch bekannt als Belarus, hat eine reiche und vielf\u00e4ltige Geschichte, die sich in der Sprache und im Vokabular widerspiegelt. In diesem\" \/>\n<meta name=\"robots\" content=\"index, follow, max-snippet:-1, max-image-preview:large, max-video-preview:-1\" \/>\n<link rel=\"canonical\" href=\"https:\/\/talkpal.ai\/de\/vocabulary\/historisches-vokabular-mit-bezug-zu-weisrussland\/\" \/>\n<meta property=\"og:locale\" content=\"de_DE\" \/>\n<meta property=\"og:type\" content=\"article\" \/>\n<meta property=\"og:title\" content=\"Historisches Vokabular mit Bezug zu Wei\u00dfrussland\" \/>\n<meta property=\"og:description\" content=\"Wei\u00dfrussland, auch bekannt als Belarus, hat eine reiche und vielf\u00e4ltige Geschichte, die sich in der Sprache und im Vokabular widerspiegelt. In diesem\" \/>\n<meta property=\"og:url\" content=\"https:\/\/talkpal.ai\/de\/vocabulary\/historisches-vokabular-mit-bezug-zu-weisrussland\/\" \/>\n<meta property=\"og:site_name\" content=\"Talkpal\" \/>\n<meta property=\"article:publisher\" content=\"https:\/\/www.facebook.com\/profile.php?id=100090733639311\" \/>\n<meta property=\"og:image\" content=\"https:\/\/talkpal.ai\/wp-content\/uploads\/2024\/10\/talkpal_flat_illustration_of_a_employees_working_together_happi_c674ff77-e477-4e09-835a-01d30e561e99.png\" \/>\n\t<meta property=\"og:image:width\" content=\"1024\" \/>\n\t<meta property=\"og:image:height\" content=\"1024\" \/>\n\t<meta property=\"og:image:type\" content=\"image\/png\" \/>\n<meta name=\"twitter:card\" content=\"summary_large_image\" \/>\n<meta name=\"twitter:site\" content=\"@talkpalai\" \/>\n<meta name=\"twitter:label1\" content=\"Gesch\u00e4tzte Lesezeit\" \/>\n\t<meta name=\"twitter:data1\" content=\"3\u00a0Minuten\" \/>\n<script type=\"application\/ld+json\" class=\"yoast-schema-graph\">{\"@context\":\"https:\/\/schema.org\",\"@graph\":[{\"@type\":\"WebPage\",\"@id\":\"https:\/\/talkpal.ai\/de\/vocabulary\/historisches-vokabular-mit-bezug-zu-weisrussland\/\",\"url\":\"https:\/\/talkpal.ai\/de\/vocabulary\/historisches-vokabular-mit-bezug-zu-weisrussland\/\",\"name\":\"Historisches Vokabular mit Bezug zu Wei\u00dfrussland - Talkpal\",\"isPartOf\":{\"@id\":\"https:\/\/talkpal.ai\/de\/#website\"},\"primaryImageOfPage\":{\"@id\":\"https:\/\/talkpal.ai\/de\/vocabulary\/historisches-vokabular-mit-bezug-zu-weisrussland\/#primaryimage\"},\"image\":{\"@id\":\"https:\/\/talkpal.ai\/de\/vocabulary\/historisches-vokabular-mit-bezug-zu-weisrussland\/#primaryimage\"},\"thumbnailUrl\":\"https:\/\/talkpal.ai\/wp-content\/uploads\/2025\/12\/person-at-library-desk-learning-languages.webp\",\"datePublished\":\"2024-06-07T22:21:05+00:00\",\"description\":\"Wei\u00dfrussland, auch bekannt als Belarus, hat eine reiche und vielf\u00e4ltige Geschichte, die sich in der Sprache und im Vokabular widerspiegelt. In diesem\",\"breadcrumb\":{\"@id\":\"https:\/\/talkpal.ai\/de\/vocabulary\/historisches-vokabular-mit-bezug-zu-weisrussland\/#breadcrumb\"},\"inLanguage\":\"de\",\"potentialAction\":[{\"@type\":\"ReadAction\",\"target\":[\"https:\/\/talkpal.ai\/de\/vocabulary\/historisches-vokabular-mit-bezug-zu-weisrussland\/\"]}]},{\"@type\":\"ImageObject\",\"inLanguage\":\"de\",\"@id\":\"https:\/\/talkpal.ai\/de\/vocabulary\/historisches-vokabular-mit-bezug-zu-weisrussland\/#primaryimage\",\"url\":\"https:\/\/talkpal.ai\/wp-content\/uploads\/2025\/12\/person-at-library-desk-learning-languages.webp\",\"contentUrl\":\"https:\/\/talkpal.ai\/wp-content\/uploads\/2025\/12\/person-at-library-desk-learning-languages.webp\",\"width\":1200,\"height\":896,\"caption\":\"A person in a blue shirt writes in a notebook at a library table for learning languages.\"},{\"@type\":\"BreadcrumbList\",\"@id\":\"https:\/\/talkpal.ai\/de\/vocabulary\/historisches-vokabular-mit-bezug-zu-weisrussland\/#breadcrumb\",\"itemListElement\":[{\"@type\":\"ListItem\",\"position\":1,\"name\":\"Homepage\",\"item\":\"https:\/\/talkpal.ai\/de\/\"},{\"@type\":\"ListItem\",\"position\":2,\"name\":\"Historisches Vokabular mit Bezug zu Wei\u00dfrussland\"}]},{\"@type\":\"WebSite\",\"@id\":\"https:\/\/talkpal.ai\/de\/#website\",\"url\":\"https:\/\/talkpal.ai\/de\/\",\"name\":\"Talkpal\",\"description\":\"AI Language Learning\",\"publisher\":{\"@id\":\"https:\/\/talkpal.ai\/de\/#organization\"},\"alternateName\":\"Talkpal AI\",\"potentialAction\":[{\"@type\":\"SearchAction\",\"target\":{\"@type\":\"EntryPoint\",\"urlTemplate\":\"https:\/\/talkpal.ai\/de\/?s={search_term_string}\"},\"query-input\":{\"@type\":\"PropertyValueSpecification\",\"valueRequired\":true,\"valueName\":\"search_term_string\"}}],\"inLanguage\":\"de\"},{\"@type\":\"Organization\",\"@id\":\"https:\/\/talkpal.ai\/de\/#organization\",\"name\":\"Talkpal, Inc.\",\"alternateName\":\"Talkpal AI\",\"url\":\"https:\/\/talkpal.ai\/de\/\",\"logo\":{\"@type\":\"ImageObject\",\"inLanguage\":\"de\",\"@id\":\"https:\/\/talkpal.ai\/de\/#\/schema\/logo\/image\/\",\"url\":\"https:\/\/talkpal.ai\/wp-content\/uploads\/2024\/03\/Talkpal-Logo-Icon.png\",\"contentUrl\":\"https:\/\/talkpal.ai\/wp-content\/uploads\/2024\/03\/Talkpal-Logo-Icon.png\",\"width\":2880,\"height\":2880,\"caption\":\"Talkpal, Inc.\"},\"image\":{\"@id\":\"https:\/\/talkpal.ai\/de\/#\/schema\/logo\/image\/\"},\"sameAs\":[\"https:\/\/www.facebook.com\/profile.php?id=100090733639311\",\"https:\/\/x.com\/talkpalai\",\"https:\/\/www.linkedin.com\/company\/talkpal\/\",\"https:\/\/www.youtube.com\/@TalkPal\/\",\"https:\/\/www.tiktok.com\/@talkpal\",\"https:\/\/www.instagram.com\/talkpal_ai\/\",\"https:\/\/www.crunchbase.com\/organization\/talkpal-9cde\",\"https:\/\/www.g2.com\/products\/talkpal-for-business\/\",\"https:\/\/www.trustpilot.com\/review\/talkpal.ai\",\"https:\/\/www.capterra.com\/p\/10006800\/TalkPal\/\"],\"description\":\"Talkpal is a language learning web and mobile education app, powered by the latest AI technologies, that provides engaging experiences to its customers in many different languages to help them improve their language skills. Users can chat about unlimited amount of topics with the app and use other modes to practice their language learning.\",\"email\":\"support@talkpal.ai\",\"legalName\":\"Talkpal, Inc.\",\"foundingDate\":\"2023-04-03\",\"duns\":\"118989042\",\"numberOfEmployees\":{\"@type\":\"QuantitativeValue\",\"minValue\":\"11\",\"maxValue\":\"50\"},\"publishingPrinciples\":\"https:\/\/talkpal.ai\/publishing-principles\/\",\"actionableFeedbackPolicy\":\"https:\/\/talkpal.ai\/actionable-feedback-policy\/\",\"correctionsPolicy\":\"https:\/\/talkpal.ai\/corrections-policy\/\",\"ethicsPolicy\":\"https:\/\/talkpal.ai\/ethics-policy\/\",\"diversityPolicy\":\"https:\/\/talkpal.ai\/diversity-policy\/\",\"diversityStaffingReport\":\"https:\/\/talkpal.ai\/diversity-policy\/\"}]}<\/script>\n<!-- \/ Yoast SEO Premium plugin. -->","yoast_head_json":{"title":"Historisches Vokabular mit Bezug zu Wei\u00dfrussland - Talkpal","description":"Wei\u00dfrussland, auch bekannt als Belarus, hat eine reiche und vielf\u00e4ltige Geschichte, die sich in der Sprache und im Vokabular widerspiegelt. In diesem","robots":{"index":"index","follow":"follow","max-snippet":"max-snippet:-1","max-image-preview":"max-image-preview:large","max-video-preview":"max-video-preview:-1"},"canonical":"https:\/\/talkpal.ai\/de\/vocabulary\/historisches-vokabular-mit-bezug-zu-weisrussland\/","og_locale":"de_DE","og_type":"article","og_title":"Historisches Vokabular mit Bezug zu Wei\u00dfrussland","og_description":"Wei\u00dfrussland, auch bekannt als Belarus, hat eine reiche und vielf\u00e4ltige Geschichte, die sich in der Sprache und im Vokabular widerspiegelt. In diesem","og_url":"https:\/\/talkpal.ai\/de\/vocabulary\/historisches-vokabular-mit-bezug-zu-weisrussland\/","og_site_name":"Talkpal","article_publisher":"https:\/\/www.facebook.com\/profile.php?id=100090733639311","og_image":[{"width":1024,"height":1024,"url":"https:\/\/talkpal.ai\/wp-content\/uploads\/2024\/10\/talkpal_flat_illustration_of_a_employees_working_together_happi_c674ff77-e477-4e09-835a-01d30e561e99.png","type":"image\/png"}],"twitter_card":"summary_large_image","twitter_site":"@talkpalai","twitter_misc":{"Gesch\u00e4tzte Lesezeit":"3\u00a0Minuten"},"schema":{"@context":"https:\/\/schema.org","@graph":[{"@type":"WebPage","@id":"https:\/\/talkpal.ai\/de\/vocabulary\/historisches-vokabular-mit-bezug-zu-weisrussland\/","url":"https:\/\/talkpal.ai\/de\/vocabulary\/historisches-vokabular-mit-bezug-zu-weisrussland\/","name":"Historisches Vokabular mit Bezug zu Wei\u00dfrussland - Talkpal","isPartOf":{"@id":"https:\/\/talkpal.ai\/de\/#website"},"primaryImageOfPage":{"@id":"https:\/\/talkpal.ai\/de\/vocabulary\/historisches-vokabular-mit-bezug-zu-weisrussland\/#primaryimage"},"image":{"@id":"https:\/\/talkpal.ai\/de\/vocabulary\/historisches-vokabular-mit-bezug-zu-weisrussland\/#primaryimage"},"thumbnailUrl":"https:\/\/talkpal.ai\/wp-content\/uploads\/2025\/12\/person-at-library-desk-learning-languages.webp","datePublished":"2024-06-07T22:21:05+00:00","description":"Wei\u00dfrussland, auch bekannt als Belarus, hat eine reiche und vielf\u00e4ltige Geschichte, die sich in der Sprache und im Vokabular widerspiegelt. In diesem","breadcrumb":{"@id":"https:\/\/talkpal.ai\/de\/vocabulary\/historisches-vokabular-mit-bezug-zu-weisrussland\/#breadcrumb"},"inLanguage":"de","potentialAction":[{"@type":"ReadAction","target":["https:\/\/talkpal.ai\/de\/vocabulary\/historisches-vokabular-mit-bezug-zu-weisrussland\/"]}]},{"@type":"ImageObject","inLanguage":"de","@id":"https:\/\/talkpal.ai\/de\/vocabulary\/historisches-vokabular-mit-bezug-zu-weisrussland\/#primaryimage","url":"https:\/\/talkpal.ai\/wp-content\/uploads\/2025\/12\/person-at-library-desk-learning-languages.webp","contentUrl":"https:\/\/talkpal.ai\/wp-content\/uploads\/2025\/12\/person-at-library-desk-learning-languages.webp","width":1200,"height":896,"caption":"A person in a blue shirt writes in a notebook at a library table for learning languages."},{"@type":"BreadcrumbList","@id":"https:\/\/talkpal.ai\/de\/vocabulary\/historisches-vokabular-mit-bezug-zu-weisrussland\/#breadcrumb","itemListElement":[{"@type":"ListItem","position":1,"name":"Homepage","item":"https:\/\/talkpal.ai\/de\/"},{"@type":"ListItem","position":2,"name":"Historisches Vokabular mit Bezug zu Wei\u00dfrussland"}]},{"@type":"WebSite","@id":"https:\/\/talkpal.ai\/de\/#website","url":"https:\/\/talkpal.ai\/de\/","name":"Talkpal","description":"AI Language Learning","publisher":{"@id":"https:\/\/talkpal.ai\/de\/#organization"},"alternateName":"Talkpal AI","potentialAction":[{"@type":"SearchAction","target":{"@type":"EntryPoint","urlTemplate":"https:\/\/talkpal.ai\/de\/?s={search_term_string}"},"query-input":{"@type":"PropertyValueSpecification","valueRequired":true,"valueName":"search_term_string"}}],"inLanguage":"de"},{"@type":"Organization","@id":"https:\/\/talkpal.ai\/de\/#organization","name":"Talkpal, Inc.","alternateName":"Talkpal AI","url":"https:\/\/talkpal.ai\/de\/","logo":{"@type":"ImageObject","inLanguage":"de","@id":"https:\/\/talkpal.ai\/de\/#\/schema\/logo\/image\/","url":"https:\/\/talkpal.ai\/wp-content\/uploads\/2024\/03\/Talkpal-Logo-Icon.png","contentUrl":"https:\/\/talkpal.ai\/wp-content\/uploads\/2024\/03\/Talkpal-Logo-Icon.png","width":2880,"height":2880,"caption":"Talkpal, Inc."},"image":{"@id":"https:\/\/talkpal.ai\/de\/#\/schema\/logo\/image\/"},"sameAs":["https:\/\/www.facebook.com\/profile.php?id=100090733639311","https:\/\/x.com\/talkpalai","https:\/\/www.linkedin.com\/company\/talkpal\/","https:\/\/www.youtube.com\/@TalkPal\/","https:\/\/www.tiktok.com\/@talkpal","https:\/\/www.instagram.com\/talkpal_ai\/","https:\/\/www.crunchbase.com\/organization\/talkpal-9cde","https:\/\/www.g2.com\/products\/talkpal-for-business\/","https:\/\/www.trustpilot.com\/review\/talkpal.ai","https:\/\/www.capterra.com\/p\/10006800\/TalkPal\/"],"description":"Talkpal is a language learning web and mobile education app, powered by the latest AI technologies, that provides engaging experiences to its customers in many different languages to help them improve their language skills. Users can chat about unlimited amount of topics with the app and use other modes to practice their language learning.","email":"support@talkpal.ai","legalName":"Talkpal, Inc.","foundingDate":"2023-04-03","duns":"118989042","numberOfEmployees":{"@type":"QuantitativeValue","minValue":"11","maxValue":"50"},"publishingPrinciples":"https:\/\/talkpal.ai\/publishing-principles\/","actionableFeedbackPolicy":"https:\/\/talkpal.ai\/actionable-feedback-policy\/","correctionsPolicy":"https:\/\/talkpal.ai\/corrections-policy\/","ethicsPolicy":"https:\/\/talkpal.ai\/ethics-policy\/","diversityPolicy":"https:\/\/talkpal.ai\/diversity-policy\/","diversityStaffingReport":"https:\/\/talkpal.ai\/diversity-policy\/"}]}},"_links":{"self":[{"href":"https:\/\/talkpal.ai\/de\/wp-json\/wp\/v2\/vocabulary\/700205","targetHints":{"allow":["GET"]}}],"collection":[{"href":"https:\/\/talkpal.ai\/de\/wp-json\/wp\/v2\/vocabulary"}],"about":[{"href":"https:\/\/talkpal.ai\/de\/wp-json\/wp\/v2\/types\/vocabulary"}],"wp:featuredmedia":[{"embeddable":true,"href":"https:\/\/talkpal.ai\/de\/wp-json\/wp\/v2\/media\/1527849"}],"wp:attachment":[{"href":"https:\/\/talkpal.ai\/de\/wp-json\/wp\/v2\/media?parent=700205"}],"wp:term":[{"taxonomy":"vocabulary_language","embeddable":true,"href":"https:\/\/talkpal.ai\/de\/wp-json\/wp\/v2\/vocabulary_language?post=700205"}],"curies":[{"name":"wp","href":"https:\/\/api.w.org\/{rel}","templated":true}]}}