{"id":1207435,"date":"2025-07-08T15:28:15","date_gmt":"2025-07-08T15:28:15","guid":{"rendered":"https:\/\/talkpal.ai\/vocabulary\/klimagesprache-auf-serbisch-wie-man-uber-das-klima-auf-serbisch-spricht\/"},"modified":"2025-07-08T15:28:15","modified_gmt":"2025-07-08T15:28:15","slug":"klimagesprache-auf-serbisch-wie-man-uber-das-klima-auf-serbisch-spricht","status":"publish","type":"vocabulary","link":"https:\/\/talkpal.ai\/de\/vocabulary\/klimagesprache-auf-serbisch-wie-man-uber-das-klima-auf-serbisch-spricht\/","title":{"rendered":"Klimagespr\u00e4che auf Serbisch: Wie man \u00fcber das Klima auf Serbisch spricht"},"content":{"rendered":"<p>Klimawandel und Umweltschutz sind globale Themen, die immer mehr an Bedeutung gewinnen. Wer sich mit Menschen aus Serbien oder dem Balkan \u00fcber das Klima austauschen m\u00f6chte, sollte die passenden Vokabeln und Ausdrucksweisen beherrschen. Das Erlernen dieser spezifischen Sprachelemente erleichtert <a href=\"https:\/\/talkpal.ai\/culture\/how-do-i-use-the-word-nicht-nur-sondern-auch\/\">nicht nur<\/a> den Dialog, sondern f\u00f6rdert auch das Verst\u00e4ndnis f\u00fcr kulturelle und gesellschaftliche Perspektiven in der Region. Plattformen wie <a href=\"https:\/\/talkpal.ai\/ko\/ai-%ec%96%b8%ec%96%b4-%ea%b5%90%ec%82%ac\/\">Talkpal<\/a> bieten hervorragende M\u00f6glichkeiten, <a href=\"https:\/\/talkpal.ai\/learn-serbian\/\">Serbisch<\/a> effizient und praxisnah zu lernen, sodass Sie bald sicher und kompetent \u00fcber das Klima auf Serbisch sprechen k\u00f6nnen.<\/p>\n<h2>Grundlagen des Klimadiskurses auf Serbisch<\/h2>\n<h3>Wichtige Vokabeln und Begriffe<\/h3>\n<p>Um \u00fcber das Klima auf Serbisch zu sprechen, ist es entscheidend, grundlegende Begriffe zu kennen. Hier eine Liste zentraler W\u00f6rter und Phrasen:<\/p>\n<ul>\n<li><strong>Klima<\/strong> \u2013 \u043a\u043b\u0438\u043c\u0430\u0442 (klimat)<\/li>\n<li><strong>Klimawandel<\/strong> \u2013 \u043a\u043b\u0438\u043c\u0430\u0442\u0441\u043a\u0435 \u043f\u0440\u043e\u043c\u0435\u043d\u0435 (klimatske promene)<\/li>\n<li><strong>Erderw\u00e4rmung<\/strong> \u2013 \u0433\u043b\u043e\u0431\u0430\u043b\u043d\u043e \u0437\u0430\u0433\u0440\u0435\u0432\u0430\u045a\u0435 (globalno zagrevanje)<\/li>\n<li><strong>Umweltschutz<\/strong> \u2013 \u0437\u0430\u0448\u0442\u0438\u0442\u0430 \u0436\u0438\u0432\u043e\u0442\u043d\u0435 \u0441\u0440\u0435\u0434\u0438\u043d\u0435 (za\u0161tita \u017eivotne sredine)<\/li>\n<li><strong>CO\u2082-Emissionen<\/strong> \u2013 \u0435\u043c\u0438\u0441\u0438\u0458\u0435 CO\u2082 (emisije CO\u2082)<\/li>\n<li><strong>Nachhaltigkeit<\/strong> \u2013 \u043e\u0434\u0440\u0436\u0438\u0432\u043e\u0441\u0442 (odr\u017eivost)<\/li>\n<li><strong>Treibhauseffekt<\/strong> \u2013 \u0435\u0444\u0435\u043a\u0430\u0442 \u0441\u0442\u0430\u043a\u043b\u0435\u043d\u0435 \u0431\u0430\u0448\u0442\u0435 (efekat staklene ba\u0161te)<\/li>\n<li><strong>Erneuerbare Energien<\/strong> \u2013 \u043e\u0431\u043d\u043e\u0432\u0459\u0438\u0432\u0438 \u0438\u0437\u0432\u043e\u0440\u0438 \u0435\u043d\u0435\u0440\u0433\u0438\u0458\u0435 (obnovljivi izvori energije)<\/li>\n<\/ul>\n<p>Diese Begriffe bilden die Basis f\u00fcr jede Diskussion und helfen, technische Details und Meinungen klar auszudr\u00fccken.<\/p>\n<h3>Typische Satzstrukturen f\u00fcr Klimagespr\u00e4che<\/h3>\n<p>Serbisch zeichnet sich durch eine flexible Satzstruktur aus, dennoch gibt es g\u00e4ngige Formulierungen, die im Kontext von Klimadiskussionen h\u00e4ufig verwendet werden:<\/p>\n<ul>\n<li><em>\u201e\u041a\u043b\u0438\u043c\u0430\u0442\u0441\u043a\u0435 \u043f\u0440\u043e\u043c\u0435\u043d\u0435 \u0441\u0443 \u0433\u043b\u043e\u0431\u0430\u043b\u043d\u0438 \u043f\u0440\u043e\u0431\u043b\u0435\u043c.\u201c<\/em> \u2013 \u201eKlimaver\u00e4nderungen sind ein globales Problem.\u201c<\/li>\n<li><em>\u201e\u0422\u0440\u0435\u0431\u0430 \u0441\u043c\u0430\u045a\u0438\u0442\u0438 \u0435\u043c\u0438\u0441\u0438\u0458\u0435 \u0443\u0433\u0459\u0435\u043d-\u0434\u0438\u043e\u043a\u0441\u0438\u0434\u0430.\u201c<\/em> \u2013 \u201eMan muss die CO\u2082-Emissionen reduzieren.\u201c<\/li>\n<li><em>\u201e\u041e\u0434\u0440\u0436\u0438\u0432\u0430 \u0435\u043d\u0435\u0440\u0433\u0438\u0458\u0430 \u0458\u0435 \u0431\u0443\u0434\u0443\u045b\u043d\u043e\u0441\u0442.\u201c<\/em> \u2013 \u201eNachhaltige Energie ist die Zukunft.\u201c<\/li>\n<li><em>\u201e\u041a\u0430\u043a\u043e \u043c\u043e\u0436\u0435\u043c\u043e \u0437\u0430\u0448\u0442\u0438\u0442\u0438\u0442\u0438 \u0436\u0438\u0432\u043e\u0442\u043d\u0443 \u0441\u0440\u0435\u0434\u0438\u043d\u0443?\u201c<\/em> \u2013 \u201eWie k\u00f6nnen wir die Umwelt sch\u00fctzen?\u201c<\/li>\n<\/ul>\n<p>Solche S\u00e4tze helfen, Meinungen zu \u00e4u\u00dfern, Fragen zu stellen und Diskussionen zu initiieren.<\/p>\n<h2>Die Rolle von Talkpal beim Serbischlernen f\u00fcr Klimagespr\u00e4che<\/h2>\n<p>Talkpal ist eine moderne Sprachlernplattform, die sich durch interaktive Funktionen und realit\u00e4tsnahe Dialoge auszeichnet. F\u00fcr das Lernen von Serbisch zum Thema Klima bietet Talkpal mehrere Vorteile:<\/p>\n<ul>\n<li><strong>Kontextbasierte \u00dcbungen:<\/strong> Sie lernen Vokabeln und Redewendungen direkt im Zusammenhang mit Umweltthemen.<\/li>\n<li><strong>Sprachaustausch mit Muttersprachlern:<\/strong> Sie k\u00f6nnen echte Gespr\u00e4che f\u00fchren, um Ihre Ausdrucksf\u00e4higkeit zu verbessern.<\/li>\n<li><strong>Flexibles Lernen:<\/strong> Ob Anf\u00e4nger oder Fortgeschrittener, Talkpal passt sich Ihrem Niveau an.<\/li>\n<li><strong>Kulturelles Verst\u00e4ndnis:<\/strong> Neben der Sprache vermittelt Talkpal auch kulturelle Hintergr\u00fcnde, was f\u00fcr das Verst\u00e4ndnis von Klimapolitik in Serbien wichtig ist.<\/li>\n<\/ul>\n<p>Diese Elemente machen Talkpal zum idealen Begleiter, um sicher und authentisch \u00fcber das Klima auf Serbisch zu sprechen.<\/p>\n<h2>Gesellschaftliche und politische Aspekte des Klimawandels in Serbien<\/h2>\n<h3>Aktuelle Situation und Herausforderungen<\/h3>\n<p>Serbien steht vor mehreren klimatischen Herausforderungen, die im Gespr\u00e4ch ber\u00fccksichtigt werden sollten:<\/p>\n<ul>\n<li><strong>Industrieemissionen:<\/strong> Serbien hat eine starke Industrie, die noch stark auf Kohle setzt, was zu hohen CO\u2082-Emissionen f\u00fchrt.<\/li>\n<li><strong>Luftverschmutzung:<\/strong> Vor allem in St\u00e4dten wie Belgrad ist die Luftqualit\u00e4t ein gro\u00dfes Problem.<\/li>\n<li><strong>Wasserressourcen:<\/strong> Klimawandel f\u00fchrt zu unregelm\u00e4\u00dfigen Niederschl\u00e4gen und Trockenperioden, die Landwirtschaft und Trinkwasserversorgung beeinflussen.<\/li>\n<\/ul>\n<p>Diese Punkte sind wichtige Gespr\u00e4chsinhalte, wenn Sie mit Serbischsprechenden \u00fcber den Klimawandel sprechen.<\/p>\n<h3>Politische Ma\u00dfnahmen und \u00f6ffentliche Meinung<\/h3>\n<p>Die serbische Regierung hat verschiedene Initiativen gestartet, um den Klimawandel zu bek\u00e4mpfen, aber der Fortschritt ist langsam:<\/p>\n<ul>\n<li><em>Nationaler Klimaplan<\/em> \u2013 Ein strategisches Dokument zur Reduktion der Treibhausgase.<\/li>\n<li><em>F\u00f6rderung erneuerbarer Energien<\/em> \u2013 Ausbau von Solar- und Windenergieprojekten.<\/li>\n<li><em>\u00d6ffentliche Debatten<\/em> \u2013 Umweltorganisationen gewinnen an Einfluss, und die Bev\u00f6lkerung wird zunehmend sensibilisiert.<\/li>\n<\/ul>\n<p>Diese Themen k\u00f6nnen in Gespr\u00e4chen aufgegriffen werden, um den Diskurs zu vertiefen.<\/p>\n<h2>Praktische Tipps f\u00fcr Klimagespr\u00e4che auf Serbisch<\/h2>\n<h3>Tipps zum aktiven Zuh\u00f6ren und Reagieren<\/h3>\n<p>Erfolgreiche Gespr\u00e4che \u00fcber das Klima erfordern nicht nur sprachliche Kenntnisse, sondern auch kommunikative F\u00e4higkeiten:<\/p>\n<ul>\n<li><strong>Aktives Zuh\u00f6ren:<\/strong> Nutzen Sie Phrasen wie \u201e\u0420\u0430\u0437\u0443\u043c\u0435\u043c\u201c (Ich verstehe) oder \u201e\u0422\u043e \u0458\u0435 \u0437\u0430\u043d\u0438\u043c\u0459\u0438\u0432\u043e\u201c (Das ist interessant), um Interesse zu zeigen.<\/li>\n<li><strong>Nachfragen:<\/strong> Fragen Sie nach, z.B. \u201e\u041c\u043e\u0436\u0435\u0442\u0435 \u043b\u0438 \u043e\u0431\u0458\u0430\u0441\u043d\u0438\u0442\u0438?\u201c (K\u00f6nnen Sie das erkl\u00e4ren?), um das Gespr\u00e4ch am Laufen zu halten.<\/li>\n<li><strong>Eigene Meinung \u00e4u\u00dfern:<\/strong> Formulieren Sie Ihre Sichtweise klar, z.B. \u201e\u041c\u0438\u0441\u043b\u0438\u043c \u0434\u0430&#8230;\u201c (Ich denke, dass&#8230;).<\/li>\n<\/ul>\n<h3>Vokabeltrainer und Praxis\u00fcbungen<\/h3>\n<p>Um Ihre Sprachkenntnisse zu festigen, empfiehlt es sich, gezielt Klimabegriffe zu \u00fcben:<\/p>\n<ul>\n<li>Erstellen Sie Karteikarten mit den wichtigsten Begriffen auf Serbisch und <a href=\"https:\/\/talkpal.ai\/learn-german\/\">Deutsch<\/a>.<\/li>\n<li>Nutzen Sie Sprachlern-Apps wie Talkpal, um Dialoge zu simulieren.<\/li>\n<li>Schreiben Sie kurze Texte oder Meinungs\u00e4u\u00dferungen zum Thema Klima auf Serbisch.<\/li>\n<li>H\u00f6ren Sie serbische Nachrichten und Podcasts \u00fcber Umweltthemen, um das H\u00f6rverst\u00e4ndnis zu trainieren.<\/li>\n<\/ul>\n<p>Diese Methoden f\u00f6rdern <a href=\"https:\/\/talkpal.ai\/de\/effektive-lernstrategie-so-verbesserst-du-dein-lernen-nachhaltig\/\">nachhaltiges Lernen<\/a> und verbessern die sprachliche Sicherheit.<\/p>\n<h2>Fazit: Mit der richtigen Vorbereitung kompetent \u00fcber das Klima auf Serbisch sprechen<\/h2>\n<p>Die F\u00e4higkeit, sich auf Serbisch \u00fcber den Klimawandel auszutauschen, er\u00f6ffnet neue Kommunikationswege und Verst\u00e4ndnisbr\u00fccken. Durch das Erlernen der relevanten Vokabeln, das Verstehen gesellschaftlicher Kontexte und den Einsatz von Plattformen wie Talkpal gelingt es Ihnen, kompetent und selbstbewusst in Klimagespr\u00e4che einzusteigen. So tragen Sie nicht nur zum pers\u00f6nlichen Spracherwerb bei, sondern engagieren sich auch aktiv im globalen Diskurs um den Schutz unserer Umwelt. Nutzen Sie die vielf\u00e4ltigen Ressourcen und \u00fcben Sie regelm\u00e4\u00dfig \u2013 bald werden Sie m\u00fchelos \u00fcber die wichtigen Themen des Klimas auf Serbisch sprechen k\u00f6nnen.<\/p>\n","protected":false},"featured_media":1528090,"template":"","vocabulary_language":[3893],"class_list":["post-1207435","vocabulary","type-vocabulary","status-publish","has-post-thumbnail","hentry","vocabulary_language-hebraeisch"],"acf":[],"yoast_head":"<!-- This site is optimized with the Yoast SEO Premium plugin v27.2 (Yoast SEO v27.2) - https:\/\/yoast.com\/product\/yoast-seo-premium-wordpress\/ -->\n<title>Klimagespr\u00e4che auf Serbisch: Wie man \u00fcber das Klima auf Serbisch spricht - Talkpal<\/title>\n<meta name=\"description\" content=\"Klimawandel und Umweltschutz sind globale Themen, die immer mehr an Bedeutung gewinnen. Wer sich mit Menschen aus Serbien oder dem Balkan \u00fcber das Klima\" \/>\n<meta name=\"robots\" content=\"index, follow, max-snippet:-1, max-image-preview:large, max-video-preview:-1\" \/>\n<link rel=\"canonical\" href=\"https:\/\/talkpal.ai\/de\/vocabulary\/klimagesprache-auf-serbisch-wie-man-uber-das-klima-auf-serbisch-spricht\/\" \/>\n<meta property=\"og:locale\" content=\"de_DE\" \/>\n<meta property=\"og:type\" content=\"article\" \/>\n<meta property=\"og:title\" content=\"Klimagespr\u00e4che auf Serbisch: Wie man \u00fcber das Klima auf Serbisch spricht\" \/>\n<meta property=\"og:description\" content=\"Klimawandel und Umweltschutz sind globale Themen, die immer mehr an Bedeutung gewinnen. Wer sich mit Menschen aus Serbien oder dem Balkan \u00fcber das Klima\" \/>\n<meta property=\"og:url\" content=\"https:\/\/talkpal.ai\/de\/vocabulary\/klimagesprache-auf-serbisch-wie-man-uber-das-klima-auf-serbisch-spricht\/\" \/>\n<meta property=\"og:site_name\" content=\"Talkpal\" \/>\n<meta property=\"article:publisher\" content=\"https:\/\/www.facebook.com\/profile.php?id=100090733639311\" \/>\n<meta property=\"og:image\" content=\"https:\/\/talkpal.ai\/wp-content\/uploads\/2024\/10\/talkpal_flat_illustration_of_a_employees_working_together_happi_c674ff77-e477-4e09-835a-01d30e561e99.png\" \/>\n\t<meta property=\"og:image:width\" content=\"1024\" \/>\n\t<meta property=\"og:image:height\" content=\"1024\" \/>\n\t<meta property=\"og:image:type\" content=\"image\/png\" \/>\n<meta name=\"twitter:card\" content=\"summary_large_image\" \/>\n<meta name=\"twitter:site\" content=\"@talkpalai\" \/>\n<meta name=\"twitter:label1\" content=\"Gesch\u00e4tzte Lesezeit\" \/>\n\t<meta name=\"twitter:data1\" content=\"4\u00a0Minuten\" \/>\n<script type=\"application\/ld+json\" class=\"yoast-schema-graph\">{\"@context\":\"https:\/\/schema.org\",\"@graph\":[{\"@type\":\"WebPage\",\"@id\":\"https:\/\/talkpal.ai\/de\/vocabulary\/klimagesprache-auf-serbisch-wie-man-uber-das-klima-auf-serbisch-spricht\/\",\"url\":\"https:\/\/talkpal.ai\/de\/vocabulary\/klimagesprache-auf-serbisch-wie-man-uber-das-klima-auf-serbisch-spricht\/\",\"name\":\"Klimagespr\u00e4che auf Serbisch: Wie man \u00fcber das Klima auf Serbisch spricht - Talkpal\",\"isPartOf\":{\"@id\":\"https:\/\/talkpal.ai\/de\/#website\"},\"primaryImageOfPage\":{\"@id\":\"https:\/\/talkpal.ai\/de\/vocabulary\/klimagesprache-auf-serbisch-wie-man-uber-das-klima-auf-serbisch-spricht\/#primaryimage\"},\"image\":{\"@id\":\"https:\/\/talkpal.ai\/de\/vocabulary\/klimagesprache-auf-serbisch-wie-man-uber-das-klima-auf-serbisch-spricht\/#primaryimage\"},\"thumbnailUrl\":\"https:\/\/talkpal.ai\/wp-content\/uploads\/2025\/12\/woman-learning-languages-near-the-steps.webp\",\"datePublished\":\"2025-07-08T15:28:15+00:00\",\"description\":\"Klimawandel und Umweltschutz sind globale Themen, die immer mehr an Bedeutung gewinnen. Wer sich mit Menschen aus Serbien oder dem Balkan \u00fcber das Klima\",\"breadcrumb\":{\"@id\":\"https:\/\/talkpal.ai\/de\/vocabulary\/klimagesprache-auf-serbisch-wie-man-uber-das-klima-auf-serbisch-spricht\/#breadcrumb\"},\"inLanguage\":\"de\",\"potentialAction\":[{\"@type\":\"ReadAction\",\"target\":[\"https:\/\/talkpal.ai\/de\/vocabulary\/klimagesprache-auf-serbisch-wie-man-uber-das-klima-auf-serbisch-spricht\/\"]}]},{\"@type\":\"ImageObject\",\"inLanguage\":\"de\",\"@id\":\"https:\/\/talkpal.ai\/de\/vocabulary\/klimagesprache-auf-serbisch-wie-man-uber-das-klima-auf-serbisch-spricht\/#primaryimage\",\"url\":\"https:\/\/talkpal.ai\/wp-content\/uploads\/2025\/12\/woman-learning-languages-near-the-steps.webp\",\"contentUrl\":\"https:\/\/talkpal.ai\/wp-content\/uploads\/2025\/12\/woman-learning-languages-near-the-steps.webp\",\"width\":1200,\"height\":896,\"caption\":\"A young woman sits near the library steps reading a book for the purpose of learning languages.\"},{\"@type\":\"BreadcrumbList\",\"@id\":\"https:\/\/talkpal.ai\/de\/vocabulary\/klimagesprache-auf-serbisch-wie-man-uber-das-klima-auf-serbisch-spricht\/#breadcrumb\",\"itemListElement\":[{\"@type\":\"ListItem\",\"position\":1,\"name\":\"Homepage\",\"item\":\"https:\/\/talkpal.ai\/de\/\"},{\"@type\":\"ListItem\",\"position\":2,\"name\":\"Klimagespr\u00e4che auf Serbisch: Wie man \u00fcber das Klima auf Serbisch spricht\"}]},{\"@type\":\"WebSite\",\"@id\":\"https:\/\/talkpal.ai\/de\/#website\",\"url\":\"https:\/\/talkpal.ai\/de\/\",\"name\":\"Talkpal\",\"description\":\"AI Language Learning\",\"publisher\":{\"@id\":\"https:\/\/talkpal.ai\/de\/#organization\"},\"alternateName\":\"Talkpal AI\",\"potentialAction\":[{\"@type\":\"SearchAction\",\"target\":{\"@type\":\"EntryPoint\",\"urlTemplate\":\"https:\/\/talkpal.ai\/de\/?s={search_term_string}\"},\"query-input\":{\"@type\":\"PropertyValueSpecification\",\"valueRequired\":true,\"valueName\":\"search_term_string\"}}],\"inLanguage\":\"de\"},{\"@type\":\"Organization\",\"@id\":\"https:\/\/talkpal.ai\/de\/#organization\",\"name\":\"Talkpal, Inc.\",\"alternateName\":\"Talkpal AI\",\"url\":\"https:\/\/talkpal.ai\/de\/\",\"logo\":{\"@type\":\"ImageObject\",\"inLanguage\":\"de\",\"@id\":\"https:\/\/talkpal.ai\/de\/#\/schema\/logo\/image\/\",\"url\":\"https:\/\/talkpal.ai\/wp-content\/uploads\/2024\/03\/Talkpal-Logo-Icon.png\",\"contentUrl\":\"https:\/\/talkpal.ai\/wp-content\/uploads\/2024\/03\/Talkpal-Logo-Icon.png\",\"width\":2880,\"height\":2880,\"caption\":\"Talkpal, Inc.\"},\"image\":{\"@id\":\"https:\/\/talkpal.ai\/de\/#\/schema\/logo\/image\/\"},\"sameAs\":[\"https:\/\/www.facebook.com\/profile.php?id=100090733639311\",\"https:\/\/x.com\/talkpalai\",\"https:\/\/www.linkedin.com\/company\/talkpal\/\",\"https:\/\/www.youtube.com\/@TalkPal\/\",\"https:\/\/www.tiktok.com\/@talkpal\",\"https:\/\/www.instagram.com\/talkpal_ai\/\",\"https:\/\/www.crunchbase.com\/organization\/talkpal-9cde\",\"https:\/\/www.g2.com\/products\/talkpal-for-business\/\",\"https:\/\/www.trustpilot.com\/review\/talkpal.ai\",\"https:\/\/www.capterra.com\/p\/10006800\/TalkPal\/\"],\"description\":\"Talkpal is a language learning web and mobile education app, powered by the latest AI technologies, that provides engaging experiences to its customers in many different languages to help them improve their language skills. Users can chat about unlimited amount of topics with the app and use other modes to practice their language learning.\",\"email\":\"support@talkpal.ai\",\"legalName\":\"Talkpal, Inc.\",\"foundingDate\":\"2023-04-03\",\"duns\":\"118989042\",\"numberOfEmployees\":{\"@type\":\"QuantitativeValue\",\"minValue\":\"11\",\"maxValue\":\"50\"},\"publishingPrinciples\":\"https:\/\/talkpal.ai\/publishing-principles\/\",\"actionableFeedbackPolicy\":\"https:\/\/talkpal.ai\/actionable-feedback-policy\/\",\"correctionsPolicy\":\"https:\/\/talkpal.ai\/corrections-policy\/\",\"ethicsPolicy\":\"https:\/\/talkpal.ai\/ethics-policy\/\",\"diversityPolicy\":\"https:\/\/talkpal.ai\/diversity-policy\/\",\"diversityStaffingReport\":\"https:\/\/talkpal.ai\/diversity-policy\/\"}]}<\/script>\n<!-- \/ Yoast SEO Premium plugin. -->","yoast_head_json":{"title":"Klimagespr\u00e4che auf Serbisch: Wie man \u00fcber das Klima auf Serbisch spricht - Talkpal","description":"Klimawandel und Umweltschutz sind globale Themen, die immer mehr an Bedeutung gewinnen. Wer sich mit Menschen aus Serbien oder dem Balkan \u00fcber das Klima","robots":{"index":"index","follow":"follow","max-snippet":"max-snippet:-1","max-image-preview":"max-image-preview:large","max-video-preview":"max-video-preview:-1"},"canonical":"https:\/\/talkpal.ai\/de\/vocabulary\/klimagesprache-auf-serbisch-wie-man-uber-das-klima-auf-serbisch-spricht\/","og_locale":"de_DE","og_type":"article","og_title":"Klimagespr\u00e4che auf Serbisch: Wie man \u00fcber das Klima auf Serbisch spricht","og_description":"Klimawandel und Umweltschutz sind globale Themen, die immer mehr an Bedeutung gewinnen. Wer sich mit Menschen aus Serbien oder dem Balkan \u00fcber das Klima","og_url":"https:\/\/talkpal.ai\/de\/vocabulary\/klimagesprache-auf-serbisch-wie-man-uber-das-klima-auf-serbisch-spricht\/","og_site_name":"Talkpal","article_publisher":"https:\/\/www.facebook.com\/profile.php?id=100090733639311","og_image":[{"width":1024,"height":1024,"url":"https:\/\/talkpal.ai\/wp-content\/uploads\/2024\/10\/talkpal_flat_illustration_of_a_employees_working_together_happi_c674ff77-e477-4e09-835a-01d30e561e99.png","type":"image\/png"}],"twitter_card":"summary_large_image","twitter_site":"@talkpalai","twitter_misc":{"Gesch\u00e4tzte Lesezeit":"4\u00a0Minuten"},"schema":{"@context":"https:\/\/schema.org","@graph":[{"@type":"WebPage","@id":"https:\/\/talkpal.ai\/de\/vocabulary\/klimagesprache-auf-serbisch-wie-man-uber-das-klima-auf-serbisch-spricht\/","url":"https:\/\/talkpal.ai\/de\/vocabulary\/klimagesprache-auf-serbisch-wie-man-uber-das-klima-auf-serbisch-spricht\/","name":"Klimagespr\u00e4che auf Serbisch: Wie man \u00fcber das Klima auf Serbisch spricht - Talkpal","isPartOf":{"@id":"https:\/\/talkpal.ai\/de\/#website"},"primaryImageOfPage":{"@id":"https:\/\/talkpal.ai\/de\/vocabulary\/klimagesprache-auf-serbisch-wie-man-uber-das-klima-auf-serbisch-spricht\/#primaryimage"},"image":{"@id":"https:\/\/talkpal.ai\/de\/vocabulary\/klimagesprache-auf-serbisch-wie-man-uber-das-klima-auf-serbisch-spricht\/#primaryimage"},"thumbnailUrl":"https:\/\/talkpal.ai\/wp-content\/uploads\/2025\/12\/woman-learning-languages-near-the-steps.webp","datePublished":"2025-07-08T15:28:15+00:00","description":"Klimawandel und Umweltschutz sind globale Themen, die immer mehr an Bedeutung gewinnen. Wer sich mit Menschen aus Serbien oder dem Balkan \u00fcber das Klima","breadcrumb":{"@id":"https:\/\/talkpal.ai\/de\/vocabulary\/klimagesprache-auf-serbisch-wie-man-uber-das-klima-auf-serbisch-spricht\/#breadcrumb"},"inLanguage":"de","potentialAction":[{"@type":"ReadAction","target":["https:\/\/talkpal.ai\/de\/vocabulary\/klimagesprache-auf-serbisch-wie-man-uber-das-klima-auf-serbisch-spricht\/"]}]},{"@type":"ImageObject","inLanguage":"de","@id":"https:\/\/talkpal.ai\/de\/vocabulary\/klimagesprache-auf-serbisch-wie-man-uber-das-klima-auf-serbisch-spricht\/#primaryimage","url":"https:\/\/talkpal.ai\/wp-content\/uploads\/2025\/12\/woman-learning-languages-near-the-steps.webp","contentUrl":"https:\/\/talkpal.ai\/wp-content\/uploads\/2025\/12\/woman-learning-languages-near-the-steps.webp","width":1200,"height":896,"caption":"A young woman sits near the library steps reading a book for the purpose of learning languages."},{"@type":"BreadcrumbList","@id":"https:\/\/talkpal.ai\/de\/vocabulary\/klimagesprache-auf-serbisch-wie-man-uber-das-klima-auf-serbisch-spricht\/#breadcrumb","itemListElement":[{"@type":"ListItem","position":1,"name":"Homepage","item":"https:\/\/talkpal.ai\/de\/"},{"@type":"ListItem","position":2,"name":"Klimagespr\u00e4che auf Serbisch: Wie man \u00fcber das Klima auf Serbisch spricht"}]},{"@type":"WebSite","@id":"https:\/\/talkpal.ai\/de\/#website","url":"https:\/\/talkpal.ai\/de\/","name":"Talkpal","description":"AI Language Learning","publisher":{"@id":"https:\/\/talkpal.ai\/de\/#organization"},"alternateName":"Talkpal AI","potentialAction":[{"@type":"SearchAction","target":{"@type":"EntryPoint","urlTemplate":"https:\/\/talkpal.ai\/de\/?s={search_term_string}"},"query-input":{"@type":"PropertyValueSpecification","valueRequired":true,"valueName":"search_term_string"}}],"inLanguage":"de"},{"@type":"Organization","@id":"https:\/\/talkpal.ai\/de\/#organization","name":"Talkpal, Inc.","alternateName":"Talkpal AI","url":"https:\/\/talkpal.ai\/de\/","logo":{"@type":"ImageObject","inLanguage":"de","@id":"https:\/\/talkpal.ai\/de\/#\/schema\/logo\/image\/","url":"https:\/\/talkpal.ai\/wp-content\/uploads\/2024\/03\/Talkpal-Logo-Icon.png","contentUrl":"https:\/\/talkpal.ai\/wp-content\/uploads\/2024\/03\/Talkpal-Logo-Icon.png","width":2880,"height":2880,"caption":"Talkpal, Inc."},"image":{"@id":"https:\/\/talkpal.ai\/de\/#\/schema\/logo\/image\/"},"sameAs":["https:\/\/www.facebook.com\/profile.php?id=100090733639311","https:\/\/x.com\/talkpalai","https:\/\/www.linkedin.com\/company\/talkpal\/","https:\/\/www.youtube.com\/@TalkPal\/","https:\/\/www.tiktok.com\/@talkpal","https:\/\/www.instagram.com\/talkpal_ai\/","https:\/\/www.crunchbase.com\/organization\/talkpal-9cde","https:\/\/www.g2.com\/products\/talkpal-for-business\/","https:\/\/www.trustpilot.com\/review\/talkpal.ai","https:\/\/www.capterra.com\/p\/10006800\/TalkPal\/"],"description":"Talkpal is a language learning web and mobile education app, powered by the latest AI technologies, that provides engaging experiences to its customers in many different languages to help them improve their language skills. Users can chat about unlimited amount of topics with the app and use other modes to practice their language learning.","email":"support@talkpal.ai","legalName":"Talkpal, Inc.","foundingDate":"2023-04-03","duns":"118989042","numberOfEmployees":{"@type":"QuantitativeValue","minValue":"11","maxValue":"50"},"publishingPrinciples":"https:\/\/talkpal.ai\/publishing-principles\/","actionableFeedbackPolicy":"https:\/\/talkpal.ai\/actionable-feedback-policy\/","correctionsPolicy":"https:\/\/talkpal.ai\/corrections-policy\/","ethicsPolicy":"https:\/\/talkpal.ai\/ethics-policy\/","diversityPolicy":"https:\/\/talkpal.ai\/diversity-policy\/","diversityStaffingReport":"https:\/\/talkpal.ai\/diversity-policy\/"}]}},"_links":{"self":[{"href":"https:\/\/talkpal.ai\/de\/wp-json\/wp\/v2\/vocabulary\/1207435","targetHints":{"allow":["GET"]}}],"collection":[{"href":"https:\/\/talkpal.ai\/de\/wp-json\/wp\/v2\/vocabulary"}],"about":[{"href":"https:\/\/talkpal.ai\/de\/wp-json\/wp\/v2\/types\/vocabulary"}],"wp:featuredmedia":[{"embeddable":true,"href":"https:\/\/talkpal.ai\/de\/wp-json\/wp\/v2\/media\/1528090"}],"wp:attachment":[{"href":"https:\/\/talkpal.ai\/de\/wp-json\/wp\/v2\/media?parent=1207435"}],"wp:term":[{"taxonomy":"vocabulary_language","embeddable":true,"href":"https:\/\/talkpal.ai\/de\/wp-json\/wp\/v2\/vocabulary_language?post=1207435"}],"curies":[{"name":"wp","href":"https:\/\/api.w.org\/{rel}","templated":true}]}}