{"id":3753,"date":"2023-03-27T19:22:30","date_gmt":"2023-03-27T19:22:30","guid":{"rendered":"http:\/\/talkpal.ai\/grammar_exercises\/satzbau-fuer-die-spanische-grammatik\/"},"modified":"2025-07-16T14:16:38","modified_gmt":"2025-07-16T14:16:38","slug":"satzbau-fuer-die-spanische-grammatik","status":"publish","type":"grammar_exercises","link":"https:\/\/talkpal.ai\/de\/grammar_exercises\/satzbau-fuer-die-spanische-grammatik\/","title":{"rendered":"Satzbau\u00fcbungen f\u00fcr die spanische Grammatik"},"content":{"rendered":"<p><a href=\"https:\/\/talkpal.ai\/hi\/grammar_exercises\/reflexive-verben-%e0%a4%9c%e0%a4%b0%e0%a5%8d%e0%a4%ae%e0%a4%a8-%e0%a4%b5%e0%a5%8d%e0%a4%af%e0%a4%be%e0%a4%95%e0%a4%b0%e0%a4%a3-%e0%a4%95%e0%a5%87-%e0%a4%b2%e0%a4%bf%e0%a4%8f-%e0%a4%85%e0%a4%ad\/\">Reflexive Verben<\/a> sind im Spanischen sehr gebr\u00e4uchlich. Sie werden benutzt, wenn das Subjekt und das Objekt einer Handlung identisch sind, etwa bei t\u00e4glichen Routinen oder pers\u00f6nlichen Handlungen. Das <a href=\"https:\/\/talkpal.ai\/el\/grammar\/reflexivpronomen-%cf%83%cf%84%ce%b7-%ce%b3%ce%b5%cf%81%ce%bc%ce%b1%ce%bd%ce%b9%ce%ba%ce%ae-%ce%b3%cf%81%ce%b1%ce%bc%ce%bc%ce%b1%cf%84%ce%b9%ce%ba%ce%ae\/\">Reflexivpronomen<\/a> (me, te, se, nos, os, se) steht vor dem konjugierten Verb oder am Infinitiv\/Partizip. Mit diesen \u00dcbungen lernst du die richtige Verwendung reflexiver Verben in Gegenwart und Vergangenheit.<\/p>\n<h3>Reflexive Verben im Pr\u00e4sens<\/h3>\n<div class=\"input_sentences\">\n1. Yo *me levanto* a las siete. (Hinweis: \u201eaufstehen\u201c, 1. Person Singular.)<br \/>\n2. T\u00fa *te duchas* por la ma\u00f1ana. (Hinweis: \u201eduschen\u201c, 2. Person Singular.)<br \/>\n3. Mar\u00eda *se viste* r\u00e1pidamente. (Hinweis: \u201esich anziehen\u201c, 3. Person Singular.)<br \/>\n4. Nosotros *nos peinamos* todos los d\u00edas. (Hinweis: \u201esich k\u00e4mmen\u201c, 1. Person Plural.)<br \/>\n5. Vosotros *os acost\u00e1is* tarde. (Hinweis: \u201eins Bett gehen\u201c, 2. Person Plural.)<br \/>\n6. Ellos *se lavan* las manos. (Hinweis: \u201esich die H\u00e4nde waschen\u201c, 3. Person Plural.)<br \/>\n7. Yo *me despierto* a las seis. (Hinweis: \u201eaufwachen\u201c, 1. Person Singular, unregelm\u00e4\u00dfig.)<br \/>\n8. T\u00fa *te llamas* Pedro. (Hinweis: \u201ehei\u00dfen\u201c, 2. Person Singular.)<br \/>\n9. Nosotros *nos divertimos* en la fiesta. (Hinweis: \u201esich am\u00fcsieren\u201c, 1. Person Plural.)<br \/>\n10. Ellas *se maquillan* por la noche. (Hinweis: \u201esich schminken\u201c, 3. Person Plural.)\n<\/div>\n<div class=\"exercise\"><\/div>\n<h3>Reflexive Verben im Perfekt (\u201epret\u00e9rito perfecto\u201c)<\/h3>\n<div class=\"input_sentences\">\n1. Hoy *me he levantado* temprano. (Hinweis: Reflexives Verb im Perfekt.)<br \/>\n2. T\u00fa *te has duchado* ya. (Hinweis: Reflexives Verb im Perfekt, 2. Person Singular.)<br \/>\n3. \u00c9l *se ha acostado* tarde. (Hinweis: Reflexives Verb im Perfekt, 3. Person Singular.)<br \/>\n4. Nosotros *nos hemos peinado* antes de salir. (Hinweis: 1. Person Plural, Reflexiv im Perfekt.)<br \/>\n5. Vosotros *os hab\u00e9is divertido* mucho. (Hinweis: 2. Person Plural, Reflexiv im Perfekt, \u201esich am\u00fcsieren\u201c.)<br \/>\n6. Ellos *se han ba\u00f1ado* en el mar. (Hinweis: 3. Person Plural, Reflexiv im Perfekt.)<br \/>\n7. Yo *me he vestido* r\u00e1pidamente. (Hinweis: \u201esich anziehen\u201c, Perfekt.)<br \/>\n8. T\u00fa *te has despertado* pronto. (Hinweis: \u201eaufwachen\u201c, Perfekt, 2. Person Singular.)<br \/>\n9. Nosotros *nos hemos llamado* por tel\u00e9fono. (Hinweis: \u201esich anrufen\u201c, Perfekt.)<br \/>\n10. Ellas *se han maquillado* para la fiesta. (Hinweis: \u201esich schminken\u201c, Perfekt, 3. Person Plural.)\n<\/div>\n<div class=\"exercise\"><\/div>\n","protected":false},"featured_media":1527752,"parent":0,"menu_order":0,"template":"","exercise_language":[13017,485],"class_list":["post-3753","grammar_exercises","type-grammar_exercises","status-publish","has-post-thumbnail","hentry","exercise_language-satzbau-spanische-grammatik","exercise_language-spanisch"],"acf":[],"yoast_head":"<!-- This site is optimized with the Yoast SEO Premium plugin v27.2 (Yoast SEO v27.2) - https:\/\/yoast.com\/product\/yoast-seo-premium-wordpress\/ -->\n<title>Satzbau\u00fcbungen f\u00fcr die spanische Grammatik - Talkpal<\/title>\n<meta name=\"description\" content=\"Reflexive Verben sind im Spanischen sehr gebr\u00e4uchlich. Sie werden benutzt, wenn das Subjekt und das Objekt einer Handlung identisch sind, etwa bei\" \/>\n<meta name=\"robots\" content=\"index, follow, max-snippet:-1, max-image-preview:large, max-video-preview:-1\" \/>\n<link rel=\"canonical\" href=\"https:\/\/talkpal.ai\/de\/grammar_exercises\/satzbau-fuer-die-spanische-grammatik\/\" \/>\n<meta property=\"og:locale\" content=\"de_DE\" \/>\n<meta property=\"og:type\" content=\"article\" \/>\n<meta property=\"og:title\" content=\"Satzbau\u00fcbungen f\u00fcr die spanische Grammatik\" \/>\n<meta property=\"og:description\" content=\"Reflexive Verben sind im Spanischen sehr gebr\u00e4uchlich. Sie werden benutzt, wenn das Subjekt und das Objekt einer Handlung identisch sind, etwa bei\" \/>\n<meta property=\"og:url\" content=\"https:\/\/talkpal.ai\/de\/grammar_exercises\/satzbau-fuer-die-spanische-grammatik\/\" \/>\n<meta property=\"og:site_name\" content=\"Talkpal\" \/>\n<meta property=\"article:publisher\" content=\"https:\/\/www.facebook.com\/profile.php?id=100090733639311\" \/>\n<meta property=\"article:modified_time\" content=\"2025-07-16T14:16:38+00:00\" \/>\n<meta property=\"og:image\" content=\"https:\/\/talkpal.ai\/wp-content\/uploads\/2023\/06\/TalkPal-Illustration-of-Grammar-Exercises42.png\" \/>\n\t<meta property=\"og:image:width\" content=\"1456\" \/>\n\t<meta property=\"og:image:height\" content=\"816\" \/>\n\t<meta property=\"og:image:type\" content=\"image\/png\" \/>\n<meta name=\"twitter:card\" content=\"summary_large_image\" \/>\n<meta name=\"twitter:site\" content=\"@talkpalai\" \/>\n<meta name=\"twitter:label1\" content=\"Gesch\u00e4tzte Lesezeit\" \/>\n\t<meta name=\"twitter:data1\" content=\"2\u00a0Minuten\" \/>\n<script type=\"application\/ld+json\" class=\"yoast-schema-graph\">{\"@context\":\"https:\/\/schema.org\",\"@graph\":[{\"@type\":\"WebPage\",\"@id\":\"https:\/\/talkpal.ai\/de\/grammar_exercises\/satzbau-fuer-die-spanische-grammatik\/\",\"url\":\"https:\/\/talkpal.ai\/de\/grammar_exercises\/satzbau-fuer-die-spanische-grammatik\/\",\"name\":\"Satzbau\u00fcbungen f\u00fcr die spanische Grammatik - Talkpal\",\"isPartOf\":{\"@id\":\"https:\/\/talkpal.ai\/de\/#website\"},\"primaryImageOfPage\":{\"@id\":\"https:\/\/talkpal.ai\/de\/grammar_exercises\/satzbau-fuer-die-spanische-grammatik\/#primaryimage\"},\"image\":{\"@id\":\"https:\/\/talkpal.ai\/de\/grammar_exercises\/satzbau-fuer-die-spanische-grammatik\/#primaryimage\"},\"thumbnailUrl\":\"https:\/\/talkpal.ai\/wp-content\/uploads\/2025\/12\/library-desks-shared-learning-languages.webp\",\"datePublished\":\"2023-03-27T19:22:30+00:00\",\"dateModified\":\"2025-07-16T14:16:38+00:00\",\"description\":\"Reflexive Verben sind im Spanischen sehr gebr\u00e4uchlich. Sie werden benutzt, wenn das Subjekt und das Objekt einer Handlung identisch sind, etwa bei\",\"breadcrumb\":{\"@id\":\"https:\/\/talkpal.ai\/de\/grammar_exercises\/satzbau-fuer-die-spanische-grammatik\/#breadcrumb\"},\"inLanguage\":\"de\",\"potentialAction\":[{\"@type\":\"ReadAction\",\"target\":[\"https:\/\/talkpal.ai\/de\/grammar_exercises\/satzbau-fuer-die-spanische-grammatik\/\"]}]},{\"@type\":\"ImageObject\",\"inLanguage\":\"de\",\"@id\":\"https:\/\/talkpal.ai\/de\/grammar_exercises\/satzbau-fuer-die-spanische-grammatik\/#primaryimage\",\"url\":\"https:\/\/talkpal.ai\/wp-content\/uploads\/2025\/12\/library-desks-shared-learning-languages.webp\",\"contentUrl\":\"https:\/\/talkpal.ai\/wp-content\/uploads\/2025\/12\/library-desks-shared-learning-languages.webp\",\"width\":1200,\"height\":896,\"caption\":\"Students sit at large shared tables with books and laptops while focused on learning languages.\"},{\"@type\":\"BreadcrumbList\",\"@id\":\"https:\/\/talkpal.ai\/de\/grammar_exercises\/satzbau-fuer-die-spanische-grammatik\/#breadcrumb\",\"itemListElement\":[{\"@type\":\"ListItem\",\"position\":1,\"name\":\"Homepage\",\"item\":\"https:\/\/talkpal.ai\/de\/\"},{\"@type\":\"ListItem\",\"position\":2,\"name\":\"Satzbau\u00fcbungen f\u00fcr die spanische Grammatik\"}]},{\"@type\":\"WebSite\",\"@id\":\"https:\/\/talkpal.ai\/de\/#website\",\"url\":\"https:\/\/talkpal.ai\/de\/\",\"name\":\"Talkpal\",\"description\":\"AI Language Learning\",\"publisher\":{\"@id\":\"https:\/\/talkpal.ai\/de\/#organization\"},\"alternateName\":\"Talkpal AI\",\"potentialAction\":[{\"@type\":\"SearchAction\",\"target\":{\"@type\":\"EntryPoint\",\"urlTemplate\":\"https:\/\/talkpal.ai\/de\/?s={search_term_string}\"},\"query-input\":{\"@type\":\"PropertyValueSpecification\",\"valueRequired\":true,\"valueName\":\"search_term_string\"}}],\"inLanguage\":\"de\"},{\"@type\":\"Organization\",\"@id\":\"https:\/\/talkpal.ai\/de\/#organization\",\"name\":\"Talkpal, Inc.\",\"alternateName\":\"Talkpal AI\",\"url\":\"https:\/\/talkpal.ai\/de\/\",\"logo\":{\"@type\":\"ImageObject\",\"inLanguage\":\"de\",\"@id\":\"https:\/\/talkpal.ai\/de\/#\/schema\/logo\/image\/\",\"url\":\"https:\/\/talkpal.ai\/wp-content\/uploads\/2024\/03\/Talkpal-Logo-Icon.png\",\"contentUrl\":\"https:\/\/talkpal.ai\/wp-content\/uploads\/2024\/03\/Talkpal-Logo-Icon.png\",\"width\":2880,\"height\":2880,\"caption\":\"Talkpal, Inc.\"},\"image\":{\"@id\":\"https:\/\/talkpal.ai\/de\/#\/schema\/logo\/image\/\"},\"sameAs\":[\"https:\/\/www.facebook.com\/profile.php?id=100090733639311\",\"https:\/\/x.com\/talkpalai\",\"https:\/\/www.linkedin.com\/company\/talkpal\/\",\"https:\/\/www.youtube.com\/@TalkPal\/\",\"https:\/\/www.tiktok.com\/@talkpal\",\"https:\/\/www.instagram.com\/talkpal_ai\/\",\"https:\/\/www.crunchbase.com\/organization\/talkpal-9cde\",\"https:\/\/www.g2.com\/products\/talkpal-for-business\/\",\"https:\/\/www.trustpilot.com\/review\/talkpal.ai\",\"https:\/\/www.capterra.com\/p\/10006800\/TalkPal\/\"],\"description\":\"Talkpal is a language learning web and mobile education app, powered by the latest AI technologies, that provides engaging experiences to its customers in many different languages to help them improve their language skills. Users can chat about unlimited amount of topics with the app and use other modes to practice their language learning.\",\"email\":\"support@talkpal.ai\",\"legalName\":\"Talkpal, Inc.\",\"foundingDate\":\"2023-04-03\",\"duns\":\"118989042\",\"numberOfEmployees\":{\"@type\":\"QuantitativeValue\",\"minValue\":\"11\",\"maxValue\":\"50\"},\"publishingPrinciples\":\"https:\/\/talkpal.ai\/publishing-principles\/\",\"actionableFeedbackPolicy\":\"https:\/\/talkpal.ai\/actionable-feedback-policy\/\",\"correctionsPolicy\":\"https:\/\/talkpal.ai\/corrections-policy\/\",\"ethicsPolicy\":\"https:\/\/talkpal.ai\/ethics-policy\/\",\"diversityPolicy\":\"https:\/\/talkpal.ai\/diversity-policy\/\",\"diversityStaffingReport\":\"https:\/\/talkpal.ai\/diversity-policy\/\"}]}<\/script>\n<!-- \/ Yoast SEO Premium plugin. -->","yoast_head_json":{"title":"Satzbau\u00fcbungen f\u00fcr die spanische Grammatik - Talkpal","description":"Reflexive Verben sind im Spanischen sehr gebr\u00e4uchlich. Sie werden benutzt, wenn das Subjekt und das Objekt einer Handlung identisch sind, etwa bei","robots":{"index":"index","follow":"follow","max-snippet":"max-snippet:-1","max-image-preview":"max-image-preview:large","max-video-preview":"max-video-preview:-1"},"canonical":"https:\/\/talkpal.ai\/de\/grammar_exercises\/satzbau-fuer-die-spanische-grammatik\/","og_locale":"de_DE","og_type":"article","og_title":"Satzbau\u00fcbungen f\u00fcr die spanische Grammatik","og_description":"Reflexive Verben sind im Spanischen sehr gebr\u00e4uchlich. Sie werden benutzt, wenn das Subjekt und das Objekt einer Handlung identisch sind, etwa bei","og_url":"https:\/\/talkpal.ai\/de\/grammar_exercises\/satzbau-fuer-die-spanische-grammatik\/","og_site_name":"Talkpal","article_publisher":"https:\/\/www.facebook.com\/profile.php?id=100090733639311","article_modified_time":"2025-07-16T14:16:38+00:00","og_image":[{"width":1456,"height":816,"url":"https:\/\/talkpal.ai\/wp-content\/uploads\/2023\/06\/TalkPal-Illustration-of-Grammar-Exercises42.png","type":"image\/png"}],"twitter_card":"summary_large_image","twitter_site":"@talkpalai","twitter_misc":{"Gesch\u00e4tzte Lesezeit":"2\u00a0Minuten"},"schema":{"@context":"https:\/\/schema.org","@graph":[{"@type":"WebPage","@id":"https:\/\/talkpal.ai\/de\/grammar_exercises\/satzbau-fuer-die-spanische-grammatik\/","url":"https:\/\/talkpal.ai\/de\/grammar_exercises\/satzbau-fuer-die-spanische-grammatik\/","name":"Satzbau\u00fcbungen f\u00fcr die spanische Grammatik - Talkpal","isPartOf":{"@id":"https:\/\/talkpal.ai\/de\/#website"},"primaryImageOfPage":{"@id":"https:\/\/talkpal.ai\/de\/grammar_exercises\/satzbau-fuer-die-spanische-grammatik\/#primaryimage"},"image":{"@id":"https:\/\/talkpal.ai\/de\/grammar_exercises\/satzbau-fuer-die-spanische-grammatik\/#primaryimage"},"thumbnailUrl":"https:\/\/talkpal.ai\/wp-content\/uploads\/2025\/12\/library-desks-shared-learning-languages.webp","datePublished":"2023-03-27T19:22:30+00:00","dateModified":"2025-07-16T14:16:38+00:00","description":"Reflexive Verben sind im Spanischen sehr gebr\u00e4uchlich. Sie werden benutzt, wenn das Subjekt und das Objekt einer Handlung identisch sind, etwa bei","breadcrumb":{"@id":"https:\/\/talkpal.ai\/de\/grammar_exercises\/satzbau-fuer-die-spanische-grammatik\/#breadcrumb"},"inLanguage":"de","potentialAction":[{"@type":"ReadAction","target":["https:\/\/talkpal.ai\/de\/grammar_exercises\/satzbau-fuer-die-spanische-grammatik\/"]}]},{"@type":"ImageObject","inLanguage":"de","@id":"https:\/\/talkpal.ai\/de\/grammar_exercises\/satzbau-fuer-die-spanische-grammatik\/#primaryimage","url":"https:\/\/talkpal.ai\/wp-content\/uploads\/2025\/12\/library-desks-shared-learning-languages.webp","contentUrl":"https:\/\/talkpal.ai\/wp-content\/uploads\/2025\/12\/library-desks-shared-learning-languages.webp","width":1200,"height":896,"caption":"Students sit at large shared tables with books and laptops while focused on learning languages."},{"@type":"BreadcrumbList","@id":"https:\/\/talkpal.ai\/de\/grammar_exercises\/satzbau-fuer-die-spanische-grammatik\/#breadcrumb","itemListElement":[{"@type":"ListItem","position":1,"name":"Homepage","item":"https:\/\/talkpal.ai\/de\/"},{"@type":"ListItem","position":2,"name":"Satzbau\u00fcbungen f\u00fcr die spanische Grammatik"}]},{"@type":"WebSite","@id":"https:\/\/talkpal.ai\/de\/#website","url":"https:\/\/talkpal.ai\/de\/","name":"Talkpal","description":"AI Language Learning","publisher":{"@id":"https:\/\/talkpal.ai\/de\/#organization"},"alternateName":"Talkpal AI","potentialAction":[{"@type":"SearchAction","target":{"@type":"EntryPoint","urlTemplate":"https:\/\/talkpal.ai\/de\/?s={search_term_string}"},"query-input":{"@type":"PropertyValueSpecification","valueRequired":true,"valueName":"search_term_string"}}],"inLanguage":"de"},{"@type":"Organization","@id":"https:\/\/talkpal.ai\/de\/#organization","name":"Talkpal, Inc.","alternateName":"Talkpal AI","url":"https:\/\/talkpal.ai\/de\/","logo":{"@type":"ImageObject","inLanguage":"de","@id":"https:\/\/talkpal.ai\/de\/#\/schema\/logo\/image\/","url":"https:\/\/talkpal.ai\/wp-content\/uploads\/2024\/03\/Talkpal-Logo-Icon.png","contentUrl":"https:\/\/talkpal.ai\/wp-content\/uploads\/2024\/03\/Talkpal-Logo-Icon.png","width":2880,"height":2880,"caption":"Talkpal, Inc."},"image":{"@id":"https:\/\/talkpal.ai\/de\/#\/schema\/logo\/image\/"},"sameAs":["https:\/\/www.facebook.com\/profile.php?id=100090733639311","https:\/\/x.com\/talkpalai","https:\/\/www.linkedin.com\/company\/talkpal\/","https:\/\/www.youtube.com\/@TalkPal\/","https:\/\/www.tiktok.com\/@talkpal","https:\/\/www.instagram.com\/talkpal_ai\/","https:\/\/www.crunchbase.com\/organization\/talkpal-9cde","https:\/\/www.g2.com\/products\/talkpal-for-business\/","https:\/\/www.trustpilot.com\/review\/talkpal.ai","https:\/\/www.capterra.com\/p\/10006800\/TalkPal\/"],"description":"Talkpal is a language learning web and mobile education app, powered by the latest AI technologies, that provides engaging experiences to its customers in many different languages to help them improve their language skills. Users can chat about unlimited amount of topics with the app and use other modes to practice their language learning.","email":"support@talkpal.ai","legalName":"Talkpal, Inc.","foundingDate":"2023-04-03","duns":"118989042","numberOfEmployees":{"@type":"QuantitativeValue","minValue":"11","maxValue":"50"},"publishingPrinciples":"https:\/\/talkpal.ai\/publishing-principles\/","actionableFeedbackPolicy":"https:\/\/talkpal.ai\/actionable-feedback-policy\/","correctionsPolicy":"https:\/\/talkpal.ai\/corrections-policy\/","ethicsPolicy":"https:\/\/talkpal.ai\/ethics-policy\/","diversityPolicy":"https:\/\/talkpal.ai\/diversity-policy\/","diversityStaffingReport":"https:\/\/talkpal.ai\/diversity-policy\/"}]}},"_links":{"self":[{"href":"https:\/\/talkpal.ai\/de\/wp-json\/wp\/v2\/grammar_exercises\/3753","targetHints":{"allow":["GET"]}}],"collection":[{"href":"https:\/\/talkpal.ai\/de\/wp-json\/wp\/v2\/grammar_exercises"}],"about":[{"href":"https:\/\/talkpal.ai\/de\/wp-json\/wp\/v2\/types\/grammar_exercises"}],"wp:featuredmedia":[{"embeddable":true,"href":"https:\/\/talkpal.ai\/de\/wp-json\/wp\/v2\/media\/1527752"}],"wp:attachment":[{"href":"https:\/\/talkpal.ai\/de\/wp-json\/wp\/v2\/media?parent=3753"}],"wp:term":[{"taxonomy":"exercise_language","embeddable":true,"href":"https:\/\/talkpal.ai\/de\/wp-json\/wp\/v2\/exercise_language?post=3753"}],"curies":[{"name":"wp","href":"https:\/\/api.w.org\/{rel}","templated":true}]}}