{"id":1126031,"date":"2025-07-06T05:33:10","date_gmt":"2025-07-06T05:33:10","guid":{"rendered":"https:\/\/talkpal.ai\/grammar_exercises\/ubungen-zu-relativadverbien-fur-die-slowenische-grammatik\/"},"modified":"2025-07-06T05:33:10","modified_gmt":"2025-07-06T05:33:10","slug":"ubungen-zu-relativadverbien-fur-die-slowenische-grammatik","status":"publish","type":"grammar_exercises","link":"https:\/\/talkpal.ai\/de\/grammar_exercises\/ubungen-zu-relativadverbien-fur-die-slowenische-grammatik\/","title":{"rendered":"\u00dcbungen zu Relativadverbien f\u00fcr die slowenische Grammatik"},"content":{"rendered":"<p>In diesen \u00dcbungen zu Relativadverbien f\u00fcr die <a href=\"https:\/\/talkpal.ai\/es\/gramatica-eslovena\/\">slowenische Grammatik<\/a> lernst du, wie man Relativadverbien korrekt im Satz verwendet. Relativadverbien verbinden <a href=\"https:\/\/talkpal.ai\/ar\/grammar_exercises\/nebensatze-%d8%aa%d9%85%d8%a7%d8%b1%d9%8a%d9%86-%d9%84%d9%84%d9%82%d9%88%d8%a7%d8%b9%d8%af-%d8%a7%d9%84%d8%a3%d9%84%d9%85%d8%a7%d9%86%d9%8a%d8%a9\/\">Nebens\u00e4tze<\/a> mit Haupts\u00e4tzen und beziehen sich auf Zeit, Ort oder Grund. Achte auf die richtige Form und Position der Relativadverbien in den folgenden S\u00e4tzen.<\/p>\n<h3>\u00dcbung 1: Relativadverbien f\u00fcr Zeit<\/h3>\n<div class=\"input_sentences\">\n1. Das ist der Tag, *an dem* wir uns kennengelernt haben. (Hinweis: Relativadverb f\u00fcr Zeit, bedeutet \u201ean welchem Tag\u201c)<br \/>\n2. Die Stunde, *in der* wir Unterricht haben, beginnt um acht Uhr. (Hinweis: Relativadverb f\u00fcr Zeit, \u201ein welcher Stunde\u201c)<br \/>\n3. Der Moment, *als* er hereinkam, war sehr spannend. (Hinweis: Relativadverb, das einen Zeitpunkt beschreibt)<br \/>\n4. Das Jahr, *in dem* ich geboren wurde, war 1990. (Hinweis: Relativadverb f\u00fcr Zeit)<br \/>\n5. Der Tag, *an dem* das Fest stattfindet, ist Samstag. (Hinweis: Relativadverb f\u00fcr Zeit)<br \/>\n6. Die Zeit, *in der* alles begann, ist wichtig zu wissen. (Hinweis: Relativadverb f\u00fcr Zeit)<br \/>\n7. Der Augenblick, *in dem* sie lachte, war wundersch\u00f6n. (Hinweis: Relativadverb f\u00fcr Zeitpunkt)<br \/>\n8. Die Stunde, *in der* wir uns treffen, ist morgen fr\u00fch. (Hinweis: Relativadverb f\u00fcr Zeit)<br \/>\n9. Der Tag, *an dem* ich umgezogen bin, war kalt. (Hinweis: Relativadverb f\u00fcr Zeit)<br \/>\n10. Die Zeit, *w\u00e4hrend der* wir warteten, war lang. (Hinweis: Relativadverb f\u00fcr Zeit, \u201ew\u00e4hrend welcher Zeit\u201c)\n<\/div>\n<div class=\"exercise\"><\/div>\n<h3>\u00dcbung 2: Relativadverbien f\u00fcr Ort und Grund<\/h3>\n<div class=\"input_sentences\">\n1. Das ist der Ort, *an dem* wir uns getroffen haben. (Hinweis: Relativadverb f\u00fcr Ort, \u201ean welchem Ort\u201c)<br \/>\n2. Das Haus, *in dem* ich wohne, ist sehr alt. (Hinweis: Relativadverb f\u00fcr Ort, \u201ein welchem Ort\/ Geb\u00e4ude\u201c)<br \/>\n3. Der Platz, *auf dem* das Konzert stattfand, war voll. (Hinweis: Relativadverb f\u00fcr Ort, \u201eauf welchem Platz\u201c)<br \/>\n4. Das Dorf, *in dem* sie geboren wurde, liegt in den <a href=\"https:\/\/talkpal.ai\/locations\/language-courses-in-bergen\/\">Bergen<\/a>. (Hinweis: Relativadverb f\u00fcr Ort)<br \/>\n5. Der Grund, *warum* er nicht kam, ist unbekannt. (Hinweis: Relativadverb f\u00fcr Grund, \u201eweshalb\u201c)<br \/>\n6. Der Ort, *wo* wir uns das letzte Mal sahen, war der Park. (Hinweis: Relativadverb f\u00fcr Ort, \u201ewo\u201c)<br \/>\n7. Die Stadt, *in der* das Festival stattfindet, ist sehr bekannt. (Hinweis: Relativadverb f\u00fcr Ort)<br \/>\n8. Der Grund, *weshalb* sie traurig war, ist privat. (Hinweis: Relativadverb f\u00fcr Grund)<br \/>\n9. Das Zimmer, *in dem* ich schlafe, ist sehr gem\u00fctlich. (Hinweis: Relativadverb f\u00fcr Ort)<br \/>\n10. Der Platz, *an dem* wir uns verabschiedeten, war am Bahnhof. (Hinweis: Relativadverb f\u00fcr Ort)\n<\/div>\n<div class=\"exercise\"><\/div>\n","protected":false},"featured_media":1527757,"parent":0,"menu_order":0,"template":"","exercise_language":[13701,13693],"class_list":["post-1126031","grammar_exercises","type-grammar_exercises","status-publish","has-post-thumbnail","hentry","exercise_language-adverbien-slowenische-grammatik","exercise_language-slowenische-ubungen"],"acf":[],"yoast_head":"<!-- This site is optimized with the Yoast SEO Premium plugin v27.2 (Yoast SEO v27.2) - https:\/\/yoast.com\/product\/yoast-seo-premium-wordpress\/ -->\n<title>\u00dcbungen zu Relativadverbien f\u00fcr die slowenische Grammatik - Talkpal<\/title>\n<meta name=\"description\" content=\"In diesen \u00dcbungen zu Relativadverbien f\u00fcr die slowenische Grammatik lernst du, wie man Relativadverbien korrekt im Satz verwendet. Relativadverbien\" \/>\n<meta name=\"robots\" content=\"index, follow, max-snippet:-1, max-image-preview:large, max-video-preview:-1\" \/>\n<link rel=\"canonical\" href=\"https:\/\/talkpal.ai\/de\/grammar_exercises\/ubungen-zu-relativadverbien-fur-die-slowenische-grammatik\/\" \/>\n<meta property=\"og:locale\" content=\"de_DE\" \/>\n<meta property=\"og:type\" content=\"article\" \/>\n<meta property=\"og:title\" content=\"\u00dcbungen zu Relativadverbien f\u00fcr die slowenische Grammatik\" \/>\n<meta property=\"og:description\" content=\"In diesen \u00dcbungen zu Relativadverbien f\u00fcr die slowenische Grammatik lernst du, wie man Relativadverbien korrekt im Satz verwendet. Relativadverbien\" \/>\n<meta property=\"og:url\" content=\"https:\/\/talkpal.ai\/de\/grammar_exercises\/ubungen-zu-relativadverbien-fur-die-slowenische-grammatik\/\" \/>\n<meta property=\"og:site_name\" content=\"Talkpal\" \/>\n<meta property=\"article:publisher\" content=\"https:\/\/www.facebook.com\/profile.php?id=100090733639311\" \/>\n<meta property=\"og:image\" content=\"https:\/\/talkpal.ai\/wp-content\/uploads\/2025\/02\/Progress-tab-16_9.png\" \/>\n\t<meta property=\"og:image:width\" content=\"2880\" \/>\n\t<meta property=\"og:image:height\" content=\"1620\" \/>\n\t<meta property=\"og:image:type\" content=\"image\/png\" \/>\n<meta name=\"twitter:card\" content=\"summary_large_image\" \/>\n<meta name=\"twitter:site\" content=\"@talkpalai\" \/>\n<meta name=\"twitter:label1\" content=\"Gesch\u00e4tzte Lesezeit\" \/>\n\t<meta name=\"twitter:data1\" content=\"2\u00a0Minuten\" \/>\n<script type=\"application\/ld+json\" class=\"yoast-schema-graph\">{\"@context\":\"https:\/\/schema.org\",\"@graph\":[{\"@type\":\"WebPage\",\"@id\":\"https:\/\/talkpal.ai\/de\/grammar_exercises\/ubungen-zu-relativadverbien-fur-die-slowenische-grammatik\/\",\"url\":\"https:\/\/talkpal.ai\/de\/grammar_exercises\/ubungen-zu-relativadverbien-fur-die-slowenische-grammatik\/\",\"name\":\"\u00dcbungen zu Relativadverbien f\u00fcr die slowenische Grammatik - Talkpal\",\"isPartOf\":{\"@id\":\"https:\/\/talkpal.ai\/de\/#website\"},\"primaryImageOfPage\":{\"@id\":\"https:\/\/talkpal.ai\/de\/grammar_exercises\/ubungen-zu-relativadverbien-fur-die-slowenische-grammatik\/#primaryimage\"},\"image\":{\"@id\":\"https:\/\/talkpal.ai\/de\/grammar_exercises\/ubungen-zu-relativadverbien-fur-die-slowenische-grammatik\/#primaryimage\"},\"thumbnailUrl\":\"https:\/\/talkpal.ai\/wp-content\/uploads\/2025\/12\/library-is-visited-to-learn-languages.webp\",\"datePublished\":\"2025-07-06T05:33:10+00:00\",\"description\":\"In diesen \u00dcbungen zu Relativadverbien f\u00fcr die slowenische Grammatik lernst du, wie man Relativadverbien korrekt im Satz verwendet. Relativadverbien\",\"breadcrumb\":{\"@id\":\"https:\/\/talkpal.ai\/de\/grammar_exercises\/ubungen-zu-relativadverbien-fur-die-slowenische-grammatik\/#breadcrumb\"},\"inLanguage\":\"de\",\"potentialAction\":[{\"@type\":\"ReadAction\",\"target\":[\"https:\/\/talkpal.ai\/de\/grammar_exercises\/ubungen-zu-relativadverbien-fur-die-slowenische-grammatik\/\"]}]},{\"@type\":\"ImageObject\",\"inLanguage\":\"de\",\"@id\":\"https:\/\/talkpal.ai\/de\/grammar_exercises\/ubungen-zu-relativadverbien-fur-die-slowenische-grammatik\/#primaryimage\",\"url\":\"https:\/\/talkpal.ai\/wp-content\/uploads\/2025\/12\/library-is-visited-to-learn-languages.webp\",\"contentUrl\":\"https:\/\/talkpal.ai\/wp-content\/uploads\/2025\/12\/library-is-visited-to-learn-languages.webp\",\"width\":1200,\"height\":896,\"caption\":\"A man in a brown sweater uses a tablet and books for learning languages in a quiet library setting.\"},{\"@type\":\"BreadcrumbList\",\"@id\":\"https:\/\/talkpal.ai\/de\/grammar_exercises\/ubungen-zu-relativadverbien-fur-die-slowenische-grammatik\/#breadcrumb\",\"itemListElement\":[{\"@type\":\"ListItem\",\"position\":1,\"name\":\"Homepage\",\"item\":\"https:\/\/talkpal.ai\/de\/\"},{\"@type\":\"ListItem\",\"position\":2,\"name\":\"\u00dcbungen zu Relativadverbien f\u00fcr die slowenische Grammatik\"}]},{\"@type\":\"WebSite\",\"@id\":\"https:\/\/talkpal.ai\/de\/#website\",\"url\":\"https:\/\/talkpal.ai\/de\/\",\"name\":\"Talkpal\",\"description\":\"AI Language Learning\",\"publisher\":{\"@id\":\"https:\/\/talkpal.ai\/de\/#organization\"},\"alternateName\":\"Talkpal AI\",\"potentialAction\":[{\"@type\":\"SearchAction\",\"target\":{\"@type\":\"EntryPoint\",\"urlTemplate\":\"https:\/\/talkpal.ai\/de\/?s={search_term_string}\"},\"query-input\":{\"@type\":\"PropertyValueSpecification\",\"valueRequired\":true,\"valueName\":\"search_term_string\"}}],\"inLanguage\":\"de\"},{\"@type\":\"Organization\",\"@id\":\"https:\/\/talkpal.ai\/de\/#organization\",\"name\":\"Talkpal, Inc.\",\"alternateName\":\"Talkpal AI\",\"url\":\"https:\/\/talkpal.ai\/de\/\",\"logo\":{\"@type\":\"ImageObject\",\"inLanguage\":\"de\",\"@id\":\"https:\/\/talkpal.ai\/de\/#\/schema\/logo\/image\/\",\"url\":\"https:\/\/talkpal.ai\/wp-content\/uploads\/2024\/03\/Talkpal-Logo-Icon.png\",\"contentUrl\":\"https:\/\/talkpal.ai\/wp-content\/uploads\/2024\/03\/Talkpal-Logo-Icon.png\",\"width\":2880,\"height\":2880,\"caption\":\"Talkpal, Inc.\"},\"image\":{\"@id\":\"https:\/\/talkpal.ai\/de\/#\/schema\/logo\/image\/\"},\"sameAs\":[\"https:\/\/www.facebook.com\/profile.php?id=100090733639311\",\"https:\/\/x.com\/talkpalai\",\"https:\/\/www.linkedin.com\/company\/talkpal\/\",\"https:\/\/www.youtube.com\/@TalkPal\/\",\"https:\/\/www.tiktok.com\/@talkpal\",\"https:\/\/www.instagram.com\/talkpal_ai\/\",\"https:\/\/www.crunchbase.com\/organization\/talkpal-9cde\",\"https:\/\/www.g2.com\/products\/talkpal-for-business\/\",\"https:\/\/www.trustpilot.com\/review\/talkpal.ai\",\"https:\/\/www.capterra.com\/p\/10006800\/TalkPal\/\"],\"description\":\"Talkpal is a language learning web and mobile education app, powered by the latest AI technologies, that provides engaging experiences to its customers in many different languages to help them improve their language skills. Users can chat about unlimited amount of topics with the app and use other modes to practice their language learning.\",\"email\":\"support@talkpal.ai\",\"legalName\":\"Talkpal, Inc.\",\"foundingDate\":\"2023-04-03\",\"duns\":\"118989042\",\"numberOfEmployees\":{\"@type\":\"QuantitativeValue\",\"minValue\":\"11\",\"maxValue\":\"50\"},\"publishingPrinciples\":\"https:\/\/talkpal.ai\/publishing-principles\/\",\"actionableFeedbackPolicy\":\"https:\/\/talkpal.ai\/actionable-feedback-policy\/\",\"correctionsPolicy\":\"https:\/\/talkpal.ai\/corrections-policy\/\",\"ethicsPolicy\":\"https:\/\/talkpal.ai\/ethics-policy\/\",\"diversityPolicy\":\"https:\/\/talkpal.ai\/diversity-policy\/\",\"diversityStaffingReport\":\"https:\/\/talkpal.ai\/diversity-policy\/\"}]}<\/script>\n<!-- \/ Yoast SEO Premium plugin. -->","yoast_head_json":{"title":"\u00dcbungen zu Relativadverbien f\u00fcr die slowenische Grammatik - Talkpal","description":"In diesen \u00dcbungen zu Relativadverbien f\u00fcr die slowenische Grammatik lernst du, wie man Relativadverbien korrekt im Satz verwendet. Relativadverbien","robots":{"index":"index","follow":"follow","max-snippet":"max-snippet:-1","max-image-preview":"max-image-preview:large","max-video-preview":"max-video-preview:-1"},"canonical":"https:\/\/talkpal.ai\/de\/grammar_exercises\/ubungen-zu-relativadverbien-fur-die-slowenische-grammatik\/","og_locale":"de_DE","og_type":"article","og_title":"\u00dcbungen zu Relativadverbien f\u00fcr die slowenische Grammatik","og_description":"In diesen \u00dcbungen zu Relativadverbien f\u00fcr die slowenische Grammatik lernst du, wie man Relativadverbien korrekt im Satz verwendet. Relativadverbien","og_url":"https:\/\/talkpal.ai\/de\/grammar_exercises\/ubungen-zu-relativadverbien-fur-die-slowenische-grammatik\/","og_site_name":"Talkpal","article_publisher":"https:\/\/www.facebook.com\/profile.php?id=100090733639311","og_image":[{"width":2880,"height":1620,"url":"https:\/\/talkpal.ai\/wp-content\/uploads\/2025\/02\/Progress-tab-16_9.png","type":"image\/png"}],"twitter_card":"summary_large_image","twitter_site":"@talkpalai","twitter_misc":{"Gesch\u00e4tzte Lesezeit":"2\u00a0Minuten"},"schema":{"@context":"https:\/\/schema.org","@graph":[{"@type":"WebPage","@id":"https:\/\/talkpal.ai\/de\/grammar_exercises\/ubungen-zu-relativadverbien-fur-die-slowenische-grammatik\/","url":"https:\/\/talkpal.ai\/de\/grammar_exercises\/ubungen-zu-relativadverbien-fur-die-slowenische-grammatik\/","name":"\u00dcbungen zu Relativadverbien f\u00fcr die slowenische Grammatik - Talkpal","isPartOf":{"@id":"https:\/\/talkpal.ai\/de\/#website"},"primaryImageOfPage":{"@id":"https:\/\/talkpal.ai\/de\/grammar_exercises\/ubungen-zu-relativadverbien-fur-die-slowenische-grammatik\/#primaryimage"},"image":{"@id":"https:\/\/talkpal.ai\/de\/grammar_exercises\/ubungen-zu-relativadverbien-fur-die-slowenische-grammatik\/#primaryimage"},"thumbnailUrl":"https:\/\/talkpal.ai\/wp-content\/uploads\/2025\/12\/library-is-visited-to-learn-languages.webp","datePublished":"2025-07-06T05:33:10+00:00","description":"In diesen \u00dcbungen zu Relativadverbien f\u00fcr die slowenische Grammatik lernst du, wie man Relativadverbien korrekt im Satz verwendet. Relativadverbien","breadcrumb":{"@id":"https:\/\/talkpal.ai\/de\/grammar_exercises\/ubungen-zu-relativadverbien-fur-die-slowenische-grammatik\/#breadcrumb"},"inLanguage":"de","potentialAction":[{"@type":"ReadAction","target":["https:\/\/talkpal.ai\/de\/grammar_exercises\/ubungen-zu-relativadverbien-fur-die-slowenische-grammatik\/"]}]},{"@type":"ImageObject","inLanguage":"de","@id":"https:\/\/talkpal.ai\/de\/grammar_exercises\/ubungen-zu-relativadverbien-fur-die-slowenische-grammatik\/#primaryimage","url":"https:\/\/talkpal.ai\/wp-content\/uploads\/2025\/12\/library-is-visited-to-learn-languages.webp","contentUrl":"https:\/\/talkpal.ai\/wp-content\/uploads\/2025\/12\/library-is-visited-to-learn-languages.webp","width":1200,"height":896,"caption":"A man in a brown sweater uses a tablet and books for learning languages in a quiet library setting."},{"@type":"BreadcrumbList","@id":"https:\/\/talkpal.ai\/de\/grammar_exercises\/ubungen-zu-relativadverbien-fur-die-slowenische-grammatik\/#breadcrumb","itemListElement":[{"@type":"ListItem","position":1,"name":"Homepage","item":"https:\/\/talkpal.ai\/de\/"},{"@type":"ListItem","position":2,"name":"\u00dcbungen zu Relativadverbien f\u00fcr die slowenische Grammatik"}]},{"@type":"WebSite","@id":"https:\/\/talkpal.ai\/de\/#website","url":"https:\/\/talkpal.ai\/de\/","name":"Talkpal","description":"AI Language Learning","publisher":{"@id":"https:\/\/talkpal.ai\/de\/#organization"},"alternateName":"Talkpal AI","potentialAction":[{"@type":"SearchAction","target":{"@type":"EntryPoint","urlTemplate":"https:\/\/talkpal.ai\/de\/?s={search_term_string}"},"query-input":{"@type":"PropertyValueSpecification","valueRequired":true,"valueName":"search_term_string"}}],"inLanguage":"de"},{"@type":"Organization","@id":"https:\/\/talkpal.ai\/de\/#organization","name":"Talkpal, Inc.","alternateName":"Talkpal AI","url":"https:\/\/talkpal.ai\/de\/","logo":{"@type":"ImageObject","inLanguage":"de","@id":"https:\/\/talkpal.ai\/de\/#\/schema\/logo\/image\/","url":"https:\/\/talkpal.ai\/wp-content\/uploads\/2024\/03\/Talkpal-Logo-Icon.png","contentUrl":"https:\/\/talkpal.ai\/wp-content\/uploads\/2024\/03\/Talkpal-Logo-Icon.png","width":2880,"height":2880,"caption":"Talkpal, Inc."},"image":{"@id":"https:\/\/talkpal.ai\/de\/#\/schema\/logo\/image\/"},"sameAs":["https:\/\/www.facebook.com\/profile.php?id=100090733639311","https:\/\/x.com\/talkpalai","https:\/\/www.linkedin.com\/company\/talkpal\/","https:\/\/www.youtube.com\/@TalkPal\/","https:\/\/www.tiktok.com\/@talkpal","https:\/\/www.instagram.com\/talkpal_ai\/","https:\/\/www.crunchbase.com\/organization\/talkpal-9cde","https:\/\/www.g2.com\/products\/talkpal-for-business\/","https:\/\/www.trustpilot.com\/review\/talkpal.ai","https:\/\/www.capterra.com\/p\/10006800\/TalkPal\/"],"description":"Talkpal is a language learning web and mobile education app, powered by the latest AI technologies, that provides engaging experiences to its customers in many different languages to help them improve their language skills. Users can chat about unlimited amount of topics with the app and use other modes to practice their language learning.","email":"support@talkpal.ai","legalName":"Talkpal, Inc.","foundingDate":"2023-04-03","duns":"118989042","numberOfEmployees":{"@type":"QuantitativeValue","minValue":"11","maxValue":"50"},"publishingPrinciples":"https:\/\/talkpal.ai\/publishing-principles\/","actionableFeedbackPolicy":"https:\/\/talkpal.ai\/actionable-feedback-policy\/","correctionsPolicy":"https:\/\/talkpal.ai\/corrections-policy\/","ethicsPolicy":"https:\/\/talkpal.ai\/ethics-policy\/","diversityPolicy":"https:\/\/talkpal.ai\/diversity-policy\/","diversityStaffingReport":"https:\/\/talkpal.ai\/diversity-policy\/"}]}},"_links":{"self":[{"href":"https:\/\/talkpal.ai\/de\/wp-json\/wp\/v2\/grammar_exercises\/1126031","targetHints":{"allow":["GET"]}}],"collection":[{"href":"https:\/\/talkpal.ai\/de\/wp-json\/wp\/v2\/grammar_exercises"}],"about":[{"href":"https:\/\/talkpal.ai\/de\/wp-json\/wp\/v2\/types\/grammar_exercises"}],"wp:featuredmedia":[{"embeddable":true,"href":"https:\/\/talkpal.ai\/de\/wp-json\/wp\/v2\/media\/1527757"}],"wp:attachment":[{"href":"https:\/\/talkpal.ai\/de\/wp-json\/wp\/v2\/media?parent=1126031"}],"wp:term":[{"taxonomy":"exercise_language","embeddable":true,"href":"https:\/\/talkpal.ai\/de\/wp-json\/wp\/v2\/exercise_language?post=1126031"}],"curies":[{"name":"wp","href":"https:\/\/api.w.org\/{rel}","templated":true}]}}