{"id":1125988,"date":"2025-07-06T05:32:27","date_gmt":"2025-07-06T05:32:27","guid":{"rendered":"https:\/\/talkpal.ai\/grammar_exercises\/ubungen-zu-reflexiven-verben-fur-die-slowenische-grammatik\/"},"modified":"2025-07-06T05:32:27","modified_gmt":"2025-07-06T05:32:27","slug":"ubungen-zu-reflexiven-verben-fur-die-slowenische-grammatik","status":"publish","type":"grammar_exercises","link":"https:\/\/talkpal.ai\/de\/grammar_exercises\/ubungen-zu-reflexiven-verben-fur-die-slowenische-grammatik\/","title":{"rendered":"\u00dcbungen zu reflexiven Verben f\u00fcr die slowenische Grammatik"},"content":{"rendered":"<p><a href=\"https:\/\/talkpal.ai\/hi\/grammar_exercises\/reflexive-verben-%e0%a4%9c%e0%a4%b0%e0%a5%8d%e0%a4%ae%e0%a4%a8-%e0%a4%b5%e0%a5%8d%e0%a4%af%e0%a4%be%e0%a4%95%e0%a4%b0%e0%a4%a3-%e0%a4%95%e0%a5%87-%e0%a4%b2%e0%a4%bf%e0%a4%8f-%e0%a4%85%e0%a4%ad\/\">Reflexive Verben<\/a> sind Verben, bei denen sich das Subjekt und das Objekt auf dieselbe Person beziehen. Im Slowenischen werden <a href=\"https:\/\/talkpal.ai\/hi\/grammar_exercises\/reflexive-verben-%e0%a4%9c%e0%a4%b0%e0%a5%8d%e0%a4%ae%e0%a4%a8-%e0%a4%b5%e0%a5%8d%e0%a4%af%e0%a4%be%e0%a4%95%e0%a4%b0%e0%a4%a3-%e0%a4%95%e0%a5%87-%e0%a4%b2%e0%a4%bf%e0%a4%8f-%e0%a4%85%e0%a4%ad\/\">reflexive Verben<\/a> oft mit dem <a href=\"https:\/\/talkpal.ai\/el\/grammar\/reflexivpronomen-%cf%83%cf%84%ce%b7-%ce%b3%ce%b5%cf%81%ce%bc%ce%b1%ce%bd%ce%b9%ce%ba%ce%ae-%ce%b3%cf%81%ce%b1%ce%bc%ce%bc%ce%b1%cf%84%ce%b9%ce%ba%ce%ae\/\">Reflexivpronomen<\/a> \u00bbse\u00ab verwendet. In diesen \u00dcbungen lernen Sie, wie man reflexive Verben korrekt im Satz verwendet.<\/p>\n<h3>\u00dcbung 1: Reflexive Verben im Pr\u00e4sens<\/h3>\n<div class=\"input_sentences\">\n1. Jaz *se* umivam vsak dan. (Hinweis: Reflexivpronomen im Pr\u00e4sens f\u00fcr &#8222;ich&#8220;)<br \/>\n2. Ti *se* obla\u010di\u0161 hitro. (Hinweis: Reflexivpronomen im Pr\u00e4sens f\u00fcr &#8222;du&#8220;)<br \/>\n3. On *se* zbuja ob sedmih. (Hinweis: Reflexivpronomen im Pr\u00e4sens f\u00fcr &#8222;er&#8220;)<br \/>\n4. Mi *se* pripravljamo na izpit. (Hinweis: Reflexivpronomen im Pr\u00e4sens f\u00fcr &#8222;wir&#8220;)<br \/>\n5. Vi *se* u\u010dite slovensko. (Hinweis: Reflexivpronomen im Pr\u00e4sens f\u00fcr &#8222;ihr&#8220; oder H\u00f6flichkeitsform)<br \/>\n6. Oni *se* igrajo na igri\u0161\u010du. (Hinweis: Reflexivpronomen im Pr\u00e4sens f\u00fcr &#8222;sie&#8220; Plural)<br \/>\n7. Ti *se* smeji\u0161 zabavnim \u0161alam. (Hinweis: Reflexivpronomen im Pr\u00e4sens f\u00fcr &#8222;du&#8220;)<br \/>\n8. Ona *se* li\u010di za zabavo. (Hinweis: Reflexivpronomen im Pr\u00e4sens f\u00fcr &#8222;sie&#8220; Singular)<br \/>\n9. Midva *se* pogovarjava po telefonu. (Hinweis: Reflexivpronomen im Pr\u00e4sens f\u00fcr &#8222;wir&#8220; zwei Personen)<br \/>\n10. Vi *se* spro\u0161\u010date po delu. (Hinweis: Reflexivpronomen im Pr\u00e4sens f\u00fcr &#8222;ihr&#8220; oder H\u00f6flichkeitsform)\n<\/div>\n<div class=\"exercise\"><\/div>\n<h3>\u00dcbung 2: Reflexive Verben im Perfekt<\/h3>\n<div class=\"input_sentences\">\n1. Jaz *sem se* zbudil zgodaj. (Hinweis: Perfekt mit Hilfsverb und Reflexivpronomen f\u00fcr &#8222;ich&#8220; m\u00e4nnlich)<br \/>\n2. Ti *si se* umil roke. (Hinweis: Perfekt mit Hilfsverb und Reflexivpronomen f\u00fcr &#8222;du&#8220;)<br \/>\n3. Ona *je se* oblekla lepo. (Hinweis: Perfekt mit Hilfsverb und Reflexivpronomen f\u00fcr &#8222;sie&#8220; weiblich)<br \/>\n4. Mi *smo se* u\u010dili za izpit. (Hinweis: Perfekt mit Hilfsverb und Reflexivpronomen f\u00fcr &#8222;wir&#8220;)<br \/>\n5. Vi *ste se* zabavali na zabavi. (Hinweis: Perfekt mit Hilfsverb und Reflexivpronomen f\u00fcr &#8222;ihr&#8220; oder H\u00f6flichkeitsform)<br \/>\n6. Oni *so se* igrali ves dan. (Hinweis: Perfekt mit Hilfsverb und Reflexivpronomen f\u00fcr &#8222;sie&#8220; Plural)<br \/>\n7. Jaz *sem se* pripravil na potovanje. (Hinweis: Perfekt mit Hilfsverb und Reflexivpronomen f\u00fcr &#8222;ich&#8220; m\u00e4nnlich)<br \/>\n8. Ti *si se* nasmejal ob \u0161ali. (Hinweis: Perfekt mit Hilfsverb und Reflexivpronomen f\u00fcr &#8222;du&#8220; m\u00e4nnlich)<br \/>\n9. Ona *je se* li\u010dila za predstavo. (Hinweis: Perfekt mit Hilfsverb und Reflexivpronomen f\u00fcr &#8222;sie&#8220; weiblich)<br \/>\n10. Mi *smo se* spo\u010dili po delu. (Hinweis: Perfekt mit Hilfsverb und Reflexivpronomen f\u00fcr &#8222;wir&#8220;)\n<\/div>\n<div class=\"exercise\"><\/div>\n","protected":false},"featured_media":1527746,"parent":0,"menu_order":0,"template":"","exercise_language":[13693,13799],"class_list":["post-1125988","grammar_exercises","type-grammar_exercises","status-publish","has-post-thumbnail","hentry","exercise_language-slowenische-ubungen","exercise_language-verben-slowenische-grammatik"],"acf":[],"yoast_head":"<!-- This site is optimized with the Yoast SEO Premium plugin v27.2 (Yoast SEO v27.2) - https:\/\/yoast.com\/product\/yoast-seo-premium-wordpress\/ -->\n<title>\u00dcbungen zu reflexiven Verben f\u00fcr die slowenische Grammatik - Talkpal<\/title>\n<meta name=\"description\" content=\"Reflexive Verben sind Verben, bei denen sich das Subjekt und das Objekt auf dieselbe Person beziehen. Im Slowenischen werden reflexive Verben oft mit dem\" \/>\n<meta name=\"robots\" content=\"index, follow, max-snippet:-1, max-image-preview:large, max-video-preview:-1\" \/>\n<link rel=\"canonical\" href=\"https:\/\/talkpal.ai\/de\/grammar_exercises\/ubungen-zu-reflexiven-verben-fur-die-slowenische-grammatik\/\" \/>\n<meta property=\"og:locale\" content=\"de_DE\" \/>\n<meta property=\"og:type\" content=\"article\" \/>\n<meta property=\"og:title\" content=\"\u00dcbungen zu reflexiven Verben f\u00fcr die slowenische Grammatik\" \/>\n<meta property=\"og:description\" content=\"Reflexive Verben sind Verben, bei denen sich das Subjekt und das Objekt auf dieselbe Person beziehen. Im Slowenischen werden reflexive Verben oft mit dem\" \/>\n<meta property=\"og:url\" content=\"https:\/\/talkpal.ai\/de\/grammar_exercises\/ubungen-zu-reflexiven-verben-fur-die-slowenische-grammatik\/\" \/>\n<meta property=\"og:site_name\" content=\"Talkpal\" \/>\n<meta property=\"article:publisher\" content=\"https:\/\/www.facebook.com\/profile.php?id=100090733639311\" \/>\n<meta property=\"og:image\" content=\"https:\/\/talkpal.ai\/wp-content\/uploads\/2025\/02\/Progress-tab-16_9.png\" \/>\n\t<meta property=\"og:image:width\" content=\"2880\" \/>\n\t<meta property=\"og:image:height\" content=\"1620\" \/>\n\t<meta property=\"og:image:type\" content=\"image\/png\" \/>\n<meta name=\"twitter:card\" content=\"summary_large_image\" \/>\n<meta name=\"twitter:site\" content=\"@talkpalai\" \/>\n<meta name=\"twitter:label1\" content=\"Gesch\u00e4tzte Lesezeit\" \/>\n\t<meta name=\"twitter:data1\" content=\"2\u00a0Minuten\" \/>\n<script type=\"application\/ld+json\" class=\"yoast-schema-graph\">{\"@context\":\"https:\/\/schema.org\",\"@graph\":[{\"@type\":\"WebPage\",\"@id\":\"https:\/\/talkpal.ai\/de\/grammar_exercises\/ubungen-zu-reflexiven-verben-fur-die-slowenische-grammatik\/\",\"url\":\"https:\/\/talkpal.ai\/de\/grammar_exercises\/ubungen-zu-reflexiven-verben-fur-die-slowenische-grammatik\/\",\"name\":\"\u00dcbungen zu reflexiven Verben f\u00fcr die slowenische Grammatik - Talkpal\",\"isPartOf\":{\"@id\":\"https:\/\/talkpal.ai\/de\/#website\"},\"primaryImageOfPage\":{\"@id\":\"https:\/\/talkpal.ai\/de\/grammar_exercises\/ubungen-zu-reflexiven-verben-fur-die-slowenische-grammatik\/#primaryimage\"},\"image\":{\"@id\":\"https:\/\/talkpal.ai\/de\/grammar_exercises\/ubungen-zu-reflexiven-verben-fur-die-slowenische-grammatik\/#primaryimage\"},\"thumbnailUrl\":\"https:\/\/talkpal.ai\/wp-content\/uploads\/2025\/12\/learning-languages-with-workbook.webp\",\"datePublished\":\"2025-07-06T05:32:27+00:00\",\"description\":\"Reflexive Verben sind Verben, bei denen sich das Subjekt und das Objekt auf dieselbe Person beziehen. Im Slowenischen werden reflexive Verben oft mit dem\",\"breadcrumb\":{\"@id\":\"https:\/\/talkpal.ai\/de\/grammar_exercises\/ubungen-zu-reflexiven-verben-fur-die-slowenische-grammatik\/#breadcrumb\"},\"inLanguage\":\"de\",\"potentialAction\":[{\"@type\":\"ReadAction\",\"target\":[\"https:\/\/talkpal.ai\/de\/grammar_exercises\/ubungen-zu-reflexiven-verben-fur-die-slowenische-grammatik\/\"]}]},{\"@type\":\"ImageObject\",\"inLanguage\":\"de\",\"@id\":\"https:\/\/talkpal.ai\/de\/grammar_exercises\/ubungen-zu-reflexiven-verben-fur-die-slowenische-grammatik\/#primaryimage\",\"url\":\"https:\/\/talkpal.ai\/wp-content\/uploads\/2025\/12\/learning-languages-with-workbook.webp\",\"contentUrl\":\"https:\/\/talkpal.ai\/wp-content\/uploads\/2025\/12\/learning-languages-with-workbook.webp\",\"width\":1200,\"height\":896,\"caption\":\"A student with her hair in a bun takes notes in a textbook for learning languages while sitting in a cafe.\"},{\"@type\":\"BreadcrumbList\",\"@id\":\"https:\/\/talkpal.ai\/de\/grammar_exercises\/ubungen-zu-reflexiven-verben-fur-die-slowenische-grammatik\/#breadcrumb\",\"itemListElement\":[{\"@type\":\"ListItem\",\"position\":1,\"name\":\"Homepage\",\"item\":\"https:\/\/talkpal.ai\/de\/\"},{\"@type\":\"ListItem\",\"position\":2,\"name\":\"\u00dcbungen zu reflexiven Verben f\u00fcr die slowenische Grammatik\"}]},{\"@type\":\"WebSite\",\"@id\":\"https:\/\/talkpal.ai\/de\/#website\",\"url\":\"https:\/\/talkpal.ai\/de\/\",\"name\":\"Talkpal\",\"description\":\"AI Language Learning\",\"publisher\":{\"@id\":\"https:\/\/talkpal.ai\/de\/#organization\"},\"alternateName\":\"Talkpal AI\",\"potentialAction\":[{\"@type\":\"SearchAction\",\"target\":{\"@type\":\"EntryPoint\",\"urlTemplate\":\"https:\/\/talkpal.ai\/de\/?s={search_term_string}\"},\"query-input\":{\"@type\":\"PropertyValueSpecification\",\"valueRequired\":true,\"valueName\":\"search_term_string\"}}],\"inLanguage\":\"de\"},{\"@type\":\"Organization\",\"@id\":\"https:\/\/talkpal.ai\/de\/#organization\",\"name\":\"Talkpal, Inc.\",\"alternateName\":\"Talkpal AI\",\"url\":\"https:\/\/talkpal.ai\/de\/\",\"logo\":{\"@type\":\"ImageObject\",\"inLanguage\":\"de\",\"@id\":\"https:\/\/talkpal.ai\/de\/#\/schema\/logo\/image\/\",\"url\":\"https:\/\/talkpal.ai\/wp-content\/uploads\/2024\/03\/Talkpal-Logo-Icon.png\",\"contentUrl\":\"https:\/\/talkpal.ai\/wp-content\/uploads\/2024\/03\/Talkpal-Logo-Icon.png\",\"width\":2880,\"height\":2880,\"caption\":\"Talkpal, Inc.\"},\"image\":{\"@id\":\"https:\/\/talkpal.ai\/de\/#\/schema\/logo\/image\/\"},\"sameAs\":[\"https:\/\/www.facebook.com\/profile.php?id=100090733639311\",\"https:\/\/x.com\/talkpalai\",\"https:\/\/www.linkedin.com\/company\/talkpal\/\",\"https:\/\/www.youtube.com\/@TalkPal\/\",\"https:\/\/www.tiktok.com\/@talkpal\",\"https:\/\/www.instagram.com\/talkpal_ai\/\",\"https:\/\/www.crunchbase.com\/organization\/talkpal-9cde\",\"https:\/\/www.g2.com\/products\/talkpal-for-business\/\",\"https:\/\/www.trustpilot.com\/review\/talkpal.ai\",\"https:\/\/www.capterra.com\/p\/10006800\/TalkPal\/\"],\"description\":\"Talkpal is a language learning web and mobile education app, powered by the latest AI technologies, that provides engaging experiences to its customers in many different languages to help them improve their language skills. Users can chat about unlimited amount of topics with the app and use other modes to practice their language learning.\",\"email\":\"support@talkpal.ai\",\"legalName\":\"Talkpal, Inc.\",\"foundingDate\":\"2023-04-03\",\"duns\":\"118989042\",\"numberOfEmployees\":{\"@type\":\"QuantitativeValue\",\"minValue\":\"11\",\"maxValue\":\"50\"},\"publishingPrinciples\":\"https:\/\/talkpal.ai\/publishing-principles\/\",\"actionableFeedbackPolicy\":\"https:\/\/talkpal.ai\/actionable-feedback-policy\/\",\"correctionsPolicy\":\"https:\/\/talkpal.ai\/corrections-policy\/\",\"ethicsPolicy\":\"https:\/\/talkpal.ai\/ethics-policy\/\",\"diversityPolicy\":\"https:\/\/talkpal.ai\/diversity-policy\/\",\"diversityStaffingReport\":\"https:\/\/talkpal.ai\/diversity-policy\/\"}]}<\/script>\n<!-- \/ Yoast SEO Premium plugin. -->","yoast_head_json":{"title":"\u00dcbungen zu reflexiven Verben f\u00fcr die slowenische Grammatik - Talkpal","description":"Reflexive Verben sind Verben, bei denen sich das Subjekt und das Objekt auf dieselbe Person beziehen. Im Slowenischen werden reflexive Verben oft mit dem","robots":{"index":"index","follow":"follow","max-snippet":"max-snippet:-1","max-image-preview":"max-image-preview:large","max-video-preview":"max-video-preview:-1"},"canonical":"https:\/\/talkpal.ai\/de\/grammar_exercises\/ubungen-zu-reflexiven-verben-fur-die-slowenische-grammatik\/","og_locale":"de_DE","og_type":"article","og_title":"\u00dcbungen zu reflexiven Verben f\u00fcr die slowenische Grammatik","og_description":"Reflexive Verben sind Verben, bei denen sich das Subjekt und das Objekt auf dieselbe Person beziehen. Im Slowenischen werden reflexive Verben oft mit dem","og_url":"https:\/\/talkpal.ai\/de\/grammar_exercises\/ubungen-zu-reflexiven-verben-fur-die-slowenische-grammatik\/","og_site_name":"Talkpal","article_publisher":"https:\/\/www.facebook.com\/profile.php?id=100090733639311","og_image":[{"width":2880,"height":1620,"url":"https:\/\/talkpal.ai\/wp-content\/uploads\/2025\/02\/Progress-tab-16_9.png","type":"image\/png"}],"twitter_card":"summary_large_image","twitter_site":"@talkpalai","twitter_misc":{"Gesch\u00e4tzte Lesezeit":"2\u00a0Minuten"},"schema":{"@context":"https:\/\/schema.org","@graph":[{"@type":"WebPage","@id":"https:\/\/talkpal.ai\/de\/grammar_exercises\/ubungen-zu-reflexiven-verben-fur-die-slowenische-grammatik\/","url":"https:\/\/talkpal.ai\/de\/grammar_exercises\/ubungen-zu-reflexiven-verben-fur-die-slowenische-grammatik\/","name":"\u00dcbungen zu reflexiven Verben f\u00fcr die slowenische Grammatik - Talkpal","isPartOf":{"@id":"https:\/\/talkpal.ai\/de\/#website"},"primaryImageOfPage":{"@id":"https:\/\/talkpal.ai\/de\/grammar_exercises\/ubungen-zu-reflexiven-verben-fur-die-slowenische-grammatik\/#primaryimage"},"image":{"@id":"https:\/\/talkpal.ai\/de\/grammar_exercises\/ubungen-zu-reflexiven-verben-fur-die-slowenische-grammatik\/#primaryimage"},"thumbnailUrl":"https:\/\/talkpal.ai\/wp-content\/uploads\/2025\/12\/learning-languages-with-workbook.webp","datePublished":"2025-07-06T05:32:27+00:00","description":"Reflexive Verben sind Verben, bei denen sich das Subjekt und das Objekt auf dieselbe Person beziehen. Im Slowenischen werden reflexive Verben oft mit dem","breadcrumb":{"@id":"https:\/\/talkpal.ai\/de\/grammar_exercises\/ubungen-zu-reflexiven-verben-fur-die-slowenische-grammatik\/#breadcrumb"},"inLanguage":"de","potentialAction":[{"@type":"ReadAction","target":["https:\/\/talkpal.ai\/de\/grammar_exercises\/ubungen-zu-reflexiven-verben-fur-die-slowenische-grammatik\/"]}]},{"@type":"ImageObject","inLanguage":"de","@id":"https:\/\/talkpal.ai\/de\/grammar_exercises\/ubungen-zu-reflexiven-verben-fur-die-slowenische-grammatik\/#primaryimage","url":"https:\/\/talkpal.ai\/wp-content\/uploads\/2025\/12\/learning-languages-with-workbook.webp","contentUrl":"https:\/\/talkpal.ai\/wp-content\/uploads\/2025\/12\/learning-languages-with-workbook.webp","width":1200,"height":896,"caption":"A student with her hair in a bun takes notes in a textbook for learning languages while sitting in a cafe."},{"@type":"BreadcrumbList","@id":"https:\/\/talkpal.ai\/de\/grammar_exercises\/ubungen-zu-reflexiven-verben-fur-die-slowenische-grammatik\/#breadcrumb","itemListElement":[{"@type":"ListItem","position":1,"name":"Homepage","item":"https:\/\/talkpal.ai\/de\/"},{"@type":"ListItem","position":2,"name":"\u00dcbungen zu reflexiven Verben f\u00fcr die slowenische Grammatik"}]},{"@type":"WebSite","@id":"https:\/\/talkpal.ai\/de\/#website","url":"https:\/\/talkpal.ai\/de\/","name":"Talkpal","description":"AI Language Learning","publisher":{"@id":"https:\/\/talkpal.ai\/de\/#organization"},"alternateName":"Talkpal AI","potentialAction":[{"@type":"SearchAction","target":{"@type":"EntryPoint","urlTemplate":"https:\/\/talkpal.ai\/de\/?s={search_term_string}"},"query-input":{"@type":"PropertyValueSpecification","valueRequired":true,"valueName":"search_term_string"}}],"inLanguage":"de"},{"@type":"Organization","@id":"https:\/\/talkpal.ai\/de\/#organization","name":"Talkpal, Inc.","alternateName":"Talkpal AI","url":"https:\/\/talkpal.ai\/de\/","logo":{"@type":"ImageObject","inLanguage":"de","@id":"https:\/\/talkpal.ai\/de\/#\/schema\/logo\/image\/","url":"https:\/\/talkpal.ai\/wp-content\/uploads\/2024\/03\/Talkpal-Logo-Icon.png","contentUrl":"https:\/\/talkpal.ai\/wp-content\/uploads\/2024\/03\/Talkpal-Logo-Icon.png","width":2880,"height":2880,"caption":"Talkpal, Inc."},"image":{"@id":"https:\/\/talkpal.ai\/de\/#\/schema\/logo\/image\/"},"sameAs":["https:\/\/www.facebook.com\/profile.php?id=100090733639311","https:\/\/x.com\/talkpalai","https:\/\/www.linkedin.com\/company\/talkpal\/","https:\/\/www.youtube.com\/@TalkPal\/","https:\/\/www.tiktok.com\/@talkpal","https:\/\/www.instagram.com\/talkpal_ai\/","https:\/\/www.crunchbase.com\/organization\/talkpal-9cde","https:\/\/www.g2.com\/products\/talkpal-for-business\/","https:\/\/www.trustpilot.com\/review\/talkpal.ai","https:\/\/www.capterra.com\/p\/10006800\/TalkPal\/"],"description":"Talkpal is a language learning web and mobile education app, powered by the latest AI technologies, that provides engaging experiences to its customers in many different languages to help them improve their language skills. Users can chat about unlimited amount of topics with the app and use other modes to practice their language learning.","email":"support@talkpal.ai","legalName":"Talkpal, Inc.","foundingDate":"2023-04-03","duns":"118989042","numberOfEmployees":{"@type":"QuantitativeValue","minValue":"11","maxValue":"50"},"publishingPrinciples":"https:\/\/talkpal.ai\/publishing-principles\/","actionableFeedbackPolicy":"https:\/\/talkpal.ai\/actionable-feedback-policy\/","correctionsPolicy":"https:\/\/talkpal.ai\/corrections-policy\/","ethicsPolicy":"https:\/\/talkpal.ai\/ethics-policy\/","diversityPolicy":"https:\/\/talkpal.ai\/diversity-policy\/","diversityStaffingReport":"https:\/\/talkpal.ai\/diversity-policy\/"}]}},"_links":{"self":[{"href":"https:\/\/talkpal.ai\/de\/wp-json\/wp\/v2\/grammar_exercises\/1125988","targetHints":{"allow":["GET"]}}],"collection":[{"href":"https:\/\/talkpal.ai\/de\/wp-json\/wp\/v2\/grammar_exercises"}],"about":[{"href":"https:\/\/talkpal.ai\/de\/wp-json\/wp\/v2\/types\/grammar_exercises"}],"wp:featuredmedia":[{"embeddable":true,"href":"https:\/\/talkpal.ai\/de\/wp-json\/wp\/v2\/media\/1527746"}],"wp:attachment":[{"href":"https:\/\/talkpal.ai\/de\/wp-json\/wp\/v2\/media?parent=1125988"}],"wp:term":[{"taxonomy":"exercise_language","embeddable":true,"href":"https:\/\/talkpal.ai\/de\/wp-json\/wp\/v2\/exercise_language?post=1125988"}],"curies":[{"name":"wp","href":"https:\/\/api.w.org\/{rel}","templated":true}]}}