{"id":1125767,"date":"2025-07-06T05:28:47","date_gmt":"2025-07-06T05:28:47","guid":{"rendered":"https:\/\/talkpal.ai\/grammar_exercises\/ubungen-zu-attributiven-adjektiven-fur-die-rumanische-grammatik\/"},"modified":"2025-07-06T05:28:47","modified_gmt":"2025-07-06T05:28:47","slug":"ubungen-zu-attributiven-adjektiven-fur-die-rumanische-grammatik","status":"publish","type":"grammar_exercises","link":"https:\/\/talkpal.ai\/de\/grammar_exercises\/ubungen-zu-attributiven-adjektiven-fur-die-rumanische-grammatik\/","title":{"rendered":"\u00dcbungen zu attributiven Adjektiven f\u00fcr die rum\u00e4nische Grammatik"},"content":{"rendered":"<p>In diesen \u00dcbungen zu attributiven Adjektiven f\u00fcr die <a href=\"https:\/\/talkpal.ai\/de\/grammar\/zweiter-konditional-in-der-rumanischen-grammatik\/\">rum\u00e4nische Grammatik<\/a> \u00fcben Sie, wie Adjektive korrekt vor dem Nomen stehen und in Kasus, Genus und Numerus angepasst werden. Die Hinweise helfen Ihnen dabei, die richtige Form des Adjektivs zu w\u00e4hlen.<\/p>\n<h3>\u00dcbung 1: Richtige Form des attributiven Adjektivs im Singular<\/h3>\n<div class=\"input_sentences\">\n1. Am v\u0103d o carte *interesant\u0103*. (Hinweis: Das Adjektiv steht vor einem weiblichen Nomen im Akkusativ Singular.)<br \/>\n2. El are un c\u00e2ine *mare*. (Hinweis: Das Adjektiv beschreibt ein m\u00e4nnliches Nomen im Nominativ Singular.)<br \/>\n3. Ea poart\u0103 o rochie *frumoas\u0103*. (Hinweis: Das Adjektiv steht vor einem femininen Nomen im Akkusativ Singular.)<br \/>\n4. Acesta este un b\u0103iat *inteligent*. (Hinweis: Das Adjektiv beschreibt ein m\u00e4nnliches Nomen im Nominativ Singular.)<br \/>\n5. Vreau o floare *ro\u0219ie*. (Hinweis: Das Adjektiv steht vor einem weiblichen Nomen im Akkusativ Singular.)<br \/>\n6. El cite\u0219te un ziar *nou*. (Hinweis: Das Adjektiv beschreibt ein m\u00e4nnliches Nomen im Akkusativ Singular.)<br \/>\n7. Am cump\u0103rat o mas\u0103 *stabil\u0103*. (Hinweis: Das Adjektiv steht vor einem femininen Nomen im Akkusativ Singular.)<br \/>\n8. Este un profesor *bun*. (Hinweis: Das Adjektiv beschreibt ein m\u00e4nnliches Nomen im Nominativ Singular.)<br \/>\n9. Ea are o geant\u0103 *mic\u0103*. (Hinweis: Das Adjektiv steht vor einem weiblichen Nomen im Akkusativ Singular.)<br \/>\n10. V\u0103d un copac *\u00eenalt*. (Hinweis: Das Adjektiv beschreibt ein m\u00e4nnliches Nomen im Akkusativ Singular.)\n<\/div>\n<div class=\"exercise\"><\/div>\n<h3>\u00dcbung 2: Richtige Form des attributiven Adjektivs im Plural<\/h3>\n<div class=\"input_sentences\">\n1. Am v\u0103zut ni\u0219te case *frumoase*. (Hinweis: Das Adjektiv steht vor einem weiblichen Nomen im Nominativ Plural.)<br \/>\n2. Ei au c\u00e2ini *mari*. (Hinweis: Das Adjektiv beschreibt ein m\u00e4nnliches Nomen im Nominativ Plural.)<br \/>\n3. Am cump\u0103rat mere *dulci*. (Hinweis: Das Adjektiv steht vor einem neutralen Nomen im Akkusativ Plural.)<br \/>\n4. Ele poart\u0103 rochii *noi*. (Hinweis: Das Adjektiv beschreibt ein feminines Nomen im Nominativ Plural.)<br \/>\n5. Avem flori *colorate*. (Hinweis: Das Adjektiv steht vor einem femininen Nomen im Akkusativ Plural.)<br \/>\n6. Ei citesc ziare *interesante*. (Hinweis: Das Adjektiv beschreibt ein m\u00e4nnliches Nomen im Akkusativ Plural.)<br \/>\n7. Am v\u0103zut mese *stabile*. (Hinweis: Das Adjektiv steht vor einem femininen Nomen im Akkusativ Plural.)<br \/>\n8. Sunt <a href=\"https:\/\/talkpal.ai\/talkpal-discount-for-teachers\/\">profesori<\/a> *buni*. (Hinweis: Das Adjektiv beschreibt ein m\u00e4nnliches Nomen im Nominativ Plural.)<br \/>\n9. Ele au gen\u021bi *mici*. (Hinweis: Das Adjektiv steht vor einem femininen Nomen im Akkusativ Plural.)<br \/>\n10. V\u0103d copaci *\u00eenal\u021bi*. (Hinweis: Das Adjektiv beschreibt ein m\u00e4nnliches Nomen im Akkusativ Plural.)\n<\/div>\n<div class=\"exercise\"><\/div>\n","protected":false},"featured_media":1527898,"parent":0,"menu_order":0,"template":"","exercise_language":[13640,13635],"class_list":["post-1125767","grammar_exercises","type-grammar_exercises","status-publish","has-post-thumbnail","hentry","exercise_language-pronomen-determinanten-rumanische-grammatik","exercise_language-rumanische-ubungen"],"acf":[],"yoast_head":"<!-- This site is optimized with the Yoast SEO Premium plugin v27.2 (Yoast SEO v27.2) - https:\/\/yoast.com\/product\/yoast-seo-premium-wordpress\/ -->\n<title>\u00dcbungen zu attributiven Adjektiven f\u00fcr die rum\u00e4nische Grammatik - Talkpal<\/title>\n<meta name=\"description\" content=\"In diesen \u00dcbungen zu attributiven Adjektiven f\u00fcr die rum\u00e4nische Grammatik \u00fcben Sie, wie Adjektive korrekt vor dem Nomen stehen und in Kasus, Genus und\" \/>\n<meta name=\"robots\" content=\"index, follow, max-snippet:-1, max-image-preview:large, max-video-preview:-1\" \/>\n<link rel=\"canonical\" href=\"https:\/\/talkpal.ai\/de\/grammar_exercises\/ubungen-zu-attributiven-adjektiven-fur-die-rumanische-grammatik\/\" \/>\n<meta property=\"og:locale\" content=\"de_DE\" \/>\n<meta property=\"og:type\" content=\"article\" \/>\n<meta property=\"og:title\" content=\"\u00dcbungen zu attributiven Adjektiven f\u00fcr die rum\u00e4nische Grammatik\" \/>\n<meta property=\"og:description\" content=\"In diesen \u00dcbungen zu attributiven Adjektiven f\u00fcr die rum\u00e4nische Grammatik \u00fcben Sie, wie Adjektive korrekt vor dem Nomen stehen und in Kasus, Genus und\" \/>\n<meta property=\"og:url\" content=\"https:\/\/talkpal.ai\/de\/grammar_exercises\/ubungen-zu-attributiven-adjektiven-fur-die-rumanische-grammatik\/\" \/>\n<meta property=\"og:site_name\" content=\"Talkpal\" \/>\n<meta property=\"article:publisher\" content=\"https:\/\/www.facebook.com\/profile.php?id=100090733639311\" \/>\n<meta property=\"og:image\" content=\"https:\/\/talkpal.ai\/wp-content\/uploads\/2025\/02\/Progress-tab-16_9.png\" \/>\n\t<meta property=\"og:image:width\" content=\"2880\" \/>\n\t<meta property=\"og:image:height\" content=\"1620\" \/>\n\t<meta property=\"og:image:type\" content=\"image\/png\" \/>\n<meta name=\"twitter:card\" content=\"summary_large_image\" \/>\n<meta name=\"twitter:site\" content=\"@talkpalai\" \/>\n<meta name=\"twitter:label1\" content=\"Gesch\u00e4tzte Lesezeit\" \/>\n\t<meta name=\"twitter:data1\" content=\"2\u00a0Minuten\" \/>\n<script type=\"application\/ld+json\" class=\"yoast-schema-graph\">{\"@context\":\"https:\/\/schema.org\",\"@graph\":[{\"@type\":\"WebPage\",\"@id\":\"https:\/\/talkpal.ai\/de\/grammar_exercises\/ubungen-zu-attributiven-adjektiven-fur-die-rumanische-grammatik\/\",\"url\":\"https:\/\/talkpal.ai\/de\/grammar_exercises\/ubungen-zu-attributiven-adjektiven-fur-die-rumanische-grammatik\/\",\"name\":\"\u00dcbungen zu attributiven Adjektiven f\u00fcr die rum\u00e4nische Grammatik - Talkpal\",\"isPartOf\":{\"@id\":\"https:\/\/talkpal.ai\/de\/#website\"},\"primaryImageOfPage\":{\"@id\":\"https:\/\/talkpal.ai\/de\/grammar_exercises\/ubungen-zu-attributiven-adjektiven-fur-die-rumanische-grammatik\/#primaryimage\"},\"image\":{\"@id\":\"https:\/\/talkpal.ai\/de\/grammar_exercises\/ubungen-zu-attributiven-adjektiven-fur-die-rumanische-grammatik\/#primaryimage\"},\"thumbnailUrl\":\"https:\/\/talkpal.ai\/wp-content\/uploads\/2025\/12\/student-is-learning-languages-on-tablet.webp\",\"datePublished\":\"2025-07-06T05:28:47+00:00\",\"description\":\"In diesen \u00dcbungen zu attributiven Adjektiven f\u00fcr die rum\u00e4nische Grammatik \u00fcben Sie, wie Adjektive korrekt vor dem Nomen stehen und in Kasus, Genus und\",\"breadcrumb\":{\"@id\":\"https:\/\/talkpal.ai\/de\/grammar_exercises\/ubungen-zu-attributiven-adjektiven-fur-die-rumanische-grammatik\/#breadcrumb\"},\"inLanguage\":\"de\",\"potentialAction\":[{\"@type\":\"ReadAction\",\"target\":[\"https:\/\/talkpal.ai\/de\/grammar_exercises\/ubungen-zu-attributiven-adjektiven-fur-die-rumanische-grammatik\/\"]}]},{\"@type\":\"ImageObject\",\"inLanguage\":\"de\",\"@id\":\"https:\/\/talkpal.ai\/de\/grammar_exercises\/ubungen-zu-attributiven-adjektiven-fur-die-rumanische-grammatik\/#primaryimage\",\"url\":\"https:\/\/talkpal.ai\/wp-content\/uploads\/2025\/12\/student-is-learning-languages-on-tablet.webp\",\"contentUrl\":\"https:\/\/talkpal.ai\/wp-content\/uploads\/2025\/12\/student-is-learning-languages-on-tablet.webp\",\"width\":1200,\"height\":896,\"caption\":\"A student wearing headphones uses a tablet while learning languages in a crowded classroom.\"},{\"@type\":\"BreadcrumbList\",\"@id\":\"https:\/\/talkpal.ai\/de\/grammar_exercises\/ubungen-zu-attributiven-adjektiven-fur-die-rumanische-grammatik\/#breadcrumb\",\"itemListElement\":[{\"@type\":\"ListItem\",\"position\":1,\"name\":\"Homepage\",\"item\":\"https:\/\/talkpal.ai\/de\/\"},{\"@type\":\"ListItem\",\"position\":2,\"name\":\"\u00dcbungen zu attributiven Adjektiven f\u00fcr die rum\u00e4nische Grammatik\"}]},{\"@type\":\"WebSite\",\"@id\":\"https:\/\/talkpal.ai\/de\/#website\",\"url\":\"https:\/\/talkpal.ai\/de\/\",\"name\":\"Talkpal\",\"description\":\"AI Language Learning\",\"publisher\":{\"@id\":\"https:\/\/talkpal.ai\/de\/#organization\"},\"alternateName\":\"Talkpal AI\",\"potentialAction\":[{\"@type\":\"SearchAction\",\"target\":{\"@type\":\"EntryPoint\",\"urlTemplate\":\"https:\/\/talkpal.ai\/de\/?s={search_term_string}\"},\"query-input\":{\"@type\":\"PropertyValueSpecification\",\"valueRequired\":true,\"valueName\":\"search_term_string\"}}],\"inLanguage\":\"de\"},{\"@type\":\"Organization\",\"@id\":\"https:\/\/talkpal.ai\/de\/#organization\",\"name\":\"Talkpal, Inc.\",\"alternateName\":\"Talkpal AI\",\"url\":\"https:\/\/talkpal.ai\/de\/\",\"logo\":{\"@type\":\"ImageObject\",\"inLanguage\":\"de\",\"@id\":\"https:\/\/talkpal.ai\/de\/#\/schema\/logo\/image\/\",\"url\":\"https:\/\/talkpal.ai\/wp-content\/uploads\/2024\/03\/Talkpal-Logo-Icon.png\",\"contentUrl\":\"https:\/\/talkpal.ai\/wp-content\/uploads\/2024\/03\/Talkpal-Logo-Icon.png\",\"width\":2880,\"height\":2880,\"caption\":\"Talkpal, Inc.\"},\"image\":{\"@id\":\"https:\/\/talkpal.ai\/de\/#\/schema\/logo\/image\/\"},\"sameAs\":[\"https:\/\/www.facebook.com\/profile.php?id=100090733639311\",\"https:\/\/x.com\/talkpalai\",\"https:\/\/www.linkedin.com\/company\/talkpal\/\",\"https:\/\/www.youtube.com\/@TalkPal\/\",\"https:\/\/www.tiktok.com\/@talkpal\",\"https:\/\/www.instagram.com\/talkpal_ai\/\",\"https:\/\/www.crunchbase.com\/organization\/talkpal-9cde\",\"https:\/\/www.g2.com\/products\/talkpal-for-business\/\",\"https:\/\/www.trustpilot.com\/review\/talkpal.ai\",\"https:\/\/www.capterra.com\/p\/10006800\/TalkPal\/\"],\"description\":\"Talkpal is a language learning web and mobile education app, powered by the latest AI technologies, that provides engaging experiences to its customers in many different languages to help them improve their language skills. Users can chat about unlimited amount of topics with the app and use other modes to practice their language learning.\",\"email\":\"support@talkpal.ai\",\"legalName\":\"Talkpal, Inc.\",\"foundingDate\":\"2023-04-03\",\"duns\":\"118989042\",\"numberOfEmployees\":{\"@type\":\"QuantitativeValue\",\"minValue\":\"11\",\"maxValue\":\"50\"},\"publishingPrinciples\":\"https:\/\/talkpal.ai\/publishing-principles\/\",\"actionableFeedbackPolicy\":\"https:\/\/talkpal.ai\/actionable-feedback-policy\/\",\"correctionsPolicy\":\"https:\/\/talkpal.ai\/corrections-policy\/\",\"ethicsPolicy\":\"https:\/\/talkpal.ai\/ethics-policy\/\",\"diversityPolicy\":\"https:\/\/talkpal.ai\/diversity-policy\/\",\"diversityStaffingReport\":\"https:\/\/talkpal.ai\/diversity-policy\/\"}]}<\/script>\n<!-- \/ Yoast SEO Premium plugin. -->","yoast_head_json":{"title":"\u00dcbungen zu attributiven Adjektiven f\u00fcr die rum\u00e4nische Grammatik - Talkpal","description":"In diesen \u00dcbungen zu attributiven Adjektiven f\u00fcr die rum\u00e4nische Grammatik \u00fcben Sie, wie Adjektive korrekt vor dem Nomen stehen und in Kasus, Genus und","robots":{"index":"index","follow":"follow","max-snippet":"max-snippet:-1","max-image-preview":"max-image-preview:large","max-video-preview":"max-video-preview:-1"},"canonical":"https:\/\/talkpal.ai\/de\/grammar_exercises\/ubungen-zu-attributiven-adjektiven-fur-die-rumanische-grammatik\/","og_locale":"de_DE","og_type":"article","og_title":"\u00dcbungen zu attributiven Adjektiven f\u00fcr die rum\u00e4nische Grammatik","og_description":"In diesen \u00dcbungen zu attributiven Adjektiven f\u00fcr die rum\u00e4nische Grammatik \u00fcben Sie, wie Adjektive korrekt vor dem Nomen stehen und in Kasus, Genus und","og_url":"https:\/\/talkpal.ai\/de\/grammar_exercises\/ubungen-zu-attributiven-adjektiven-fur-die-rumanische-grammatik\/","og_site_name":"Talkpal","article_publisher":"https:\/\/www.facebook.com\/profile.php?id=100090733639311","og_image":[{"width":2880,"height":1620,"url":"https:\/\/talkpal.ai\/wp-content\/uploads\/2025\/02\/Progress-tab-16_9.png","type":"image\/png"}],"twitter_card":"summary_large_image","twitter_site":"@talkpalai","twitter_misc":{"Gesch\u00e4tzte Lesezeit":"2\u00a0Minuten"},"schema":{"@context":"https:\/\/schema.org","@graph":[{"@type":"WebPage","@id":"https:\/\/talkpal.ai\/de\/grammar_exercises\/ubungen-zu-attributiven-adjektiven-fur-die-rumanische-grammatik\/","url":"https:\/\/talkpal.ai\/de\/grammar_exercises\/ubungen-zu-attributiven-adjektiven-fur-die-rumanische-grammatik\/","name":"\u00dcbungen zu attributiven Adjektiven f\u00fcr die rum\u00e4nische Grammatik - Talkpal","isPartOf":{"@id":"https:\/\/talkpal.ai\/de\/#website"},"primaryImageOfPage":{"@id":"https:\/\/talkpal.ai\/de\/grammar_exercises\/ubungen-zu-attributiven-adjektiven-fur-die-rumanische-grammatik\/#primaryimage"},"image":{"@id":"https:\/\/talkpal.ai\/de\/grammar_exercises\/ubungen-zu-attributiven-adjektiven-fur-die-rumanische-grammatik\/#primaryimage"},"thumbnailUrl":"https:\/\/talkpal.ai\/wp-content\/uploads\/2025\/12\/student-is-learning-languages-on-tablet.webp","datePublished":"2025-07-06T05:28:47+00:00","description":"In diesen \u00dcbungen zu attributiven Adjektiven f\u00fcr die rum\u00e4nische Grammatik \u00fcben Sie, wie Adjektive korrekt vor dem Nomen stehen und in Kasus, Genus und","breadcrumb":{"@id":"https:\/\/talkpal.ai\/de\/grammar_exercises\/ubungen-zu-attributiven-adjektiven-fur-die-rumanische-grammatik\/#breadcrumb"},"inLanguage":"de","potentialAction":[{"@type":"ReadAction","target":["https:\/\/talkpal.ai\/de\/grammar_exercises\/ubungen-zu-attributiven-adjektiven-fur-die-rumanische-grammatik\/"]}]},{"@type":"ImageObject","inLanguage":"de","@id":"https:\/\/talkpal.ai\/de\/grammar_exercises\/ubungen-zu-attributiven-adjektiven-fur-die-rumanische-grammatik\/#primaryimage","url":"https:\/\/talkpal.ai\/wp-content\/uploads\/2025\/12\/student-is-learning-languages-on-tablet.webp","contentUrl":"https:\/\/talkpal.ai\/wp-content\/uploads\/2025\/12\/student-is-learning-languages-on-tablet.webp","width":1200,"height":896,"caption":"A student wearing headphones uses a tablet while learning languages in a crowded classroom."},{"@type":"BreadcrumbList","@id":"https:\/\/talkpal.ai\/de\/grammar_exercises\/ubungen-zu-attributiven-adjektiven-fur-die-rumanische-grammatik\/#breadcrumb","itemListElement":[{"@type":"ListItem","position":1,"name":"Homepage","item":"https:\/\/talkpal.ai\/de\/"},{"@type":"ListItem","position":2,"name":"\u00dcbungen zu attributiven Adjektiven f\u00fcr die rum\u00e4nische Grammatik"}]},{"@type":"WebSite","@id":"https:\/\/talkpal.ai\/de\/#website","url":"https:\/\/talkpal.ai\/de\/","name":"Talkpal","description":"AI Language Learning","publisher":{"@id":"https:\/\/talkpal.ai\/de\/#organization"},"alternateName":"Talkpal AI","potentialAction":[{"@type":"SearchAction","target":{"@type":"EntryPoint","urlTemplate":"https:\/\/talkpal.ai\/de\/?s={search_term_string}"},"query-input":{"@type":"PropertyValueSpecification","valueRequired":true,"valueName":"search_term_string"}}],"inLanguage":"de"},{"@type":"Organization","@id":"https:\/\/talkpal.ai\/de\/#organization","name":"Talkpal, Inc.","alternateName":"Talkpal AI","url":"https:\/\/talkpal.ai\/de\/","logo":{"@type":"ImageObject","inLanguage":"de","@id":"https:\/\/talkpal.ai\/de\/#\/schema\/logo\/image\/","url":"https:\/\/talkpal.ai\/wp-content\/uploads\/2024\/03\/Talkpal-Logo-Icon.png","contentUrl":"https:\/\/talkpal.ai\/wp-content\/uploads\/2024\/03\/Talkpal-Logo-Icon.png","width":2880,"height":2880,"caption":"Talkpal, Inc."},"image":{"@id":"https:\/\/talkpal.ai\/de\/#\/schema\/logo\/image\/"},"sameAs":["https:\/\/www.facebook.com\/profile.php?id=100090733639311","https:\/\/x.com\/talkpalai","https:\/\/www.linkedin.com\/company\/talkpal\/","https:\/\/www.youtube.com\/@TalkPal\/","https:\/\/www.tiktok.com\/@talkpal","https:\/\/www.instagram.com\/talkpal_ai\/","https:\/\/www.crunchbase.com\/organization\/talkpal-9cde","https:\/\/www.g2.com\/products\/talkpal-for-business\/","https:\/\/www.trustpilot.com\/review\/talkpal.ai","https:\/\/www.capterra.com\/p\/10006800\/TalkPal\/"],"description":"Talkpal is a language learning web and mobile education app, powered by the latest AI technologies, that provides engaging experiences to its customers in many different languages to help them improve their language skills. Users can chat about unlimited amount of topics with the app and use other modes to practice their language learning.","email":"support@talkpal.ai","legalName":"Talkpal, Inc.","foundingDate":"2023-04-03","duns":"118989042","numberOfEmployees":{"@type":"QuantitativeValue","minValue":"11","maxValue":"50"},"publishingPrinciples":"https:\/\/talkpal.ai\/publishing-principles\/","actionableFeedbackPolicy":"https:\/\/talkpal.ai\/actionable-feedback-policy\/","correctionsPolicy":"https:\/\/talkpal.ai\/corrections-policy\/","ethicsPolicy":"https:\/\/talkpal.ai\/ethics-policy\/","diversityPolicy":"https:\/\/talkpal.ai\/diversity-policy\/","diversityStaffingReport":"https:\/\/talkpal.ai\/diversity-policy\/"}]}},"_links":{"self":[{"href":"https:\/\/talkpal.ai\/de\/wp-json\/wp\/v2\/grammar_exercises\/1125767","targetHints":{"allow":["GET"]}}],"collection":[{"href":"https:\/\/talkpal.ai\/de\/wp-json\/wp\/v2\/grammar_exercises"}],"about":[{"href":"https:\/\/talkpal.ai\/de\/wp-json\/wp\/v2\/types\/grammar_exercises"}],"wp:featuredmedia":[{"embeddable":true,"href":"https:\/\/talkpal.ai\/de\/wp-json\/wp\/v2\/media\/1527898"}],"wp:attachment":[{"href":"https:\/\/talkpal.ai\/de\/wp-json\/wp\/v2\/media?parent=1125767"}],"wp:term":[{"taxonomy":"exercise_language","embeddable":true,"href":"https:\/\/talkpal.ai\/de\/wp-json\/wp\/v2\/exercise_language?post=1125767"}],"curies":[{"name":"wp","href":"https:\/\/api.w.org\/{rel}","templated":true}]}}