{"id":1125732,"date":"2025-07-06T05:28:12","date_gmt":"2025-07-06T05:28:12","guid":{"rendered":"https:\/\/talkpal.ai\/grammar_exercises\/ubungen-zu-reflexiven-verben-fur-die-rumanische-grammatik\/"},"modified":"2025-07-06T05:28:12","modified_gmt":"2025-07-06T05:28:12","slug":"ubungen-zu-reflexiven-verben-fur-die-rumanische-grammatik","status":"publish","type":"grammar_exercises","link":"https:\/\/talkpal.ai\/de\/grammar_exercises\/ubungen-zu-reflexiven-verben-fur-die-rumanische-grammatik\/","title":{"rendered":"\u00dcbungen zu reflexiven Verben f\u00fcr die rum\u00e4nische Grammatik"},"content":{"rendered":"<p>In diesen \u00dcbungen zu reflexiven Verben f\u00fcr die <a href=\"https:\/\/talkpal.ai\/de\/grammar\/zweiter-konditional-in-der-rumanischen-grammatik\/\">rum\u00e4nische Grammatik<\/a> \u00fcben Sie, wie man die reflexiven Verben korrekt im Satz verwendet. <a href=\"https:\/\/talkpal.ai\/hi\/grammar_exercises\/reflexive-verben-%e0%a4%9c%e0%a4%b0%e0%a5%8d%e0%a4%ae%e0%a4%a8-%e0%a4%b5%e0%a5%8d%e0%a4%af%e0%a4%be%e0%a4%95%e0%a4%b0%e0%a4%a3-%e0%a4%95%e0%a5%87-%e0%a4%b2%e0%a4%bf%e0%a4%8f-%e0%a4%85%e0%a4%ad\/\">Reflexive Verben<\/a> im Rum\u00e4nischen zeigen an, dass die Handlung auf das Subjekt selbst zur\u00fcckf\u00e4llt. Achten Sie auf die richtige Form des reflexiven Pronomens und die Verbform.<\/p>\n<h3>\u00dcbung 1: Reflexive Verben im Pr\u00e4sens<\/h3>\n<div class=\"input_sentences\">\n1. Eu *m\u0103* sp\u0103l pe m\u00e2ini \u00een fiecare diminea\u021b\u0103. (Hinweis: Reflexives Pronomen f\u00fcr &#8222;ich&#8220; im Pr\u00e4sens)<br \/>\n2. Tu *te* treze\u0219ti devreme \u00een timpul s\u0103pt\u0103m\u00e2nii. (Hinweis: Reflexives Pronomen f\u00fcr &#8222;du&#8220; im Pr\u00e4sens)<br \/>\n3. El *se* uit\u0103 la televizor dup\u0103 \u0219coal\u0103. (Hinweis: Reflexives Pronomen f\u00fcr &#8222;er&#8220; im Pr\u00e4sens)<br \/>\n4. Noi *ne* preg\u0103tim pentru examenul important. (Hinweis: Reflexives Pronomen f\u00fcr &#8222;wir&#8220; im Pr\u00e4sens)<br \/>\n5. Voi *v\u0103* odihni\u021bi dup\u0103 o zi lung\u0103. (Hinweis: Reflexives Pronomen f\u00fcr &#8222;ihr&#8220; im Pr\u00e4sens)<br \/>\n6. Ele *se* plimb\u0103 \u00een parc \u00een fiecare sear\u0103. (Hinweis: Reflexives Pronomen f\u00fcr &#8222;sie&#8220; (Plural) im Pr\u00e4sens)<br \/>\n7. Tu *te* \u00eembraci rapid diminea\u021ba. (Hinweis: Reflexives Pronomen f\u00fcr &#8222;du&#8220; im Pr\u00e4sens)<br \/>\n8. Eu *m\u0103* g\u00e2ndesc la vacan\u021b\u0103 acum. (Hinweis: Reflexives Pronomen f\u00fcr &#8222;ich&#8220; im Pr\u00e4sens)<br \/>\n9. El *se* simte bine ast\u0103zi. (Hinweis: Reflexives Pronomen f\u00fcr &#8222;er&#8220; im Pr\u00e4sens)<br \/>\n10. Noi *ne* \u00eent\u00e2lnim la cafenea m\u00e2ine. (Hinweis: Reflexives Pronomen f\u00fcr &#8222;wir&#8220; im Pr\u00e4sens)\n<\/div>\n<div class=\"exercise\"><\/div>\n<h3>\u00dcbung 2: Reflexive Verben im Pr\u00e4teritum<\/h3>\n<div class=\"input_sentences\">\n1. Eu *m-am* trezit t\u00e2rziu ieri. (Hinweis: Reflexives Verb im Perfekt, erste Person Singular)<br \/>\n2. Tu *te-ai* sp\u0103lat pe fa\u021b\u0103 diminea\u021ba trecut\u0103. (Hinweis: Reflexives Verb im Perfekt, zweite Person Singular)<br \/>\n3. Ea *s-a* preg\u0103tit pentru petrecere asear\u0103. (Hinweis: Reflexives Verb im Perfekt, dritte Person Singular)<br \/>\n4. Noi *ne-am* odihnit dup\u0103 drum lung. (Hinweis: Reflexives Verb im Perfekt, erste Person Plural)<br \/>\n5. Voi *v-a\u021bi* distrat la concert weekendul trecut. (Hinweis: Reflexives Verb im Perfekt, zweite Person Plural)<br \/>\n6. Ei *s-au* \u00eent\u00e2lnit la restaurant ieri. (Hinweis: Reflexives Verb im Perfekt, dritte Person Plural)<br \/>\n7. Tu *te-ai* \u00eembr\u0103cat elegant pentru eveniment. (Hinweis: Reflexives Verb im Perfekt, zweite Person Singular)<br \/>\n8. Eu *m-am* g\u00e2ndit mult la r\u0103spuns. (Hinweis: Reflexives Verb im Perfekt, erste Person Singular)<br \/>\n9. El *s-a* sim\u021bit obosit dup\u0103 munc\u0103. (Hinweis: Reflexives Verb im Perfekt, dritte Person Singular)<br \/>\n10. Noi *ne-am* plimbat prin ora\u0219 seara trecut\u0103. (Hinweis: Reflexives Verb im Perfekt, erste Person Plural)\n<\/div>\n<div class=\"exercise\"><\/div>\n","protected":false},"featured_media":1527684,"parent":0,"menu_order":0,"template":"","exercise_language":[13635,13666],"class_list":["post-1125732","grammar_exercises","type-grammar_exercises","status-publish","has-post-thumbnail","hentry","exercise_language-rumanische-ubungen","exercise_language-verben-rumanische-grammatik"],"acf":[],"yoast_head":"<!-- This site is optimized with the Yoast SEO Premium plugin v27.2 (Yoast SEO v27.2) - https:\/\/yoast.com\/product\/yoast-seo-premium-wordpress\/ -->\n<title>\u00dcbungen zu reflexiven Verben f\u00fcr die rum\u00e4nische Grammatik - Talkpal<\/title>\n<meta name=\"description\" content=\"In diesen \u00dcbungen zu reflexiven Verben f\u00fcr die rum\u00e4nische Grammatik \u00fcben Sie, wie man die reflexiven Verben korrekt im Satz verwendet. Reflexive Verben im\" \/>\n<meta name=\"robots\" content=\"index, follow, max-snippet:-1, max-image-preview:large, max-video-preview:-1\" \/>\n<link rel=\"canonical\" href=\"https:\/\/talkpal.ai\/de\/grammar_exercises\/ubungen-zu-reflexiven-verben-fur-die-rumanische-grammatik\/\" \/>\n<meta property=\"og:locale\" content=\"de_DE\" \/>\n<meta property=\"og:type\" content=\"article\" \/>\n<meta property=\"og:title\" content=\"\u00dcbungen zu reflexiven Verben f\u00fcr die rum\u00e4nische Grammatik\" \/>\n<meta property=\"og:description\" content=\"In diesen \u00dcbungen zu reflexiven Verben f\u00fcr die rum\u00e4nische Grammatik \u00fcben Sie, wie man die reflexiven Verben korrekt im Satz verwendet. Reflexive Verben im\" \/>\n<meta property=\"og:url\" content=\"https:\/\/talkpal.ai\/de\/grammar_exercises\/ubungen-zu-reflexiven-verben-fur-die-rumanische-grammatik\/\" \/>\n<meta property=\"og:site_name\" content=\"Talkpal\" \/>\n<meta property=\"article:publisher\" content=\"https:\/\/www.facebook.com\/profile.php?id=100090733639311\" \/>\n<meta property=\"og:image\" content=\"https:\/\/talkpal.ai\/wp-content\/uploads\/2025\/02\/Progress-tab-16_9.png\" \/>\n\t<meta property=\"og:image:width\" content=\"2880\" \/>\n\t<meta property=\"og:image:height\" content=\"1620\" \/>\n\t<meta property=\"og:image:type\" content=\"image\/png\" \/>\n<meta name=\"twitter:card\" content=\"summary_large_image\" \/>\n<meta name=\"twitter:site\" content=\"@talkpalai\" \/>\n<meta name=\"twitter:label1\" content=\"Gesch\u00e4tzte Lesezeit\" \/>\n\t<meta name=\"twitter:data1\" content=\"2\u00a0Minuten\" \/>\n<script type=\"application\/ld+json\" class=\"yoast-schema-graph\">{\"@context\":\"https:\/\/schema.org\",\"@graph\":[{\"@type\":\"WebPage\",\"@id\":\"https:\/\/talkpal.ai\/de\/grammar_exercises\/ubungen-zu-reflexiven-verben-fur-die-rumanische-grammatik\/\",\"url\":\"https:\/\/talkpal.ai\/de\/grammar_exercises\/ubungen-zu-reflexiven-verben-fur-die-rumanische-grammatik\/\",\"name\":\"\u00dcbungen zu reflexiven Verben f\u00fcr die rum\u00e4nische Grammatik - Talkpal\",\"isPartOf\":{\"@id\":\"https:\/\/talkpal.ai\/de\/#website\"},\"primaryImageOfPage\":{\"@id\":\"https:\/\/talkpal.ai\/de\/grammar_exercises\/ubungen-zu-reflexiven-verben-fur-die-rumanische-grammatik\/#primaryimage\"},\"image\":{\"@id\":\"https:\/\/talkpal.ai\/de\/grammar_exercises\/ubungen-zu-reflexiven-verben-fur-die-rumanische-grammatik\/#primaryimage\"},\"thumbnailUrl\":\"https:\/\/talkpal.ai\/wp-content\/uploads\/2025\/12\/group-of-five-studying-to-learn-languages.webp\",\"datePublished\":\"2025-07-06T05:28:12+00:00\",\"description\":\"In diesen \u00dcbungen zu reflexiven Verben f\u00fcr die rum\u00e4nische Grammatik \u00fcben Sie, wie man die reflexiven Verben korrekt im Satz verwendet. Reflexive Verben im\",\"breadcrumb\":{\"@id\":\"https:\/\/talkpal.ai\/de\/grammar_exercises\/ubungen-zu-reflexiven-verben-fur-die-rumanische-grammatik\/#breadcrumb\"},\"inLanguage\":\"de\",\"potentialAction\":[{\"@type\":\"ReadAction\",\"target\":[\"https:\/\/talkpal.ai\/de\/grammar_exercises\/ubungen-zu-reflexiven-verben-fur-die-rumanische-grammatik\/\"]}]},{\"@type\":\"ImageObject\",\"inLanguage\":\"de\",\"@id\":\"https:\/\/talkpal.ai\/de\/grammar_exercises\/ubungen-zu-reflexiven-verben-fur-die-rumanische-grammatik\/#primaryimage\",\"url\":\"https:\/\/talkpal.ai\/wp-content\/uploads\/2025\/12\/group-of-five-studying-to-learn-languages.webp\",\"contentUrl\":\"https:\/\/talkpal.ai\/wp-content\/uploads\/2025\/12\/group-of-five-studying-to-learn-languages.webp\",\"width\":1200,\"height\":896,\"caption\":\"A group of five friends work on laptops for learning languages in a dimly lit library.\"},{\"@type\":\"BreadcrumbList\",\"@id\":\"https:\/\/talkpal.ai\/de\/grammar_exercises\/ubungen-zu-reflexiven-verben-fur-die-rumanische-grammatik\/#breadcrumb\",\"itemListElement\":[{\"@type\":\"ListItem\",\"position\":1,\"name\":\"Homepage\",\"item\":\"https:\/\/talkpal.ai\/de\/\"},{\"@type\":\"ListItem\",\"position\":2,\"name\":\"\u00dcbungen zu reflexiven Verben f\u00fcr die rum\u00e4nische Grammatik\"}]},{\"@type\":\"WebSite\",\"@id\":\"https:\/\/talkpal.ai\/de\/#website\",\"url\":\"https:\/\/talkpal.ai\/de\/\",\"name\":\"Talkpal\",\"description\":\"AI Language Learning\",\"publisher\":{\"@id\":\"https:\/\/talkpal.ai\/de\/#organization\"},\"alternateName\":\"Talkpal AI\",\"potentialAction\":[{\"@type\":\"SearchAction\",\"target\":{\"@type\":\"EntryPoint\",\"urlTemplate\":\"https:\/\/talkpal.ai\/de\/?s={search_term_string}\"},\"query-input\":{\"@type\":\"PropertyValueSpecification\",\"valueRequired\":true,\"valueName\":\"search_term_string\"}}],\"inLanguage\":\"de\"},{\"@type\":\"Organization\",\"@id\":\"https:\/\/talkpal.ai\/de\/#organization\",\"name\":\"Talkpal, Inc.\",\"alternateName\":\"Talkpal AI\",\"url\":\"https:\/\/talkpal.ai\/de\/\",\"logo\":{\"@type\":\"ImageObject\",\"inLanguage\":\"de\",\"@id\":\"https:\/\/talkpal.ai\/de\/#\/schema\/logo\/image\/\",\"url\":\"https:\/\/talkpal.ai\/wp-content\/uploads\/2024\/03\/Talkpal-Logo-Icon.png\",\"contentUrl\":\"https:\/\/talkpal.ai\/wp-content\/uploads\/2024\/03\/Talkpal-Logo-Icon.png\",\"width\":2880,\"height\":2880,\"caption\":\"Talkpal, Inc.\"},\"image\":{\"@id\":\"https:\/\/talkpal.ai\/de\/#\/schema\/logo\/image\/\"},\"sameAs\":[\"https:\/\/www.facebook.com\/profile.php?id=100090733639311\",\"https:\/\/x.com\/talkpalai\",\"https:\/\/www.linkedin.com\/company\/talkpal\/\",\"https:\/\/www.youtube.com\/@TalkPal\/\",\"https:\/\/www.tiktok.com\/@talkpal\",\"https:\/\/www.instagram.com\/talkpal_ai\/\",\"https:\/\/www.crunchbase.com\/organization\/talkpal-9cde\",\"https:\/\/www.g2.com\/products\/talkpal-for-business\/\",\"https:\/\/www.trustpilot.com\/review\/talkpal.ai\",\"https:\/\/www.capterra.com\/p\/10006800\/TalkPal\/\"],\"description\":\"Talkpal is a language learning web and mobile education app, powered by the latest AI technologies, that provides engaging experiences to its customers in many different languages to help them improve their language skills. Users can chat about unlimited amount of topics with the app and use other modes to practice their language learning.\",\"email\":\"support@talkpal.ai\",\"legalName\":\"Talkpal, Inc.\",\"foundingDate\":\"2023-04-03\",\"duns\":\"118989042\",\"numberOfEmployees\":{\"@type\":\"QuantitativeValue\",\"minValue\":\"11\",\"maxValue\":\"50\"},\"publishingPrinciples\":\"https:\/\/talkpal.ai\/publishing-principles\/\",\"actionableFeedbackPolicy\":\"https:\/\/talkpal.ai\/actionable-feedback-policy\/\",\"correctionsPolicy\":\"https:\/\/talkpal.ai\/corrections-policy\/\",\"ethicsPolicy\":\"https:\/\/talkpal.ai\/ethics-policy\/\",\"diversityPolicy\":\"https:\/\/talkpal.ai\/diversity-policy\/\",\"diversityStaffingReport\":\"https:\/\/talkpal.ai\/diversity-policy\/\"}]}<\/script>\n<!-- \/ Yoast SEO Premium plugin. -->","yoast_head_json":{"title":"\u00dcbungen zu reflexiven Verben f\u00fcr die rum\u00e4nische Grammatik - Talkpal","description":"In diesen \u00dcbungen zu reflexiven Verben f\u00fcr die rum\u00e4nische Grammatik \u00fcben Sie, wie man die reflexiven Verben korrekt im Satz verwendet. Reflexive Verben im","robots":{"index":"index","follow":"follow","max-snippet":"max-snippet:-1","max-image-preview":"max-image-preview:large","max-video-preview":"max-video-preview:-1"},"canonical":"https:\/\/talkpal.ai\/de\/grammar_exercises\/ubungen-zu-reflexiven-verben-fur-die-rumanische-grammatik\/","og_locale":"de_DE","og_type":"article","og_title":"\u00dcbungen zu reflexiven Verben f\u00fcr die rum\u00e4nische Grammatik","og_description":"In diesen \u00dcbungen zu reflexiven Verben f\u00fcr die rum\u00e4nische Grammatik \u00fcben Sie, wie man die reflexiven Verben korrekt im Satz verwendet. Reflexive Verben im","og_url":"https:\/\/talkpal.ai\/de\/grammar_exercises\/ubungen-zu-reflexiven-verben-fur-die-rumanische-grammatik\/","og_site_name":"Talkpal","article_publisher":"https:\/\/www.facebook.com\/profile.php?id=100090733639311","og_image":[{"width":2880,"height":1620,"url":"https:\/\/talkpal.ai\/wp-content\/uploads\/2025\/02\/Progress-tab-16_9.png","type":"image\/png"}],"twitter_card":"summary_large_image","twitter_site":"@talkpalai","twitter_misc":{"Gesch\u00e4tzte Lesezeit":"2\u00a0Minuten"},"schema":{"@context":"https:\/\/schema.org","@graph":[{"@type":"WebPage","@id":"https:\/\/talkpal.ai\/de\/grammar_exercises\/ubungen-zu-reflexiven-verben-fur-die-rumanische-grammatik\/","url":"https:\/\/talkpal.ai\/de\/grammar_exercises\/ubungen-zu-reflexiven-verben-fur-die-rumanische-grammatik\/","name":"\u00dcbungen zu reflexiven Verben f\u00fcr die rum\u00e4nische Grammatik - Talkpal","isPartOf":{"@id":"https:\/\/talkpal.ai\/de\/#website"},"primaryImageOfPage":{"@id":"https:\/\/talkpal.ai\/de\/grammar_exercises\/ubungen-zu-reflexiven-verben-fur-die-rumanische-grammatik\/#primaryimage"},"image":{"@id":"https:\/\/talkpal.ai\/de\/grammar_exercises\/ubungen-zu-reflexiven-verben-fur-die-rumanische-grammatik\/#primaryimage"},"thumbnailUrl":"https:\/\/talkpal.ai\/wp-content\/uploads\/2025\/12\/group-of-five-studying-to-learn-languages.webp","datePublished":"2025-07-06T05:28:12+00:00","description":"In diesen \u00dcbungen zu reflexiven Verben f\u00fcr die rum\u00e4nische Grammatik \u00fcben Sie, wie man die reflexiven Verben korrekt im Satz verwendet. Reflexive Verben im","breadcrumb":{"@id":"https:\/\/talkpal.ai\/de\/grammar_exercises\/ubungen-zu-reflexiven-verben-fur-die-rumanische-grammatik\/#breadcrumb"},"inLanguage":"de","potentialAction":[{"@type":"ReadAction","target":["https:\/\/talkpal.ai\/de\/grammar_exercises\/ubungen-zu-reflexiven-verben-fur-die-rumanische-grammatik\/"]}]},{"@type":"ImageObject","inLanguage":"de","@id":"https:\/\/talkpal.ai\/de\/grammar_exercises\/ubungen-zu-reflexiven-verben-fur-die-rumanische-grammatik\/#primaryimage","url":"https:\/\/talkpal.ai\/wp-content\/uploads\/2025\/12\/group-of-five-studying-to-learn-languages.webp","contentUrl":"https:\/\/talkpal.ai\/wp-content\/uploads\/2025\/12\/group-of-five-studying-to-learn-languages.webp","width":1200,"height":896,"caption":"A group of five friends work on laptops for learning languages in a dimly lit library."},{"@type":"BreadcrumbList","@id":"https:\/\/talkpal.ai\/de\/grammar_exercises\/ubungen-zu-reflexiven-verben-fur-die-rumanische-grammatik\/#breadcrumb","itemListElement":[{"@type":"ListItem","position":1,"name":"Homepage","item":"https:\/\/talkpal.ai\/de\/"},{"@type":"ListItem","position":2,"name":"\u00dcbungen zu reflexiven Verben f\u00fcr die rum\u00e4nische Grammatik"}]},{"@type":"WebSite","@id":"https:\/\/talkpal.ai\/de\/#website","url":"https:\/\/talkpal.ai\/de\/","name":"Talkpal","description":"AI Language Learning","publisher":{"@id":"https:\/\/talkpal.ai\/de\/#organization"},"alternateName":"Talkpal AI","potentialAction":[{"@type":"SearchAction","target":{"@type":"EntryPoint","urlTemplate":"https:\/\/talkpal.ai\/de\/?s={search_term_string}"},"query-input":{"@type":"PropertyValueSpecification","valueRequired":true,"valueName":"search_term_string"}}],"inLanguage":"de"},{"@type":"Organization","@id":"https:\/\/talkpal.ai\/de\/#organization","name":"Talkpal, Inc.","alternateName":"Talkpal AI","url":"https:\/\/talkpal.ai\/de\/","logo":{"@type":"ImageObject","inLanguage":"de","@id":"https:\/\/talkpal.ai\/de\/#\/schema\/logo\/image\/","url":"https:\/\/talkpal.ai\/wp-content\/uploads\/2024\/03\/Talkpal-Logo-Icon.png","contentUrl":"https:\/\/talkpal.ai\/wp-content\/uploads\/2024\/03\/Talkpal-Logo-Icon.png","width":2880,"height":2880,"caption":"Talkpal, Inc."},"image":{"@id":"https:\/\/talkpal.ai\/de\/#\/schema\/logo\/image\/"},"sameAs":["https:\/\/www.facebook.com\/profile.php?id=100090733639311","https:\/\/x.com\/talkpalai","https:\/\/www.linkedin.com\/company\/talkpal\/","https:\/\/www.youtube.com\/@TalkPal\/","https:\/\/www.tiktok.com\/@talkpal","https:\/\/www.instagram.com\/talkpal_ai\/","https:\/\/www.crunchbase.com\/organization\/talkpal-9cde","https:\/\/www.g2.com\/products\/talkpal-for-business\/","https:\/\/www.trustpilot.com\/review\/talkpal.ai","https:\/\/www.capterra.com\/p\/10006800\/TalkPal\/"],"description":"Talkpal is a language learning web and mobile education app, powered by the latest AI technologies, that provides engaging experiences to its customers in many different languages to help them improve their language skills. Users can chat about unlimited amount of topics with the app and use other modes to practice their language learning.","email":"support@talkpal.ai","legalName":"Talkpal, Inc.","foundingDate":"2023-04-03","duns":"118989042","numberOfEmployees":{"@type":"QuantitativeValue","minValue":"11","maxValue":"50"},"publishingPrinciples":"https:\/\/talkpal.ai\/publishing-principles\/","actionableFeedbackPolicy":"https:\/\/talkpal.ai\/actionable-feedback-policy\/","correctionsPolicy":"https:\/\/talkpal.ai\/corrections-policy\/","ethicsPolicy":"https:\/\/talkpal.ai\/ethics-policy\/","diversityPolicy":"https:\/\/talkpal.ai\/diversity-policy\/","diversityStaffingReport":"https:\/\/talkpal.ai\/diversity-policy\/"}]}},"_links":{"self":[{"href":"https:\/\/talkpal.ai\/de\/wp-json\/wp\/v2\/grammar_exercises\/1125732","targetHints":{"allow":["GET"]}}],"collection":[{"href":"https:\/\/talkpal.ai\/de\/wp-json\/wp\/v2\/grammar_exercises"}],"about":[{"href":"https:\/\/talkpal.ai\/de\/wp-json\/wp\/v2\/types\/grammar_exercises"}],"wp:featuredmedia":[{"embeddable":true,"href":"https:\/\/talkpal.ai\/de\/wp-json\/wp\/v2\/media\/1527684"}],"wp:attachment":[{"href":"https:\/\/talkpal.ai\/de\/wp-json\/wp\/v2\/media?parent=1125732"}],"wp:term":[{"taxonomy":"exercise_language","embeddable":true,"href":"https:\/\/talkpal.ai\/de\/wp-json\/wp\/v2\/exercise_language?post=1125732"}],"curies":[{"name":"wp","href":"https:\/\/api.w.org\/{rel}","templated":true}]}}