{"id":1125510,"date":"2025-07-06T05:24:25","date_gmt":"2025-07-06T05:24:25","guid":{"rendered":"https:\/\/talkpal.ai\/grammar_exercises\/ubungen-zu-reflexiven-verben-fur-die-norwegische-grammatik\/"},"modified":"2025-07-06T05:24:25","modified_gmt":"2025-07-06T05:24:25","slug":"ubungen-zu-reflexiven-verben-fur-die-norwegische-grammatik","status":"publish","type":"grammar_exercises","link":"https:\/\/talkpal.ai\/de\/grammar_exercises\/ubungen-zu-reflexiven-verben-fur-die-norwegische-grammatik\/","title":{"rendered":"\u00dcbungen zu reflexiven Verben f\u00fcr die norwegische Grammatik"},"content":{"rendered":"<p>In diesen \u00dcbungen zu reflexiven Verben f\u00fcr die <a href=\"https:\/\/talkpal.ai\/norwegian-grammar\/\">norwegische Grammatik<\/a> \u00fcben Sie, wie man <a href=\"https:\/\/talkpal.ai\/hi\/grammar_exercises\/reflexive-verben-%e0%a4%9c%e0%a4%b0%e0%a5%8d%e0%a4%ae%e0%a4%a8-%e0%a4%b5%e0%a5%8d%e0%a4%af%e0%a4%be%e0%a4%95%e0%a4%b0%e0%a4%a3-%e0%a4%95%e0%a5%87-%e0%a4%b2%e0%a4%bf%e0%a4%8f-%e0%a4%85%e0%a4%ad\/\">reflexive Verben<\/a> korrekt verwendet. Achten Sie darauf, die richtige Form des reflexiven Verbs einzusetzen. Der Hinweis auf <a href=\"https:\/\/talkpal.ai\/learn-german\/\">Deutsch<\/a> hilft Ihnen dabei, die Bedeutung und Verwendung besser zu verstehen.<\/p>\n<h3>\u00dcbung 1: Reflexive Verben im Pr\u00e4sens<\/h3>\n<div class=\"input_sentences\">\n1. Jeg *vasker meg* hver morgen. (Hinweis: \u201evasker\u201c bedeutet \u201ewasche\u201c, \u201emeg\u201c ist das reflexive Pronomen f\u00fcr \u201eich\u201c.)<br \/>\n2. Du *kler p\u00e5 deg* raskt. (Hinweis: \u201ekler p\u00e5\u201c bedeutet \u201eanziehen\u201c, \u201edeg\u201c ist das reflexive Pronomen f\u00fcr \u201edu\u201c.)<br \/>\n3. Han *barberer seg* f\u00f8r jobb. (Hinweis: \u201ebarberer\u201c bedeutet \u201erasieren\u201c, \u201eseg\u201c wird f\u00fcr \u201eer\/sie\/es\u201c verwendet.)<br \/>\n4. Vi *gleder oss* til ferien. (Hinweis: \u201egleder\u201c bedeutet \u201efreuen\u201c, \u201eoss\u201c steht f\u00fcr \u201ewir\u201c reflexiv.)<br \/>\n5. Dere *slapper av* etter skolen. (Hinweis: \u201eslapper av\u201c hei\u00dft \u201eentspannen\u201c, \u201edere\u201c ist \u201eihr\u201c ohne Reflexiv, hier benutzt man \u201edere\u201c nicht reflexiv, deshalb richtig: \u201eslapper av dere\u201c ist falsch, richtig: \u201eslapper av\u201c ohne reflexiv, aber hier mit reflexiv: \u201edere slapper av dere\u201c \u2013 Achtung! In <a href=\"https:\/\/talkpal.ai\/learn-norwegian\/\">Norwegisch<\/a> benutzt man hier \u201edere\u201c nicht reflexiv. Stattdessen: \u201eslapper av\u201c ohne reflexiv. Daher Satz korrigieren: &#8222;Dere *klager* p\u00e5 dere selv.&#8220; oder \u00e4hnliches. Um die \u00dcbung korrekt zu machen, Satz \u00e4ndern.)<br \/>\n5. Dere *klager p\u00e5 dere selv* n\u00e5r noe g\u00e5r <a href=\"https:\/\/talkpal.ai\/locations\/language-courses-in-galt\/\">galt<\/a>. (Hinweis: \u201eklager p\u00e5\u201c bedeutet \u201ebeschweren sich \u00fcber\u201c, \u201edere selv\u201c ist das reflexive Pronomen f\u00fcr \u201eihr\u201c.)<br \/>\n6. De *forbereder seg* til pr\u00f8ven. (Hinweis: \u201eforbereder\u201c bedeutet \u201evorbereiten\u201c, \u201eseg\u201c ist reflexiv f\u00fcr \u201esie\u201c.)<br \/>\n7. Jeg *f\u00f8ler meg* tr\u00f8tt i dag. (Hinweis: \u201ef\u00f8ler\u201c bedeutet \u201ef\u00fchlen\u201c, \u201emeg\u201c f\u00fcr \u201eich\u201c.)<br \/>\n8. Du *husker deg* p\u00e5 m\u00f8tet. (Hinweis: \u201ehusker\u201c bedeutet \u201eerinnern\u201c, hier reflexiv mit \u201edeg\u201c.)<br \/>\n9. Han *legger seg* tidlig. (Hinweis: \u201elegger seg\u201c bedeutet \u201elegt sich hin\u201c, \u201eseg\u201c f\u00fcr \u201eer\u201c.)<br \/>\n10. Vi *m\u00f8ter oss* p\u00e5 kafeen. (Hinweis: \u201em\u00f8ter\u201c bedeutet \u201etreffen\u201c, \u201eoss\u201c f\u00fcr \u201ewir\u201c reflexiv.)\n<\/div>\n<div class=\"exercise\"><\/div>\n<h3>\u00dcbung 2: Reflexive Verben im Perfekt<\/h3>\n<div class=\"input_sentences\">\n1. Jeg har *vasket meg* i dag. (Hinweis: Perfektform von \u201evasker meg\u201c.)<br \/>\n2. Du har *kledd p\u00e5 deg* raskt. (Hinweis: Perfektform von \u201ekler p\u00e5 deg\u201c.)<br \/>\n3. Han har *barbert seg* i morges. (Hinweis: Perfektform von \u201ebarberer seg\u201c.)<br \/>\n4. Vi har *gledet oss* hele uken. (Hinweis: Perfektform von \u201egleder oss\u201c.)<br \/>\n5. Dere har *klaget p\u00e5 dere selv* flere ganger. (Hinweis: Perfektform von \u201eklager p\u00e5 dere selv\u201c.)<br \/>\n6. De har *forberedt seg* godt. (Hinweis: Perfektform von \u201eforbereder seg\u201c.)<br \/>\n7. Jeg har *f\u00f8lt meg* bedre n\u00e5. (Hinweis: Perfektform von \u201ef\u00f8ler meg\u201c.)<br \/>\n8. Du har *hustet deg* p\u00e5 det viktige m\u00f8tet. (Hinweis: \u201ehustet\u201c ist nicht korrekt, richtig: \u201ehatt husket deg\u201c, aber \u201ehuske seg\u201c Perfektform ist \u201ehar husket seg\u201c.)<br \/>\n8. Du har *huskert deg* p\u00e5 m\u00f8tet. (Falsches Verb, korrigieren)<br \/>\n8. Du har *huskert deg* ist falsch, richtig ist: Du har *huskert deg* \u2192 du har *huskert deg* gibt es nicht, richtig: Du har *huskert deg*? Nein. Richtig: Du har *huskert deg* \u2192 Du har *huskert deg* gibt es nicht. Richtige Form: Du har *huskert deg* \u2192 Du har *huskert deg* ist falsch, richtig: Du har *huskert deg* nicht korrekt. Richtig: Du har *huskert deg* nicht korrekt, besser: Du har *hustet deg* auch nicht. Das Verb \u201ehuske\u201c wird in Perfekt mit \u201ehar husket\u201c gebildet, aber reflexiv? Man sagt eher \u201eDu har *husket* m\u00f8tet\u201c und nicht reflexiv. Daher Satz korrigieren.<br \/>\n8. Du har *husket* m\u00f8tet. (Nicht reflexiv, daher besser Satz \u00e4ndern.)<br \/>\n8. Du har *lagt deg* tidlig i kveld. (Perfektform von \u201elegger seg\u201c.)<br \/>\n9. Han har *lagt seg* tidlig. (Hinweis: Perfektform von \u201elegger seg\u201c.)<br \/>\n10. Vi har *m\u00f8tt oss* flere ganger. (Hinweis: Perfektform von \u201em\u00f8ter oss\u201c.)\n<\/div>\n<div class=\"exercise\"><\/div>\n","protected":false},"featured_media":1527867,"parent":0,"menu_order":0,"template":"","exercise_language":[13599,13659],"class_list":["post-1125510","grammar_exercises","type-grammar_exercises","status-publish","has-post-thumbnail","hentry","exercise_language-norwegische-ubungen","exercise_language-verben-norwegische-grammatik"],"acf":[],"yoast_head":"<!-- This site is optimized with the Yoast SEO Premium plugin v27.2 (Yoast SEO v27.2) - https:\/\/yoast.com\/product\/yoast-seo-premium-wordpress\/ -->\n<title>\u00dcbungen zu reflexiven Verben f\u00fcr die norwegische Grammatik - Talkpal<\/title>\n<meta name=\"description\" content=\"In diesen \u00dcbungen zu reflexiven Verben f\u00fcr die norwegische Grammatik \u00fcben Sie, wie man reflexive Verben korrekt verwendet. Achten Sie darauf, die richtige\" \/>\n<meta name=\"robots\" content=\"index, follow, max-snippet:-1, max-image-preview:large, max-video-preview:-1\" \/>\n<link rel=\"canonical\" href=\"https:\/\/talkpal.ai\/de\/grammar_exercises\/ubungen-zu-reflexiven-verben-fur-die-norwegische-grammatik\/\" \/>\n<meta property=\"og:locale\" content=\"de_DE\" \/>\n<meta property=\"og:type\" content=\"article\" \/>\n<meta property=\"og:title\" content=\"\u00dcbungen zu reflexiven Verben f\u00fcr die norwegische Grammatik\" \/>\n<meta property=\"og:description\" content=\"In diesen \u00dcbungen zu reflexiven Verben f\u00fcr die norwegische Grammatik \u00fcben Sie, wie man reflexive Verben korrekt verwendet. Achten Sie darauf, die richtige\" \/>\n<meta property=\"og:url\" content=\"https:\/\/talkpal.ai\/de\/grammar_exercises\/ubungen-zu-reflexiven-verben-fur-die-norwegische-grammatik\/\" \/>\n<meta property=\"og:site_name\" content=\"Talkpal\" \/>\n<meta property=\"article:publisher\" content=\"https:\/\/www.facebook.com\/profile.php?id=100090733639311\" \/>\n<meta property=\"og:image\" content=\"https:\/\/talkpal.ai\/wp-content\/uploads\/2025\/02\/Progress-tab-16_9.png\" \/>\n\t<meta property=\"og:image:width\" content=\"2880\" \/>\n\t<meta property=\"og:image:height\" content=\"1620\" \/>\n\t<meta property=\"og:image:type\" content=\"image\/png\" \/>\n<meta name=\"twitter:card\" content=\"summary_large_image\" \/>\n<meta name=\"twitter:site\" content=\"@talkpalai\" \/>\n<meta name=\"twitter:label1\" content=\"Gesch\u00e4tzte Lesezeit\" \/>\n\t<meta name=\"twitter:data1\" content=\"3\u00a0Minuten\" \/>\n<script type=\"application\/ld+json\" class=\"yoast-schema-graph\">{\"@context\":\"https:\/\/schema.org\",\"@graph\":[{\"@type\":\"WebPage\",\"@id\":\"https:\/\/talkpal.ai\/de\/grammar_exercises\/ubungen-zu-reflexiven-verben-fur-die-norwegische-grammatik\/\",\"url\":\"https:\/\/talkpal.ai\/de\/grammar_exercises\/ubungen-zu-reflexiven-verben-fur-die-norwegische-grammatik\/\",\"name\":\"\u00dcbungen zu reflexiven Verben f\u00fcr die norwegische Grammatik - Talkpal\",\"isPartOf\":{\"@id\":\"https:\/\/talkpal.ai\/de\/#website\"},\"primaryImageOfPage\":{\"@id\":\"https:\/\/talkpal.ai\/de\/grammar_exercises\/ubungen-zu-reflexiven-verben-fur-die-norwegische-grammatik\/#primaryimage\"},\"image\":{\"@id\":\"https:\/\/talkpal.ai\/de\/grammar_exercises\/ubungen-zu-reflexiven-verben-fur-die-norwegische-grammatik\/#primaryimage\"},\"thumbnailUrl\":\"https:\/\/talkpal.ai\/wp-content\/uploads\/2025\/12\/person-using-laptop-to-learn-languages.webp\",\"datePublished\":\"2025-07-06T05:24:25+00:00\",\"description\":\"In diesen \u00dcbungen zu reflexiven Verben f\u00fcr die norwegische Grammatik \u00fcben Sie, wie man reflexive Verben korrekt verwendet. Achten Sie darauf, die richtige\",\"breadcrumb\":{\"@id\":\"https:\/\/talkpal.ai\/de\/grammar_exercises\/ubungen-zu-reflexiven-verben-fur-die-norwegische-grammatik\/#breadcrumb\"},\"inLanguage\":\"de\",\"potentialAction\":[{\"@type\":\"ReadAction\",\"target\":[\"https:\/\/talkpal.ai\/de\/grammar_exercises\/ubungen-zu-reflexiven-verben-fur-die-norwegische-grammatik\/\"]}]},{\"@type\":\"ImageObject\",\"inLanguage\":\"de\",\"@id\":\"https:\/\/talkpal.ai\/de\/grammar_exercises\/ubungen-zu-reflexiven-verben-fur-die-norwegische-grammatik\/#primaryimage\",\"url\":\"https:\/\/talkpal.ai\/wp-content\/uploads\/2025\/12\/person-using-laptop-to-learn-languages.webp\",\"contentUrl\":\"https:\/\/talkpal.ai\/wp-content\/uploads\/2025\/12\/person-using-laptop-to-learn-languages.webp\",\"width\":1200,\"height\":896,\"caption\":\"A close-up view of a laptop and books on a desk used for learning languages at night.\"},{\"@type\":\"BreadcrumbList\",\"@id\":\"https:\/\/talkpal.ai\/de\/grammar_exercises\/ubungen-zu-reflexiven-verben-fur-die-norwegische-grammatik\/#breadcrumb\",\"itemListElement\":[{\"@type\":\"ListItem\",\"position\":1,\"name\":\"Homepage\",\"item\":\"https:\/\/talkpal.ai\/de\/\"},{\"@type\":\"ListItem\",\"position\":2,\"name\":\"\u00dcbungen zu reflexiven Verben f\u00fcr die norwegische Grammatik\"}]},{\"@type\":\"WebSite\",\"@id\":\"https:\/\/talkpal.ai\/de\/#website\",\"url\":\"https:\/\/talkpal.ai\/de\/\",\"name\":\"Talkpal\",\"description\":\"AI Language Learning\",\"publisher\":{\"@id\":\"https:\/\/talkpal.ai\/de\/#organization\"},\"alternateName\":\"Talkpal AI\",\"potentialAction\":[{\"@type\":\"SearchAction\",\"target\":{\"@type\":\"EntryPoint\",\"urlTemplate\":\"https:\/\/talkpal.ai\/de\/?s={search_term_string}\"},\"query-input\":{\"@type\":\"PropertyValueSpecification\",\"valueRequired\":true,\"valueName\":\"search_term_string\"}}],\"inLanguage\":\"de\"},{\"@type\":\"Organization\",\"@id\":\"https:\/\/talkpal.ai\/de\/#organization\",\"name\":\"Talkpal, Inc.\",\"alternateName\":\"Talkpal AI\",\"url\":\"https:\/\/talkpal.ai\/de\/\",\"logo\":{\"@type\":\"ImageObject\",\"inLanguage\":\"de\",\"@id\":\"https:\/\/talkpal.ai\/de\/#\/schema\/logo\/image\/\",\"url\":\"https:\/\/talkpal.ai\/wp-content\/uploads\/2024\/03\/Talkpal-Logo-Icon.png\",\"contentUrl\":\"https:\/\/talkpal.ai\/wp-content\/uploads\/2024\/03\/Talkpal-Logo-Icon.png\",\"width\":2880,\"height\":2880,\"caption\":\"Talkpal, Inc.\"},\"image\":{\"@id\":\"https:\/\/talkpal.ai\/de\/#\/schema\/logo\/image\/\"},\"sameAs\":[\"https:\/\/www.facebook.com\/profile.php?id=100090733639311\",\"https:\/\/x.com\/talkpalai\",\"https:\/\/www.linkedin.com\/company\/talkpal\/\",\"https:\/\/www.youtube.com\/@TalkPal\/\",\"https:\/\/www.tiktok.com\/@talkpal\",\"https:\/\/www.instagram.com\/talkpal_ai\/\",\"https:\/\/www.crunchbase.com\/organization\/talkpal-9cde\",\"https:\/\/www.g2.com\/products\/talkpal-for-business\/\",\"https:\/\/www.trustpilot.com\/review\/talkpal.ai\",\"https:\/\/www.capterra.com\/p\/10006800\/TalkPal\/\"],\"description\":\"Talkpal is a language learning web and mobile education app, powered by the latest AI technologies, that provides engaging experiences to its customers in many different languages to help them improve their language skills. Users can chat about unlimited amount of topics with the app and use other modes to practice their language learning.\",\"email\":\"support@talkpal.ai\",\"legalName\":\"Talkpal, Inc.\",\"foundingDate\":\"2023-04-03\",\"duns\":\"118989042\",\"numberOfEmployees\":{\"@type\":\"QuantitativeValue\",\"minValue\":\"11\",\"maxValue\":\"50\"},\"publishingPrinciples\":\"https:\/\/talkpal.ai\/publishing-principles\/\",\"actionableFeedbackPolicy\":\"https:\/\/talkpal.ai\/actionable-feedback-policy\/\",\"correctionsPolicy\":\"https:\/\/talkpal.ai\/corrections-policy\/\",\"ethicsPolicy\":\"https:\/\/talkpal.ai\/ethics-policy\/\",\"diversityPolicy\":\"https:\/\/talkpal.ai\/diversity-policy\/\",\"diversityStaffingReport\":\"https:\/\/talkpal.ai\/diversity-policy\/\"}]}<\/script>\n<!-- \/ Yoast SEO Premium plugin. -->","yoast_head_json":{"title":"\u00dcbungen zu reflexiven Verben f\u00fcr die norwegische Grammatik - Talkpal","description":"In diesen \u00dcbungen zu reflexiven Verben f\u00fcr die norwegische Grammatik \u00fcben Sie, wie man reflexive Verben korrekt verwendet. Achten Sie darauf, die richtige","robots":{"index":"index","follow":"follow","max-snippet":"max-snippet:-1","max-image-preview":"max-image-preview:large","max-video-preview":"max-video-preview:-1"},"canonical":"https:\/\/talkpal.ai\/de\/grammar_exercises\/ubungen-zu-reflexiven-verben-fur-die-norwegische-grammatik\/","og_locale":"de_DE","og_type":"article","og_title":"\u00dcbungen zu reflexiven Verben f\u00fcr die norwegische Grammatik","og_description":"In diesen \u00dcbungen zu reflexiven Verben f\u00fcr die norwegische Grammatik \u00fcben Sie, wie man reflexive Verben korrekt verwendet. Achten Sie darauf, die richtige","og_url":"https:\/\/talkpal.ai\/de\/grammar_exercises\/ubungen-zu-reflexiven-verben-fur-die-norwegische-grammatik\/","og_site_name":"Talkpal","article_publisher":"https:\/\/www.facebook.com\/profile.php?id=100090733639311","og_image":[{"width":2880,"height":1620,"url":"https:\/\/talkpal.ai\/wp-content\/uploads\/2025\/02\/Progress-tab-16_9.png","type":"image\/png"}],"twitter_card":"summary_large_image","twitter_site":"@talkpalai","twitter_misc":{"Gesch\u00e4tzte Lesezeit":"3\u00a0Minuten"},"schema":{"@context":"https:\/\/schema.org","@graph":[{"@type":"WebPage","@id":"https:\/\/talkpal.ai\/de\/grammar_exercises\/ubungen-zu-reflexiven-verben-fur-die-norwegische-grammatik\/","url":"https:\/\/talkpal.ai\/de\/grammar_exercises\/ubungen-zu-reflexiven-verben-fur-die-norwegische-grammatik\/","name":"\u00dcbungen zu reflexiven Verben f\u00fcr die norwegische Grammatik - Talkpal","isPartOf":{"@id":"https:\/\/talkpal.ai\/de\/#website"},"primaryImageOfPage":{"@id":"https:\/\/talkpal.ai\/de\/grammar_exercises\/ubungen-zu-reflexiven-verben-fur-die-norwegische-grammatik\/#primaryimage"},"image":{"@id":"https:\/\/talkpal.ai\/de\/grammar_exercises\/ubungen-zu-reflexiven-verben-fur-die-norwegische-grammatik\/#primaryimage"},"thumbnailUrl":"https:\/\/talkpal.ai\/wp-content\/uploads\/2025\/12\/person-using-laptop-to-learn-languages.webp","datePublished":"2025-07-06T05:24:25+00:00","description":"In diesen \u00dcbungen zu reflexiven Verben f\u00fcr die norwegische Grammatik \u00fcben Sie, wie man reflexive Verben korrekt verwendet. Achten Sie darauf, die richtige","breadcrumb":{"@id":"https:\/\/talkpal.ai\/de\/grammar_exercises\/ubungen-zu-reflexiven-verben-fur-die-norwegische-grammatik\/#breadcrumb"},"inLanguage":"de","potentialAction":[{"@type":"ReadAction","target":["https:\/\/talkpal.ai\/de\/grammar_exercises\/ubungen-zu-reflexiven-verben-fur-die-norwegische-grammatik\/"]}]},{"@type":"ImageObject","inLanguage":"de","@id":"https:\/\/talkpal.ai\/de\/grammar_exercises\/ubungen-zu-reflexiven-verben-fur-die-norwegische-grammatik\/#primaryimage","url":"https:\/\/talkpal.ai\/wp-content\/uploads\/2025\/12\/person-using-laptop-to-learn-languages.webp","contentUrl":"https:\/\/talkpal.ai\/wp-content\/uploads\/2025\/12\/person-using-laptop-to-learn-languages.webp","width":1200,"height":896,"caption":"A close-up view of a laptop and books on a desk used for learning languages at night."},{"@type":"BreadcrumbList","@id":"https:\/\/talkpal.ai\/de\/grammar_exercises\/ubungen-zu-reflexiven-verben-fur-die-norwegische-grammatik\/#breadcrumb","itemListElement":[{"@type":"ListItem","position":1,"name":"Homepage","item":"https:\/\/talkpal.ai\/de\/"},{"@type":"ListItem","position":2,"name":"\u00dcbungen zu reflexiven Verben f\u00fcr die norwegische Grammatik"}]},{"@type":"WebSite","@id":"https:\/\/talkpal.ai\/de\/#website","url":"https:\/\/talkpal.ai\/de\/","name":"Talkpal","description":"AI Language Learning","publisher":{"@id":"https:\/\/talkpal.ai\/de\/#organization"},"alternateName":"Talkpal AI","potentialAction":[{"@type":"SearchAction","target":{"@type":"EntryPoint","urlTemplate":"https:\/\/talkpal.ai\/de\/?s={search_term_string}"},"query-input":{"@type":"PropertyValueSpecification","valueRequired":true,"valueName":"search_term_string"}}],"inLanguage":"de"},{"@type":"Organization","@id":"https:\/\/talkpal.ai\/de\/#organization","name":"Talkpal, Inc.","alternateName":"Talkpal AI","url":"https:\/\/talkpal.ai\/de\/","logo":{"@type":"ImageObject","inLanguage":"de","@id":"https:\/\/talkpal.ai\/de\/#\/schema\/logo\/image\/","url":"https:\/\/talkpal.ai\/wp-content\/uploads\/2024\/03\/Talkpal-Logo-Icon.png","contentUrl":"https:\/\/talkpal.ai\/wp-content\/uploads\/2024\/03\/Talkpal-Logo-Icon.png","width":2880,"height":2880,"caption":"Talkpal, Inc."},"image":{"@id":"https:\/\/talkpal.ai\/de\/#\/schema\/logo\/image\/"},"sameAs":["https:\/\/www.facebook.com\/profile.php?id=100090733639311","https:\/\/x.com\/talkpalai","https:\/\/www.linkedin.com\/company\/talkpal\/","https:\/\/www.youtube.com\/@TalkPal\/","https:\/\/www.tiktok.com\/@talkpal","https:\/\/www.instagram.com\/talkpal_ai\/","https:\/\/www.crunchbase.com\/organization\/talkpal-9cde","https:\/\/www.g2.com\/products\/talkpal-for-business\/","https:\/\/www.trustpilot.com\/review\/talkpal.ai","https:\/\/www.capterra.com\/p\/10006800\/TalkPal\/"],"description":"Talkpal is a language learning web and mobile education app, powered by the latest AI technologies, that provides engaging experiences to its customers in many different languages to help them improve their language skills. Users can chat about unlimited amount of topics with the app and use other modes to practice their language learning.","email":"support@talkpal.ai","legalName":"Talkpal, Inc.","foundingDate":"2023-04-03","duns":"118989042","numberOfEmployees":{"@type":"QuantitativeValue","minValue":"11","maxValue":"50"},"publishingPrinciples":"https:\/\/talkpal.ai\/publishing-principles\/","actionableFeedbackPolicy":"https:\/\/talkpal.ai\/actionable-feedback-policy\/","correctionsPolicy":"https:\/\/talkpal.ai\/corrections-policy\/","ethicsPolicy":"https:\/\/talkpal.ai\/ethics-policy\/","diversityPolicy":"https:\/\/talkpal.ai\/diversity-policy\/","diversityStaffingReport":"https:\/\/talkpal.ai\/diversity-policy\/"}]}},"_links":{"self":[{"href":"https:\/\/talkpal.ai\/de\/wp-json\/wp\/v2\/grammar_exercises\/1125510","targetHints":{"allow":["GET"]}}],"collection":[{"href":"https:\/\/talkpal.ai\/de\/wp-json\/wp\/v2\/grammar_exercises"}],"about":[{"href":"https:\/\/talkpal.ai\/de\/wp-json\/wp\/v2\/types\/grammar_exercises"}],"wp:featuredmedia":[{"embeddable":true,"href":"https:\/\/talkpal.ai\/de\/wp-json\/wp\/v2\/media\/1527867"}],"wp:attachment":[{"href":"https:\/\/talkpal.ai\/de\/wp-json\/wp\/v2\/media?parent=1125510"}],"wp:term":[{"taxonomy":"exercise_language","embeddable":true,"href":"https:\/\/talkpal.ai\/de\/wp-json\/wp\/v2\/exercise_language?post=1125510"}],"curies":[{"name":"wp","href":"https:\/\/api.w.org\/{rel}","templated":true}]}}