{"id":1125237,"date":"2025-07-06T05:19:51","date_gmt":"2025-07-06T05:19:51","guid":{"rendered":"https:\/\/talkpal.ai\/grammar_exercises\/ubungen-zu-reflexiven-verben-fur-die-marathi-grammatik\/"},"modified":"2025-07-06T05:19:51","modified_gmt":"2025-07-06T05:19:51","slug":"ubungen-zu-reflexiven-verben-fur-die-marathi-grammatik","status":"publish","type":"grammar_exercises","link":"https:\/\/talkpal.ai\/de\/grammar_exercises\/ubungen-zu-reflexiven-verben-fur-die-marathi-grammatik\/","title":{"rendered":"\u00dcbungen zu reflexiven Verben f\u00fcr die Marathi-Grammatik"},"content":{"rendered":"<p>In diesen \u00dcbungen zu reflexiven Verben f\u00fcr die <a href=\"https:\/\/talkpal.ai\/marathi-grammar\/\">Marathi-Grammatik<\/a> lernst du, wie man <a href=\"https:\/\/talkpal.ai\/hi\/grammar_exercises\/reflexive-verben-%e0%a4%9c%e0%a4%b0%e0%a5%8d%e0%a4%ae%e0%a4%a8-%e0%a4%b5%e0%a5%8d%e0%a4%af%e0%a4%be%e0%a4%95%e0%a4%b0%e0%a4%a3-%e0%a4%95%e0%a5%87-%e0%a4%b2%e0%a4%bf%e0%a4%8f-%e0%a4%85%e0%a4%ad\/\">reflexive Verben<\/a> im Satz richtig verwendet. <a href=\"https:\/\/talkpal.ai\/hi\/grammar_exercises\/reflexive-verben-%e0%a4%9c%e0%a4%b0%e0%a5%8d%e0%a4%ae%e0%a4%a8-%e0%a4%b5%e0%a5%8d%e0%a4%af%e0%a4%be%e0%a4%95%e0%a4%b0%e0%a4%a3-%e0%a4%95%e0%a5%87-%e0%a4%b2%e0%a4%bf%e0%a4%8f-%e0%a4%85%e0%a4%ad\/\">Reflexive Verben<\/a> beziehen sich auf eine Handlung, die das Subjekt an sich selbst ausf\u00fchrt. Achte auf die korrekte Form des Verbs und das passende <a href=\"https:\/\/talkpal.ai\/el\/grammar\/reflexivpronomen-%cf%83%cf%84%ce%b7-%ce%b3%ce%b5%cf%81%ce%bc%ce%b1%ce%bd%ce%b9%ce%ba%ce%ae-%ce%b3%cf%81%ce%b1%ce%bc%ce%bc%ce%b1%cf%84%ce%b9%ce%ba%ce%ae\/\">Reflexivpronomen<\/a>.<\/p>\n<h3>\u00dcbung 1: Reflexive Verben im Pr\u00e4sens<\/h3>\n<div class=\"input_sentences\">\n1. Er *w\u00e4scht* sich jeden Morgen das Gesicht. (Hinweis: Verb im Pr\u00e4sens, reflexive Handlung)<br \/>\n2. Du *k\u00e4mst* dir die Haare vor dem Spiegel. (Hinweis: Verb im Pr\u00e4sens, reflexive Handlung)<br \/>\n3. Wir *freuen* uns auf den Ausflug. (Hinweis: Verb im Pr\u00e4sens, reflexive Handlung)<br \/>\n4. Sie *zieht* sich schnell an, weil sie sp\u00e4t ist. (Hinweis: Verb im Pr\u00e4sens, reflexive Handlung)<br \/>\n5. Ich *entscheide* mich f\u00fcr das rote Buch. (Hinweis: Verb im Pr\u00e4sens, reflexive Handlung)<br \/>\n6. Ihr *setzt* euch auf die St\u00fchle im Zimmer. (Hinweis: Verb im Pr\u00e4sens, reflexive Handlung)<br \/>\n7. Er *ruht* sich nach dem Sport aus. (Hinweis: Verb im Pr\u00e4sens, reflexive Handlung)<br \/>\n8. Sie *erinnert* sich an den Geburtstag ihrer Mutter. (Hinweis: Verb im Pr\u00e4sens, reflexive Handlung)<br \/>\n9. Wir *beeilen* uns, um den Bus zu erreichen. (Hinweis: Verb im Pr\u00e4sens, reflexive Handlung)<br \/>\n10. Du *entspannst* dich nach der Arbeit. (Hinweis: Verb im Pr\u00e4sens, reflexive Handlung)\n<\/div>\n<div class=\"exercise\"><\/div>\n<h3>\u00dcbung 2: Reflexive Verben im Pr\u00e4teritum<\/h3>\n<div class=\"input_sentences\">\n1. Ich *zog* mich gestern warm an. (Hinweis: Verb im Pr\u00e4teritum, reflexive Handlung)<br \/>\n2. Du *freutest* dich \u00fcber das Geschenk. (Hinweis: Verb im Pr\u00e4teritum, reflexive Handlung)<br \/>\n3. Er *wusch* sich nach dem Training. (Hinweis: Verb im Pr\u00e4teritum, reflexive Handlung)<br \/>\n4. Sie *entschied* sich f\u00fcr den blauen Mantel. (Hinweis: Verb im Pr\u00e4teritum, reflexive Handlung)<br \/>\n5. Wir *setzten* uns auf die Bank im Park. (Hinweis: Verb im Pr\u00e4teritum, reflexive Handlung)<br \/>\n6. Ihr *erinnertet* euch an den Urlaub. (Hinweis: Verb im Pr\u00e4teritum, reflexive Handlung)<br \/>\n7. Sie *ruhten* sich nach dem <a href=\"https:\/\/talkpal.ai\/locations\/language-courses-in-langen\/\">langen<\/a> Tag aus. (Hinweis: Verb im Pr\u00e4teritum, reflexive Handlung)<br \/>\n8. Ich *k\u00e4mte* mir die Haare vor dem Spiegel. (Hinweis: Verb im Pr\u00e4teritum, reflexive Handlung)<br \/>\n9. Du *beeiltest* dich, um rechtzeitig zu kommen. (Hinweis: Verb im Pr\u00e4teritum, reflexive Handlung)<br \/>\n10. Er *entspannte* sich am Wochenende. (Hinweis: Verb im Pr\u00e4teritum, reflexive Handlung)\n<\/div>\n<div class=\"exercise\"><\/div>\n","protected":false},"featured_media":1527884,"parent":0,"menu_order":0,"template":"","exercise_language":[13563,13653],"class_list":["post-1125237","grammar_exercises","type-grammar_exercises","status-publish","has-post-thumbnail","hentry","exercise_language-marathi-ubungen","exercise_language-verben-marathi-grammatik"],"acf":[],"yoast_head":"<!-- This site is optimized with the Yoast SEO Premium plugin v27.2 (Yoast SEO v27.2) - https:\/\/yoast.com\/product\/yoast-seo-premium-wordpress\/ -->\n<title>\u00dcbungen zu reflexiven Verben f\u00fcr die Marathi-Grammatik - Talkpal<\/title>\n<meta name=\"description\" content=\"In diesen \u00dcbungen zu reflexiven Verben f\u00fcr die Marathi-Grammatik lernst du, wie man reflexive Verben im Satz richtig verwendet. Reflexive Verben beziehen\" \/>\n<meta name=\"robots\" content=\"index, follow, max-snippet:-1, max-image-preview:large, max-video-preview:-1\" \/>\n<link rel=\"canonical\" href=\"https:\/\/talkpal.ai\/de\/grammar_exercises\/ubungen-zu-reflexiven-verben-fur-die-marathi-grammatik\/\" \/>\n<meta property=\"og:locale\" content=\"de_DE\" \/>\n<meta property=\"og:type\" content=\"article\" \/>\n<meta property=\"og:title\" content=\"\u00dcbungen zu reflexiven Verben f\u00fcr die Marathi-Grammatik\" \/>\n<meta property=\"og:description\" content=\"In diesen \u00dcbungen zu reflexiven Verben f\u00fcr die Marathi-Grammatik lernst du, wie man reflexive Verben im Satz richtig verwendet. Reflexive Verben beziehen\" \/>\n<meta property=\"og:url\" content=\"https:\/\/talkpal.ai\/de\/grammar_exercises\/ubungen-zu-reflexiven-verben-fur-die-marathi-grammatik\/\" \/>\n<meta property=\"og:site_name\" content=\"Talkpal\" \/>\n<meta property=\"article:publisher\" content=\"https:\/\/www.facebook.com\/profile.php?id=100090733639311\" \/>\n<meta property=\"og:image\" content=\"https:\/\/talkpal.ai\/wp-content\/uploads\/2025\/02\/Progress-tab-16_9.png\" \/>\n\t<meta property=\"og:image:width\" content=\"2880\" \/>\n\t<meta property=\"og:image:height\" content=\"1620\" \/>\n\t<meta property=\"og:image:type\" content=\"image\/png\" \/>\n<meta name=\"twitter:card\" content=\"summary_large_image\" \/>\n<meta name=\"twitter:site\" content=\"@talkpalai\" \/>\n<meta name=\"twitter:label1\" content=\"Gesch\u00e4tzte Lesezeit\" \/>\n\t<meta name=\"twitter:data1\" content=\"2\u00a0Minuten\" \/>\n<script type=\"application\/ld+json\" class=\"yoast-schema-graph\">{\"@context\":\"https:\/\/schema.org\",\"@graph\":[{\"@type\":\"WebPage\",\"@id\":\"https:\/\/talkpal.ai\/de\/grammar_exercises\/ubungen-zu-reflexiven-verben-fur-die-marathi-grammatik\/\",\"url\":\"https:\/\/talkpal.ai\/de\/grammar_exercises\/ubungen-zu-reflexiven-verben-fur-die-marathi-grammatik\/\",\"name\":\"\u00dcbungen zu reflexiven Verben f\u00fcr die Marathi-Grammatik - Talkpal\",\"isPartOf\":{\"@id\":\"https:\/\/talkpal.ai\/de\/#website\"},\"primaryImageOfPage\":{\"@id\":\"https:\/\/talkpal.ai\/de\/grammar_exercises\/ubungen-zu-reflexiven-verben-fur-die-marathi-grammatik\/#primaryimage\"},\"image\":{\"@id\":\"https:\/\/talkpal.ai\/de\/grammar_exercises\/ubungen-zu-reflexiven-verben-fur-die-marathi-grammatik\/#primaryimage\"},\"thumbnailUrl\":\"https:\/\/talkpal.ai\/wp-content\/uploads\/2025\/12\/sheets-are-read-to-learn-languages.webp\",\"datePublished\":\"2025-07-06T05:19:51+00:00\",\"description\":\"In diesen \u00dcbungen zu reflexiven Verben f\u00fcr die Marathi-Grammatik lernst du, wie man reflexive Verben im Satz richtig verwendet. Reflexive Verben beziehen\",\"breadcrumb\":{\"@id\":\"https:\/\/talkpal.ai\/de\/grammar_exercises\/ubungen-zu-reflexiven-verben-fur-die-marathi-grammatik\/#breadcrumb\"},\"inLanguage\":\"de\",\"potentialAction\":[{\"@type\":\"ReadAction\",\"target\":[\"https:\/\/talkpal.ai\/de\/grammar_exercises\/ubungen-zu-reflexiven-verben-fur-die-marathi-grammatik\/\"]}]},{\"@type\":\"ImageObject\",\"inLanguage\":\"de\",\"@id\":\"https:\/\/talkpal.ai\/de\/grammar_exercises\/ubungen-zu-reflexiven-verben-fur-die-marathi-grammatik\/#primaryimage\",\"url\":\"https:\/\/talkpal.ai\/wp-content\/uploads\/2025\/12\/sheets-are-read-to-learn-languages.webp\",\"contentUrl\":\"https:\/\/talkpal.ai\/wp-content\/uploads\/2025\/12\/sheets-are-read-to-learn-languages.webp\",\"width\":1200,\"height\":896,\"caption\":\"Study sheets are read by two surprised students while learning languages in a quiet university library.\"},{\"@type\":\"BreadcrumbList\",\"@id\":\"https:\/\/talkpal.ai\/de\/grammar_exercises\/ubungen-zu-reflexiven-verben-fur-die-marathi-grammatik\/#breadcrumb\",\"itemListElement\":[{\"@type\":\"ListItem\",\"position\":1,\"name\":\"Homepage\",\"item\":\"https:\/\/talkpal.ai\/de\/\"},{\"@type\":\"ListItem\",\"position\":2,\"name\":\"\u00dcbungen zu reflexiven Verben f\u00fcr die Marathi-Grammatik\"}]},{\"@type\":\"WebSite\",\"@id\":\"https:\/\/talkpal.ai\/de\/#website\",\"url\":\"https:\/\/talkpal.ai\/de\/\",\"name\":\"Talkpal\",\"description\":\"AI Language Learning\",\"publisher\":{\"@id\":\"https:\/\/talkpal.ai\/de\/#organization\"},\"alternateName\":\"Talkpal AI\",\"potentialAction\":[{\"@type\":\"SearchAction\",\"target\":{\"@type\":\"EntryPoint\",\"urlTemplate\":\"https:\/\/talkpal.ai\/de\/?s={search_term_string}\"},\"query-input\":{\"@type\":\"PropertyValueSpecification\",\"valueRequired\":true,\"valueName\":\"search_term_string\"}}],\"inLanguage\":\"de\"},{\"@type\":\"Organization\",\"@id\":\"https:\/\/talkpal.ai\/de\/#organization\",\"name\":\"Talkpal, Inc.\",\"alternateName\":\"Talkpal AI\",\"url\":\"https:\/\/talkpal.ai\/de\/\",\"logo\":{\"@type\":\"ImageObject\",\"inLanguage\":\"de\",\"@id\":\"https:\/\/talkpal.ai\/de\/#\/schema\/logo\/image\/\",\"url\":\"https:\/\/talkpal.ai\/wp-content\/uploads\/2024\/03\/Talkpal-Logo-Icon.png\",\"contentUrl\":\"https:\/\/talkpal.ai\/wp-content\/uploads\/2024\/03\/Talkpal-Logo-Icon.png\",\"width\":2880,\"height\":2880,\"caption\":\"Talkpal, Inc.\"},\"image\":{\"@id\":\"https:\/\/talkpal.ai\/de\/#\/schema\/logo\/image\/\"},\"sameAs\":[\"https:\/\/www.facebook.com\/profile.php?id=100090733639311\",\"https:\/\/x.com\/talkpalai\",\"https:\/\/www.linkedin.com\/company\/talkpal\/\",\"https:\/\/www.youtube.com\/@TalkPal\/\",\"https:\/\/www.tiktok.com\/@talkpal\",\"https:\/\/www.instagram.com\/talkpal_ai\/\",\"https:\/\/www.crunchbase.com\/organization\/talkpal-9cde\",\"https:\/\/www.g2.com\/products\/talkpal-for-business\/\",\"https:\/\/www.trustpilot.com\/review\/talkpal.ai\",\"https:\/\/www.capterra.com\/p\/10006800\/TalkPal\/\"],\"description\":\"Talkpal is a language learning web and mobile education app, powered by the latest AI technologies, that provides engaging experiences to its customers in many different languages to help them improve their language skills. Users can chat about unlimited amount of topics with the app and use other modes to practice their language learning.\",\"email\":\"support@talkpal.ai\",\"legalName\":\"Talkpal, Inc.\",\"foundingDate\":\"2023-04-03\",\"duns\":\"118989042\",\"numberOfEmployees\":{\"@type\":\"QuantitativeValue\",\"minValue\":\"11\",\"maxValue\":\"50\"},\"publishingPrinciples\":\"https:\/\/talkpal.ai\/publishing-principles\/\",\"actionableFeedbackPolicy\":\"https:\/\/talkpal.ai\/actionable-feedback-policy\/\",\"correctionsPolicy\":\"https:\/\/talkpal.ai\/corrections-policy\/\",\"ethicsPolicy\":\"https:\/\/talkpal.ai\/ethics-policy\/\",\"diversityPolicy\":\"https:\/\/talkpal.ai\/diversity-policy\/\",\"diversityStaffingReport\":\"https:\/\/talkpal.ai\/diversity-policy\/\"}]}<\/script>\n<!-- \/ Yoast SEO Premium plugin. -->","yoast_head_json":{"title":"\u00dcbungen zu reflexiven Verben f\u00fcr die Marathi-Grammatik - Talkpal","description":"In diesen \u00dcbungen zu reflexiven Verben f\u00fcr die Marathi-Grammatik lernst du, wie man reflexive Verben im Satz richtig verwendet. Reflexive Verben beziehen","robots":{"index":"index","follow":"follow","max-snippet":"max-snippet:-1","max-image-preview":"max-image-preview:large","max-video-preview":"max-video-preview:-1"},"canonical":"https:\/\/talkpal.ai\/de\/grammar_exercises\/ubungen-zu-reflexiven-verben-fur-die-marathi-grammatik\/","og_locale":"de_DE","og_type":"article","og_title":"\u00dcbungen zu reflexiven Verben f\u00fcr die Marathi-Grammatik","og_description":"In diesen \u00dcbungen zu reflexiven Verben f\u00fcr die Marathi-Grammatik lernst du, wie man reflexive Verben im Satz richtig verwendet. Reflexive Verben beziehen","og_url":"https:\/\/talkpal.ai\/de\/grammar_exercises\/ubungen-zu-reflexiven-verben-fur-die-marathi-grammatik\/","og_site_name":"Talkpal","article_publisher":"https:\/\/www.facebook.com\/profile.php?id=100090733639311","og_image":[{"width":2880,"height":1620,"url":"https:\/\/talkpal.ai\/wp-content\/uploads\/2025\/02\/Progress-tab-16_9.png","type":"image\/png"}],"twitter_card":"summary_large_image","twitter_site":"@talkpalai","twitter_misc":{"Gesch\u00e4tzte Lesezeit":"2\u00a0Minuten"},"schema":{"@context":"https:\/\/schema.org","@graph":[{"@type":"WebPage","@id":"https:\/\/talkpal.ai\/de\/grammar_exercises\/ubungen-zu-reflexiven-verben-fur-die-marathi-grammatik\/","url":"https:\/\/talkpal.ai\/de\/grammar_exercises\/ubungen-zu-reflexiven-verben-fur-die-marathi-grammatik\/","name":"\u00dcbungen zu reflexiven Verben f\u00fcr die Marathi-Grammatik - Talkpal","isPartOf":{"@id":"https:\/\/talkpal.ai\/de\/#website"},"primaryImageOfPage":{"@id":"https:\/\/talkpal.ai\/de\/grammar_exercises\/ubungen-zu-reflexiven-verben-fur-die-marathi-grammatik\/#primaryimage"},"image":{"@id":"https:\/\/talkpal.ai\/de\/grammar_exercises\/ubungen-zu-reflexiven-verben-fur-die-marathi-grammatik\/#primaryimage"},"thumbnailUrl":"https:\/\/talkpal.ai\/wp-content\/uploads\/2025\/12\/sheets-are-read-to-learn-languages.webp","datePublished":"2025-07-06T05:19:51+00:00","description":"In diesen \u00dcbungen zu reflexiven Verben f\u00fcr die Marathi-Grammatik lernst du, wie man reflexive Verben im Satz richtig verwendet. Reflexive Verben beziehen","breadcrumb":{"@id":"https:\/\/talkpal.ai\/de\/grammar_exercises\/ubungen-zu-reflexiven-verben-fur-die-marathi-grammatik\/#breadcrumb"},"inLanguage":"de","potentialAction":[{"@type":"ReadAction","target":["https:\/\/talkpal.ai\/de\/grammar_exercises\/ubungen-zu-reflexiven-verben-fur-die-marathi-grammatik\/"]}]},{"@type":"ImageObject","inLanguage":"de","@id":"https:\/\/talkpal.ai\/de\/grammar_exercises\/ubungen-zu-reflexiven-verben-fur-die-marathi-grammatik\/#primaryimage","url":"https:\/\/talkpal.ai\/wp-content\/uploads\/2025\/12\/sheets-are-read-to-learn-languages.webp","contentUrl":"https:\/\/talkpal.ai\/wp-content\/uploads\/2025\/12\/sheets-are-read-to-learn-languages.webp","width":1200,"height":896,"caption":"Study sheets are read by two surprised students while learning languages in a quiet university library."},{"@type":"BreadcrumbList","@id":"https:\/\/talkpal.ai\/de\/grammar_exercises\/ubungen-zu-reflexiven-verben-fur-die-marathi-grammatik\/#breadcrumb","itemListElement":[{"@type":"ListItem","position":1,"name":"Homepage","item":"https:\/\/talkpal.ai\/de\/"},{"@type":"ListItem","position":2,"name":"\u00dcbungen zu reflexiven Verben f\u00fcr die Marathi-Grammatik"}]},{"@type":"WebSite","@id":"https:\/\/talkpal.ai\/de\/#website","url":"https:\/\/talkpal.ai\/de\/","name":"Talkpal","description":"AI Language Learning","publisher":{"@id":"https:\/\/talkpal.ai\/de\/#organization"},"alternateName":"Talkpal AI","potentialAction":[{"@type":"SearchAction","target":{"@type":"EntryPoint","urlTemplate":"https:\/\/talkpal.ai\/de\/?s={search_term_string}"},"query-input":{"@type":"PropertyValueSpecification","valueRequired":true,"valueName":"search_term_string"}}],"inLanguage":"de"},{"@type":"Organization","@id":"https:\/\/talkpal.ai\/de\/#organization","name":"Talkpal, Inc.","alternateName":"Talkpal AI","url":"https:\/\/talkpal.ai\/de\/","logo":{"@type":"ImageObject","inLanguage":"de","@id":"https:\/\/talkpal.ai\/de\/#\/schema\/logo\/image\/","url":"https:\/\/talkpal.ai\/wp-content\/uploads\/2024\/03\/Talkpal-Logo-Icon.png","contentUrl":"https:\/\/talkpal.ai\/wp-content\/uploads\/2024\/03\/Talkpal-Logo-Icon.png","width":2880,"height":2880,"caption":"Talkpal, Inc."},"image":{"@id":"https:\/\/talkpal.ai\/de\/#\/schema\/logo\/image\/"},"sameAs":["https:\/\/www.facebook.com\/profile.php?id=100090733639311","https:\/\/x.com\/talkpalai","https:\/\/www.linkedin.com\/company\/talkpal\/","https:\/\/www.youtube.com\/@TalkPal\/","https:\/\/www.tiktok.com\/@talkpal","https:\/\/www.instagram.com\/talkpal_ai\/","https:\/\/www.crunchbase.com\/organization\/talkpal-9cde","https:\/\/www.g2.com\/products\/talkpal-for-business\/","https:\/\/www.trustpilot.com\/review\/talkpal.ai","https:\/\/www.capterra.com\/p\/10006800\/TalkPal\/"],"description":"Talkpal is a language learning web and mobile education app, powered by the latest AI technologies, that provides engaging experiences to its customers in many different languages to help them improve their language skills. Users can chat about unlimited amount of topics with the app and use other modes to practice their language learning.","email":"support@talkpal.ai","legalName":"Talkpal, Inc.","foundingDate":"2023-04-03","duns":"118989042","numberOfEmployees":{"@type":"QuantitativeValue","minValue":"11","maxValue":"50"},"publishingPrinciples":"https:\/\/talkpal.ai\/publishing-principles\/","actionableFeedbackPolicy":"https:\/\/talkpal.ai\/actionable-feedback-policy\/","correctionsPolicy":"https:\/\/talkpal.ai\/corrections-policy\/","ethicsPolicy":"https:\/\/talkpal.ai\/ethics-policy\/","diversityPolicy":"https:\/\/talkpal.ai\/diversity-policy\/","diversityStaffingReport":"https:\/\/talkpal.ai\/diversity-policy\/"}]}},"_links":{"self":[{"href":"https:\/\/talkpal.ai\/de\/wp-json\/wp\/v2\/grammar_exercises\/1125237","targetHints":{"allow":["GET"]}}],"collection":[{"href":"https:\/\/talkpal.ai\/de\/wp-json\/wp\/v2\/grammar_exercises"}],"about":[{"href":"https:\/\/talkpal.ai\/de\/wp-json\/wp\/v2\/types\/grammar_exercises"}],"wp:featuredmedia":[{"embeddable":true,"href":"https:\/\/talkpal.ai\/de\/wp-json\/wp\/v2\/media\/1527884"}],"wp:attachment":[{"href":"https:\/\/talkpal.ai\/de\/wp-json\/wp\/v2\/media?parent=1125237"}],"wp:term":[{"taxonomy":"exercise_language","embeddable":true,"href":"https:\/\/talkpal.ai\/de\/wp-json\/wp\/v2\/exercise_language?post=1125237"}],"curies":[{"name":"wp","href":"https:\/\/api.w.org\/{rel}","templated":true}]}}