{"id":1124604,"date":"2025-07-06T05:09:21","date_gmt":"2025-07-06T05:09:21","guid":{"rendered":"https:\/\/talkpal.ai\/grammar_exercises\/ubungen-zu-reflexivpronomen-fur-die-islandische-grammatik\/"},"modified":"2025-07-06T05:09:21","modified_gmt":"2025-07-06T05:09:21","slug":"ubungen-zu-reflexivpronomen-fur-die-islandische-grammatik","status":"publish","type":"grammar_exercises","link":"https:\/\/talkpal.ai\/de\/grammar_exercises\/ubungen-zu-reflexivpronomen-fur-die-islandische-grammatik\/","title":{"rendered":"\u00dcbungen zu Reflexivpronomen f\u00fcr die isl\u00e4ndische Grammatik"},"content":{"rendered":"<p>Diese \u00dcbungen helfen Ihnen, die Verwendung der <a href=\"https:\/\/talkpal.ai\/el\/grammar\/reflexivpronomen-%cf%83%cf%84%ce%b7-%ce%b3%ce%b5%cf%81%ce%bc%ce%b1%ce%bd%ce%b9%ce%ba%ce%ae-%ce%b3%cf%81%ce%b1%ce%bc%ce%bc%ce%b1%cf%84%ce%b9%ce%ba%ce%ae\/\">Reflexivpronomen<\/a> im Isl\u00e4ndischen zu \u00fcben. Reflexivpronomen beziehen sich immer auf das Subjekt des Satzes und zeigen an, dass die Handlung vom Subjekt auf sich selbst zur\u00fcckgeht. Im Isl\u00e4ndischen ver\u00e4ndern sich die Reflexivpronomen je nach Fall (Nominativ, Akkusativ, Dativ). In den folgenden S\u00e4tzen sollen Sie das passende Reflexivpronomen einsetzen.<\/p>\n<h3>\u00dcbung 1: Reflexivpronomen im Nominativ und Akkusativ<\/h3>\n<div class=\"input_sentences\">\n1. H\u00fan s\u00e9r *sig* \u00ed speglinum. (Hin Reflexivpronomen f\u00fcr \u201esie\u201c im Akkusativ)<br \/>\n2. \u00c9g elska *mig* sj\u00e1lfan. (Reflexivpronomen f\u00fcr \u201eich\u201c im Akkusativ)<br \/>\n3. \u00de\u00fa hj\u00e1lpar *\u00fe\u00e9r* alltaf. (Reflexivpronomen f\u00fcr \u201edu\u201c im Dativ, aber hier als Akkusativ)<br \/>\n4. Vi\u00f0 sj\u00e1um *okkur* \u00ed speglinum. (Reflexivpronomen f\u00fcr \u201ewir\u201c im Akkusativ)<br \/>\n5. \u00deeir \u00feekkja *sig* vel. (Reflexivpronomen f\u00fcr \u201esie\u201c (m.) im Akkusativ)<br \/>\n6. H\u00fan minnir *sig* \u00e1 m\u00f3\u00f0ur s\u00edna. (Reflexivpronomen f\u00fcr \u201esie\u201c im Akkusativ)<br \/>\n7. \u00c9g hugsa miki\u00f0 um *mig*. (Reflexivpronomen f\u00fcr \u201eich\u201c im Akkusativ)<br \/>\n8. \u00de\u00fa s\u00e9r\u00f0 *\u00feig* \u00ed speglinum. (Reflexivpronomen f\u00fcr \u201edu\u201c im Akkusativ)<br \/>\n9. Vi\u00f0 \u00feurfum a\u00f0 hlusta \u00e1 *okkur*. (Reflexivpronomen f\u00fcr \u201ewir\u201c im Akkusativ)<br \/>\n10. \u00deeir vilja hj\u00e1lpa *s\u00e9r*. (Reflexivpronomen f\u00fcr \u201esie\u201c (m.) im Dativ, aber hier als Akkusativ)\n<\/div>\n<div class=\"exercise\"><\/div>\n<h3>\u00dcbung 2: Reflexivpronomen im Dativ<\/h3>\n<div class=\"input_sentences\">\n1. \u00c9g kaupi *m\u00e9r* b\u00f3k. (Reflexivpronomen f\u00fcr \u201eich\u201c im Dativ)<br \/>\n2. H\u00fan b\u00fdr *s\u00e9r* til kaffibolla. (Reflexivpronomen f\u00fcr \u201esie\u201c im Dativ)<br \/>\n3. \u00de\u00fa f\u00e6r\u00f0 *\u00fe\u00e9r* n\u00fdjan hatt. (Reflexivpronomen f\u00fcr \u201edu\u201c im Dativ)<br \/>\n4. Vi\u00f0 keypum *okkur* nammi. (Reflexivpronomen f\u00fcr \u201ewir\u201c im Dativ)<br \/>\n5. \u00deeir <a href=\"https:\/\/talkpal.ai\/locations\/language-courses-in-gera\/\">gera<\/a> *s\u00e9r* mat. (Reflexivpronomen f\u00fcr \u201esie\u201c (m.) im Dativ)<br \/>\n6. H\u00fan s\u00e9r *s\u00e9r* n\u00fdjan kj\u00f3l. (Reflexivpronomen f\u00fcr \u201esie\u201c im Dativ)<br \/>\n7. \u00c9g \u00fevo *mig* (hier als Akkusativ und Dativ zusammen).<br \/>\n8. \u00de\u00fa spyr\u00f0 *\u00feig* hvort \u00fe\u00fa getir hj\u00e1lpa\u00f0. (Reflexivpronomen f\u00fcr \u201edu\u201c im Akkusativ)<br \/>\n9. Vi\u00f0 bj\u00f3\u00f0um *okkur* til veislu. (Reflexivpronomen f\u00fcr \u201ewir\u201c im Dativ)<br \/>\n10. \u00deeir kaupa *s\u00e9r* gj\u00f6f. (Reflexivpronomen f\u00fcr \u201esie\u201c (m.) im Dativ)\n<\/div>\n<div class=\"exercise\"><\/div>\n","protected":false},"featured_media":1527718,"parent":0,"menu_order":0,"template":"","exercise_language":[13442,13447],"class_list":["post-1124604","grammar_exercises","type-grammar_exercises","status-publish","has-post-thumbnail","hentry","exercise_language-islandische-ubungen","exercise_language-pronomen-determinanten-islandische-grammatik"],"acf":[],"yoast_head":"<!-- This site is optimized with the Yoast SEO Premium plugin v27.2 (Yoast SEO v27.2) - https:\/\/yoast.com\/product\/yoast-seo-premium-wordpress\/ -->\n<title>\u00dcbungen zu Reflexivpronomen f\u00fcr die isl\u00e4ndische Grammatik - Talkpal<\/title>\n<meta name=\"description\" content=\"Diese \u00dcbungen helfen Ihnen, die Verwendung der Reflexivpronomen im Isl\u00e4ndischen zu \u00fcben. Reflexivpronomen beziehen sich immer auf das Subjekt des Satzes\" \/>\n<meta name=\"robots\" content=\"index, follow, max-snippet:-1, max-image-preview:large, max-video-preview:-1\" \/>\n<link rel=\"canonical\" href=\"https:\/\/talkpal.ai\/de\/grammar_exercises\/ubungen-zu-reflexivpronomen-fur-die-islandische-grammatik\/\" \/>\n<meta property=\"og:locale\" content=\"de_DE\" \/>\n<meta property=\"og:type\" content=\"article\" \/>\n<meta property=\"og:title\" content=\"\u00dcbungen zu Reflexivpronomen f\u00fcr die isl\u00e4ndische Grammatik\" \/>\n<meta property=\"og:description\" content=\"Diese \u00dcbungen helfen Ihnen, die Verwendung der Reflexivpronomen im Isl\u00e4ndischen zu \u00fcben. Reflexivpronomen beziehen sich immer auf das Subjekt des Satzes\" \/>\n<meta property=\"og:url\" content=\"https:\/\/talkpal.ai\/de\/grammar_exercises\/ubungen-zu-reflexivpronomen-fur-die-islandische-grammatik\/\" \/>\n<meta property=\"og:site_name\" content=\"Talkpal\" \/>\n<meta property=\"article:publisher\" content=\"https:\/\/www.facebook.com\/profile.php?id=100090733639311\" \/>\n<meta property=\"og:image\" content=\"https:\/\/talkpal.ai\/wp-content\/uploads\/2025\/02\/Progress-tab-16_9.png\" \/>\n\t<meta property=\"og:image:width\" content=\"2880\" \/>\n\t<meta property=\"og:image:height\" content=\"1620\" \/>\n\t<meta property=\"og:image:type\" content=\"image\/png\" \/>\n<meta name=\"twitter:card\" content=\"summary_large_image\" \/>\n<meta name=\"twitter:site\" content=\"@talkpalai\" \/>\n<meta name=\"twitter:label1\" content=\"Gesch\u00e4tzte Lesezeit\" \/>\n\t<meta name=\"twitter:data1\" content=\"2\u00a0Minuten\" \/>\n<script type=\"application\/ld+json\" class=\"yoast-schema-graph\">{\"@context\":\"https:\/\/schema.org\",\"@graph\":[{\"@type\":\"WebPage\",\"@id\":\"https:\/\/talkpal.ai\/de\/grammar_exercises\/ubungen-zu-reflexivpronomen-fur-die-islandische-grammatik\/\",\"url\":\"https:\/\/talkpal.ai\/de\/grammar_exercises\/ubungen-zu-reflexivpronomen-fur-die-islandische-grammatik\/\",\"name\":\"\u00dcbungen zu Reflexivpronomen f\u00fcr die isl\u00e4ndische Grammatik - Talkpal\",\"isPartOf\":{\"@id\":\"https:\/\/talkpal.ai\/de\/#website\"},\"primaryImageOfPage\":{\"@id\":\"https:\/\/talkpal.ai\/de\/grammar_exercises\/ubungen-zu-reflexivpronomen-fur-die-islandische-grammatik\/#primaryimage\"},\"image\":{\"@id\":\"https:\/\/talkpal.ai\/de\/grammar_exercises\/ubungen-zu-reflexivpronomen-fur-die-islandische-grammatik\/#primaryimage\"},\"thumbnailUrl\":\"https:\/\/talkpal.ai\/wp-content\/uploads\/2025\/12\/laptop-is-viewed-learning-languages.webp\",\"datePublished\":\"2025-07-06T05:09:21+00:00\",\"description\":\"Diese \u00dcbungen helfen Ihnen, die Verwendung der Reflexivpronomen im Isl\u00e4ndischen zu \u00fcben. Reflexivpronomen beziehen sich immer auf das Subjekt des Satzes\",\"breadcrumb\":{\"@id\":\"https:\/\/talkpal.ai\/de\/grammar_exercises\/ubungen-zu-reflexivpronomen-fur-die-islandische-grammatik\/#breadcrumb\"},\"inLanguage\":\"de\",\"potentialAction\":[{\"@type\":\"ReadAction\",\"target\":[\"https:\/\/talkpal.ai\/de\/grammar_exercises\/ubungen-zu-reflexivpronomen-fur-die-islandische-grammatik\/\"]}]},{\"@type\":\"ImageObject\",\"inLanguage\":\"de\",\"@id\":\"https:\/\/talkpal.ai\/de\/grammar_exercises\/ubungen-zu-reflexivpronomen-fur-die-islandische-grammatik\/#primaryimage\",\"url\":\"https:\/\/talkpal.ai\/wp-content\/uploads\/2025\/12\/laptop-is-viewed-learning-languages.webp\",\"contentUrl\":\"https:\/\/talkpal.ai\/wp-content\/uploads\/2025\/12\/laptop-is-viewed-learning-languages.webp\",\"width\":1200,\"height\":896,\"caption\":\"A laptop screen is viewed by a trio of students while learning languages in a modern classroom.\"},{\"@type\":\"BreadcrumbList\",\"@id\":\"https:\/\/talkpal.ai\/de\/grammar_exercises\/ubungen-zu-reflexivpronomen-fur-die-islandische-grammatik\/#breadcrumb\",\"itemListElement\":[{\"@type\":\"ListItem\",\"position\":1,\"name\":\"Homepage\",\"item\":\"https:\/\/talkpal.ai\/de\/\"},{\"@type\":\"ListItem\",\"position\":2,\"name\":\"\u00dcbungen zu Reflexivpronomen f\u00fcr die isl\u00e4ndische Grammatik\"}]},{\"@type\":\"WebSite\",\"@id\":\"https:\/\/talkpal.ai\/de\/#website\",\"url\":\"https:\/\/talkpal.ai\/de\/\",\"name\":\"Talkpal\",\"description\":\"AI Language Learning\",\"publisher\":{\"@id\":\"https:\/\/talkpal.ai\/de\/#organization\"},\"alternateName\":\"Talkpal AI\",\"potentialAction\":[{\"@type\":\"SearchAction\",\"target\":{\"@type\":\"EntryPoint\",\"urlTemplate\":\"https:\/\/talkpal.ai\/de\/?s={search_term_string}\"},\"query-input\":{\"@type\":\"PropertyValueSpecification\",\"valueRequired\":true,\"valueName\":\"search_term_string\"}}],\"inLanguage\":\"de\"},{\"@type\":\"Organization\",\"@id\":\"https:\/\/talkpal.ai\/de\/#organization\",\"name\":\"Talkpal, Inc.\",\"alternateName\":\"Talkpal AI\",\"url\":\"https:\/\/talkpal.ai\/de\/\",\"logo\":{\"@type\":\"ImageObject\",\"inLanguage\":\"de\",\"@id\":\"https:\/\/talkpal.ai\/de\/#\/schema\/logo\/image\/\",\"url\":\"https:\/\/talkpal.ai\/wp-content\/uploads\/2024\/03\/Talkpal-Logo-Icon.png\",\"contentUrl\":\"https:\/\/talkpal.ai\/wp-content\/uploads\/2024\/03\/Talkpal-Logo-Icon.png\",\"width\":2880,\"height\":2880,\"caption\":\"Talkpal, Inc.\"},\"image\":{\"@id\":\"https:\/\/talkpal.ai\/de\/#\/schema\/logo\/image\/\"},\"sameAs\":[\"https:\/\/www.facebook.com\/profile.php?id=100090733639311\",\"https:\/\/x.com\/talkpalai\",\"https:\/\/www.linkedin.com\/company\/talkpal\/\",\"https:\/\/www.youtube.com\/@TalkPal\/\",\"https:\/\/www.tiktok.com\/@talkpal\",\"https:\/\/www.instagram.com\/talkpal_ai\/\",\"https:\/\/www.crunchbase.com\/organization\/talkpal-9cde\",\"https:\/\/www.g2.com\/products\/talkpal-for-business\/\",\"https:\/\/www.trustpilot.com\/review\/talkpal.ai\",\"https:\/\/www.capterra.com\/p\/10006800\/TalkPal\/\"],\"description\":\"Talkpal is a language learning web and mobile education app, powered by the latest AI technologies, that provides engaging experiences to its customers in many different languages to help them improve their language skills. Users can chat about unlimited amount of topics with the app and use other modes to practice their language learning.\",\"email\":\"support@talkpal.ai\",\"legalName\":\"Talkpal, Inc.\",\"foundingDate\":\"2023-04-03\",\"duns\":\"118989042\",\"numberOfEmployees\":{\"@type\":\"QuantitativeValue\",\"minValue\":\"11\",\"maxValue\":\"50\"},\"publishingPrinciples\":\"https:\/\/talkpal.ai\/publishing-principles\/\",\"actionableFeedbackPolicy\":\"https:\/\/talkpal.ai\/actionable-feedback-policy\/\",\"correctionsPolicy\":\"https:\/\/talkpal.ai\/corrections-policy\/\",\"ethicsPolicy\":\"https:\/\/talkpal.ai\/ethics-policy\/\",\"diversityPolicy\":\"https:\/\/talkpal.ai\/diversity-policy\/\",\"diversityStaffingReport\":\"https:\/\/talkpal.ai\/diversity-policy\/\"}]}<\/script>\n<!-- \/ Yoast SEO Premium plugin. -->","yoast_head_json":{"title":"\u00dcbungen zu Reflexivpronomen f\u00fcr die isl\u00e4ndische Grammatik - Talkpal","description":"Diese \u00dcbungen helfen Ihnen, die Verwendung der Reflexivpronomen im Isl\u00e4ndischen zu \u00fcben. Reflexivpronomen beziehen sich immer auf das Subjekt des Satzes","robots":{"index":"index","follow":"follow","max-snippet":"max-snippet:-1","max-image-preview":"max-image-preview:large","max-video-preview":"max-video-preview:-1"},"canonical":"https:\/\/talkpal.ai\/de\/grammar_exercises\/ubungen-zu-reflexivpronomen-fur-die-islandische-grammatik\/","og_locale":"de_DE","og_type":"article","og_title":"\u00dcbungen zu Reflexivpronomen f\u00fcr die isl\u00e4ndische Grammatik","og_description":"Diese \u00dcbungen helfen Ihnen, die Verwendung der Reflexivpronomen im Isl\u00e4ndischen zu \u00fcben. Reflexivpronomen beziehen sich immer auf das Subjekt des Satzes","og_url":"https:\/\/talkpal.ai\/de\/grammar_exercises\/ubungen-zu-reflexivpronomen-fur-die-islandische-grammatik\/","og_site_name":"Talkpal","article_publisher":"https:\/\/www.facebook.com\/profile.php?id=100090733639311","og_image":[{"width":2880,"height":1620,"url":"https:\/\/talkpal.ai\/wp-content\/uploads\/2025\/02\/Progress-tab-16_9.png","type":"image\/png"}],"twitter_card":"summary_large_image","twitter_site":"@talkpalai","twitter_misc":{"Gesch\u00e4tzte Lesezeit":"2\u00a0Minuten"},"schema":{"@context":"https:\/\/schema.org","@graph":[{"@type":"WebPage","@id":"https:\/\/talkpal.ai\/de\/grammar_exercises\/ubungen-zu-reflexivpronomen-fur-die-islandische-grammatik\/","url":"https:\/\/talkpal.ai\/de\/grammar_exercises\/ubungen-zu-reflexivpronomen-fur-die-islandische-grammatik\/","name":"\u00dcbungen zu Reflexivpronomen f\u00fcr die isl\u00e4ndische Grammatik - Talkpal","isPartOf":{"@id":"https:\/\/talkpal.ai\/de\/#website"},"primaryImageOfPage":{"@id":"https:\/\/talkpal.ai\/de\/grammar_exercises\/ubungen-zu-reflexivpronomen-fur-die-islandische-grammatik\/#primaryimage"},"image":{"@id":"https:\/\/talkpal.ai\/de\/grammar_exercises\/ubungen-zu-reflexivpronomen-fur-die-islandische-grammatik\/#primaryimage"},"thumbnailUrl":"https:\/\/talkpal.ai\/wp-content\/uploads\/2025\/12\/laptop-is-viewed-learning-languages.webp","datePublished":"2025-07-06T05:09:21+00:00","description":"Diese \u00dcbungen helfen Ihnen, die Verwendung der Reflexivpronomen im Isl\u00e4ndischen zu \u00fcben. Reflexivpronomen beziehen sich immer auf das Subjekt des Satzes","breadcrumb":{"@id":"https:\/\/talkpal.ai\/de\/grammar_exercises\/ubungen-zu-reflexivpronomen-fur-die-islandische-grammatik\/#breadcrumb"},"inLanguage":"de","potentialAction":[{"@type":"ReadAction","target":["https:\/\/talkpal.ai\/de\/grammar_exercises\/ubungen-zu-reflexivpronomen-fur-die-islandische-grammatik\/"]}]},{"@type":"ImageObject","inLanguage":"de","@id":"https:\/\/talkpal.ai\/de\/grammar_exercises\/ubungen-zu-reflexivpronomen-fur-die-islandische-grammatik\/#primaryimage","url":"https:\/\/talkpal.ai\/wp-content\/uploads\/2025\/12\/laptop-is-viewed-learning-languages.webp","contentUrl":"https:\/\/talkpal.ai\/wp-content\/uploads\/2025\/12\/laptop-is-viewed-learning-languages.webp","width":1200,"height":896,"caption":"A laptop screen is viewed by a trio of students while learning languages in a modern classroom."},{"@type":"BreadcrumbList","@id":"https:\/\/talkpal.ai\/de\/grammar_exercises\/ubungen-zu-reflexivpronomen-fur-die-islandische-grammatik\/#breadcrumb","itemListElement":[{"@type":"ListItem","position":1,"name":"Homepage","item":"https:\/\/talkpal.ai\/de\/"},{"@type":"ListItem","position":2,"name":"\u00dcbungen zu Reflexivpronomen f\u00fcr die isl\u00e4ndische Grammatik"}]},{"@type":"WebSite","@id":"https:\/\/talkpal.ai\/de\/#website","url":"https:\/\/talkpal.ai\/de\/","name":"Talkpal","description":"AI Language Learning","publisher":{"@id":"https:\/\/talkpal.ai\/de\/#organization"},"alternateName":"Talkpal AI","potentialAction":[{"@type":"SearchAction","target":{"@type":"EntryPoint","urlTemplate":"https:\/\/talkpal.ai\/de\/?s={search_term_string}"},"query-input":{"@type":"PropertyValueSpecification","valueRequired":true,"valueName":"search_term_string"}}],"inLanguage":"de"},{"@type":"Organization","@id":"https:\/\/talkpal.ai\/de\/#organization","name":"Talkpal, Inc.","alternateName":"Talkpal AI","url":"https:\/\/talkpal.ai\/de\/","logo":{"@type":"ImageObject","inLanguage":"de","@id":"https:\/\/talkpal.ai\/de\/#\/schema\/logo\/image\/","url":"https:\/\/talkpal.ai\/wp-content\/uploads\/2024\/03\/Talkpal-Logo-Icon.png","contentUrl":"https:\/\/talkpal.ai\/wp-content\/uploads\/2024\/03\/Talkpal-Logo-Icon.png","width":2880,"height":2880,"caption":"Talkpal, Inc."},"image":{"@id":"https:\/\/talkpal.ai\/de\/#\/schema\/logo\/image\/"},"sameAs":["https:\/\/www.facebook.com\/profile.php?id=100090733639311","https:\/\/x.com\/talkpalai","https:\/\/www.linkedin.com\/company\/talkpal\/","https:\/\/www.youtube.com\/@TalkPal\/","https:\/\/www.tiktok.com\/@talkpal","https:\/\/www.instagram.com\/talkpal_ai\/","https:\/\/www.crunchbase.com\/organization\/talkpal-9cde","https:\/\/www.g2.com\/products\/talkpal-for-business\/","https:\/\/www.trustpilot.com\/review\/talkpal.ai","https:\/\/www.capterra.com\/p\/10006800\/TalkPal\/"],"description":"Talkpal is a language learning web and mobile education app, powered by the latest AI technologies, that provides engaging experiences to its customers in many different languages to help them improve their language skills. Users can chat about unlimited amount of topics with the app and use other modes to practice their language learning.","email":"support@talkpal.ai","legalName":"Talkpal, Inc.","foundingDate":"2023-04-03","duns":"118989042","numberOfEmployees":{"@type":"QuantitativeValue","minValue":"11","maxValue":"50"},"publishingPrinciples":"https:\/\/talkpal.ai\/publishing-principles\/","actionableFeedbackPolicy":"https:\/\/talkpal.ai\/actionable-feedback-policy\/","correctionsPolicy":"https:\/\/talkpal.ai\/corrections-policy\/","ethicsPolicy":"https:\/\/talkpal.ai\/ethics-policy\/","diversityPolicy":"https:\/\/talkpal.ai\/diversity-policy\/","diversityStaffingReport":"https:\/\/talkpal.ai\/diversity-policy\/"}]}},"_links":{"self":[{"href":"https:\/\/talkpal.ai\/de\/wp-json\/wp\/v2\/grammar_exercises\/1124604","targetHints":{"allow":["GET"]}}],"collection":[{"href":"https:\/\/talkpal.ai\/de\/wp-json\/wp\/v2\/grammar_exercises"}],"about":[{"href":"https:\/\/talkpal.ai\/de\/wp-json\/wp\/v2\/types\/grammar_exercises"}],"wp:featuredmedia":[{"embeddable":true,"href":"https:\/\/talkpal.ai\/de\/wp-json\/wp\/v2\/media\/1527718"}],"wp:attachment":[{"href":"https:\/\/talkpal.ai\/de\/wp-json\/wp\/v2\/media?parent=1124604"}],"wp:term":[{"taxonomy":"exercise_language","embeddable":true,"href":"https:\/\/talkpal.ai\/de\/wp-json\/wp\/v2\/exercise_language?post=1124604"}],"curies":[{"name":"wp","href":"https:\/\/api.w.org\/{rel}","templated":true}]}}