{"id":1124442,"date":"2025-07-06T05:06:39","date_gmt":"2025-07-06T05:06:39","guid":{"rendered":"https:\/\/talkpal.ai\/grammar_exercises\/ubungen-zu-reflexivpronomen-fur-die-hebraische-grammatik\/"},"modified":"2025-07-06T05:06:39","modified_gmt":"2025-07-06T05:06:39","slug":"ubungen-zu-reflexivpronomen-fur-die-hebraische-grammatik","status":"publish","type":"grammar_exercises","link":"https:\/\/talkpal.ai\/de\/grammar_exercises\/ubungen-zu-reflexivpronomen-fur-die-hebraische-grammatik\/","title":{"rendered":"\u00dcbungen zu Reflexivpronomen f\u00fcr die hebr\u00e4ische Grammatik"},"content":{"rendered":"<p>In diesen \u00dcbungen lernen Sie, wie man <a href=\"https:\/\/talkpal.ai\/el\/grammar\/reflexivpronomen-%cf%83%cf%84%ce%b7-%ce%b3%ce%b5%cf%81%ce%bc%ce%b1%ce%bd%ce%b9%ce%ba%ce%ae-%ce%b3%cf%81%ce%b1%ce%bc%ce%bc%ce%b1%cf%84%ce%b9%ce%ba%ce%ae\/\">Reflexivpronomen<\/a> im Hebr\u00e4ischen richtig verwendet. Reflexivpronomen beziehen sich auf das Subjekt des Satzes und zeigen an, dass die Handlung vom Subjekt auf sich selbst gerichtet ist. Achten Sie auf die korrekte Form des Reflexivpronomens im Zusammenhang mit dem Verb und dem Subjekt.<\/p>\n<h3>\u00dcbung 1: Reflexivpronomen im Pr\u00e4sens<\/h3>\n<div class=\"input_sentences\">\n1. Ich wasche *mich* jeden Morgen. (Hinweis: Reflexivpronomen f\u00fcr \u201eich\u201c im Akkusativ)<br \/>\n2. Du erinnerst *dich* an das Treffen. (Hinweis: Reflexivpronomen f\u00fcr \u201edu\u201c)<br \/>\n3. Er freut *sich* \u00fcber das Geschenk. (Hinweis: Reflexivpronomen f\u00fcr \u201eer\u201c)<br \/>\n4. Wir treffen *uns* im Park. (Hinweis: Reflexivpronomen f\u00fcr \u201ewir\u201c)<br \/>\n5. Ihr konzentriert *euch* auf die Aufgabe. (Hinweis: Reflexivpronomen f\u00fcr \u201eihr\u201c)<br \/>\n6. Sie \u00e4rgern *sich* \u00fcber den Fehler. (Hinweis: Reflexivpronomen f\u00fcr \u201esie\u201c Singular)<br \/>\n7. Ich setze *mich* auf den Stuhl. (Hinweis: Reflexivpronomen f\u00fcr \u201eich\u201c)<br \/>\n8. Du bereitest *dich* auf die Pr\u00fcfung vor. (Hinweis: Reflexivpronomen f\u00fcr \u201edu\u201c)<br \/>\n9. Er verletzt *sich* beim Sport. (Hinweis: Reflexivpronomen f\u00fcr \u201eer\u201c)<br \/>\n10. Wir am\u00fcsieren *uns* auf der Party. (Hinweis: Reflexivpronomen f\u00fcr \u201ewir\u201c)\n<\/div>\n<div class=\"exercise\"><\/div>\n<h3>\u00dcbung 2: Reflexivpronomen im Perfekt<\/h3>\n<div class=\"input_sentences\">\n1. Ich habe *mich* gestern geduscht. (Hinweis: Reflexivpronomen f\u00fcr \u201eich\u201c im Perfekt)<br \/>\n2. Du hast *dich* im Spiegel gesehen. (Hinweis: Reflexivpronomen f\u00fcr \u201edu\u201c)<br \/>\n3. Sie hat *sich* das Bein gebrochen. (Hinweis: Reflexivpronomen f\u00fcr \u201esie\u201c Singular)<br \/>\n4. Wir haben *uns* im Urlaub erholt. (Hinweis: Reflexivpronomen f\u00fcr \u201ewir\u201c)<br \/>\n5. Ihr habt *euch* gut vorbereitet. (Hinweis: Reflexivpronomen f\u00fcr \u201eihr\u201c)<br \/>\n6. Er hat *sich* verlaufen. (Hinweis: Reflexivpronomen f\u00fcr \u201eer\u201c)<br \/>\n7. Ich habe *mich* f\u00fcr das Konzert angemeldet. (Hinweis: Reflexivpronomen f\u00fcr \u201eich\u201c)<br \/>\n8. Du hast *dich* schnell angezogen. (Hinweis: Reflexivpronomen f\u00fcr \u201edu\u201c)<br \/>\n9. Sie haben *sich* \u00fcber den Sieg gefreut. (Hinweis: Reflexivpronomen f\u00fcr \u201esie\u201c Plural)<br \/>\n10. Wir haben *uns* beim Tanzen verletzt. (Hinweis: Reflexivpronomen f\u00fcr \u201ewir\u201c)\n<\/div>\n<div class=\"exercise\"><\/div>\n","protected":false},"featured_media":1527664,"parent":0,"menu_order":0,"template":"","exercise_language":[13420,13425],"class_list":["post-1124442","grammar_exercises","type-grammar_exercises","status-publish","has-post-thumbnail","hentry","exercise_language-hebraische-ubungen","exercise_language-pronomen-determinanten-hebraische-grammatik"],"acf":[],"yoast_head":"<!-- This site is optimized with the Yoast SEO Premium plugin v27.2 (Yoast SEO v27.2) - https:\/\/yoast.com\/product\/yoast-seo-premium-wordpress\/ -->\n<title>\u00dcbungen zu Reflexivpronomen f\u00fcr die hebr\u00e4ische Grammatik - Talkpal<\/title>\n<meta name=\"description\" content=\"In diesen \u00dcbungen lernen Sie, wie man Reflexivpronomen im Hebr\u00e4ischen richtig verwendet. Reflexivpronomen beziehen sich auf das Subjekt des Satzes und\" \/>\n<meta name=\"robots\" content=\"index, follow, max-snippet:-1, max-image-preview:large, max-video-preview:-1\" \/>\n<link rel=\"canonical\" href=\"https:\/\/talkpal.ai\/de\/grammar_exercises\/ubungen-zu-reflexivpronomen-fur-die-hebraische-grammatik\/\" \/>\n<meta property=\"og:locale\" content=\"de_DE\" \/>\n<meta property=\"og:type\" content=\"article\" \/>\n<meta property=\"og:title\" content=\"\u00dcbungen zu Reflexivpronomen f\u00fcr die hebr\u00e4ische Grammatik\" \/>\n<meta property=\"og:description\" content=\"In diesen \u00dcbungen lernen Sie, wie man Reflexivpronomen im Hebr\u00e4ischen richtig verwendet. Reflexivpronomen beziehen sich auf das Subjekt des Satzes und\" \/>\n<meta property=\"og:url\" content=\"https:\/\/talkpal.ai\/de\/grammar_exercises\/ubungen-zu-reflexivpronomen-fur-die-hebraische-grammatik\/\" \/>\n<meta property=\"og:site_name\" content=\"Talkpal\" \/>\n<meta property=\"article:publisher\" content=\"https:\/\/www.facebook.com\/profile.php?id=100090733639311\" \/>\n<meta property=\"og:image\" content=\"https:\/\/talkpal.ai\/wp-content\/uploads\/2025\/02\/Progress-tab-16_9.png\" \/>\n\t<meta property=\"og:image:width\" content=\"2880\" \/>\n\t<meta property=\"og:image:height\" content=\"1620\" \/>\n\t<meta property=\"og:image:type\" content=\"image\/png\" \/>\n<meta name=\"twitter:card\" content=\"summary_large_image\" \/>\n<meta name=\"twitter:site\" content=\"@talkpalai\" \/>\n<meta name=\"twitter:label1\" content=\"Gesch\u00e4tzte Lesezeit\" \/>\n\t<meta name=\"twitter:data1\" content=\"1\u00a0Minute\" \/>\n<script type=\"application\/ld+json\" class=\"yoast-schema-graph\">{\"@context\":\"https:\/\/schema.org\",\"@graph\":[{\"@type\":\"WebPage\",\"@id\":\"https:\/\/talkpal.ai\/de\/grammar_exercises\/ubungen-zu-reflexivpronomen-fur-die-hebraische-grammatik\/\",\"url\":\"https:\/\/talkpal.ai\/de\/grammar_exercises\/ubungen-zu-reflexivpronomen-fur-die-hebraische-grammatik\/\",\"name\":\"\u00dcbungen zu Reflexivpronomen f\u00fcr die hebr\u00e4ische Grammatik - Talkpal\",\"isPartOf\":{\"@id\":\"https:\/\/talkpal.ai\/de\/#website\"},\"primaryImageOfPage\":{\"@id\":\"https:\/\/talkpal.ai\/de\/grammar_exercises\/ubungen-zu-reflexivpronomen-fur-die-hebraische-grammatik\/#primaryimage\"},\"image\":{\"@id\":\"https:\/\/talkpal.ai\/de\/grammar_exercises\/ubungen-zu-reflexivpronomen-fur-die-hebraische-grammatik\/#primaryimage\"},\"thumbnailUrl\":\"https:\/\/talkpal.ai\/wp-content\/uploads\/2025\/12\/girl-is-learning-languages-during-class.webp\",\"datePublished\":\"2025-07-06T05:06:39+00:00\",\"description\":\"In diesen \u00dcbungen lernen Sie, wie man Reflexivpronomen im Hebr\u00e4ischen richtig verwendet. Reflexivpronomen beziehen sich auf das Subjekt des Satzes und\",\"breadcrumb\":{\"@id\":\"https:\/\/talkpal.ai\/de\/grammar_exercises\/ubungen-zu-reflexivpronomen-fur-die-hebraische-grammatik\/#breadcrumb\"},\"inLanguage\":\"de\",\"potentialAction\":[{\"@type\":\"ReadAction\",\"target\":[\"https:\/\/talkpal.ai\/de\/grammar_exercises\/ubungen-zu-reflexivpronomen-fur-die-hebraische-grammatik\/\"]}]},{\"@type\":\"ImageObject\",\"inLanguage\":\"de\",\"@id\":\"https:\/\/talkpal.ai\/de\/grammar_exercises\/ubungen-zu-reflexivpronomen-fur-die-hebraische-grammatik\/#primaryimage\",\"url\":\"https:\/\/talkpal.ai\/wp-content\/uploads\/2025\/12\/girl-is-learning-languages-during-class.webp\",\"contentUrl\":\"https:\/\/talkpal.ai\/wp-content\/uploads\/2025\/12\/girl-is-learning-languages-during-class.webp\",\"width\":1200,\"height\":896,\"caption\":\"A young woman with curly hair wears headphones and takes notes while learning languages in a classroom.\"},{\"@type\":\"BreadcrumbList\",\"@id\":\"https:\/\/talkpal.ai\/de\/grammar_exercises\/ubungen-zu-reflexivpronomen-fur-die-hebraische-grammatik\/#breadcrumb\",\"itemListElement\":[{\"@type\":\"ListItem\",\"position\":1,\"name\":\"Homepage\",\"item\":\"https:\/\/talkpal.ai\/de\/\"},{\"@type\":\"ListItem\",\"position\":2,\"name\":\"\u00dcbungen zu Reflexivpronomen f\u00fcr die hebr\u00e4ische Grammatik\"}]},{\"@type\":\"WebSite\",\"@id\":\"https:\/\/talkpal.ai\/de\/#website\",\"url\":\"https:\/\/talkpal.ai\/de\/\",\"name\":\"Talkpal\",\"description\":\"AI Language Learning\",\"publisher\":{\"@id\":\"https:\/\/talkpal.ai\/de\/#organization\"},\"alternateName\":\"Talkpal AI\",\"potentialAction\":[{\"@type\":\"SearchAction\",\"target\":{\"@type\":\"EntryPoint\",\"urlTemplate\":\"https:\/\/talkpal.ai\/de\/?s={search_term_string}\"},\"query-input\":{\"@type\":\"PropertyValueSpecification\",\"valueRequired\":true,\"valueName\":\"search_term_string\"}}],\"inLanguage\":\"de\"},{\"@type\":\"Organization\",\"@id\":\"https:\/\/talkpal.ai\/de\/#organization\",\"name\":\"Talkpal, Inc.\",\"alternateName\":\"Talkpal AI\",\"url\":\"https:\/\/talkpal.ai\/de\/\",\"logo\":{\"@type\":\"ImageObject\",\"inLanguage\":\"de\",\"@id\":\"https:\/\/talkpal.ai\/de\/#\/schema\/logo\/image\/\",\"url\":\"https:\/\/talkpal.ai\/wp-content\/uploads\/2024\/03\/Talkpal-Logo-Icon.png\",\"contentUrl\":\"https:\/\/talkpal.ai\/wp-content\/uploads\/2024\/03\/Talkpal-Logo-Icon.png\",\"width\":2880,\"height\":2880,\"caption\":\"Talkpal, Inc.\"},\"image\":{\"@id\":\"https:\/\/talkpal.ai\/de\/#\/schema\/logo\/image\/\"},\"sameAs\":[\"https:\/\/www.facebook.com\/profile.php?id=100090733639311\",\"https:\/\/x.com\/talkpalai\",\"https:\/\/www.linkedin.com\/company\/talkpal\/\",\"https:\/\/www.youtube.com\/@TalkPal\/\",\"https:\/\/www.tiktok.com\/@talkpal\",\"https:\/\/www.instagram.com\/talkpal_ai\/\",\"https:\/\/www.crunchbase.com\/organization\/talkpal-9cde\",\"https:\/\/www.g2.com\/products\/talkpal-for-business\/\",\"https:\/\/www.trustpilot.com\/review\/talkpal.ai\",\"https:\/\/www.capterra.com\/p\/10006800\/TalkPal\/\"],\"description\":\"Talkpal is a language learning web and mobile education app, powered by the latest AI technologies, that provides engaging experiences to its customers in many different languages to help them improve their language skills. Users can chat about unlimited amount of topics with the app and use other modes to practice their language learning.\",\"email\":\"support@talkpal.ai\",\"legalName\":\"Talkpal, Inc.\",\"foundingDate\":\"2023-04-03\",\"duns\":\"118989042\",\"numberOfEmployees\":{\"@type\":\"QuantitativeValue\",\"minValue\":\"11\",\"maxValue\":\"50\"},\"publishingPrinciples\":\"https:\/\/talkpal.ai\/publishing-principles\/\",\"actionableFeedbackPolicy\":\"https:\/\/talkpal.ai\/actionable-feedback-policy\/\",\"correctionsPolicy\":\"https:\/\/talkpal.ai\/corrections-policy\/\",\"ethicsPolicy\":\"https:\/\/talkpal.ai\/ethics-policy\/\",\"diversityPolicy\":\"https:\/\/talkpal.ai\/diversity-policy\/\",\"diversityStaffingReport\":\"https:\/\/talkpal.ai\/diversity-policy\/\"}]}<\/script>\n<!-- \/ Yoast SEO Premium plugin. -->","yoast_head_json":{"title":"\u00dcbungen zu Reflexivpronomen f\u00fcr die hebr\u00e4ische Grammatik - Talkpal","description":"In diesen \u00dcbungen lernen Sie, wie man Reflexivpronomen im Hebr\u00e4ischen richtig verwendet. Reflexivpronomen beziehen sich auf das Subjekt des Satzes und","robots":{"index":"index","follow":"follow","max-snippet":"max-snippet:-1","max-image-preview":"max-image-preview:large","max-video-preview":"max-video-preview:-1"},"canonical":"https:\/\/talkpal.ai\/de\/grammar_exercises\/ubungen-zu-reflexivpronomen-fur-die-hebraische-grammatik\/","og_locale":"de_DE","og_type":"article","og_title":"\u00dcbungen zu Reflexivpronomen f\u00fcr die hebr\u00e4ische Grammatik","og_description":"In diesen \u00dcbungen lernen Sie, wie man Reflexivpronomen im Hebr\u00e4ischen richtig verwendet. Reflexivpronomen beziehen sich auf das Subjekt des Satzes und","og_url":"https:\/\/talkpal.ai\/de\/grammar_exercises\/ubungen-zu-reflexivpronomen-fur-die-hebraische-grammatik\/","og_site_name":"Talkpal","article_publisher":"https:\/\/www.facebook.com\/profile.php?id=100090733639311","og_image":[{"width":2880,"height":1620,"url":"https:\/\/talkpal.ai\/wp-content\/uploads\/2025\/02\/Progress-tab-16_9.png","type":"image\/png"}],"twitter_card":"summary_large_image","twitter_site":"@talkpalai","twitter_misc":{"Gesch\u00e4tzte Lesezeit":"1\u00a0Minute"},"schema":{"@context":"https:\/\/schema.org","@graph":[{"@type":"WebPage","@id":"https:\/\/talkpal.ai\/de\/grammar_exercises\/ubungen-zu-reflexivpronomen-fur-die-hebraische-grammatik\/","url":"https:\/\/talkpal.ai\/de\/grammar_exercises\/ubungen-zu-reflexivpronomen-fur-die-hebraische-grammatik\/","name":"\u00dcbungen zu Reflexivpronomen f\u00fcr die hebr\u00e4ische Grammatik - Talkpal","isPartOf":{"@id":"https:\/\/talkpal.ai\/de\/#website"},"primaryImageOfPage":{"@id":"https:\/\/talkpal.ai\/de\/grammar_exercises\/ubungen-zu-reflexivpronomen-fur-die-hebraische-grammatik\/#primaryimage"},"image":{"@id":"https:\/\/talkpal.ai\/de\/grammar_exercises\/ubungen-zu-reflexivpronomen-fur-die-hebraische-grammatik\/#primaryimage"},"thumbnailUrl":"https:\/\/talkpal.ai\/wp-content\/uploads\/2025\/12\/girl-is-learning-languages-during-class.webp","datePublished":"2025-07-06T05:06:39+00:00","description":"In diesen \u00dcbungen lernen Sie, wie man Reflexivpronomen im Hebr\u00e4ischen richtig verwendet. Reflexivpronomen beziehen sich auf das Subjekt des Satzes und","breadcrumb":{"@id":"https:\/\/talkpal.ai\/de\/grammar_exercises\/ubungen-zu-reflexivpronomen-fur-die-hebraische-grammatik\/#breadcrumb"},"inLanguage":"de","potentialAction":[{"@type":"ReadAction","target":["https:\/\/talkpal.ai\/de\/grammar_exercises\/ubungen-zu-reflexivpronomen-fur-die-hebraische-grammatik\/"]}]},{"@type":"ImageObject","inLanguage":"de","@id":"https:\/\/talkpal.ai\/de\/grammar_exercises\/ubungen-zu-reflexivpronomen-fur-die-hebraische-grammatik\/#primaryimage","url":"https:\/\/talkpal.ai\/wp-content\/uploads\/2025\/12\/girl-is-learning-languages-during-class.webp","contentUrl":"https:\/\/talkpal.ai\/wp-content\/uploads\/2025\/12\/girl-is-learning-languages-during-class.webp","width":1200,"height":896,"caption":"A young woman with curly hair wears headphones and takes notes while learning languages in a classroom."},{"@type":"BreadcrumbList","@id":"https:\/\/talkpal.ai\/de\/grammar_exercises\/ubungen-zu-reflexivpronomen-fur-die-hebraische-grammatik\/#breadcrumb","itemListElement":[{"@type":"ListItem","position":1,"name":"Homepage","item":"https:\/\/talkpal.ai\/de\/"},{"@type":"ListItem","position":2,"name":"\u00dcbungen zu Reflexivpronomen f\u00fcr die hebr\u00e4ische Grammatik"}]},{"@type":"WebSite","@id":"https:\/\/talkpal.ai\/de\/#website","url":"https:\/\/talkpal.ai\/de\/","name":"Talkpal","description":"AI Language Learning","publisher":{"@id":"https:\/\/talkpal.ai\/de\/#organization"},"alternateName":"Talkpal AI","potentialAction":[{"@type":"SearchAction","target":{"@type":"EntryPoint","urlTemplate":"https:\/\/talkpal.ai\/de\/?s={search_term_string}"},"query-input":{"@type":"PropertyValueSpecification","valueRequired":true,"valueName":"search_term_string"}}],"inLanguage":"de"},{"@type":"Organization","@id":"https:\/\/talkpal.ai\/de\/#organization","name":"Talkpal, Inc.","alternateName":"Talkpal AI","url":"https:\/\/talkpal.ai\/de\/","logo":{"@type":"ImageObject","inLanguage":"de","@id":"https:\/\/talkpal.ai\/de\/#\/schema\/logo\/image\/","url":"https:\/\/talkpal.ai\/wp-content\/uploads\/2024\/03\/Talkpal-Logo-Icon.png","contentUrl":"https:\/\/talkpal.ai\/wp-content\/uploads\/2024\/03\/Talkpal-Logo-Icon.png","width":2880,"height":2880,"caption":"Talkpal, Inc."},"image":{"@id":"https:\/\/talkpal.ai\/de\/#\/schema\/logo\/image\/"},"sameAs":["https:\/\/www.facebook.com\/profile.php?id=100090733639311","https:\/\/x.com\/talkpalai","https:\/\/www.linkedin.com\/company\/talkpal\/","https:\/\/www.youtube.com\/@TalkPal\/","https:\/\/www.tiktok.com\/@talkpal","https:\/\/www.instagram.com\/talkpal_ai\/","https:\/\/www.crunchbase.com\/organization\/talkpal-9cde","https:\/\/www.g2.com\/products\/talkpal-for-business\/","https:\/\/www.trustpilot.com\/review\/talkpal.ai","https:\/\/www.capterra.com\/p\/10006800\/TalkPal\/"],"description":"Talkpal is a language learning web and mobile education app, powered by the latest AI technologies, that provides engaging experiences to its customers in many different languages to help them improve their language skills. Users can chat about unlimited amount of topics with the app and use other modes to practice their language learning.","email":"support@talkpal.ai","legalName":"Talkpal, Inc.","foundingDate":"2023-04-03","duns":"118989042","numberOfEmployees":{"@type":"QuantitativeValue","minValue":"11","maxValue":"50"},"publishingPrinciples":"https:\/\/talkpal.ai\/publishing-principles\/","actionableFeedbackPolicy":"https:\/\/talkpal.ai\/actionable-feedback-policy\/","correctionsPolicy":"https:\/\/talkpal.ai\/corrections-policy\/","ethicsPolicy":"https:\/\/talkpal.ai\/ethics-policy\/","diversityPolicy":"https:\/\/talkpal.ai\/diversity-policy\/","diversityStaffingReport":"https:\/\/talkpal.ai\/diversity-policy\/"}]}},"_links":{"self":[{"href":"https:\/\/talkpal.ai\/de\/wp-json\/wp\/v2\/grammar_exercises\/1124442","targetHints":{"allow":["GET"]}}],"collection":[{"href":"https:\/\/talkpal.ai\/de\/wp-json\/wp\/v2\/grammar_exercises"}],"about":[{"href":"https:\/\/talkpal.ai\/de\/wp-json\/wp\/v2\/types\/grammar_exercises"}],"wp:featuredmedia":[{"embeddable":true,"href":"https:\/\/talkpal.ai\/de\/wp-json\/wp\/v2\/media\/1527664"}],"wp:attachment":[{"href":"https:\/\/talkpal.ai\/de\/wp-json\/wp\/v2\/media?parent=1124442"}],"wp:term":[{"taxonomy":"exercise_language","embeddable":true,"href":"https:\/\/talkpal.ai\/de\/wp-json\/wp\/v2\/exercise_language?post=1124442"}],"curies":[{"name":"wp","href":"https:\/\/api.w.org\/{rel}","templated":true}]}}