{"id":1124281,"date":"2025-07-06T05:03:57","date_gmt":"2025-07-06T05:03:57","guid":{"rendered":"https:\/\/talkpal.ai\/grammar_exercises\/ubungen-zu-relativpronomen-fur-die-galizische-grammatik\/"},"modified":"2025-07-06T05:03:57","modified_gmt":"2025-07-06T05:03:57","slug":"ubungen-zu-relativpronomen-fur-die-galizische-grammatik","status":"publish","type":"grammar_exercises","link":"https:\/\/talkpal.ai\/de\/grammar_exercises\/ubungen-zu-relativpronomen-fur-die-galizische-grammatik\/","title":{"rendered":"\u00dcbungen zu Relativpronomen f\u00fcr die galizische Grammatik"},"content":{"rendered":"<p>In diesen \u00dcbungen lernst du den richtigen Gebrauch der <a href=\"https:\/\/talkpal.ai\/hi\/grammar_exercises\/relativpronomen-%e0%a4%9c%e0%a4%b0%e0%a5%8d%e0%a4%ae%e0%a4%a8-%e0%a4%b5%e0%a5%8d%e0%a4%af%e0%a4%be%e0%a4%95%e0%a4%b0%e0%a4%a3-%e0%a4%95%e0%a5%87-%e0%a4%b2%e0%a4%bf%e0%a4%8f-%e0%a4%85%e0%a4%ad%e0%a5%8d\/\">Relativpronomen<\/a> im Galizischen. Relativpronomen verbinden <a href=\"https:\/\/talkpal.ai\/ar\/grammar_exercises\/nebensatze-%d8%aa%d9%85%d8%a7%d8%b1%d9%8a%d9%86-%d9%84%d9%84%d9%82%d9%88%d8%a7%d8%b9%d8%af-%d8%a7%d9%84%d8%a3%d9%84%d9%85%d8%a7%d9%86%d9%8a%d8%a9\/\">Nebens\u00e4tze<\/a> mit Haupts\u00e4tzen und beziehen sich auf ein vorher genanntes Substantiv. Achte besonders auf die \u00dcbereinstimmung in Geschlecht, Zahl und Fall.<\/p>\n<h3>\u00dcbung 1: Relativpronomen im Nominativ und Akkusativ<\/h3>\n<div class=\"input_sentences\">\n1. O libro *que* est\u00e1 na mesa \u00e9 interesante. (Hinweis: Relativpronomen f\u00fcr Dinge im Nominativ)<br \/>\n2. A muller *que* fala \u00e9 profesora. (Hinweis: Relativpronomen f\u00fcr Personen im Nominativ)<br \/>\n3. O home *que* vin aqu\u00ed \u00e9 meu amigo. (Hinweis: Relativpronomen f\u00fcr Personen im Nominativ)<br \/>\n4. Vexo o coche *que* compraches. (Hinweis: Relativpronomen f\u00fcr Dinge im Akkusativ)<br \/>\n5. A nena *que* xogaba no parque \u00e9 mi\u00f1a filla. (Hinweis: Relativpronomen f\u00fcr Personen im Nominativ)<br \/>\n6. El \u00e9 o rapaz *que* viste onte. (Hinweis: Relativpronomen f\u00fcr Personen im Akkusativ)<br \/>\n7. A casa *que* constru\u00edron \u00e9 grande. (Hinweis: Relativpronomen f\u00fcr Dinge im Nominativ)<br \/>\n8. O amigo *que* chamas non est\u00e1 aqu\u00ed. (Hinweis: Relativpronomen f\u00fcr Personen im Akkusativ)<br \/>\n9. A canci\u00f3n *que* escoitei \u00e9 bonita. (Hinweis: Relativpronomen f\u00fcr Dinge im Akkusativ)<br \/>\n10. O d\u00eda *que* chegaches foi especial. (Hinweis: Relativpronomen f\u00fcr Dinge im Nominativ)\n<\/div>\n<div class=\"exercise\"><\/div>\n<h3>\u00dcbung 2: Relativpronomen im Dativ und Genitiv<\/h3>\n<div class=\"input_sentences\">\n1. O profesor a quen lle preguntei \u00e9 simp\u00e1tico. (Hinweis: Relativpronomen im Dativ f\u00fcr Personen)<br \/>\n2. A muller cuxa casa visitamos \u00e9 mi\u00f1a t\u00eda. (Hinweis: Relativpronomen im Genitiv f\u00fcr Besitz)<br \/>\n3. O amigo a quen lle dei o libro est\u00e1 enfermo. (Hinweis: Relativpronomen im Dativ f\u00fcr Personen)<br \/>\n4. O neno cuxos xoguetes son novos \u00e9 veci\u00f1o meu. (Hinweis: Relativpronomen im Genitiv f\u00fcr Besitz)<br \/>\n5. A persoa a quen escrib\u00edn non respondeu. (Hinweis: Relativpronomen im Dativ f\u00fcr Personen)<br \/>\n6. O pai cuxa filla \u00e9 profesora \u00e9 meu veci\u00f1o. (Hinweis: Relativpronomen im Genitiv f\u00fcr Besitz)<br \/>\n7. O home a quen lle dei o regalo est\u00e1 agradecido. (Hinweis: Relativpronomen im Dativ f\u00fcr Personen)<br \/>\n8. A muller cuxa casa est\u00e1 en <a href=\"https:\/\/talkpal.ai\/learn-galician\/\">Galicia<\/a> \u00e9 amiga mi\u00f1a. (Hinweis: Relativpronomen im Genitiv f\u00fcr Besitz)<br \/>\n9. O profesor a quen lle falei explicou ben. (Hinweis: Relativpronomen im Dativ f\u00fcr Personen)<br \/>\n10. O rapaz cuxos libros est\u00e1n na mesa \u00e9 estudoso. (Hinweis: Relativpronomen im Genitiv f\u00fcr Besitz)\n<\/div>\n<div class=\"exercise\"><\/div>\n","protected":false},"featured_media":1527851,"parent":0,"menu_order":0,"template":"","exercise_language":[13398,13403],"class_list":["post-1124281","grammar_exercises","type-grammar_exercises","status-publish","has-post-thumbnail","hentry","exercise_language-galicisch-ubungen","exercise_language-pronomen-determinanten-galizische-grammatik"],"acf":[],"yoast_head":"<!-- This site is optimized with the Yoast SEO Premium plugin v27.2 (Yoast SEO v27.2) - https:\/\/yoast.com\/product\/yoast-seo-premium-wordpress\/ -->\n<title>\u00dcbungen zu Relativpronomen f\u00fcr die galizische Grammatik - Talkpal<\/title>\n<meta name=\"description\" content=\"In diesen \u00dcbungen lernst du den richtigen Gebrauch der Relativpronomen im Galizischen. Relativpronomen verbinden Nebens\u00e4tze mit Haupts\u00e4tzen und beziehen\" \/>\n<meta name=\"robots\" content=\"index, follow, max-snippet:-1, max-image-preview:large, max-video-preview:-1\" \/>\n<link rel=\"canonical\" href=\"https:\/\/talkpal.ai\/de\/grammar_exercises\/ubungen-zu-relativpronomen-fur-die-galizische-grammatik\/\" \/>\n<meta property=\"og:locale\" content=\"de_DE\" \/>\n<meta property=\"og:type\" content=\"article\" \/>\n<meta property=\"og:title\" content=\"\u00dcbungen zu Relativpronomen f\u00fcr die galizische Grammatik\" \/>\n<meta property=\"og:description\" content=\"In diesen \u00dcbungen lernst du den richtigen Gebrauch der Relativpronomen im Galizischen. Relativpronomen verbinden Nebens\u00e4tze mit Haupts\u00e4tzen und beziehen\" \/>\n<meta property=\"og:url\" content=\"https:\/\/talkpal.ai\/de\/grammar_exercises\/ubungen-zu-relativpronomen-fur-die-galizische-grammatik\/\" \/>\n<meta property=\"og:site_name\" content=\"Talkpal\" \/>\n<meta property=\"article:publisher\" content=\"https:\/\/www.facebook.com\/profile.php?id=100090733639311\" \/>\n<meta property=\"og:image\" content=\"https:\/\/talkpal.ai\/wp-content\/uploads\/2025\/02\/Progress-tab-16_9.png\" \/>\n\t<meta property=\"og:image:width\" content=\"2880\" \/>\n\t<meta property=\"og:image:height\" content=\"1620\" \/>\n\t<meta property=\"og:image:type\" content=\"image\/png\" \/>\n<meta name=\"twitter:card\" content=\"summary_large_image\" \/>\n<meta name=\"twitter:site\" content=\"@talkpalai\" \/>\n<meta name=\"twitter:label1\" content=\"Gesch\u00e4tzte Lesezeit\" \/>\n\t<meta name=\"twitter:data1\" content=\"2\u00a0Minuten\" \/>\n<script type=\"application\/ld+json\" class=\"yoast-schema-graph\">{\"@context\":\"https:\/\/schema.org\",\"@graph\":[{\"@type\":\"WebPage\",\"@id\":\"https:\/\/talkpal.ai\/de\/grammar_exercises\/ubungen-zu-relativpronomen-fur-die-galizische-grammatik\/\",\"url\":\"https:\/\/talkpal.ai\/de\/grammar_exercises\/ubungen-zu-relativpronomen-fur-die-galizische-grammatik\/\",\"name\":\"\u00dcbungen zu Relativpronomen f\u00fcr die galizische Grammatik - Talkpal\",\"isPartOf\":{\"@id\":\"https:\/\/talkpal.ai\/de\/#website\"},\"primaryImageOfPage\":{\"@id\":\"https:\/\/talkpal.ai\/de\/grammar_exercises\/ubungen-zu-relativpronomen-fur-die-galizische-grammatik\/#primaryimage\"},\"image\":{\"@id\":\"https:\/\/talkpal.ai\/de\/grammar_exercises\/ubungen-zu-relativpronomen-fur-die-galizische-grammatik\/#primaryimage\"},\"thumbnailUrl\":\"https:\/\/talkpal.ai\/wp-content\/uploads\/2025\/12\/person-at-window-learning-languages.webp\",\"datePublished\":\"2025-07-06T05:03:57+00:00\",\"description\":\"In diesen \u00dcbungen lernst du den richtigen Gebrauch der Relativpronomen im Galizischen. Relativpronomen verbinden Nebens\u00e4tze mit Haupts\u00e4tzen und beziehen\",\"breadcrumb\":{\"@id\":\"https:\/\/talkpal.ai\/de\/grammar_exercises\/ubungen-zu-relativpronomen-fur-die-galizische-grammatik\/#breadcrumb\"},\"inLanguage\":\"de\",\"potentialAction\":[{\"@type\":\"ReadAction\",\"target\":[\"https:\/\/talkpal.ai\/de\/grammar_exercises\/ubungen-zu-relativpronomen-fur-die-galizische-grammatik\/\"]}]},{\"@type\":\"ImageObject\",\"inLanguage\":\"de\",\"@id\":\"https:\/\/talkpal.ai\/de\/grammar_exercises\/ubungen-zu-relativpronomen-fur-die-galizische-grammatik\/#primaryimage\",\"url\":\"https:\/\/talkpal.ai\/wp-content\/uploads\/2025\/12\/person-at-window-learning-languages.webp\",\"contentUrl\":\"https:\/\/talkpal.ai\/wp-content\/uploads\/2025\/12\/person-at-window-learning-languages.webp\",\"width\":1200,\"height\":896,\"caption\":\"A student sits on a window ledge surrounded by stacks of books while learning languages on a laptop.\"},{\"@type\":\"BreadcrumbList\",\"@id\":\"https:\/\/talkpal.ai\/de\/grammar_exercises\/ubungen-zu-relativpronomen-fur-die-galizische-grammatik\/#breadcrumb\",\"itemListElement\":[{\"@type\":\"ListItem\",\"position\":1,\"name\":\"Homepage\",\"item\":\"https:\/\/talkpal.ai\/de\/\"},{\"@type\":\"ListItem\",\"position\":2,\"name\":\"\u00dcbungen zu Relativpronomen f\u00fcr die galizische Grammatik\"}]},{\"@type\":\"WebSite\",\"@id\":\"https:\/\/talkpal.ai\/de\/#website\",\"url\":\"https:\/\/talkpal.ai\/de\/\",\"name\":\"Talkpal\",\"description\":\"AI Language Learning\",\"publisher\":{\"@id\":\"https:\/\/talkpal.ai\/de\/#organization\"},\"alternateName\":\"Talkpal AI\",\"potentialAction\":[{\"@type\":\"SearchAction\",\"target\":{\"@type\":\"EntryPoint\",\"urlTemplate\":\"https:\/\/talkpal.ai\/de\/?s={search_term_string}\"},\"query-input\":{\"@type\":\"PropertyValueSpecification\",\"valueRequired\":true,\"valueName\":\"search_term_string\"}}],\"inLanguage\":\"de\"},{\"@type\":\"Organization\",\"@id\":\"https:\/\/talkpal.ai\/de\/#organization\",\"name\":\"Talkpal, Inc.\",\"alternateName\":\"Talkpal AI\",\"url\":\"https:\/\/talkpal.ai\/de\/\",\"logo\":{\"@type\":\"ImageObject\",\"inLanguage\":\"de\",\"@id\":\"https:\/\/talkpal.ai\/de\/#\/schema\/logo\/image\/\",\"url\":\"https:\/\/talkpal.ai\/wp-content\/uploads\/2024\/03\/Talkpal-Logo-Icon.png\",\"contentUrl\":\"https:\/\/talkpal.ai\/wp-content\/uploads\/2024\/03\/Talkpal-Logo-Icon.png\",\"width\":2880,\"height\":2880,\"caption\":\"Talkpal, Inc.\"},\"image\":{\"@id\":\"https:\/\/talkpal.ai\/de\/#\/schema\/logo\/image\/\"},\"sameAs\":[\"https:\/\/www.facebook.com\/profile.php?id=100090733639311\",\"https:\/\/x.com\/talkpalai\",\"https:\/\/www.linkedin.com\/company\/talkpal\/\",\"https:\/\/www.youtube.com\/@TalkPal\/\",\"https:\/\/www.tiktok.com\/@talkpal\",\"https:\/\/www.instagram.com\/talkpal_ai\/\",\"https:\/\/www.crunchbase.com\/organization\/talkpal-9cde\",\"https:\/\/www.g2.com\/products\/talkpal-for-business\/\",\"https:\/\/www.trustpilot.com\/review\/talkpal.ai\",\"https:\/\/www.capterra.com\/p\/10006800\/TalkPal\/\"],\"description\":\"Talkpal is a language learning web and mobile education app, powered by the latest AI technologies, that provides engaging experiences to its customers in many different languages to help them improve their language skills. Users can chat about unlimited amount of topics with the app and use other modes to practice their language learning.\",\"email\":\"support@talkpal.ai\",\"legalName\":\"Talkpal, Inc.\",\"foundingDate\":\"2023-04-03\",\"duns\":\"118989042\",\"numberOfEmployees\":{\"@type\":\"QuantitativeValue\",\"minValue\":\"11\",\"maxValue\":\"50\"},\"publishingPrinciples\":\"https:\/\/talkpal.ai\/publishing-principles\/\",\"actionableFeedbackPolicy\":\"https:\/\/talkpal.ai\/actionable-feedback-policy\/\",\"correctionsPolicy\":\"https:\/\/talkpal.ai\/corrections-policy\/\",\"ethicsPolicy\":\"https:\/\/talkpal.ai\/ethics-policy\/\",\"diversityPolicy\":\"https:\/\/talkpal.ai\/diversity-policy\/\",\"diversityStaffingReport\":\"https:\/\/talkpal.ai\/diversity-policy\/\"}]}<\/script>\n<!-- \/ Yoast SEO Premium plugin. -->","yoast_head_json":{"title":"\u00dcbungen zu Relativpronomen f\u00fcr die galizische Grammatik - Talkpal","description":"In diesen \u00dcbungen lernst du den richtigen Gebrauch der Relativpronomen im Galizischen. Relativpronomen verbinden Nebens\u00e4tze mit Haupts\u00e4tzen und beziehen","robots":{"index":"index","follow":"follow","max-snippet":"max-snippet:-1","max-image-preview":"max-image-preview:large","max-video-preview":"max-video-preview:-1"},"canonical":"https:\/\/talkpal.ai\/de\/grammar_exercises\/ubungen-zu-relativpronomen-fur-die-galizische-grammatik\/","og_locale":"de_DE","og_type":"article","og_title":"\u00dcbungen zu Relativpronomen f\u00fcr die galizische Grammatik","og_description":"In diesen \u00dcbungen lernst du den richtigen Gebrauch der Relativpronomen im Galizischen. Relativpronomen verbinden Nebens\u00e4tze mit Haupts\u00e4tzen und beziehen","og_url":"https:\/\/talkpal.ai\/de\/grammar_exercises\/ubungen-zu-relativpronomen-fur-die-galizische-grammatik\/","og_site_name":"Talkpal","article_publisher":"https:\/\/www.facebook.com\/profile.php?id=100090733639311","og_image":[{"width":2880,"height":1620,"url":"https:\/\/talkpal.ai\/wp-content\/uploads\/2025\/02\/Progress-tab-16_9.png","type":"image\/png"}],"twitter_card":"summary_large_image","twitter_site":"@talkpalai","twitter_misc":{"Gesch\u00e4tzte Lesezeit":"2\u00a0Minuten"},"schema":{"@context":"https:\/\/schema.org","@graph":[{"@type":"WebPage","@id":"https:\/\/talkpal.ai\/de\/grammar_exercises\/ubungen-zu-relativpronomen-fur-die-galizische-grammatik\/","url":"https:\/\/talkpal.ai\/de\/grammar_exercises\/ubungen-zu-relativpronomen-fur-die-galizische-grammatik\/","name":"\u00dcbungen zu Relativpronomen f\u00fcr die galizische Grammatik - Talkpal","isPartOf":{"@id":"https:\/\/talkpal.ai\/de\/#website"},"primaryImageOfPage":{"@id":"https:\/\/talkpal.ai\/de\/grammar_exercises\/ubungen-zu-relativpronomen-fur-die-galizische-grammatik\/#primaryimage"},"image":{"@id":"https:\/\/talkpal.ai\/de\/grammar_exercises\/ubungen-zu-relativpronomen-fur-die-galizische-grammatik\/#primaryimage"},"thumbnailUrl":"https:\/\/talkpal.ai\/wp-content\/uploads\/2025\/12\/person-at-window-learning-languages.webp","datePublished":"2025-07-06T05:03:57+00:00","description":"In diesen \u00dcbungen lernst du den richtigen Gebrauch der Relativpronomen im Galizischen. Relativpronomen verbinden Nebens\u00e4tze mit Haupts\u00e4tzen und beziehen","breadcrumb":{"@id":"https:\/\/talkpal.ai\/de\/grammar_exercises\/ubungen-zu-relativpronomen-fur-die-galizische-grammatik\/#breadcrumb"},"inLanguage":"de","potentialAction":[{"@type":"ReadAction","target":["https:\/\/talkpal.ai\/de\/grammar_exercises\/ubungen-zu-relativpronomen-fur-die-galizische-grammatik\/"]}]},{"@type":"ImageObject","inLanguage":"de","@id":"https:\/\/talkpal.ai\/de\/grammar_exercises\/ubungen-zu-relativpronomen-fur-die-galizische-grammatik\/#primaryimage","url":"https:\/\/talkpal.ai\/wp-content\/uploads\/2025\/12\/person-at-window-learning-languages.webp","contentUrl":"https:\/\/talkpal.ai\/wp-content\/uploads\/2025\/12\/person-at-window-learning-languages.webp","width":1200,"height":896,"caption":"A student sits on a window ledge surrounded by stacks of books while learning languages on a laptop."},{"@type":"BreadcrumbList","@id":"https:\/\/talkpal.ai\/de\/grammar_exercises\/ubungen-zu-relativpronomen-fur-die-galizische-grammatik\/#breadcrumb","itemListElement":[{"@type":"ListItem","position":1,"name":"Homepage","item":"https:\/\/talkpal.ai\/de\/"},{"@type":"ListItem","position":2,"name":"\u00dcbungen zu Relativpronomen f\u00fcr die galizische Grammatik"}]},{"@type":"WebSite","@id":"https:\/\/talkpal.ai\/de\/#website","url":"https:\/\/talkpal.ai\/de\/","name":"Talkpal","description":"AI Language Learning","publisher":{"@id":"https:\/\/talkpal.ai\/de\/#organization"},"alternateName":"Talkpal AI","potentialAction":[{"@type":"SearchAction","target":{"@type":"EntryPoint","urlTemplate":"https:\/\/talkpal.ai\/de\/?s={search_term_string}"},"query-input":{"@type":"PropertyValueSpecification","valueRequired":true,"valueName":"search_term_string"}}],"inLanguage":"de"},{"@type":"Organization","@id":"https:\/\/talkpal.ai\/de\/#organization","name":"Talkpal, Inc.","alternateName":"Talkpal AI","url":"https:\/\/talkpal.ai\/de\/","logo":{"@type":"ImageObject","inLanguage":"de","@id":"https:\/\/talkpal.ai\/de\/#\/schema\/logo\/image\/","url":"https:\/\/talkpal.ai\/wp-content\/uploads\/2024\/03\/Talkpal-Logo-Icon.png","contentUrl":"https:\/\/talkpal.ai\/wp-content\/uploads\/2024\/03\/Talkpal-Logo-Icon.png","width":2880,"height":2880,"caption":"Talkpal, Inc."},"image":{"@id":"https:\/\/talkpal.ai\/de\/#\/schema\/logo\/image\/"},"sameAs":["https:\/\/www.facebook.com\/profile.php?id=100090733639311","https:\/\/x.com\/talkpalai","https:\/\/www.linkedin.com\/company\/talkpal\/","https:\/\/www.youtube.com\/@TalkPal\/","https:\/\/www.tiktok.com\/@talkpal","https:\/\/www.instagram.com\/talkpal_ai\/","https:\/\/www.crunchbase.com\/organization\/talkpal-9cde","https:\/\/www.g2.com\/products\/talkpal-for-business\/","https:\/\/www.trustpilot.com\/review\/talkpal.ai","https:\/\/www.capterra.com\/p\/10006800\/TalkPal\/"],"description":"Talkpal is a language learning web and mobile education app, powered by the latest AI technologies, that provides engaging experiences to its customers in many different languages to help them improve their language skills. Users can chat about unlimited amount of topics with the app and use other modes to practice their language learning.","email":"support@talkpal.ai","legalName":"Talkpal, Inc.","foundingDate":"2023-04-03","duns":"118989042","numberOfEmployees":{"@type":"QuantitativeValue","minValue":"11","maxValue":"50"},"publishingPrinciples":"https:\/\/talkpal.ai\/publishing-principles\/","actionableFeedbackPolicy":"https:\/\/talkpal.ai\/actionable-feedback-policy\/","correctionsPolicy":"https:\/\/talkpal.ai\/corrections-policy\/","ethicsPolicy":"https:\/\/talkpal.ai\/ethics-policy\/","diversityPolicy":"https:\/\/talkpal.ai\/diversity-policy\/","diversityStaffingReport":"https:\/\/talkpal.ai\/diversity-policy\/"}]}},"_links":{"self":[{"href":"https:\/\/talkpal.ai\/de\/wp-json\/wp\/v2\/grammar_exercises\/1124281","targetHints":{"allow":["GET"]}}],"collection":[{"href":"https:\/\/talkpal.ai\/de\/wp-json\/wp\/v2\/grammar_exercises"}],"about":[{"href":"https:\/\/talkpal.ai\/de\/wp-json\/wp\/v2\/types\/grammar_exercises"}],"wp:featuredmedia":[{"embeddable":true,"href":"https:\/\/talkpal.ai\/de\/wp-json\/wp\/v2\/media\/1527851"}],"wp:attachment":[{"href":"https:\/\/talkpal.ai\/de\/wp-json\/wp\/v2\/media?parent=1124281"}],"wp:term":[{"taxonomy":"exercise_language","embeddable":true,"href":"https:\/\/talkpal.ai\/de\/wp-json\/wp\/v2\/exercise_language?post=1124281"}],"curies":[{"name":"wp","href":"https:\/\/api.w.org\/{rel}","templated":true}]}}