{"id":1124259,"date":"2025-07-06T05:03:37","date_gmt":"2025-07-06T05:03:37","guid":{"rendered":"https:\/\/talkpal.ai\/grammar_exercises\/ubungen-zu-reflexiven-verben-fur-die-galizische-grammatik\/"},"modified":"2025-07-06T05:03:37","modified_gmt":"2025-07-06T05:03:37","slug":"ubungen-zu-reflexiven-verben-fur-die-galizische-grammatik","status":"publish","type":"grammar_exercises","link":"https:\/\/talkpal.ai\/de\/grammar_exercises\/ubungen-zu-reflexiven-verben-fur-die-galizische-grammatik\/","title":{"rendered":"\u00dcbungen zu reflexiven Verben f\u00fcr die galizische Grammatik"},"content":{"rendered":"<p>In diesen \u00dcbungen zu reflexiven Verben f\u00fcr die <a href=\"https:\/\/talkpal.ai\/galician-grammar\/\">galizische Grammatik<\/a> \u00fcben Sie, wie man <a href=\"https:\/\/talkpal.ai\/hi\/grammar_exercises\/reflexive-verben-%e0%a4%9c%e0%a4%b0%e0%a5%8d%e0%a4%ae%e0%a4%a8-%e0%a4%b5%e0%a5%8d%e0%a4%af%e0%a4%be%e0%a4%95%e0%a4%b0%e0%a4%a3-%e0%a4%95%e0%a5%87-%e0%a4%b2%e0%a4%bf%e0%a4%8f-%e0%a4%85%e0%a4%ad\/\">reflexive Verben<\/a> korrekt verwendet. <a href=\"https:\/\/talkpal.ai\/hi\/grammar_exercises\/reflexive-verben-%e0%a4%9c%e0%a4%b0%e0%a5%8d%e0%a4%ae%e0%a4%a8-%e0%a4%b5%e0%a5%8d%e0%a4%af%e0%a4%be%e0%a4%95%e0%a4%b0%e0%a4%a3-%e0%a4%95%e0%a5%87-%e0%a4%b2%e0%a4%bf%e0%a4%8f-%e0%a4%85%e0%a4%ad\/\">Reflexive Verben<\/a> zeigen an, dass die Handlung auf das Subjekt zur\u00fcckf\u00e4llt, oft mit einem <a href=\"https:\/\/talkpal.ai\/el\/grammar\/reflexivpronomen-%cf%83%cf%84%ce%b7-%ce%b3%ce%b5%cf%81%ce%bc%ce%b1%ce%bd%ce%b9%ce%ba%ce%ae-%ce%b3%cf%81%ce%b1%ce%bc%ce%bc%ce%b1%cf%84%ce%b9%ce%ba%ce%ae\/\">Reflexivpronomen<\/a>. Achten Sie auf die passende Form des Verbs und das korrekte Reflexivpronomen.<\/p>\n<h3>\u00dcbung 1: Reflexive Verben im Pr\u00e4sens<\/h3>\n<div class=\"input_sentences\">\n1. Eu sempre *lev\u00e1ntome* cedo pola ma\u00f1\u00e1. (Hinweis: Reflexives Verb &#8222;levantarse&#8220; im Pr\u00e4sens, 1. Person Singular)<br \/>\n2. Ti *arr\u00f3las* o cabelo despois de ducharte. (Hinweis: Reflexives Verb &#8222;arrolarse&#8220; im Pr\u00e4sens, 2. Person Singular)<br \/>\n3. Ela *maqu\u00edllase* antes de sa\u00edr. (Hinweis: Reflexives Verb &#8222;maquillarse&#8220; im Pr\u00e4sens, 3. Person Singular)<br \/>\n4. N\u00f3s *vest\u00edmonos* r\u00e1pido para ir ao traballo. (Hinweis: Reflexives Verb &#8222;vestirse&#8220; im Pr\u00e4sens, 1. Person Plural)<br \/>\n5. V\u00f3s *pente\u00e1desvos* antes da reuni\u00f3n. (Hinweis: Reflexives Verb &#8222;pente\u00e1rse&#8220; im Pr\u00e4sens, 2. Person Plural)<br \/>\n6. Eles *afeit\u00e1nse* todas as ma\u00f1\u00e1s. (Hinweis: Reflexives Verb &#8222;afeitarse&#8220; im Pr\u00e4sens, 3. Person Plural)<br \/>\n7. Eu *sentome* no sof\u00e1 para descansar. (Hinweis: Reflexives Verb &#8222;sentarse&#8220; im Pr\u00e4sens, 1. Person Singular)<br \/>\n8. Ti *duchaste* e logo *sec\u00e1monos* co secador. (Hinweis: Reflexives Verben &#8222;ducharse&#8220; und &#8222;secarse&#8220; im Pr\u00e4sens, 2. Person Singular und 1. Person Plural)<br \/>\n9. Ela *prepara-se* para a festa. (Hinweis: Reflexives Verb &#8222;prepararse&#8220; im Pr\u00e4sens, 3. Person Singular)<br \/>\n10. N\u00f3s *deitamos-nos* cedo pola noite. (Hinweis: Reflexives Verb &#8222;deitarse&#8220; im Pr\u00e4sens, 1. Person Plural)\n<\/div>\n<div class=\"exercise\"><\/div>\n<h3>\u00dcbung 2: Reflexive Verben im Perfekt<\/h3>\n<div class=\"input_sentences\">\n1. Eu *me levantei* tarde onte. (Hinweis: Reflexives Verb &#8222;levantarse&#8220; im Perfekt, 1. Person Singular)<br \/>\n2. Ti *te arroulaches* antes de ir \u00e1 escola. (Hinweis: Reflexives Verb &#8222;arrolarse&#8220; im Perfekt, 2. Person Singular)<br \/>\n3. Ela *se maquillou* para a festa. (Hinweis: Reflexives Verb &#8222;maquillarse&#8220; im Perfekt, 3. Person Singular)<br \/>\n4. N\u00f3s *nos vestimos* r\u00e1pido para sa\u00edr. (Hinweis: Reflexives Verb &#8222;vestirse&#8220; im Perfekt, 1. Person Plural)<br \/>\n5. V\u00f3s *vos penteastes* antes da reuni\u00f3n. (Hinweis: Reflexives Verb &#8222;pente\u00e1rse&#8220; im Perfekt, 2. Person Plural)<br \/>\n6. Eles *se afeitaron* pola ma\u00f1\u00e1. (Hinweis: Reflexives Verb &#8222;afeitarse&#8220; im Perfekt, 3. Person Plural)<br \/>\n7. Eu *me sentei* no banco do parque. (Hinweis: Reflexives Verb &#8222;sentarse&#8220; im Perfekt, 1. Person Singular)<br \/>\n8. Ti *te duchaches* e *te secaches* despois. (Hinweis: Reflexives Verben &#8222;ducharse&#8220; und &#8222;secarse&#8220; im Perfekt, 2. Person Singular)<br \/>\n9. Ela *se preparou* para o exame. (Hinweis: Reflexives Verb &#8222;prepararse&#8220; im Perfekt, 3. Person Singular)<br \/>\n10. N\u00f3s *nos deitamos* cedo onte. (Hinweis: Reflexives Verb &#8222;deitarse&#8220; im Perfekt, 1. Person Plural)\n<\/div>\n<div class=\"exercise\"><\/div>\n","protected":false},"featured_media":1527901,"parent":0,"menu_order":0,"template":"","exercise_language":[13398,13501],"class_list":["post-1124259","grammar_exercises","type-grammar_exercises","status-publish","has-post-thumbnail","hentry","exercise_language-galicisch-ubungen","exercise_language-verben-galicische-grammatik"],"acf":[],"yoast_head":"<!-- This site is optimized with the Yoast SEO Premium plugin v27.2 (Yoast SEO v27.2) - https:\/\/yoast.com\/product\/yoast-seo-premium-wordpress\/ -->\n<title>\u00dcbungen zu reflexiven Verben f\u00fcr die galizische Grammatik - Talkpal<\/title>\n<meta name=\"description\" content=\"In diesen \u00dcbungen zu reflexiven Verben f\u00fcr die galizische Grammatik \u00fcben Sie, wie man reflexive Verben korrekt verwendet. Reflexive Verben zeigen an, dass\" \/>\n<meta name=\"robots\" content=\"index, follow, max-snippet:-1, max-image-preview:large, max-video-preview:-1\" \/>\n<link rel=\"canonical\" href=\"https:\/\/talkpal.ai\/de\/grammar_exercises\/ubungen-zu-reflexiven-verben-fur-die-galizische-grammatik\/\" \/>\n<meta property=\"og:locale\" content=\"de_DE\" \/>\n<meta property=\"og:type\" content=\"article\" \/>\n<meta property=\"og:title\" content=\"\u00dcbungen zu reflexiven Verben f\u00fcr die galizische Grammatik\" \/>\n<meta property=\"og:description\" content=\"In diesen \u00dcbungen zu reflexiven Verben f\u00fcr die galizische Grammatik \u00fcben Sie, wie man reflexive Verben korrekt verwendet. Reflexive Verben zeigen an, dass\" \/>\n<meta property=\"og:url\" content=\"https:\/\/talkpal.ai\/de\/grammar_exercises\/ubungen-zu-reflexiven-verben-fur-die-galizische-grammatik\/\" \/>\n<meta property=\"og:site_name\" content=\"Talkpal\" \/>\n<meta property=\"article:publisher\" content=\"https:\/\/www.facebook.com\/profile.php?id=100090733639311\" \/>\n<meta property=\"og:image\" content=\"https:\/\/talkpal.ai\/wp-content\/uploads\/2025\/02\/Progress-tab-16_9.png\" \/>\n\t<meta property=\"og:image:width\" content=\"2880\" \/>\n\t<meta property=\"og:image:height\" content=\"1620\" \/>\n\t<meta property=\"og:image:type\" content=\"image\/png\" \/>\n<meta name=\"twitter:card\" content=\"summary_large_image\" \/>\n<meta name=\"twitter:site\" content=\"@talkpalai\" \/>\n<meta name=\"twitter:label1\" content=\"Gesch\u00e4tzte Lesezeit\" \/>\n\t<meta name=\"twitter:data1\" content=\"2\u00a0Minuten\" \/>\n<script type=\"application\/ld+json\" class=\"yoast-schema-graph\">{\"@context\":\"https:\/\/schema.org\",\"@graph\":[{\"@type\":\"WebPage\",\"@id\":\"https:\/\/talkpal.ai\/de\/grammar_exercises\/ubungen-zu-reflexiven-verben-fur-die-galizische-grammatik\/\",\"url\":\"https:\/\/talkpal.ai\/de\/grammar_exercises\/ubungen-zu-reflexiven-verben-fur-die-galizische-grammatik\/\",\"name\":\"\u00dcbungen zu reflexiven Verben f\u00fcr die galizische Grammatik - Talkpal\",\"isPartOf\":{\"@id\":\"https:\/\/talkpal.ai\/de\/#website\"},\"primaryImageOfPage\":{\"@id\":\"https:\/\/talkpal.ai\/de\/grammar_exercises\/ubungen-zu-reflexiven-verben-fur-die-galizische-grammatik\/#primaryimage\"},\"image\":{\"@id\":\"https:\/\/talkpal.ai\/de\/grammar_exercises\/ubungen-zu-reflexiven-verben-fur-die-galizische-grammatik\/#primaryimage\"},\"thumbnailUrl\":\"https:\/\/talkpal.ai\/wp-content\/uploads\/2025\/12\/student-is-learning-languages-under-tree.webp\",\"datePublished\":\"2025-07-06T05:03:37+00:00\",\"description\":\"In diesen \u00dcbungen zu reflexiven Verben f\u00fcr die galizische Grammatik \u00fcben Sie, wie man reflexive Verben korrekt verwendet. Reflexive Verben zeigen an, dass\",\"breadcrumb\":{\"@id\":\"https:\/\/talkpal.ai\/de\/grammar_exercises\/ubungen-zu-reflexiven-verben-fur-die-galizische-grammatik\/#breadcrumb\"},\"inLanguage\":\"de\",\"potentialAction\":[{\"@type\":\"ReadAction\",\"target\":[\"https:\/\/talkpal.ai\/de\/grammar_exercises\/ubungen-zu-reflexiven-verben-fur-die-galizische-grammatik\/\"]}]},{\"@type\":\"ImageObject\",\"inLanguage\":\"de\",\"@id\":\"https:\/\/talkpal.ai\/de\/grammar_exercises\/ubungen-zu-reflexiven-verben-fur-die-galizische-grammatik\/#primaryimage\",\"url\":\"https:\/\/talkpal.ai\/wp-content\/uploads\/2025\/12\/student-is-learning-languages-under-tree.webp\",\"contentUrl\":\"https:\/\/talkpal.ai\/wp-content\/uploads\/2025\/12\/student-is-learning-languages-under-tree.webp\",\"width\":1200,\"height\":896,\"caption\":\"A student wearing headphones sits outside and reads a thick book while learning languages.\"},{\"@type\":\"BreadcrumbList\",\"@id\":\"https:\/\/talkpal.ai\/de\/grammar_exercises\/ubungen-zu-reflexiven-verben-fur-die-galizische-grammatik\/#breadcrumb\",\"itemListElement\":[{\"@type\":\"ListItem\",\"position\":1,\"name\":\"Homepage\",\"item\":\"https:\/\/talkpal.ai\/de\/\"},{\"@type\":\"ListItem\",\"position\":2,\"name\":\"\u00dcbungen zu reflexiven Verben f\u00fcr die galizische Grammatik\"}]},{\"@type\":\"WebSite\",\"@id\":\"https:\/\/talkpal.ai\/de\/#website\",\"url\":\"https:\/\/talkpal.ai\/de\/\",\"name\":\"Talkpal\",\"description\":\"AI Language Learning\",\"publisher\":{\"@id\":\"https:\/\/talkpal.ai\/de\/#organization\"},\"alternateName\":\"Talkpal AI\",\"potentialAction\":[{\"@type\":\"SearchAction\",\"target\":{\"@type\":\"EntryPoint\",\"urlTemplate\":\"https:\/\/talkpal.ai\/de\/?s={search_term_string}\"},\"query-input\":{\"@type\":\"PropertyValueSpecification\",\"valueRequired\":true,\"valueName\":\"search_term_string\"}}],\"inLanguage\":\"de\"},{\"@type\":\"Organization\",\"@id\":\"https:\/\/talkpal.ai\/de\/#organization\",\"name\":\"Talkpal, Inc.\",\"alternateName\":\"Talkpal AI\",\"url\":\"https:\/\/talkpal.ai\/de\/\",\"logo\":{\"@type\":\"ImageObject\",\"inLanguage\":\"de\",\"@id\":\"https:\/\/talkpal.ai\/de\/#\/schema\/logo\/image\/\",\"url\":\"https:\/\/talkpal.ai\/wp-content\/uploads\/2024\/03\/Talkpal-Logo-Icon.png\",\"contentUrl\":\"https:\/\/talkpal.ai\/wp-content\/uploads\/2024\/03\/Talkpal-Logo-Icon.png\",\"width\":2880,\"height\":2880,\"caption\":\"Talkpal, Inc.\"},\"image\":{\"@id\":\"https:\/\/talkpal.ai\/de\/#\/schema\/logo\/image\/\"},\"sameAs\":[\"https:\/\/www.facebook.com\/profile.php?id=100090733639311\",\"https:\/\/x.com\/talkpalai\",\"https:\/\/www.linkedin.com\/company\/talkpal\/\",\"https:\/\/www.youtube.com\/@TalkPal\/\",\"https:\/\/www.tiktok.com\/@talkpal\",\"https:\/\/www.instagram.com\/talkpal_ai\/\",\"https:\/\/www.crunchbase.com\/organization\/talkpal-9cde\",\"https:\/\/www.g2.com\/products\/talkpal-for-business\/\",\"https:\/\/www.trustpilot.com\/review\/talkpal.ai\",\"https:\/\/www.capterra.com\/p\/10006800\/TalkPal\/\"],\"description\":\"Talkpal is a language learning web and mobile education app, powered by the latest AI technologies, that provides engaging experiences to its customers in many different languages to help them improve their language skills. Users can chat about unlimited amount of topics with the app and use other modes to practice their language learning.\",\"email\":\"support@talkpal.ai\",\"legalName\":\"Talkpal, Inc.\",\"foundingDate\":\"2023-04-03\",\"duns\":\"118989042\",\"numberOfEmployees\":{\"@type\":\"QuantitativeValue\",\"minValue\":\"11\",\"maxValue\":\"50\"},\"publishingPrinciples\":\"https:\/\/talkpal.ai\/publishing-principles\/\",\"actionableFeedbackPolicy\":\"https:\/\/talkpal.ai\/actionable-feedback-policy\/\",\"correctionsPolicy\":\"https:\/\/talkpal.ai\/corrections-policy\/\",\"ethicsPolicy\":\"https:\/\/talkpal.ai\/ethics-policy\/\",\"diversityPolicy\":\"https:\/\/talkpal.ai\/diversity-policy\/\",\"diversityStaffingReport\":\"https:\/\/talkpal.ai\/diversity-policy\/\"}]}<\/script>\n<!-- \/ Yoast SEO Premium plugin. -->","yoast_head_json":{"title":"\u00dcbungen zu reflexiven Verben f\u00fcr die galizische Grammatik - Talkpal","description":"In diesen \u00dcbungen zu reflexiven Verben f\u00fcr die galizische Grammatik \u00fcben Sie, wie man reflexive Verben korrekt verwendet. Reflexive Verben zeigen an, dass","robots":{"index":"index","follow":"follow","max-snippet":"max-snippet:-1","max-image-preview":"max-image-preview:large","max-video-preview":"max-video-preview:-1"},"canonical":"https:\/\/talkpal.ai\/de\/grammar_exercises\/ubungen-zu-reflexiven-verben-fur-die-galizische-grammatik\/","og_locale":"de_DE","og_type":"article","og_title":"\u00dcbungen zu reflexiven Verben f\u00fcr die galizische Grammatik","og_description":"In diesen \u00dcbungen zu reflexiven Verben f\u00fcr die galizische Grammatik \u00fcben Sie, wie man reflexive Verben korrekt verwendet. Reflexive Verben zeigen an, dass","og_url":"https:\/\/talkpal.ai\/de\/grammar_exercises\/ubungen-zu-reflexiven-verben-fur-die-galizische-grammatik\/","og_site_name":"Talkpal","article_publisher":"https:\/\/www.facebook.com\/profile.php?id=100090733639311","og_image":[{"width":2880,"height":1620,"url":"https:\/\/talkpal.ai\/wp-content\/uploads\/2025\/02\/Progress-tab-16_9.png","type":"image\/png"}],"twitter_card":"summary_large_image","twitter_site":"@talkpalai","twitter_misc":{"Gesch\u00e4tzte Lesezeit":"2\u00a0Minuten"},"schema":{"@context":"https:\/\/schema.org","@graph":[{"@type":"WebPage","@id":"https:\/\/talkpal.ai\/de\/grammar_exercises\/ubungen-zu-reflexiven-verben-fur-die-galizische-grammatik\/","url":"https:\/\/talkpal.ai\/de\/grammar_exercises\/ubungen-zu-reflexiven-verben-fur-die-galizische-grammatik\/","name":"\u00dcbungen zu reflexiven Verben f\u00fcr die galizische Grammatik - Talkpal","isPartOf":{"@id":"https:\/\/talkpal.ai\/de\/#website"},"primaryImageOfPage":{"@id":"https:\/\/talkpal.ai\/de\/grammar_exercises\/ubungen-zu-reflexiven-verben-fur-die-galizische-grammatik\/#primaryimage"},"image":{"@id":"https:\/\/talkpal.ai\/de\/grammar_exercises\/ubungen-zu-reflexiven-verben-fur-die-galizische-grammatik\/#primaryimage"},"thumbnailUrl":"https:\/\/talkpal.ai\/wp-content\/uploads\/2025\/12\/student-is-learning-languages-under-tree.webp","datePublished":"2025-07-06T05:03:37+00:00","description":"In diesen \u00dcbungen zu reflexiven Verben f\u00fcr die galizische Grammatik \u00fcben Sie, wie man reflexive Verben korrekt verwendet. Reflexive Verben zeigen an, dass","breadcrumb":{"@id":"https:\/\/talkpal.ai\/de\/grammar_exercises\/ubungen-zu-reflexiven-verben-fur-die-galizische-grammatik\/#breadcrumb"},"inLanguage":"de","potentialAction":[{"@type":"ReadAction","target":["https:\/\/talkpal.ai\/de\/grammar_exercises\/ubungen-zu-reflexiven-verben-fur-die-galizische-grammatik\/"]}]},{"@type":"ImageObject","inLanguage":"de","@id":"https:\/\/talkpal.ai\/de\/grammar_exercises\/ubungen-zu-reflexiven-verben-fur-die-galizische-grammatik\/#primaryimage","url":"https:\/\/talkpal.ai\/wp-content\/uploads\/2025\/12\/student-is-learning-languages-under-tree.webp","contentUrl":"https:\/\/talkpal.ai\/wp-content\/uploads\/2025\/12\/student-is-learning-languages-under-tree.webp","width":1200,"height":896,"caption":"A student wearing headphones sits outside and reads a thick book while learning languages."},{"@type":"BreadcrumbList","@id":"https:\/\/talkpal.ai\/de\/grammar_exercises\/ubungen-zu-reflexiven-verben-fur-die-galizische-grammatik\/#breadcrumb","itemListElement":[{"@type":"ListItem","position":1,"name":"Homepage","item":"https:\/\/talkpal.ai\/de\/"},{"@type":"ListItem","position":2,"name":"\u00dcbungen zu reflexiven Verben f\u00fcr die galizische Grammatik"}]},{"@type":"WebSite","@id":"https:\/\/talkpal.ai\/de\/#website","url":"https:\/\/talkpal.ai\/de\/","name":"Talkpal","description":"AI Language Learning","publisher":{"@id":"https:\/\/talkpal.ai\/de\/#organization"},"alternateName":"Talkpal AI","potentialAction":[{"@type":"SearchAction","target":{"@type":"EntryPoint","urlTemplate":"https:\/\/talkpal.ai\/de\/?s={search_term_string}"},"query-input":{"@type":"PropertyValueSpecification","valueRequired":true,"valueName":"search_term_string"}}],"inLanguage":"de"},{"@type":"Organization","@id":"https:\/\/talkpal.ai\/de\/#organization","name":"Talkpal, Inc.","alternateName":"Talkpal AI","url":"https:\/\/talkpal.ai\/de\/","logo":{"@type":"ImageObject","inLanguage":"de","@id":"https:\/\/talkpal.ai\/de\/#\/schema\/logo\/image\/","url":"https:\/\/talkpal.ai\/wp-content\/uploads\/2024\/03\/Talkpal-Logo-Icon.png","contentUrl":"https:\/\/talkpal.ai\/wp-content\/uploads\/2024\/03\/Talkpal-Logo-Icon.png","width":2880,"height":2880,"caption":"Talkpal, Inc."},"image":{"@id":"https:\/\/talkpal.ai\/de\/#\/schema\/logo\/image\/"},"sameAs":["https:\/\/www.facebook.com\/profile.php?id=100090733639311","https:\/\/x.com\/talkpalai","https:\/\/www.linkedin.com\/company\/talkpal\/","https:\/\/www.youtube.com\/@TalkPal\/","https:\/\/www.tiktok.com\/@talkpal","https:\/\/www.instagram.com\/talkpal_ai\/","https:\/\/www.crunchbase.com\/organization\/talkpal-9cde","https:\/\/www.g2.com\/products\/talkpal-for-business\/","https:\/\/www.trustpilot.com\/review\/talkpal.ai","https:\/\/www.capterra.com\/p\/10006800\/TalkPal\/"],"description":"Talkpal is a language learning web and mobile education app, powered by the latest AI technologies, that provides engaging experiences to its customers in many different languages to help them improve their language skills. Users can chat about unlimited amount of topics with the app and use other modes to practice their language learning.","email":"support@talkpal.ai","legalName":"Talkpal, Inc.","foundingDate":"2023-04-03","duns":"118989042","numberOfEmployees":{"@type":"QuantitativeValue","minValue":"11","maxValue":"50"},"publishingPrinciples":"https:\/\/talkpal.ai\/publishing-principles\/","actionableFeedbackPolicy":"https:\/\/talkpal.ai\/actionable-feedback-policy\/","correctionsPolicy":"https:\/\/talkpal.ai\/corrections-policy\/","ethicsPolicy":"https:\/\/talkpal.ai\/ethics-policy\/","diversityPolicy":"https:\/\/talkpal.ai\/diversity-policy\/","diversityStaffingReport":"https:\/\/talkpal.ai\/diversity-policy\/"}]}},"_links":{"self":[{"href":"https:\/\/talkpal.ai\/de\/wp-json\/wp\/v2\/grammar_exercises\/1124259","targetHints":{"allow":["GET"]}}],"collection":[{"href":"https:\/\/talkpal.ai\/de\/wp-json\/wp\/v2\/grammar_exercises"}],"about":[{"href":"https:\/\/talkpal.ai\/de\/wp-json\/wp\/v2\/types\/grammar_exercises"}],"wp:featuredmedia":[{"embeddable":true,"href":"https:\/\/talkpal.ai\/de\/wp-json\/wp\/v2\/media\/1527901"}],"wp:attachment":[{"href":"https:\/\/talkpal.ai\/de\/wp-json\/wp\/v2\/media?parent=1124259"}],"wp:term":[{"taxonomy":"exercise_language","embeddable":true,"href":"https:\/\/talkpal.ai\/de\/wp-json\/wp\/v2\/exercise_language?post=1124259"}],"curies":[{"name":"wp","href":"https:\/\/api.w.org\/{rel}","templated":true}]}}