{"id":1123915,"date":"2025-07-06T04:57:51","date_gmt":"2025-07-06T04:57:51","guid":{"rendered":"https:\/\/talkpal.ai\/grammar_exercises\/verwendungs-und-kontextubungen-zur-katalanischen-grammatik\/"},"modified":"2025-07-06T04:57:51","modified_gmt":"2025-07-06T04:57:51","slug":"verwendungs-und-kontextubungen-zur-katalanischen-grammatik","status":"publish","type":"grammar_exercises","link":"https:\/\/talkpal.ai\/de\/grammar_exercises\/verwendungs-und-kontextubungen-zur-katalanischen-grammatik\/","title":{"rendered":"Verwendungs- und Kontext\u00fcbungen zur katalanischen Grammatik"},"content":{"rendered":"<p>In diesen \u00dcbungen zur katalanischen <a href=\"https:\/\/talkpal.ai\/fr\/les\/\">Grammatik<\/a> werden verschiedene Verwendungsformen und Kontexte der katalanischen Sprache trainiert. Ziel ist es, das Verst\u00e4ndnis f\u00fcr die richtige <a href=\"https:\/\/talkpal.ai\/es\/descargar-la-aplicacion-talkpal-para-android-e-ios\/\">Anwendung<\/a> von Verben, <a href=\"https:\/\/talkpal.ai\/ar\/grammar_exercises\/prapositionen-%d8%aa%d9%85%d8%a7%d8%b1%d9%8a%d9%86-%d9%84%d9%84%d9%82%d9%88%d8%a7%d8%b9%d8%af-%d8%a7%d9%84%d8%a3%d9%84%d9%85%d8%a7%d9%86%d9%8a%d8%a9\/\">Pr\u00e4positionen<\/a> und Pronomen zu vertiefen. Die Hinweise helfen dabei, die grammatikalischen Regeln besser zu verstehen und korrekt anzuwenden.<\/p>\n<h3>\u00dcbung 1: Pr\u00e4sens und Verben im Kontext<\/h3>\n<div class=\"input_sentences\">\n1. Jo *parlo* <a href=\"https:\/\/talkpal.ai\/learn-catalan\/\">catal\u00e0<\/a> cada dia. (Hinweis: Verb im Pr\u00e4sens, 1. Person Singular von \u201eparlar\u201c)<br \/>\n2. Tu *menjes* fruita al mat\u00ed. (Hinweis: Pr\u00e4sens, 2. Person Singular von \u201emenjar\u201c)<br \/>\n3. Ell *estudia* a la biblioteca ara. (Hinweis: Pr\u00e4sens, 3. Person Singular von \u201eestudiar\u201c)<br \/>\n4. Nosaltres *vivim* a <a href=\"https:\/\/talkpal.ai\/locations\/language-courses-in-barcelona\/\">Barcelona<\/a>. (Hinweis: Pr\u00e4sens, 1. Person Plural von \u201eviure\u201c)<br \/>\n5. Vosaltres *treballeu* molt. (Hinweis: Pr\u00e4sens, 2. Person Plural von \u201etreballar\u201c)<br \/>\n6. Elles *escriuen* cartes als amics. (Hinweis: Pr\u00e4sens, 3. Person Plural von \u201eescriure\u201c)<br \/>\n7. Jo *tinc* un gos petit. (Hinweis: unregelm\u00e4\u00dfiges Verb \u201etenir\u201c, 1. Person Singular)<br \/>\n8. Tu *vas* al mercat cada dissabte. (Hinweis: Verb \u201eanar\u201c im Pr\u00e4sens, 2. Person Singular)<br \/>\n9. Ell *fa* esport cada mat\u00ed. (Hinweis: Verb \u201efer\u201c im Pr\u00e4sens, 3. Person Singular)<br \/>\n10. Nosaltres *sabem* la resposta correcta. (Hinweis: Verb \u201esaber\u201c im Pr\u00e4sens, 1. Person Plural)\n<\/div>\n<div class=\"exercise\"><\/div>\n<h3>\u00dcbung 2: Verwendung von Pr\u00e4positionen und Artikeln<\/h3>\n<div class=\"input_sentences\">\n1. Vaig a la platja *amb* els meus amics. (Hinweis: Pr\u00e4position f\u00fcr Begleitung)<br \/>\n2. El llibre \u00e9s *sobre* la taula. (Hinweis: Pr\u00e4position f\u00fcr Ort \u201eauf\u201c)<br \/>\n3. Parlo *de* la meva fam\u00edlia. (Hinweis: Pr\u00e4position f\u00fcr Thema)<br \/>\n4. Viuen *a* <a href=\"https:\/\/talkpal.ai\/locations\/language-courses-in-girona\/\">Girona<\/a> des de fa dos anys. (Hinweis: Pr\u00e4position f\u00fcr Ort)<br \/>\n5. El gos est\u00e0 *dins* de la casa. (Hinweis: Pr\u00e4position f\u00fcr \u201einnen\u201c)<br \/>\n6. Vaig comprar el pa *per* sopar. (Hinweis: Pr\u00e4position f\u00fcr Zweck)<br \/>\n7. Els nens juguen *entre* els arbres. (Hinweis: Pr\u00e4position f\u00fcr \u201ezwischen\u201c)<br \/>\n8. El tren arriba *cap a* les cinc. (Hinweis: Pr\u00e4position f\u00fcr ungef\u00e4hre Zeitangabe)<br \/>\n9. La carta \u00e9s escrita *per* la meva mare. (Hinweis: Pr\u00e4position f\u00fcr <a href=\"https:\/\/talkpal.ai\/ja\/grammar\/%e5%8f%97%e5%8b%95%e6%85%8b\/\">Passiv<\/a>)<br \/>\n10. El gat est\u00e0 assegut *al* costat de la finestra. (Hinweis: Kombination aus Artikel und Pr\u00e4position f\u00fcr \u201eneben\u201c)\n<\/div>\n<div class=\"exercise\"><\/div>\n","protected":false},"featured_media":1528099,"parent":0,"menu_order":0,"template":"","exercise_language":[13321,13330],"class_list":["post-1123915","grammar_exercises","type-grammar_exercises","status-publish","has-post-thumbnail","hentry","exercise_language-katalanisch","exercise_language-konditionale-katalanische-grammatik"],"acf":[],"yoast_head":"<!-- This site is optimized with the Yoast SEO Premium plugin v27.2 (Yoast SEO v27.2) - https:\/\/yoast.com\/product\/yoast-seo-premium-wordpress\/ -->\n<title>Verwendungs- und Kontext\u00fcbungen zur katalanischen Grammatik - Talkpal<\/title>\n<meta name=\"description\" content=\"In diesen \u00dcbungen zur katalanischen Grammatik werden verschiedene Verwendungsformen und Kontexte der katalanischen Sprache trainiert. Ziel ist es, das\" \/>\n<meta name=\"robots\" content=\"index, follow, max-snippet:-1, max-image-preview:large, max-video-preview:-1\" \/>\n<link rel=\"canonical\" href=\"https:\/\/talkpal.ai\/de\/grammar_exercises\/verwendungs-und-kontextubungen-zur-katalanischen-grammatik\/\" \/>\n<meta property=\"og:locale\" content=\"de_DE\" \/>\n<meta property=\"og:type\" content=\"article\" \/>\n<meta property=\"og:title\" content=\"Verwendungs- und Kontext\u00fcbungen zur katalanischen Grammatik\" \/>\n<meta property=\"og:description\" content=\"In diesen \u00dcbungen zur katalanischen Grammatik werden verschiedene Verwendungsformen und Kontexte der katalanischen Sprache trainiert. Ziel ist es, das\" \/>\n<meta property=\"og:url\" content=\"https:\/\/talkpal.ai\/de\/grammar_exercises\/verwendungs-und-kontextubungen-zur-katalanischen-grammatik\/\" \/>\n<meta property=\"og:site_name\" content=\"Talkpal\" \/>\n<meta property=\"article:publisher\" content=\"https:\/\/www.facebook.com\/profile.php?id=100090733639311\" \/>\n<meta property=\"og:image\" content=\"https:\/\/talkpal.ai\/wp-content\/uploads\/2025\/02\/Progress-tab-16_9.png\" \/>\n\t<meta property=\"og:image:width\" content=\"2880\" \/>\n\t<meta property=\"og:image:height\" content=\"1620\" \/>\n\t<meta property=\"og:image:type\" content=\"image\/png\" \/>\n<meta name=\"twitter:card\" content=\"summary_large_image\" \/>\n<meta name=\"twitter:site\" content=\"@talkpalai\" \/>\n<meta name=\"twitter:label1\" content=\"Gesch\u00e4tzte Lesezeit\" \/>\n\t<meta name=\"twitter:data1\" content=\"2\u00a0Minuten\" \/>\n<script type=\"application\/ld+json\" class=\"yoast-schema-graph\">{\"@context\":\"https:\/\/schema.org\",\"@graph\":[{\"@type\":\"WebPage\",\"@id\":\"https:\/\/talkpal.ai\/de\/grammar_exercises\/verwendungs-und-kontextubungen-zur-katalanischen-grammatik\/\",\"url\":\"https:\/\/talkpal.ai\/de\/grammar_exercises\/verwendungs-und-kontextubungen-zur-katalanischen-grammatik\/\",\"name\":\"Verwendungs- und Kontext\u00fcbungen zur katalanischen Grammatik - Talkpal\",\"isPartOf\":{\"@id\":\"https:\/\/talkpal.ai\/de\/#website\"},\"primaryImageOfPage\":{\"@id\":\"https:\/\/talkpal.ai\/de\/grammar_exercises\/verwendungs-und-kontextubungen-zur-katalanischen-grammatik\/#primaryimage\"},\"image\":{\"@id\":\"https:\/\/talkpal.ai\/de\/grammar_exercises\/verwendungs-und-kontextubungen-zur-katalanischen-grammatik\/#primaryimage\"},\"thumbnailUrl\":\"https:\/\/talkpal.ai\/wp-content\/uploads\/2025\/12\/woman-takes-notes-while-learning-languages.webp\",\"datePublished\":\"2025-07-06T04:57:51+00:00\",\"description\":\"In diesen \u00dcbungen zur katalanischen Grammatik werden verschiedene Verwendungsformen und Kontexte der katalanischen Sprache trainiert. Ziel ist es, das\",\"breadcrumb\":{\"@id\":\"https:\/\/talkpal.ai\/de\/grammar_exercises\/verwendungs-und-kontextubungen-zur-katalanischen-grammatik\/#breadcrumb\"},\"inLanguage\":\"de\",\"potentialAction\":[{\"@type\":\"ReadAction\",\"target\":[\"https:\/\/talkpal.ai\/de\/grammar_exercises\/verwendungs-und-kontextubungen-zur-katalanischen-grammatik\/\"]}]},{\"@type\":\"ImageObject\",\"inLanguage\":\"de\",\"@id\":\"https:\/\/talkpal.ai\/de\/grammar_exercises\/verwendungs-und-kontextubungen-zur-katalanischen-grammatik\/#primaryimage\",\"url\":\"https:\/\/talkpal.ai\/wp-content\/uploads\/2025\/12\/woman-takes-notes-while-learning-languages.webp\",\"contentUrl\":\"https:\/\/talkpal.ai\/wp-content\/uploads\/2025\/12\/woman-takes-notes-while-learning-languages.webp\",\"width\":1200,\"height\":896,\"caption\":\"A woman with her hair in a bun writes in a notebook while learning languages at a desk.\"},{\"@type\":\"BreadcrumbList\",\"@id\":\"https:\/\/talkpal.ai\/de\/grammar_exercises\/verwendungs-und-kontextubungen-zur-katalanischen-grammatik\/#breadcrumb\",\"itemListElement\":[{\"@type\":\"ListItem\",\"position\":1,\"name\":\"Homepage\",\"item\":\"https:\/\/talkpal.ai\/de\/\"},{\"@type\":\"ListItem\",\"position\":2,\"name\":\"Verwendungs- und Kontext\u00fcbungen zur katalanischen Grammatik\"}]},{\"@type\":\"WebSite\",\"@id\":\"https:\/\/talkpal.ai\/de\/#website\",\"url\":\"https:\/\/talkpal.ai\/de\/\",\"name\":\"Talkpal\",\"description\":\"AI Language Learning\",\"publisher\":{\"@id\":\"https:\/\/talkpal.ai\/de\/#organization\"},\"alternateName\":\"Talkpal AI\",\"potentialAction\":[{\"@type\":\"SearchAction\",\"target\":{\"@type\":\"EntryPoint\",\"urlTemplate\":\"https:\/\/talkpal.ai\/de\/?s={search_term_string}\"},\"query-input\":{\"@type\":\"PropertyValueSpecification\",\"valueRequired\":true,\"valueName\":\"search_term_string\"}}],\"inLanguage\":\"de\"},{\"@type\":\"Organization\",\"@id\":\"https:\/\/talkpal.ai\/de\/#organization\",\"name\":\"Talkpal, Inc.\",\"alternateName\":\"Talkpal AI\",\"url\":\"https:\/\/talkpal.ai\/de\/\",\"logo\":{\"@type\":\"ImageObject\",\"inLanguage\":\"de\",\"@id\":\"https:\/\/talkpal.ai\/de\/#\/schema\/logo\/image\/\",\"url\":\"https:\/\/talkpal.ai\/wp-content\/uploads\/2024\/03\/Talkpal-Logo-Icon.png\",\"contentUrl\":\"https:\/\/talkpal.ai\/wp-content\/uploads\/2024\/03\/Talkpal-Logo-Icon.png\",\"width\":2880,\"height\":2880,\"caption\":\"Talkpal, Inc.\"},\"image\":{\"@id\":\"https:\/\/talkpal.ai\/de\/#\/schema\/logo\/image\/\"},\"sameAs\":[\"https:\/\/www.facebook.com\/profile.php?id=100090733639311\",\"https:\/\/x.com\/talkpalai\",\"https:\/\/www.linkedin.com\/company\/talkpal\/\",\"https:\/\/www.youtube.com\/@TalkPal\/\",\"https:\/\/www.tiktok.com\/@talkpal\",\"https:\/\/www.instagram.com\/talkpal_ai\/\",\"https:\/\/www.crunchbase.com\/organization\/talkpal-9cde\",\"https:\/\/www.g2.com\/products\/talkpal-for-business\/\",\"https:\/\/www.trustpilot.com\/review\/talkpal.ai\",\"https:\/\/www.capterra.com\/p\/10006800\/TalkPal\/\"],\"description\":\"Talkpal is a language learning web and mobile education app, powered by the latest AI technologies, that provides engaging experiences to its customers in many different languages to help them improve their language skills. Users can chat about unlimited amount of topics with the app and use other modes to practice their language learning.\",\"email\":\"support@talkpal.ai\",\"legalName\":\"Talkpal, Inc.\",\"foundingDate\":\"2023-04-03\",\"duns\":\"118989042\",\"numberOfEmployees\":{\"@type\":\"QuantitativeValue\",\"minValue\":\"11\",\"maxValue\":\"50\"},\"publishingPrinciples\":\"https:\/\/talkpal.ai\/publishing-principles\/\",\"actionableFeedbackPolicy\":\"https:\/\/talkpal.ai\/actionable-feedback-policy\/\",\"correctionsPolicy\":\"https:\/\/talkpal.ai\/corrections-policy\/\",\"ethicsPolicy\":\"https:\/\/talkpal.ai\/ethics-policy\/\",\"diversityPolicy\":\"https:\/\/talkpal.ai\/diversity-policy\/\",\"diversityStaffingReport\":\"https:\/\/talkpal.ai\/diversity-policy\/\"}]}<\/script>\n<!-- \/ Yoast SEO Premium plugin. -->","yoast_head_json":{"title":"Verwendungs- und Kontext\u00fcbungen zur katalanischen Grammatik - Talkpal","description":"In diesen \u00dcbungen zur katalanischen Grammatik werden verschiedene Verwendungsformen und Kontexte der katalanischen Sprache trainiert. Ziel ist es, das","robots":{"index":"index","follow":"follow","max-snippet":"max-snippet:-1","max-image-preview":"max-image-preview:large","max-video-preview":"max-video-preview:-1"},"canonical":"https:\/\/talkpal.ai\/de\/grammar_exercises\/verwendungs-und-kontextubungen-zur-katalanischen-grammatik\/","og_locale":"de_DE","og_type":"article","og_title":"Verwendungs- und Kontext\u00fcbungen zur katalanischen Grammatik","og_description":"In diesen \u00dcbungen zur katalanischen Grammatik werden verschiedene Verwendungsformen und Kontexte der katalanischen Sprache trainiert. Ziel ist es, das","og_url":"https:\/\/talkpal.ai\/de\/grammar_exercises\/verwendungs-und-kontextubungen-zur-katalanischen-grammatik\/","og_site_name":"Talkpal","article_publisher":"https:\/\/www.facebook.com\/profile.php?id=100090733639311","og_image":[{"width":2880,"height":1620,"url":"https:\/\/talkpal.ai\/wp-content\/uploads\/2025\/02\/Progress-tab-16_9.png","type":"image\/png"}],"twitter_card":"summary_large_image","twitter_site":"@talkpalai","twitter_misc":{"Gesch\u00e4tzte Lesezeit":"2\u00a0Minuten"},"schema":{"@context":"https:\/\/schema.org","@graph":[{"@type":"WebPage","@id":"https:\/\/talkpal.ai\/de\/grammar_exercises\/verwendungs-und-kontextubungen-zur-katalanischen-grammatik\/","url":"https:\/\/talkpal.ai\/de\/grammar_exercises\/verwendungs-und-kontextubungen-zur-katalanischen-grammatik\/","name":"Verwendungs- und Kontext\u00fcbungen zur katalanischen Grammatik - Talkpal","isPartOf":{"@id":"https:\/\/talkpal.ai\/de\/#website"},"primaryImageOfPage":{"@id":"https:\/\/talkpal.ai\/de\/grammar_exercises\/verwendungs-und-kontextubungen-zur-katalanischen-grammatik\/#primaryimage"},"image":{"@id":"https:\/\/talkpal.ai\/de\/grammar_exercises\/verwendungs-und-kontextubungen-zur-katalanischen-grammatik\/#primaryimage"},"thumbnailUrl":"https:\/\/talkpal.ai\/wp-content\/uploads\/2025\/12\/woman-takes-notes-while-learning-languages.webp","datePublished":"2025-07-06T04:57:51+00:00","description":"In diesen \u00dcbungen zur katalanischen Grammatik werden verschiedene Verwendungsformen und Kontexte der katalanischen Sprache trainiert. Ziel ist es, das","breadcrumb":{"@id":"https:\/\/talkpal.ai\/de\/grammar_exercises\/verwendungs-und-kontextubungen-zur-katalanischen-grammatik\/#breadcrumb"},"inLanguage":"de","potentialAction":[{"@type":"ReadAction","target":["https:\/\/talkpal.ai\/de\/grammar_exercises\/verwendungs-und-kontextubungen-zur-katalanischen-grammatik\/"]}]},{"@type":"ImageObject","inLanguage":"de","@id":"https:\/\/talkpal.ai\/de\/grammar_exercises\/verwendungs-und-kontextubungen-zur-katalanischen-grammatik\/#primaryimage","url":"https:\/\/talkpal.ai\/wp-content\/uploads\/2025\/12\/woman-takes-notes-while-learning-languages.webp","contentUrl":"https:\/\/talkpal.ai\/wp-content\/uploads\/2025\/12\/woman-takes-notes-while-learning-languages.webp","width":1200,"height":896,"caption":"A woman with her hair in a bun writes in a notebook while learning languages at a desk."},{"@type":"BreadcrumbList","@id":"https:\/\/talkpal.ai\/de\/grammar_exercises\/verwendungs-und-kontextubungen-zur-katalanischen-grammatik\/#breadcrumb","itemListElement":[{"@type":"ListItem","position":1,"name":"Homepage","item":"https:\/\/talkpal.ai\/de\/"},{"@type":"ListItem","position":2,"name":"Verwendungs- und Kontext\u00fcbungen zur katalanischen Grammatik"}]},{"@type":"WebSite","@id":"https:\/\/talkpal.ai\/de\/#website","url":"https:\/\/talkpal.ai\/de\/","name":"Talkpal","description":"AI Language Learning","publisher":{"@id":"https:\/\/talkpal.ai\/de\/#organization"},"alternateName":"Talkpal AI","potentialAction":[{"@type":"SearchAction","target":{"@type":"EntryPoint","urlTemplate":"https:\/\/talkpal.ai\/de\/?s={search_term_string}"},"query-input":{"@type":"PropertyValueSpecification","valueRequired":true,"valueName":"search_term_string"}}],"inLanguage":"de"},{"@type":"Organization","@id":"https:\/\/talkpal.ai\/de\/#organization","name":"Talkpal, Inc.","alternateName":"Talkpal AI","url":"https:\/\/talkpal.ai\/de\/","logo":{"@type":"ImageObject","inLanguage":"de","@id":"https:\/\/talkpal.ai\/de\/#\/schema\/logo\/image\/","url":"https:\/\/talkpal.ai\/wp-content\/uploads\/2024\/03\/Talkpal-Logo-Icon.png","contentUrl":"https:\/\/talkpal.ai\/wp-content\/uploads\/2024\/03\/Talkpal-Logo-Icon.png","width":2880,"height":2880,"caption":"Talkpal, Inc."},"image":{"@id":"https:\/\/talkpal.ai\/de\/#\/schema\/logo\/image\/"},"sameAs":["https:\/\/www.facebook.com\/profile.php?id=100090733639311","https:\/\/x.com\/talkpalai","https:\/\/www.linkedin.com\/company\/talkpal\/","https:\/\/www.youtube.com\/@TalkPal\/","https:\/\/www.tiktok.com\/@talkpal","https:\/\/www.instagram.com\/talkpal_ai\/","https:\/\/www.crunchbase.com\/organization\/talkpal-9cde","https:\/\/www.g2.com\/products\/talkpal-for-business\/","https:\/\/www.trustpilot.com\/review\/talkpal.ai","https:\/\/www.capterra.com\/p\/10006800\/TalkPal\/"],"description":"Talkpal is a language learning web and mobile education app, powered by the latest AI technologies, that provides engaging experiences to its customers in many different languages to help them improve their language skills. Users can chat about unlimited amount of topics with the app and use other modes to practice their language learning.","email":"support@talkpal.ai","legalName":"Talkpal, Inc.","foundingDate":"2023-04-03","duns":"118989042","numberOfEmployees":{"@type":"QuantitativeValue","minValue":"11","maxValue":"50"},"publishingPrinciples":"https:\/\/talkpal.ai\/publishing-principles\/","actionableFeedbackPolicy":"https:\/\/talkpal.ai\/actionable-feedback-policy\/","correctionsPolicy":"https:\/\/talkpal.ai\/corrections-policy\/","ethicsPolicy":"https:\/\/talkpal.ai\/ethics-policy\/","diversityPolicy":"https:\/\/talkpal.ai\/diversity-policy\/","diversityStaffingReport":"https:\/\/talkpal.ai\/diversity-policy\/"}]}},"_links":{"self":[{"href":"https:\/\/talkpal.ai\/de\/wp-json\/wp\/v2\/grammar_exercises\/1123915","targetHints":{"allow":["GET"]}}],"collection":[{"href":"https:\/\/talkpal.ai\/de\/wp-json\/wp\/v2\/grammar_exercises"}],"about":[{"href":"https:\/\/talkpal.ai\/de\/wp-json\/wp\/v2\/types\/grammar_exercises"}],"wp:featuredmedia":[{"embeddable":true,"href":"https:\/\/talkpal.ai\/de\/wp-json\/wp\/v2\/media\/1528099"}],"wp:attachment":[{"href":"https:\/\/talkpal.ai\/de\/wp-json\/wp\/v2\/media?parent=1123915"}],"wp:term":[{"taxonomy":"exercise_language","embeddable":true,"href":"https:\/\/talkpal.ai\/de\/wp-json\/wp\/v2\/exercise_language?post=1123915"}],"curies":[{"name":"wp","href":"https:\/\/api.w.org\/{rel}","templated":true}]}}