{"id":1123913,"date":"2025-07-06T04:57:50","date_gmt":"2025-07-06T04:57:50","guid":{"rendered":"https:\/\/talkpal.ai\/grammar_exercises\/prapositionen-mit-verben-und-adjektiven-ubungen-zur-katalanischen-grammatik\/"},"modified":"2025-07-06T04:57:50","modified_gmt":"2025-07-06T04:57:50","slug":"prapositionen-mit-verben-und-adjektiven-ubungen-zur-katalanischen-grammatik","status":"publish","type":"grammar_exercises","link":"https:\/\/talkpal.ai\/de\/grammar_exercises\/prapositionen-mit-verben-und-adjektiven-ubungen-zur-katalanischen-grammatik\/","title":{"rendered":"Pr\u00e4positionen mit Verben und Adjektiven \u00dcbungen zur katalanischen Grammatik"},"content":{"rendered":"<p>In diesen \u00dcbungen lernen Sie, wie man im Katalanischen <a href=\"https:\/\/talkpal.ai\/ar\/grammar_exercises\/prapositionen-%d8%aa%d9%85%d8%a7%d8%b1%d9%8a%d9%86-%d9%84%d9%84%d9%82%d9%88%d8%a7%d8%b9%d8%af-%d8%a7%d9%84%d8%a3%d9%84%d9%85%d8%a7%d9%86%d9%8a%d8%a9\/\">Pr\u00e4positionen<\/a> korrekt mit Verben und Adjektiven verwendet. Jede \u00dcbung enth\u00e4lt S\u00e4tze, bei denen Sie die passende Pr\u00e4position erg\u00e4nzen m\u00fcssen. Die Hinweise helfen Ihnen, die richtige Verbindung zu erkennen.<\/p>\n<h3>Pr\u00e4positionen mit Verben &#8211; \u00dcbung 1<\/h3>\n<div class=\"input_sentences\">\n1. Ella *es preocupa per* la seva fam\u00edlia. (Hinweis: \u201esich sorgen um\u201c verlangt \u201eper\u201c im Katalanischen)<br \/>\n2. Ell *confia en* el seu amic. (Hinweis: \u201evertrauen auf\u201c wird mit \u201een\u201c verwendet)<br \/>\n3. Nosaltres *ens interessen per* la hist\u00f2ria. (Hinweis: \u201einteressiert sein an\u201c ben\u00f6tigt \u201eper\u201c)<br \/>\n4. Vosaltres *penseu en* el viatge dem\u00e0? (Hinweis: \u201edenken an\u201c steht mit \u201een\u201c)<br \/>\n5. Jo *em canso de* esperar. (Hinweis: \u201em\u00fcde sein von\u201c verlangt \u201ede\u201c)<br \/>\n6. Ells *es queixen de* soroll. (Hinweis: \u201esich beschweren \u00fcber\u201c steht mit \u201ede\u201c)<br \/>\n7. Tu *et fixes en* els detalls? (Hinweis: \u201eachten auf\u201c wird mit \u201een\u201c gebraucht)<br \/>\n8. Nosaltres *ens adaptem a* la nova situaci\u00f3. (Hinweis: \u201esich anpassen an\u201c verlangt \u201ea\u201c)<br \/>\n9. Ell *s\u2019alegra de* la not\u00edcia. (Hinweis: \u201esich freuen \u00fcber\u201c steht mit \u201ede\u201c)<br \/>\n10. Jo *em dedico a* l\u2019ensenyament. (Hinweis: \u201esich widmen\u201c wird mit \u201ea\u201c verwendet)\n<\/div>\n<div class=\"exercise\"><\/div>\n<h3>Pr\u00e4positionen mit Adjektiven &#8211; \u00dcbung 2<\/h3>\n<div class=\"input_sentences\">\n1. Estic *content amb* els resultats. (Hinweis: \u201ezufrieden mit\u201c steht mit \u201eamb\u201c)<br \/>\n2. Est\u00e0 *feli\u00e7 per* la seva promoci\u00f3. (Hinweis: \u201egl\u00fccklich \u00fcber\u201c wird mit \u201eper\u201c gebraucht)<br \/>\n3. Som *orgullosos de* la nostra feina. (Hinweis: \u201estolz auf\u201c verlangt \u201ede\u201c)<br \/>\n4. Est\u00e0s *trist per* la not\u00edcia? (Hinweis: \u201etraurig \u00fcber\u201c steht mit \u201eper\u201c)<br \/>\n5. S\u00f3n *satisfets amb* el servei. (Hinweis: \u201ezufrieden mit\u201c verwendet \u201eamb\u201c)<br \/>\n6. Estic *preocupat per* el futur. (Hinweis: \u201ebesorgt um\u201c steht mit \u201eper\u201c)<br \/>\n7. \u00c9s *important per* mi. (Hinweis: \u201ewichtig f\u00fcr\u201c wird mit \u201eper\u201c gebraucht)<br \/>\n8. Estem *segurs de* la veritat. (Hinweis: \u201esicher \u00fcber\u201c verlangt \u201ede\u201c)<br \/>\n9. Ets *responsable de* la tasca? (Hinweis: \u201everantwortlich f\u00fcr\u201c steht mit \u201ede\u201c)<br \/>\n10. S\u00f3n *sorpresos per* la resposta. (Hinweis: \u201e\u00fcberrascht von\u201c wird mit \u201eper\u201c verwendet)\n<\/div>\n<div class=\"exercise\"><\/div>\n","protected":false},"featured_media":1527819,"parent":0,"menu_order":0,"template":"","exercise_language":[13321,13331],"class_list":["post-1123913","grammar_exercises","type-grammar_exercises","status-publish","has-post-thumbnail","hentry","exercise_language-katalanisch","exercise_language-prapositionen-katalanische-grammatik"],"acf":[],"yoast_head":"<!-- This site is optimized with the Yoast SEO Premium plugin v27.2 (Yoast SEO v27.2) - https:\/\/yoast.com\/product\/yoast-seo-premium-wordpress\/ -->\n<title>Pr\u00e4positionen mit Verben und Adjektiven \u00dcbungen zur katalanischen Grammatik - Talkpal<\/title>\n<meta name=\"description\" content=\"In diesen \u00dcbungen lernen Sie, wie man im Katalanischen Pr\u00e4positionen korrekt mit Verben und Adjektiven verwendet. Jede \u00dcbung enth\u00e4lt S\u00e4tze, bei denen Sie\" \/>\n<meta name=\"robots\" content=\"index, follow, max-snippet:-1, max-image-preview:large, max-video-preview:-1\" \/>\n<link rel=\"canonical\" href=\"https:\/\/talkpal.ai\/de\/grammar_exercises\/prapositionen-mit-verben-und-adjektiven-ubungen-zur-katalanischen-grammatik\/\" \/>\n<meta property=\"og:locale\" content=\"de_DE\" \/>\n<meta property=\"og:type\" content=\"article\" \/>\n<meta property=\"og:title\" content=\"Pr\u00e4positionen mit Verben und Adjektiven \u00dcbungen zur katalanischen Grammatik\" \/>\n<meta property=\"og:description\" content=\"In diesen \u00dcbungen lernen Sie, wie man im Katalanischen Pr\u00e4positionen korrekt mit Verben und Adjektiven verwendet. Jede \u00dcbung enth\u00e4lt S\u00e4tze, bei denen Sie\" \/>\n<meta property=\"og:url\" content=\"https:\/\/talkpal.ai\/de\/grammar_exercises\/prapositionen-mit-verben-und-adjektiven-ubungen-zur-katalanischen-grammatik\/\" \/>\n<meta property=\"og:site_name\" content=\"Talkpal\" \/>\n<meta property=\"article:publisher\" content=\"https:\/\/www.facebook.com\/profile.php?id=100090733639311\" \/>\n<meta property=\"og:image\" content=\"https:\/\/talkpal.ai\/wp-content\/uploads\/2025\/02\/Progress-tab-16_9.png\" \/>\n\t<meta property=\"og:image:width\" content=\"2880\" \/>\n\t<meta property=\"og:image:height\" content=\"1620\" \/>\n\t<meta property=\"og:image:type\" content=\"image\/png\" \/>\n<meta name=\"twitter:card\" content=\"summary_large_image\" \/>\n<meta name=\"twitter:site\" content=\"@talkpalai\" \/>\n<meta name=\"twitter:label1\" content=\"Gesch\u00e4tzte Lesezeit\" \/>\n\t<meta name=\"twitter:data1\" content=\"2\u00a0Minuten\" \/>\n<script type=\"application\/ld+json\" class=\"yoast-schema-graph\">{\"@context\":\"https:\/\/schema.org\",\"@graph\":[{\"@type\":\"WebPage\",\"@id\":\"https:\/\/talkpal.ai\/de\/grammar_exercises\/prapositionen-mit-verben-und-adjektiven-ubungen-zur-katalanischen-grammatik\/\",\"url\":\"https:\/\/talkpal.ai\/de\/grammar_exercises\/prapositionen-mit-verben-und-adjektiven-ubungen-zur-katalanischen-grammatik\/\",\"name\":\"Pr\u00e4positionen mit Verben und Adjektiven \u00dcbungen zur katalanischen Grammatik - Talkpal\",\"isPartOf\":{\"@id\":\"https:\/\/talkpal.ai\/de\/#website\"},\"primaryImageOfPage\":{\"@id\":\"https:\/\/talkpal.ai\/de\/grammar_exercises\/prapositionen-mit-verben-und-adjektiven-ubungen-zur-katalanischen-grammatik\/#primaryimage\"},\"image\":{\"@id\":\"https:\/\/talkpal.ai\/de\/grammar_exercises\/prapositionen-mit-verben-und-adjektiven-ubungen-zur-katalanischen-grammatik\/#primaryimage\"},\"thumbnailUrl\":\"https:\/\/talkpal.ai\/wp-content\/uploads\/2025\/12\/older-person-is-learning-languages-on-laptop.webp\",\"datePublished\":\"2025-07-06T04:57:50+00:00\",\"description\":\"In diesen \u00dcbungen lernen Sie, wie man im Katalanischen Pr\u00e4positionen korrekt mit Verben und Adjektiven verwendet. Jede \u00dcbung enth\u00e4lt S\u00e4tze, bei denen Sie\",\"breadcrumb\":{\"@id\":\"https:\/\/talkpal.ai\/de\/grammar_exercises\/prapositionen-mit-verben-und-adjektiven-ubungen-zur-katalanischen-grammatik\/#breadcrumb\"},\"inLanguage\":\"de\",\"potentialAction\":[{\"@type\":\"ReadAction\",\"target\":[\"https:\/\/talkpal.ai\/de\/grammar_exercises\/prapositionen-mit-verben-und-adjektiven-ubungen-zur-katalanischen-grammatik\/\"]}]},{\"@type\":\"ImageObject\",\"inLanguage\":\"de\",\"@id\":\"https:\/\/talkpal.ai\/de\/grammar_exercises\/prapositionen-mit-verben-und-adjektiven-ubungen-zur-katalanischen-grammatik\/#primaryimage\",\"url\":\"https:\/\/talkpal.ai\/wp-content\/uploads\/2025\/12\/older-person-is-learning-languages-on-laptop.webp\",\"contentUrl\":\"https:\/\/talkpal.ai\/wp-content\/uploads\/2025\/12\/older-person-is-learning-languages-on-laptop.webp\",\"width\":1200,\"height\":896,\"caption\":\"An older man wears headphones while learning languages on a laptop at his kitchen table.\"},{\"@type\":\"BreadcrumbList\",\"@id\":\"https:\/\/talkpal.ai\/de\/grammar_exercises\/prapositionen-mit-verben-und-adjektiven-ubungen-zur-katalanischen-grammatik\/#breadcrumb\",\"itemListElement\":[{\"@type\":\"ListItem\",\"position\":1,\"name\":\"Homepage\",\"item\":\"https:\/\/talkpal.ai\/de\/\"},{\"@type\":\"ListItem\",\"position\":2,\"name\":\"Pr\u00e4positionen mit Verben und Adjektiven \u00dcbungen zur katalanischen Grammatik\"}]},{\"@type\":\"WebSite\",\"@id\":\"https:\/\/talkpal.ai\/de\/#website\",\"url\":\"https:\/\/talkpal.ai\/de\/\",\"name\":\"Talkpal\",\"description\":\"AI Language Learning\",\"publisher\":{\"@id\":\"https:\/\/talkpal.ai\/de\/#organization\"},\"alternateName\":\"Talkpal AI\",\"potentialAction\":[{\"@type\":\"SearchAction\",\"target\":{\"@type\":\"EntryPoint\",\"urlTemplate\":\"https:\/\/talkpal.ai\/de\/?s={search_term_string}\"},\"query-input\":{\"@type\":\"PropertyValueSpecification\",\"valueRequired\":true,\"valueName\":\"search_term_string\"}}],\"inLanguage\":\"de\"},{\"@type\":\"Organization\",\"@id\":\"https:\/\/talkpal.ai\/de\/#organization\",\"name\":\"Talkpal, Inc.\",\"alternateName\":\"Talkpal AI\",\"url\":\"https:\/\/talkpal.ai\/de\/\",\"logo\":{\"@type\":\"ImageObject\",\"inLanguage\":\"de\",\"@id\":\"https:\/\/talkpal.ai\/de\/#\/schema\/logo\/image\/\",\"url\":\"https:\/\/talkpal.ai\/wp-content\/uploads\/2024\/03\/Talkpal-Logo-Icon.png\",\"contentUrl\":\"https:\/\/talkpal.ai\/wp-content\/uploads\/2024\/03\/Talkpal-Logo-Icon.png\",\"width\":2880,\"height\":2880,\"caption\":\"Talkpal, Inc.\"},\"image\":{\"@id\":\"https:\/\/talkpal.ai\/de\/#\/schema\/logo\/image\/\"},\"sameAs\":[\"https:\/\/www.facebook.com\/profile.php?id=100090733639311\",\"https:\/\/x.com\/talkpalai\",\"https:\/\/www.linkedin.com\/company\/talkpal\/\",\"https:\/\/www.youtube.com\/@TalkPal\/\",\"https:\/\/www.tiktok.com\/@talkpal\",\"https:\/\/www.instagram.com\/talkpal_ai\/\",\"https:\/\/www.crunchbase.com\/organization\/talkpal-9cde\",\"https:\/\/www.g2.com\/products\/talkpal-for-business\/\",\"https:\/\/www.trustpilot.com\/review\/talkpal.ai\",\"https:\/\/www.capterra.com\/p\/10006800\/TalkPal\/\"],\"description\":\"Talkpal is a language learning web and mobile education app, powered by the latest AI technologies, that provides engaging experiences to its customers in many different languages to help them improve their language skills. Users can chat about unlimited amount of topics with the app and use other modes to practice their language learning.\",\"email\":\"support@talkpal.ai\",\"legalName\":\"Talkpal, Inc.\",\"foundingDate\":\"2023-04-03\",\"duns\":\"118989042\",\"numberOfEmployees\":{\"@type\":\"QuantitativeValue\",\"minValue\":\"11\",\"maxValue\":\"50\"},\"publishingPrinciples\":\"https:\/\/talkpal.ai\/publishing-principles\/\",\"actionableFeedbackPolicy\":\"https:\/\/talkpal.ai\/actionable-feedback-policy\/\",\"correctionsPolicy\":\"https:\/\/talkpal.ai\/corrections-policy\/\",\"ethicsPolicy\":\"https:\/\/talkpal.ai\/ethics-policy\/\",\"diversityPolicy\":\"https:\/\/talkpal.ai\/diversity-policy\/\",\"diversityStaffingReport\":\"https:\/\/talkpal.ai\/diversity-policy\/\"}]}<\/script>\n<!-- \/ Yoast SEO Premium plugin. -->","yoast_head_json":{"title":"Pr\u00e4positionen mit Verben und Adjektiven \u00dcbungen zur katalanischen Grammatik - Talkpal","description":"In diesen \u00dcbungen lernen Sie, wie man im Katalanischen Pr\u00e4positionen korrekt mit Verben und Adjektiven verwendet. Jede \u00dcbung enth\u00e4lt S\u00e4tze, bei denen Sie","robots":{"index":"index","follow":"follow","max-snippet":"max-snippet:-1","max-image-preview":"max-image-preview:large","max-video-preview":"max-video-preview:-1"},"canonical":"https:\/\/talkpal.ai\/de\/grammar_exercises\/prapositionen-mit-verben-und-adjektiven-ubungen-zur-katalanischen-grammatik\/","og_locale":"de_DE","og_type":"article","og_title":"Pr\u00e4positionen mit Verben und Adjektiven \u00dcbungen zur katalanischen Grammatik","og_description":"In diesen \u00dcbungen lernen Sie, wie man im Katalanischen Pr\u00e4positionen korrekt mit Verben und Adjektiven verwendet. Jede \u00dcbung enth\u00e4lt S\u00e4tze, bei denen Sie","og_url":"https:\/\/talkpal.ai\/de\/grammar_exercises\/prapositionen-mit-verben-und-adjektiven-ubungen-zur-katalanischen-grammatik\/","og_site_name":"Talkpal","article_publisher":"https:\/\/www.facebook.com\/profile.php?id=100090733639311","og_image":[{"width":2880,"height":1620,"url":"https:\/\/talkpal.ai\/wp-content\/uploads\/2025\/02\/Progress-tab-16_9.png","type":"image\/png"}],"twitter_card":"summary_large_image","twitter_site":"@talkpalai","twitter_misc":{"Gesch\u00e4tzte Lesezeit":"2\u00a0Minuten"},"schema":{"@context":"https:\/\/schema.org","@graph":[{"@type":"WebPage","@id":"https:\/\/talkpal.ai\/de\/grammar_exercises\/prapositionen-mit-verben-und-adjektiven-ubungen-zur-katalanischen-grammatik\/","url":"https:\/\/talkpal.ai\/de\/grammar_exercises\/prapositionen-mit-verben-und-adjektiven-ubungen-zur-katalanischen-grammatik\/","name":"Pr\u00e4positionen mit Verben und Adjektiven \u00dcbungen zur katalanischen Grammatik - Talkpal","isPartOf":{"@id":"https:\/\/talkpal.ai\/de\/#website"},"primaryImageOfPage":{"@id":"https:\/\/talkpal.ai\/de\/grammar_exercises\/prapositionen-mit-verben-und-adjektiven-ubungen-zur-katalanischen-grammatik\/#primaryimage"},"image":{"@id":"https:\/\/talkpal.ai\/de\/grammar_exercises\/prapositionen-mit-verben-und-adjektiven-ubungen-zur-katalanischen-grammatik\/#primaryimage"},"thumbnailUrl":"https:\/\/talkpal.ai\/wp-content\/uploads\/2025\/12\/older-person-is-learning-languages-on-laptop.webp","datePublished":"2025-07-06T04:57:50+00:00","description":"In diesen \u00dcbungen lernen Sie, wie man im Katalanischen Pr\u00e4positionen korrekt mit Verben und Adjektiven verwendet. Jede \u00dcbung enth\u00e4lt S\u00e4tze, bei denen Sie","breadcrumb":{"@id":"https:\/\/talkpal.ai\/de\/grammar_exercises\/prapositionen-mit-verben-und-adjektiven-ubungen-zur-katalanischen-grammatik\/#breadcrumb"},"inLanguage":"de","potentialAction":[{"@type":"ReadAction","target":["https:\/\/talkpal.ai\/de\/grammar_exercises\/prapositionen-mit-verben-und-adjektiven-ubungen-zur-katalanischen-grammatik\/"]}]},{"@type":"ImageObject","inLanguage":"de","@id":"https:\/\/talkpal.ai\/de\/grammar_exercises\/prapositionen-mit-verben-und-adjektiven-ubungen-zur-katalanischen-grammatik\/#primaryimage","url":"https:\/\/talkpal.ai\/wp-content\/uploads\/2025\/12\/older-person-is-learning-languages-on-laptop.webp","contentUrl":"https:\/\/talkpal.ai\/wp-content\/uploads\/2025\/12\/older-person-is-learning-languages-on-laptop.webp","width":1200,"height":896,"caption":"An older man wears headphones while learning languages on a laptop at his kitchen table."},{"@type":"BreadcrumbList","@id":"https:\/\/talkpal.ai\/de\/grammar_exercises\/prapositionen-mit-verben-und-adjektiven-ubungen-zur-katalanischen-grammatik\/#breadcrumb","itemListElement":[{"@type":"ListItem","position":1,"name":"Homepage","item":"https:\/\/talkpal.ai\/de\/"},{"@type":"ListItem","position":2,"name":"Pr\u00e4positionen mit Verben und Adjektiven \u00dcbungen zur katalanischen Grammatik"}]},{"@type":"WebSite","@id":"https:\/\/talkpal.ai\/de\/#website","url":"https:\/\/talkpal.ai\/de\/","name":"Talkpal","description":"AI Language Learning","publisher":{"@id":"https:\/\/talkpal.ai\/de\/#organization"},"alternateName":"Talkpal AI","potentialAction":[{"@type":"SearchAction","target":{"@type":"EntryPoint","urlTemplate":"https:\/\/talkpal.ai\/de\/?s={search_term_string}"},"query-input":{"@type":"PropertyValueSpecification","valueRequired":true,"valueName":"search_term_string"}}],"inLanguage":"de"},{"@type":"Organization","@id":"https:\/\/talkpal.ai\/de\/#organization","name":"Talkpal, Inc.","alternateName":"Talkpal AI","url":"https:\/\/talkpal.ai\/de\/","logo":{"@type":"ImageObject","inLanguage":"de","@id":"https:\/\/talkpal.ai\/de\/#\/schema\/logo\/image\/","url":"https:\/\/talkpal.ai\/wp-content\/uploads\/2024\/03\/Talkpal-Logo-Icon.png","contentUrl":"https:\/\/talkpal.ai\/wp-content\/uploads\/2024\/03\/Talkpal-Logo-Icon.png","width":2880,"height":2880,"caption":"Talkpal, Inc."},"image":{"@id":"https:\/\/talkpal.ai\/de\/#\/schema\/logo\/image\/"},"sameAs":["https:\/\/www.facebook.com\/profile.php?id=100090733639311","https:\/\/x.com\/talkpalai","https:\/\/www.linkedin.com\/company\/talkpal\/","https:\/\/www.youtube.com\/@TalkPal\/","https:\/\/www.tiktok.com\/@talkpal","https:\/\/www.instagram.com\/talkpal_ai\/","https:\/\/www.crunchbase.com\/organization\/talkpal-9cde","https:\/\/www.g2.com\/products\/talkpal-for-business\/","https:\/\/www.trustpilot.com\/review\/talkpal.ai","https:\/\/www.capterra.com\/p\/10006800\/TalkPal\/"],"description":"Talkpal is a language learning web and mobile education app, powered by the latest AI technologies, that provides engaging experiences to its customers in many different languages to help them improve their language skills. Users can chat about unlimited amount of topics with the app and use other modes to practice their language learning.","email":"support@talkpal.ai","legalName":"Talkpal, Inc.","foundingDate":"2023-04-03","duns":"118989042","numberOfEmployees":{"@type":"QuantitativeValue","minValue":"11","maxValue":"50"},"publishingPrinciples":"https:\/\/talkpal.ai\/publishing-principles\/","actionableFeedbackPolicy":"https:\/\/talkpal.ai\/actionable-feedback-policy\/","correctionsPolicy":"https:\/\/talkpal.ai\/corrections-policy\/","ethicsPolicy":"https:\/\/talkpal.ai\/ethics-policy\/","diversityPolicy":"https:\/\/talkpal.ai\/diversity-policy\/","diversityStaffingReport":"https:\/\/talkpal.ai\/diversity-policy\/"}]}},"_links":{"self":[{"href":"https:\/\/talkpal.ai\/de\/wp-json\/wp\/v2\/grammar_exercises\/1123913","targetHints":{"allow":["GET"]}}],"collection":[{"href":"https:\/\/talkpal.ai\/de\/wp-json\/wp\/v2\/grammar_exercises"}],"about":[{"href":"https:\/\/talkpal.ai\/de\/wp-json\/wp\/v2\/types\/grammar_exercises"}],"wp:featuredmedia":[{"embeddable":true,"href":"https:\/\/talkpal.ai\/de\/wp-json\/wp\/v2\/media\/1527819"}],"wp:attachment":[{"href":"https:\/\/talkpal.ai\/de\/wp-json\/wp\/v2\/media?parent=1123913"}],"wp:term":[{"taxonomy":"exercise_language","embeddable":true,"href":"https:\/\/talkpal.ai\/de\/wp-json\/wp\/v2\/exercise_language?post=1123913"}],"curies":[{"name":"wp","href":"https:\/\/api.w.org\/{rel}","templated":true}]}}