{"id":1123830,"date":"2025-07-06T04:56:29","date_gmt":"2025-07-06T04:56:29","guid":{"rendered":"https:\/\/talkpal.ai\/grammar_exercises\/ubungen-zum-prasens-konjunktiv-fur-die-katalanische-grammatik\/"},"modified":"2025-07-06T04:56:29","modified_gmt":"2025-07-06T04:56:29","slug":"ubungen-zum-prasens-konjunktiv-fur-die-katalanische-grammatik","status":"publish","type":"grammar_exercises","link":"https:\/\/talkpal.ai\/de\/grammar_exercises\/ubungen-zum-prasens-konjunktiv-fur-die-katalanische-grammatik\/","title":{"rendered":"\u00dcbungen zum Pr\u00e4sens-Konjunktiv f\u00fcr die katalanische Grammatik"},"content":{"rendered":"<p>In diesen \u00dcbungen zum Pr\u00e4sens-Konjunktiv der katalanischen <a href=\"https:\/\/talkpal.ai\/grammar\/\">Grammatik \u00fcben<\/a> Sie, wie man W\u00fcnsche, Zweifel, M\u00f6glichkeiten oder Unsicherheiten im Pr\u00e4sens ausdr\u00fcckt. Der <a href=\"https:\/\/talkpal.ai\/ja\/grammar_exercises\/konjunktiv-%e3%83%89%e3%82%a4%e3%83%84%e6%96%87%e6%b3%95%e3%81%ae%e6%bc%94%e7%bf%92\/\">Konjunktiv<\/a> wird oft nach bestimmten Ausl\u00f6sern wie \u201eque\u201c, \u201eesperar\u201c oder \u201epotser\u201c verwendet. Lesen Sie die S\u00e4tze aufmerksam und w\u00e4hlen Sie die korrekte konjunktivische Form des Verbs.<\/p>\n<h3>\u00dcbung 1: Pr\u00e4sens-Konjunktiv in einfachen S\u00e4tzen<\/h3>\n<div class=\"input_sentences\">\n1. Espero que tu *siguis* feli\u00e7 avui. (Der Konjunktiv von \u201eser\u201c f\u00fcr \u201edu\u201c)<br \/>\n2. \u00c9s possible que ell *vingui* dem\u00e0. (Der Konjunktiv von \u201evenir\u201c f\u00fcr \u201eer\u201c)<br \/>\n3. Vull que nosaltres *parlem* ara mateix. (Der Konjunktiv von \u201eparlar\u201c f\u00fcr \u201ewir\u201c)<br \/>\n4. Potser ella no *entengui* la pregunta. (Der Konjunktiv von \u201eentendre\u201c f\u00fcr \u201esie\u201c)<br \/>\n5. \u00c9s important que vosaltres *estigueu* a casa. (Der Konjunktiv von \u201eestar\u201c f\u00fcr \u201eihr\u201c)<br \/>\n6. No crec que jo *tingui* prou <a href=\"https:\/\/talkpal.ai\/zh-hans\/grammar_exercises\/temps-%e6%b3%95%e8%af%ad%e8%af%ad%e6%b3%95%e7%bb%83%e4%b9%a0\/\">temps<\/a>. (Der Konjunktiv von \u201etenir\u201c f\u00fcr \u201eich\u201c)<br \/>\n7. Sembla que ells *facin* festa aquesta nit. (Der Konjunktiv von \u201efer\u201c f\u00fcr \u201esie\u201c)<br \/>\n8. \u00c9s millor que tu *escoltis* atentament. (Der Konjunktiv von \u201eescoltar\u201c f\u00fcr \u201edu\u201c)<br \/>\n9. Espero que el professor *explicqui* b\u00e9. (Der Konjunktiv von \u201eexplicar\u201c f\u00fcr \u201eer\u201c)<br \/>\n10. Potser nosaltres no *sapiguem* la resposta. (Der Konjunktiv von \u201esaber\u201c f\u00fcr \u201ewir\u201c)\n<\/div>\n<div class=\"exercise\"><\/div>\n<h3>\u00dcbung 2: Pr\u00e4sens-Konjunktiv mit negativen und zweifelnden Ausdr\u00fccken<\/h3>\n<div class=\"input_sentences\">\n1. No crec que ell *sigui* a casa ara. (Der Konjunktiv von \u201eser\u201c f\u00fcr \u201eer\u201c)<br \/>\n2. Dubto que tu *vinguis* a la festa. (Der Konjunktiv von \u201evenir\u201c f\u00fcr \u201edu\u201c)<br \/>\n3. No pensem que nosaltres *parlem* <a href=\"https:\/\/talkpal.ai\/locations\/language-courses-in-massa\/\">massa<\/a>. (Der Konjunktiv von \u201eparlar\u201c f\u00fcr \u201ewir\u201c)<br \/>\n4. \u00c9s poc probable que ella *entengui* l\u2019exercici. (Der Konjunktiv von \u201eentendre\u201c f\u00fcr \u201esie\u201c)<br \/>\n5. No \u00e9s cert que vosaltres *estigueu* cansats. (Der Konjunktiv von \u201eestar\u201c f\u00fcr \u201eihr\u201c)<br \/>\n6. No sembla que jo *tingui* la soluci\u00f3. (Der Konjunktiv von \u201etenir\u201c f\u00fcr \u201eich\u201c)<br \/>\n7. No crec que ells *facin* soroll. (Der Konjunktiv von \u201efer\u201c f\u00fcr \u201esie\u201c)<br \/>\n8. No \u00e9s veritat que tu *escoltis* m\u00fasica forta. (Der Konjunktiv von \u201eescoltar\u201c f\u00fcr \u201edu\u201c)<br \/>\n9. No pensem que el professor *explicqui* malament. (Der Konjunktiv von \u201eexplicar\u201c f\u00fcr \u201eer\u201c)<br \/>\n10. Dubto que nosaltres *sapiguem* la veritat. (Der Konjunktiv von \u201esaber\u201c f\u00fcr \u201ewir\u201c)\n<\/div>\n<div class=\"exercise\"><\/div>\n","protected":false},"featured_media":1528002,"parent":0,"menu_order":0,"template":"","exercise_language":[13321,13376],"class_list":["post-1123830","grammar_exercises","type-grammar_exercises","status-publish","has-post-thumbnail","hentry","exercise_language-katalanisch","exercise_language-zeitformen-katalanische-grammatik"],"acf":[],"yoast_head":"<!-- This site is optimized with the Yoast SEO Premium plugin v27.2 (Yoast SEO v27.2) - https:\/\/yoast.com\/product\/yoast-seo-premium-wordpress\/ -->\n<title>\u00dcbungen zum Pr\u00e4sens-Konjunktiv f\u00fcr die katalanische Grammatik - Talkpal<\/title>\n<meta name=\"description\" content=\"In diesen \u00dcbungen zum Pr\u00e4sens-Konjunktiv der katalanischen Grammatik \u00fcben Sie, wie man W\u00fcnsche, Zweifel, M\u00f6glichkeiten oder Unsicherheiten im Pr\u00e4sens\" \/>\n<meta name=\"robots\" content=\"index, follow, max-snippet:-1, max-image-preview:large, max-video-preview:-1\" \/>\n<link rel=\"canonical\" href=\"https:\/\/talkpal.ai\/de\/grammar_exercises\/ubungen-zum-prasens-konjunktiv-fur-die-katalanische-grammatik\/\" \/>\n<meta property=\"og:locale\" content=\"de_DE\" \/>\n<meta property=\"og:type\" content=\"article\" \/>\n<meta property=\"og:title\" content=\"\u00dcbungen zum Pr\u00e4sens-Konjunktiv f\u00fcr die katalanische Grammatik\" \/>\n<meta property=\"og:description\" content=\"In diesen \u00dcbungen zum Pr\u00e4sens-Konjunktiv der katalanischen Grammatik \u00fcben Sie, wie man W\u00fcnsche, Zweifel, M\u00f6glichkeiten oder Unsicherheiten im Pr\u00e4sens\" \/>\n<meta property=\"og:url\" content=\"https:\/\/talkpal.ai\/de\/grammar_exercises\/ubungen-zum-prasens-konjunktiv-fur-die-katalanische-grammatik\/\" \/>\n<meta property=\"og:site_name\" content=\"Talkpal\" \/>\n<meta property=\"article:publisher\" content=\"https:\/\/www.facebook.com\/profile.php?id=100090733639311\" \/>\n<meta property=\"og:image\" content=\"https:\/\/talkpal.ai\/wp-content\/uploads\/2025\/02\/Progress-tab-16_9.png\" \/>\n\t<meta property=\"og:image:width\" content=\"2880\" \/>\n\t<meta property=\"og:image:height\" content=\"1620\" \/>\n\t<meta property=\"og:image:type\" content=\"image\/png\" \/>\n<meta name=\"twitter:card\" content=\"summary_large_image\" \/>\n<meta name=\"twitter:site\" content=\"@talkpalai\" \/>\n<meta name=\"twitter:label1\" content=\"Gesch\u00e4tzte Lesezeit\" \/>\n\t<meta name=\"twitter:data1\" content=\"2\u00a0Minuten\" \/>\n<script type=\"application\/ld+json\" class=\"yoast-schema-graph\">{\"@context\":\"https:\/\/schema.org\",\"@graph\":[{\"@type\":\"WebPage\",\"@id\":\"https:\/\/talkpal.ai\/de\/grammar_exercises\/ubungen-zum-prasens-konjunktiv-fur-die-katalanische-grammatik\/\",\"url\":\"https:\/\/talkpal.ai\/de\/grammar_exercises\/ubungen-zum-prasens-konjunktiv-fur-die-katalanische-grammatik\/\",\"name\":\"\u00dcbungen zum Pr\u00e4sens-Konjunktiv f\u00fcr die katalanische Grammatik - Talkpal\",\"isPartOf\":{\"@id\":\"https:\/\/talkpal.ai\/de\/#website\"},\"primaryImageOfPage\":{\"@id\":\"https:\/\/talkpal.ai\/de\/grammar_exercises\/ubungen-zum-prasens-konjunktiv-fur-die-katalanische-grammatik\/#primaryimage\"},\"image\":{\"@id\":\"https:\/\/talkpal.ai\/de\/grammar_exercises\/ubungen-zum-prasens-konjunktiv-fur-die-katalanische-grammatik\/#primaryimage\"},\"thumbnailUrl\":\"https:\/\/talkpal.ai\/wp-content\/uploads\/2025\/12\/students-visit-park-to-learn-languages.webp\",\"datePublished\":\"2025-07-06T04:56:29+00:00\",\"description\":\"In diesen \u00dcbungen zum Pr\u00e4sens-Konjunktiv der katalanischen Grammatik \u00fcben Sie, wie man W\u00fcnsche, Zweifel, M\u00f6glichkeiten oder Unsicherheiten im Pr\u00e4sens\",\"breadcrumb\":{\"@id\":\"https:\/\/talkpal.ai\/de\/grammar_exercises\/ubungen-zum-prasens-konjunktiv-fur-die-katalanische-grammatik\/#breadcrumb\"},\"inLanguage\":\"de\",\"potentialAction\":[{\"@type\":\"ReadAction\",\"target\":[\"https:\/\/talkpal.ai\/de\/grammar_exercises\/ubungen-zum-prasens-konjunktiv-fur-die-katalanische-grammatik\/\"]}]},{\"@type\":\"ImageObject\",\"inLanguage\":\"de\",\"@id\":\"https:\/\/talkpal.ai\/de\/grammar_exercises\/ubungen-zum-prasens-konjunktiv-fur-die-katalanische-grammatik\/#primaryimage\",\"url\":\"https:\/\/talkpal.ai\/wp-content\/uploads\/2025\/12\/students-visit-park-to-learn-languages.webp\",\"contentUrl\":\"https:\/\/talkpal.ai\/wp-content\/uploads\/2025\/12\/students-visit-park-to-learn-languages.webp\",\"width\":1200,\"height\":896,\"caption\":\"A study group sits on a blanket in a shaded park area while learning languages with laptops and books.\"},{\"@type\":\"BreadcrumbList\",\"@id\":\"https:\/\/talkpal.ai\/de\/grammar_exercises\/ubungen-zum-prasens-konjunktiv-fur-die-katalanische-grammatik\/#breadcrumb\",\"itemListElement\":[{\"@type\":\"ListItem\",\"position\":1,\"name\":\"Homepage\",\"item\":\"https:\/\/talkpal.ai\/de\/\"},{\"@type\":\"ListItem\",\"position\":2,\"name\":\"\u00dcbungen zum Pr\u00e4sens-Konjunktiv f\u00fcr die katalanische Grammatik\"}]},{\"@type\":\"WebSite\",\"@id\":\"https:\/\/talkpal.ai\/de\/#website\",\"url\":\"https:\/\/talkpal.ai\/de\/\",\"name\":\"Talkpal\",\"description\":\"AI Language Learning\",\"publisher\":{\"@id\":\"https:\/\/talkpal.ai\/de\/#organization\"},\"alternateName\":\"Talkpal AI\",\"potentialAction\":[{\"@type\":\"SearchAction\",\"target\":{\"@type\":\"EntryPoint\",\"urlTemplate\":\"https:\/\/talkpal.ai\/de\/?s={search_term_string}\"},\"query-input\":{\"@type\":\"PropertyValueSpecification\",\"valueRequired\":true,\"valueName\":\"search_term_string\"}}],\"inLanguage\":\"de\"},{\"@type\":\"Organization\",\"@id\":\"https:\/\/talkpal.ai\/de\/#organization\",\"name\":\"Talkpal, Inc.\",\"alternateName\":\"Talkpal AI\",\"url\":\"https:\/\/talkpal.ai\/de\/\",\"logo\":{\"@type\":\"ImageObject\",\"inLanguage\":\"de\",\"@id\":\"https:\/\/talkpal.ai\/de\/#\/schema\/logo\/image\/\",\"url\":\"https:\/\/talkpal.ai\/wp-content\/uploads\/2024\/03\/Talkpal-Logo-Icon.png\",\"contentUrl\":\"https:\/\/talkpal.ai\/wp-content\/uploads\/2024\/03\/Talkpal-Logo-Icon.png\",\"width\":2880,\"height\":2880,\"caption\":\"Talkpal, Inc.\"},\"image\":{\"@id\":\"https:\/\/talkpal.ai\/de\/#\/schema\/logo\/image\/\"},\"sameAs\":[\"https:\/\/www.facebook.com\/profile.php?id=100090733639311\",\"https:\/\/x.com\/talkpalai\",\"https:\/\/www.linkedin.com\/company\/talkpal\/\",\"https:\/\/www.youtube.com\/@TalkPal\/\",\"https:\/\/www.tiktok.com\/@talkpal\",\"https:\/\/www.instagram.com\/talkpal_ai\/\",\"https:\/\/www.crunchbase.com\/organization\/talkpal-9cde\",\"https:\/\/www.g2.com\/products\/talkpal-for-business\/\",\"https:\/\/www.trustpilot.com\/review\/talkpal.ai\",\"https:\/\/www.capterra.com\/p\/10006800\/TalkPal\/\"],\"description\":\"Talkpal is a language learning web and mobile education app, powered by the latest AI technologies, that provides engaging experiences to its customers in many different languages to help them improve their language skills. Users can chat about unlimited amount of topics with the app and use other modes to practice their language learning.\",\"email\":\"support@talkpal.ai\",\"legalName\":\"Talkpal, Inc.\",\"foundingDate\":\"2023-04-03\",\"duns\":\"118989042\",\"numberOfEmployees\":{\"@type\":\"QuantitativeValue\",\"minValue\":\"11\",\"maxValue\":\"50\"},\"publishingPrinciples\":\"https:\/\/talkpal.ai\/publishing-principles\/\",\"actionableFeedbackPolicy\":\"https:\/\/talkpal.ai\/actionable-feedback-policy\/\",\"correctionsPolicy\":\"https:\/\/talkpal.ai\/corrections-policy\/\",\"ethicsPolicy\":\"https:\/\/talkpal.ai\/ethics-policy\/\",\"diversityPolicy\":\"https:\/\/talkpal.ai\/diversity-policy\/\",\"diversityStaffingReport\":\"https:\/\/talkpal.ai\/diversity-policy\/\"}]}<\/script>\n<!-- \/ Yoast SEO Premium plugin. -->","yoast_head_json":{"title":"\u00dcbungen zum Pr\u00e4sens-Konjunktiv f\u00fcr die katalanische Grammatik - Talkpal","description":"In diesen \u00dcbungen zum Pr\u00e4sens-Konjunktiv der katalanischen Grammatik \u00fcben Sie, wie man W\u00fcnsche, Zweifel, M\u00f6glichkeiten oder Unsicherheiten im Pr\u00e4sens","robots":{"index":"index","follow":"follow","max-snippet":"max-snippet:-1","max-image-preview":"max-image-preview:large","max-video-preview":"max-video-preview:-1"},"canonical":"https:\/\/talkpal.ai\/de\/grammar_exercises\/ubungen-zum-prasens-konjunktiv-fur-die-katalanische-grammatik\/","og_locale":"de_DE","og_type":"article","og_title":"\u00dcbungen zum Pr\u00e4sens-Konjunktiv f\u00fcr die katalanische Grammatik","og_description":"In diesen \u00dcbungen zum Pr\u00e4sens-Konjunktiv der katalanischen Grammatik \u00fcben Sie, wie man W\u00fcnsche, Zweifel, M\u00f6glichkeiten oder Unsicherheiten im Pr\u00e4sens","og_url":"https:\/\/talkpal.ai\/de\/grammar_exercises\/ubungen-zum-prasens-konjunktiv-fur-die-katalanische-grammatik\/","og_site_name":"Talkpal","article_publisher":"https:\/\/www.facebook.com\/profile.php?id=100090733639311","og_image":[{"width":2880,"height":1620,"url":"https:\/\/talkpal.ai\/wp-content\/uploads\/2025\/02\/Progress-tab-16_9.png","type":"image\/png"}],"twitter_card":"summary_large_image","twitter_site":"@talkpalai","twitter_misc":{"Gesch\u00e4tzte Lesezeit":"2\u00a0Minuten"},"schema":{"@context":"https:\/\/schema.org","@graph":[{"@type":"WebPage","@id":"https:\/\/talkpal.ai\/de\/grammar_exercises\/ubungen-zum-prasens-konjunktiv-fur-die-katalanische-grammatik\/","url":"https:\/\/talkpal.ai\/de\/grammar_exercises\/ubungen-zum-prasens-konjunktiv-fur-die-katalanische-grammatik\/","name":"\u00dcbungen zum Pr\u00e4sens-Konjunktiv f\u00fcr die katalanische Grammatik - Talkpal","isPartOf":{"@id":"https:\/\/talkpal.ai\/de\/#website"},"primaryImageOfPage":{"@id":"https:\/\/talkpal.ai\/de\/grammar_exercises\/ubungen-zum-prasens-konjunktiv-fur-die-katalanische-grammatik\/#primaryimage"},"image":{"@id":"https:\/\/talkpal.ai\/de\/grammar_exercises\/ubungen-zum-prasens-konjunktiv-fur-die-katalanische-grammatik\/#primaryimage"},"thumbnailUrl":"https:\/\/talkpal.ai\/wp-content\/uploads\/2025\/12\/students-visit-park-to-learn-languages.webp","datePublished":"2025-07-06T04:56:29+00:00","description":"In diesen \u00dcbungen zum Pr\u00e4sens-Konjunktiv der katalanischen Grammatik \u00fcben Sie, wie man W\u00fcnsche, Zweifel, M\u00f6glichkeiten oder Unsicherheiten im Pr\u00e4sens","breadcrumb":{"@id":"https:\/\/talkpal.ai\/de\/grammar_exercises\/ubungen-zum-prasens-konjunktiv-fur-die-katalanische-grammatik\/#breadcrumb"},"inLanguage":"de","potentialAction":[{"@type":"ReadAction","target":["https:\/\/talkpal.ai\/de\/grammar_exercises\/ubungen-zum-prasens-konjunktiv-fur-die-katalanische-grammatik\/"]}]},{"@type":"ImageObject","inLanguage":"de","@id":"https:\/\/talkpal.ai\/de\/grammar_exercises\/ubungen-zum-prasens-konjunktiv-fur-die-katalanische-grammatik\/#primaryimage","url":"https:\/\/talkpal.ai\/wp-content\/uploads\/2025\/12\/students-visit-park-to-learn-languages.webp","contentUrl":"https:\/\/talkpal.ai\/wp-content\/uploads\/2025\/12\/students-visit-park-to-learn-languages.webp","width":1200,"height":896,"caption":"A study group sits on a blanket in a shaded park area while learning languages with laptops and books."},{"@type":"BreadcrumbList","@id":"https:\/\/talkpal.ai\/de\/grammar_exercises\/ubungen-zum-prasens-konjunktiv-fur-die-katalanische-grammatik\/#breadcrumb","itemListElement":[{"@type":"ListItem","position":1,"name":"Homepage","item":"https:\/\/talkpal.ai\/de\/"},{"@type":"ListItem","position":2,"name":"\u00dcbungen zum Pr\u00e4sens-Konjunktiv f\u00fcr die katalanische Grammatik"}]},{"@type":"WebSite","@id":"https:\/\/talkpal.ai\/de\/#website","url":"https:\/\/talkpal.ai\/de\/","name":"Talkpal","description":"AI Language Learning","publisher":{"@id":"https:\/\/talkpal.ai\/de\/#organization"},"alternateName":"Talkpal AI","potentialAction":[{"@type":"SearchAction","target":{"@type":"EntryPoint","urlTemplate":"https:\/\/talkpal.ai\/de\/?s={search_term_string}"},"query-input":{"@type":"PropertyValueSpecification","valueRequired":true,"valueName":"search_term_string"}}],"inLanguage":"de"},{"@type":"Organization","@id":"https:\/\/talkpal.ai\/de\/#organization","name":"Talkpal, Inc.","alternateName":"Talkpal AI","url":"https:\/\/talkpal.ai\/de\/","logo":{"@type":"ImageObject","inLanguage":"de","@id":"https:\/\/talkpal.ai\/de\/#\/schema\/logo\/image\/","url":"https:\/\/talkpal.ai\/wp-content\/uploads\/2024\/03\/Talkpal-Logo-Icon.png","contentUrl":"https:\/\/talkpal.ai\/wp-content\/uploads\/2024\/03\/Talkpal-Logo-Icon.png","width":2880,"height":2880,"caption":"Talkpal, Inc."},"image":{"@id":"https:\/\/talkpal.ai\/de\/#\/schema\/logo\/image\/"},"sameAs":["https:\/\/www.facebook.com\/profile.php?id=100090733639311","https:\/\/x.com\/talkpalai","https:\/\/www.linkedin.com\/company\/talkpal\/","https:\/\/www.youtube.com\/@TalkPal\/","https:\/\/www.tiktok.com\/@talkpal","https:\/\/www.instagram.com\/talkpal_ai\/","https:\/\/www.crunchbase.com\/organization\/talkpal-9cde","https:\/\/www.g2.com\/products\/talkpal-for-business\/","https:\/\/www.trustpilot.com\/review\/talkpal.ai","https:\/\/www.capterra.com\/p\/10006800\/TalkPal\/"],"description":"Talkpal is a language learning web and mobile education app, powered by the latest AI technologies, that provides engaging experiences to its customers in many different languages to help them improve their language skills. Users can chat about unlimited amount of topics with the app and use other modes to practice their language learning.","email":"support@talkpal.ai","legalName":"Talkpal, Inc.","foundingDate":"2023-04-03","duns":"118989042","numberOfEmployees":{"@type":"QuantitativeValue","minValue":"11","maxValue":"50"},"publishingPrinciples":"https:\/\/talkpal.ai\/publishing-principles\/","actionableFeedbackPolicy":"https:\/\/talkpal.ai\/actionable-feedback-policy\/","correctionsPolicy":"https:\/\/talkpal.ai\/corrections-policy\/","ethicsPolicy":"https:\/\/talkpal.ai\/ethics-policy\/","diversityPolicy":"https:\/\/talkpal.ai\/diversity-policy\/","diversityStaffingReport":"https:\/\/talkpal.ai\/diversity-policy\/"}]}},"_links":{"self":[{"href":"https:\/\/talkpal.ai\/de\/wp-json\/wp\/v2\/grammar_exercises\/1123830","targetHints":{"allow":["GET"]}}],"collection":[{"href":"https:\/\/talkpal.ai\/de\/wp-json\/wp\/v2\/grammar_exercises"}],"about":[{"href":"https:\/\/talkpal.ai\/de\/wp-json\/wp\/v2\/types\/grammar_exercises"}],"wp:featuredmedia":[{"embeddable":true,"href":"https:\/\/talkpal.ai\/de\/wp-json\/wp\/v2\/media\/1528002"}],"wp:attachment":[{"href":"https:\/\/talkpal.ai\/de\/wp-json\/wp\/v2\/media?parent=1123830"}],"wp:term":[{"taxonomy":"exercise_language","embeddable":true,"href":"https:\/\/talkpal.ai\/de\/wp-json\/wp\/v2\/exercise_language?post=1123830"}],"curies":[{"name":"wp","href":"https:\/\/api.w.org\/{rel}","templated":true}]}}