{"id":1123119,"date":"2025-07-06T04:44:38","date_gmt":"2025-07-06T04:44:38","guid":{"rendered":"https:\/\/talkpal.ai\/grammar_exercises\/nomes-individuais-coletivos-e-compostos-ubungen-zur-portugiesischen-grammatik\/"},"modified":"2025-07-06T04:44:38","modified_gmt":"2025-07-06T04:44:38","slug":"nomes-individuais-coletivos-e-compostos-ubungen-zur-portugiesischen-grammatik","status":"publish","type":"grammar_exercises","link":"https:\/\/talkpal.ai\/de\/grammar_exercises\/nomes-individuais-coletivos-e-compostos-ubungen-zur-portugiesischen-grammatik\/","title":{"rendered":"Nomes individuais, coletivos e compostos \u00dcbungen zur portugiesischen Grammatik"},"content":{"rendered":"<p>In dieser \u00dcbung lernen Sie, individuelle, kollektive und zusammengesetzte Nomen im Portugiesischen zu erkennen und richtig anzuwenden. Individuelle Nomen bezeichnen einzelne Personen, Tiere oder Dinge. Kollektive Nomen beschreiben eine Gruppe von Individuen oder Gegenst\u00e4nden als Einheit. Zusammengesetzte Nomen <a href=\"https:\/\/talkpal.ai\/culture\/what-is-the-difference-between-bestehen-aus-and-bestehen-auf\/\">bestehen aus<\/a> zwei oder mehreren W\u00f6rtern, die zusammen eine neue Bedeutung ergeben. Achten Sie auf die Hinweise in <a href=\"https:\/\/talkpal.ai\/learn-german\/\">Deutsch<\/a>, um die passende Wortart zu w\u00e4hlen.<\/p>\n<h3>\u00dcbung 1: Individuelle und kollektive Nomen<\/h3>\n<div class=\"input_sentences\">\n1. Um einen Schwarm V\u00f6gel zu beschreiben, verwendet man das kollektive Nomen *bando* (Hinweis: eine Gruppe von V\u00f6geln).<br \/>\n2. Ein einzelner Hund wird im Portugiesischen als *c\u00e3o* bezeichnet (Hinweis: individuelles Nomen f\u00fcr ein Tier).<br \/>\n3. Die Gruppe von Fischen nennt man *cardume* (Hinweis: kollektives Nomen f\u00fcr Fische).<br \/>\n4. Das individuelle Nomen f\u00fcr einen <a href=\"https:\/\/talkpal.ai\/talkpal-discount-for-teachers\/\">Lehrer<\/a> ist *professor* (Hinweis: einzelne Person im Beruf).<br \/>\n5. Eine Gruppe von Soldaten hei\u00dft *ex\u00e9rcito* (Hinweis: kollektives Nomen f\u00fcr milit\u00e4rische Einheit).<br \/>\n6. Ein einzelnes Pferd nennt man *cavalo* (Hinweis: individuelles Nomen f\u00fcr Tier).<br \/>\n7. Eine Ansammlung von Bienen nennt man *enxame* (Hinweis: kollektives Nomen f\u00fcr Insekten).<br \/>\n8. Das individuelle Nomen f\u00fcr ein Buch ist *livro* (Hinweis: einzelner Gegenstand).<br \/>\n9. Eine Gruppe von Blumen wird als *ramo* bezeichnet (Hinweis: kollektives Nomen f\u00fcr Pflanzen).<br \/>\n10. Ein einzelner Fisch wird im Portugiesischen als *peixe* bezeichnet (Hinweis: individuelles Nomen f\u00fcr Tier).\n<\/div>\n<div class=\"exercise\"><\/div>\n<h3>\u00dcbung 2: Zusammengesetzte Nomen<\/h3>\n<div class=\"input_sentences\">\n1. Das zusammengesetzte Nomen f\u00fcr \u201eWaschmaschine\u201c ist *m\u00e1quina de lavar* (Hinweis: Ger\u00e4t zum Waschen von Kleidung).<br \/>\n2. \u201ePassatempo\u201c ist ein zusammengesetztes Nomen, das \u201eFreizeitbesch\u00e4ftigung\u201c bedeutet (Hinweis: aus \u201epassar\u201c + \u201etempo\u201c).<br \/>\n3. Ein \u201eguarda-chuva\u201c sch\u00fctzt vor Regen (Hinweis: zusammengesetztes Nomen, \u201eSchutz\u201c + \u201eSchirm\u201c).<br \/>\n4. Das zusammengesetzte Nomen \u201ebeija-flor\u201c bezeichnet einen Kolibri (Hinweis: \u201ek\u00fcssen\u201c + \u201eBlume\u201c).<br \/>\n5. \u201ePara-quedas\u201c ist ein zusammengesetztes Nomen f\u00fcr \u201eFallschirm\u201c (Hinweis: \u201estoppen\u201c + \u201eFall\u201c).<br \/>\n6. Die zusammengesetzte Form \u201ep\u00e9-de-moleque\u201c ist eine S\u00fc\u00dfigkeit (Hinweis: w\u00f6rtlich \u201eFu\u00df\u201c + \u201eJunge\u201c).<br \/>\n7. \u201eGuarda-roupa\u201c bedeutet Kleiderschrank (Hinweis: \u201eaufbewahren\u201c + \u201eKleidung\u201c).<br \/>\n8. Das zusammengesetzte Nomen \u201eporta-retrato\u201c bezeichnet einen Bilderrahmen (Hinweis: \u201eT\u00fcr\u201c + \u201eRahmen\u201c).<br \/>\n9. \u201eBeija-flor\u201c ist ein zusammengesetztes Nomen f\u00fcr <a href=\"https:\/\/talkpal.ai\/culture\/what-does-having-a-bird-or-einen-vogel-haben-mean\/\">einen Vogel<\/a> (Hinweis: \u201ek\u00fcssen\u201c + \u201eBlume\u201c).<br \/>\n10. Ein \u201edobro-hotel\u201c ist kein gebr\u00e4uchliches zusammengesetztes Nomen (Hinweis: pr\u00fcfen Sie bekannte zusammengesetzte Nomen).\n<\/div>\n<div class=\"exercise\"><\/div>\n","protected":false},"featured_media":1527686,"parent":0,"menu_order":0,"template":"","exercise_language":[13211,13216],"class_list":["post-1123119","grammar_exercises","type-grammar_exercises","status-publish","has-post-thumbnail","hentry","exercise_language-portugiesisch-ubungen","exercise_language-substantive-portugiesische-grammatik"],"acf":[],"yoast_head":"<!-- This site is optimized with the Yoast SEO Premium plugin v27.2 (Yoast SEO v27.2) - https:\/\/yoast.com\/product\/yoast-seo-premium-wordpress\/ -->\n<title>Nomes individuais, coletivos e compostos \u00dcbungen zur portugiesischen Grammatik - Talkpal<\/title>\n<meta name=\"description\" content=\"In dieser \u00dcbung lernen Sie, individuelle, kollektive und zusammengesetzte Nomen im Portugiesischen zu erkennen und richtig anzuwenden. Individuelle Nomen\" \/>\n<meta name=\"robots\" content=\"index, follow, max-snippet:-1, max-image-preview:large, max-video-preview:-1\" \/>\n<link rel=\"canonical\" href=\"https:\/\/talkpal.ai\/de\/grammar_exercises\/nomes-individuais-coletivos-e-compostos-ubungen-zur-portugiesischen-grammatik\/\" \/>\n<meta property=\"og:locale\" content=\"de_DE\" \/>\n<meta property=\"og:type\" content=\"article\" \/>\n<meta property=\"og:title\" content=\"Nomes individuais, coletivos e compostos \u00dcbungen zur portugiesischen Grammatik\" \/>\n<meta property=\"og:description\" content=\"In dieser \u00dcbung lernen Sie, individuelle, kollektive und zusammengesetzte Nomen im Portugiesischen zu erkennen und richtig anzuwenden. Individuelle Nomen\" \/>\n<meta property=\"og:url\" content=\"https:\/\/talkpal.ai\/de\/grammar_exercises\/nomes-individuais-coletivos-e-compostos-ubungen-zur-portugiesischen-grammatik\/\" \/>\n<meta property=\"og:site_name\" content=\"Talkpal\" \/>\n<meta property=\"article:publisher\" content=\"https:\/\/www.facebook.com\/profile.php?id=100090733639311\" \/>\n<meta property=\"og:image\" content=\"https:\/\/talkpal.ai\/wp-content\/uploads\/2025\/02\/Progress-tab-16_9.png\" \/>\n\t<meta property=\"og:image:width\" content=\"2880\" \/>\n\t<meta property=\"og:image:height\" content=\"1620\" \/>\n\t<meta property=\"og:image:type\" content=\"image\/png\" \/>\n<meta name=\"twitter:card\" content=\"summary_large_image\" \/>\n<meta name=\"twitter:site\" content=\"@talkpalai\" \/>\n<meta name=\"twitter:label1\" content=\"Gesch\u00e4tzte Lesezeit\" \/>\n\t<meta name=\"twitter:data1\" content=\"2\u00a0Minuten\" \/>\n<script type=\"application\/ld+json\" class=\"yoast-schema-graph\">{\"@context\":\"https:\/\/schema.org\",\"@graph\":[{\"@type\":\"WebPage\",\"@id\":\"https:\/\/talkpal.ai\/de\/grammar_exercises\/nomes-individuais-coletivos-e-compostos-ubungen-zur-portugiesischen-grammatik\/\",\"url\":\"https:\/\/talkpal.ai\/de\/grammar_exercises\/nomes-individuais-coletivos-e-compostos-ubungen-zur-portugiesischen-grammatik\/\",\"name\":\"Nomes individuais, coletivos e compostos \u00dcbungen zur portugiesischen Grammatik - Talkpal\",\"isPartOf\":{\"@id\":\"https:\/\/talkpal.ai\/de\/#website\"},\"primaryImageOfPage\":{\"@id\":\"https:\/\/talkpal.ai\/de\/grammar_exercises\/nomes-individuais-coletivos-e-compostos-ubungen-zur-portugiesischen-grammatik\/#primaryimage\"},\"image\":{\"@id\":\"https:\/\/talkpal.ai\/de\/grammar_exercises\/nomes-individuais-coletivos-e-compostos-ubungen-zur-portugiesischen-grammatik\/#primaryimage\"},\"thumbnailUrl\":\"https:\/\/talkpal.ai\/wp-content\/uploads\/2025\/12\/group-of-students-learning-languages-together.webp\",\"datePublished\":\"2025-07-06T04:44:38+00:00\",\"description\":\"In dieser \u00dcbung lernen Sie, individuelle, kollektive und zusammengesetzte Nomen im Portugiesischen zu erkennen und richtig anzuwenden. Individuelle Nomen\",\"breadcrumb\":{\"@id\":\"https:\/\/talkpal.ai\/de\/grammar_exercises\/nomes-individuais-coletivos-e-compostos-ubungen-zur-portugiesischen-grammatik\/#breadcrumb\"},\"inLanguage\":\"de\",\"potentialAction\":[{\"@type\":\"ReadAction\",\"target\":[\"https:\/\/talkpal.ai\/de\/grammar_exercises\/nomes-individuais-coletivos-e-compostos-ubungen-zur-portugiesischen-grammatik\/\"]}]},{\"@type\":\"ImageObject\",\"inLanguage\":\"de\",\"@id\":\"https:\/\/talkpal.ai\/de\/grammar_exercises\/nomes-individuais-coletivos-e-compostos-ubungen-zur-portugiesischen-grammatik\/#primaryimage\",\"url\":\"https:\/\/talkpal.ai\/wp-content\/uploads\/2025\/12\/group-of-students-learning-languages-together.webp\",\"contentUrl\":\"https:\/\/talkpal.ai\/wp-content\/uploads\/2025\/12\/group-of-students-learning-languages-together.webp\",\"width\":1200,\"height\":896,\"caption\":\"A close-knit group of students studies books and digital notes for learning languages at a library table.\"},{\"@type\":\"BreadcrumbList\",\"@id\":\"https:\/\/talkpal.ai\/de\/grammar_exercises\/nomes-individuais-coletivos-e-compostos-ubungen-zur-portugiesischen-grammatik\/#breadcrumb\",\"itemListElement\":[{\"@type\":\"ListItem\",\"position\":1,\"name\":\"Homepage\",\"item\":\"https:\/\/talkpal.ai\/de\/\"},{\"@type\":\"ListItem\",\"position\":2,\"name\":\"Nomes individuais, coletivos e compostos \u00dcbungen zur portugiesischen Grammatik\"}]},{\"@type\":\"WebSite\",\"@id\":\"https:\/\/talkpal.ai\/de\/#website\",\"url\":\"https:\/\/talkpal.ai\/de\/\",\"name\":\"Talkpal\",\"description\":\"AI Language Learning\",\"publisher\":{\"@id\":\"https:\/\/talkpal.ai\/de\/#organization\"},\"alternateName\":\"Talkpal AI\",\"potentialAction\":[{\"@type\":\"SearchAction\",\"target\":{\"@type\":\"EntryPoint\",\"urlTemplate\":\"https:\/\/talkpal.ai\/de\/?s={search_term_string}\"},\"query-input\":{\"@type\":\"PropertyValueSpecification\",\"valueRequired\":true,\"valueName\":\"search_term_string\"}}],\"inLanguage\":\"de\"},{\"@type\":\"Organization\",\"@id\":\"https:\/\/talkpal.ai\/de\/#organization\",\"name\":\"Talkpal, Inc.\",\"alternateName\":\"Talkpal AI\",\"url\":\"https:\/\/talkpal.ai\/de\/\",\"logo\":{\"@type\":\"ImageObject\",\"inLanguage\":\"de\",\"@id\":\"https:\/\/talkpal.ai\/de\/#\/schema\/logo\/image\/\",\"url\":\"https:\/\/talkpal.ai\/wp-content\/uploads\/2024\/03\/Talkpal-Logo-Icon.png\",\"contentUrl\":\"https:\/\/talkpal.ai\/wp-content\/uploads\/2024\/03\/Talkpal-Logo-Icon.png\",\"width\":2880,\"height\":2880,\"caption\":\"Talkpal, Inc.\"},\"image\":{\"@id\":\"https:\/\/talkpal.ai\/de\/#\/schema\/logo\/image\/\"},\"sameAs\":[\"https:\/\/www.facebook.com\/profile.php?id=100090733639311\",\"https:\/\/x.com\/talkpalai\",\"https:\/\/www.linkedin.com\/company\/talkpal\/\",\"https:\/\/www.youtube.com\/@TalkPal\/\",\"https:\/\/www.tiktok.com\/@talkpal\",\"https:\/\/www.instagram.com\/talkpal_ai\/\",\"https:\/\/www.crunchbase.com\/organization\/talkpal-9cde\",\"https:\/\/www.g2.com\/products\/talkpal-for-business\/\",\"https:\/\/www.trustpilot.com\/review\/talkpal.ai\",\"https:\/\/www.capterra.com\/p\/10006800\/TalkPal\/\"],\"description\":\"Talkpal is a language learning web and mobile education app, powered by the latest AI technologies, that provides engaging experiences to its customers in many different languages to help them improve their language skills. Users can chat about unlimited amount of topics with the app and use other modes to practice their language learning.\",\"email\":\"support@talkpal.ai\",\"legalName\":\"Talkpal, Inc.\",\"foundingDate\":\"2023-04-03\",\"duns\":\"118989042\",\"numberOfEmployees\":{\"@type\":\"QuantitativeValue\",\"minValue\":\"11\",\"maxValue\":\"50\"},\"publishingPrinciples\":\"https:\/\/talkpal.ai\/publishing-principles\/\",\"actionableFeedbackPolicy\":\"https:\/\/talkpal.ai\/actionable-feedback-policy\/\",\"correctionsPolicy\":\"https:\/\/talkpal.ai\/corrections-policy\/\",\"ethicsPolicy\":\"https:\/\/talkpal.ai\/ethics-policy\/\",\"diversityPolicy\":\"https:\/\/talkpal.ai\/diversity-policy\/\",\"diversityStaffingReport\":\"https:\/\/talkpal.ai\/diversity-policy\/\"}]}<\/script>\n<!-- \/ Yoast SEO Premium plugin. -->","yoast_head_json":{"title":"Nomes individuais, coletivos e compostos \u00dcbungen zur portugiesischen Grammatik - Talkpal","description":"In dieser \u00dcbung lernen Sie, individuelle, kollektive und zusammengesetzte Nomen im Portugiesischen zu erkennen und richtig anzuwenden. Individuelle Nomen","robots":{"index":"index","follow":"follow","max-snippet":"max-snippet:-1","max-image-preview":"max-image-preview:large","max-video-preview":"max-video-preview:-1"},"canonical":"https:\/\/talkpal.ai\/de\/grammar_exercises\/nomes-individuais-coletivos-e-compostos-ubungen-zur-portugiesischen-grammatik\/","og_locale":"de_DE","og_type":"article","og_title":"Nomes individuais, coletivos e compostos \u00dcbungen zur portugiesischen Grammatik","og_description":"In dieser \u00dcbung lernen Sie, individuelle, kollektive und zusammengesetzte Nomen im Portugiesischen zu erkennen und richtig anzuwenden. Individuelle Nomen","og_url":"https:\/\/talkpal.ai\/de\/grammar_exercises\/nomes-individuais-coletivos-e-compostos-ubungen-zur-portugiesischen-grammatik\/","og_site_name":"Talkpal","article_publisher":"https:\/\/www.facebook.com\/profile.php?id=100090733639311","og_image":[{"width":2880,"height":1620,"url":"https:\/\/talkpal.ai\/wp-content\/uploads\/2025\/02\/Progress-tab-16_9.png","type":"image\/png"}],"twitter_card":"summary_large_image","twitter_site":"@talkpalai","twitter_misc":{"Gesch\u00e4tzte Lesezeit":"2\u00a0Minuten"},"schema":{"@context":"https:\/\/schema.org","@graph":[{"@type":"WebPage","@id":"https:\/\/talkpal.ai\/de\/grammar_exercises\/nomes-individuais-coletivos-e-compostos-ubungen-zur-portugiesischen-grammatik\/","url":"https:\/\/talkpal.ai\/de\/grammar_exercises\/nomes-individuais-coletivos-e-compostos-ubungen-zur-portugiesischen-grammatik\/","name":"Nomes individuais, coletivos e compostos \u00dcbungen zur portugiesischen Grammatik - Talkpal","isPartOf":{"@id":"https:\/\/talkpal.ai\/de\/#website"},"primaryImageOfPage":{"@id":"https:\/\/talkpal.ai\/de\/grammar_exercises\/nomes-individuais-coletivos-e-compostos-ubungen-zur-portugiesischen-grammatik\/#primaryimage"},"image":{"@id":"https:\/\/talkpal.ai\/de\/grammar_exercises\/nomes-individuais-coletivos-e-compostos-ubungen-zur-portugiesischen-grammatik\/#primaryimage"},"thumbnailUrl":"https:\/\/talkpal.ai\/wp-content\/uploads\/2025\/12\/group-of-students-learning-languages-together.webp","datePublished":"2025-07-06T04:44:38+00:00","description":"In dieser \u00dcbung lernen Sie, individuelle, kollektive und zusammengesetzte Nomen im Portugiesischen zu erkennen und richtig anzuwenden. Individuelle Nomen","breadcrumb":{"@id":"https:\/\/talkpal.ai\/de\/grammar_exercises\/nomes-individuais-coletivos-e-compostos-ubungen-zur-portugiesischen-grammatik\/#breadcrumb"},"inLanguage":"de","potentialAction":[{"@type":"ReadAction","target":["https:\/\/talkpal.ai\/de\/grammar_exercises\/nomes-individuais-coletivos-e-compostos-ubungen-zur-portugiesischen-grammatik\/"]}]},{"@type":"ImageObject","inLanguage":"de","@id":"https:\/\/talkpal.ai\/de\/grammar_exercises\/nomes-individuais-coletivos-e-compostos-ubungen-zur-portugiesischen-grammatik\/#primaryimage","url":"https:\/\/talkpal.ai\/wp-content\/uploads\/2025\/12\/group-of-students-learning-languages-together.webp","contentUrl":"https:\/\/talkpal.ai\/wp-content\/uploads\/2025\/12\/group-of-students-learning-languages-together.webp","width":1200,"height":896,"caption":"A close-knit group of students studies books and digital notes for learning languages at a library table."},{"@type":"BreadcrumbList","@id":"https:\/\/talkpal.ai\/de\/grammar_exercises\/nomes-individuais-coletivos-e-compostos-ubungen-zur-portugiesischen-grammatik\/#breadcrumb","itemListElement":[{"@type":"ListItem","position":1,"name":"Homepage","item":"https:\/\/talkpal.ai\/de\/"},{"@type":"ListItem","position":2,"name":"Nomes individuais, coletivos e compostos \u00dcbungen zur portugiesischen Grammatik"}]},{"@type":"WebSite","@id":"https:\/\/talkpal.ai\/de\/#website","url":"https:\/\/talkpal.ai\/de\/","name":"Talkpal","description":"AI Language Learning","publisher":{"@id":"https:\/\/talkpal.ai\/de\/#organization"},"alternateName":"Talkpal AI","potentialAction":[{"@type":"SearchAction","target":{"@type":"EntryPoint","urlTemplate":"https:\/\/talkpal.ai\/de\/?s={search_term_string}"},"query-input":{"@type":"PropertyValueSpecification","valueRequired":true,"valueName":"search_term_string"}}],"inLanguage":"de"},{"@type":"Organization","@id":"https:\/\/talkpal.ai\/de\/#organization","name":"Talkpal, Inc.","alternateName":"Talkpal AI","url":"https:\/\/talkpal.ai\/de\/","logo":{"@type":"ImageObject","inLanguage":"de","@id":"https:\/\/talkpal.ai\/de\/#\/schema\/logo\/image\/","url":"https:\/\/talkpal.ai\/wp-content\/uploads\/2024\/03\/Talkpal-Logo-Icon.png","contentUrl":"https:\/\/talkpal.ai\/wp-content\/uploads\/2024\/03\/Talkpal-Logo-Icon.png","width":2880,"height":2880,"caption":"Talkpal, Inc."},"image":{"@id":"https:\/\/talkpal.ai\/de\/#\/schema\/logo\/image\/"},"sameAs":["https:\/\/www.facebook.com\/profile.php?id=100090733639311","https:\/\/x.com\/talkpalai","https:\/\/www.linkedin.com\/company\/talkpal\/","https:\/\/www.youtube.com\/@TalkPal\/","https:\/\/www.tiktok.com\/@talkpal","https:\/\/www.instagram.com\/talkpal_ai\/","https:\/\/www.crunchbase.com\/organization\/talkpal-9cde","https:\/\/www.g2.com\/products\/talkpal-for-business\/","https:\/\/www.trustpilot.com\/review\/talkpal.ai","https:\/\/www.capterra.com\/p\/10006800\/TalkPal\/"],"description":"Talkpal is a language learning web and mobile education app, powered by the latest AI technologies, that provides engaging experiences to its customers in many different languages to help them improve their language skills. Users can chat about unlimited amount of topics with the app and use other modes to practice their language learning.","email":"support@talkpal.ai","legalName":"Talkpal, Inc.","foundingDate":"2023-04-03","duns":"118989042","numberOfEmployees":{"@type":"QuantitativeValue","minValue":"11","maxValue":"50"},"publishingPrinciples":"https:\/\/talkpal.ai\/publishing-principles\/","actionableFeedbackPolicy":"https:\/\/talkpal.ai\/actionable-feedback-policy\/","correctionsPolicy":"https:\/\/talkpal.ai\/corrections-policy\/","ethicsPolicy":"https:\/\/talkpal.ai\/ethics-policy\/","diversityPolicy":"https:\/\/talkpal.ai\/diversity-policy\/","diversityStaffingReport":"https:\/\/talkpal.ai\/diversity-policy\/"}]}},"_links":{"self":[{"href":"https:\/\/talkpal.ai\/de\/wp-json\/wp\/v2\/grammar_exercises\/1123119","targetHints":{"allow":["GET"]}}],"collection":[{"href":"https:\/\/talkpal.ai\/de\/wp-json\/wp\/v2\/grammar_exercises"}],"about":[{"href":"https:\/\/talkpal.ai\/de\/wp-json\/wp\/v2\/types\/grammar_exercises"}],"wp:featuredmedia":[{"embeddable":true,"href":"https:\/\/talkpal.ai\/de\/wp-json\/wp\/v2\/media\/1527686"}],"wp:attachment":[{"href":"https:\/\/talkpal.ai\/de\/wp-json\/wp\/v2\/media?parent=1123119"}],"wp:term":[{"taxonomy":"exercise_language","embeddable":true,"href":"https:\/\/talkpal.ai\/de\/wp-json\/wp\/v2\/exercise_language?post=1123119"}],"curies":[{"name":"wp","href":"https:\/\/api.w.org\/{rel}","templated":true}]}}