{"id":9942,"date":"2023-04-04T09:30:30","date_gmt":"2023-04-04T09:30:30","guid":{"rendered":"http:\/\/talkpal.ai\/?post_type=grammar&#038;p=9942"},"modified":"2023-04-22T14:09:02","modified_gmt":"2023-04-22T14:09:02","slug":"franzoesische-grammatik-die-verneinung-im-satzbau","status":"publish","type":"grammar","link":"https:\/\/talkpal.ai\/de\/grammar\/franzoesische-grammatik-die-verneinung-im-satzbau\/","title":{"rendered":"Franz\u00f6sische Grammatik: Die Verneinung im Satzbau"},"content":{"rendered":"\n<h2 class=\"wp-block-heading\">Einf\u00fchrung in die Verneinung der franz\u00f6sischen Sprache<\/h2>\n\n\n\n<p>Die Verneinung ist ein grundlegender Aspekt der franz\u00f6sischen <a href=\"https:\/\/talkpal.ai\/fr\/les\/\">Grammatik<\/a> und erm\u00f6glicht es, den Sinn eines Satzes oder einer Aussage zu \u00e4ndern. Sie besteht aus zwei Teilen: &#8222;ne&#8220; (nicht) und einem negativen Wort wie &#8222;pas&#8220; (nicht), &#8222;plus&#8220; (nicht mehr) oder &#8222;rien&#8220; (nichts). In diesem Artikel werden wir uns eingehend mit der Verwendung der Verneinung im franz\u00f6sischen Satzbau besch\u00e4ftigen und dabei die verschiedenen negativen W\u00f6rter und ihre <a href=\"https:\/\/talkpal.ai\/es\/descargar-la-aplicacion-talkpal-para-android-e-ios\/\">Anwendung<\/a> in verschiedenen Satzstrukturen untersuchen.<\/p>\n\n\n\n<h2 class=\"wp-block-heading\">Die Grundlagen der Verneinung im Franz\u00f6sischen<\/h2>\n\n\n\n<h3 class=\"wp-block-heading\">Die Verwendung von &#8222;ne\u2026pas&#8220;<\/h3>\n\n\n\n<p>Die grundlegendste Form der Verneinung im Franz\u00f6sischen besteht aus der Kombination von &#8222;ne&#8220; und &#8222;pas&#8220;. &#8222;Ne&#8220; wird direkt vor dem konjugierten Verb platziert, w\u00e4hrend &#8222;pas&#8220; direkt nach dem Verb kommt. Zum Beispiel:<\/p>\n\n\n\n<ul class=\"wp-block-list\">\n<li>Je ne parle pas <a href=\"https:\/\/talkpal.ai\/learn-french\/\">fran\u00e7ais<\/a>. (Ich spreche kein <a href=\"https:\/\/talkpal.ai\/learn-french\/\">Franz\u00f6sisch<\/a>.)<\/li>\n\n\n\n<li>Nous ne mangeons pas de viande. (Wir <a href=\"https:\/\/talkpal.ai\/locations\/language-courses-in-essen\/\">essen<\/a> kein Fleisch.)<\/li>\n<\/ul>\n\n\n\n<h3 class=\"wp-block-heading\">Verneinung mit &#8222;ne\u2026plus&#8220;<\/h3>\n\n\n\n<p>Um auszudr\u00fccken, dass etwas nicht mehr geschieht oder der Fall ist, verwendet man &#8222;ne\u2026plus&#8220;. Wie bei &#8222;ne\u2026pas&#8220; steht &#8222;ne&#8220; vor dem konjugierten Verb und &#8222;plus&#8220; danach:<\/p>\n\n\n\n<ul class=\"wp-block-list\">\n<li>Elle ne travaille plus ici. (Sie arbeitet nicht mehr hier.)<\/li>\n\n\n\n<li>Ils ne veulent plus venir. (Sie wollen nicht mehr kommen.)<\/li>\n<\/ul>\n\n\n\n<h3 class=\"wp-block-heading\">Verneinung mit &#8222;ne\u2026rien&#8220;<\/h3>\n\n\n\n<p>Die Kombination von &#8222;ne&#8220; und &#8222;rien&#8220; bedeutet &#8222;nichts&#8220; oder &#8222;\u00fcberhaupt nichts&#8220;. &#8222;Rien&#8220; wird ebenfalls nach dem konjugierten Verb platziert:<\/p>\n\n\n\n<ul class=\"wp-block-list\">\n<li>Je ne vois rien. (Ich sehe nichts.)<\/li>\n\n\n\n<li>Nous n&#8217;avons rien mang\u00e9. (Wir haben nichts gegessen.)<\/li>\n<\/ul>\n\n\n\n<h2 class=\"wp-block-heading\">Die Verneinung in zusammengesetzten Zeiten<\/h2>\n\n\n\n<p>In zusammengesetzten Zeiten wie dem <a href=\"https:\/\/talkpal.ai\/ar\/grammar_exercises\/passe-compose-%d8%aa%d9%85%d8%a7%d8%b1%d9%8a%d9%86-%d9%84%d9%84%d9%82%d9%88%d8%a7%d8%b9%d8%af-%d8%a7%d9%84%d9%81%d8%b1%d9%86%d8%b3%d9%8a%d8%a9\/\">pass\u00e9 compos\u00e9<\/a>, dem <a href=\"https:\/\/talkpal.ai\/ar\/grammar_exercises\/plus-que-parfait-%d8%aa%d9%85%d8%a7%d8%b1%d9%8a%d9%86-%d9%84%d9%84%d9%82%d9%88%d8%a7%d8%b9%d8%af-%d8%a7%d9%84%d9%81%d8%b1%d9%86%d8%b3%d9%8a%d8%a9\/\">plus-que-parfait<\/a> oder dem <a href=\"https:\/\/talkpal.ai\/ar\/grammar_exercises\/futur-anterieur-%d8%aa%d9%85%d8%a7%d8%b1%d9%8a%d9%86-%d9%84%d9%84%d9%82%d9%88%d8%a7%d8%b9%d8%af-%d8%a7%d9%84%d9%81%d8%b1%d9%86%d8%b3%d9%8a%d8%a9\/\">futur ant\u00e9rieur<\/a> wird die Verneinung um das Hilfsverb (avoir oder \u00eatre) gebildet. Zum Beispiel:<\/p>\n\n\n\n<ul class=\"wp-block-list\">\n<li>Je n&#8217;ai pas fini mon travail. (Ich habe meine Arbeit nicht beendet.)<\/li>\n\n\n\n<li>Elle n&#8217;\u00e9tait pas encore arriv\u00e9e. (Sie war noch nicht angekommen.)<\/li>\n<\/ul>\n\n\n\n<h2 class=\"wp-block-heading\">Die Verneinung bei reflexiven Verben<\/h2>\n\n\n\n<p>Bei reflexiven Verben wird die Verneinung um das <a href=\"https:\/\/talkpal.ai\/el\/grammar\/reflexivpronomen-%cf%83%cf%84%ce%b7-%ce%b3%ce%b5%cf%81%ce%bc%ce%b1%ce%bd%ce%b9%ce%ba%ce%ae-%ce%b3%cf%81%ce%b1%ce%bc%ce%bc%ce%b1%cf%84%ce%b9%ce%ba%ce%ae\/\">Reflexivpronomen<\/a> und das konjugierte Verb herum gebildet. Zum Beispiel:<\/p>\n\n\n\n<ul class=\"wp-block-list\">\n<li>Je ne me l\u00e8ve pas t\u00f4t. (Ich stehe nicht fr\u00fch auf.)<\/li>\n\n\n\n<li>Nous ne nous sommes pas vus depuis longtemps. (Wir haben uns lange nicht gesehen.)<\/li>\n<\/ul>\n\n\n\n<h2 class=\"wp-block-heading\">Die Verneinung bei Infinitivkonstruktionen<\/h2>\n\n\n\n<p>Wenn ein Infinitiv in einem Satz vorkommt, wird die Verneinung um den Infinitiv herum gebildet. Zum Beispiel:<\/p>\n\n\n\n<ul class=\"wp-block-list\">\n<li>Il est important de ne pas oublier. (Es ist wichtig, nicht zu vergessen.)<\/li>\n\n\n\n<li>Elle a d\u00e9cid\u00e9 de ne plus fumer. (Sie hat beschlossen, nicht mehr zu rauchen.)<\/li>\n<\/ul>\n\n\n\n<h2 class=\"wp-block-heading\">Die Verneinung bei Imperativs\u00e4tzen<\/h2>\n\n\n\n<p>In Imperativs\u00e4tzen wird &#8222;ne&#8220; weggelassen und nur das negative Wort verwendet:<\/p>\n\n\n\n<ul class=\"wp-block-list\">\n<li>Mange pas \u00e7a! (Iss das nicht!)<\/li>\n\n\n\n<li>Parlez plus fort! (Sprecht lauter!)<\/li>\n<\/ul>\n\n\n\n<h2 class=\"wp-block-heading\">Fazit<\/h2>\n\n\n\n<p>Die Verneinung im Franz\u00f6sischen ist ein essenzieller Aspekt der Grammatik, der es erm\u00f6glicht, den Sinn von S\u00e4tzen und Aussagen zu \u00e4ndern. Die verschiedenen negativen W\u00f6rter wie &#8222;pas&#8220;, &#8222;plus&#8220; und &#8222;rien&#8220; k\u00f6nnen in verschiedenen Satzstrukturen und Zeiten verwendet werden, um eine Vielzahl von Bedeutungen auszudr\u00fccken. Durch das Erlernen dieser Regeln und das \u00dcben ihrer Anwendung k\u00f6nnen Sie Ihre Kommunikationsf\u00e4higkeiten im Franz\u00f6sischen erheblich verbessern.<\/p>\n","protected":false},"featured_media":1527619,"template":"","language":[337,370],"class_list":["post-9942","grammar","type-grammar","status-publish","has-post-thumbnail","hentry","language-franzoesisch","language-satzbau-de-2"],"acf":[],"yoast_head":"<!-- This site is optimized with the Yoast SEO Premium plugin v27.2 (Yoast SEO v27.2) - https:\/\/yoast.com\/product\/yoast-seo-premium-wordpress\/ -->\n<title>Franz\u00f6sische Grammatik: Die Verneinung im Satzbau - Talkpal<\/title>\n<meta name=\"description\" content=\"Einf\u00fchrung in die Verneinung der franz\u00f6sischen Sprache Die Verneinung ist ein grundlegender Aspekt der franz\u00f6sischen Grammatik und erm\u00f6glicht es, den Sinn\" \/>\n<meta name=\"robots\" content=\"index, follow, max-snippet:-1, max-image-preview:large, max-video-preview:-1\" \/>\n<link rel=\"canonical\" href=\"https:\/\/talkpal.ai\/de\/grammar\/franzoesische-grammatik-die-verneinung-im-satzbau\/\" \/>\n<meta property=\"og:locale\" content=\"de_DE\" \/>\n<meta property=\"og:type\" content=\"article\" \/>\n<meta property=\"og:title\" content=\"Franz\u00f6sische Grammatik: Die Verneinung im Satzbau\" \/>\n<meta property=\"og:description\" content=\"Einf\u00fchrung in die Verneinung der franz\u00f6sischen Sprache Die Verneinung ist ein grundlegender Aspekt der franz\u00f6sischen Grammatik und erm\u00f6glicht es, den Sinn\" \/>\n<meta property=\"og:url\" content=\"https:\/\/talkpal.ai\/de\/grammar\/franzoesische-grammatik-die-verneinung-im-satzbau\/\" \/>\n<meta property=\"og:site_name\" content=\"Talkpal\" \/>\n<meta property=\"article:publisher\" content=\"https:\/\/www.facebook.com\/profile.php?id=100090733639311\" \/>\n<meta property=\"article:modified_time\" content=\"2023-04-22T14:09:02+00:00\" \/>\n<meta property=\"og:image\" content=\"https:\/\/talkpal.ai\/wp-content\/uploads\/2023\/04\/TalkPal-Illustration-of-students-studying-grammar-lessons-12.png\" \/>\n\t<meta property=\"og:image:width\" content=\"1456\" \/>\n\t<meta property=\"og:image:height\" content=\"816\" \/>\n\t<meta property=\"og:image:type\" content=\"image\/png\" \/>\n<meta name=\"twitter:card\" content=\"summary_large_image\" \/>\n<meta name=\"twitter:site\" content=\"@talkpalai\" \/>\n<meta name=\"twitter:label1\" content=\"Gesch\u00e4tzte Lesezeit\" \/>\n\t<meta name=\"twitter:data1\" content=\"3\u00a0Minuten\" \/>\n<script type=\"application\/ld+json\" class=\"yoast-schema-graph\">{\"@context\":\"https:\/\/schema.org\",\"@graph\":[{\"@type\":\"WebPage\",\"@id\":\"https:\/\/talkpal.ai\/de\/grammar\/franzoesische-grammatik-die-verneinung-im-satzbau\/\",\"url\":\"https:\/\/talkpal.ai\/de\/grammar\/franzoesische-grammatik-die-verneinung-im-satzbau\/\",\"name\":\"Franz\u00f6sische Grammatik: Die Verneinung im Satzbau - Talkpal\",\"isPartOf\":{\"@id\":\"https:\/\/talkpal.ai\/de\/#website\"},\"primaryImageOfPage\":{\"@id\":\"https:\/\/talkpal.ai\/de\/grammar\/franzoesische-grammatik-die-verneinung-im-satzbau\/#primaryimage\"},\"image\":{\"@id\":\"https:\/\/talkpal.ai\/de\/grammar\/franzoesische-grammatik-die-verneinung-im-satzbau\/#primaryimage\"},\"thumbnailUrl\":\"https:\/\/talkpal.ai\/wp-content\/uploads\/2025\/12\/computer-is-used-to-learn-languages.webp\",\"datePublished\":\"2023-04-04T09:30:30+00:00\",\"dateModified\":\"2023-04-22T14:09:02+00:00\",\"description\":\"Einf\u00fchrung in die Verneinung der franz\u00f6sischen Sprache Die Verneinung ist ein grundlegender Aspekt der franz\u00f6sischen Grammatik und erm\u00f6glicht es, den Sinn\",\"breadcrumb\":{\"@id\":\"https:\/\/talkpal.ai\/de\/grammar\/franzoesische-grammatik-die-verneinung-im-satzbau\/#breadcrumb\"},\"inLanguage\":\"de\",\"potentialAction\":[{\"@type\":\"ReadAction\",\"target\":[\"https:\/\/talkpal.ai\/de\/grammar\/franzoesische-grammatik-die-verneinung-im-satzbau\/\"]}]},{\"@type\":\"ImageObject\",\"inLanguage\":\"de\",\"@id\":\"https:\/\/talkpal.ai\/de\/grammar\/franzoesische-grammatik-die-verneinung-im-satzbau\/#primaryimage\",\"url\":\"https:\/\/talkpal.ai\/wp-content\/uploads\/2025\/12\/computer-is-used-to-learn-languages.webp\",\"contentUrl\":\"https:\/\/talkpal.ai\/wp-content\/uploads\/2025\/12\/computer-is-used-to-learn-languages.webp\",\"width\":1200,\"height\":896,\"caption\":\"Students work at staggered desks using desktop computers for learning languages in a library with tall shelves.\"},{\"@type\":\"BreadcrumbList\",\"@id\":\"https:\/\/talkpal.ai\/de\/grammar\/franzoesische-grammatik-die-verneinung-im-satzbau\/#breadcrumb\",\"itemListElement\":[{\"@type\":\"ListItem\",\"position\":1,\"name\":\"Homepage\",\"item\":\"https:\/\/talkpal.ai\/de\/\"},{\"@type\":\"ListItem\",\"position\":2,\"name\":\"Franz\u00f6sische Grammatik: Die Verneinung im Satzbau\"}]},{\"@type\":\"WebSite\",\"@id\":\"https:\/\/talkpal.ai\/de\/#website\",\"url\":\"https:\/\/talkpal.ai\/de\/\",\"name\":\"Talkpal\",\"description\":\"AI Language Learning\",\"publisher\":{\"@id\":\"https:\/\/talkpal.ai\/de\/#organization\"},\"alternateName\":\"Talkpal AI\",\"potentialAction\":[{\"@type\":\"SearchAction\",\"target\":{\"@type\":\"EntryPoint\",\"urlTemplate\":\"https:\/\/talkpal.ai\/de\/?s={search_term_string}\"},\"query-input\":{\"@type\":\"PropertyValueSpecification\",\"valueRequired\":true,\"valueName\":\"search_term_string\"}}],\"inLanguage\":\"de\"},{\"@type\":\"Organization\",\"@id\":\"https:\/\/talkpal.ai\/de\/#organization\",\"name\":\"Talkpal, Inc.\",\"alternateName\":\"Talkpal AI\",\"url\":\"https:\/\/talkpal.ai\/de\/\",\"logo\":{\"@type\":\"ImageObject\",\"inLanguage\":\"de\",\"@id\":\"https:\/\/talkpal.ai\/de\/#\/schema\/logo\/image\/\",\"url\":\"https:\/\/talkpal.ai\/wp-content\/uploads\/2024\/03\/Talkpal-Logo-Icon.png\",\"contentUrl\":\"https:\/\/talkpal.ai\/wp-content\/uploads\/2024\/03\/Talkpal-Logo-Icon.png\",\"width\":2880,\"height\":2880,\"caption\":\"Talkpal, Inc.\"},\"image\":{\"@id\":\"https:\/\/talkpal.ai\/de\/#\/schema\/logo\/image\/\"},\"sameAs\":[\"https:\/\/www.facebook.com\/profile.php?id=100090733639311\",\"https:\/\/x.com\/talkpalai\",\"https:\/\/www.linkedin.com\/company\/talkpal\/\",\"https:\/\/www.youtube.com\/@TalkPal\/\",\"https:\/\/www.tiktok.com\/@talkpal\",\"https:\/\/www.instagram.com\/talkpal_ai\/\",\"https:\/\/www.crunchbase.com\/organization\/talkpal-9cde\",\"https:\/\/www.g2.com\/products\/talkpal-for-business\/\",\"https:\/\/www.trustpilot.com\/review\/talkpal.ai\",\"https:\/\/www.capterra.com\/p\/10006800\/TalkPal\/\"],\"description\":\"Talkpal is a language learning web and mobile education app, powered by the latest AI technologies, that provides engaging experiences to its customers in many different languages to help them improve their language skills. Users can chat about unlimited amount of topics with the app and use other modes to practice their language learning.\",\"email\":\"support@talkpal.ai\",\"legalName\":\"Talkpal, Inc.\",\"foundingDate\":\"2023-04-03\",\"duns\":\"118989042\",\"numberOfEmployees\":{\"@type\":\"QuantitativeValue\",\"minValue\":\"11\",\"maxValue\":\"50\"},\"publishingPrinciples\":\"https:\/\/talkpal.ai\/publishing-principles\/\",\"actionableFeedbackPolicy\":\"https:\/\/talkpal.ai\/actionable-feedback-policy\/\",\"correctionsPolicy\":\"https:\/\/talkpal.ai\/corrections-policy\/\",\"ethicsPolicy\":\"https:\/\/talkpal.ai\/ethics-policy\/\",\"diversityPolicy\":\"https:\/\/talkpal.ai\/diversity-policy\/\",\"diversityStaffingReport\":\"https:\/\/talkpal.ai\/diversity-policy\/\"}]}<\/script>\n<!-- \/ Yoast SEO Premium plugin. -->","yoast_head_json":{"title":"Franz\u00f6sische Grammatik: Die Verneinung im Satzbau - Talkpal","description":"Einf\u00fchrung in die Verneinung der franz\u00f6sischen Sprache Die Verneinung ist ein grundlegender Aspekt der franz\u00f6sischen Grammatik und erm\u00f6glicht es, den Sinn","robots":{"index":"index","follow":"follow","max-snippet":"max-snippet:-1","max-image-preview":"max-image-preview:large","max-video-preview":"max-video-preview:-1"},"canonical":"https:\/\/talkpal.ai\/de\/grammar\/franzoesische-grammatik-die-verneinung-im-satzbau\/","og_locale":"de_DE","og_type":"article","og_title":"Franz\u00f6sische Grammatik: Die Verneinung im Satzbau","og_description":"Einf\u00fchrung in die Verneinung der franz\u00f6sischen Sprache Die Verneinung ist ein grundlegender Aspekt der franz\u00f6sischen Grammatik und erm\u00f6glicht es, den Sinn","og_url":"https:\/\/talkpal.ai\/de\/grammar\/franzoesische-grammatik-die-verneinung-im-satzbau\/","og_site_name":"Talkpal","article_publisher":"https:\/\/www.facebook.com\/profile.php?id=100090733639311","article_modified_time":"2023-04-22T14:09:02+00:00","og_image":[{"width":1456,"height":816,"url":"https:\/\/talkpal.ai\/wp-content\/uploads\/2023\/04\/TalkPal-Illustration-of-students-studying-grammar-lessons-12.png","type":"image\/png"}],"twitter_card":"summary_large_image","twitter_site":"@talkpalai","twitter_misc":{"Gesch\u00e4tzte Lesezeit":"3\u00a0Minuten"},"schema":{"@context":"https:\/\/schema.org","@graph":[{"@type":"WebPage","@id":"https:\/\/talkpal.ai\/de\/grammar\/franzoesische-grammatik-die-verneinung-im-satzbau\/","url":"https:\/\/talkpal.ai\/de\/grammar\/franzoesische-grammatik-die-verneinung-im-satzbau\/","name":"Franz\u00f6sische Grammatik: Die Verneinung im Satzbau - Talkpal","isPartOf":{"@id":"https:\/\/talkpal.ai\/de\/#website"},"primaryImageOfPage":{"@id":"https:\/\/talkpal.ai\/de\/grammar\/franzoesische-grammatik-die-verneinung-im-satzbau\/#primaryimage"},"image":{"@id":"https:\/\/talkpal.ai\/de\/grammar\/franzoesische-grammatik-die-verneinung-im-satzbau\/#primaryimage"},"thumbnailUrl":"https:\/\/talkpal.ai\/wp-content\/uploads\/2025\/12\/computer-is-used-to-learn-languages.webp","datePublished":"2023-04-04T09:30:30+00:00","dateModified":"2023-04-22T14:09:02+00:00","description":"Einf\u00fchrung in die Verneinung der franz\u00f6sischen Sprache Die Verneinung ist ein grundlegender Aspekt der franz\u00f6sischen Grammatik und erm\u00f6glicht es, den Sinn","breadcrumb":{"@id":"https:\/\/talkpal.ai\/de\/grammar\/franzoesische-grammatik-die-verneinung-im-satzbau\/#breadcrumb"},"inLanguage":"de","potentialAction":[{"@type":"ReadAction","target":["https:\/\/talkpal.ai\/de\/grammar\/franzoesische-grammatik-die-verneinung-im-satzbau\/"]}]},{"@type":"ImageObject","inLanguage":"de","@id":"https:\/\/talkpal.ai\/de\/grammar\/franzoesische-grammatik-die-verneinung-im-satzbau\/#primaryimage","url":"https:\/\/talkpal.ai\/wp-content\/uploads\/2025\/12\/computer-is-used-to-learn-languages.webp","contentUrl":"https:\/\/talkpal.ai\/wp-content\/uploads\/2025\/12\/computer-is-used-to-learn-languages.webp","width":1200,"height":896,"caption":"Students work at staggered desks using desktop computers for learning languages in a library with tall shelves."},{"@type":"BreadcrumbList","@id":"https:\/\/talkpal.ai\/de\/grammar\/franzoesische-grammatik-die-verneinung-im-satzbau\/#breadcrumb","itemListElement":[{"@type":"ListItem","position":1,"name":"Homepage","item":"https:\/\/talkpal.ai\/de\/"},{"@type":"ListItem","position":2,"name":"Franz\u00f6sische Grammatik: Die Verneinung im Satzbau"}]},{"@type":"WebSite","@id":"https:\/\/talkpal.ai\/de\/#website","url":"https:\/\/talkpal.ai\/de\/","name":"Talkpal","description":"AI Language Learning","publisher":{"@id":"https:\/\/talkpal.ai\/de\/#organization"},"alternateName":"Talkpal AI","potentialAction":[{"@type":"SearchAction","target":{"@type":"EntryPoint","urlTemplate":"https:\/\/talkpal.ai\/de\/?s={search_term_string}"},"query-input":{"@type":"PropertyValueSpecification","valueRequired":true,"valueName":"search_term_string"}}],"inLanguage":"de"},{"@type":"Organization","@id":"https:\/\/talkpal.ai\/de\/#organization","name":"Talkpal, Inc.","alternateName":"Talkpal AI","url":"https:\/\/talkpal.ai\/de\/","logo":{"@type":"ImageObject","inLanguage":"de","@id":"https:\/\/talkpal.ai\/de\/#\/schema\/logo\/image\/","url":"https:\/\/talkpal.ai\/wp-content\/uploads\/2024\/03\/Talkpal-Logo-Icon.png","contentUrl":"https:\/\/talkpal.ai\/wp-content\/uploads\/2024\/03\/Talkpal-Logo-Icon.png","width":2880,"height":2880,"caption":"Talkpal, Inc."},"image":{"@id":"https:\/\/talkpal.ai\/de\/#\/schema\/logo\/image\/"},"sameAs":["https:\/\/www.facebook.com\/profile.php?id=100090733639311","https:\/\/x.com\/talkpalai","https:\/\/www.linkedin.com\/company\/talkpal\/","https:\/\/www.youtube.com\/@TalkPal\/","https:\/\/www.tiktok.com\/@talkpal","https:\/\/www.instagram.com\/talkpal_ai\/","https:\/\/www.crunchbase.com\/organization\/talkpal-9cde","https:\/\/www.g2.com\/products\/talkpal-for-business\/","https:\/\/www.trustpilot.com\/review\/talkpal.ai","https:\/\/www.capterra.com\/p\/10006800\/TalkPal\/"],"description":"Talkpal is a language learning web and mobile education app, powered by the latest AI technologies, that provides engaging experiences to its customers in many different languages to help them improve their language skills. Users can chat about unlimited amount of topics with the app and use other modes to practice their language learning.","email":"support@talkpal.ai","legalName":"Talkpal, Inc.","foundingDate":"2023-04-03","duns":"118989042","numberOfEmployees":{"@type":"QuantitativeValue","minValue":"11","maxValue":"50"},"publishingPrinciples":"https:\/\/talkpal.ai\/publishing-principles\/","actionableFeedbackPolicy":"https:\/\/talkpal.ai\/actionable-feedback-policy\/","correctionsPolicy":"https:\/\/talkpal.ai\/corrections-policy\/","ethicsPolicy":"https:\/\/talkpal.ai\/ethics-policy\/","diversityPolicy":"https:\/\/talkpal.ai\/diversity-policy\/","diversityStaffingReport":"https:\/\/talkpal.ai\/diversity-policy\/"}]}},"_links":{"self":[{"href":"https:\/\/talkpal.ai\/de\/wp-json\/wp\/v2\/grammar\/9942","targetHints":{"allow":["GET"]}}],"collection":[{"href":"https:\/\/talkpal.ai\/de\/wp-json\/wp\/v2\/grammar"}],"about":[{"href":"https:\/\/talkpal.ai\/de\/wp-json\/wp\/v2\/types\/grammar"}],"wp:featuredmedia":[{"embeddable":true,"href":"https:\/\/talkpal.ai\/de\/wp-json\/wp\/v2\/media\/1527619"}],"wp:attachment":[{"href":"https:\/\/talkpal.ai\/de\/wp-json\/wp\/v2\/media?parent=9942"}],"wp:term":[{"taxonomy":"language","embeddable":true,"href":"https:\/\/talkpal.ai\/de\/wp-json\/wp\/v2\/language?post=9942"}],"curies":[{"name":"wp","href":"https:\/\/api.w.org\/{rel}","templated":true}]}}