{"id":9929,"date":"2023-04-04T09:22:27","date_gmt":"2023-04-04T09:22:27","guid":{"rendered":"http:\/\/talkpal.ai\/?post_type=grammar&#038;p=9929"},"modified":"2023-04-22T14:09:35","modified_gmt":"2023-04-22T14:09:35","slug":"die-stellung-von-franzoesischen-adverbien-in-saetzen","status":"publish","type":"grammar","link":"https:\/\/talkpal.ai\/de\/grammar\/die-stellung-von-franzoesischen-adverbien-in-saetzen\/","title":{"rendered":"Die Stellung von franz\u00f6sischen Adverbien in S\u00e4tzen"},"content":{"rendered":"\n<p>In diesem Artikel werden wir die Stellung von <a href=\"https:\/\/talkpal.ai\/ar\/grammar_exercises\/adverbien-%d8%aa%d9%85%d8%a7%d8%b1%d9%8a%d9%86-%d9%84%d9%84%d9%82%d9%88%d8%a7%d8%b9%d8%af-%d8%a7%d9%84%d8%a3%d9%84%d9%85%d8%a7%d9%86%d9%8a%d8%a9\/\">Adverbien<\/a> in franz\u00f6sischen S\u00e4tzen detailliert untersuchen. Die korrekte Platzierung von Adverbien ist f\u00fcr ein klares und verst\u00e4ndliches Schriftbild unerl\u00e4sslich. Die folgenden Abschnitte geben einen umfassenden \u00dcberblick \u00fcber die verschiedenen Positionen, die Adverbien in franz\u00f6sischen S\u00e4tzen einnehmen k\u00f6nnen, und erl\u00e4utern die Regeln und Ausnahmen f\u00fcr jedes Szenario.<\/p>\n\n\n\n<h2 class=\"wp-block-heading\">Adverbien und Verben: Die Grundregel<\/h2>\n\n\n\n<p>Die Grundregel f\u00fcr die Platzierung von Adverbien in franz\u00f6sischen S\u00e4tzen besagt, dass das Adverb unmittelbar hinter dem konjugierten Verb stehen sollte. Diese Regel gilt f\u00fcr die meisten Adverbien und Situationen.<\/p>\n\n\n\n<h3 class=\"wp-block-heading\">Beispiel:<\/h3>\n\n\n\n<ul class=\"wp-block-list\">\n<li>Elle chante <strong>souvent<\/strong>.<\/li>\n\n\n\n<li>Il travaille <strong>toujours<\/strong>.<\/li>\n<\/ul>\n\n\n\n<h2 class=\"wp-block-heading\">Adverbien und zusammengesetzte Zeiten<\/h2>\n\n\n\n<p>Bei zusammengesetzten Zeiten, die aus einem Hilfsverb (avoir oder \u00eatre) und dem Partizip bestehen, wird das Adverb in der Regel zwischen dem Hilfsverb und dem Partizip eingef\u00fcgt.<\/p>\n\n\n\n<h3 class=\"wp-block-heading\">Beispiel:<\/h3>\n\n\n\n<ul class=\"wp-block-list\">\n<li>Elle <strong>a<\/strong> <strong>souvent<\/strong> <strong>chant\u00e9<\/strong>.<\/li>\n\n\n\n<li>Nous <strong>avons<\/strong> <strong>rarement<\/strong> <strong>mang\u00e9<\/strong> dans ce restaurant.<\/li>\n<\/ul>\n\n\n\n<h2 class=\"wp-block-heading\">Adverbien und reflexive Verben<\/h2>\n\n\n\n<p>Bei reflexiven Verben steht das Adverb hinter dem <a href=\"https:\/\/talkpal.ai\/el\/grammar\/reflexivpronomen-%cf%83%cf%84%ce%b7-%ce%b3%ce%b5%cf%81%ce%bc%ce%b1%ce%bd%ce%b9%ce%ba%ce%ae-%ce%b3%cf%81%ce%b1%ce%bc%ce%bc%ce%b1%cf%84%ce%b9%ce%ba%ce%ae\/\">Reflexivpronomen<\/a>, aber vor dem konjugierten Verb.<\/p>\n\n\n\n<h3 class=\"wp-block-heading\">Beispiel:<\/h3>\n\n\n\n<ul class=\"wp-block-list\">\n<li>Elle <strong>se<\/strong> <strong>l\u00e8ve<\/strong> <strong>t\u00f4t<\/strong>.<\/li>\n\n\n\n<li>Ils <strong>se<\/strong> <strong>sont<\/strong> <strong>rapidement<\/strong> <strong>habill\u00e9s<\/strong>.<\/li>\n<\/ul>\n\n\n\n<h2 class=\"wp-block-heading\">Ausnahmen und besondere Adverbien<\/h2>\n\n\n\n<p><a href=\"https:\/\/talkpal.ai\/culture\/what-is-the-difference-between-es-gibt-and-da-ist\/\">Es gibt<\/a> einige Adverbien, die eine besondere Stellung im Satz einnehmen und von den oben genannten Regeln abweichen.<\/p>\n\n\n\n<h3 class=\"wp-block-heading\">Adverbien der Menge<\/h3>\n\n\n\n<p>Adverbien der Menge, wie &#8222;beaucoup&#8220;, &#8222;peu&#8220;, &#8222;trop&#8220; und &#8222;assez&#8220;, stehen in der Regel vor dem Objekt, auf das sie sich beziehen.<\/p>\n\n\n\n<h3 class=\"wp-block-heading\">Beispiel:<\/h3>\n\n\n\n<ul class=\"wp-block-list\">\n<li>J&#8217;ai <strong>beaucoup<\/strong> de travail.<\/li>\n\n\n\n<li>Il y a <strong>peu<\/strong> de personnes ici.<\/li>\n<\/ul>\n\n\n\n<h3 class=\"wp-block-heading\">Adverbien der Zeit und der H\u00e4ufigkeit<\/h3>\n\n\n\n<p>Einige <a href=\"https:\/\/talkpal.ai\/de\/grammar\/adverbien-der-zeit-in-der-afrikaans-grammatik\/\">Adverbien der Zeit<\/a> und der H\u00e4ufigkeit, wie &#8222;d&#8217;abord&#8220;, &#8222;ensuite&#8220;, &#8222;puis&#8220;, &#8222;enfin&#8220;, &#8222;jamais&#8220;, &#8222;toujours&#8220;, &#8222;d\u00e9j\u00e0&#8220; und &#8222;bient\u00f4t&#8220;, k\u00f6nnen am Anfang oder am Ende eines Satzes stehen, um besondere Betonung zu erzielen.<\/p>\n\n\n\n<h3 class=\"wp-block-heading\">Beispiel:<\/h3>\n\n\n\n<ul class=\"wp-block-list\">\n<li><strong>Enfin<\/strong>, elle est arriv\u00e9e.<\/li>\n\n\n\n<li>Nous partirons <strong>bient\u00f4t<\/strong>.<\/li>\n<\/ul>\n\n\n\n<h3 class=\"wp-block-heading\">Adverbien in verneinten S\u00e4tzen<\/h3>\n\n\n\n<p>In verneinten S\u00e4tzen steht das Adverb normalerweise zwischen der <a href=\"https:\/\/talkpal.ai\/zh-hans\/grammar_exercises\/negazione-%e6%84%8f%e5%a4%a7%e5%88%a9%e8%af%ad%e6%b3%95%e7%bb%83%e4%b9%a0\/\">Negation<\/a> &#8222;ne&#8220; und &#8222;pas&#8220;.<\/p>\n\n\n\n<h3 class=\"wp-block-heading\">Beispiel:<\/h3>\n\n\n\n<ul class=\"wp-block-list\">\n<li>Elle <strong>ne<\/strong> <strong>chante<\/strong> <strong>jamais<\/strong>.<\/li>\n\n\n\n<li>Nous <strong>ne<\/strong> <strong>mangeons<\/strong> <strong>pas<\/strong> <strong>souvent<\/strong> au restaurant.<\/li>\n<\/ul>\n\n\n\n<h2 class=\"wp-block-heading\">Fazit<\/h2>\n\n\n\n<p>Die korrekte Platzierung von Adverbien in franz\u00f6sischen S\u00e4tzen ist essenziell, um ein klares und verst\u00e4ndliches Schriftbild zu gew\u00e4hrleisten. Die Regeln und Ausnahmen, die in diesem Artikel beschrieben wurden, sollten Ihnen helfen, die Stellung von Adverbien in verschiedenen Situationen besser zu verstehen und anzuwenden. Durch die Ber\u00fccksichtigung dieser Regeln k\u00f6nnen Sie Ihre franz\u00f6sischen Sprachkenntnisse und Ihr Verst\u00e4ndnis f\u00fcr die <a href=\"https:\/\/talkpal.ai\/french-grammar\/\">franz\u00f6sische Grammatik<\/a> weiter verbessern.<\/p>\n","protected":false},"featured_media":1527852,"template":"","language":[368,337],"class_list":["post-9929","grammar","type-grammar","status-publish","has-post-thumbnail","hentry","language-adverbien-de-2","language-franzoesisch"],"acf":[],"yoast_head":"<!-- This site is optimized with the Yoast SEO Premium plugin v27.2 (Yoast SEO v27.2) - https:\/\/yoast.com\/product\/yoast-seo-premium-wordpress\/ -->\n<title>Die Stellung von franz\u00f6sischen Adverbien in S\u00e4tzen - Talkpal<\/title>\n<meta name=\"description\" content=\"In diesem Artikel werden wir die Stellung von Adverbien in franz\u00f6sischen S\u00e4tzen detailliert untersuchen. Die korrekte Platzierung von Adverbien ist f\u00fcr\" \/>\n<meta name=\"robots\" content=\"index, follow, max-snippet:-1, max-image-preview:large, max-video-preview:-1\" \/>\n<link rel=\"canonical\" href=\"https:\/\/talkpal.ai\/de\/grammar\/die-stellung-von-franzoesischen-adverbien-in-saetzen\/\" \/>\n<meta property=\"og:locale\" content=\"de_DE\" \/>\n<meta property=\"og:type\" content=\"article\" \/>\n<meta property=\"og:title\" content=\"Die Stellung von franz\u00f6sischen Adverbien in S\u00e4tzen\" \/>\n<meta property=\"og:description\" content=\"In diesem Artikel werden wir die Stellung von Adverbien in franz\u00f6sischen S\u00e4tzen detailliert untersuchen. Die korrekte Platzierung von Adverbien ist f\u00fcr\" \/>\n<meta property=\"og:url\" content=\"https:\/\/talkpal.ai\/de\/grammar\/die-stellung-von-franzoesischen-adverbien-in-saetzen\/\" \/>\n<meta property=\"og:site_name\" content=\"Talkpal\" \/>\n<meta property=\"article:publisher\" content=\"https:\/\/www.facebook.com\/profile.php?id=100090733639311\" \/>\n<meta property=\"article:modified_time\" content=\"2023-04-22T14:09:35+00:00\" \/>\n<meta property=\"og:image\" content=\"https:\/\/talkpal.ai\/wp-content\/uploads\/2023\/04\/TalkPal-Illustration-of-students-studying-grammar-lessons-80.png\" \/>\n\t<meta property=\"og:image:width\" content=\"1456\" \/>\n\t<meta property=\"og:image:height\" content=\"816\" \/>\n\t<meta property=\"og:image:type\" content=\"image\/png\" \/>\n<meta name=\"twitter:card\" content=\"summary_large_image\" \/>\n<meta name=\"twitter:site\" content=\"@talkpalai\" \/>\n<meta name=\"twitter:label1\" content=\"Gesch\u00e4tzte Lesezeit\" \/>\n\t<meta name=\"twitter:data1\" content=\"2\u00a0Minuten\" \/>\n<script type=\"application\/ld+json\" class=\"yoast-schema-graph\">{\"@context\":\"https:\/\/schema.org\",\"@graph\":[{\"@type\":\"WebPage\",\"@id\":\"https:\/\/talkpal.ai\/de\/grammar\/die-stellung-von-franzoesischen-adverbien-in-saetzen\/\",\"url\":\"https:\/\/talkpal.ai\/de\/grammar\/die-stellung-von-franzoesischen-adverbien-in-saetzen\/\",\"name\":\"Die Stellung von franz\u00f6sischen Adverbien in S\u00e4tzen - Talkpal\",\"isPartOf\":{\"@id\":\"https:\/\/talkpal.ai\/de\/#website\"},\"primaryImageOfPage\":{\"@id\":\"https:\/\/talkpal.ai\/de\/grammar\/die-stellung-von-franzoesischen-adverbien-in-saetzen\/#primaryimage\"},\"image\":{\"@id\":\"https:\/\/talkpal.ai\/de\/grammar\/die-stellung-von-franzoesischen-adverbien-in-saetzen\/#primaryimage\"},\"thumbnailUrl\":\"https:\/\/talkpal.ai\/wp-content\/uploads\/2025\/12\/person-is-focused-learning-languages.webp\",\"datePublished\":\"2023-04-04T09:22:27+00:00\",\"dateModified\":\"2023-04-22T14:09:35+00:00\",\"description\":\"In diesem Artikel werden wir die Stellung von Adverbien in franz\u00f6sischen S\u00e4tzen detailliert untersuchen. Die korrekte Platzierung von Adverbien ist f\u00fcr\",\"breadcrumb\":{\"@id\":\"https:\/\/talkpal.ai\/de\/grammar\/die-stellung-von-franzoesischen-adverbien-in-saetzen\/#breadcrumb\"},\"inLanguage\":\"de\",\"potentialAction\":[{\"@type\":\"ReadAction\",\"target\":[\"https:\/\/talkpal.ai\/de\/grammar\/die-stellung-von-franzoesischen-adverbien-in-saetzen\/\"]}]},{\"@type\":\"ImageObject\",\"inLanguage\":\"de\",\"@id\":\"https:\/\/talkpal.ai\/de\/grammar\/die-stellung-von-franzoesischen-adverbien-in-saetzen\/#primaryimage\",\"url\":\"https:\/\/talkpal.ai\/wp-content\/uploads\/2025\/12\/person-is-focused-learning-languages.webp\",\"contentUrl\":\"https:\/\/talkpal.ai\/wp-content\/uploads\/2025\/12\/person-is-focused-learning-languages.webp\",\"width\":1200,\"height\":896,\"caption\":\"An older man wearing glasses and headphones uses a laptop to learn languages at night.\"},{\"@type\":\"BreadcrumbList\",\"@id\":\"https:\/\/talkpal.ai\/de\/grammar\/die-stellung-von-franzoesischen-adverbien-in-saetzen\/#breadcrumb\",\"itemListElement\":[{\"@type\":\"ListItem\",\"position\":1,\"name\":\"Homepage\",\"item\":\"https:\/\/talkpal.ai\/de\/\"},{\"@type\":\"ListItem\",\"position\":2,\"name\":\"Die Stellung von franz\u00f6sischen Adverbien in S\u00e4tzen\"}]},{\"@type\":\"WebSite\",\"@id\":\"https:\/\/talkpal.ai\/de\/#website\",\"url\":\"https:\/\/talkpal.ai\/de\/\",\"name\":\"Talkpal\",\"description\":\"AI Language Learning\",\"publisher\":{\"@id\":\"https:\/\/talkpal.ai\/de\/#organization\"},\"alternateName\":\"Talkpal AI\",\"potentialAction\":[{\"@type\":\"SearchAction\",\"target\":{\"@type\":\"EntryPoint\",\"urlTemplate\":\"https:\/\/talkpal.ai\/de\/?s={search_term_string}\"},\"query-input\":{\"@type\":\"PropertyValueSpecification\",\"valueRequired\":true,\"valueName\":\"search_term_string\"}}],\"inLanguage\":\"de\"},{\"@type\":\"Organization\",\"@id\":\"https:\/\/talkpal.ai\/de\/#organization\",\"name\":\"Talkpal, Inc.\",\"alternateName\":\"Talkpal AI\",\"url\":\"https:\/\/talkpal.ai\/de\/\",\"logo\":{\"@type\":\"ImageObject\",\"inLanguage\":\"de\",\"@id\":\"https:\/\/talkpal.ai\/de\/#\/schema\/logo\/image\/\",\"url\":\"https:\/\/talkpal.ai\/wp-content\/uploads\/2024\/03\/Talkpal-Logo-Icon.png\",\"contentUrl\":\"https:\/\/talkpal.ai\/wp-content\/uploads\/2024\/03\/Talkpal-Logo-Icon.png\",\"width\":2880,\"height\":2880,\"caption\":\"Talkpal, Inc.\"},\"image\":{\"@id\":\"https:\/\/talkpal.ai\/de\/#\/schema\/logo\/image\/\"},\"sameAs\":[\"https:\/\/www.facebook.com\/profile.php?id=100090733639311\",\"https:\/\/x.com\/talkpalai\",\"https:\/\/www.linkedin.com\/company\/talkpal\/\",\"https:\/\/www.youtube.com\/@TalkPal\/\",\"https:\/\/www.tiktok.com\/@talkpal\",\"https:\/\/www.instagram.com\/talkpal_ai\/\",\"https:\/\/www.crunchbase.com\/organization\/talkpal-9cde\",\"https:\/\/www.g2.com\/products\/talkpal-for-business\/\",\"https:\/\/www.trustpilot.com\/review\/talkpal.ai\",\"https:\/\/www.capterra.com\/p\/10006800\/TalkPal\/\"],\"description\":\"Talkpal is a language learning web and mobile education app, powered by the latest AI technologies, that provides engaging experiences to its customers in many different languages to help them improve their language skills. Users can chat about unlimited amount of topics with the app and use other modes to practice their language learning.\",\"email\":\"support@talkpal.ai\",\"legalName\":\"Talkpal, Inc.\",\"foundingDate\":\"2023-04-03\",\"duns\":\"118989042\",\"numberOfEmployees\":{\"@type\":\"QuantitativeValue\",\"minValue\":\"11\",\"maxValue\":\"50\"},\"publishingPrinciples\":\"https:\/\/talkpal.ai\/publishing-principles\/\",\"actionableFeedbackPolicy\":\"https:\/\/talkpal.ai\/actionable-feedback-policy\/\",\"correctionsPolicy\":\"https:\/\/talkpal.ai\/corrections-policy\/\",\"ethicsPolicy\":\"https:\/\/talkpal.ai\/ethics-policy\/\",\"diversityPolicy\":\"https:\/\/talkpal.ai\/diversity-policy\/\",\"diversityStaffingReport\":\"https:\/\/talkpal.ai\/diversity-policy\/\"}]}<\/script>\n<!-- \/ Yoast SEO Premium plugin. -->","yoast_head_json":{"title":"Die Stellung von franz\u00f6sischen Adverbien in S\u00e4tzen - Talkpal","description":"In diesem Artikel werden wir die Stellung von Adverbien in franz\u00f6sischen S\u00e4tzen detailliert untersuchen. Die korrekte Platzierung von Adverbien ist f\u00fcr","robots":{"index":"index","follow":"follow","max-snippet":"max-snippet:-1","max-image-preview":"max-image-preview:large","max-video-preview":"max-video-preview:-1"},"canonical":"https:\/\/talkpal.ai\/de\/grammar\/die-stellung-von-franzoesischen-adverbien-in-saetzen\/","og_locale":"de_DE","og_type":"article","og_title":"Die Stellung von franz\u00f6sischen Adverbien in S\u00e4tzen","og_description":"In diesem Artikel werden wir die Stellung von Adverbien in franz\u00f6sischen S\u00e4tzen detailliert untersuchen. Die korrekte Platzierung von Adverbien ist f\u00fcr","og_url":"https:\/\/talkpal.ai\/de\/grammar\/die-stellung-von-franzoesischen-adverbien-in-saetzen\/","og_site_name":"Talkpal","article_publisher":"https:\/\/www.facebook.com\/profile.php?id=100090733639311","article_modified_time":"2023-04-22T14:09:35+00:00","og_image":[{"width":1456,"height":816,"url":"https:\/\/talkpal.ai\/wp-content\/uploads\/2023\/04\/TalkPal-Illustration-of-students-studying-grammar-lessons-80.png","type":"image\/png"}],"twitter_card":"summary_large_image","twitter_site":"@talkpalai","twitter_misc":{"Gesch\u00e4tzte Lesezeit":"2\u00a0Minuten"},"schema":{"@context":"https:\/\/schema.org","@graph":[{"@type":"WebPage","@id":"https:\/\/talkpal.ai\/de\/grammar\/die-stellung-von-franzoesischen-adverbien-in-saetzen\/","url":"https:\/\/talkpal.ai\/de\/grammar\/die-stellung-von-franzoesischen-adverbien-in-saetzen\/","name":"Die Stellung von franz\u00f6sischen Adverbien in S\u00e4tzen - Talkpal","isPartOf":{"@id":"https:\/\/talkpal.ai\/de\/#website"},"primaryImageOfPage":{"@id":"https:\/\/talkpal.ai\/de\/grammar\/die-stellung-von-franzoesischen-adverbien-in-saetzen\/#primaryimage"},"image":{"@id":"https:\/\/talkpal.ai\/de\/grammar\/die-stellung-von-franzoesischen-adverbien-in-saetzen\/#primaryimage"},"thumbnailUrl":"https:\/\/talkpal.ai\/wp-content\/uploads\/2025\/12\/person-is-focused-learning-languages.webp","datePublished":"2023-04-04T09:22:27+00:00","dateModified":"2023-04-22T14:09:35+00:00","description":"In diesem Artikel werden wir die Stellung von Adverbien in franz\u00f6sischen S\u00e4tzen detailliert untersuchen. Die korrekte Platzierung von Adverbien ist f\u00fcr","breadcrumb":{"@id":"https:\/\/talkpal.ai\/de\/grammar\/die-stellung-von-franzoesischen-adverbien-in-saetzen\/#breadcrumb"},"inLanguage":"de","potentialAction":[{"@type":"ReadAction","target":["https:\/\/talkpal.ai\/de\/grammar\/die-stellung-von-franzoesischen-adverbien-in-saetzen\/"]}]},{"@type":"ImageObject","inLanguage":"de","@id":"https:\/\/talkpal.ai\/de\/grammar\/die-stellung-von-franzoesischen-adverbien-in-saetzen\/#primaryimage","url":"https:\/\/talkpal.ai\/wp-content\/uploads\/2025\/12\/person-is-focused-learning-languages.webp","contentUrl":"https:\/\/talkpal.ai\/wp-content\/uploads\/2025\/12\/person-is-focused-learning-languages.webp","width":1200,"height":896,"caption":"An older man wearing glasses and headphones uses a laptop to learn languages at night."},{"@type":"BreadcrumbList","@id":"https:\/\/talkpal.ai\/de\/grammar\/die-stellung-von-franzoesischen-adverbien-in-saetzen\/#breadcrumb","itemListElement":[{"@type":"ListItem","position":1,"name":"Homepage","item":"https:\/\/talkpal.ai\/de\/"},{"@type":"ListItem","position":2,"name":"Die Stellung von franz\u00f6sischen Adverbien in S\u00e4tzen"}]},{"@type":"WebSite","@id":"https:\/\/talkpal.ai\/de\/#website","url":"https:\/\/talkpal.ai\/de\/","name":"Talkpal","description":"AI Language Learning","publisher":{"@id":"https:\/\/talkpal.ai\/de\/#organization"},"alternateName":"Talkpal AI","potentialAction":[{"@type":"SearchAction","target":{"@type":"EntryPoint","urlTemplate":"https:\/\/talkpal.ai\/de\/?s={search_term_string}"},"query-input":{"@type":"PropertyValueSpecification","valueRequired":true,"valueName":"search_term_string"}}],"inLanguage":"de"},{"@type":"Organization","@id":"https:\/\/talkpal.ai\/de\/#organization","name":"Talkpal, Inc.","alternateName":"Talkpal AI","url":"https:\/\/talkpal.ai\/de\/","logo":{"@type":"ImageObject","inLanguage":"de","@id":"https:\/\/talkpal.ai\/de\/#\/schema\/logo\/image\/","url":"https:\/\/talkpal.ai\/wp-content\/uploads\/2024\/03\/Talkpal-Logo-Icon.png","contentUrl":"https:\/\/talkpal.ai\/wp-content\/uploads\/2024\/03\/Talkpal-Logo-Icon.png","width":2880,"height":2880,"caption":"Talkpal, Inc."},"image":{"@id":"https:\/\/talkpal.ai\/de\/#\/schema\/logo\/image\/"},"sameAs":["https:\/\/www.facebook.com\/profile.php?id=100090733639311","https:\/\/x.com\/talkpalai","https:\/\/www.linkedin.com\/company\/talkpal\/","https:\/\/www.youtube.com\/@TalkPal\/","https:\/\/www.tiktok.com\/@talkpal","https:\/\/www.instagram.com\/talkpal_ai\/","https:\/\/www.crunchbase.com\/organization\/talkpal-9cde","https:\/\/www.g2.com\/products\/talkpal-for-business\/","https:\/\/www.trustpilot.com\/review\/talkpal.ai","https:\/\/www.capterra.com\/p\/10006800\/TalkPal\/"],"description":"Talkpal is a language learning web and mobile education app, powered by the latest AI technologies, that provides engaging experiences to its customers in many different languages to help them improve their language skills. Users can chat about unlimited amount of topics with the app and use other modes to practice their language learning.","email":"support@talkpal.ai","legalName":"Talkpal, Inc.","foundingDate":"2023-04-03","duns":"118989042","numberOfEmployees":{"@type":"QuantitativeValue","minValue":"11","maxValue":"50"},"publishingPrinciples":"https:\/\/talkpal.ai\/publishing-principles\/","actionableFeedbackPolicy":"https:\/\/talkpal.ai\/actionable-feedback-policy\/","correctionsPolicy":"https:\/\/talkpal.ai\/corrections-policy\/","ethicsPolicy":"https:\/\/talkpal.ai\/ethics-policy\/","diversityPolicy":"https:\/\/talkpal.ai\/diversity-policy\/","diversityStaffingReport":"https:\/\/talkpal.ai\/diversity-policy\/"}]}},"_links":{"self":[{"href":"https:\/\/talkpal.ai\/de\/wp-json\/wp\/v2\/grammar\/9929","targetHints":{"allow":["GET"]}}],"collection":[{"href":"https:\/\/talkpal.ai\/de\/wp-json\/wp\/v2\/grammar"}],"about":[{"href":"https:\/\/talkpal.ai\/de\/wp-json\/wp\/v2\/types\/grammar"}],"wp:featuredmedia":[{"embeddable":true,"href":"https:\/\/talkpal.ai\/de\/wp-json\/wp\/v2\/media\/1527852"}],"wp:attachment":[{"href":"https:\/\/talkpal.ai\/de\/wp-json\/wp\/v2\/media?parent=9929"}],"wp:term":[{"taxonomy":"language","embeddable":true,"href":"https:\/\/talkpal.ai\/de\/wp-json\/wp\/v2\/language?post=9929"}],"curies":[{"name":"wp","href":"https:\/\/api.w.org\/{rel}","templated":true}]}}