{"id":9915,"date":"2023-04-04T09:08:48","date_gmt":"2023-04-04T09:08:48","guid":{"rendered":"http:\/\/talkpal.ai\/?post_type=grammar&#038;p=9915"},"modified":"2023-04-22T14:09:06","modified_gmt":"2023-04-22T14:09:06","slug":"umfassende-anleitung-zu-franzoesischen-reflexivpronomen","status":"publish","type":"grammar","link":"https:\/\/talkpal.ai\/de\/grammar\/umfassende-anleitung-zu-franzoesischen-reflexivpronomen\/","title":{"rendered":"Umfassende Anleitung zu franz\u00f6sischen Reflexivpronomen"},"content":{"rendered":"\n<h2 class=\"wp-block-heading\">Einf\u00fchrung in franz\u00f6sische Reflexivpronomen<\/h2>\n\n\n\n<p>Franz\u00f6sische <a href=\"https:\/\/talkpal.ai\/el\/grammar\/reflexivpronomen-%cf%83%cf%84%ce%b7-%ce%b3%ce%b5%cf%81%ce%bc%ce%b1%ce%bd%ce%b9%ce%ba%ce%ae-%ce%b3%cf%81%ce%b1%ce%bc%ce%bc%ce%b1%cf%84%ce%b9%ce%ba%ce%ae\/\">Reflexivpronomen<\/a> sind eine wichtige Komponente der franz\u00f6sischen <a href=\"https:\/\/talkpal.ai\/fr\/les\/\">Grammatik<\/a>, die dazu beitr\u00e4gt, den Zusammenhang zwischen dem Subjekt und dem Verb innerhalb eines Satzes herzustellen. Diese Pronomen werden verwendet, um auszudr\u00fccken, dass das Subjekt die Handlung an sich selbst oder an einem anderen Subjekt ausf\u00fchrt. In diesem Leitfaden bieten wir eine umfassende Anleitung zu franz\u00f6sischen Reflexivpronomen, einschlie\u00dflich ihrer Verwendung, ihrer Formen und Beispielen, um das Verst\u00e4ndnis und die <a href=\"https:\/\/talkpal.ai\/es\/descargar-la-aplicacion-talkpal-para-android-e-ios\/\">Anwendung<\/a> dieser Grammatikregel zu erleichtern.<\/p>\n\n\n\n<h2 class=\"wp-block-heading\">Die verschiedenen Formen von Reflexivpronomen<\/h2>\n\n\n\n<p>Franz\u00f6sische Reflexivpronomen passen sich dem Subjekt des Satzes an. Hier sind die verschiedenen Formen von Reflexivpronomen:<\/p>\n\n\n\n<ol class=\"wp-block-list\">\n<li><em>me<\/em> (mich) &#8211; f\u00fcr die erste Person Singular (je)<\/li>\n\n\n\n<li><em>te<\/em> (dich) &#8211; f\u00fcr die zweite Person Singular (tu)<\/li>\n\n\n\n<li><em>se<\/em> (sich) &#8211; f\u00fcr die dritte Person Singular (il\/elle\/on)<\/li>\n\n\n\n<li><em>nous<\/em> (uns) &#8211; f\u00fcr die erste Person Plural (nous)<\/li>\n\n\n\n<li><em>vous<\/em> (euch\/Sie) &#8211; f\u00fcr die zweite Person Plural oder Formal (vous)<\/li>\n\n\n\n<li><em>se<\/em> (sich) &#8211; f\u00fcr die dritte Person Plural (ils\/elles)<\/li>\n<\/ol>\n\n\n\n<h2 class=\"wp-block-heading\">Die Verwendung von Reflexivpronomen in S\u00e4tzen<\/h2>\n\n\n\n<p>Reflexivpronomen werden in Verbindung mit reflexiven Verben verwendet. <a href=\"https:\/\/talkpal.ai\/hi\/grammar_exercises\/reflexive-verben-%e0%a4%9c%e0%a4%b0%e0%a5%8d%e0%a4%ae%e0%a4%a8-%e0%a4%b5%e0%a5%8d%e0%a4%af%e0%a4%be%e0%a4%95%e0%a4%b0%e0%a4%a3-%e0%a4%95%e0%a5%87-%e0%a4%b2%e0%a4%bf%e0%a4%8f-%e0%a4%85%e0%a4%ad\/\">Reflexive Verben<\/a> sind Verben, die mit einem Reflexivpronomen verwendet werden, um auszudr\u00fccken, dass das Subjekt die Handlung an sich selbst oder an einem anderen Subjekt ausf\u00fchrt. Hier einige Beispiele, wie Reflexivpronomen in S\u00e4tzen verwendet werden:<\/p>\n\n\n\n<ul class=\"wp-block-list\">\n<li><em>Je me l\u00e8ve<\/em> (Ich stehe auf)<\/li>\n\n\n\n<li><em>Tu te brosses les dents<\/em> (Du putzt dir die Z\u00e4hne)<\/li>\n\n\n\n<li><em>Il se rase<\/em> (Er rasiert sich)<\/li>\n\n\n\n<li><em>Nous nous habillons<\/em> (Wir ziehen uns an)<\/li>\n\n\n\n<li><em>Vous vous reposez<\/em> (Ihr\/Sie erholen sich)<\/li>\n\n\n\n<li><em>Ils se rencontrent<\/em> (Sie treffen sich)<\/li>\n<\/ul>\n\n\n\n<h2 class=\"wp-block-heading\">Die Reflexivpronomen im Futur und im Pass\u00e9 Compos\u00e9<\/h2>\n\n\n\n<p>Reflexivpronomen werden auch in verschiedenen <a href=\"https:\/\/talkpal.ai\/zh-hans\/grammar_exercises\/zeitformen-%e5%be%b7%e5%9b%bd%e8%af%ad%e6%b3%95%e7%bb%83%e4%b9%a0\/\">Zeitformen<\/a> verwendet, wie zum Beispiel im Futur und im <a href=\"https:\/\/talkpal.ai\/ar\/grammar_exercises\/passe-compose-%d8%aa%d9%85%d8%a7%d8%b1%d9%8a%d9%86-%d9%84%d9%84%d9%82%d9%88%d8%a7%d8%b9%d8%af-%d8%a7%d9%84%d9%81%d8%b1%d9%86%d8%b3%d9%8a%d8%a9\/\">Pass\u00e9 Compos\u00e9<\/a>.<\/p>\n\n\n\n<h3 class=\"wp-block-heading\">Futur<\/h3>\n\n\n\n<p>Im Futur bleiben die Reflexivpronomen unver\u00e4ndert. Sie werden vor dem konjugierten Verb platziert. Hier einige Beispiele:<\/p>\n\n\n\n<ul class=\"wp-block-list\">\n<li><em>Je me l\u00e8verai<\/em> (Ich werde aufstehen)<\/li>\n\n\n\n<li><em>Tu te reposeras<\/em> (Du wirst dich ausruhen)<\/li>\n\n\n\n<li><em>Elle se maquillera<\/em> (Sie wird sich schminken)<\/li>\n<\/ul>\n\n\n\n<h3 class=\"wp-block-heading\">Pass\u00e9 Compos\u00e9<\/h3>\n\n\n\n<p>Im Pass\u00e9 Compos\u00e9 wird das Reflexivpronomen vor dem Hilfsverb &#8222;\u00eatre&#8220; platziert. Das Partizip des Verbs wird dann dem Geschlecht und der Zahl des Subjekts angepasst. Hier einige Beispiele:<\/p>\n\n\n\n<ul class=\"wp-block-list\">\n<li><em>Je me suis lev\u00e9(e)<\/em> (Ich bin aufgestanden)<\/li>\n\n\n\n<li><em>Tu t&#8217;es repos\u00e9(e)<\/em> (Du hast dich ausgeruht)<\/li>\n\n\n\n<li><em>Elles se sont rencontr\u00e9es<\/em> (Sie haben sich getroffen)<\/li>\n<\/ul>\n\n\n\n<h2 class=\"wp-block-heading\">Negative S\u00e4tze mit Reflexivpronomen<\/h2>\n\n\n\n<p>Um einen negativen Satz mit Reflexivpronomen zu bilden, wird die Verneinung um das Reflexivpronomen und das konjugierte Verb herum platziert. Hier einige Beispiele:<\/p>\n\n\n\n<ul class=\"wp-block-list\">\n<li><em>Je ne me l\u00e8ve pas<\/em> (Ich stehe nicht auf)<\/li>\n\n\n\n<li><em>Tu ne te brosses pas les dents<\/em> (Du putzt dir nicht die Z\u00e4hne)<\/li>\n\n\n\n<li><em>Ils ne se rencontrent pas<\/em> (Sie treffen sich nicht)<\/li>\n<\/ul>\n\n\n\n<h2 class=\"wp-block-heading\">Reflexivpronomen und unbetonte Objektpronomen<\/h2>\n\n\n\n<p>Wenn ein Satz sowohl ein Reflexivpronomen als auch ein unbetontes Objektpronomen enth\u00e4lt, wird das Reflexivpronomen vor das unbetonte Objektpronomen gestellt. Hier einige Beispiele:<\/p>\n\n\n\n<ul class=\"wp-block-list\">\n<li><em>Je me le rappelle<\/em> (Ich erinnere mich daran)<\/li>\n\n\n\n<li><em>Tu te lui pr\u00e9sentes<\/em> (Du stellst dich ihm\/ihr vor)<\/li>\n<\/ul>\n\n\n\n<p>In dieser umfassenden Anleitung zu franz\u00f6sischen Reflexivpronomen haben wir die verschiedenen Formen, ihre Verwendung in S\u00e4tzen, ihre Anwendung in verschiedenen Zeitformen und ihre Kombination mit unbetonten Objektpronomen behandelt. Durch das Verst\u00e4ndnis und die \u00dcbung dieser Grammatikregel k\u00f6nnen Lernende ihre Kommunikationsf\u00e4higkeiten in der franz\u00f6sischen Sprache erheblich verbessern.<\/p>\n","protected":false},"featured_media":1528018,"template":"","language":[337,366],"class_list":["post-9915","grammar","type-grammar","status-publish","has-post-thumbnail","hentry","language-franzoesisch","language-pronomen-de"],"acf":[],"yoast_head":"<!-- This site is optimized with the Yoast SEO Premium plugin v27.2 (Yoast SEO v27.2) - https:\/\/yoast.com\/product\/yoast-seo-premium-wordpress\/ -->\n<title>Umfassende Anleitung zu franz\u00f6sischen Reflexivpronomen - Talkpal<\/title>\n<meta name=\"description\" content=\"Einf\u00fchrung in franz\u00f6sische Reflexivpronomen Franz\u00f6sische Reflexivpronomen sind eine wichtige Komponente der franz\u00f6sischen Grammatik, die dazu beitr\u00e4gt,\" \/>\n<meta name=\"robots\" content=\"index, follow, max-snippet:-1, max-image-preview:large, max-video-preview:-1\" \/>\n<link rel=\"canonical\" href=\"https:\/\/talkpal.ai\/de\/grammar\/umfassende-anleitung-zu-franzoesischen-reflexivpronomen\/\" \/>\n<meta property=\"og:locale\" content=\"de_DE\" \/>\n<meta property=\"og:type\" content=\"article\" \/>\n<meta property=\"og:title\" content=\"Umfassende Anleitung zu franz\u00f6sischen Reflexivpronomen\" \/>\n<meta property=\"og:description\" content=\"Einf\u00fchrung in franz\u00f6sische Reflexivpronomen Franz\u00f6sische Reflexivpronomen sind eine wichtige Komponente der franz\u00f6sischen Grammatik, die dazu beitr\u00e4gt,\" \/>\n<meta property=\"og:url\" content=\"https:\/\/talkpal.ai\/de\/grammar\/umfassende-anleitung-zu-franzoesischen-reflexivpronomen\/\" \/>\n<meta property=\"og:site_name\" content=\"Talkpal\" \/>\n<meta property=\"article:publisher\" content=\"https:\/\/www.facebook.com\/profile.php?id=100090733639311\" \/>\n<meta property=\"article:modified_time\" content=\"2023-04-22T14:09:06+00:00\" \/>\n<meta property=\"og:image\" content=\"https:\/\/talkpal.ai\/wp-content\/uploads\/2023\/04\/TalkPal-Illustration-of-students-studying-grammar-lessons-104.png\" \/>\n\t<meta property=\"og:image:width\" content=\"1456\" \/>\n\t<meta property=\"og:image:height\" content=\"816\" \/>\n\t<meta property=\"og:image:type\" content=\"image\/png\" \/>\n<meta name=\"twitter:card\" content=\"summary_large_image\" \/>\n<meta name=\"twitter:site\" content=\"@talkpalai\" \/>\n<meta name=\"twitter:label1\" content=\"Gesch\u00e4tzte Lesezeit\" \/>\n\t<meta name=\"twitter:data1\" content=\"3\u00a0Minuten\" \/>\n<script type=\"application\/ld+json\" class=\"yoast-schema-graph\">{\"@context\":\"https:\/\/schema.org\",\"@graph\":[{\"@type\":\"WebPage\",\"@id\":\"https:\/\/talkpal.ai\/de\/grammar\/umfassende-anleitung-zu-franzoesischen-reflexivpronomen\/\",\"url\":\"https:\/\/talkpal.ai\/de\/grammar\/umfassende-anleitung-zu-franzoesischen-reflexivpronomen\/\",\"name\":\"Umfassende Anleitung zu franz\u00f6sischen Reflexivpronomen - Talkpal\",\"isPartOf\":{\"@id\":\"https:\/\/talkpal.ai\/de\/#website\"},\"primaryImageOfPage\":{\"@id\":\"https:\/\/talkpal.ai\/de\/grammar\/umfassende-anleitung-zu-franzoesischen-reflexivpronomen\/#primaryimage\"},\"image\":{\"@id\":\"https:\/\/talkpal.ai\/de\/grammar\/umfassende-anleitung-zu-franzoesischen-reflexivpronomen\/#primaryimage\"},\"thumbnailUrl\":\"https:\/\/talkpal.ai\/wp-content\/uploads\/2025\/12\/tablet-is-browsed-to-learn-languages.webp\",\"datePublished\":\"2023-04-04T09:08:48+00:00\",\"dateModified\":\"2023-04-22T14:09:06+00:00\",\"description\":\"Einf\u00fchrung in franz\u00f6sische Reflexivpronomen Franz\u00f6sische Reflexivpronomen sind eine wichtige Komponente der franz\u00f6sischen Grammatik, die dazu beitr\u00e4gt,\",\"breadcrumb\":{\"@id\":\"https:\/\/talkpal.ai\/de\/grammar\/umfassende-anleitung-zu-franzoesischen-reflexivpronomen\/#breadcrumb\"},\"inLanguage\":\"de\",\"potentialAction\":[{\"@type\":\"ReadAction\",\"target\":[\"https:\/\/talkpal.ai\/de\/grammar\/umfassende-anleitung-zu-franzoesischen-reflexivpronomen\/\"]}]},{\"@type\":\"ImageObject\",\"inLanguage\":\"de\",\"@id\":\"https:\/\/talkpal.ai\/de\/grammar\/umfassende-anleitung-zu-franzoesischen-reflexivpronomen\/#primaryimage\",\"url\":\"https:\/\/talkpal.ai\/wp-content\/uploads\/2025\/12\/tablet-is-browsed-to-learn-languages.webp\",\"contentUrl\":\"https:\/\/talkpal.ai\/wp-content\/uploads\/2025\/12\/tablet-is-browsed-to-learn-languages.webp\",\"width\":1200,\"height\":896,\"caption\":\"A person sits on the floor with a tablet while learning languages under decorative string lights.\"},{\"@type\":\"BreadcrumbList\",\"@id\":\"https:\/\/talkpal.ai\/de\/grammar\/umfassende-anleitung-zu-franzoesischen-reflexivpronomen\/#breadcrumb\",\"itemListElement\":[{\"@type\":\"ListItem\",\"position\":1,\"name\":\"Homepage\",\"item\":\"https:\/\/talkpal.ai\/de\/\"},{\"@type\":\"ListItem\",\"position\":2,\"name\":\"Umfassende Anleitung zu franz\u00f6sischen Reflexivpronomen\"}]},{\"@type\":\"WebSite\",\"@id\":\"https:\/\/talkpal.ai\/de\/#website\",\"url\":\"https:\/\/talkpal.ai\/de\/\",\"name\":\"Talkpal\",\"description\":\"AI Language Learning\",\"publisher\":{\"@id\":\"https:\/\/talkpal.ai\/de\/#organization\"},\"alternateName\":\"Talkpal AI\",\"potentialAction\":[{\"@type\":\"SearchAction\",\"target\":{\"@type\":\"EntryPoint\",\"urlTemplate\":\"https:\/\/talkpal.ai\/de\/?s={search_term_string}\"},\"query-input\":{\"@type\":\"PropertyValueSpecification\",\"valueRequired\":true,\"valueName\":\"search_term_string\"}}],\"inLanguage\":\"de\"},{\"@type\":\"Organization\",\"@id\":\"https:\/\/talkpal.ai\/de\/#organization\",\"name\":\"Talkpal, Inc.\",\"alternateName\":\"Talkpal AI\",\"url\":\"https:\/\/talkpal.ai\/de\/\",\"logo\":{\"@type\":\"ImageObject\",\"inLanguage\":\"de\",\"@id\":\"https:\/\/talkpal.ai\/de\/#\/schema\/logo\/image\/\",\"url\":\"https:\/\/talkpal.ai\/wp-content\/uploads\/2024\/03\/Talkpal-Logo-Icon.png\",\"contentUrl\":\"https:\/\/talkpal.ai\/wp-content\/uploads\/2024\/03\/Talkpal-Logo-Icon.png\",\"width\":2880,\"height\":2880,\"caption\":\"Talkpal, Inc.\"},\"image\":{\"@id\":\"https:\/\/talkpal.ai\/de\/#\/schema\/logo\/image\/\"},\"sameAs\":[\"https:\/\/www.facebook.com\/profile.php?id=100090733639311\",\"https:\/\/x.com\/talkpalai\",\"https:\/\/www.linkedin.com\/company\/talkpal\/\",\"https:\/\/www.youtube.com\/@TalkPal\/\",\"https:\/\/www.tiktok.com\/@talkpal\",\"https:\/\/www.instagram.com\/talkpal_ai\/\",\"https:\/\/www.crunchbase.com\/organization\/talkpal-9cde\",\"https:\/\/www.g2.com\/products\/talkpal-for-business\/\",\"https:\/\/www.trustpilot.com\/review\/talkpal.ai\",\"https:\/\/www.capterra.com\/p\/10006800\/TalkPal\/\"],\"description\":\"Talkpal is a language learning web and mobile education app, powered by the latest AI technologies, that provides engaging experiences to its customers in many different languages to help them improve their language skills. Users can chat about unlimited amount of topics with the app and use other modes to practice their language learning.\",\"email\":\"support@talkpal.ai\",\"legalName\":\"Talkpal, Inc.\",\"foundingDate\":\"2023-04-03\",\"duns\":\"118989042\",\"numberOfEmployees\":{\"@type\":\"QuantitativeValue\",\"minValue\":\"11\",\"maxValue\":\"50\"},\"publishingPrinciples\":\"https:\/\/talkpal.ai\/publishing-principles\/\",\"actionableFeedbackPolicy\":\"https:\/\/talkpal.ai\/actionable-feedback-policy\/\",\"correctionsPolicy\":\"https:\/\/talkpal.ai\/corrections-policy\/\",\"ethicsPolicy\":\"https:\/\/talkpal.ai\/ethics-policy\/\",\"diversityPolicy\":\"https:\/\/talkpal.ai\/diversity-policy\/\",\"diversityStaffingReport\":\"https:\/\/talkpal.ai\/diversity-policy\/\"}]}<\/script>\n<!-- \/ Yoast SEO Premium plugin. -->","yoast_head_json":{"title":"Umfassende Anleitung zu franz\u00f6sischen Reflexivpronomen - Talkpal","description":"Einf\u00fchrung in franz\u00f6sische Reflexivpronomen Franz\u00f6sische Reflexivpronomen sind eine wichtige Komponente der franz\u00f6sischen Grammatik, die dazu beitr\u00e4gt,","robots":{"index":"index","follow":"follow","max-snippet":"max-snippet:-1","max-image-preview":"max-image-preview:large","max-video-preview":"max-video-preview:-1"},"canonical":"https:\/\/talkpal.ai\/de\/grammar\/umfassende-anleitung-zu-franzoesischen-reflexivpronomen\/","og_locale":"de_DE","og_type":"article","og_title":"Umfassende Anleitung zu franz\u00f6sischen Reflexivpronomen","og_description":"Einf\u00fchrung in franz\u00f6sische Reflexivpronomen Franz\u00f6sische Reflexivpronomen sind eine wichtige Komponente der franz\u00f6sischen Grammatik, die dazu beitr\u00e4gt,","og_url":"https:\/\/talkpal.ai\/de\/grammar\/umfassende-anleitung-zu-franzoesischen-reflexivpronomen\/","og_site_name":"Talkpal","article_publisher":"https:\/\/www.facebook.com\/profile.php?id=100090733639311","article_modified_time":"2023-04-22T14:09:06+00:00","og_image":[{"width":1456,"height":816,"url":"https:\/\/talkpal.ai\/wp-content\/uploads\/2023\/04\/TalkPal-Illustration-of-students-studying-grammar-lessons-104.png","type":"image\/png"}],"twitter_card":"summary_large_image","twitter_site":"@talkpalai","twitter_misc":{"Gesch\u00e4tzte Lesezeit":"3\u00a0Minuten"},"schema":{"@context":"https:\/\/schema.org","@graph":[{"@type":"WebPage","@id":"https:\/\/talkpal.ai\/de\/grammar\/umfassende-anleitung-zu-franzoesischen-reflexivpronomen\/","url":"https:\/\/talkpal.ai\/de\/grammar\/umfassende-anleitung-zu-franzoesischen-reflexivpronomen\/","name":"Umfassende Anleitung zu franz\u00f6sischen Reflexivpronomen - Talkpal","isPartOf":{"@id":"https:\/\/talkpal.ai\/de\/#website"},"primaryImageOfPage":{"@id":"https:\/\/talkpal.ai\/de\/grammar\/umfassende-anleitung-zu-franzoesischen-reflexivpronomen\/#primaryimage"},"image":{"@id":"https:\/\/talkpal.ai\/de\/grammar\/umfassende-anleitung-zu-franzoesischen-reflexivpronomen\/#primaryimage"},"thumbnailUrl":"https:\/\/talkpal.ai\/wp-content\/uploads\/2025\/12\/tablet-is-browsed-to-learn-languages.webp","datePublished":"2023-04-04T09:08:48+00:00","dateModified":"2023-04-22T14:09:06+00:00","description":"Einf\u00fchrung in franz\u00f6sische Reflexivpronomen Franz\u00f6sische Reflexivpronomen sind eine wichtige Komponente der franz\u00f6sischen Grammatik, die dazu beitr\u00e4gt,","breadcrumb":{"@id":"https:\/\/talkpal.ai\/de\/grammar\/umfassende-anleitung-zu-franzoesischen-reflexivpronomen\/#breadcrumb"},"inLanguage":"de","potentialAction":[{"@type":"ReadAction","target":["https:\/\/talkpal.ai\/de\/grammar\/umfassende-anleitung-zu-franzoesischen-reflexivpronomen\/"]}]},{"@type":"ImageObject","inLanguage":"de","@id":"https:\/\/talkpal.ai\/de\/grammar\/umfassende-anleitung-zu-franzoesischen-reflexivpronomen\/#primaryimage","url":"https:\/\/talkpal.ai\/wp-content\/uploads\/2025\/12\/tablet-is-browsed-to-learn-languages.webp","contentUrl":"https:\/\/talkpal.ai\/wp-content\/uploads\/2025\/12\/tablet-is-browsed-to-learn-languages.webp","width":1200,"height":896,"caption":"A person sits on the floor with a tablet while learning languages under decorative string lights."},{"@type":"BreadcrumbList","@id":"https:\/\/talkpal.ai\/de\/grammar\/umfassende-anleitung-zu-franzoesischen-reflexivpronomen\/#breadcrumb","itemListElement":[{"@type":"ListItem","position":1,"name":"Homepage","item":"https:\/\/talkpal.ai\/de\/"},{"@type":"ListItem","position":2,"name":"Umfassende Anleitung zu franz\u00f6sischen Reflexivpronomen"}]},{"@type":"WebSite","@id":"https:\/\/talkpal.ai\/de\/#website","url":"https:\/\/talkpal.ai\/de\/","name":"Talkpal","description":"AI Language Learning","publisher":{"@id":"https:\/\/talkpal.ai\/de\/#organization"},"alternateName":"Talkpal AI","potentialAction":[{"@type":"SearchAction","target":{"@type":"EntryPoint","urlTemplate":"https:\/\/talkpal.ai\/de\/?s={search_term_string}"},"query-input":{"@type":"PropertyValueSpecification","valueRequired":true,"valueName":"search_term_string"}}],"inLanguage":"de"},{"@type":"Organization","@id":"https:\/\/talkpal.ai\/de\/#organization","name":"Talkpal, Inc.","alternateName":"Talkpal AI","url":"https:\/\/talkpal.ai\/de\/","logo":{"@type":"ImageObject","inLanguage":"de","@id":"https:\/\/talkpal.ai\/de\/#\/schema\/logo\/image\/","url":"https:\/\/talkpal.ai\/wp-content\/uploads\/2024\/03\/Talkpal-Logo-Icon.png","contentUrl":"https:\/\/talkpal.ai\/wp-content\/uploads\/2024\/03\/Talkpal-Logo-Icon.png","width":2880,"height":2880,"caption":"Talkpal, Inc."},"image":{"@id":"https:\/\/talkpal.ai\/de\/#\/schema\/logo\/image\/"},"sameAs":["https:\/\/www.facebook.com\/profile.php?id=100090733639311","https:\/\/x.com\/talkpalai","https:\/\/www.linkedin.com\/company\/talkpal\/","https:\/\/www.youtube.com\/@TalkPal\/","https:\/\/www.tiktok.com\/@talkpal","https:\/\/www.instagram.com\/talkpal_ai\/","https:\/\/www.crunchbase.com\/organization\/talkpal-9cde","https:\/\/www.g2.com\/products\/talkpal-for-business\/","https:\/\/www.trustpilot.com\/review\/talkpal.ai","https:\/\/www.capterra.com\/p\/10006800\/TalkPal\/"],"description":"Talkpal is a language learning web and mobile education app, powered by the latest AI technologies, that provides engaging experiences to its customers in many different languages to help them improve their language skills. Users can chat about unlimited amount of topics with the app and use other modes to practice their language learning.","email":"support@talkpal.ai","legalName":"Talkpal, Inc.","foundingDate":"2023-04-03","duns":"118989042","numberOfEmployees":{"@type":"QuantitativeValue","minValue":"11","maxValue":"50"},"publishingPrinciples":"https:\/\/talkpal.ai\/publishing-principles\/","actionableFeedbackPolicy":"https:\/\/talkpal.ai\/actionable-feedback-policy\/","correctionsPolicy":"https:\/\/talkpal.ai\/corrections-policy\/","ethicsPolicy":"https:\/\/talkpal.ai\/ethics-policy\/","diversityPolicy":"https:\/\/talkpal.ai\/diversity-policy\/","diversityStaffingReport":"https:\/\/talkpal.ai\/diversity-policy\/"}]}},"_links":{"self":[{"href":"https:\/\/talkpal.ai\/de\/wp-json\/wp\/v2\/grammar\/9915","targetHints":{"allow":["GET"]}}],"collection":[{"href":"https:\/\/talkpal.ai\/de\/wp-json\/wp\/v2\/grammar"}],"about":[{"href":"https:\/\/talkpal.ai\/de\/wp-json\/wp\/v2\/types\/grammar"}],"wp:featuredmedia":[{"embeddable":true,"href":"https:\/\/talkpal.ai\/de\/wp-json\/wp\/v2\/media\/1528018"}],"wp:attachment":[{"href":"https:\/\/talkpal.ai\/de\/wp-json\/wp\/v2\/media?parent=9915"}],"wp:term":[{"taxonomy":"language","embeddable":true,"href":"https:\/\/talkpal.ai\/de\/wp-json\/wp\/v2\/language?post=9915"}],"curies":[{"name":"wp","href":"https:\/\/api.w.org\/{rel}","templated":true}]}}