{"id":9846,"date":"2023-04-04T07:27:23","date_gmt":"2023-04-04T07:27:23","guid":{"rendered":"http:\/\/talkpal.ai\/?post_type=grammar&#038;p=9846"},"modified":"2023-04-22T14:06:12","modified_gmt":"2023-04-22T14:06:12","slug":"die-deklination-der-pronomen-im-nominativ-eine-tiefgruendige-betrachtung","status":"publish","type":"grammar","link":"https:\/\/talkpal.ai\/de\/grammar\/die-deklination-der-pronomen-im-nominativ-eine-tiefgruendige-betrachtung\/","title":{"rendered":"Die Deklination der Pronomen im Nominativ \u2013 Eine tiefgr\u00fcndige Betrachtung"},"content":{"rendered":"\n<h2 class=\"wp-block-heading\">Einf\u00fchrung in die Nominativ-Deklination von Pronomen<\/h2>\n\n\n\n<p>In diesem Artikel befassen wir uns eingehend mit der <a href=\"https:\/\/talkpal.ai\/zh-hans\/grammar_exercises\/deklination-%e5%be%b7%e5%9b%bd%e8%af%ad%e6%b3%95%e7%bb%83%e4%b9%a0\/\">Deklination<\/a> von Pronomen im Nominativ. Der Nominativ ist der erste Fall im deutschen Sprachgebrauch und dient dazu, das Subjekt des Satzes zu kennzeichnen. Pronomen sind \u00e4u\u00dferst n\u00fctzliche sprachliche Elemente, da sie dazu verwendet werden, auf andere W\u00f6rter zu verweisen oder sie zu ersetzen. Dadurch erhalten die S\u00e4tze eine gr\u00f6\u00dfere Klarheit und Fl\u00fcssigkeit.<\/p>\n\n\n\n<h2 class=\"wp-block-heading\">Die verschiedenen Arten von Pronomen im Nominativ<\/h2>\n\n\n\n<p><a href=\"https:\/\/talkpal.ai\/culture\/what-is-the-difference-between-es-gibt-and-da-ist\/\">Es gibt<\/a> verschiedene Arten von Pronomen im Nominativ, die wir im Folgenden n\u00e4her betrachten werden:<\/p>\n\n\n\n<h3 class=\"wp-block-heading\">Personalpronomen<\/h3>\n\n\n\n<p><a href=\"https:\/\/talkpal.ai\/de\/grammar\/englische-grammatik-personalpronomen\/\">Personalpronomen<\/a> ersetzen ein bereits im Satz genanntes oder bekanntes Nomen und beziehen sich auf Personen oder Dinge. Die Deklination der Personalpronomen im Nominativ ist wie folgt:<\/p>\n\n\n\n<ul class=\"wp-block-list\">\n<li>ich<\/li>\n\n\n\n<li>du<\/li>\n\n\n\n<li>er, sie, es<\/li>\n\n\n\n<li>wir<\/li>\n\n\n\n<li>ihr<\/li>\n\n\n\n<li>sie, Sie<\/li>\n<\/ul>\n\n\n\n<p><strong>Beispiel:<\/strong><\/p>\n\n\n\n<ul class=\"wp-block-list\">\n<li>Ich habe ein Buch gelesen.<\/li>\n\n\n\n<li>Du bist mein Freund.<\/li>\n\n\n\n<li>Er arbeitet heute zu Hause.<\/li>\n<\/ul>\n\n\n\n<h3 class=\"wp-block-heading\">Possessivpronomen<\/h3>\n\n\n\n<p>Possessivpronomen zeigen den Besitz einer Person oder Sache an und ersetzen deshalb ebenfalls ein bereits genanntes Nomen. Im Nominativ werden sie wie folgt dekliniert:<\/p>\n\n\n\n<ul class=\"wp-block-list\">\n<li>mein<\/li>\n\n\n\n<li>dein<\/li>\n\n\n\n<li>sein, ihr, sein<\/li>\n\n\n\n<li>unser<\/li>\n\n\n\n<li>euer<\/li>\n\n\n\n<li>ihr, Ihr<\/li>\n<\/ul>\n\n\n\n<p><strong>Beispiel:<\/strong><\/p>\n\n\n\n<ul class=\"wp-block-list\">\n<li>Mein Auto ist blau.<\/li>\n\n\n\n<li>Dein Hund ist sehr s\u00fc\u00df.<\/li>\n\n\n\n<li>Ihr Haus ist gro\u00df.<\/li>\n<\/ul>\n\n\n\n<h3 class=\"wp-block-heading\">Demonstrativpronomen<\/h3>\n\n\n\n<p>Demonstrativpronomen verweisen auf eine bestimmte Person oder Sache und ersetzen im Satz ein bereits genanntes oder bekanntes Nomen. Im Nominativ lauten sie:<\/p>\n\n\n\n<ul class=\"wp-block-list\">\n<li>dieser, diese, dieses<\/li>\n\n\n\n<li>jener, jene, jenes<\/li>\n<\/ul>\n\n\n\n<p><strong>Beispiel:<\/strong><\/p>\n\n\n\n<ul class=\"wp-block-list\">\n<li>Dieser Stuhl ist unbequem.<\/li>\n\n\n\n<li>Jenes Haus ist sehr alt.<\/li>\n<\/ul>\n\n\n\n<h3 class=\"wp-block-heading\">Relativpronomen<\/h3>\n\n\n\n<p><a href=\"https:\/\/talkpal.ai\/hi\/grammar_exercises\/relativpronomen-%e0%a4%9c%e0%a4%b0%e0%a5%8d%e0%a4%ae%e0%a4%a8-%e0%a4%b5%e0%a5%8d%e0%a4%af%e0%a4%be%e0%a4%95%e0%a4%b0%e0%a4%a3-%e0%a4%95%e0%a5%87-%e0%a4%b2%e0%a4%bf%e0%a4%8f-%e0%a4%85%e0%a4%ad%e0%a5%8d\/\">Relativpronomen<\/a> leiten <a href=\"https:\/\/talkpal.ai\/ar\/grammar_exercises\/nebensatze-%d8%aa%d9%85%d8%a7%d8%b1%d9%8a%d9%86-%d9%84%d9%84%d9%82%d9%88%d8%a7%d8%b9%d8%af-%d8%a7%d9%84%d8%a3%d9%84%d9%85%d8%a7%d9%86%d9%8a%d8%a9\/\">Nebens\u00e4tze<\/a> ein und beziehen sich auf ein Nomen aus dem Hauptsatz. Im Nominativ lauten sie:<\/p>\n\n\n\n<ul class=\"wp-block-list\">\n<li>der, die, das<\/li>\n\n\n\n<li>welcher, welche, welches<\/li>\n<\/ul>\n\n\n\n<p><strong>Beispiel:<\/strong><\/p>\n\n\n\n<ul class=\"wp-block-list\">\n<li>Der Mann, der dort steht, ist mein Vater.<\/li>\n\n\n\n<li>Die Frau, welche das Auto f\u00e4hrt, ist meine Chefin.<\/li>\n<\/ul>\n\n\n\n<h3 class=\"wp-block-heading\">Interrogativpronomen<\/h3>\n\n\n\n<p><a href=\"https:\/\/talkpal.ai\/ar\/grammar_exercises\/interrogativpronomen-%d8%aa%d9%85%d8%a7%d8%b1%d9%8a%d9%86-%d9%84%d9%84%d9%82%d9%88%d8%a7%d8%b9%d8%af-%d8%a7%d9%84%d8%a3%d9%84%d9%85%d8%a7%d9%86%d9%8a%d8%a9\/\">Interrogativpronomen<\/a> werden verwendet, um Fragen einzuleiten. Im Nominativ lauten sie:<\/p>\n\n\n\n<ul class=\"wp-block-list\">\n<li>wer, was<\/li>\n\n\n\n<li>welcher, welche, welches<\/li>\n<\/ul>\n\n\n\n<p><strong>Beispiel:<\/strong><\/p>\n\n\n\n<ul class=\"wp-block-list\">\n<li>Wer bist du?<\/li>\n\n\n\n<li>Welches Buch hast du gelesen?<\/li>\n<\/ul>\n\n\n\n<h2 class=\"wp-block-heading\">Zusammenfassung und abschlie\u00dfende Gedanken<\/h2>\n\n\n\n<p>Die korrekte Verwendung und Deklination der Pronomen im Nominativ ist essenziell f\u00fcr einen klaren und pr\u00e4zisen Ausdruck im Deutschen. In diesem Artikel haben wir die verschiedenen Arten von Pronomen im Nominativ n\u00e4her betrachtet und ihre Deklination erl\u00e4utert. Das Verst\u00e4ndnis der unterschiedlichen Pronomen und ihrer Funktionen im Satz erm\u00f6glicht Ihnen, sowohl im schriftlichen als auch im m\u00fcndlichen Gebrauch der deutschen Sprache sicher und souver\u00e4n aufzutreten.<\/p>\n","protected":false},"featured_media":1528073,"template":"","language":[336,355],"class_list":["post-9846","grammar","type-grammar","status-publish","has-post-thumbnail","hentry","language-deutsch","language-pronomen"],"acf":[],"yoast_head":"<!-- This site is optimized with the Yoast SEO Premium plugin v27.2 (Yoast SEO v27.2) - https:\/\/yoast.com\/product\/yoast-seo-premium-wordpress\/ -->\n<title>Die Deklination der Pronomen im Nominativ \u2013 Eine tiefgr\u00fcndige Betrachtung - Talkpal<\/title>\n<meta name=\"description\" content=\"Einf\u00fchrung in die Nominativ-Deklination von Pronomen In diesem Artikel befassen wir uns eingehend mit der Deklination von Pronomen im Nominativ. Der\" \/>\n<meta name=\"robots\" content=\"index, follow, max-snippet:-1, max-image-preview:large, max-video-preview:-1\" \/>\n<link rel=\"canonical\" href=\"https:\/\/talkpal.ai\/de\/grammar\/die-deklination-der-pronomen-im-nominativ-eine-tiefgruendige-betrachtung\/\" \/>\n<meta property=\"og:locale\" content=\"de_DE\" \/>\n<meta property=\"og:type\" content=\"article\" \/>\n<meta property=\"og:title\" content=\"Die Deklination der Pronomen im Nominativ \u2013 Eine tiefgr\u00fcndige Betrachtung\" \/>\n<meta property=\"og:description\" content=\"Einf\u00fchrung in die Nominativ-Deklination von Pronomen In diesem Artikel befassen wir uns eingehend mit der Deklination von Pronomen im Nominativ. Der\" \/>\n<meta property=\"og:url\" content=\"https:\/\/talkpal.ai\/de\/grammar\/die-deklination-der-pronomen-im-nominativ-eine-tiefgruendige-betrachtung\/\" \/>\n<meta property=\"og:site_name\" content=\"Talkpal\" \/>\n<meta property=\"article:publisher\" content=\"https:\/\/www.facebook.com\/profile.php?id=100090733639311\" \/>\n<meta property=\"article:modified_time\" content=\"2023-04-22T14:06:12+00:00\" \/>\n<meta property=\"og:image\" content=\"https:\/\/talkpal.ai\/wp-content\/uploads\/2023\/04\/TalkPal-Illustration-of-students-studying-grammar-lessons-57.png\" \/>\n\t<meta property=\"og:image:width\" content=\"1456\" \/>\n\t<meta property=\"og:image:height\" content=\"816\" \/>\n\t<meta property=\"og:image:type\" content=\"image\/png\" \/>\n<meta name=\"twitter:card\" content=\"summary_large_image\" \/>\n<meta name=\"twitter:site\" content=\"@talkpalai\" \/>\n<meta name=\"twitter:label1\" content=\"Gesch\u00e4tzte Lesezeit\" \/>\n\t<meta name=\"twitter:data1\" content=\"2\u00a0Minuten\" \/>\n<script type=\"application\/ld+json\" class=\"yoast-schema-graph\">{\"@context\":\"https:\/\/schema.org\",\"@graph\":[{\"@type\":\"WebPage\",\"@id\":\"https:\/\/talkpal.ai\/de\/grammar\/die-deklination-der-pronomen-im-nominativ-eine-tiefgruendige-betrachtung\/\",\"url\":\"https:\/\/talkpal.ai\/de\/grammar\/die-deklination-der-pronomen-im-nominativ-eine-tiefgruendige-betrachtung\/\",\"name\":\"Die Deklination der Pronomen im Nominativ \u2013 Eine tiefgr\u00fcndige Betrachtung - Talkpal\",\"isPartOf\":{\"@id\":\"https:\/\/talkpal.ai\/de\/#website\"},\"primaryImageOfPage\":{\"@id\":\"https:\/\/talkpal.ai\/de\/grammar\/die-deklination-der-pronomen-im-nominativ-eine-tiefgruendige-betrachtung\/#primaryimage\"},\"image\":{\"@id\":\"https:\/\/talkpal.ai\/de\/grammar\/die-deklination-der-pronomen-im-nominativ-eine-tiefgruendige-betrachtung\/#primaryimage\"},\"thumbnailUrl\":\"https:\/\/talkpal.ai\/wp-content\/uploads\/2025\/12\/verb-conjugations-are-written-to-learn-languages.webp\",\"datePublished\":\"2023-04-04T07:27:23+00:00\",\"dateModified\":\"2023-04-22T14:06:12+00:00\",\"description\":\"Einf\u00fchrung in die Nominativ-Deklination von Pronomen In diesem Artikel befassen wir uns eingehend mit der Deklination von Pronomen im Nominativ. Der\",\"breadcrumb\":{\"@id\":\"https:\/\/talkpal.ai\/de\/grammar\/die-deklination-der-pronomen-im-nominativ-eine-tiefgruendige-betrachtung\/#breadcrumb\"},\"inLanguage\":\"de\",\"potentialAction\":[{\"@type\":\"ReadAction\",\"target\":[\"https:\/\/talkpal.ai\/de\/grammar\/die-deklination-der-pronomen-im-nominativ-eine-tiefgruendige-betrachtung\/\"]}]},{\"@type\":\"ImageObject\",\"inLanguage\":\"de\",\"@id\":\"https:\/\/talkpal.ai\/de\/grammar\/die-deklination-der-pronomen-im-nominativ-eine-tiefgruendige-betrachtung\/#primaryimage\",\"url\":\"https:\/\/talkpal.ai\/wp-content\/uploads\/2025\/12\/verb-conjugations-are-written-to-learn-languages.webp\",\"contentUrl\":\"https:\/\/talkpal.ai\/wp-content\/uploads\/2025\/12\/verb-conjugations-are-written-to-learn-languages.webp\",\"width\":1200,\"height\":896,\"caption\":\"A bearded man writes in a large book for the purpose of learning languages at a messy desk.\"},{\"@type\":\"BreadcrumbList\",\"@id\":\"https:\/\/talkpal.ai\/de\/grammar\/die-deklination-der-pronomen-im-nominativ-eine-tiefgruendige-betrachtung\/#breadcrumb\",\"itemListElement\":[{\"@type\":\"ListItem\",\"position\":1,\"name\":\"Homepage\",\"item\":\"https:\/\/talkpal.ai\/de\/\"},{\"@type\":\"ListItem\",\"position\":2,\"name\":\"Die Deklination der Pronomen im Nominativ \u2013 Eine tiefgr\u00fcndige Betrachtung\"}]},{\"@type\":\"WebSite\",\"@id\":\"https:\/\/talkpal.ai\/de\/#website\",\"url\":\"https:\/\/talkpal.ai\/de\/\",\"name\":\"Talkpal\",\"description\":\"AI Language Learning\",\"publisher\":{\"@id\":\"https:\/\/talkpal.ai\/de\/#organization\"},\"alternateName\":\"Talkpal AI\",\"potentialAction\":[{\"@type\":\"SearchAction\",\"target\":{\"@type\":\"EntryPoint\",\"urlTemplate\":\"https:\/\/talkpal.ai\/de\/?s={search_term_string}\"},\"query-input\":{\"@type\":\"PropertyValueSpecification\",\"valueRequired\":true,\"valueName\":\"search_term_string\"}}],\"inLanguage\":\"de\"},{\"@type\":\"Organization\",\"@id\":\"https:\/\/talkpal.ai\/de\/#organization\",\"name\":\"Talkpal, Inc.\",\"alternateName\":\"Talkpal AI\",\"url\":\"https:\/\/talkpal.ai\/de\/\",\"logo\":{\"@type\":\"ImageObject\",\"inLanguage\":\"de\",\"@id\":\"https:\/\/talkpal.ai\/de\/#\/schema\/logo\/image\/\",\"url\":\"https:\/\/talkpal.ai\/wp-content\/uploads\/2024\/03\/Talkpal-Logo-Icon.png\",\"contentUrl\":\"https:\/\/talkpal.ai\/wp-content\/uploads\/2024\/03\/Talkpal-Logo-Icon.png\",\"width\":2880,\"height\":2880,\"caption\":\"Talkpal, Inc.\"},\"image\":{\"@id\":\"https:\/\/talkpal.ai\/de\/#\/schema\/logo\/image\/\"},\"sameAs\":[\"https:\/\/www.facebook.com\/profile.php?id=100090733639311\",\"https:\/\/x.com\/talkpalai\",\"https:\/\/www.linkedin.com\/company\/talkpal\/\",\"https:\/\/www.youtube.com\/@TalkPal\/\",\"https:\/\/www.tiktok.com\/@talkpal\",\"https:\/\/www.instagram.com\/talkpal_ai\/\",\"https:\/\/www.crunchbase.com\/organization\/talkpal-9cde\",\"https:\/\/www.g2.com\/products\/talkpal-for-business\/\",\"https:\/\/www.trustpilot.com\/review\/talkpal.ai\",\"https:\/\/www.capterra.com\/p\/10006800\/TalkPal\/\"],\"description\":\"Talkpal is a language learning web and mobile education app, powered by the latest AI technologies, that provides engaging experiences to its customers in many different languages to help them improve their language skills. Users can chat about unlimited amount of topics with the app and use other modes to practice their language learning.\",\"email\":\"support@talkpal.ai\",\"legalName\":\"Talkpal, Inc.\",\"foundingDate\":\"2023-04-03\",\"duns\":\"118989042\",\"numberOfEmployees\":{\"@type\":\"QuantitativeValue\",\"minValue\":\"11\",\"maxValue\":\"50\"},\"publishingPrinciples\":\"https:\/\/talkpal.ai\/publishing-principles\/\",\"actionableFeedbackPolicy\":\"https:\/\/talkpal.ai\/actionable-feedback-policy\/\",\"correctionsPolicy\":\"https:\/\/talkpal.ai\/corrections-policy\/\",\"ethicsPolicy\":\"https:\/\/talkpal.ai\/ethics-policy\/\",\"diversityPolicy\":\"https:\/\/talkpal.ai\/diversity-policy\/\",\"diversityStaffingReport\":\"https:\/\/talkpal.ai\/diversity-policy\/\"}]}<\/script>\n<!-- \/ Yoast SEO Premium plugin. -->","yoast_head_json":{"title":"Die Deklination der Pronomen im Nominativ \u2013 Eine tiefgr\u00fcndige Betrachtung - Talkpal","description":"Einf\u00fchrung in die Nominativ-Deklination von Pronomen In diesem Artikel befassen wir uns eingehend mit der Deklination von Pronomen im Nominativ. Der","robots":{"index":"index","follow":"follow","max-snippet":"max-snippet:-1","max-image-preview":"max-image-preview:large","max-video-preview":"max-video-preview:-1"},"canonical":"https:\/\/talkpal.ai\/de\/grammar\/die-deklination-der-pronomen-im-nominativ-eine-tiefgruendige-betrachtung\/","og_locale":"de_DE","og_type":"article","og_title":"Die Deklination der Pronomen im Nominativ \u2013 Eine tiefgr\u00fcndige Betrachtung","og_description":"Einf\u00fchrung in die Nominativ-Deklination von Pronomen In diesem Artikel befassen wir uns eingehend mit der Deklination von Pronomen im Nominativ. Der","og_url":"https:\/\/talkpal.ai\/de\/grammar\/die-deklination-der-pronomen-im-nominativ-eine-tiefgruendige-betrachtung\/","og_site_name":"Talkpal","article_publisher":"https:\/\/www.facebook.com\/profile.php?id=100090733639311","article_modified_time":"2023-04-22T14:06:12+00:00","og_image":[{"width":1456,"height":816,"url":"https:\/\/talkpal.ai\/wp-content\/uploads\/2023\/04\/TalkPal-Illustration-of-students-studying-grammar-lessons-57.png","type":"image\/png"}],"twitter_card":"summary_large_image","twitter_site":"@talkpalai","twitter_misc":{"Gesch\u00e4tzte Lesezeit":"2\u00a0Minuten"},"schema":{"@context":"https:\/\/schema.org","@graph":[{"@type":"WebPage","@id":"https:\/\/talkpal.ai\/de\/grammar\/die-deklination-der-pronomen-im-nominativ-eine-tiefgruendige-betrachtung\/","url":"https:\/\/talkpal.ai\/de\/grammar\/die-deklination-der-pronomen-im-nominativ-eine-tiefgruendige-betrachtung\/","name":"Die Deklination der Pronomen im Nominativ \u2013 Eine tiefgr\u00fcndige Betrachtung - Talkpal","isPartOf":{"@id":"https:\/\/talkpal.ai\/de\/#website"},"primaryImageOfPage":{"@id":"https:\/\/talkpal.ai\/de\/grammar\/die-deklination-der-pronomen-im-nominativ-eine-tiefgruendige-betrachtung\/#primaryimage"},"image":{"@id":"https:\/\/talkpal.ai\/de\/grammar\/die-deklination-der-pronomen-im-nominativ-eine-tiefgruendige-betrachtung\/#primaryimage"},"thumbnailUrl":"https:\/\/talkpal.ai\/wp-content\/uploads\/2025\/12\/verb-conjugations-are-written-to-learn-languages.webp","datePublished":"2023-04-04T07:27:23+00:00","dateModified":"2023-04-22T14:06:12+00:00","description":"Einf\u00fchrung in die Nominativ-Deklination von Pronomen In diesem Artikel befassen wir uns eingehend mit der Deklination von Pronomen im Nominativ. Der","breadcrumb":{"@id":"https:\/\/talkpal.ai\/de\/grammar\/die-deklination-der-pronomen-im-nominativ-eine-tiefgruendige-betrachtung\/#breadcrumb"},"inLanguage":"de","potentialAction":[{"@type":"ReadAction","target":["https:\/\/talkpal.ai\/de\/grammar\/die-deklination-der-pronomen-im-nominativ-eine-tiefgruendige-betrachtung\/"]}]},{"@type":"ImageObject","inLanguage":"de","@id":"https:\/\/talkpal.ai\/de\/grammar\/die-deklination-der-pronomen-im-nominativ-eine-tiefgruendige-betrachtung\/#primaryimage","url":"https:\/\/talkpal.ai\/wp-content\/uploads\/2025\/12\/verb-conjugations-are-written-to-learn-languages.webp","contentUrl":"https:\/\/talkpal.ai\/wp-content\/uploads\/2025\/12\/verb-conjugations-are-written-to-learn-languages.webp","width":1200,"height":896,"caption":"A bearded man writes in a large book for the purpose of learning languages at a messy desk."},{"@type":"BreadcrumbList","@id":"https:\/\/talkpal.ai\/de\/grammar\/die-deklination-der-pronomen-im-nominativ-eine-tiefgruendige-betrachtung\/#breadcrumb","itemListElement":[{"@type":"ListItem","position":1,"name":"Homepage","item":"https:\/\/talkpal.ai\/de\/"},{"@type":"ListItem","position":2,"name":"Die Deklination der Pronomen im Nominativ \u2013 Eine tiefgr\u00fcndige Betrachtung"}]},{"@type":"WebSite","@id":"https:\/\/talkpal.ai\/de\/#website","url":"https:\/\/talkpal.ai\/de\/","name":"Talkpal","description":"AI Language Learning","publisher":{"@id":"https:\/\/talkpal.ai\/de\/#organization"},"alternateName":"Talkpal AI","potentialAction":[{"@type":"SearchAction","target":{"@type":"EntryPoint","urlTemplate":"https:\/\/talkpal.ai\/de\/?s={search_term_string}"},"query-input":{"@type":"PropertyValueSpecification","valueRequired":true,"valueName":"search_term_string"}}],"inLanguage":"de"},{"@type":"Organization","@id":"https:\/\/talkpal.ai\/de\/#organization","name":"Talkpal, Inc.","alternateName":"Talkpal AI","url":"https:\/\/talkpal.ai\/de\/","logo":{"@type":"ImageObject","inLanguage":"de","@id":"https:\/\/talkpal.ai\/de\/#\/schema\/logo\/image\/","url":"https:\/\/talkpal.ai\/wp-content\/uploads\/2024\/03\/Talkpal-Logo-Icon.png","contentUrl":"https:\/\/talkpal.ai\/wp-content\/uploads\/2024\/03\/Talkpal-Logo-Icon.png","width":2880,"height":2880,"caption":"Talkpal, Inc."},"image":{"@id":"https:\/\/talkpal.ai\/de\/#\/schema\/logo\/image\/"},"sameAs":["https:\/\/www.facebook.com\/profile.php?id=100090733639311","https:\/\/x.com\/talkpalai","https:\/\/www.linkedin.com\/company\/talkpal\/","https:\/\/www.youtube.com\/@TalkPal\/","https:\/\/www.tiktok.com\/@talkpal","https:\/\/www.instagram.com\/talkpal_ai\/","https:\/\/www.crunchbase.com\/organization\/talkpal-9cde","https:\/\/www.g2.com\/products\/talkpal-for-business\/","https:\/\/www.trustpilot.com\/review\/talkpal.ai","https:\/\/www.capterra.com\/p\/10006800\/TalkPal\/"],"description":"Talkpal is a language learning web and mobile education app, powered by the latest AI technologies, that provides engaging experiences to its customers in many different languages to help them improve their language skills. Users can chat about unlimited amount of topics with the app and use other modes to practice their language learning.","email":"support@talkpal.ai","legalName":"Talkpal, Inc.","foundingDate":"2023-04-03","duns":"118989042","numberOfEmployees":{"@type":"QuantitativeValue","minValue":"11","maxValue":"50"},"publishingPrinciples":"https:\/\/talkpal.ai\/publishing-principles\/","actionableFeedbackPolicy":"https:\/\/talkpal.ai\/actionable-feedback-policy\/","correctionsPolicy":"https:\/\/talkpal.ai\/corrections-policy\/","ethicsPolicy":"https:\/\/talkpal.ai\/ethics-policy\/","diversityPolicy":"https:\/\/talkpal.ai\/diversity-policy\/","diversityStaffingReport":"https:\/\/talkpal.ai\/diversity-policy\/"}]}},"_links":{"self":[{"href":"https:\/\/talkpal.ai\/de\/wp-json\/wp\/v2\/grammar\/9846","targetHints":{"allow":["GET"]}}],"collection":[{"href":"https:\/\/talkpal.ai\/de\/wp-json\/wp\/v2\/grammar"}],"about":[{"href":"https:\/\/talkpal.ai\/de\/wp-json\/wp\/v2\/types\/grammar"}],"wp:featuredmedia":[{"embeddable":true,"href":"https:\/\/talkpal.ai\/de\/wp-json\/wp\/v2\/media\/1528073"}],"wp:attachment":[{"href":"https:\/\/talkpal.ai\/de\/wp-json\/wp\/v2\/media?parent=9846"}],"wp:term":[{"taxonomy":"language","embeddable":true,"href":"https:\/\/talkpal.ai\/de\/wp-json\/wp\/v2\/language?post=9846"}],"curies":[{"name":"wp","href":"https:\/\/api.w.org\/{rel}","templated":true}]}}