{"id":10110,"date":"2023-04-04T12:16:24","date_gmt":"2023-04-04T12:16:24","guid":{"rendered":"http:\/\/talkpal.ai\/?post_type=grammar&#038;p=10110"},"modified":"2023-04-22T14:11:02","modified_gmt":"2023-04-22T14:11:02","slug":"die-grundlagen-der-spanischen-grammatik-aussagesaetze","status":"publish","type":"grammar","link":"https:\/\/talkpal.ai\/de\/grammar\/die-grundlagen-der-spanischen-grammatik-aussagesaetze\/","title":{"rendered":"Die Grundlagen der spanischen Grammatik: Aussages\u00e4tze"},"content":{"rendered":"\n<h2 class=\"wp-block-heading\">Einf\u00fchrung in Aussages\u00e4tze<\/h2>\n\n\n\n<p>In diesem Artikel erkl\u00e4ren wir die <a href=\"https:\/\/talkpal.ai\/spanish-grammar\/\">spanische Grammatik<\/a>, insbesondere die Struktur von Aussages\u00e4tzen. Aussages\u00e4tze sind S\u00e4tze, die eine Tatsache oder Information vermitteln. Sie sind die grundlegendsten S\u00e4tze in jeder Sprache und unerl\u00e4sslich f\u00fcr die Kommunikation. Wir werden die verschiedenen Aspekte von Aussages\u00e4tzen, wie Subjekt, Verb und Objekt, sowie die korrekte Wortstellung behandeln.<\/p>\n\n\n\n<h2 class=\"wp-block-heading\">Die Wortstellung im spanischen Aussagesatz<\/h2>\n\n\n\n<p>Im Spanischen folgt die Wortstellung in Aussages\u00e4tzen im Allgemeinen der Regel Subjekt-Verb-Objekt (SVO). Im Vergleich zum Deutschen ist die Wortstellung im Spanischen jedoch flexibler. Die Grundstruktur bleibt oft gleich, aber es k\u00f6nnen auch Variationen auftreten, um den Fokus auf ein bestimmtes Satzelement zu legen oder den Satz klanglich ansprechender zu gestalten.<\/p>\n\n\n\n<h3 class=\"wp-block-heading\">Beispiel f\u00fcr die Standard-Wortstellung (SVO)<\/h3>\n\n\n\n<blockquote class=\"wp-block-quote is-layout-flow wp-block-quote-is-layout-flow\">\n<p>El perro persigue al gato.<br>(Der Hund jagt die Katze.)<\/p>\n<\/blockquote>\n\n\n\n<h3 class=\"wp-block-heading\">Beispiel f\u00fcr eine abweichende Wortstellung<\/h3>\n\n\n\n<blockquote class=\"wp-block-quote is-layout-flow wp-block-quote-is-layout-flow\">\n<p>Al gato persigue el perro.<br>(Die Katze jagt der Hund.)<\/p>\n<\/blockquote>\n\n\n\n<p>Beachten Sie, dass in beiden F\u00e4llen die Bedeutung des Satzes gleich bleibt, aber die Betonung im zweiten Beispiel auf das Objekt (die Katze) gelegt wird.<\/p>\n\n\n\n<h2 class=\"wp-block-heading\">Subjekt, Verb und Objekt im spanischen Aussagesatz<\/h2>\n\n\n\n<h3 class=\"wp-block-heading\">Das Subjekt<\/h3>\n\n\n\n<p>Das Subjekt ist die handelnde Person oder Sache im Satz. Im Spanischen stimmt das Subjekt in Person und Numerus mit dem Verb \u00fcberein. Oftmals wird das Subjektpronomen weggelassen, da die Verbform bereits ausreichend Informationen \u00fcber die handelnde Person gibt.<\/p>\n\n\n\n<blockquote class=\"wp-block-quote is-layout-flow wp-block-quote-is-layout-flow\">\n<p>(Yo) <a href=\"https:\/\/talkpal.ai\/locations\/language-courses-in-como\/\">como<\/a> una manzana.<br>(Ich esse einen Apfel.)<\/p>\n<\/blockquote>\n\n\n\n<h3 class=\"wp-block-heading\">Das Verb<\/h3>\n\n\n\n<p>Das Verb beschreibt die Aktion oder den Zustand, der im Satz ausgedr\u00fcckt wird. Im Spanischen werden Verben konjugiert, um die Zeitform, den Modus, die Person und den Numerus des Subjekts wiederzugeben. Die drei Hauptgruppen von Verben sind -ar, -er und -ir Verben. Jede Gruppe hat ihre eigenen Konjugationsmuster.<\/p>\n\n\n\n<h3 class=\"wp-block-heading\">Das Objekt<\/h3>\n\n\n\n<p>Das Objekt ist die Person oder Sache, die von der Handlung des Verbs betroffen ist. Im Spanischen gibt es direkte und indirekte Objekte. Direkte Objekte erhalten die Handlung direkt, w\u00e4hrend indirekte Objekte den Empf\u00e4nger der Handlung angeben. Direkte Objekte stimmen in Geschlecht und Numerus mit dem zugeh\u00f6rigen Artikel \u00fcberein, w\u00e4hrend indirekte Objekte in der Regel durch ein Objektpronomen wiedergegeben werden.<\/p>\n\n\n\n<blockquote class=\"wp-block-quote is-layout-flow wp-block-quote-is-layout-flow\">\n<p>\u00c9l me dio el libro. (Er gab mir das Buch.)<\/p>\n\n\n\n<ul class=\"wp-block-list\">\n<li>me: indirektes Objekt (Empf\u00e4nger der Handlung)<\/li>\n\n\n\n<li>el libro: direktes Objekt (von der Handlung betroffen)<\/li>\n<\/ul>\n<\/blockquote>\n\n\n\n<h2 class=\"wp-block-heading\">Besonderheiten bei der Wortstellung<\/h2>\n\n\n\n<h3 class=\"wp-block-heading\">Adverbien und Adverbialphrasen<\/h3>\n\n\n\n<p><a href=\"https:\/\/talkpal.ai\/ar\/grammar_exercises\/adverbien-%d8%aa%d9%85%d8%a7%d8%b1%d9%8a%d9%86-%d9%84%d9%84%d9%82%d9%88%d8%a7%d8%b9%d8%af-%d8%a7%d9%84%d8%a3%d9%84%d9%85%d8%a7%d9%86%d9%8a%d8%a9\/\">Adverbien<\/a> und Adverbialphrasen geben zus\u00e4tzliche Informationen \u00fcber die Handlung des Verbs, wie Ort, Zeit oder Art und Weise. Sie k\u00f6nnen an verschiedenen Stellen im Satz platziert werden, <a href=\"https:\/\/talkpal.ai\/culture\/how-do-i-use-the-word-je-nachdem\/\">je nachdem<\/a>, welche Information betont werden soll.<\/p>\n\n\n\n<blockquote class=\"wp-block-quote is-layout-flow wp-block-quote-is-layout-flow\">\n<p>Juan estudia normalmente en la biblioteca.<br>(Juan lernt normalerweise in der Bibliothek.)<\/p>\n<\/blockquote>\n\n\n\n<h3 class=\"wp-block-heading\">Negation<\/h3>\n\n\n\n<p>Die <a href=\"https:\/\/talkpal.ai\/zh-hans\/grammar_exercises\/negazione-%e6%84%8f%e5%a4%a7%e5%88%a9%e8%af%ad%e6%b3%95%e7%bb%83%e4%b9%a0\/\">Negation<\/a> im Spanischen erfolgt durch das Adverb &#8222;no&#8220;, das direkt vor dem Verb platziert wird. Andere negative W\u00f6rter wie &#8222;nunca&#8220; (nie) oder &#8222;nadie&#8220; (niemand) k\u00f6nnen zus\u00e4tzlich verwendet werden, um die Negation zu verst\u00e4rken.<\/p>\n\n\n\n<blockquote class=\"wp-block-quote is-layout-flow wp-block-quote-is-layout-flow\">\n<p>No quiero ir al cine.<br>(Ich m\u00f6chte nicht ins Kino gehen.)<\/p>\n<\/blockquote>\n\n\n\n<h2 class=\"wp-block-heading\">Zusammenfassung<\/h2>\n\n\n\n<p>Die spanische Grammatik und insbesondere die Struktur von Aussages\u00e4tzen ist ein grundlegendes Element f\u00fcr effektive Kommunikation in dieser Sprache. Durch das Verst\u00e4ndnis der Wortstellung, der Rolle von Subjekt, Verb und Objekt und der Verwendung von Adverbien und Negation k\u00f6nnen Sie klare und pr\u00e4zise S\u00e4tze bilden und somit Ihre Spanischkenntnisse erheblich verbessern.<\/p>\n","protected":false},"featured_media":1527746,"template":"","language":[382,339],"class_list":["post-10110","grammar","type-grammar","status-publish","has-post-thumbnail","hentry","language-satzbau-de-3","language-spanisch"],"acf":[],"yoast_head":"<!-- This site is optimized with the Yoast SEO Premium plugin v27.2 (Yoast SEO v27.2) - https:\/\/yoast.com\/product\/yoast-seo-premium-wordpress\/ -->\n<title>Die Grundlagen der spanischen Grammatik: Aussages\u00e4tze - Talkpal<\/title>\n<meta name=\"description\" content=\"Einf\u00fchrung in Aussages\u00e4tze In diesem Artikel erkl\u00e4ren wir die spanische Grammatik, insbesondere die Struktur von Aussages\u00e4tzen. Aussages\u00e4tze sind S\u00e4tze,\" \/>\n<meta name=\"robots\" content=\"index, follow, max-snippet:-1, max-image-preview:large, max-video-preview:-1\" \/>\n<link rel=\"canonical\" href=\"https:\/\/talkpal.ai\/de\/grammar\/die-grundlagen-der-spanischen-grammatik-aussagesaetze\/\" \/>\n<meta property=\"og:locale\" content=\"de_DE\" \/>\n<meta property=\"og:type\" content=\"article\" \/>\n<meta property=\"og:title\" content=\"Die Grundlagen der spanischen Grammatik: Aussages\u00e4tze\" \/>\n<meta property=\"og:description\" content=\"Einf\u00fchrung in Aussages\u00e4tze In diesem Artikel erkl\u00e4ren wir die spanische Grammatik, insbesondere die Struktur von Aussages\u00e4tzen. Aussages\u00e4tze sind S\u00e4tze,\" \/>\n<meta property=\"og:url\" content=\"https:\/\/talkpal.ai\/de\/grammar\/die-grundlagen-der-spanischen-grammatik-aussagesaetze\/\" \/>\n<meta property=\"og:site_name\" content=\"Talkpal\" \/>\n<meta property=\"article:publisher\" content=\"https:\/\/www.facebook.com\/profile.php?id=100090733639311\" \/>\n<meta property=\"article:modified_time\" content=\"2023-04-22T14:11:02+00:00\" \/>\n<meta property=\"og:image\" content=\"https:\/\/talkpal.ai\/wp-content\/uploads\/2023\/04\/TalkPal-Illustration-of-students-studying-grammar-lessons-19.png\" \/>\n\t<meta property=\"og:image:width\" content=\"1456\" \/>\n\t<meta property=\"og:image:height\" content=\"816\" \/>\n\t<meta property=\"og:image:type\" content=\"image\/png\" \/>\n<meta name=\"twitter:card\" content=\"summary_large_image\" \/>\n<meta name=\"twitter:site\" content=\"@talkpalai\" \/>\n<meta name=\"twitter:label1\" content=\"Gesch\u00e4tzte Lesezeit\" \/>\n\t<meta name=\"twitter:data1\" content=\"3\u00a0Minuten\" \/>\n<script type=\"application\/ld+json\" class=\"yoast-schema-graph\">{\"@context\":\"https:\/\/schema.org\",\"@graph\":[{\"@type\":\"WebPage\",\"@id\":\"https:\/\/talkpal.ai\/de\/grammar\/die-grundlagen-der-spanischen-grammatik-aussagesaetze\/\",\"url\":\"https:\/\/talkpal.ai\/de\/grammar\/die-grundlagen-der-spanischen-grammatik-aussagesaetze\/\",\"name\":\"Die Grundlagen der spanischen Grammatik: Aussages\u00e4tze - Talkpal\",\"isPartOf\":{\"@id\":\"https:\/\/talkpal.ai\/de\/#website\"},\"primaryImageOfPage\":{\"@id\":\"https:\/\/talkpal.ai\/de\/grammar\/die-grundlagen-der-spanischen-grammatik-aussagesaetze\/#primaryimage\"},\"image\":{\"@id\":\"https:\/\/talkpal.ai\/de\/grammar\/die-grundlagen-der-spanischen-grammatik-aussagesaetze\/#primaryimage\"},\"thumbnailUrl\":\"https:\/\/talkpal.ai\/wp-content\/uploads\/2025\/12\/learning-languages-with-workbook.webp\",\"datePublished\":\"2023-04-04T12:16:24+00:00\",\"dateModified\":\"2023-04-22T14:11:02+00:00\",\"description\":\"Einf\u00fchrung in Aussages\u00e4tze In diesem Artikel erkl\u00e4ren wir die spanische Grammatik, insbesondere die Struktur von Aussages\u00e4tzen. Aussages\u00e4tze sind S\u00e4tze,\",\"breadcrumb\":{\"@id\":\"https:\/\/talkpal.ai\/de\/grammar\/die-grundlagen-der-spanischen-grammatik-aussagesaetze\/#breadcrumb\"},\"inLanguage\":\"de\",\"potentialAction\":[{\"@type\":\"ReadAction\",\"target\":[\"https:\/\/talkpal.ai\/de\/grammar\/die-grundlagen-der-spanischen-grammatik-aussagesaetze\/\"]}]},{\"@type\":\"ImageObject\",\"inLanguage\":\"de\",\"@id\":\"https:\/\/talkpal.ai\/de\/grammar\/die-grundlagen-der-spanischen-grammatik-aussagesaetze\/#primaryimage\",\"url\":\"https:\/\/talkpal.ai\/wp-content\/uploads\/2025\/12\/learning-languages-with-workbook.webp\",\"contentUrl\":\"https:\/\/talkpal.ai\/wp-content\/uploads\/2025\/12\/learning-languages-with-workbook.webp\",\"width\":1200,\"height\":896,\"caption\":\"A student with her hair in a bun takes notes in a textbook for learning languages while sitting in a cafe.\"},{\"@type\":\"BreadcrumbList\",\"@id\":\"https:\/\/talkpal.ai\/de\/grammar\/die-grundlagen-der-spanischen-grammatik-aussagesaetze\/#breadcrumb\",\"itemListElement\":[{\"@type\":\"ListItem\",\"position\":1,\"name\":\"Homepage\",\"item\":\"https:\/\/talkpal.ai\/de\/\"},{\"@type\":\"ListItem\",\"position\":2,\"name\":\"Die Grundlagen der spanischen Grammatik: Aussages\u00e4tze\"}]},{\"@type\":\"WebSite\",\"@id\":\"https:\/\/talkpal.ai\/de\/#website\",\"url\":\"https:\/\/talkpal.ai\/de\/\",\"name\":\"Talkpal\",\"description\":\"AI Language Learning\",\"publisher\":{\"@id\":\"https:\/\/talkpal.ai\/de\/#organization\"},\"alternateName\":\"Talkpal AI\",\"potentialAction\":[{\"@type\":\"SearchAction\",\"target\":{\"@type\":\"EntryPoint\",\"urlTemplate\":\"https:\/\/talkpal.ai\/de\/?s={search_term_string}\"},\"query-input\":{\"@type\":\"PropertyValueSpecification\",\"valueRequired\":true,\"valueName\":\"search_term_string\"}}],\"inLanguage\":\"de\"},{\"@type\":\"Organization\",\"@id\":\"https:\/\/talkpal.ai\/de\/#organization\",\"name\":\"Talkpal, Inc.\",\"alternateName\":\"Talkpal AI\",\"url\":\"https:\/\/talkpal.ai\/de\/\",\"logo\":{\"@type\":\"ImageObject\",\"inLanguage\":\"de\",\"@id\":\"https:\/\/talkpal.ai\/de\/#\/schema\/logo\/image\/\",\"url\":\"https:\/\/talkpal.ai\/wp-content\/uploads\/2024\/03\/Talkpal-Logo-Icon.png\",\"contentUrl\":\"https:\/\/talkpal.ai\/wp-content\/uploads\/2024\/03\/Talkpal-Logo-Icon.png\",\"width\":2880,\"height\":2880,\"caption\":\"Talkpal, Inc.\"},\"image\":{\"@id\":\"https:\/\/talkpal.ai\/de\/#\/schema\/logo\/image\/\"},\"sameAs\":[\"https:\/\/www.facebook.com\/profile.php?id=100090733639311\",\"https:\/\/x.com\/talkpalai\",\"https:\/\/www.linkedin.com\/company\/talkpal\/\",\"https:\/\/www.youtube.com\/@TalkPal\/\",\"https:\/\/www.tiktok.com\/@talkpal\",\"https:\/\/www.instagram.com\/talkpal_ai\/\",\"https:\/\/www.crunchbase.com\/organization\/talkpal-9cde\",\"https:\/\/www.g2.com\/products\/talkpal-for-business\/\",\"https:\/\/www.trustpilot.com\/review\/talkpal.ai\",\"https:\/\/www.capterra.com\/p\/10006800\/TalkPal\/\"],\"description\":\"Talkpal is a language learning web and mobile education app, powered by the latest AI technologies, that provides engaging experiences to its customers in many different languages to help them improve their language skills. Users can chat about unlimited amount of topics with the app and use other modes to practice their language learning.\",\"email\":\"support@talkpal.ai\",\"legalName\":\"Talkpal, Inc.\",\"foundingDate\":\"2023-04-03\",\"duns\":\"118989042\",\"numberOfEmployees\":{\"@type\":\"QuantitativeValue\",\"minValue\":\"11\",\"maxValue\":\"50\"},\"publishingPrinciples\":\"https:\/\/talkpal.ai\/publishing-principles\/\",\"actionableFeedbackPolicy\":\"https:\/\/talkpal.ai\/actionable-feedback-policy\/\",\"correctionsPolicy\":\"https:\/\/talkpal.ai\/corrections-policy\/\",\"ethicsPolicy\":\"https:\/\/talkpal.ai\/ethics-policy\/\",\"diversityPolicy\":\"https:\/\/talkpal.ai\/diversity-policy\/\",\"diversityStaffingReport\":\"https:\/\/talkpal.ai\/diversity-policy\/\"}]}<\/script>\n<!-- \/ Yoast SEO Premium plugin. -->","yoast_head_json":{"title":"Die Grundlagen der spanischen Grammatik: Aussages\u00e4tze - Talkpal","description":"Einf\u00fchrung in Aussages\u00e4tze In diesem Artikel erkl\u00e4ren wir die spanische Grammatik, insbesondere die Struktur von Aussages\u00e4tzen. Aussages\u00e4tze sind S\u00e4tze,","robots":{"index":"index","follow":"follow","max-snippet":"max-snippet:-1","max-image-preview":"max-image-preview:large","max-video-preview":"max-video-preview:-1"},"canonical":"https:\/\/talkpal.ai\/de\/grammar\/die-grundlagen-der-spanischen-grammatik-aussagesaetze\/","og_locale":"de_DE","og_type":"article","og_title":"Die Grundlagen der spanischen Grammatik: Aussages\u00e4tze","og_description":"Einf\u00fchrung in Aussages\u00e4tze In diesem Artikel erkl\u00e4ren wir die spanische Grammatik, insbesondere die Struktur von Aussages\u00e4tzen. Aussages\u00e4tze sind S\u00e4tze,","og_url":"https:\/\/talkpal.ai\/de\/grammar\/die-grundlagen-der-spanischen-grammatik-aussagesaetze\/","og_site_name":"Talkpal","article_publisher":"https:\/\/www.facebook.com\/profile.php?id=100090733639311","article_modified_time":"2023-04-22T14:11:02+00:00","og_image":[{"width":1456,"height":816,"url":"https:\/\/talkpal.ai\/wp-content\/uploads\/2023\/04\/TalkPal-Illustration-of-students-studying-grammar-lessons-19.png","type":"image\/png"}],"twitter_card":"summary_large_image","twitter_site":"@talkpalai","twitter_misc":{"Gesch\u00e4tzte Lesezeit":"3\u00a0Minuten"},"schema":{"@context":"https:\/\/schema.org","@graph":[{"@type":"WebPage","@id":"https:\/\/talkpal.ai\/de\/grammar\/die-grundlagen-der-spanischen-grammatik-aussagesaetze\/","url":"https:\/\/talkpal.ai\/de\/grammar\/die-grundlagen-der-spanischen-grammatik-aussagesaetze\/","name":"Die Grundlagen der spanischen Grammatik: Aussages\u00e4tze - Talkpal","isPartOf":{"@id":"https:\/\/talkpal.ai\/de\/#website"},"primaryImageOfPage":{"@id":"https:\/\/talkpal.ai\/de\/grammar\/die-grundlagen-der-spanischen-grammatik-aussagesaetze\/#primaryimage"},"image":{"@id":"https:\/\/talkpal.ai\/de\/grammar\/die-grundlagen-der-spanischen-grammatik-aussagesaetze\/#primaryimage"},"thumbnailUrl":"https:\/\/talkpal.ai\/wp-content\/uploads\/2025\/12\/learning-languages-with-workbook.webp","datePublished":"2023-04-04T12:16:24+00:00","dateModified":"2023-04-22T14:11:02+00:00","description":"Einf\u00fchrung in Aussages\u00e4tze In diesem Artikel erkl\u00e4ren wir die spanische Grammatik, insbesondere die Struktur von Aussages\u00e4tzen. Aussages\u00e4tze sind S\u00e4tze,","breadcrumb":{"@id":"https:\/\/talkpal.ai\/de\/grammar\/die-grundlagen-der-spanischen-grammatik-aussagesaetze\/#breadcrumb"},"inLanguage":"de","potentialAction":[{"@type":"ReadAction","target":["https:\/\/talkpal.ai\/de\/grammar\/die-grundlagen-der-spanischen-grammatik-aussagesaetze\/"]}]},{"@type":"ImageObject","inLanguage":"de","@id":"https:\/\/talkpal.ai\/de\/grammar\/die-grundlagen-der-spanischen-grammatik-aussagesaetze\/#primaryimage","url":"https:\/\/talkpal.ai\/wp-content\/uploads\/2025\/12\/learning-languages-with-workbook.webp","contentUrl":"https:\/\/talkpal.ai\/wp-content\/uploads\/2025\/12\/learning-languages-with-workbook.webp","width":1200,"height":896,"caption":"A student with her hair in a bun takes notes in a textbook for learning languages while sitting in a cafe."},{"@type":"BreadcrumbList","@id":"https:\/\/talkpal.ai\/de\/grammar\/die-grundlagen-der-spanischen-grammatik-aussagesaetze\/#breadcrumb","itemListElement":[{"@type":"ListItem","position":1,"name":"Homepage","item":"https:\/\/talkpal.ai\/de\/"},{"@type":"ListItem","position":2,"name":"Die Grundlagen der spanischen Grammatik: Aussages\u00e4tze"}]},{"@type":"WebSite","@id":"https:\/\/talkpal.ai\/de\/#website","url":"https:\/\/talkpal.ai\/de\/","name":"Talkpal","description":"AI Language Learning","publisher":{"@id":"https:\/\/talkpal.ai\/de\/#organization"},"alternateName":"Talkpal AI","potentialAction":[{"@type":"SearchAction","target":{"@type":"EntryPoint","urlTemplate":"https:\/\/talkpal.ai\/de\/?s={search_term_string}"},"query-input":{"@type":"PropertyValueSpecification","valueRequired":true,"valueName":"search_term_string"}}],"inLanguage":"de"},{"@type":"Organization","@id":"https:\/\/talkpal.ai\/de\/#organization","name":"Talkpal, Inc.","alternateName":"Talkpal AI","url":"https:\/\/talkpal.ai\/de\/","logo":{"@type":"ImageObject","inLanguage":"de","@id":"https:\/\/talkpal.ai\/de\/#\/schema\/logo\/image\/","url":"https:\/\/talkpal.ai\/wp-content\/uploads\/2024\/03\/Talkpal-Logo-Icon.png","contentUrl":"https:\/\/talkpal.ai\/wp-content\/uploads\/2024\/03\/Talkpal-Logo-Icon.png","width":2880,"height":2880,"caption":"Talkpal, Inc."},"image":{"@id":"https:\/\/talkpal.ai\/de\/#\/schema\/logo\/image\/"},"sameAs":["https:\/\/www.facebook.com\/profile.php?id=100090733639311","https:\/\/x.com\/talkpalai","https:\/\/www.linkedin.com\/company\/talkpal\/","https:\/\/www.youtube.com\/@TalkPal\/","https:\/\/www.tiktok.com\/@talkpal","https:\/\/www.instagram.com\/talkpal_ai\/","https:\/\/www.crunchbase.com\/organization\/talkpal-9cde","https:\/\/www.g2.com\/products\/talkpal-for-business\/","https:\/\/www.trustpilot.com\/review\/talkpal.ai","https:\/\/www.capterra.com\/p\/10006800\/TalkPal\/"],"description":"Talkpal is a language learning web and mobile education app, powered by the latest AI technologies, that provides engaging experiences to its customers in many different languages to help them improve their language skills. Users can chat about unlimited amount of topics with the app and use other modes to practice their language learning.","email":"support@talkpal.ai","legalName":"Talkpal, Inc.","foundingDate":"2023-04-03","duns":"118989042","numberOfEmployees":{"@type":"QuantitativeValue","minValue":"11","maxValue":"50"},"publishingPrinciples":"https:\/\/talkpal.ai\/publishing-principles\/","actionableFeedbackPolicy":"https:\/\/talkpal.ai\/actionable-feedback-policy\/","correctionsPolicy":"https:\/\/talkpal.ai\/corrections-policy\/","ethicsPolicy":"https:\/\/talkpal.ai\/ethics-policy\/","diversityPolicy":"https:\/\/talkpal.ai\/diversity-policy\/","diversityStaffingReport":"https:\/\/talkpal.ai\/diversity-policy\/"}]}},"_links":{"self":[{"href":"https:\/\/talkpal.ai\/de\/wp-json\/wp\/v2\/grammar\/10110","targetHints":{"allow":["GET"]}}],"collection":[{"href":"https:\/\/talkpal.ai\/de\/wp-json\/wp\/v2\/grammar"}],"about":[{"href":"https:\/\/talkpal.ai\/de\/wp-json\/wp\/v2\/types\/grammar"}],"wp:featuredmedia":[{"embeddable":true,"href":"https:\/\/talkpal.ai\/de\/wp-json\/wp\/v2\/media\/1527746"}],"wp:attachment":[{"href":"https:\/\/talkpal.ai\/de\/wp-json\/wp\/v2\/media?parent=10110"}],"wp:term":[{"taxonomy":"language","embeddable":true,"href":"https:\/\/talkpal.ai\/de\/wp-json\/wp\/v2\/language?post=10110"}],"curies":[{"name":"wp","href":"https:\/\/api.w.org\/{rel}","templated":true}]}}