{"id":10107,"date":"2023-04-04T12:06:51","date_gmt":"2023-04-04T12:06:51","guid":{"rendered":"http:\/\/talkpal.ai\/?post_type=grammar&#038;p=10107"},"modified":"2023-04-22T14:11:14","modified_gmt":"2023-04-22T14:11:14","slug":"stellung-der-spanischen-adverbien-eine-ausfuehrliche-anleitung","status":"publish","type":"grammar","link":"https:\/\/talkpal.ai\/de\/grammar\/stellung-der-spanischen-adverbien-eine-ausfuehrliche-anleitung\/","title":{"rendered":"Stellung der spanischen Adverbien \u2013 Eine ausf\u00fchrliche Anleitung"},"content":{"rendered":"\n<p>In diesem Artikel werden wir uns eingehend mit der Stellung der spanischen <a href=\"https:\/\/talkpal.ai\/ar\/grammar_exercises\/adverbien-%d8%aa%d9%85%d8%a7%d8%b1%d9%8a%d9%86-%d9%84%d9%84%d9%82%d9%88%d8%a7%d8%b9%d8%af-%d8%a7%d9%84%d8%a3%d9%84%d9%85%d8%a7%d9%86%d9%8a%d8%a9\/\">Adverbien<\/a> innerhalb von S\u00e4tzen besch\u00e4ftigen. Wir werden die verschiedenen Kategorien von Adverbien kennenlernen und ihre jeweilige Position im Satz erl\u00e4utern. Zudem werden wir auf Besonderheiten und typische Fehlerquellen eingehen, um Ihnen ein umfassendes Verst\u00e4ndnis der spanischen Adverbienstellung zu vermitteln.<\/p>\n\n\n\n<h2 class=\"wp-block-heading\">Was sind Adverbien?<\/h2>\n\n\n\n<p>Adverbien sind unver\u00e4nderliche W\u00f6rter, die dazu dienen, Verben, Adjektive oder andere Adverbien n\u00e4her zu beschreiben oder zu modifizieren. Sie geben beispielsweise Auskunft \u00fcber Zeit, Ort, Art und Weise oder Grad einer Handlung.<\/p>\n\n\n\n<h2 class=\"wp-block-heading\">Kategorien von Adverbien<\/h2>\n\n\n\n<p>Adverbien lassen sich in verschiedene Kategorien einteilen. Im Folgenden stellen wir Ihnen die wichtigsten Kategorien vor und erl\u00e4utern ihre Position im Satz.<\/p>\n\n\n\n<h3 class=\"wp-block-heading\">Adverbien der Zeit<\/h3>\n\n\n\n<p><a href=\"https:\/\/talkpal.ai\/de\/grammar\/adverbien-der-zeit-in-der-afrikaans-grammatik\/\">Adverbien der Zeit<\/a> geben Auskunft \u00fcber den Zeitpunkt oder die Dauer einer Handlung. Beispiele hierf\u00fcr sind <em>ahora<\/em> (jetzt), <em>hoy<\/em> (heute) oder <em>siempre<\/em> (immer).<\/p>\n\n\n\n<p>Die Stellung der Adverbien der Zeit kann variieren, <a href=\"https:\/\/talkpal.ai\/culture\/how-do-i-use-the-word-je-nachdem\/\">je nachdem<\/a>, welche Information im Satz betont werden soll. Grunds\u00e4tzlich stehen sie jedoch in der Regel am Anfang oder Ende des Satzes.<\/p>\n\n\n\n<p><strong>Beispiel:<\/strong><\/p>\n\n\n\n<ul class=\"wp-block-list\">\n<li><em>Hoy<\/em> estudiamos <a href=\"https:\/\/talkpal.ai\/spanish-grammar\/\">gram\u00e1tica espa\u00f1ola<\/a>. (Heute lernen wir <a href=\"https:\/\/talkpal.ai\/spanish-grammar\/\">spanische Grammatik<\/a>.)<\/li>\n\n\n\n<li>Estudiamos gram\u00e1tica espa\u00f1ola <em>hoy<\/em>. (Wir lernen heute spanische <a href=\"https:\/\/talkpal.ai\/fr\/les\/\">Grammatik<\/a>.)<\/li>\n<\/ul>\n\n\n\n<h3 class=\"wp-block-heading\">Adverbien des Ortes<\/h3>\n\n\n\n<p>Adverbien des Ortes beschreiben, wo eine Handlung stattfindet. Beispiele hierf\u00fcr sind <em>aqu\u00ed<\/em> (hier), <em>all\u00ed<\/em> (dort) oder <em>cerca<\/em> (in der N\u00e4he).<\/p>\n\n\n\n<p>Adverbien des Ortes stehen in der Regel hinter dem Verb und vor dem Objekt.<\/p>\n\n\n\n<p><strong>Beispiel:<\/strong><\/p>\n\n\n\n<ul class=\"wp-block-list\">\n<li>Vivimos <em>aqu\u00ed<\/em> desde hace un a\u00f1o. (Wir leben seit einem Jahr hier.)<\/li>\n<\/ul>\n\n\n\n<h3 class=\"wp-block-heading\">Adverbien der Art und Weise<\/h3>\n\n\n\n<p><a href=\"https:\/\/talkpal.ai\/de\/grammar_exercises\/adverbien-der-art-und-weise-ubungen-zur-tschechischen-grammatik\/\">Adverbien der Art und Weise<\/a> geben an, auf welche Weise eine Handlung ausgef\u00fchrt wird. Beispiele hierf\u00fcr sind <em>r\u00e1pidamente<\/em> (schnell), <em>bien<\/em> (gut) oder <em>mal<\/em> (schlecht).<\/p>\n\n\n\n<p>Diese Adverbien stehen meist direkt hinter dem Verb oder am Ende des Satzes.<\/p>\n\n\n\n<p><strong>Beispiel:<\/strong><\/p>\n\n\n\n<ul class=\"wp-block-list\">\n<li>La profesora explica <em>bien<\/em> la gram\u00e1tica. (Die Lehrerin erkl\u00e4rt die Grammatik gut.)<\/li>\n\n\n\n<li>La profesora explica la gram\u00e1tica <em>bien<\/em>. (Die Lehrerin erkl\u00e4rt die Grammatik gut.)<\/li>\n<\/ul>\n\n\n\n<h3 class=\"wp-block-heading\">Adverbien des Grades<\/h3>\n\n\n\n<p>Adverbien des Grades geben an, in welchem Ausma\u00df eine Handlung oder Eigenschaft zutrifft. Beispiele hierf\u00fcr sind <em>muy<\/em> (sehr), <em>bastante<\/em> (ziemlich) oder <em>poco<\/em> (wenig).<\/p>\n\n\n\n<p>Adverbien des Grades stehen in der Regel direkt vor dem Wort, das sie n\u00e4her beschreiben.<\/p>\n\n\n\n<p><strong>Beispiel:<\/strong><\/p>\n\n\n\n<ul class=\"wp-block-list\">\n<li>Es <em>muy<\/em> importante aprender gram\u00e1tica. (Es ist sehr wichtig, Grammatik zu lernen.)<\/li>\n<\/ul>\n\n\n\n<h2 class=\"wp-block-heading\">Besonderheiten und typische Fehlerquellen<\/h2>\n\n\n\n<p>Bei der Stellung der Adverbien im Spanischen gibt es einige Besonderheiten und typische Fehlerquellen, auf die wir im Folgenden eingehen m\u00f6chten.<\/p>\n\n\n\n<h3 class=\"wp-block-heading\">Negation<\/h3>\n\n\n\n<p>Die Verneinung im Spanischen erfolgt durch das Adverb <em>no<\/em>, das direkt vor dem Verb steht.<\/p>\n\n\n\n<p><strong>Beispiel:<\/strong><\/p>\n\n\n\n<ul class=\"wp-block-list\">\n<li><em>No<\/em> quiero estudiar gram\u00e1tica. (Ich m\u00f6chte keine Grammatik lernen.)<\/li>\n<\/ul>\n\n\n\n<h3 class=\"wp-block-heading\">Adverbien in Frages\u00e4tzen<\/h3>\n\n\n\n<p>In Frages\u00e4tzen stehen Adverbien der Zeit, des Ortes und der Art und Weise in der Regel am Anfang oder am Ende des Satzes.<\/p>\n\n\n\n<p><strong>Beispiel:<\/strong><\/p>\n\n\n\n<ul class=\"wp-block-list\">\n<li><em>\u00bfD\u00f3nde<\/em> est\u00e1 el libro de gram\u00e1tica? (Wo ist das Grammatikbuch?)<\/li>\n<\/ul>\n\n\n\n<h3 class=\"wp-block-heading\">Vorsicht bei der Stellung von Adverbien und Objektpronomen<\/h3>\n\n\n\n<p>Bei der Kombination von Adverbien und Objektpronomen m\u00fcssen diese in der richtigen Reihenfolge stehen. Objektpronomen stehen in der Regel direkt vor dem Verb, w\u00e4hrend Adverbien danach folgen.<\/p>\n\n\n\n<p><strong>Beispiel:<\/strong><\/p>\n\n\n\n<ul class=\"wp-block-list\">\n<li><em>Lo<\/em> estudiamos <em>ayer<\/em>. (Wir haben es gestern gelernt.)<\/li>\n<\/ul>\n\n\n\n<h2 class=\"wp-block-heading\">Zusammenfassung<\/h2>\n\n\n\n<p>Die Stellung der Adverbien im Spanischen ist ein wichtiger Aspekt der Grammatik, um pr\u00e4zise und verst\u00e4ndliche S\u00e4tze zu bilden. Durch die Kenntnis der verschiedenen Kategorien von Adverbien und ihrer jeweiligen Position im Satz k\u00f6nnen Sie Ihre Spanischkenntnisse auf ein h\u00f6heres Niveau bringen und Missverst\u00e4ndnisse vermeiden. Achten Sie auf die Besonderheiten und typischen Fehlerquellen, um Ihre Kommunikation in der spanischen Sprache zu optimieren.<\/p>\n","protected":false},"featured_media":1528876,"template":"","language":[380,339],"class_list":["post-10107","grammar","type-grammar","status-publish","has-post-thumbnail","hentry","language-adverbien-de-3","language-spanisch"],"acf":[],"yoast_head":"<!-- This site is optimized with the Yoast SEO Premium plugin v27.2 (Yoast SEO v27.2) - https:\/\/yoast.com\/product\/yoast-seo-premium-wordpress\/ -->\n<title>Stellung der spanischen Adverbien \u2013 Eine ausf\u00fchrliche Anleitung - Talkpal<\/title>\n<meta name=\"description\" content=\"In diesem Artikel werden wir uns eingehend mit der Stellung der spanischen Adverbien innerhalb von S\u00e4tzen besch\u00e4ftigen. Wir werden die verschiedenen\" \/>\n<meta name=\"robots\" content=\"index, follow, max-snippet:-1, max-image-preview:large, max-video-preview:-1\" \/>\n<link rel=\"canonical\" href=\"https:\/\/talkpal.ai\/de\/grammar\/stellung-der-spanischen-adverbien-eine-ausfuehrliche-anleitung\/\" \/>\n<meta property=\"og:locale\" content=\"de_DE\" \/>\n<meta property=\"og:type\" content=\"article\" \/>\n<meta property=\"og:title\" content=\"Stellung der spanischen Adverbien \u2013 Eine ausf\u00fchrliche Anleitung\" \/>\n<meta property=\"og:description\" content=\"In diesem Artikel werden wir uns eingehend mit der Stellung der spanischen Adverbien innerhalb von S\u00e4tzen besch\u00e4ftigen. Wir werden die verschiedenen\" \/>\n<meta property=\"og:url\" content=\"https:\/\/talkpal.ai\/de\/grammar\/stellung-der-spanischen-adverbien-eine-ausfuehrliche-anleitung\/\" \/>\n<meta property=\"og:site_name\" content=\"Talkpal\" \/>\n<meta property=\"article:publisher\" content=\"https:\/\/www.facebook.com\/profile.php?id=100090733639311\" \/>\n<meta property=\"article:modified_time\" content=\"2023-04-22T14:11:14+00:00\" \/>\n<meta property=\"og:image\" content=\"https:\/\/talkpal.ai\/wp-content\/uploads\/2023\/04\/TalkPal-Illustration-of-students-studying-grammar-lessons-104.png\" \/>\n\t<meta property=\"og:image:width\" content=\"1456\" \/>\n\t<meta property=\"og:image:height\" content=\"816\" \/>\n\t<meta property=\"og:image:type\" content=\"image\/png\" \/>\n<meta name=\"twitter:card\" content=\"summary_large_image\" \/>\n<meta name=\"twitter:site\" content=\"@talkpalai\" \/>\n<meta name=\"twitter:label1\" content=\"Gesch\u00e4tzte Lesezeit\" \/>\n\t<meta name=\"twitter:data1\" content=\"3\u00a0Minuten\" \/>\n<script type=\"application\/ld+json\" class=\"yoast-schema-graph\">{\"@context\":\"https:\/\/schema.org\",\"@graph\":[{\"@type\":\"WebPage\",\"@id\":\"https:\/\/talkpal.ai\/de\/grammar\/stellung-der-spanischen-adverbien-eine-ausfuehrliche-anleitung\/\",\"url\":\"https:\/\/talkpal.ai\/de\/grammar\/stellung-der-spanischen-adverbien-eine-ausfuehrliche-anleitung\/\",\"name\":\"Stellung der spanischen Adverbien \u2013 Eine ausf\u00fchrliche Anleitung - Talkpal\",\"isPartOf\":{\"@id\":\"https:\/\/talkpal.ai\/de\/#website\"},\"primaryImageOfPage\":{\"@id\":\"https:\/\/talkpal.ai\/de\/grammar\/stellung-der-spanischen-adverbien-eine-ausfuehrliche-anleitung\/#primaryimage\"},\"image\":{\"@id\":\"https:\/\/talkpal.ai\/de\/grammar\/stellung-der-spanischen-adverbien-eine-ausfuehrliche-anleitung\/#primaryimage\"},\"thumbnailUrl\":\"https:\/\/talkpal.ai\/wp-content\/uploads\/2025\/12\/three-people-talking-to-learn-languages.webp\",\"datePublished\":\"2023-04-04T12:06:51+00:00\",\"dateModified\":\"2023-04-22T14:11:14+00:00\",\"description\":\"In diesem Artikel werden wir uns eingehend mit der Stellung der spanischen Adverbien innerhalb von S\u00e4tzen besch\u00e4ftigen. Wir werden die verschiedenen\",\"breadcrumb\":{\"@id\":\"https:\/\/talkpal.ai\/de\/grammar\/stellung-der-spanischen-adverbien-eine-ausfuehrliche-anleitung\/#breadcrumb\"},\"inLanguage\":\"de\",\"potentialAction\":[{\"@type\":\"ReadAction\",\"target\":[\"https:\/\/talkpal.ai\/de\/grammar\/stellung-der-spanischen-adverbien-eine-ausfuehrliche-anleitung\/\"]}]},{\"@type\":\"ImageObject\",\"inLanguage\":\"de\",\"@id\":\"https:\/\/talkpal.ai\/de\/grammar\/stellung-der-spanischen-adverbien-eine-ausfuehrliche-anleitung\/#primaryimage\",\"url\":\"https:\/\/talkpal.ai\/wp-content\/uploads\/2025\/12\/three-people-talking-to-learn-languages.webp\",\"contentUrl\":\"https:\/\/talkpal.ai\/wp-content\/uploads\/2025\/12\/three-people-talking-to-learn-languages.webp\",\"width\":1200,\"height\":896,\"caption\":\"Three students smile and talk while using laptops and books to learn languages.\"},{\"@type\":\"BreadcrumbList\",\"@id\":\"https:\/\/talkpal.ai\/de\/grammar\/stellung-der-spanischen-adverbien-eine-ausfuehrliche-anleitung\/#breadcrumb\",\"itemListElement\":[{\"@type\":\"ListItem\",\"position\":1,\"name\":\"Homepage\",\"item\":\"https:\/\/talkpal.ai\/de\/\"},{\"@type\":\"ListItem\",\"position\":2,\"name\":\"Stellung der spanischen Adverbien \u2013 Eine ausf\u00fchrliche Anleitung\"}]},{\"@type\":\"WebSite\",\"@id\":\"https:\/\/talkpal.ai\/de\/#website\",\"url\":\"https:\/\/talkpal.ai\/de\/\",\"name\":\"Talkpal\",\"description\":\"AI Language Learning\",\"publisher\":{\"@id\":\"https:\/\/talkpal.ai\/de\/#organization\"},\"alternateName\":\"Talkpal AI\",\"potentialAction\":[{\"@type\":\"SearchAction\",\"target\":{\"@type\":\"EntryPoint\",\"urlTemplate\":\"https:\/\/talkpal.ai\/de\/?s={search_term_string}\"},\"query-input\":{\"@type\":\"PropertyValueSpecification\",\"valueRequired\":true,\"valueName\":\"search_term_string\"}}],\"inLanguage\":\"de\"},{\"@type\":\"Organization\",\"@id\":\"https:\/\/talkpal.ai\/de\/#organization\",\"name\":\"Talkpal, Inc.\",\"alternateName\":\"Talkpal AI\",\"url\":\"https:\/\/talkpal.ai\/de\/\",\"logo\":{\"@type\":\"ImageObject\",\"inLanguage\":\"de\",\"@id\":\"https:\/\/talkpal.ai\/de\/#\/schema\/logo\/image\/\",\"url\":\"https:\/\/talkpal.ai\/wp-content\/uploads\/2024\/03\/Talkpal-Logo-Icon.png\",\"contentUrl\":\"https:\/\/talkpal.ai\/wp-content\/uploads\/2024\/03\/Talkpal-Logo-Icon.png\",\"width\":2880,\"height\":2880,\"caption\":\"Talkpal, Inc.\"},\"image\":{\"@id\":\"https:\/\/talkpal.ai\/de\/#\/schema\/logo\/image\/\"},\"sameAs\":[\"https:\/\/www.facebook.com\/profile.php?id=100090733639311\",\"https:\/\/x.com\/talkpalai\",\"https:\/\/www.linkedin.com\/company\/talkpal\/\",\"https:\/\/www.youtube.com\/@TalkPal\/\",\"https:\/\/www.tiktok.com\/@talkpal\",\"https:\/\/www.instagram.com\/talkpal_ai\/\",\"https:\/\/www.crunchbase.com\/organization\/talkpal-9cde\",\"https:\/\/www.g2.com\/products\/talkpal-for-business\/\",\"https:\/\/www.trustpilot.com\/review\/talkpal.ai\",\"https:\/\/www.capterra.com\/p\/10006800\/TalkPal\/\"],\"description\":\"Talkpal is a language learning web and mobile education app, powered by the latest AI technologies, that provides engaging experiences to its customers in many different languages to help them improve their language skills. Users can chat about unlimited amount of topics with the app and use other modes to practice their language learning.\",\"email\":\"support@talkpal.ai\",\"legalName\":\"Talkpal, Inc.\",\"foundingDate\":\"2023-04-03\",\"duns\":\"118989042\",\"numberOfEmployees\":{\"@type\":\"QuantitativeValue\",\"minValue\":\"11\",\"maxValue\":\"50\"},\"publishingPrinciples\":\"https:\/\/talkpal.ai\/publishing-principles\/\",\"actionableFeedbackPolicy\":\"https:\/\/talkpal.ai\/actionable-feedback-policy\/\",\"correctionsPolicy\":\"https:\/\/talkpal.ai\/corrections-policy\/\",\"ethicsPolicy\":\"https:\/\/talkpal.ai\/ethics-policy\/\",\"diversityPolicy\":\"https:\/\/talkpal.ai\/diversity-policy\/\",\"diversityStaffingReport\":\"https:\/\/talkpal.ai\/diversity-policy\/\"}]}<\/script>\n<!-- \/ Yoast SEO Premium plugin. -->","yoast_head_json":{"title":"Stellung der spanischen Adverbien \u2013 Eine ausf\u00fchrliche Anleitung - Talkpal","description":"In diesem Artikel werden wir uns eingehend mit der Stellung der spanischen Adverbien innerhalb von S\u00e4tzen besch\u00e4ftigen. Wir werden die verschiedenen","robots":{"index":"index","follow":"follow","max-snippet":"max-snippet:-1","max-image-preview":"max-image-preview:large","max-video-preview":"max-video-preview:-1"},"canonical":"https:\/\/talkpal.ai\/de\/grammar\/stellung-der-spanischen-adverbien-eine-ausfuehrliche-anleitung\/","og_locale":"de_DE","og_type":"article","og_title":"Stellung der spanischen Adverbien \u2013 Eine ausf\u00fchrliche Anleitung","og_description":"In diesem Artikel werden wir uns eingehend mit der Stellung der spanischen Adverbien innerhalb von S\u00e4tzen besch\u00e4ftigen. Wir werden die verschiedenen","og_url":"https:\/\/talkpal.ai\/de\/grammar\/stellung-der-spanischen-adverbien-eine-ausfuehrliche-anleitung\/","og_site_name":"Talkpal","article_publisher":"https:\/\/www.facebook.com\/profile.php?id=100090733639311","article_modified_time":"2023-04-22T14:11:14+00:00","og_image":[{"width":1456,"height":816,"url":"https:\/\/talkpal.ai\/wp-content\/uploads\/2023\/04\/TalkPal-Illustration-of-students-studying-grammar-lessons-104.png","type":"image\/png"}],"twitter_card":"summary_large_image","twitter_site":"@talkpalai","twitter_misc":{"Gesch\u00e4tzte Lesezeit":"3\u00a0Minuten"},"schema":{"@context":"https:\/\/schema.org","@graph":[{"@type":"WebPage","@id":"https:\/\/talkpal.ai\/de\/grammar\/stellung-der-spanischen-adverbien-eine-ausfuehrliche-anleitung\/","url":"https:\/\/talkpal.ai\/de\/grammar\/stellung-der-spanischen-adverbien-eine-ausfuehrliche-anleitung\/","name":"Stellung der spanischen Adverbien \u2013 Eine ausf\u00fchrliche Anleitung - Talkpal","isPartOf":{"@id":"https:\/\/talkpal.ai\/de\/#website"},"primaryImageOfPage":{"@id":"https:\/\/talkpal.ai\/de\/grammar\/stellung-der-spanischen-adverbien-eine-ausfuehrliche-anleitung\/#primaryimage"},"image":{"@id":"https:\/\/talkpal.ai\/de\/grammar\/stellung-der-spanischen-adverbien-eine-ausfuehrliche-anleitung\/#primaryimage"},"thumbnailUrl":"https:\/\/talkpal.ai\/wp-content\/uploads\/2025\/12\/three-people-talking-to-learn-languages.webp","datePublished":"2023-04-04T12:06:51+00:00","dateModified":"2023-04-22T14:11:14+00:00","description":"In diesem Artikel werden wir uns eingehend mit der Stellung der spanischen Adverbien innerhalb von S\u00e4tzen besch\u00e4ftigen. Wir werden die verschiedenen","breadcrumb":{"@id":"https:\/\/talkpal.ai\/de\/grammar\/stellung-der-spanischen-adverbien-eine-ausfuehrliche-anleitung\/#breadcrumb"},"inLanguage":"de","potentialAction":[{"@type":"ReadAction","target":["https:\/\/talkpal.ai\/de\/grammar\/stellung-der-spanischen-adverbien-eine-ausfuehrliche-anleitung\/"]}]},{"@type":"ImageObject","inLanguage":"de","@id":"https:\/\/talkpal.ai\/de\/grammar\/stellung-der-spanischen-adverbien-eine-ausfuehrliche-anleitung\/#primaryimage","url":"https:\/\/talkpal.ai\/wp-content\/uploads\/2025\/12\/three-people-talking-to-learn-languages.webp","contentUrl":"https:\/\/talkpal.ai\/wp-content\/uploads\/2025\/12\/three-people-talking-to-learn-languages.webp","width":1200,"height":896,"caption":"Three students smile and talk while using laptops and books to learn languages."},{"@type":"BreadcrumbList","@id":"https:\/\/talkpal.ai\/de\/grammar\/stellung-der-spanischen-adverbien-eine-ausfuehrliche-anleitung\/#breadcrumb","itemListElement":[{"@type":"ListItem","position":1,"name":"Homepage","item":"https:\/\/talkpal.ai\/de\/"},{"@type":"ListItem","position":2,"name":"Stellung der spanischen Adverbien \u2013 Eine ausf\u00fchrliche Anleitung"}]},{"@type":"WebSite","@id":"https:\/\/talkpal.ai\/de\/#website","url":"https:\/\/talkpal.ai\/de\/","name":"Talkpal","description":"AI Language Learning","publisher":{"@id":"https:\/\/talkpal.ai\/de\/#organization"},"alternateName":"Talkpal AI","potentialAction":[{"@type":"SearchAction","target":{"@type":"EntryPoint","urlTemplate":"https:\/\/talkpal.ai\/de\/?s={search_term_string}"},"query-input":{"@type":"PropertyValueSpecification","valueRequired":true,"valueName":"search_term_string"}}],"inLanguage":"de"},{"@type":"Organization","@id":"https:\/\/talkpal.ai\/de\/#organization","name":"Talkpal, Inc.","alternateName":"Talkpal AI","url":"https:\/\/talkpal.ai\/de\/","logo":{"@type":"ImageObject","inLanguage":"de","@id":"https:\/\/talkpal.ai\/de\/#\/schema\/logo\/image\/","url":"https:\/\/talkpal.ai\/wp-content\/uploads\/2024\/03\/Talkpal-Logo-Icon.png","contentUrl":"https:\/\/talkpal.ai\/wp-content\/uploads\/2024\/03\/Talkpal-Logo-Icon.png","width":2880,"height":2880,"caption":"Talkpal, Inc."},"image":{"@id":"https:\/\/talkpal.ai\/de\/#\/schema\/logo\/image\/"},"sameAs":["https:\/\/www.facebook.com\/profile.php?id=100090733639311","https:\/\/x.com\/talkpalai","https:\/\/www.linkedin.com\/company\/talkpal\/","https:\/\/www.youtube.com\/@TalkPal\/","https:\/\/www.tiktok.com\/@talkpal","https:\/\/www.instagram.com\/talkpal_ai\/","https:\/\/www.crunchbase.com\/organization\/talkpal-9cde","https:\/\/www.g2.com\/products\/talkpal-for-business\/","https:\/\/www.trustpilot.com\/review\/talkpal.ai","https:\/\/www.capterra.com\/p\/10006800\/TalkPal\/"],"description":"Talkpal is a language learning web and mobile education app, powered by the latest AI technologies, that provides engaging experiences to its customers in many different languages to help them improve their language skills. Users can chat about unlimited amount of topics with the app and use other modes to practice their language learning.","email":"support@talkpal.ai","legalName":"Talkpal, Inc.","foundingDate":"2023-04-03","duns":"118989042","numberOfEmployees":{"@type":"QuantitativeValue","minValue":"11","maxValue":"50"},"publishingPrinciples":"https:\/\/talkpal.ai\/publishing-principles\/","actionableFeedbackPolicy":"https:\/\/talkpal.ai\/actionable-feedback-policy\/","correctionsPolicy":"https:\/\/talkpal.ai\/corrections-policy\/","ethicsPolicy":"https:\/\/talkpal.ai\/ethics-policy\/","diversityPolicy":"https:\/\/talkpal.ai\/diversity-policy\/","diversityStaffingReport":"https:\/\/talkpal.ai\/diversity-policy\/"}]}},"_links":{"self":[{"href":"https:\/\/talkpal.ai\/de\/wp-json\/wp\/v2\/grammar\/10107","targetHints":{"allow":["GET"]}}],"collection":[{"href":"https:\/\/talkpal.ai\/de\/wp-json\/wp\/v2\/grammar"}],"about":[{"href":"https:\/\/talkpal.ai\/de\/wp-json\/wp\/v2\/types\/grammar"}],"wp:featuredmedia":[{"embeddable":true,"href":"https:\/\/talkpal.ai\/de\/wp-json\/wp\/v2\/media\/1528876"}],"wp:attachment":[{"href":"https:\/\/talkpal.ai\/de\/wp-json\/wp\/v2\/media?parent=10107"}],"wp:term":[{"taxonomy":"language","embeddable":true,"href":"https:\/\/talkpal.ai\/de\/wp-json\/wp\/v2\/language?post=10107"}],"curies":[{"name":"wp","href":"https:\/\/api.w.org\/{rel}","templated":true}]}}