{"id":10069,"date":"2023-04-04T11:32:13","date_gmt":"2023-04-04T11:32:13","guid":{"rendered":"http:\/\/talkpal.ai\/?post_type=grammar&#038;p=10069"},"modified":"2023-04-22T14:10:51","modified_gmt":"2023-04-22T14:10:51","slug":"spanische-grammatik-die-verwendung-und-bildung-von-verben","status":"publish","type":"grammar","link":"https:\/\/talkpal.ai\/de\/grammar\/spanische-grammatik-die-verwendung-und-bildung-von-verben\/","title":{"rendered":"Spanische Grammatik: Die Verwendung und Bildung von Verben"},"content":{"rendered":"\n<p>Die <a href=\"https:\/\/talkpal.ai\/spanish-grammar\/\">spanische Grammatik<\/a> geh\u00f6rt zu den wichtigsten Aspekten beim Erlernen der spanischen Sprache. Die Verben spielen dabei eine zentrale Rolle, da sie die Handlungen und Zust\u00e4nde in einem Satz ausdr\u00fccken. In diesem Artikel werden wir uns intensiv mit der <a href=\"https:\/\/talkpal.ai\/ar\/grammar_exercises\/bildung-%d8%aa%d9%85%d8%a7%d8%b1%d9%8a%d9%86-%d9%84%d9%84%d9%82%d9%88%d8%a7%d8%b9%d8%af-%d8%a7%d9%84%d8%a3%d9%84%d9%85%d8%a7%d9%86%d9%8a%d8%a9\/\">Bildung<\/a> und Verwendung der spanischen Verben besch\u00e4ftigen, um ein solides Verst\u00e4ndnis f\u00fcr die spanische Grammatik zu <a href=\"https:\/\/talkpal.ai\/de\/locations\/englisch-lernen-in-erlangen\/\">erlangen<\/a>.<\/p>\n\n\n\n<h2 class=\"wp-block-heading\">Regelm\u00e4\u00dfige Verben: -ar, -er, -ir<\/h2>\n\n\n\n<p>Die spanischen Verben lassen sich in drei Gruppen einteilen, <a href=\"https:\/\/talkpal.ai\/culture\/how-do-i-use-the-word-je-nachdem\/\">je nachdem<\/a>, welche Endung sie im Infinitiv aufweisen: -ar, -er und -ir. Die Konjugation der regelm\u00e4\u00dfigen Verben erfolgt nach einem festen Muster, das sich f\u00fcr jede Gruppe wiederholt.<\/p>\n\n\n\n<h3 class=\"wp-block-heading\">-ar Verben<\/h3>\n\n\n\n<p>Die erste Gruppe umfasst die Verben, die auf -ar enden. Hier sind die Konjugationen f\u00fcr die verschiedenen <a href=\"https:\/\/talkpal.ai\/zh-hans\/grammar_exercises\/zeitformen-%e5%be%b7%e5%9b%bd%e8%af%ad%e6%b3%95%e7%bb%83%e4%b9%a0\/\">Zeitformen<\/a>:<\/p>\n\n\n\n<ul class=\"wp-block-list\">\n<li>Pr\u00e4sens: -o, -as, -a, -amos, -\u00e1is, -an<\/li>\n\n\n\n<li>Pr\u00e4teritum: -\u00e9, -aste, -\u00f3, -amos, -asteis, -aron<\/li>\n\n\n\n<li>Imperfekt: -aba, -abas, -aba, -\u00e1bamos, -abais, -aban<\/li>\n\n\n\n<li>Zukunft: -ar\u00e9, -ar\u00e1s, -ar\u00e1, -aremos, -ar\u00e9is, -ar\u00e1n<\/li>\n\n\n\n<li>Konditional: -ar\u00eda, -ar\u00edas, -ar\u00eda, -ar\u00edamos, -ar\u00edais, -ar\u00edan<\/li>\n<\/ul>\n\n\n\n<h3 class=\"wp-block-heading\">-er Verben<\/h3>\n\n\n\n<p>Die zweite Gruppe besteht aus den Verben, die auf -er enden. Hier sind die Konjugationen f\u00fcr die verschiedenen Zeitformen:<\/p>\n\n\n\n<ul class=\"wp-block-list\">\n<li>Pr\u00e4sens: -o, -es, -e, -emos, -\u00e9is, -en<\/li>\n\n\n\n<li>Pr\u00e4teritum: -\u00ed, -iste, -i\u00f3, -imos, -isteis, -ieron<\/li>\n\n\n\n<li>Imperfekt: -\u00eda, -\u00edas, -\u00eda, -\u00edamos, -\u00edais, -\u00edan<\/li>\n\n\n\n<li>Zukunft: -er\u00e9, -er\u00e1s, -er\u00e1, -eremos, -er\u00e9is, -er\u00e1n<\/li>\n\n\n\n<li>Konditional: -er\u00eda, -er\u00edas, -er\u00eda, -er\u00edamos, -er\u00edais, -er\u00edan<\/li>\n<\/ul>\n\n\n\n<h3 class=\"wp-block-heading\">-ir Verben<\/h3>\n\n\n\n<p>Die dritte Gruppe umfasst die Verben, die auf -ir enden. Hier sind die Konjugationen f\u00fcr die verschiedenen Zeitformen:<\/p>\n\n\n\n<ul class=\"wp-block-list\">\n<li>Pr\u00e4sens: -o, -es, -e, -imos, -\u00eds, -en<\/li>\n\n\n\n<li>Pr\u00e4teritum: -\u00ed, -iste, -i\u00f3, -imos, -isteis, -ieron<\/li>\n\n\n\n<li>Imperfekt: -\u00eda, -\u00edas, -\u00eda, -\u00edamos, -\u00edais, -\u00edan<\/li>\n\n\n\n<li>Zukunft: -ir\u00e9, -ir\u00e1s, -ir\u00e1, -iremos, -ir\u00e9is, -ir\u00e1n<\/li>\n\n\n\n<li>Konditional: -ir\u00eda, -ir\u00edas, -ir\u00eda, -ir\u00edamos, -ir\u00edais, -ir\u00edan<\/li>\n<\/ul>\n\n\n\n<h2 class=\"wp-block-heading\">Unregelm\u00e4\u00dfige Verben<\/h2>\n\n\n\n<p>Einige spanische Verben weichen von den regelm\u00e4\u00dfigen Mustern ab und werden als <a href=\"https:\/\/talkpal.ai\/de\/grammar\/unregelmaessige-verben-in-der-deutschen-grammatik\/\">unregelm\u00e4\u00dfige Verben<\/a> bezeichnet. Die Unregelm\u00e4\u00dfigkeiten k\u00f6nnen in verschiedenen Zeitformen und bei verschiedenen Personen auftreten. Einige der h\u00e4ufigsten unregelm\u00e4\u00dfigen Verben sind ser, estar, tener, ir und venir.<\/p>\n\n\n\n<h3 class=\"wp-block-heading\">Ser (sein):<\/h3>\n\n\n\n<ul class=\"wp-block-list\">\n<li>Pr\u00e4sens: soy, eres, es, somos, sois, son<\/li>\n\n\n\n<li>Pr\u00e4teritum: fui, fuiste, fue, fuimos, fuisteis, fueron<\/li>\n\n\n\n<li>Imperfekt: era, eras, era, \u00e9ramos, erais, eran<\/li>\n\n\n\n<li>Zukunft: ser\u00e9, ser\u00e1s, ser\u00e1, seremos, ser\u00e9is, ser\u00e1n<\/li>\n\n\n\n<li>Konditional: ser\u00eda, ser\u00edas, ser\u00eda, ser\u00edamos, ser\u00edais, ser\u00edan<\/li>\n<\/ul>\n\n\n\n<h3 class=\"wp-block-heading\">Estar (sein, sich befinden):<\/h3>\n\n\n\n<ul class=\"wp-block-list\">\n<li>Pr\u00e4sens: estoy, est\u00e1s, est\u00e1, estamos, est\u00e1is, est\u00e1n<\/li>\n\n\n\n<li>Pr\u00e4teritum: estuve, estuviste, estuvo, estuvimos, estuvisteis, estuvieron<\/li>\n\n\n\n<li>Imperfekt: estaba, estabas, estaba, est\u00e1bamos, estabais, estaban<\/li>\n\n\n\n<li>Zukunft: estar\u00e9, estar\u00e1s, estar\u00e1, estaremos, estar\u00e9is, estar\u00e1n<\/li>\n\n\n\n<li>Konditional: estar\u00eda, estar\u00edas, estar\u00eda, estar\u00edamos, estar\u00edais, estar\u00edan<\/li>\n<\/ul>\n\n\n\n<h2 class=\"wp-block-heading\">Reflexive Verben<\/h2>\n\n\n\n<p>Reflexive Verben sind solche, bei denen das Subjekt und das Objekt der Handlung identisch sind. Diese Verben werden mit reflexiven Pronomen konjugiert, die sich nach dem Subjekt richten: me, te, se, nos, os, se.<\/p>\n\n\n\n<p>Beispiel: lavarse (sich waschen)<\/p>\n\n\n\n<ul class=\"wp-block-list\">\n<li>Pr\u00e4sens: me lavo, te lavas, se lava, nos lavamos, os lav\u00e1is, se lavan<\/li>\n\n\n\n<li>Pr\u00e4teritum: me lav\u00e9, te lavaste, se lav\u00f3, nos lavamos, os lavasteis, se lavaron<\/li>\n\n\n\n<li>Imperfekt: me lavaba, te lavabas, se lavaba, nos lav\u00e1bamos, os lavabais, se lavaban<\/li>\n<\/ul>\n\n\n\n<h2 class=\"wp-block-heading\">Zusammenfassung<\/h2>\n\n\n\n<p>Die spanische Grammatik, insbesondere die Verben, ist ein wesentlicher Bestandteil beim Erlernen der spanischen Sprache. Durch das Verst\u00e4ndnis und die Anwendung der verschiedenen Zeitformen und Konjugationen k\u00f6nnen Sie Ihre Kommunikationsf\u00e4higkeiten in dieser sch\u00f6nen Sprache erheblich verbessern.<\/p>\n","protected":false},"featured_media":1527809,"template":"","language":[339,375],"class_list":["post-10069","grammar","type-grammar","status-publish","has-post-thumbnail","hentry","language-spanisch","language-verben-de-3"],"acf":[],"yoast_head":"<!-- This site is optimized with the Yoast SEO Premium plugin v27.2 (Yoast SEO v27.2) - https:\/\/yoast.com\/product\/yoast-seo-premium-wordpress\/ -->\n<title>Spanische Grammatik: Die Verwendung und Bildung von Verben - Talkpal<\/title>\n<meta name=\"description\" content=\"Die spanische Grammatik geh\u00f6rt zu den wichtigsten Aspekten beim Erlernen der spanischen Sprache. Die Verben spielen dabei eine zentrale Rolle, da sie die\" \/>\n<meta name=\"robots\" content=\"index, follow, max-snippet:-1, max-image-preview:large, max-video-preview:-1\" \/>\n<link rel=\"canonical\" href=\"https:\/\/talkpal.ai\/de\/grammar\/spanische-grammatik-die-verwendung-und-bildung-von-verben\/\" \/>\n<meta property=\"og:locale\" content=\"de_DE\" \/>\n<meta property=\"og:type\" content=\"article\" \/>\n<meta property=\"og:title\" content=\"Spanische Grammatik: Die Verwendung und Bildung von Verben\" \/>\n<meta property=\"og:description\" content=\"Die spanische Grammatik geh\u00f6rt zu den wichtigsten Aspekten beim Erlernen der spanischen Sprache. Die Verben spielen dabei eine zentrale Rolle, da sie die\" \/>\n<meta property=\"og:url\" content=\"https:\/\/talkpal.ai\/de\/grammar\/spanische-grammatik-die-verwendung-und-bildung-von-verben\/\" \/>\n<meta property=\"og:site_name\" content=\"Talkpal\" \/>\n<meta property=\"article:publisher\" content=\"https:\/\/www.facebook.com\/profile.php?id=100090733639311\" \/>\n<meta property=\"article:modified_time\" content=\"2023-04-22T14:10:51+00:00\" \/>\n<meta property=\"og:image\" content=\"https:\/\/talkpal.ai\/wp-content\/uploads\/2023\/04\/TalkPal-Illustration-of-students-studying-grammar-lessons-40.png\" \/>\n\t<meta property=\"og:image:width\" content=\"1456\" \/>\n\t<meta property=\"og:image:height\" content=\"816\" \/>\n\t<meta property=\"og:image:type\" content=\"image\/png\" \/>\n<meta name=\"twitter:card\" content=\"summary_large_image\" \/>\n<meta name=\"twitter:site\" content=\"@talkpalai\" \/>\n<meta name=\"twitter:label1\" content=\"Gesch\u00e4tzte Lesezeit\" \/>\n\t<meta name=\"twitter:data1\" content=\"3\u00a0Minuten\" \/>\n<script type=\"application\/ld+json\" class=\"yoast-schema-graph\">{\"@context\":\"https:\/\/schema.org\",\"@graph\":[{\"@type\":\"WebPage\",\"@id\":\"https:\/\/talkpal.ai\/de\/grammar\/spanische-grammatik-die-verwendung-und-bildung-von-verben\/\",\"url\":\"https:\/\/talkpal.ai\/de\/grammar\/spanische-grammatik-die-verwendung-und-bildung-von-verben\/\",\"name\":\"Spanische Grammatik: Die Verwendung und Bildung von Verben - Talkpal\",\"isPartOf\":{\"@id\":\"https:\/\/talkpal.ai\/de\/#website\"},\"primaryImageOfPage\":{\"@id\":\"https:\/\/talkpal.ai\/de\/grammar\/spanische-grammatik-die-verwendung-und-bildung-von-verben\/#primaryimage\"},\"image\":{\"@id\":\"https:\/\/talkpal.ai\/de\/grammar\/spanische-grammatik-die-verwendung-und-bildung-von-verben\/#primaryimage\"},\"thumbnailUrl\":\"https:\/\/talkpal.ai\/wp-content\/uploads\/2025\/12\/notebook-is-opened-learning-languages.webp\",\"datePublished\":\"2023-04-04T11:32:13+00:00\",\"dateModified\":\"2023-04-22T14:10:51+00:00\",\"description\":\"Die spanische Grammatik geh\u00f6rt zu den wichtigsten Aspekten beim Erlernen der spanischen Sprache. Die Verben spielen dabei eine zentrale Rolle, da sie die\",\"breadcrumb\":{\"@id\":\"https:\/\/talkpal.ai\/de\/grammar\/spanische-grammatik-die-verwendung-und-bildung-von-verben\/#breadcrumb\"},\"inLanguage\":\"de\",\"potentialAction\":[{\"@type\":\"ReadAction\",\"target\":[\"https:\/\/talkpal.ai\/de\/grammar\/spanische-grammatik-die-verwendung-und-bildung-von-verben\/\"]}]},{\"@type\":\"ImageObject\",\"inLanguage\":\"de\",\"@id\":\"https:\/\/talkpal.ai\/de\/grammar\/spanische-grammatik-die-verwendung-und-bildung-von-verben\/#primaryimage\",\"url\":\"https:\/\/talkpal.ai\/wp-content\/uploads\/2025\/12\/notebook-is-opened-learning-languages.webp\",\"contentUrl\":\"https:\/\/talkpal.ai\/wp-content\/uploads\/2025\/12\/notebook-is-opened-learning-languages.webp\",\"width\":1200,\"height\":896,\"caption\":\"Students sit at desks with laptops and stacks of books while learning languages in a busy office environment.\"},{\"@type\":\"BreadcrumbList\",\"@id\":\"https:\/\/talkpal.ai\/de\/grammar\/spanische-grammatik-die-verwendung-und-bildung-von-verben\/#breadcrumb\",\"itemListElement\":[{\"@type\":\"ListItem\",\"position\":1,\"name\":\"Homepage\",\"item\":\"https:\/\/talkpal.ai\/de\/\"},{\"@type\":\"ListItem\",\"position\":2,\"name\":\"Spanische Grammatik: Die Verwendung und Bildung von Verben\"}]},{\"@type\":\"WebSite\",\"@id\":\"https:\/\/talkpal.ai\/de\/#website\",\"url\":\"https:\/\/talkpal.ai\/de\/\",\"name\":\"Talkpal\",\"description\":\"AI Language Learning\",\"publisher\":{\"@id\":\"https:\/\/talkpal.ai\/de\/#organization\"},\"alternateName\":\"Talkpal AI\",\"potentialAction\":[{\"@type\":\"SearchAction\",\"target\":{\"@type\":\"EntryPoint\",\"urlTemplate\":\"https:\/\/talkpal.ai\/de\/?s={search_term_string}\"},\"query-input\":{\"@type\":\"PropertyValueSpecification\",\"valueRequired\":true,\"valueName\":\"search_term_string\"}}],\"inLanguage\":\"de\"},{\"@type\":\"Organization\",\"@id\":\"https:\/\/talkpal.ai\/de\/#organization\",\"name\":\"Talkpal, Inc.\",\"alternateName\":\"Talkpal AI\",\"url\":\"https:\/\/talkpal.ai\/de\/\",\"logo\":{\"@type\":\"ImageObject\",\"inLanguage\":\"de\",\"@id\":\"https:\/\/talkpal.ai\/de\/#\/schema\/logo\/image\/\",\"url\":\"https:\/\/talkpal.ai\/wp-content\/uploads\/2024\/03\/Talkpal-Logo-Icon.png\",\"contentUrl\":\"https:\/\/talkpal.ai\/wp-content\/uploads\/2024\/03\/Talkpal-Logo-Icon.png\",\"width\":2880,\"height\":2880,\"caption\":\"Talkpal, Inc.\"},\"image\":{\"@id\":\"https:\/\/talkpal.ai\/de\/#\/schema\/logo\/image\/\"},\"sameAs\":[\"https:\/\/www.facebook.com\/profile.php?id=100090733639311\",\"https:\/\/x.com\/talkpalai\",\"https:\/\/www.linkedin.com\/company\/talkpal\/\",\"https:\/\/www.youtube.com\/@TalkPal\/\",\"https:\/\/www.tiktok.com\/@talkpal\",\"https:\/\/www.instagram.com\/talkpal_ai\/\",\"https:\/\/www.crunchbase.com\/organization\/talkpal-9cde\",\"https:\/\/www.g2.com\/products\/talkpal-for-business\/\",\"https:\/\/www.trustpilot.com\/review\/talkpal.ai\",\"https:\/\/www.capterra.com\/p\/10006800\/TalkPal\/\"],\"description\":\"Talkpal is a language learning web and mobile education app, powered by the latest AI technologies, that provides engaging experiences to its customers in many different languages to help them improve their language skills. Users can chat about unlimited amount of topics with the app and use other modes to practice their language learning.\",\"email\":\"support@talkpal.ai\",\"legalName\":\"Talkpal, Inc.\",\"foundingDate\":\"2023-04-03\",\"duns\":\"118989042\",\"numberOfEmployees\":{\"@type\":\"QuantitativeValue\",\"minValue\":\"11\",\"maxValue\":\"50\"},\"publishingPrinciples\":\"https:\/\/talkpal.ai\/publishing-principles\/\",\"actionableFeedbackPolicy\":\"https:\/\/talkpal.ai\/actionable-feedback-policy\/\",\"correctionsPolicy\":\"https:\/\/talkpal.ai\/corrections-policy\/\",\"ethicsPolicy\":\"https:\/\/talkpal.ai\/ethics-policy\/\",\"diversityPolicy\":\"https:\/\/talkpal.ai\/diversity-policy\/\",\"diversityStaffingReport\":\"https:\/\/talkpal.ai\/diversity-policy\/\"}]}<\/script>\n<!-- \/ Yoast SEO Premium plugin. -->","yoast_head_json":{"title":"Spanische Grammatik: Die Verwendung und Bildung von Verben - Talkpal","description":"Die spanische Grammatik geh\u00f6rt zu den wichtigsten Aspekten beim Erlernen der spanischen Sprache. Die Verben spielen dabei eine zentrale Rolle, da sie die","robots":{"index":"index","follow":"follow","max-snippet":"max-snippet:-1","max-image-preview":"max-image-preview:large","max-video-preview":"max-video-preview:-1"},"canonical":"https:\/\/talkpal.ai\/de\/grammar\/spanische-grammatik-die-verwendung-und-bildung-von-verben\/","og_locale":"de_DE","og_type":"article","og_title":"Spanische Grammatik: Die Verwendung und Bildung von Verben","og_description":"Die spanische Grammatik geh\u00f6rt zu den wichtigsten Aspekten beim Erlernen der spanischen Sprache. Die Verben spielen dabei eine zentrale Rolle, da sie die","og_url":"https:\/\/talkpal.ai\/de\/grammar\/spanische-grammatik-die-verwendung-und-bildung-von-verben\/","og_site_name":"Talkpal","article_publisher":"https:\/\/www.facebook.com\/profile.php?id=100090733639311","article_modified_time":"2023-04-22T14:10:51+00:00","og_image":[{"width":1456,"height":816,"url":"https:\/\/talkpal.ai\/wp-content\/uploads\/2023\/04\/TalkPal-Illustration-of-students-studying-grammar-lessons-40.png","type":"image\/png"}],"twitter_card":"summary_large_image","twitter_site":"@talkpalai","twitter_misc":{"Gesch\u00e4tzte Lesezeit":"3\u00a0Minuten"},"schema":{"@context":"https:\/\/schema.org","@graph":[{"@type":"WebPage","@id":"https:\/\/talkpal.ai\/de\/grammar\/spanische-grammatik-die-verwendung-und-bildung-von-verben\/","url":"https:\/\/talkpal.ai\/de\/grammar\/spanische-grammatik-die-verwendung-und-bildung-von-verben\/","name":"Spanische Grammatik: Die Verwendung und Bildung von Verben - Talkpal","isPartOf":{"@id":"https:\/\/talkpal.ai\/de\/#website"},"primaryImageOfPage":{"@id":"https:\/\/talkpal.ai\/de\/grammar\/spanische-grammatik-die-verwendung-und-bildung-von-verben\/#primaryimage"},"image":{"@id":"https:\/\/talkpal.ai\/de\/grammar\/spanische-grammatik-die-verwendung-und-bildung-von-verben\/#primaryimage"},"thumbnailUrl":"https:\/\/talkpal.ai\/wp-content\/uploads\/2025\/12\/notebook-is-opened-learning-languages.webp","datePublished":"2023-04-04T11:32:13+00:00","dateModified":"2023-04-22T14:10:51+00:00","description":"Die spanische Grammatik geh\u00f6rt zu den wichtigsten Aspekten beim Erlernen der spanischen Sprache. Die Verben spielen dabei eine zentrale Rolle, da sie die","breadcrumb":{"@id":"https:\/\/talkpal.ai\/de\/grammar\/spanische-grammatik-die-verwendung-und-bildung-von-verben\/#breadcrumb"},"inLanguage":"de","potentialAction":[{"@type":"ReadAction","target":["https:\/\/talkpal.ai\/de\/grammar\/spanische-grammatik-die-verwendung-und-bildung-von-verben\/"]}]},{"@type":"ImageObject","inLanguage":"de","@id":"https:\/\/talkpal.ai\/de\/grammar\/spanische-grammatik-die-verwendung-und-bildung-von-verben\/#primaryimage","url":"https:\/\/talkpal.ai\/wp-content\/uploads\/2025\/12\/notebook-is-opened-learning-languages.webp","contentUrl":"https:\/\/talkpal.ai\/wp-content\/uploads\/2025\/12\/notebook-is-opened-learning-languages.webp","width":1200,"height":896,"caption":"Students sit at desks with laptops and stacks of books while learning languages in a busy office environment."},{"@type":"BreadcrumbList","@id":"https:\/\/talkpal.ai\/de\/grammar\/spanische-grammatik-die-verwendung-und-bildung-von-verben\/#breadcrumb","itemListElement":[{"@type":"ListItem","position":1,"name":"Homepage","item":"https:\/\/talkpal.ai\/de\/"},{"@type":"ListItem","position":2,"name":"Spanische Grammatik: Die Verwendung und Bildung von Verben"}]},{"@type":"WebSite","@id":"https:\/\/talkpal.ai\/de\/#website","url":"https:\/\/talkpal.ai\/de\/","name":"Talkpal","description":"AI Language Learning","publisher":{"@id":"https:\/\/talkpal.ai\/de\/#organization"},"alternateName":"Talkpal AI","potentialAction":[{"@type":"SearchAction","target":{"@type":"EntryPoint","urlTemplate":"https:\/\/talkpal.ai\/de\/?s={search_term_string}"},"query-input":{"@type":"PropertyValueSpecification","valueRequired":true,"valueName":"search_term_string"}}],"inLanguage":"de"},{"@type":"Organization","@id":"https:\/\/talkpal.ai\/de\/#organization","name":"Talkpal, Inc.","alternateName":"Talkpal AI","url":"https:\/\/talkpal.ai\/de\/","logo":{"@type":"ImageObject","inLanguage":"de","@id":"https:\/\/talkpal.ai\/de\/#\/schema\/logo\/image\/","url":"https:\/\/talkpal.ai\/wp-content\/uploads\/2024\/03\/Talkpal-Logo-Icon.png","contentUrl":"https:\/\/talkpal.ai\/wp-content\/uploads\/2024\/03\/Talkpal-Logo-Icon.png","width":2880,"height":2880,"caption":"Talkpal, Inc."},"image":{"@id":"https:\/\/talkpal.ai\/de\/#\/schema\/logo\/image\/"},"sameAs":["https:\/\/www.facebook.com\/profile.php?id=100090733639311","https:\/\/x.com\/talkpalai","https:\/\/www.linkedin.com\/company\/talkpal\/","https:\/\/www.youtube.com\/@TalkPal\/","https:\/\/www.tiktok.com\/@talkpal","https:\/\/www.instagram.com\/talkpal_ai\/","https:\/\/www.crunchbase.com\/organization\/talkpal-9cde","https:\/\/www.g2.com\/products\/talkpal-for-business\/","https:\/\/www.trustpilot.com\/review\/talkpal.ai","https:\/\/www.capterra.com\/p\/10006800\/TalkPal\/"],"description":"Talkpal is a language learning web and mobile education app, powered by the latest AI technologies, that provides engaging experiences to its customers in many different languages to help them improve their language skills. Users can chat about unlimited amount of topics with the app and use other modes to practice their language learning.","email":"support@talkpal.ai","legalName":"Talkpal, Inc.","foundingDate":"2023-04-03","duns":"118989042","numberOfEmployees":{"@type":"QuantitativeValue","minValue":"11","maxValue":"50"},"publishingPrinciples":"https:\/\/talkpal.ai\/publishing-principles\/","actionableFeedbackPolicy":"https:\/\/talkpal.ai\/actionable-feedback-policy\/","correctionsPolicy":"https:\/\/talkpal.ai\/corrections-policy\/","ethicsPolicy":"https:\/\/talkpal.ai\/ethics-policy\/","diversityPolicy":"https:\/\/talkpal.ai\/diversity-policy\/","diversityStaffingReport":"https:\/\/talkpal.ai\/diversity-policy\/"}]}},"_links":{"self":[{"href":"https:\/\/talkpal.ai\/de\/wp-json\/wp\/v2\/grammar\/10069","targetHints":{"allow":["GET"]}}],"collection":[{"href":"https:\/\/talkpal.ai\/de\/wp-json\/wp\/v2\/grammar"}],"about":[{"href":"https:\/\/talkpal.ai\/de\/wp-json\/wp\/v2\/types\/grammar"}],"wp:featuredmedia":[{"embeddable":true,"href":"https:\/\/talkpal.ai\/de\/wp-json\/wp\/v2\/media\/1527809"}],"wp:attachment":[{"href":"https:\/\/talkpal.ai\/de\/wp-json\/wp\/v2\/media?parent=10069"}],"wp:term":[{"taxonomy":"language","embeddable":true,"href":"https:\/\/talkpal.ai\/de\/wp-json\/wp\/v2\/language?post=10069"}],"curies":[{"name":"wp","href":"https:\/\/api.w.org\/{rel}","templated":true}]}}