{"id":10058,"date":"2023-04-04T10:56:09","date_gmt":"2023-04-04T10:56:09","guid":{"rendered":"http:\/\/talkpal.ai\/?post_type=grammar&#038;p=10058"},"modified":"2023-04-22T14:10:22","modified_gmt":"2023-04-22T14:10:22","slug":"der-subjuntivo-im-spanischen-der-praesens","status":"publish","type":"grammar","link":"https:\/\/talkpal.ai\/de\/grammar\/der-subjuntivo-im-spanischen-der-praesens\/","title":{"rendered":"Der Subjuntivo im Spanischen: Der Pr\u00e4sens"},"content":{"rendered":"\n<p>Der Subjuntivo ist einer der vier Modi im Spanischen und kommt h\u00e4ufig in der spanischen <a href=\"https:\/\/talkpal.ai\/fr\/les\/\">Grammatik<\/a> vor. In diesem Artikel konzentrieren wir uns auf den Gebrauch und die <a href=\"https:\/\/talkpal.ai\/ar\/grammar_exercises\/bildung-%d8%aa%d9%85%d8%a7%d8%b1%d9%8a%d9%86-%d9%84%d9%84%d9%82%d9%88%d8%a7%d8%b9%d8%af-%d8%a7%d9%84%d8%a3%d9%84%d9%85%d8%a7%d9%86%d9%8a%d8%a9\/\">Bildung<\/a> des Subjuntivo im Pr\u00e4sens. Der Subjuntivo dr\u00fcckt Unsicherheit, Zweifel, W\u00fcnsche oder Vermutungen aus und wird h\u00e4ufig in Nebens\u00e4tzen verwendet.<\/p>\n\n\n\n<h2 class=\"wp-block-heading\">Die Bildung des Subjuntivo im Pr\u00e4sens<\/h2>\n\n\n\n<p>Um den Subjuntivo im Pr\u00e4sens zu bilden, verwendet man die Grundform des Verbes und f\u00fcgt die entsprechenden Endungen hinzu. Diese Endungen variieren je nach Verbgruppe (AR, ER, IR) und Person.<\/p>\n\n\n\n<h3 class=\"wp-block-heading\">Regelm\u00e4\u00dfige Verben<\/h3>\n\n\n\n<p>F\u00fcr <a href=\"https:\/\/talkpal.ai\/de\/grammar\/regelmasige-verben-in-der-slowakischen-grammatik\/\">regelm\u00e4\u00dfige Verben<\/a> im Subjuntivo gelten folgende Endungen:<\/p>\n\n\n\n<ul class=\"wp-block-list\">\n<li>AR-Verben: -e, -es, -e, -emos, -\u00e9is, -en<\/li>\n\n\n\n<li>ER- und IR-Verben: -a, -as, -a, -amos, -\u00e1is, -an<\/li>\n<\/ul>\n\n\n\n<p><strong>Beispiel:<\/strong><\/p>\n\n\n\n<figure class=\"wp-block-table\"><table><thead><tr><th><strong>Person<\/strong><\/th><th><strong>hablar (AR)<\/strong><\/th><th><strong>comer (ER)<\/strong><\/th><th><strong>vivir (IR)<\/strong><\/th><\/tr><\/thead><tbody><tr><td>yo<\/td><td>hable<\/td><td>coma<\/td><td>viva<\/td><\/tr><tr><td>t\u00fa<\/td><td>hables<\/td><td>comas<\/td><td>vivas<\/td><\/tr><tr><td>\u00e9l\/ella<\/td><td>hable<\/td><td>coma<\/td><td>viva<\/td><\/tr><tr><td>nosotros<\/td><td>hablemos<\/td><td>comamos<\/td><td>vivamos<\/td><\/tr><tr><td>vosotros<\/td><td>habl\u00e9is<\/td><td>com\u00e1is<\/td><td>viv\u00e1is<\/td><\/tr><tr><td>ellos<\/td><td>hablen<\/td><td>coman<\/td><td>vivan<\/td><\/tr><\/tbody><\/table><\/figure>\n\n\n\n<h3 class=\"wp-block-heading\">Unregelm\u00e4\u00dfige Verben<\/h3>\n\n\n\n<p>Einige Verben haben im Subjuntivo unregelm\u00e4\u00dfige Stammformen. Hier sind die h\u00e4ufigsten unregelm\u00e4\u00dfigen Verben:<\/p>\n\n\n\n<figure class=\"wp-block-table\"><table><thead><tr><th><strong>Infinitiv<\/strong><\/th><th><strong>yo<\/strong><\/th><th><strong>t\u00fa<\/strong><\/th><th><strong>\u00e9l\/ella<\/strong><\/th><th><strong>nosotros<\/strong><\/th><th><strong>vosotros<\/strong><\/th><th><strong>ellos<\/strong><\/th><\/tr><\/thead><tbody><tr><td>dar<\/td><td>d\u00e9<\/td><td>des<\/td><td>d\u00e9<\/td><td>demos<\/td><td>deis<\/td><td>den<\/td><\/tr><tr><td>estar<\/td><td>est\u00e9<\/td><td>est\u00e9s<\/td><td>est\u00e9<\/td><td>estemos<\/td><td>est\u00e9is<\/td><td>est\u00e9n<\/td><\/tr><tr><td>haber<\/td><td>haya<\/td><td>hayas<\/td><td>haya<\/td><td>hayamos<\/td><td>hay\u00e1is<\/td><td>hayan<\/td><\/tr><tr><td>ir<\/td><td>vaya<\/td><td>vayas<\/td><td>vaya<\/td><td>vayamos<\/td><td>vay\u00e1is<\/td><td>vayan<\/td><\/tr><tr><td>saber<\/td><td>sepa<\/td><td>sepas<\/td><td>sepa<\/td><td>sepamos<\/td><td>sep\u00e1is<\/td><td>sepan<\/td><\/tr><tr><td>ser<\/td><td>sea<\/td><td>seas<\/td><td>sea<\/td><td>seamos<\/td><td>se\u00e1is<\/td><td>sean<\/td><\/tr><\/tbody><\/table><\/figure>\n\n\n\n<h2 class=\"wp-block-heading\">Verwendung des Subjuntivo im Pr\u00e4sens<\/h2>\n\n\n\n<p>Der Subjuntivo im Pr\u00e4sens wird in verschiedenen Situationen verwendet:<\/p>\n\n\n\n<ol class=\"wp-block-list\">\n<li><strong>W\u00fcnsche und Hoffnungen:<\/strong> Der Subjuntivo wird verwendet, um W\u00fcnsche und Hoffnungen auszudr\u00fccken.<\/li>\n<\/ol>\n\n\n\n<ul class=\"wp-block-list\">\n<li>Espero que t\u00fa <em>estudies<\/em> mucho. (Ich hoffe, dass du viel lernst.)<\/li>\n\n\n\n<li>Quiero que \u00e9l <em>venga<\/em> a la fiesta. (Ich m\u00f6chte, dass er zur Party kommt.)<\/li>\n<\/ul>\n\n\n\n<ol class=\"wp-block-list\">\n<li><strong>Ratschl\u00e4ge und Empfehlungen:<\/strong> Der Subjuntivo wird verwendet, um Ratschl\u00e4ge und Empfehlungen auszudr\u00fccken.<\/li>\n<\/ol>\n\n\n\n<ul class=\"wp-block-list\">\n<li>Es importante que <em>leas<\/em> este libro. (Es ist wichtig, dass du dieses Buch liest.)<\/li>\n\n\n\n<li>Te recomiendo que <em>visites<\/em> <a href=\"https:\/\/talkpal.ai\/locations\/language-courses-in-madrid\/\">Madrid<\/a>. (Ich empfehle dir, Madrid zu besuchen.)<\/li>\n<\/ul>\n\n\n\n<ol class=\"wp-block-list\">\n<li><strong>Zweifel und Unsicherheit:<\/strong> Der Subjuntivo wird verwendet, um Zweifel und Unsicherheit auszudr\u00fccken.<\/li>\n<\/ol>\n\n\n\n<ul class=\"wp-block-list\">\n<li>No creo que \u00e9l <em>tenga<\/em> raz\u00f3n. (Ich glaube nicht, dass er Recht hat.)<\/li>\n\n\n\n<li>Dudo que ella <em>pueda<\/em> venir. (Ich bezweifle, dass sie kommen kann.)<\/li>\n<\/ul>\n\n\n\n<ol class=\"wp-block-list\">\n<li><strong>M\u00f6gliche Bedingungen:<\/strong> Der Subjuntivo wird verwendet, um m\u00f6gliche Bedingungen auszudr\u00fccken.<\/li>\n<\/ol>\n\n\n\n<ul class=\"wp-block-list\">\n<li>Si <em>tuviera<\/em> m\u00e1s tiempo, viajar\u00eda m\u00e1s. (Wenn ich mehr Zeit h\u00e4tte, w\u00fcrde ich mehr reisen.)<\/li>\n\n\n\n<li>A menos que <em>llueva<\/em>, iremos al parque. (Wenn es nicht regnet, gehen wir in den Park.)<\/li>\n<\/ul>\n\n\n\n<p>Der Subjuntivo im Pr\u00e4sens ist ein wichtiger Teil der spanischen Grammatik. Um ihn richtig zu verwenden und zu bilden, ist es notwendig, die verschiedenen Situationen und Regeln zu kennen. Mit \u00dcbung und <a href=\"https:\/\/talkpal.ai\/es\/descargar-la-aplicacion-talkpal-para-android-e-ios\/\">Anwendung<\/a> in verschiedenen Kontexten wird der Subjuntivo im Pr\u00e4sens immer einfacher zu meistern.<\/p>\n","protected":false},"featured_media":1527807,"template":"","language":[339,372],"class_list":["post-10058","grammar","type-grammar","status-publish","has-post-thumbnail","hentry","language-spanisch","language-zeiten-subjuntivo"],"acf":[],"yoast_head":"<!-- This site is optimized with the Yoast SEO Premium plugin v27.2 (Yoast SEO v27.2) - https:\/\/yoast.com\/product\/yoast-seo-premium-wordpress\/ -->\n<title>Der Subjuntivo im Spanischen: Der Pr\u00e4sens - Talkpal<\/title>\n<meta name=\"description\" content=\"Der Subjuntivo ist einer der vier Modi im Spanischen und kommt h\u00e4ufig in der spanischen Grammatik vor. In diesem Artikel konzentrieren wir uns auf den\" \/>\n<meta name=\"robots\" content=\"index, follow, max-snippet:-1, max-image-preview:large, max-video-preview:-1\" \/>\n<link rel=\"canonical\" href=\"https:\/\/talkpal.ai\/de\/grammar\/der-subjuntivo-im-spanischen-der-praesens\/\" \/>\n<meta property=\"og:locale\" content=\"de_DE\" \/>\n<meta property=\"og:type\" content=\"article\" \/>\n<meta property=\"og:title\" content=\"Der Subjuntivo im Spanischen: Der Pr\u00e4sens\" \/>\n<meta property=\"og:description\" content=\"Der Subjuntivo ist einer der vier Modi im Spanischen und kommt h\u00e4ufig in der spanischen Grammatik vor. In diesem Artikel konzentrieren wir uns auf den\" \/>\n<meta property=\"og:url\" content=\"https:\/\/talkpal.ai\/de\/grammar\/der-subjuntivo-im-spanischen-der-praesens\/\" \/>\n<meta property=\"og:site_name\" content=\"Talkpal\" \/>\n<meta property=\"article:publisher\" content=\"https:\/\/www.facebook.com\/profile.php?id=100090733639311\" \/>\n<meta property=\"article:modified_time\" content=\"2023-04-22T14:10:22+00:00\" \/>\n<meta property=\"og:image\" content=\"https:\/\/talkpal.ai\/wp-content\/uploads\/2023\/04\/TalkPal-Illustration-of-students-studying-grammar-lessons-91.png\" \/>\n\t<meta property=\"og:image:width\" content=\"1456\" \/>\n\t<meta property=\"og:image:height\" content=\"816\" \/>\n\t<meta property=\"og:image:type\" content=\"image\/png\" \/>\n<meta name=\"twitter:card\" content=\"summary_large_image\" \/>\n<meta name=\"twitter:site\" content=\"@talkpalai\" \/>\n<meta name=\"twitter:label1\" content=\"Gesch\u00e4tzte Lesezeit\" \/>\n\t<meta name=\"twitter:data1\" content=\"2\u00a0Minuten\" \/>\n<script type=\"application\/ld+json\" class=\"yoast-schema-graph\">{\"@context\":\"https:\/\/schema.org\",\"@graph\":[{\"@type\":\"WebPage\",\"@id\":\"https:\/\/talkpal.ai\/de\/grammar\/der-subjuntivo-im-spanischen-der-praesens\/\",\"url\":\"https:\/\/talkpal.ai\/de\/grammar\/der-subjuntivo-im-spanischen-der-praesens\/\",\"name\":\"Der Subjuntivo im Spanischen: Der Pr\u00e4sens - Talkpal\",\"isPartOf\":{\"@id\":\"https:\/\/talkpal.ai\/de\/#website\"},\"primaryImageOfPage\":{\"@id\":\"https:\/\/talkpal.ai\/de\/grammar\/der-subjuntivo-im-spanischen-der-praesens\/#primaryimage\"},\"image\":{\"@id\":\"https:\/\/talkpal.ai\/de\/grammar\/der-subjuntivo-im-spanischen-der-praesens\/#primaryimage\"},\"thumbnailUrl\":\"https:\/\/talkpal.ai\/wp-content\/uploads\/2025\/12\/notebook-is-filled-learning-languages.webp\",\"datePublished\":\"2023-04-04T10:56:09+00:00\",\"dateModified\":\"2023-04-22T14:10:22+00:00\",\"description\":\"Der Subjuntivo ist einer der vier Modi im Spanischen und kommt h\u00e4ufig in der spanischen Grammatik vor. In diesem Artikel konzentrieren wir uns auf den\",\"breadcrumb\":{\"@id\":\"https:\/\/talkpal.ai\/de\/grammar\/der-subjuntivo-im-spanischen-der-praesens\/#breadcrumb\"},\"inLanguage\":\"de\",\"potentialAction\":[{\"@type\":\"ReadAction\",\"target\":[\"https:\/\/talkpal.ai\/de\/grammar\/der-subjuntivo-im-spanischen-der-praesens\/\"]}]},{\"@type\":\"ImageObject\",\"inLanguage\":\"de\",\"@id\":\"https:\/\/talkpal.ai\/de\/grammar\/der-subjuntivo-im-spanischen-der-praesens\/#primaryimage\",\"url\":\"https:\/\/talkpal.ai\/wp-content\/uploads\/2025\/12\/notebook-is-filled-learning-languages.webp\",\"contentUrl\":\"https:\/\/talkpal.ai\/wp-content\/uploads\/2025\/12\/notebook-is-filled-learning-languages.webp\",\"width\":1200,\"height\":896,\"caption\":\"An older man writes in his notebook while learning languages in a quiet study room surrounded by others.\"},{\"@type\":\"BreadcrumbList\",\"@id\":\"https:\/\/talkpal.ai\/de\/grammar\/der-subjuntivo-im-spanischen-der-praesens\/#breadcrumb\",\"itemListElement\":[{\"@type\":\"ListItem\",\"position\":1,\"name\":\"Homepage\",\"item\":\"https:\/\/talkpal.ai\/de\/\"},{\"@type\":\"ListItem\",\"position\":2,\"name\":\"Der Subjuntivo im Spanischen: Der Pr\u00e4sens\"}]},{\"@type\":\"WebSite\",\"@id\":\"https:\/\/talkpal.ai\/de\/#website\",\"url\":\"https:\/\/talkpal.ai\/de\/\",\"name\":\"Talkpal\",\"description\":\"AI Language Learning\",\"publisher\":{\"@id\":\"https:\/\/talkpal.ai\/de\/#organization\"},\"alternateName\":\"Talkpal AI\",\"potentialAction\":[{\"@type\":\"SearchAction\",\"target\":{\"@type\":\"EntryPoint\",\"urlTemplate\":\"https:\/\/talkpal.ai\/de\/?s={search_term_string}\"},\"query-input\":{\"@type\":\"PropertyValueSpecification\",\"valueRequired\":true,\"valueName\":\"search_term_string\"}}],\"inLanguage\":\"de\"},{\"@type\":\"Organization\",\"@id\":\"https:\/\/talkpal.ai\/de\/#organization\",\"name\":\"Talkpal, Inc.\",\"alternateName\":\"Talkpal AI\",\"url\":\"https:\/\/talkpal.ai\/de\/\",\"logo\":{\"@type\":\"ImageObject\",\"inLanguage\":\"de\",\"@id\":\"https:\/\/talkpal.ai\/de\/#\/schema\/logo\/image\/\",\"url\":\"https:\/\/talkpal.ai\/wp-content\/uploads\/2024\/03\/Talkpal-Logo-Icon.png\",\"contentUrl\":\"https:\/\/talkpal.ai\/wp-content\/uploads\/2024\/03\/Talkpal-Logo-Icon.png\",\"width\":2880,\"height\":2880,\"caption\":\"Talkpal, Inc.\"},\"image\":{\"@id\":\"https:\/\/talkpal.ai\/de\/#\/schema\/logo\/image\/\"},\"sameAs\":[\"https:\/\/www.facebook.com\/profile.php?id=100090733639311\",\"https:\/\/x.com\/talkpalai\",\"https:\/\/www.linkedin.com\/company\/talkpal\/\",\"https:\/\/www.youtube.com\/@TalkPal\/\",\"https:\/\/www.tiktok.com\/@talkpal\",\"https:\/\/www.instagram.com\/talkpal_ai\/\",\"https:\/\/www.crunchbase.com\/organization\/talkpal-9cde\",\"https:\/\/www.g2.com\/products\/talkpal-for-business\/\",\"https:\/\/www.trustpilot.com\/review\/talkpal.ai\",\"https:\/\/www.capterra.com\/p\/10006800\/TalkPal\/\"],\"description\":\"Talkpal is a language learning web and mobile education app, powered by the latest AI technologies, that provides engaging experiences to its customers in many different languages to help them improve their language skills. Users can chat about unlimited amount of topics with the app and use other modes to practice their language learning.\",\"email\":\"support@talkpal.ai\",\"legalName\":\"Talkpal, Inc.\",\"foundingDate\":\"2023-04-03\",\"duns\":\"118989042\",\"numberOfEmployees\":{\"@type\":\"QuantitativeValue\",\"minValue\":\"11\",\"maxValue\":\"50\"},\"publishingPrinciples\":\"https:\/\/talkpal.ai\/publishing-principles\/\",\"actionableFeedbackPolicy\":\"https:\/\/talkpal.ai\/actionable-feedback-policy\/\",\"correctionsPolicy\":\"https:\/\/talkpal.ai\/corrections-policy\/\",\"ethicsPolicy\":\"https:\/\/talkpal.ai\/ethics-policy\/\",\"diversityPolicy\":\"https:\/\/talkpal.ai\/diversity-policy\/\",\"diversityStaffingReport\":\"https:\/\/talkpal.ai\/diversity-policy\/\"}]}<\/script>\n<!-- \/ Yoast SEO Premium plugin. -->","yoast_head_json":{"title":"Der Subjuntivo im Spanischen: Der Pr\u00e4sens - Talkpal","description":"Der Subjuntivo ist einer der vier Modi im Spanischen und kommt h\u00e4ufig in der spanischen Grammatik vor. In diesem Artikel konzentrieren wir uns auf den","robots":{"index":"index","follow":"follow","max-snippet":"max-snippet:-1","max-image-preview":"max-image-preview:large","max-video-preview":"max-video-preview:-1"},"canonical":"https:\/\/talkpal.ai\/de\/grammar\/der-subjuntivo-im-spanischen-der-praesens\/","og_locale":"de_DE","og_type":"article","og_title":"Der Subjuntivo im Spanischen: Der Pr\u00e4sens","og_description":"Der Subjuntivo ist einer der vier Modi im Spanischen und kommt h\u00e4ufig in der spanischen Grammatik vor. In diesem Artikel konzentrieren wir uns auf den","og_url":"https:\/\/talkpal.ai\/de\/grammar\/der-subjuntivo-im-spanischen-der-praesens\/","og_site_name":"Talkpal","article_publisher":"https:\/\/www.facebook.com\/profile.php?id=100090733639311","article_modified_time":"2023-04-22T14:10:22+00:00","og_image":[{"width":1456,"height":816,"url":"https:\/\/talkpal.ai\/wp-content\/uploads\/2023\/04\/TalkPal-Illustration-of-students-studying-grammar-lessons-91.png","type":"image\/png"}],"twitter_card":"summary_large_image","twitter_site":"@talkpalai","twitter_misc":{"Gesch\u00e4tzte Lesezeit":"2\u00a0Minuten"},"schema":{"@context":"https:\/\/schema.org","@graph":[{"@type":"WebPage","@id":"https:\/\/talkpal.ai\/de\/grammar\/der-subjuntivo-im-spanischen-der-praesens\/","url":"https:\/\/talkpal.ai\/de\/grammar\/der-subjuntivo-im-spanischen-der-praesens\/","name":"Der Subjuntivo im Spanischen: Der Pr\u00e4sens - Talkpal","isPartOf":{"@id":"https:\/\/talkpal.ai\/de\/#website"},"primaryImageOfPage":{"@id":"https:\/\/talkpal.ai\/de\/grammar\/der-subjuntivo-im-spanischen-der-praesens\/#primaryimage"},"image":{"@id":"https:\/\/talkpal.ai\/de\/grammar\/der-subjuntivo-im-spanischen-der-praesens\/#primaryimage"},"thumbnailUrl":"https:\/\/talkpal.ai\/wp-content\/uploads\/2025\/12\/notebook-is-filled-learning-languages.webp","datePublished":"2023-04-04T10:56:09+00:00","dateModified":"2023-04-22T14:10:22+00:00","description":"Der Subjuntivo ist einer der vier Modi im Spanischen und kommt h\u00e4ufig in der spanischen Grammatik vor. In diesem Artikel konzentrieren wir uns auf den","breadcrumb":{"@id":"https:\/\/talkpal.ai\/de\/grammar\/der-subjuntivo-im-spanischen-der-praesens\/#breadcrumb"},"inLanguage":"de","potentialAction":[{"@type":"ReadAction","target":["https:\/\/talkpal.ai\/de\/grammar\/der-subjuntivo-im-spanischen-der-praesens\/"]}]},{"@type":"ImageObject","inLanguage":"de","@id":"https:\/\/talkpal.ai\/de\/grammar\/der-subjuntivo-im-spanischen-der-praesens\/#primaryimage","url":"https:\/\/talkpal.ai\/wp-content\/uploads\/2025\/12\/notebook-is-filled-learning-languages.webp","contentUrl":"https:\/\/talkpal.ai\/wp-content\/uploads\/2025\/12\/notebook-is-filled-learning-languages.webp","width":1200,"height":896,"caption":"An older man writes in his notebook while learning languages in a quiet study room surrounded by others."},{"@type":"BreadcrumbList","@id":"https:\/\/talkpal.ai\/de\/grammar\/der-subjuntivo-im-spanischen-der-praesens\/#breadcrumb","itemListElement":[{"@type":"ListItem","position":1,"name":"Homepage","item":"https:\/\/talkpal.ai\/de\/"},{"@type":"ListItem","position":2,"name":"Der Subjuntivo im Spanischen: Der Pr\u00e4sens"}]},{"@type":"WebSite","@id":"https:\/\/talkpal.ai\/de\/#website","url":"https:\/\/talkpal.ai\/de\/","name":"Talkpal","description":"AI Language Learning","publisher":{"@id":"https:\/\/talkpal.ai\/de\/#organization"},"alternateName":"Talkpal AI","potentialAction":[{"@type":"SearchAction","target":{"@type":"EntryPoint","urlTemplate":"https:\/\/talkpal.ai\/de\/?s={search_term_string}"},"query-input":{"@type":"PropertyValueSpecification","valueRequired":true,"valueName":"search_term_string"}}],"inLanguage":"de"},{"@type":"Organization","@id":"https:\/\/talkpal.ai\/de\/#organization","name":"Talkpal, Inc.","alternateName":"Talkpal AI","url":"https:\/\/talkpal.ai\/de\/","logo":{"@type":"ImageObject","inLanguage":"de","@id":"https:\/\/talkpal.ai\/de\/#\/schema\/logo\/image\/","url":"https:\/\/talkpal.ai\/wp-content\/uploads\/2024\/03\/Talkpal-Logo-Icon.png","contentUrl":"https:\/\/talkpal.ai\/wp-content\/uploads\/2024\/03\/Talkpal-Logo-Icon.png","width":2880,"height":2880,"caption":"Talkpal, Inc."},"image":{"@id":"https:\/\/talkpal.ai\/de\/#\/schema\/logo\/image\/"},"sameAs":["https:\/\/www.facebook.com\/profile.php?id=100090733639311","https:\/\/x.com\/talkpalai","https:\/\/www.linkedin.com\/company\/talkpal\/","https:\/\/www.youtube.com\/@TalkPal\/","https:\/\/www.tiktok.com\/@talkpal","https:\/\/www.instagram.com\/talkpal_ai\/","https:\/\/www.crunchbase.com\/organization\/talkpal-9cde","https:\/\/www.g2.com\/products\/talkpal-for-business\/","https:\/\/www.trustpilot.com\/review\/talkpal.ai","https:\/\/www.capterra.com\/p\/10006800\/TalkPal\/"],"description":"Talkpal is a language learning web and mobile education app, powered by the latest AI technologies, that provides engaging experiences to its customers in many different languages to help them improve their language skills. Users can chat about unlimited amount of topics with the app and use other modes to practice their language learning.","email":"support@talkpal.ai","legalName":"Talkpal, Inc.","foundingDate":"2023-04-03","duns":"118989042","numberOfEmployees":{"@type":"QuantitativeValue","minValue":"11","maxValue":"50"},"publishingPrinciples":"https:\/\/talkpal.ai\/publishing-principles\/","actionableFeedbackPolicy":"https:\/\/talkpal.ai\/actionable-feedback-policy\/","correctionsPolicy":"https:\/\/talkpal.ai\/corrections-policy\/","ethicsPolicy":"https:\/\/talkpal.ai\/ethics-policy\/","diversityPolicy":"https:\/\/talkpal.ai\/diversity-policy\/","diversityStaffingReport":"https:\/\/talkpal.ai\/diversity-policy\/"}]}},"_links":{"self":[{"href":"https:\/\/talkpal.ai\/de\/wp-json\/wp\/v2\/grammar\/10058","targetHints":{"allow":["GET"]}}],"collection":[{"href":"https:\/\/talkpal.ai\/de\/wp-json\/wp\/v2\/grammar"}],"about":[{"href":"https:\/\/talkpal.ai\/de\/wp-json\/wp\/v2\/types\/grammar"}],"wp:featuredmedia":[{"embeddable":true,"href":"https:\/\/talkpal.ai\/de\/wp-json\/wp\/v2\/media\/1527807"}],"wp:attachment":[{"href":"https:\/\/talkpal.ai\/de\/wp-json\/wp\/v2\/media?parent=10058"}],"wp:term":[{"taxonomy":"language","embeddable":true,"href":"https:\/\/talkpal.ai\/de\/wp-json\/wp\/v2\/language?post=10058"}],"curies":[{"name":"wp","href":"https:\/\/api.w.org\/{rel}","templated":true}]}}