{"id":1166221,"date":"2025-07-06T16:43:01","date_gmt":"2025-07-06T16:43:01","guid":{"rendered":"https:\/\/talkpal.ai\/grammar_exercises\/pronombres-reflexivos-ovelser-til-spansk-grammatik\/"},"modified":"2025-07-06T16:43:01","modified_gmt":"2025-07-06T16:43:01","slug":"pronombres-reflexivos-ovelser-til-spansk-grammatik","status":"publish","type":"grammar_exercises","link":"https:\/\/talkpal.ai\/da\/grammar_exercises\/pronombres-reflexivos-ovelser-til-spansk-grammatik\/","title":{"rendered":"Pronombres reflexivos \u00f8velser til spansk grammatik"},"content":{"rendered":"<p>Disse \u00f8velser handler om brugen af refleksive pronomener p\u00e5 <a href=\"https:\/\/talkpal.ai\/learn-spanish\/\">spansk<\/a>. Refleksive pronomener <a href=\"https:\/\/talkpal.ai\/locations\/learn-french-in-bruges\/\">bruges<\/a>, n\u00e5r subjektet og objektet i s\u00e6tningen er den samme person, for eksempel &#8220;jeg vasker mig&#8221;. \u00d8velserne hj\u00e6lper dig med at forst\u00e5 og anvende de korrekte refleksive pronomener i forskellige kontekster.<\/p>\n<h3>Pronombres reflexivos \u00f8velse 1: V\u00e6lg det korrekte refleksive pronomen<\/h3>\n<div class=\"input_sentences\">\n1. Yo *me* levanto temprano cada d\u00eda. (Hint: F\u00f8rste person ental, refleksivt pronomen for &#8220;jeg&#8221;)<br \/>\n2. T\u00fa *te* cepillas los dientes despu\u00e9s de comer. (Hint: Anden person ental, refleksivt pronomen for &#8220;du&#8221;)<br \/>\n3. \u00c9l *se* ducha por la ma\u00f1ana. (Hint: Tredje person ental, refleksivt pronomen for &#8220;han&#8221;)<br \/>\n4. Nosotros *nos* vestimos r\u00e1pido para la escuela. (Hint: F\u00f8rste person flertal, refleksivt pronomen for &#8220;vi&#8221;)<br \/>\n5. Vosotros *os* pein\u00e1is antes de salir. (Hint: Anden person flertal, refleksivt pronomen for &#8220;I&#8221; i Spanien)<br \/>\n6. Ellos *se* acuestan temprano los fines de semana. (Hint: Tredje person flertal, refleksivt pronomen for &#8220;de&#8221;)<br \/>\n7. Ella *se* maquilla para la fiesta. (Hint: Tredje person ental, refleksivt pronomen for &#8220;hun&#8221;)<br \/>\n8. Usted *se* siente feliz hoy. (Hint: H\u00f8flig form, refleksivt pronomen for &#8220;De&#8221;)<br \/>\n9. Nosotros *nos* lavamos las manos antes de comer. (Hint: F\u00f8rste person flertal, refleksivt pronomen for &#8220;vi&#8221;)<br \/>\n10. T\u00fa *te* miras en el <a href=\"https:\/\/talkpal.ai\/locations\/language-courses-in-espejo\/\">espejo<\/a> cada ma\u00f1ana. (Hint: Anden person ental, refleksivt pronomen for &#8220;du&#8221;)\n<\/div>\n<div class=\"exercise\"><\/div>\n<h3>Pronombres reflexivos \u00f8velse 2: S\u00e6t refleksive pronomener i korrekte s\u00e6tninger<\/h3>\n<div class=\"input_sentences\">\n1. Cada noche, yo *me* acuesto a las diez. (Hint: Husk refleksivt pronomen for &#8220;jeg&#8221;)<br \/>\n2. \u00bfT\u00fa *te* despiertas temprano durante la semana? (Hint: Refleksivt pronomen for &#8220;du&#8221;)<br \/>\n3. \u00c9l siempre *se* afeita antes de trabajar. (Hint: Refleksivt pronomen for &#8220;han&#8221;)<br \/>\n4. Nosotros *nos* relajamos despu\u00e9s del trabajo. (Hint: Refleksivt pronomen for &#8220;vi&#8221;)<br \/>\n5. Vosotros *os* lav\u00e1is la cara con <a href=\"https:\/\/talkpal.ai\/culture\/why-is-el-agua-used-with-feminine-adjectives-like-fria\/\">agua fr\u00eda<\/a>. (Hint: Refleksivt pronomen for &#8220;I&#8221; i Spanien)<br \/>\n6. Ellas *se* preparan para el examen con mucho cuidado. (Hint: Refleksivt pronomen for &#8220;de&#8221; kvinder)<br \/>\n7. Usted *se* pone la chaqueta cuando hace fr\u00edo. (Hint: H\u00f8flig form refleksivt pronomen)<br \/>\n8. Yo *me* corto el pelo una vez al mes. (Hint: Refleksivt pronomen for &#8220;jeg&#8221;)<br \/>\n9. T\u00fa *te* sientes <a href=\"https:\/\/talkpal.ai\/es\/la-mejor-aplicacion-de-conversacion-con-ia\/\">mejor<\/a> despu\u00e9s de descansar. (Hint: Refleksivt pronomen for &#8220;du&#8221;)<br \/>\n10. Ellos *se* divierten mucho en las fiestas. (Hint: Refleksivt pronomen for &#8220;de&#8221;)\n<\/div>\n<div class=\"exercise\"><\/div>\n","protected":false},"featured_media":1527718,"parent":0,"menu_order":0,"template":"","exercise_language":[21116,20953],"class_list":["post-1166221","grammar_exercises","type-grammar_exercises","status-publish","has-post-thumbnail","hentry","exercise_language-pronominer-spansk-grammatik","exercise_language-spanske-ovelser"],"acf":[],"yoast_head":"<!-- This site is optimized with the Yoast SEO Premium plugin v27.2 (Yoast SEO v27.2) - https:\/\/yoast.com\/product\/yoast-seo-premium-wordpress\/ -->\n<title>Pronombres reflexivos \u00f8velser til spansk grammatik - Talkpal<\/title>\n<meta name=\"description\" content=\"Disse \u00f8velser handler om brugen af refleksive pronomener p\u00e5 spansk. Refleksive pronomener bruges, n\u00e5r subjektet og objektet i s\u00e6tningen er den samme\" \/>\n<meta name=\"robots\" content=\"index, follow, max-snippet:-1, max-image-preview:large, max-video-preview:-1\" \/>\n<link rel=\"canonical\" href=\"https:\/\/talkpal.ai\/da\/grammar_exercises\/pronombres-reflexivos-ovelser-til-spansk-grammatik\/\" \/>\n<meta property=\"og:locale\" content=\"da_DK\" \/>\n<meta property=\"og:type\" content=\"article\" \/>\n<meta property=\"og:title\" content=\"Pronombres reflexivos \u00f8velser til spansk grammatik\" \/>\n<meta property=\"og:description\" content=\"Disse \u00f8velser handler om brugen af refleksive pronomener p\u00e5 spansk. Refleksive pronomener bruges, n\u00e5r subjektet og objektet i s\u00e6tningen er den samme\" \/>\n<meta property=\"og:url\" content=\"https:\/\/talkpal.ai\/da\/grammar_exercises\/pronombres-reflexivos-ovelser-til-spansk-grammatik\/\" \/>\n<meta property=\"og:site_name\" content=\"Talkpal\" \/>\n<meta property=\"article:publisher\" content=\"https:\/\/www.facebook.com\/profile.php?id=100090733639311\" \/>\n<meta property=\"og:image\" content=\"https:\/\/talkpal.ai\/wp-content\/uploads\/2025\/02\/Progress-tab-16_9.png\" \/>\n\t<meta property=\"og:image:width\" content=\"2880\" \/>\n\t<meta property=\"og:image:height\" content=\"1620\" \/>\n\t<meta property=\"og:image:type\" content=\"image\/png\" \/>\n<meta name=\"twitter:card\" content=\"summary_large_image\" \/>\n<meta name=\"twitter:site\" content=\"@talkpalai\" \/>\n<meta name=\"twitter:label1\" content=\"Estimeret l\u00e6setid\" \/>\n\t<meta name=\"twitter:data1\" content=\"2 minutter\" \/>\n<script type=\"application\/ld+json\" class=\"yoast-schema-graph\">{\"@context\":\"https:\/\/schema.org\",\"@graph\":[{\"@type\":\"WebPage\",\"@id\":\"https:\/\/talkpal.ai\/da\/grammar_exercises\/pronombres-reflexivos-ovelser-til-spansk-grammatik\/\",\"url\":\"https:\/\/talkpal.ai\/da\/grammar_exercises\/pronombres-reflexivos-ovelser-til-spansk-grammatik\/\",\"name\":\"Pronombres reflexivos \u00f8velser til spansk grammatik - Talkpal\",\"isPartOf\":{\"@id\":\"https:\/\/talkpal.ai\/da\/#website\"},\"primaryImageOfPage\":{\"@id\":\"https:\/\/talkpal.ai\/da\/grammar_exercises\/pronombres-reflexivos-ovelser-til-spansk-grammatik\/#primaryimage\"},\"image\":{\"@id\":\"https:\/\/talkpal.ai\/da\/grammar_exercises\/pronombres-reflexivos-ovelser-til-spansk-grammatik\/#primaryimage\"},\"thumbnailUrl\":\"https:\/\/talkpal.ai\/wp-content\/uploads\/2025\/12\/laptop-is-viewed-learning-languages.webp\",\"datePublished\":\"2025-07-06T16:43:01+00:00\",\"description\":\"Disse \u00f8velser handler om brugen af refleksive pronomener p\u00e5 spansk. Refleksive pronomener bruges, n\u00e5r subjektet og objektet i s\u00e6tningen er den samme\",\"breadcrumb\":{\"@id\":\"https:\/\/talkpal.ai\/da\/grammar_exercises\/pronombres-reflexivos-ovelser-til-spansk-grammatik\/#breadcrumb\"},\"inLanguage\":\"da-DK\",\"potentialAction\":[{\"@type\":\"ReadAction\",\"target\":[\"https:\/\/talkpal.ai\/da\/grammar_exercises\/pronombres-reflexivos-ovelser-til-spansk-grammatik\/\"]}]},{\"@type\":\"ImageObject\",\"inLanguage\":\"da-DK\",\"@id\":\"https:\/\/talkpal.ai\/da\/grammar_exercises\/pronombres-reflexivos-ovelser-til-spansk-grammatik\/#primaryimage\",\"url\":\"https:\/\/talkpal.ai\/wp-content\/uploads\/2025\/12\/laptop-is-viewed-learning-languages.webp\",\"contentUrl\":\"https:\/\/talkpal.ai\/wp-content\/uploads\/2025\/12\/laptop-is-viewed-learning-languages.webp\",\"width\":1200,\"height\":896,\"caption\":\"A laptop screen is viewed by a trio of students while learning languages in a modern classroom.\"},{\"@type\":\"BreadcrumbList\",\"@id\":\"https:\/\/talkpal.ai\/da\/grammar_exercises\/pronombres-reflexivos-ovelser-til-spansk-grammatik\/#breadcrumb\",\"itemListElement\":[{\"@type\":\"ListItem\",\"position\":1,\"name\":\"Homepage\",\"item\":\"https:\/\/talkpal.ai\/da\/\"},{\"@type\":\"ListItem\",\"position\":2,\"name\":\"Pronombres reflexivos \u00f8velser til spansk grammatik\"}]},{\"@type\":\"WebSite\",\"@id\":\"https:\/\/talkpal.ai\/da\/#website\",\"url\":\"https:\/\/talkpal.ai\/da\/\",\"name\":\"Talkpal\",\"description\":\"AI Language Learning\",\"publisher\":{\"@id\":\"https:\/\/talkpal.ai\/da\/#organization\"},\"alternateName\":\"Talkpal AI\",\"potentialAction\":[{\"@type\":\"SearchAction\",\"target\":{\"@type\":\"EntryPoint\",\"urlTemplate\":\"https:\/\/talkpal.ai\/da\/?s={search_term_string}\"},\"query-input\":{\"@type\":\"PropertyValueSpecification\",\"valueRequired\":true,\"valueName\":\"search_term_string\"}}],\"inLanguage\":\"da-DK\"},{\"@type\":\"Organization\",\"@id\":\"https:\/\/talkpal.ai\/da\/#organization\",\"name\":\"Talkpal, Inc.\",\"alternateName\":\"Talkpal AI\",\"url\":\"https:\/\/talkpal.ai\/da\/\",\"logo\":{\"@type\":\"ImageObject\",\"inLanguage\":\"da-DK\",\"@id\":\"https:\/\/talkpal.ai\/da\/#\/schema\/logo\/image\/\",\"url\":\"https:\/\/talkpal.ai\/wp-content\/uploads\/2024\/03\/Talkpal-Logo-Icon.png\",\"contentUrl\":\"https:\/\/talkpal.ai\/wp-content\/uploads\/2024\/03\/Talkpal-Logo-Icon.png\",\"width\":2880,\"height\":2880,\"caption\":\"Talkpal, Inc.\"},\"image\":{\"@id\":\"https:\/\/talkpal.ai\/da\/#\/schema\/logo\/image\/\"},\"sameAs\":[\"https:\/\/www.facebook.com\/profile.php?id=100090733639311\",\"https:\/\/x.com\/talkpalai\",\"https:\/\/www.linkedin.com\/company\/talkpal\/\",\"https:\/\/www.youtube.com\/@TalkPal\/\",\"https:\/\/www.tiktok.com\/@talkpal\",\"https:\/\/www.instagram.com\/talkpal_ai\/\",\"https:\/\/www.crunchbase.com\/organization\/talkpal-9cde\",\"https:\/\/www.g2.com\/products\/talkpal-for-business\/\",\"https:\/\/www.trustpilot.com\/review\/talkpal.ai\",\"https:\/\/www.capterra.com\/p\/10006800\/TalkPal\/\"],\"description\":\"Talkpal is a language learning web and mobile education app, powered by the latest AI technologies, that provides engaging experiences to its customers in many different languages to help them improve their language skills. Users can chat about unlimited amount of topics with the app and use other modes to practice their language learning.\",\"email\":\"support@talkpal.ai\",\"legalName\":\"Talkpal, Inc.\",\"foundingDate\":\"2023-04-03\",\"duns\":\"118989042\",\"numberOfEmployees\":{\"@type\":\"QuantitativeValue\",\"minValue\":\"11\",\"maxValue\":\"50\"},\"publishingPrinciples\":\"https:\/\/talkpal.ai\/publishing-principles\/\",\"actionableFeedbackPolicy\":\"https:\/\/talkpal.ai\/actionable-feedback-policy\/\",\"correctionsPolicy\":\"https:\/\/talkpal.ai\/corrections-policy\/\",\"ethicsPolicy\":\"https:\/\/talkpal.ai\/ethics-policy\/\",\"diversityPolicy\":\"https:\/\/talkpal.ai\/diversity-policy\/\",\"diversityStaffingReport\":\"https:\/\/talkpal.ai\/diversity-policy\/\"}]}<\/script>\n<!-- \/ Yoast SEO Premium plugin. -->","yoast_head_json":{"title":"Pronombres reflexivos \u00f8velser til spansk grammatik - Talkpal","description":"Disse \u00f8velser handler om brugen af refleksive pronomener p\u00e5 spansk. Refleksive pronomener bruges, n\u00e5r subjektet og objektet i s\u00e6tningen er den samme","robots":{"index":"index","follow":"follow","max-snippet":"max-snippet:-1","max-image-preview":"max-image-preview:large","max-video-preview":"max-video-preview:-1"},"canonical":"https:\/\/talkpal.ai\/da\/grammar_exercises\/pronombres-reflexivos-ovelser-til-spansk-grammatik\/","og_locale":"da_DK","og_type":"article","og_title":"Pronombres reflexivos \u00f8velser til spansk grammatik","og_description":"Disse \u00f8velser handler om brugen af refleksive pronomener p\u00e5 spansk. Refleksive pronomener bruges, n\u00e5r subjektet og objektet i s\u00e6tningen er den samme","og_url":"https:\/\/talkpal.ai\/da\/grammar_exercises\/pronombres-reflexivos-ovelser-til-spansk-grammatik\/","og_site_name":"Talkpal","article_publisher":"https:\/\/www.facebook.com\/profile.php?id=100090733639311","og_image":[{"width":2880,"height":1620,"url":"https:\/\/talkpal.ai\/wp-content\/uploads\/2025\/02\/Progress-tab-16_9.png","type":"image\/png"}],"twitter_card":"summary_large_image","twitter_site":"@talkpalai","twitter_misc":{"Estimeret l\u00e6setid":"2 minutter"},"schema":{"@context":"https:\/\/schema.org","@graph":[{"@type":"WebPage","@id":"https:\/\/talkpal.ai\/da\/grammar_exercises\/pronombres-reflexivos-ovelser-til-spansk-grammatik\/","url":"https:\/\/talkpal.ai\/da\/grammar_exercises\/pronombres-reflexivos-ovelser-til-spansk-grammatik\/","name":"Pronombres reflexivos \u00f8velser til spansk grammatik - Talkpal","isPartOf":{"@id":"https:\/\/talkpal.ai\/da\/#website"},"primaryImageOfPage":{"@id":"https:\/\/talkpal.ai\/da\/grammar_exercises\/pronombres-reflexivos-ovelser-til-spansk-grammatik\/#primaryimage"},"image":{"@id":"https:\/\/talkpal.ai\/da\/grammar_exercises\/pronombres-reflexivos-ovelser-til-spansk-grammatik\/#primaryimage"},"thumbnailUrl":"https:\/\/talkpal.ai\/wp-content\/uploads\/2025\/12\/laptop-is-viewed-learning-languages.webp","datePublished":"2025-07-06T16:43:01+00:00","description":"Disse \u00f8velser handler om brugen af refleksive pronomener p\u00e5 spansk. Refleksive pronomener bruges, n\u00e5r subjektet og objektet i s\u00e6tningen er den samme","breadcrumb":{"@id":"https:\/\/talkpal.ai\/da\/grammar_exercises\/pronombres-reflexivos-ovelser-til-spansk-grammatik\/#breadcrumb"},"inLanguage":"da-DK","potentialAction":[{"@type":"ReadAction","target":["https:\/\/talkpal.ai\/da\/grammar_exercises\/pronombres-reflexivos-ovelser-til-spansk-grammatik\/"]}]},{"@type":"ImageObject","inLanguage":"da-DK","@id":"https:\/\/talkpal.ai\/da\/grammar_exercises\/pronombres-reflexivos-ovelser-til-spansk-grammatik\/#primaryimage","url":"https:\/\/talkpal.ai\/wp-content\/uploads\/2025\/12\/laptop-is-viewed-learning-languages.webp","contentUrl":"https:\/\/talkpal.ai\/wp-content\/uploads\/2025\/12\/laptop-is-viewed-learning-languages.webp","width":1200,"height":896,"caption":"A laptop screen is viewed by a trio of students while learning languages in a modern classroom."},{"@type":"BreadcrumbList","@id":"https:\/\/talkpal.ai\/da\/grammar_exercises\/pronombres-reflexivos-ovelser-til-spansk-grammatik\/#breadcrumb","itemListElement":[{"@type":"ListItem","position":1,"name":"Homepage","item":"https:\/\/talkpal.ai\/da\/"},{"@type":"ListItem","position":2,"name":"Pronombres reflexivos \u00f8velser til spansk grammatik"}]},{"@type":"WebSite","@id":"https:\/\/talkpal.ai\/da\/#website","url":"https:\/\/talkpal.ai\/da\/","name":"Talkpal","description":"AI Language Learning","publisher":{"@id":"https:\/\/talkpal.ai\/da\/#organization"},"alternateName":"Talkpal AI","potentialAction":[{"@type":"SearchAction","target":{"@type":"EntryPoint","urlTemplate":"https:\/\/talkpal.ai\/da\/?s={search_term_string}"},"query-input":{"@type":"PropertyValueSpecification","valueRequired":true,"valueName":"search_term_string"}}],"inLanguage":"da-DK"},{"@type":"Organization","@id":"https:\/\/talkpal.ai\/da\/#organization","name":"Talkpal, Inc.","alternateName":"Talkpal AI","url":"https:\/\/talkpal.ai\/da\/","logo":{"@type":"ImageObject","inLanguage":"da-DK","@id":"https:\/\/talkpal.ai\/da\/#\/schema\/logo\/image\/","url":"https:\/\/talkpal.ai\/wp-content\/uploads\/2024\/03\/Talkpal-Logo-Icon.png","contentUrl":"https:\/\/talkpal.ai\/wp-content\/uploads\/2024\/03\/Talkpal-Logo-Icon.png","width":2880,"height":2880,"caption":"Talkpal, Inc."},"image":{"@id":"https:\/\/talkpal.ai\/da\/#\/schema\/logo\/image\/"},"sameAs":["https:\/\/www.facebook.com\/profile.php?id=100090733639311","https:\/\/x.com\/talkpalai","https:\/\/www.linkedin.com\/company\/talkpal\/","https:\/\/www.youtube.com\/@TalkPal\/","https:\/\/www.tiktok.com\/@talkpal","https:\/\/www.instagram.com\/talkpal_ai\/","https:\/\/www.crunchbase.com\/organization\/talkpal-9cde","https:\/\/www.g2.com\/products\/talkpal-for-business\/","https:\/\/www.trustpilot.com\/review\/talkpal.ai","https:\/\/www.capterra.com\/p\/10006800\/TalkPal\/"],"description":"Talkpal is a language learning web and mobile education app, powered by the latest AI technologies, that provides engaging experiences to its customers in many different languages to help them improve their language skills. Users can chat about unlimited amount of topics with the app and use other modes to practice their language learning.","email":"support@talkpal.ai","legalName":"Talkpal, Inc.","foundingDate":"2023-04-03","duns":"118989042","numberOfEmployees":{"@type":"QuantitativeValue","minValue":"11","maxValue":"50"},"publishingPrinciples":"https:\/\/talkpal.ai\/publishing-principles\/","actionableFeedbackPolicy":"https:\/\/talkpal.ai\/actionable-feedback-policy\/","correctionsPolicy":"https:\/\/talkpal.ai\/corrections-policy\/","ethicsPolicy":"https:\/\/talkpal.ai\/ethics-policy\/","diversityPolicy":"https:\/\/talkpal.ai\/diversity-policy\/","diversityStaffingReport":"https:\/\/talkpal.ai\/diversity-policy\/"}]}},"_links":{"self":[{"href":"https:\/\/talkpal.ai\/da\/wp-json\/wp\/v2\/grammar_exercises\/1166221","targetHints":{"allow":["GET"]}}],"collection":[{"href":"https:\/\/talkpal.ai\/da\/wp-json\/wp\/v2\/grammar_exercises"}],"about":[{"href":"https:\/\/talkpal.ai\/da\/wp-json\/wp\/v2\/types\/grammar_exercises"}],"wp:featuredmedia":[{"embeddable":true,"href":"https:\/\/talkpal.ai\/da\/wp-json\/wp\/v2\/media\/1527718"}],"wp:attachment":[{"href":"https:\/\/talkpal.ai\/da\/wp-json\/wp\/v2\/media?parent=1166221"}],"wp:term":[{"taxonomy":"exercise_language","embeddable":true,"href":"https:\/\/talkpal.ai\/da\/wp-json\/wp\/v2\/exercise_language?post=1166221"}],"curies":[{"name":"wp","href":"https:\/\/api.w.org\/{rel}","templated":true}]}}