{"id":1077785,"date":"2025-07-01T20:31:29","date_gmt":"2025-07-01T20:31:29","guid":{"rendered":"https:\/\/talkpal.ai\/grammar\/verbos-reflexivos-i-spansk-grammatik\/"},"modified":"2025-12-26T13:46:25","modified_gmt":"2025-12-26T13:46:25","slug":"verbos-reflexivos-i-spansk-grammatik","status":"publish","type":"grammar","link":"https:\/\/talkpal.ai\/da\/grammar\/verbos-reflexivos-i-spansk-grammatik\/","title":{"rendered":"Verbos Reflexivos i spansk grammatik"},"content":{"rendered":"<p>At l\u00e6re <a href=\"https:\/\/talkpal.ai\/learn-spanish\/\">spansk<\/a> indeb\u00e6rer mange sp\u00e6ndende aspekter, og et af de vigtigste grammatiske emner er <a href=\"https:\/\/talkpal.ai\/grammar\/verbos-reflexivos-in-portuguese-grammar\/\">verbos reflexivos<\/a> \u2013 de refleksive verber. Forst\u00e5else af, hvordan og hvorn\u00e5r man bruger disse verber, er essentielt for at kunne udtrykke sig korrekt p\u00e5 spansk og forst\u00e5 dagligdags samtaler. Refleksive verber adskiller sig fra almindelige verber, <a href=\"https:\/\/talkpal.ai\/culture\/how-do-you-use-the-conjunction-da-de\/\">da de<\/a> indikerer, at subjektet b\u00e5de udf\u00f8rer og modtager handlingen. Dette grammatiske f\u00e6nomen kan v\u00e6re udfordrende for danske elever, men med de rette redskaber, som f.eks. <a href=\"https:\/\/talkpal.ai\/ko\/ai-%ec%96%b8%ec%96%b4-%ea%b5%90%ec%82%ac\/\">Talkpal<\/a>, kan man hurtigt f\u00e5 styr p\u00e5 brugen af verbos reflexivos i <a href=\"https:\/\/talkpal.ai\/no\/laer-spansk\/\">spansk grammatik<\/a> og opn\u00e5 st\u00f8rre selvtillid i sproget.<\/p>\n<h2>Hvad er Verbos Reflexivos?<\/h2>\n<p>Verbos reflexivos, eller refleksive verber, er verber, hvor handlingen vender tilbage til subjektet. P\u00e5 <a href=\"https:\/\/talkpal.ai\/learn-danish\/\">dansk<\/a> kender vi det fra s\u00e6tninger som \u201cjeg vasker mig\u201d eller \u201cdu kl\u00e6der dig p\u00e5.\u201d P\u00e5 spansk tilf\u00f8jes refleksive pronomener (me, te, se, nos, os, se) til verberne for at vise, at subjektet udf\u00f8rer handlingen p\u00e5 sig selv.<\/p>\n<h3>Eksempler p\u00e5 refleksive verber<\/h3>\n<p>&#8211; <b>Lavarse<\/b> \u2013 at vaske sig<br \/>\n&#8211; <b>Levantarse<\/b> \u2013 at st\u00e5 op<br \/>\n&#8211; <b>Vestirse<\/b> \u2013 at kl\u00e6de sig p\u00e5<br \/>\n&#8211; <b>Acostarse<\/b> \u2013 at g\u00e5 i seng<br \/>\n&#8211; <b>Sentarse<\/b> \u2013 at s\u00e6tte sig<\/p>\n<p>Disse verber <a href=\"https:\/\/talkpal.ai\/locations\/learn-french-in-bruges\/\">bruges<\/a> dagligt i spansk og er uundv\u00e6rlige i samtaler om rutiner og personlig pleje.<\/p>\n<h2>Dannelse af refleksive verber i spansk<\/h2>\n<p>For at danne en refleksiv konstruktion p\u00e5 spansk, skal man kombinere det refleksive pronomen med den korrekte b\u00f8jning af verbet. Det refleksive pronomen placeres foran det b\u00f8jede verbum eller s\u00e6ttes efter infinitiv og gerundium.<\/p>\n<h3>Refleksive pronomener<\/h3>\n<p>&#8211; <b>me<\/b> (jeg)<br \/>\n&#8211; <b>te<\/b> (du)<br \/>\n&#8211; <b>se<\/b> (han\/hun\/De)<br \/>\n&#8211; <b>nos<\/b> (vi)<br \/>\n&#8211; <b>os<\/b> (I)<br \/>\n&#8211; <b>se<\/b> (de\/De)<\/p>\n<h3>Eksempel p\u00e5 b\u00f8jning<\/h3>\n<p>Verb: <b>levantarse<\/b> (at st\u00e5 op)<\/p>\n<p>| Person         | B\u00f8jning        |<br \/>\n|&#8212;&#8212;&#8212;&#8212;&#8212;-|&#8212;&#8212;&#8212;&#8212;&#8212;|<br \/>\n| Yo             | me levanto    |<br \/>\n| T\u00fa             | te levantas   |<br \/>\n| \u00c9l\/Ella\/Usted  | se levanta    |<br \/>\n| Nosotros\/as    | nos levantamos|<br \/>\n| Vosotros\/as    | os levant\u00e1is  |<br \/>\n| Ellos\/as\/Ustedes| se levantan  |<\/p>\n<p>Bem\u00e6rk, at det refleksive pronomen altid tilpasses subjektet.<\/p>\n<h2>Hvorn\u00e5r bruges refleksive verber?<\/h2>\n<p>Refleksive verber bruges i flere forskellige situationer i spansk grammatik. At kende forskellen p\u00e5, hvorn\u00e5r et verbum skal bruges refleksivt, er afg\u00f8rende for korrekt sprogbrug.<\/p>\n<h3>Almindelige anvendelser<\/h3>\n<ul>\n<li><strong>Daglige rutiner:<\/strong> Handlinger man g\u00f8r ved eller for sig selv, fx \u201cme ducho\u201d (jeg tager et bad).<\/li>\n<li><strong>Personlig pleje:<\/strong> Fx \u201cme peino\u201d (jeg reder mig).<\/li>\n<li><strong>F\u00f8lelser og tilstande:<\/strong> Fx \u201cme siento cansado\u201d (jeg f\u00f8ler mig tr\u00e6t).<\/li>\n<li><strong>Reciprokke handlinger:<\/strong> N\u00e5r to eller flere personer g\u00f8r noget mod hinanden, fx \u201cnos abrazamos\u201d (vi krammer hinanden).<\/li>\n<li><strong>Betydnings\u00e6ndring:<\/strong> Nogle verber skifter betydning, n\u00e5r de bruges refleksivt, fx \u201cir\u201d (at g\u00e5) vs. \u201cirse\u201d (at tage af sted).<\/li>\n<\/ul>\n<h2>Forskellen mellem refleksive og ikke-refleksive verber<\/h2>\n<p>Det er vigtigt at skelne mellem refleksive og ikke-refleksive verber, da betydningen kan \u00e6ndre sig markant.<\/p>\n<h3>Sammenligningseksempler<\/h3>\n<ul>\n<li><strong>llamar<\/strong> \u2013 at kalde<br \/>\n      <strong>llamarse<\/strong> \u2013 at hedde (bogstaveligt: at kalde sig selv)<\/li>\n<li><strong>acostar<\/strong> \u2013 at l\u00e6gge nogen i seng<br \/>\n      <strong>acostarse<\/strong> \u2013 at g\u00e5 i seng<\/li>\n<li><strong>despertar<\/strong> \u2013 at v\u00e6kke<br \/>\n      <strong>despertarse<\/strong> \u2013 at v\u00e5gne<\/li>\n<\/ul>\n<p>Ofte indikerer det refleksive pronomen, at subjektet g\u00f8r noget ved sig selv, eller at handlingen har en intern effekt.<\/p>\n<h2>Stil og position af refleksive pronomener<\/h2>\n<p>I spansk kan refleksive pronomener placeres forskellige steder afh\u00e6ngigt af verbets form.<\/p>\n<h3>Regler for placering<\/h3>\n<ul>\n<li>F\u00f8r det b\u00f8jede verbum: <em>Me levanto temprano<\/em> (Jeg st\u00e5r tidligt op).<\/li>\n<li>Efter infinitiv: <em>Quiero levantarme temprano<\/em> (Jeg vil gerne st\u00e5 tidligt op).<\/li>\n<li>Efter gerundium: <em>Estoy levant\u00e1ndome<\/em> (Jeg er ved at st\u00e5 op).<\/li>\n<li>Ved bydeform (imperativ): <em>\u00a1Lev\u00e1ntate!<\/em> (St\u00e5 op!).<\/li>\n<\/ul>\n<h2>Almindelige fejl og faldgruber<\/h2>\n<p>N\u00e5r danske elever l\u00e6rer verbos reflexivos, opst\u00e5r der ofte fejl, is\u00e6r i forbindelse med overs\u00e6ttelse fra dansk. Her er nogle typiske problemer og r\u00e5d til at undg\u00e5 dem:<\/p>\n<ul>\n<li><strong>Glemmer det refleksive pronomen:<\/strong> Mange glemmer at tilf\u00f8je pronomenet, hvilket kan \u00e6ndre s\u00e6tningens betydning fuldst\u00e6ndigt.<\/li>\n<li><strong>Forveksler refleksiv og ikke-refleksiv brug:<\/strong> Nogle verber bruges kun refleksivt p\u00e5 spansk, selvom de ikke er det p\u00e5 dansk, fx \u201cme llamo\u201d (jeg hedder).<\/li>\n<li><strong>Forkert placering:<\/strong> Pronomenet skal placeres korrekt afh\u00e6ngigt af verbets form.<\/li>\n<\/ul>\n<h3>Tips til at undg\u00e5 fejl<\/h3>\n<p>&#8211; \u00d8v dig p\u00e5 at identificere refleksive verber i tekster og samtaler.<br \/>\n&#8211; Gentag typiske dagligdags s\u00e6tninger med refleksive verber.<br \/>\n&#8211; Brug apps som Talkpal, der hj\u00e6lper med at tr\u00e6ne refleksive verber gennem interaktive \u00f8velser.<\/p>\n<h2>Refleksive verber og betydningsnuancer<\/h2>\n<p>Mange spanske verber kan b\u00e5de v\u00e6re refleksive og ikke-refleksive, og betydningen \u00e6ndrer sig ofte:<\/p>\n<ul>\n<li><strong>quedar<\/strong> \u2013 at blive tilbage<br \/>\n      <strong>quedarse<\/strong> \u2013 at forblive et sted<\/li>\n<li><strong>poner<\/strong> \u2013 at l\u00e6gge\/s\u00e6tte<br \/>\n      <strong>ponerse<\/strong> \u2013 at tage p\u00e5 (t\u00f8j) eller at blive (f\u00f8lelsesm\u00e6ssig tilstand)<\/li>\n<li><strong>ir<\/strong> \u2013 at g\u00e5<br \/>\n      <strong>irse<\/strong> \u2013 at tage af sted<\/li>\n<\/ul>\n<p>At mestre disse nuancer giver et mere nuanceret og naturligt spansk.<\/p>\n<h2>Reciprokke verber: N\u00e5r flere personer g\u00f8r noget mod hinanden<\/h2>\n<p>Refleksive pronomener bruges ogs\u00e5 til at udtrykke, at flere personer g\u00f8r noget mod hinanden (reciprok handling).<\/p>\n<h3>Eksempler<\/h3>\n<ul>\n<li>Nos vemos cada semana. (Vi ses hver uge.)<\/li>\n<li>Se abrazan cuando llegan. (De krammer hinanden, n\u00e5r de ankommer.)<\/li>\n<\/ul>\n<p>Her er konteksten afg\u00f8rende for at forst\u00e5, at handlingen er reciprok.<\/p>\n<h2>S\u00e5dan l\u00e6rer du refleksive verber effektivt<\/h2>\n<p>At l\u00e6re verbos reflexivos kr\u00e6ver regelm\u00e6ssig \u00f8velse og eksponering. Her er nogle effektive metoder:<\/p>\n<ul>\n<li><strong>Daglig praksis:<\/strong> Inklud\u00e9r refleksive verber i daglige samtale\u00f8velser.<\/li>\n<li><strong>Lav lister:<\/strong> Skriv lister over de mest almindelige refleksive verber og \u00f8v dem i forskellige tider.<\/li>\n<li><strong>Interaktive apps:<\/strong> Brug digitale v\u00e6rkt\u00f8jer som Talkpal, der tilbyder skr\u00e6ddersyede \u00f8velser og feedback.<\/li>\n<li><strong>Se spanske videoer:<\/strong> Lyt til, hvordan modersm\u00e5lstalere bruger refleksive verber i naturlige sammenh\u00e6nge.<\/li>\n<li><strong>Overs\u00e6t rutiner:<\/strong> Pr\u00f8v at overs\u00e6tte dine egne daglige rutiner til spansk med fokus p\u00e5 refleksive verber.<\/li>\n<\/ul>\n<h2>Talkpal: Din digitale sprogmakker til refleksive verber<\/h2>\n<p>Talkpal er en af de bedste m\u00e5der at l\u00e6re verbos reflexivos i spansk grammatik. Platformen tilbyder:<\/p>\n<ul>\n<li>Tilpassede \u00f8velser med fokus p\u00e5 refleksive verber.<\/li>\n<li>Interaktive samtaler med AI, s\u00e5 du kan \u00f8ve dig i realistiske situationer.<\/li>\n<li>\u00d8jeblikkelig feedback, der hj\u00e6lper dig med at rette fejl og forst\u00e5 grammatiske regler.<\/li>\n<li>Mulighed for at f\u00f8lge din progression og m\u00e5lrette l\u00e6ringen efter dine behov.<\/li>\n<\/ul>\n<p>Med Talkpal kan du f\u00e5 den n\u00f8dvendige tr\u00e6ning og st\u00f8tte til at mestre refleksive verber, uanset om du er begynder eller \u00f8vet.<\/p>\n<h2>Konklusion: Refleksive verber er n\u00f8glen til flydende spansk<\/h2>\n<p>Verbos reflexivos er et uundv\u00e6rligt element i spansk grammatik. De hj\u00e6lper dig med at tale om daglige rutiner, f\u00f8lelser, relationer og meget mere. Ved at forst\u00e5, hvordan de dannes, bruges og adskiller sig fra ikke-refleksive verber, kan du undg\u00e5 almindelige fejl og udtrykke dig mere pr\u00e6cist. Brug v\u00e6rkt\u00f8jer som Talkpal for at styrke dine f\u00e6rdigheder og g\u00f8re l\u00e6ringen sjovere og mere effektiv. Med systematisk \u00f8velse og den rette tilgang vil du hurtigt opleve, hvor naturligt refleksive verber bliver en del af dit spanske sprog.<\/p>\n","protected":false},"featured_media":1527871,"template":"","language":[12317,12321],"class_list":["post-1077785","grammar","type-grammar","status-publish","has-post-thumbnail","hentry","language-spansk-da","language-udsagnsord-spansk-grammatik"],"acf":[],"yoast_head":"<!-- This site is optimized with the Yoast SEO Premium plugin v27.2 (Yoast SEO v27.2) - https:\/\/yoast.com\/product\/yoast-seo-premium-wordpress\/ -->\n<title>Verbos Reflexivos i spansk grammatik - Talkpal<\/title>\n<meta name=\"description\" content=\"At l\u00e6re spansk indeb\u00e6rer mange sp\u00e6ndende aspekter, og et af de vigtigste grammatiske emner er verbos reflexivos \u2013 de refleksive verber. Forst\u00e5else af,\" \/>\n<meta name=\"robots\" content=\"index, follow, max-snippet:-1, max-image-preview:large, max-video-preview:-1\" \/>\n<link rel=\"canonical\" href=\"https:\/\/talkpal.ai\/da\/grammar\/verbos-reflexivos-i-spansk-grammatik\/\" \/>\n<meta property=\"og:locale\" content=\"da_DK\" \/>\n<meta property=\"og:type\" content=\"article\" \/>\n<meta property=\"og:title\" content=\"Verbos Reflexivos i spansk grammatik\" \/>\n<meta property=\"og:description\" content=\"At l\u00e6re spansk indeb\u00e6rer mange sp\u00e6ndende aspekter, og et af de vigtigste grammatiske emner er verbos reflexivos \u2013 de refleksive verber. Forst\u00e5else af,\" \/>\n<meta property=\"og:url\" content=\"https:\/\/talkpal.ai\/da\/grammar\/verbos-reflexivos-i-spansk-grammatik\/\" \/>\n<meta property=\"og:site_name\" content=\"Talkpal\" \/>\n<meta property=\"article:publisher\" content=\"https:\/\/www.facebook.com\/profile.php?id=100090733639311\" \/>\n<meta property=\"article:modified_time\" content=\"2025-12-26T13:46:25+00:00\" \/>\n<meta property=\"og:image\" content=\"https:\/\/talkpal.ai\/wp-content\/uploads\/2025\/02\/Progress-tab-16_9.png\" \/>\n\t<meta property=\"og:image:width\" content=\"2880\" \/>\n\t<meta property=\"og:image:height\" content=\"1620\" \/>\n\t<meta property=\"og:image:type\" content=\"image\/png\" \/>\n<meta name=\"twitter:card\" content=\"summary_large_image\" \/>\n<meta name=\"twitter:site\" content=\"@talkpalai\" \/>\n<meta name=\"twitter:label1\" content=\"Estimeret l\u00e6setid\" \/>\n\t<meta name=\"twitter:data1\" content=\"6 minutter\" \/>\n<script type=\"application\/ld+json\" class=\"yoast-schema-graph\">{\"@context\":\"https:\/\/schema.org\",\"@graph\":[{\"@type\":\"WebPage\",\"@id\":\"https:\/\/talkpal.ai\/da\/grammar\/verbos-reflexivos-i-spansk-grammatik\/\",\"url\":\"https:\/\/talkpal.ai\/da\/grammar\/verbos-reflexivos-i-spansk-grammatik\/\",\"name\":\"Verbos Reflexivos i spansk grammatik - Talkpal\",\"isPartOf\":{\"@id\":\"https:\/\/talkpal.ai\/da\/#website\"},\"primaryImageOfPage\":{\"@id\":\"https:\/\/talkpal.ai\/da\/grammar\/verbos-reflexivos-i-spansk-grammatik\/#primaryimage\"},\"image\":{\"@id\":\"https:\/\/talkpal.ai\/da\/grammar\/verbos-reflexivos-i-spansk-grammatik\/#primaryimage\"},\"thumbnailUrl\":\"https:\/\/talkpal.ai\/wp-content\/uploads\/2025\/12\/picking-books-to-learn-languages-manually.webp\",\"datePublished\":\"2025-07-01T20:31:29+00:00\",\"dateModified\":\"2025-12-26T13:46:25+00:00\",\"description\":\"At l\u00e6re spansk indeb\u00e6rer mange sp\u00e6ndende aspekter, og et af de vigtigste grammatiske emner er verbos reflexivos \u2013 de refleksive verber. Forst\u00e5else af,\",\"breadcrumb\":{\"@id\":\"https:\/\/talkpal.ai\/da\/grammar\/verbos-reflexivos-i-spansk-grammatik\/#breadcrumb\"},\"inLanguage\":\"da-DK\",\"potentialAction\":[{\"@type\":\"ReadAction\",\"target\":[\"https:\/\/talkpal.ai\/da\/grammar\/verbos-reflexivos-i-spansk-grammatik\/\"]}]},{\"@type\":\"ImageObject\",\"inLanguage\":\"da-DK\",\"@id\":\"https:\/\/talkpal.ai\/da\/grammar\/verbos-reflexivos-i-spansk-grammatik\/#primaryimage\",\"url\":\"https:\/\/talkpal.ai\/wp-content\/uploads\/2025\/12\/picking-books-to-learn-languages-manually.webp\",\"contentUrl\":\"https:\/\/talkpal.ai\/wp-content\/uploads\/2025\/12\/picking-books-to-learn-languages-manually.webp\",\"width\":1200,\"height\":896,\"caption\":\"A woman reaches for a book on a tall shelf in a quiet library while learning languages.\"},{\"@type\":\"BreadcrumbList\",\"@id\":\"https:\/\/talkpal.ai\/da\/grammar\/verbos-reflexivos-i-spansk-grammatik\/#breadcrumb\",\"itemListElement\":[{\"@type\":\"ListItem\",\"position\":1,\"name\":\"Homepage\",\"item\":\"https:\/\/talkpal.ai\/da\/\"},{\"@type\":\"ListItem\",\"position\":2,\"name\":\"Verbos Reflexivos i spansk grammatik\"}]},{\"@type\":\"WebSite\",\"@id\":\"https:\/\/talkpal.ai\/da\/#website\",\"url\":\"https:\/\/talkpal.ai\/da\/\",\"name\":\"Talkpal\",\"description\":\"AI Language Learning\",\"publisher\":{\"@id\":\"https:\/\/talkpal.ai\/da\/#organization\"},\"alternateName\":\"Talkpal AI\",\"potentialAction\":[{\"@type\":\"SearchAction\",\"target\":{\"@type\":\"EntryPoint\",\"urlTemplate\":\"https:\/\/talkpal.ai\/da\/?s={search_term_string}\"},\"query-input\":{\"@type\":\"PropertyValueSpecification\",\"valueRequired\":true,\"valueName\":\"search_term_string\"}}],\"inLanguage\":\"da-DK\"},{\"@type\":\"Organization\",\"@id\":\"https:\/\/talkpal.ai\/da\/#organization\",\"name\":\"Talkpal, Inc.\",\"alternateName\":\"Talkpal AI\",\"url\":\"https:\/\/talkpal.ai\/da\/\",\"logo\":{\"@type\":\"ImageObject\",\"inLanguage\":\"da-DK\",\"@id\":\"https:\/\/talkpal.ai\/da\/#\/schema\/logo\/image\/\",\"url\":\"https:\/\/talkpal.ai\/wp-content\/uploads\/2024\/03\/Talkpal-Logo-Icon.png\",\"contentUrl\":\"https:\/\/talkpal.ai\/wp-content\/uploads\/2024\/03\/Talkpal-Logo-Icon.png\",\"width\":2880,\"height\":2880,\"caption\":\"Talkpal, Inc.\"},\"image\":{\"@id\":\"https:\/\/talkpal.ai\/da\/#\/schema\/logo\/image\/\"},\"sameAs\":[\"https:\/\/www.facebook.com\/profile.php?id=100090733639311\",\"https:\/\/x.com\/talkpalai\",\"https:\/\/www.linkedin.com\/company\/talkpal\/\",\"https:\/\/www.youtube.com\/@TalkPal\/\",\"https:\/\/www.tiktok.com\/@talkpal\",\"https:\/\/www.instagram.com\/talkpal_ai\/\",\"https:\/\/www.crunchbase.com\/organization\/talkpal-9cde\",\"https:\/\/www.g2.com\/products\/talkpal-for-business\/\",\"https:\/\/www.trustpilot.com\/review\/talkpal.ai\",\"https:\/\/www.capterra.com\/p\/10006800\/TalkPal\/\"],\"description\":\"Talkpal is a language learning web and mobile education app, powered by the latest AI technologies, that provides engaging experiences to its customers in many different languages to help them improve their language skills. Users can chat about unlimited amount of topics with the app and use other modes to practice their language learning.\",\"email\":\"support@talkpal.ai\",\"legalName\":\"Talkpal, Inc.\",\"foundingDate\":\"2023-04-03\",\"duns\":\"118989042\",\"numberOfEmployees\":{\"@type\":\"QuantitativeValue\",\"minValue\":\"11\",\"maxValue\":\"50\"},\"publishingPrinciples\":\"https:\/\/talkpal.ai\/publishing-principles\/\",\"actionableFeedbackPolicy\":\"https:\/\/talkpal.ai\/actionable-feedback-policy\/\",\"correctionsPolicy\":\"https:\/\/talkpal.ai\/corrections-policy\/\",\"ethicsPolicy\":\"https:\/\/talkpal.ai\/ethics-policy\/\",\"diversityPolicy\":\"https:\/\/talkpal.ai\/diversity-policy\/\",\"diversityStaffingReport\":\"https:\/\/talkpal.ai\/diversity-policy\/\"}]}<\/script>\n<!-- \/ Yoast SEO Premium plugin. -->","yoast_head_json":{"title":"Verbos Reflexivos i spansk grammatik - Talkpal","description":"At l\u00e6re spansk indeb\u00e6rer mange sp\u00e6ndende aspekter, og et af de vigtigste grammatiske emner er verbos reflexivos \u2013 de refleksive verber. Forst\u00e5else af,","robots":{"index":"index","follow":"follow","max-snippet":"max-snippet:-1","max-image-preview":"max-image-preview:large","max-video-preview":"max-video-preview:-1"},"canonical":"https:\/\/talkpal.ai\/da\/grammar\/verbos-reflexivos-i-spansk-grammatik\/","og_locale":"da_DK","og_type":"article","og_title":"Verbos Reflexivos i spansk grammatik","og_description":"At l\u00e6re spansk indeb\u00e6rer mange sp\u00e6ndende aspekter, og et af de vigtigste grammatiske emner er verbos reflexivos \u2013 de refleksive verber. Forst\u00e5else af,","og_url":"https:\/\/talkpal.ai\/da\/grammar\/verbos-reflexivos-i-spansk-grammatik\/","og_site_name":"Talkpal","article_publisher":"https:\/\/www.facebook.com\/profile.php?id=100090733639311","article_modified_time":"2025-12-26T13:46:25+00:00","og_image":[{"width":2880,"height":1620,"url":"https:\/\/talkpal.ai\/wp-content\/uploads\/2025\/02\/Progress-tab-16_9.png","type":"image\/png"}],"twitter_card":"summary_large_image","twitter_site":"@talkpalai","twitter_misc":{"Estimeret l\u00e6setid":"6 minutter"},"schema":{"@context":"https:\/\/schema.org","@graph":[{"@type":"WebPage","@id":"https:\/\/talkpal.ai\/da\/grammar\/verbos-reflexivos-i-spansk-grammatik\/","url":"https:\/\/talkpal.ai\/da\/grammar\/verbos-reflexivos-i-spansk-grammatik\/","name":"Verbos Reflexivos i spansk grammatik - Talkpal","isPartOf":{"@id":"https:\/\/talkpal.ai\/da\/#website"},"primaryImageOfPage":{"@id":"https:\/\/talkpal.ai\/da\/grammar\/verbos-reflexivos-i-spansk-grammatik\/#primaryimage"},"image":{"@id":"https:\/\/talkpal.ai\/da\/grammar\/verbos-reflexivos-i-spansk-grammatik\/#primaryimage"},"thumbnailUrl":"https:\/\/talkpal.ai\/wp-content\/uploads\/2025\/12\/picking-books-to-learn-languages-manually.webp","datePublished":"2025-07-01T20:31:29+00:00","dateModified":"2025-12-26T13:46:25+00:00","description":"At l\u00e6re spansk indeb\u00e6rer mange sp\u00e6ndende aspekter, og et af de vigtigste grammatiske emner er verbos reflexivos \u2013 de refleksive verber. Forst\u00e5else af,","breadcrumb":{"@id":"https:\/\/talkpal.ai\/da\/grammar\/verbos-reflexivos-i-spansk-grammatik\/#breadcrumb"},"inLanguage":"da-DK","potentialAction":[{"@type":"ReadAction","target":["https:\/\/talkpal.ai\/da\/grammar\/verbos-reflexivos-i-spansk-grammatik\/"]}]},{"@type":"ImageObject","inLanguage":"da-DK","@id":"https:\/\/talkpal.ai\/da\/grammar\/verbos-reflexivos-i-spansk-grammatik\/#primaryimage","url":"https:\/\/talkpal.ai\/wp-content\/uploads\/2025\/12\/picking-books-to-learn-languages-manually.webp","contentUrl":"https:\/\/talkpal.ai\/wp-content\/uploads\/2025\/12\/picking-books-to-learn-languages-manually.webp","width":1200,"height":896,"caption":"A woman reaches for a book on a tall shelf in a quiet library while learning languages."},{"@type":"BreadcrumbList","@id":"https:\/\/talkpal.ai\/da\/grammar\/verbos-reflexivos-i-spansk-grammatik\/#breadcrumb","itemListElement":[{"@type":"ListItem","position":1,"name":"Homepage","item":"https:\/\/talkpal.ai\/da\/"},{"@type":"ListItem","position":2,"name":"Verbos Reflexivos i spansk grammatik"}]},{"@type":"WebSite","@id":"https:\/\/talkpal.ai\/da\/#website","url":"https:\/\/talkpal.ai\/da\/","name":"Talkpal","description":"AI Language Learning","publisher":{"@id":"https:\/\/talkpal.ai\/da\/#organization"},"alternateName":"Talkpal AI","potentialAction":[{"@type":"SearchAction","target":{"@type":"EntryPoint","urlTemplate":"https:\/\/talkpal.ai\/da\/?s={search_term_string}"},"query-input":{"@type":"PropertyValueSpecification","valueRequired":true,"valueName":"search_term_string"}}],"inLanguage":"da-DK"},{"@type":"Organization","@id":"https:\/\/talkpal.ai\/da\/#organization","name":"Talkpal, Inc.","alternateName":"Talkpal AI","url":"https:\/\/talkpal.ai\/da\/","logo":{"@type":"ImageObject","inLanguage":"da-DK","@id":"https:\/\/talkpal.ai\/da\/#\/schema\/logo\/image\/","url":"https:\/\/talkpal.ai\/wp-content\/uploads\/2024\/03\/Talkpal-Logo-Icon.png","contentUrl":"https:\/\/talkpal.ai\/wp-content\/uploads\/2024\/03\/Talkpal-Logo-Icon.png","width":2880,"height":2880,"caption":"Talkpal, Inc."},"image":{"@id":"https:\/\/talkpal.ai\/da\/#\/schema\/logo\/image\/"},"sameAs":["https:\/\/www.facebook.com\/profile.php?id=100090733639311","https:\/\/x.com\/talkpalai","https:\/\/www.linkedin.com\/company\/talkpal\/","https:\/\/www.youtube.com\/@TalkPal\/","https:\/\/www.tiktok.com\/@talkpal","https:\/\/www.instagram.com\/talkpal_ai\/","https:\/\/www.crunchbase.com\/organization\/talkpal-9cde","https:\/\/www.g2.com\/products\/talkpal-for-business\/","https:\/\/www.trustpilot.com\/review\/talkpal.ai","https:\/\/www.capterra.com\/p\/10006800\/TalkPal\/"],"description":"Talkpal is a language learning web and mobile education app, powered by the latest AI technologies, that provides engaging experiences to its customers in many different languages to help them improve their language skills. Users can chat about unlimited amount of topics with the app and use other modes to practice their language learning.","email":"support@talkpal.ai","legalName":"Talkpal, Inc.","foundingDate":"2023-04-03","duns":"118989042","numberOfEmployees":{"@type":"QuantitativeValue","minValue":"11","maxValue":"50"},"publishingPrinciples":"https:\/\/talkpal.ai\/publishing-principles\/","actionableFeedbackPolicy":"https:\/\/talkpal.ai\/actionable-feedback-policy\/","correctionsPolicy":"https:\/\/talkpal.ai\/corrections-policy\/","ethicsPolicy":"https:\/\/talkpal.ai\/ethics-policy\/","diversityPolicy":"https:\/\/talkpal.ai\/diversity-policy\/","diversityStaffingReport":"https:\/\/talkpal.ai\/diversity-policy\/"}]}},"_links":{"self":[{"href":"https:\/\/talkpal.ai\/da\/wp-json\/wp\/v2\/grammar\/1077785","targetHints":{"allow":["GET"]}}],"collection":[{"href":"https:\/\/talkpal.ai\/da\/wp-json\/wp\/v2\/grammar"}],"about":[{"href":"https:\/\/talkpal.ai\/da\/wp-json\/wp\/v2\/types\/grammar"}],"wp:featuredmedia":[{"embeddable":true,"href":"https:\/\/talkpal.ai\/da\/wp-json\/wp\/v2\/media\/1527871"}],"wp:attachment":[{"href":"https:\/\/talkpal.ai\/da\/wp-json\/wp\/v2\/media?parent=1077785"}],"wp:term":[{"taxonomy":"language","embeddable":true,"href":"https:\/\/talkpal.ai\/da\/wp-json\/wp\/v2\/language?post=1077785"}],"curies":[{"name":"wp","href":"https:\/\/api.w.org\/{rel}","templated":true}]}}