{"id":165057,"date":"2023-06-16T12:01:29","date_gmt":"2023-06-16T12:01:29","guid":{"rendered":"http:\/\/talkpal.ai\/cviceni-na-bosenskou-gramatiku\/"},"modified":"2025-05-23T12:07:18","modified_gmt":"2025-05-23T12:07:18","slug":"cviceni-na-bosenskou-gramatiku","status":"publish","type":"page","link":"https:\/\/talkpal.ai\/cs\/cviceni-na-bosenskou-gramatiku\/","title":{"rendered":"Cvi\u010den\u00ed na bosenskou gramatiku"},"content":{"rendered":"\r\n\r\n\r\n<section class=\"languageChallengeSection\">\r\n    <div class=\"languageInfoWrapper\">\r\n        \r\n        <h1>Cvi\u010den\u00ed na bosenskou gramatiku<\/h1>\r\n        <p>Jste p\u0159ipraveni z\u00edskat v\u011bt\u0161\u00ed jistotu v bosensk\u00e9m jazyce? Procvi\u010dov\u00e1n\u00ed gramatick\u00fdch cvi\u010den\u00ed je skv\u011bl\u00fdm zp\u016fsobem, jak si osvojit stavbu v\u011bty, slovesn\u00e9 tvary a charakteristick\u00e9 vzorce bosensk\u00e9ho jazyka. Za\u010dn\u011bte pracovat na bosensk\u00e9 gramatice je\u0161t\u011b dnes a s ka\u017ed\u00fdm cvi\u010den\u00edm uvid\u00edte, jak roste va\u0161e porozum\u011bn\u00ed a plynulost!\n\n<\/p>\r\n\r\n                            <a class=\"getStartedHidden\" href=\"https:\/\/app.talkpal.ai\/cs\/signup?lng=\">Za\u010dni<\/a>\r\n        \r\n    <\/div>\r\n\r\n    <figure>\r\n    <img decoding=\"async\" width=\"768\" height=\"768\" src=\"https:\/\/talkpal.ai\/wp-content\/uploads\/2023\/06\/bosinian-768x768.png\" class=\"languageImage no-lazy\" alt=\"Language learning for increasing employability\" fetchpriority=\"high\" sizes=\"(max-width: 768px) 150px, 768px\" srcset=\"https:\/\/talkpal.ai\/wp-content\/uploads\/2023\/06\/bosinian-768x768.png 768w, https:\/\/talkpal.ai\/wp-content\/uploads\/2023\/06\/bosinian-300x300.png 300w\" \/>\r\n    \r\n\r\n    <\/figure>\r\n\r\n            <a class=\"getStartedVisible\" href=\"https:\/\/app.talkpal.ai\/cs\/signup?lng=\">Za\u010dni<\/a>\r\n    \r\n<\/section>\r\n\r\n\r\n<!-- <section class=\"grammarSection\">\r\n    <div class=\"grammarLinks\">\r\n            <\/div>\r\n<\/section> -->\r\n\r\n\r\n\r\n\r\n<section class=\"promotionalBanner\">\r\n    <p class=\"promotionalText\">Nejefektivn\u011bj\u0161\u00ed <a href=\"https:\/\/talkpal.ai\/best-way-to-learn\/\">zp\u016fsob<\/a>, jak se nau\u010dit jazyk<\/p>\r\n    <a class=\"promotionalLink\" href=\"https:\/\/app.talkpal.ai\/cs\/signup?lng=\">Vyzkou\u0161ejte Talkpal zdarma<\/a>\r\n<\/section>\n<div class=\"wp-block-group pageContainerStyle\"><div class=\"wp-block-group__inner-container is-layout-constrained wp-block-group-is-layout-constrained\">\n<h2 class=\"wp-block-heading\" id=\"h-bosnian-grammar-topics\">T\u00e9mata bosensk\u00e9 gramatiky<\/h2>\n\n\n\n<p><a href=\"https:\/\/talkpal.ai\/learn-bosnian\/\">Bosen\u0161tina<\/a> je jihoslovansk\u00fd jazyk, kter\u00fdm se mluv\u00ed p\u0159edev\u0161\u00edm v Bosn\u011b a Hercegovin\u011b, Srbsku, \u010cern\u00e9 Ho\u0159e a Chorvatsku. Je vz\u00e1jemn\u011b srozumiteln\u00e1 se srb\u0161tinou a chorvat\u0161tinou a je sou\u010d\u00e1st\u00ed standardizovan\u00e9ho srbochorvatsk\u00e9ho jazyka. U\u010den\u00ed bosen\u0161tiny m\u016f\u017ee b\u00fdt fascinuj\u00edc\u00edm a obohacuj\u00edc\u00edm z\u00e1\u017eitkem, proto\u017ee umo\u017e\u0148uje nahl\u00e9dnout do bohat\u00e9 historie, kultury a tradic balk\u00e1nsk\u00e9ho regionu. Abyste se mohli efektivn\u011b u\u010dit bosensky, je nezbytn\u00e9 porozum\u011bt jej\u00edmu gramatick\u00e9mu syst\u00e9mu, kter\u00fd zahrnuje r\u016fzn\u00e9 \u010dasy, tvary podstatn\u00fdch a p\u0159\u00eddavn\u00fdch jmen a v\u011btn\u00e9 struktury. V t\u00e9to p\u0159\u00edru\u010dce prozkoum\u00e1me posloupnost t\u00e9mat bosensk\u00e9 gramatiky, kter\u00e1 v\u00e1m pomohou efektivn\u011b zvl\u00e1dnout jazyk.<\/p>\n\n\n\n<h3 class=\"wp-block-heading\" id=\"h-1-nouns-and-articles\">1. Podstatn\u00e1 jm\u00e9na a \u010dleny:<\/h3>\n\n\n\n<p>Za\u010dn\u011bte t\u00edm, \u017ee se nau\u010d\u00edte podstatn\u00e1 jm\u00e9na, kter\u00e1 se d\u011bl\u00ed na t\u0159i rody (mu\u017esk\u00fd, \u017eensk\u00fd, st\u0159edn\u00ed) a maj\u00ed tvar jednotn\u00e9ho a mno\u017en\u00e9ho \u010d\u00edsla. Bosensk\u00fd jazyk nem\u00e1 \u010dleny jako <a href=\"https:\/\/talkpal.ai\/learn-english-with-ai\/\">angli\u010dtina<\/a>, ale pou\u017e\u00edv\u00e1 ukazovac\u00ed z\u00e1jmena pro ozna\u010den\u00ed konkr\u00e9tnosti.<\/p>\n\n\n\n<h3 class=\"wp-block-heading\" id=\"h-2-adjectives\">2. P\u0159\u00eddavn\u00e1 jm\u00e9na:<\/h3>\n\n\n\n<p>P\u0159\u00eddavn\u00e1 jm\u00e9na souhlas\u00ed s podstatn\u00fdmi jm\u00e9ny v rod\u011b, \u010d\u00edsle a p\u00e1du. Nau\u010dte se tvo\u0159it a pou\u017e\u00edvat p\u0159\u00eddavn\u00e1 jm\u00e9na k p\u0159esn\u00e9mu popisu podstatn\u00fdch jmen.<\/p>\n\n\n\n<h3 class=\"wp-block-heading\" id=\"h-3-pronouns-determiners\">3. Z\u00e1jmena\/determinanty:<\/h3>\n\n\n\n<p>Bosensk\u00e1 z\u00e1jmena a determinanty se tak\u00e9 shoduj\u00ed s podstatn\u00fdmi jm\u00e9ny v rod\u011b, \u010d\u00edsle a p\u00e1du. Studujte osobn\u00ed, p\u0159ivlast\u0148ovac\u00ed, ukazovac\u00ed a t\u00e1zac\u00ed z\u00e1jmena, abyste zlep\u0161ili sv\u00e9 komunika\u010dn\u00ed dovednosti.<\/p>\n\n\n\n<h3 class=\"wp-block-heading\" id=\"h-4-verbs\">4. Slovesa:<\/h3>\n\n\n\n<p>Seznamte se s pravideln\u00fdmi a nepravideln\u00fdmi slovesy, jejich \u010dasov\u00e1n\u00edm a rozli\u0161en\u00edm mezi dokonav\u00fdm a nedokonav\u00fdm videm.<\/p>\n\n\n\n<h3 class=\"wp-block-heading\" id=\"h-5-tenses\">5. \u010casy:<\/h3>\n\n\n\n<p>Bosen\u0161tina m\u00e1 t\u0159i \u010dasy: minul\u00fd, p\u0159\u00edtomn\u00fd a budouc\u00ed. Nau\u010dte se tvo\u0159it a pou\u017e\u00edvat tyto \u010dasy k vyj\u00e1d\u0159en\u00ed d\u011bj\u016f a ud\u00e1lost\u00ed v r\u016fzn\u00fdch \u010dasov\u00fdch r\u00e1mc\u00edch.<\/p>\n\n\n\n<h3 class=\"wp-block-heading\" id=\"h-6-tense-comparison\">6. Srovn\u00e1n\u00ed \u010das\u016f:<\/h3>\n\n\n\n<p>Pochopte rozd\u00edly a podobnosti mezi \u010dasy a zam\u011b\u0159te se na jejich pou\u017eit\u00ed v r\u016fzn\u00fdch kontextech.<\/p>\n\n\n\n<h3 class=\"wp-block-heading\" id=\"h-7-progressive-and-perfect-progressive\">7. Progresivn\u00ed a dokonal\u00e1 progresivita:<\/h3>\n\n\n\n<p>Bosen\u0161tina nem\u00e1 p\u0159\u00edm\u00fd ekvivalent k anglick\u00fdm pr\u016fb\u011bhov\u00fdm a p\u0159edkonav\u00fdm pr\u016fb\u011bhov\u00fdm \u010das\u016fm. Pou\u017e\u00edv\u00e1 v\u0161ak slovesn\u00fd vid (dokonav\u00fd a nedokonav\u00fd) k vyj\u00e1d\u0159en\u00ed podobn\u00fdch v\u00fdznam\u016f.<\/p>\n\n\n\n<h3 class=\"wp-block-heading\" id=\"h-8-adverbs\">8. P\u0159\u00edslovce:<\/h3>\n\n\n\n<p>Studujte p\u0159\u00edslovce a jejich um\u00edst\u011bn\u00ed ve v\u011bt\u00e1ch, abyste vyj\u00e1d\u0159ili \u010das, zp\u016fsob a stupe\u0148.<\/p>\n\n\n\n<h3 class=\"wp-block-heading\" id=\"h-9-conditionals\">9. Kondicion\u00e1ly:<\/h3>\n\n\n\n<p>Nau\u010dte se tvo\u0159it a pou\u017e\u00edvat podm\u00ednkov\u00e9 v\u011bty (re\u00e1ln\u00e9 i nere\u00e1ln\u00e9) k vyj\u00e1d\u0159en\u00ed hypotetick\u00fdch situac\u00ed a jejich d\u016fsledk\u016f.<\/p>\n\n\n\n<h3 class=\"wp-block-heading\" id=\"h-10-prepositions\">10. P\u0159edlo\u017eky:<\/h3>\n\n\n\n<p>P\u0159edlo\u017eky jsou nezbytn\u00e9 pro ozna\u010den\u00ed vztah\u016f mezi slovy a fr\u00e1zemi. Nau\u010dte se je p\u0159esn\u011b pou\u017e\u00edvat v r\u016fzn\u00fdch kontextech.<\/p>\n\n\n\n<h3 class=\"wp-block-heading\" id=\"h-11-sentences\">11. V\u011bty:<\/h3>\n\n\n\n<p>Nakonec si procvi\u010dte vytv\u00e1\u0159en\u00ed jednoduch\u00fdch i slo\u017eit\u00fdch v\u011bt pomoc\u00ed v\u0161ech gramatick\u00fdch prvk\u016f, kter\u00e9 jste se nau\u010dili. To v\u00e1m pom\u016f\u017ee vytvo\u0159it si pevn\u00e9 z\u00e1klady v bosen\u0161tin\u011b a umo\u017en\u00ed v\u00e1m efektivn\u011b komunikovat s rodil\u00fdmi mluv\u010d\u00edmi.<\/p>\n<\/div><\/div>\n\r\n<section class=\"learnNavigationSection\">\r\n            \r\n        <a href=\"https:\/\/talkpal.ai\/cs\/naucte-se-bosensky\/\">\r\n            <div class=\"learnNavigationWrapper\">\r\n                <div class=\"learnNavigationContent\">\r\n                    <img decoding=\"async\" src=\"https:\/\/talkpal.ai\/wp-content\/uploads\/2024\/08\/Bosnian.jpg\" alt=\"Bosnian Flag\">\r\n                    <div>\r\n                        <h4>O bosensk\u00e9m vzd\u011bl\u00e1v\u00e1n\u00ed<\/h4>\r\n                        <p>Zjist\u011bte v\u0161e o bosensk\u00e9 gramatice.<\/p>\r\n                    <\/div>\r\n                <\/div>\r\n            <\/div>\r\n        <\/a>\r\n\r\n        \r\n        <a href=\"https:\/\/talkpal.ai\/cs\/bosenska-gramatika\/\">\r\n            <div class=\"learnNavigationWrapper\">\r\n                <div class=\"learnNavigationContent\">\r\n                    <img decoding=\"async\" src=\"https:\/\/talkpal.ai\/wp-content\/uploads\/2024\/08\/Bosnian.jpg\" alt=\"Bosnian Flag\">\r\n                    <div>\r\n                        <h4>Lekce bosensk\u00e9 gramatiky<\/h4>\r\n                        <p>Procvi\u010dte si bosenskou gramatiku.<\/p>\r\n                    <\/div>\r\n                <\/div>\r\n            <\/div>\r\n        <\/a>\r\n\r\n        \r\n        <a href=\"https:\/\/talkpal.ai\/vocabulary_language\/bosnian\/\">\r\n            <div class=\"learnNavigationWrapper\">\r\n                <div class=\"learnNavigationContent\">\r\n                    <img decoding=\"async\" src=\"https:\/\/talkpal.ai\/wp-content\/uploads\/2024\/08\/Bosnian.jpg\" alt=\"Bosnian Flag\">\r\n                    <div>\r\n                        <h4>Bosensk\u00e1 slovn\u00ed z\u00e1soba<\/h4>\r\n                        <p>Roz\u0161i\u0159te si slovn\u00ed z\u00e1sobu bosensk\u00e9ho jazyka.<\/p>\r\n                    <\/div>\r\n                <\/div>\r\n            <\/div>\r\n        <\/a>\r\n\r\n            <\/section>","protected":false},"excerpt":{"rendered":"<p>T\u00e9mata bosensk\u00e9 gramatiky Bosen\u0161tina je jihoslovansk\u00fd jazyk, kter\u00fdm se mluv\u00ed p\u0159edev\u0161\u00edm v Bosn\u011b a Hercegovin\u011b, Srbsku, \u010cern\u00e9 Ho\u0159e a Chorvatsku. Je vz\u00e1jemn\u011b srozumiteln\u00e1 se srb\u0161tinou a chorvat\u0161tinou a je sou\u010d\u00e1st\u00ed standardizovan\u00e9ho srbochorvatsk\u00e9ho jazyka. U\u010den\u00ed bosen\u0161tiny m\u016f\u017ee b\u00fdt fascinuj\u00edc\u00edm a obohacuj\u00edc\u00edm z\u00e1\u017eitkem, proto\u017ee umo\u017e\u0148uje nahl\u00e9dnout do bohat\u00e9 historie, kultury a tradic balk\u00e1nsk\u00e9ho regionu. Abyste se mohli [&hellip;]<\/p>\n","protected":false},"author":6,"featured_media":111366,"parent":0,"menu_order":0,"comment_status":"closed","ping_status":"closed","template":"LearningContentPage.php","meta":{"_acf_changed":false,"footnotes":""},"class_list":["post-165057","page","type-page","status-publish","has-post-thumbnail","hentry"],"acf":[],"yoast_head":"<!-- This site is optimized with the Yoast SEO Premium plugin v27.2 (Yoast SEO v27.2) - https:\/\/yoast.com\/product\/yoast-seo-premium-wordpress\/ -->\n<title>Cvi\u010den\u00ed na bosenskou gramatiku - Talkpal<\/title>\n<meta name=\"description\" content=\"Zvl\u00e1dn\u011bte bosenskou gramatiku pomoc\u00ed poutav\u00fdch cvi\u010den\u00ed, kter\u00e1 v\u00e1m pomohou l\u00e9pe porozum\u011bt v\u011btn\u00fdm struktur\u00e1m a \u010das\u016fm.\" \/>\n<meta name=\"robots\" content=\"index, follow, max-snippet:-1, max-image-preview:large, max-video-preview:-1\" \/>\n<link rel=\"canonical\" href=\"https:\/\/talkpal.ai\/cs\/cviceni-na-bosenskou-gramatiku\/\" \/>\n<meta property=\"og:locale\" content=\"cs_CZ\" \/>\n<meta property=\"og:type\" content=\"article\" \/>\n<meta property=\"og:title\" content=\"Cvi\u010den\u00ed na bosenskou gramatiku\" \/>\n<meta property=\"og:description\" content=\"T\u00e9mata bosensk\u00e9 gramatiky Bosen\u0161tina je jihoslovansk\u00fd jazyk, kter\u00fdm se mluv\u00ed p\u0159edev\u0161\u00edm v Bosn\u011b a Hercegovin\u011b, Srbsku, \u010cern\u00e9 Ho\u0159e a Chorvatsku. Je vz\u00e1jemn\u011b\" \/>\n<meta property=\"og:url\" content=\"https:\/\/talkpal.ai\/cs\/cviceni-na-bosenskou-gramatiku\/\" \/>\n<meta property=\"og:site_name\" content=\"Talkpal\" \/>\n<meta property=\"article:publisher\" content=\"https:\/\/www.facebook.com\/profile.php?id=100090733639311\" \/>\n<meta property=\"article:modified_time\" content=\"2025-05-23T12:07:18+00:00\" \/>\n<meta property=\"og:image\" content=\"https:\/\/talkpal.ai\/wp-content\/uploads\/2023\/05\/bosnia-and-herzegovina.png\" \/>\n\t<meta property=\"og:image:width\" content=\"512\" \/>\n\t<meta property=\"og:image:height\" content=\"512\" \/>\n\t<meta property=\"og:image:type\" content=\"image\/png\" \/>\n<meta name=\"twitter:card\" content=\"summary_large_image\" \/>\n<meta name=\"twitter:site\" content=\"@talkpalai\" \/>\n<meta name=\"twitter:label1\" content=\"Odhadovan\u00e1 doba \u010dten\u00ed\" \/>\n\t<meta name=\"twitter:data1\" content=\"3 minuty\" \/>\n<script type=\"application\/ld+json\" class=\"yoast-schema-graph\">{\"@context\":\"https:\/\/schema.org\",\"@graph\":[{\"@type\":\"WebPage\",\"@id\":\"https:\/\/talkpal.ai\/cs\/cviceni-na-bosenskou-gramatiku\/\",\"url\":\"https:\/\/talkpal.ai\/cs\/cviceni-na-bosenskou-gramatiku\/\",\"name\":\"Cvi\u010den\u00ed na bosenskou gramatiku - Talkpal\",\"isPartOf\":{\"@id\":\"https:\/\/talkpal.ai\/cs\/#website\"},\"primaryImageOfPage\":{\"@id\":\"https:\/\/talkpal.ai\/cs\/cviceni-na-bosenskou-gramatiku\/#primaryimage\"},\"image\":{\"@id\":\"https:\/\/talkpal.ai\/cs\/cviceni-na-bosenskou-gramatiku\/#primaryimage\"},\"thumbnailUrl\":\"https:\/\/talkpal.ai\/wp-content\/uploads\/2023\/05\/bosnia-and-herzegovina.png\",\"datePublished\":\"2023-06-16T12:01:29+00:00\",\"dateModified\":\"2025-05-23T12:07:18+00:00\",\"description\":\"Zvl\u00e1dn\u011bte bosenskou gramatiku pomoc\u00ed poutav\u00fdch cvi\u010den\u00ed, kter\u00e1 v\u00e1m pomohou l\u00e9pe porozum\u011bt v\u011btn\u00fdm struktur\u00e1m a \u010das\u016fm.\",\"breadcrumb\":{\"@id\":\"https:\/\/talkpal.ai\/cs\/cviceni-na-bosenskou-gramatiku\/#breadcrumb\"},\"inLanguage\":\"cs\",\"potentialAction\":[{\"@type\":\"ReadAction\",\"target\":[\"https:\/\/talkpal.ai\/cs\/cviceni-na-bosenskou-gramatiku\/\"]}]},{\"@type\":\"ImageObject\",\"inLanguage\":\"cs\",\"@id\":\"https:\/\/talkpal.ai\/cs\/cviceni-na-bosenskou-gramatiku\/#primaryimage\",\"url\":\"https:\/\/talkpal.ai\/wp-content\/uploads\/2023\/05\/bosnia-and-herzegovina.png\",\"contentUrl\":\"https:\/\/talkpal.ai\/wp-content\/uploads\/2023\/05\/bosnia-and-herzegovina.png\",\"width\":512,\"height\":512},{\"@type\":\"BreadcrumbList\",\"@id\":\"https:\/\/talkpal.ai\/cs\/cviceni-na-bosenskou-gramatiku\/#breadcrumb\",\"itemListElement\":[{\"@type\":\"ListItem\",\"position\":1,\"name\":\"Homepage\",\"item\":\"https:\/\/talkpal.ai\/cs\/\"},{\"@type\":\"ListItem\",\"position\":2,\"name\":\"Cvi\u010den\u00ed na bosenskou gramatiku\"}]},{\"@type\":\"WebSite\",\"@id\":\"https:\/\/talkpal.ai\/cs\/#website\",\"url\":\"https:\/\/talkpal.ai\/cs\/\",\"name\":\"Talkpal\",\"description\":\"AI Language Learning\",\"publisher\":{\"@id\":\"https:\/\/talkpal.ai\/cs\/#organization\"},\"alternateName\":\"Talkpal AI\",\"potentialAction\":[{\"@type\":\"SearchAction\",\"target\":{\"@type\":\"EntryPoint\",\"urlTemplate\":\"https:\/\/talkpal.ai\/cs\/?s={search_term_string}\"},\"query-input\":{\"@type\":\"PropertyValueSpecification\",\"valueRequired\":true,\"valueName\":\"search_term_string\"}}],\"inLanguage\":\"cs\"},{\"@type\":\"Organization\",\"@id\":\"https:\/\/talkpal.ai\/cs\/#organization\",\"name\":\"Talkpal, Inc.\",\"alternateName\":\"Talkpal AI\",\"url\":\"https:\/\/talkpal.ai\/cs\/\",\"logo\":{\"@type\":\"ImageObject\",\"inLanguage\":\"cs\",\"@id\":\"https:\/\/talkpal.ai\/cs\/#\/schema\/logo\/image\/\",\"url\":\"https:\/\/talkpal.ai\/wp-content\/uploads\/2024\/03\/Talkpal-Logo-Icon.png\",\"contentUrl\":\"https:\/\/talkpal.ai\/wp-content\/uploads\/2024\/03\/Talkpal-Logo-Icon.png\",\"width\":2880,\"height\":2880,\"caption\":\"Talkpal, Inc.\"},\"image\":{\"@id\":\"https:\/\/talkpal.ai\/cs\/#\/schema\/logo\/image\/\"},\"sameAs\":[\"https:\/\/www.facebook.com\/profile.php?id=100090733639311\",\"https:\/\/x.com\/talkpalai\",\"https:\/\/www.linkedin.com\/company\/talkpal\/\",\"https:\/\/www.youtube.com\/@TalkPal\/\",\"https:\/\/www.tiktok.com\/@talkpal\",\"https:\/\/www.instagram.com\/talkpal_ai\/\",\"https:\/\/www.crunchbase.com\/organization\/talkpal-9cde\",\"https:\/\/www.g2.com\/products\/talkpal-for-business\/\",\"https:\/\/www.trustpilot.com\/review\/talkpal.ai\",\"https:\/\/www.capterra.com\/p\/10006800\/TalkPal\/\"],\"description\":\"Talkpal is a language learning web and mobile education app, powered by the latest AI technologies, that provides engaging experiences to its customers in many different languages to help them improve their language skills. Users can chat about unlimited amount of topics with the app and use other modes to practice their language learning.\",\"email\":\"support@talkpal.ai\",\"legalName\":\"Talkpal, Inc.\",\"foundingDate\":\"2023-04-03\",\"duns\":\"118989042\",\"numberOfEmployees\":{\"@type\":\"QuantitativeValue\",\"minValue\":\"11\",\"maxValue\":\"50\"},\"publishingPrinciples\":\"https:\/\/talkpal.ai\/publishing-principles\/\",\"actionableFeedbackPolicy\":\"https:\/\/talkpal.ai\/actionable-feedback-policy\/\",\"correctionsPolicy\":\"https:\/\/talkpal.ai\/corrections-policy\/\",\"ethicsPolicy\":\"https:\/\/talkpal.ai\/ethics-policy\/\",\"diversityPolicy\":\"https:\/\/talkpal.ai\/diversity-policy\/\",\"diversityStaffingReport\":\"https:\/\/talkpal.ai\/diversity-policy\/\"}]}<\/script>\n<!-- \/ Yoast SEO Premium plugin. -->","yoast_head_json":{"title":"Cvi\u010den\u00ed na bosenskou gramatiku - Talkpal","description":"Zvl\u00e1dn\u011bte bosenskou gramatiku pomoc\u00ed poutav\u00fdch cvi\u010den\u00ed, kter\u00e1 v\u00e1m pomohou l\u00e9pe porozum\u011bt v\u011btn\u00fdm struktur\u00e1m a \u010das\u016fm.","robots":{"index":"index","follow":"follow","max-snippet":"max-snippet:-1","max-image-preview":"max-image-preview:large","max-video-preview":"max-video-preview:-1"},"canonical":"https:\/\/talkpal.ai\/cs\/cviceni-na-bosenskou-gramatiku\/","og_locale":"cs_CZ","og_type":"article","og_title":"Cvi\u010den\u00ed na bosenskou gramatiku","og_description":"T\u00e9mata bosensk\u00e9 gramatiky Bosen\u0161tina je jihoslovansk\u00fd jazyk, kter\u00fdm se mluv\u00ed p\u0159edev\u0161\u00edm v Bosn\u011b a Hercegovin\u011b, Srbsku, \u010cern\u00e9 Ho\u0159e a Chorvatsku. Je vz\u00e1jemn\u011b","og_url":"https:\/\/talkpal.ai\/cs\/cviceni-na-bosenskou-gramatiku\/","og_site_name":"Talkpal","article_publisher":"https:\/\/www.facebook.com\/profile.php?id=100090733639311","article_modified_time":"2025-05-23T12:07:18+00:00","og_image":[{"width":512,"height":512,"url":"https:\/\/talkpal.ai\/wp-content\/uploads\/2023\/05\/bosnia-and-herzegovina.png","type":"image\/png"}],"twitter_card":"summary_large_image","twitter_site":"@talkpalai","twitter_misc":{"Odhadovan\u00e1 doba \u010dten\u00ed":"3 minuty"},"schema":{"@context":"https:\/\/schema.org","@graph":[{"@type":"WebPage","@id":"https:\/\/talkpal.ai\/cs\/cviceni-na-bosenskou-gramatiku\/","url":"https:\/\/talkpal.ai\/cs\/cviceni-na-bosenskou-gramatiku\/","name":"Cvi\u010den\u00ed na bosenskou gramatiku - Talkpal","isPartOf":{"@id":"https:\/\/talkpal.ai\/cs\/#website"},"primaryImageOfPage":{"@id":"https:\/\/talkpal.ai\/cs\/cviceni-na-bosenskou-gramatiku\/#primaryimage"},"image":{"@id":"https:\/\/talkpal.ai\/cs\/cviceni-na-bosenskou-gramatiku\/#primaryimage"},"thumbnailUrl":"https:\/\/talkpal.ai\/wp-content\/uploads\/2023\/05\/bosnia-and-herzegovina.png","datePublished":"2023-06-16T12:01:29+00:00","dateModified":"2025-05-23T12:07:18+00:00","description":"Zvl\u00e1dn\u011bte bosenskou gramatiku pomoc\u00ed poutav\u00fdch cvi\u010den\u00ed, kter\u00e1 v\u00e1m pomohou l\u00e9pe porozum\u011bt v\u011btn\u00fdm struktur\u00e1m a \u010das\u016fm.","breadcrumb":{"@id":"https:\/\/talkpal.ai\/cs\/cviceni-na-bosenskou-gramatiku\/#breadcrumb"},"inLanguage":"cs","potentialAction":[{"@type":"ReadAction","target":["https:\/\/talkpal.ai\/cs\/cviceni-na-bosenskou-gramatiku\/"]}]},{"@type":"ImageObject","inLanguage":"cs","@id":"https:\/\/talkpal.ai\/cs\/cviceni-na-bosenskou-gramatiku\/#primaryimage","url":"https:\/\/talkpal.ai\/wp-content\/uploads\/2023\/05\/bosnia-and-herzegovina.png","contentUrl":"https:\/\/talkpal.ai\/wp-content\/uploads\/2023\/05\/bosnia-and-herzegovina.png","width":512,"height":512},{"@type":"BreadcrumbList","@id":"https:\/\/talkpal.ai\/cs\/cviceni-na-bosenskou-gramatiku\/#breadcrumb","itemListElement":[{"@type":"ListItem","position":1,"name":"Homepage","item":"https:\/\/talkpal.ai\/cs\/"},{"@type":"ListItem","position":2,"name":"Cvi\u010den\u00ed na bosenskou gramatiku"}]},{"@type":"WebSite","@id":"https:\/\/talkpal.ai\/cs\/#website","url":"https:\/\/talkpal.ai\/cs\/","name":"Talkpal","description":"AI Language Learning","publisher":{"@id":"https:\/\/talkpal.ai\/cs\/#organization"},"alternateName":"Talkpal AI","potentialAction":[{"@type":"SearchAction","target":{"@type":"EntryPoint","urlTemplate":"https:\/\/talkpal.ai\/cs\/?s={search_term_string}"},"query-input":{"@type":"PropertyValueSpecification","valueRequired":true,"valueName":"search_term_string"}}],"inLanguage":"cs"},{"@type":"Organization","@id":"https:\/\/talkpal.ai\/cs\/#organization","name":"Talkpal, Inc.","alternateName":"Talkpal AI","url":"https:\/\/talkpal.ai\/cs\/","logo":{"@type":"ImageObject","inLanguage":"cs","@id":"https:\/\/talkpal.ai\/cs\/#\/schema\/logo\/image\/","url":"https:\/\/talkpal.ai\/wp-content\/uploads\/2024\/03\/Talkpal-Logo-Icon.png","contentUrl":"https:\/\/talkpal.ai\/wp-content\/uploads\/2024\/03\/Talkpal-Logo-Icon.png","width":2880,"height":2880,"caption":"Talkpal, Inc."},"image":{"@id":"https:\/\/talkpal.ai\/cs\/#\/schema\/logo\/image\/"},"sameAs":["https:\/\/www.facebook.com\/profile.php?id=100090733639311","https:\/\/x.com\/talkpalai","https:\/\/www.linkedin.com\/company\/talkpal\/","https:\/\/www.youtube.com\/@TalkPal\/","https:\/\/www.tiktok.com\/@talkpal","https:\/\/www.instagram.com\/talkpal_ai\/","https:\/\/www.crunchbase.com\/organization\/talkpal-9cde","https:\/\/www.g2.com\/products\/talkpal-for-business\/","https:\/\/www.trustpilot.com\/review\/talkpal.ai","https:\/\/www.capterra.com\/p\/10006800\/TalkPal\/"],"description":"Talkpal is a language learning web and mobile education app, powered by the latest AI technologies, that provides engaging experiences to its customers in many different languages to help them improve their language skills. Users can chat about unlimited amount of topics with the app and use other modes to practice their language learning.","email":"support@talkpal.ai","legalName":"Talkpal, Inc.","foundingDate":"2023-04-03","duns":"118989042","numberOfEmployees":{"@type":"QuantitativeValue","minValue":"11","maxValue":"50"},"publishingPrinciples":"https:\/\/talkpal.ai\/publishing-principles\/","actionableFeedbackPolicy":"https:\/\/talkpal.ai\/actionable-feedback-policy\/","correctionsPolicy":"https:\/\/talkpal.ai\/corrections-policy\/","ethicsPolicy":"https:\/\/talkpal.ai\/ethics-policy\/","diversityPolicy":"https:\/\/talkpal.ai\/diversity-policy\/","diversityStaffingReport":"https:\/\/talkpal.ai\/diversity-policy\/"}]}},"_links":{"self":[{"href":"https:\/\/talkpal.ai\/cs\/wp-json\/wp\/v2\/pages\/165057","targetHints":{"allow":["GET"]}}],"collection":[{"href":"https:\/\/talkpal.ai\/cs\/wp-json\/wp\/v2\/pages"}],"about":[{"href":"https:\/\/talkpal.ai\/cs\/wp-json\/wp\/v2\/types\/page"}],"author":[{"embeddable":true,"href":"https:\/\/talkpal.ai\/cs\/wp-json\/wp\/v2\/users\/6"}],"replies":[{"embeddable":true,"href":"https:\/\/talkpal.ai\/cs\/wp-json\/wp\/v2\/comments?post=165057"}],"version-history":[{"count":0,"href":"https:\/\/talkpal.ai\/cs\/wp-json\/wp\/v2\/pages\/165057\/revisions"}],"wp:featuredmedia":[{"embeddable":true,"href":"https:\/\/talkpal.ai\/cs\/wp-json\/wp\/v2\/media\/111366"}],"wp:attachment":[{"href":"https:\/\/talkpal.ai\/cs\/wp-json\/wp\/v2\/media?parent=165057"}],"curies":[{"name":"wp","href":"https:\/\/api.w.org\/{rel}","templated":true}]}}