{"id":1164998,"date":"2025-07-06T16:22:37","date_gmt":"2025-07-06T16:22:37","guid":{"rendered":"https:\/\/talkpal.ai\/grammar_exercises\/oraciones-impersonales-cviceni-pro-spanelskou-gramatiku\/"},"modified":"2025-07-06T16:22:37","modified_gmt":"2025-07-06T16:22:37","slug":"oraciones-impersonales-cviceni-pro-spanelskou-gramatiku","status":"publish","type":"grammar_exercises","link":"https:\/\/talkpal.ai\/cs\/grammar_exercises\/oraciones-impersonales-cviceni-pro-spanelskou-gramatiku\/","title":{"rendered":"Oraciones impersonales Cvi\u010den\u00ed pro \u0161pan\u011blskou gramatiku"},"content":{"rendered":"<p><a href=\"https:\/\/talkpal.ai\/ar\/grammar_exercises\/oraciones-impersonales-%d8%aa%d9%85%d8%a7%d8%b1%d9%8a%d9%86-%d9%84%d9%82%d9%88%d8%a7%d8%b9%d8%af-%d8%a7%d9%84%d9%84%d8%ba%d8%a9-%d8%a7%d9%84%d8%a5%d8%b3%d8%a8%d8%a7%d9%86%d9%8a%d8%a9\/\">Oraciones impersonales<\/a> jsou ve \u0161pan\u011bl\u0161tin\u011b v\u011bty, kter\u00e9 nemaj\u00ed konkr\u00e9tn\u00edho podm\u011btu. \u010casto se pou\u017e\u00edvaj\u00ed k vyj\u00e1d\u0159en\u00ed obecn\u00fdch pravd, p\u0159\u00edrodn\u00edch jev\u016f nebo n\u00e1zor\u016f. V t\u011bchto cvi\u010den\u00edch si procvi\u010d\u00edme tvorbu t\u011bchto v\u011bt pomoc\u00ed r\u016fzn\u00fdch typ\u016f impersonaln\u00edch konstrukc\u00ed.<\/p>\n<h3>Oraciones impersonales \u2013 Cvi\u010den\u00ed 1<\/h3>\n<div class=\"input_sentences\">\n1. En Espa\u00f1a *se habla* <a href=\"https:\/\/talkpal.ai\/es\/locations\/aprende-espanol-leyendo\/\">espa\u00f1ol<\/a>. (Pou\u017eijte impersonaln\u00ed konstrukci se + sloveso)<br \/>\n2. *Hace* fr\u00edo en invierno. (Pou\u017eijte sloveso &#8222;hacer&#8220; pro po\u010das\u00ed)<br \/>\n3. *Es* importante estudiar todos los d\u00edas. (Pou\u017eijte &#8222;ser&#8220; pro obecn\u00fd n\u00e1zor)<br \/>\n4. *Se dice* que la tierra es redonda. (Pou\u017eijte se + sloveso pro obecn\u00e9 tvrzen\u00ed)<br \/>\n5. *Hay* muchas estrellas en el cielo. (Pou\u017eijte &#8222;haber&#8220; pro existenci)<br \/>\n6. *Se come* mucho pescado en la <a href=\"https:\/\/talkpal.ai\/es\/locations\/cursos-de-idiomas-en-costa\/\">costa<\/a>. (Pou\u017eijte se + sloveso pro zvyky)<br \/>\n7. *Est\u00e1* lloviendo mucho hoy. (Pou\u017eijte sloveso &#8222;estar&#8220; pro moment\u00e1ln\u00ed d\u011bj)<br \/>\n8. *Es* necesario dormir ocho horas. (Pou\u017eijte &#8222;ser&#8220; pro nutnost)<br \/>\n9. *Se trabaja* mucho en esta empresa. (Pou\u017eijte se + sloveso pro obecn\u00e9 informace)<br \/>\n10. *Hace* calor en verano. (Pou\u017eijte sloveso &#8222;hacer&#8220; pro po\u010das\u00ed)\n<\/div>\n<div class=\"exercise\"><\/div>\n<h3>Oraciones impersonales \u2013 Cvi\u010den\u00ed 2<\/h3>\n<div class=\"input_sentences\">\n1. *Se vive* bien en esta ciudad. (Pou\u017eijte se + sloveso pro obecn\u00e9 tvrzen\u00ed)<br \/>\n2. *Es* f\u00e1cil <a href=\"https:\/\/talkpal.ai\/gl\/aprende-espanol\/\">aprender espa\u00f1ol<\/a> con pr\u00e1ctica. (Pou\u017eijte &#8222;ser&#8220; pro hodnocen\u00ed)<br \/>\n3. *Hace* viento en la costa. (Pou\u017eijte sloveso &#8222;hacer&#8220; pro po\u010das\u00ed)<br \/>\n4. *Se necesita* ayuda en este proyecto. (Pou\u017eijte se + sloveso pro pot\u0159ebu)<br \/>\n5. *Hay* problemas con el tr\u00e1fico en la ciudad. (Pou\u017eijte &#8222;haber&#8220; pro existenci)<br \/>\n6. *Se cree* que la vida es bella. (Pou\u017eijte se + sloveso pro v\u00edru nebo n\u00e1zor)<br \/>\n7. *Es* imposible llegar a tiempo sin prisa. (Pou\u017eijte &#8222;ser&#8220; pro nemo\u017enost)<br \/>\n8. *Se escucha* m\u00fasica en la plaza. (Pou\u017eijte se + sloveso pro popis d\u011bje)<br \/>\n9. *Hace* sol en primavera. (Pou\u017eijte sloveso &#8222;hacer&#8220; pro po\u010das\u00ed)<br \/>\n10. *Se piensa* que es una buena idea. (Pou\u017eijte se + sloveso pro n\u00e1zor)\n<\/div>\n<div class=\"exercise\"><\/div>\n","protected":false},"featured_media":1528078,"parent":0,"menu_order":0,"template":"","exercise_language":[20303,20535],"class_list":["post-1164998","grammar_exercises","type-grammar_exercises","status-publish","has-post-thumbnail","hentry","exercise_language-spanelska-cviceni","exercise_language-vetna-stavba-spanelska-gramatika"],"acf":[],"yoast_head":"<!-- This site is optimized with the Yoast SEO Premium plugin v27.2 (Yoast SEO v27.2) - https:\/\/yoast.com\/product\/yoast-seo-premium-wordpress\/ -->\n<title>Oraciones impersonales Cvi\u010den\u00ed pro \u0161pan\u011blskou gramatiku - Talkpal<\/title>\n<meta name=\"description\" content=\"Oraciones impersonales jsou ve \u0161pan\u011bl\u0161tin\u011b v\u011bty, kter\u00e9 nemaj\u00ed konkr\u00e9tn\u00edho podm\u011btu. \u010casto se pou\u017e\u00edvaj\u00ed k vyj\u00e1d\u0159en\u00ed obecn\u00fdch pravd, p\u0159\u00edrodn\u00edch jev\u016f nebo\" \/>\n<meta name=\"robots\" content=\"index, follow, max-snippet:-1, max-image-preview:large, max-video-preview:-1\" \/>\n<link rel=\"canonical\" href=\"https:\/\/talkpal.ai\/cs\/grammar_exercises\/oraciones-impersonales-cviceni-pro-spanelskou-gramatiku\/\" \/>\n<meta property=\"og:locale\" content=\"cs_CZ\" \/>\n<meta property=\"og:type\" content=\"article\" \/>\n<meta property=\"og:title\" content=\"Oraciones impersonales Cvi\u010den\u00ed pro \u0161pan\u011blskou gramatiku\" \/>\n<meta property=\"og:description\" content=\"Oraciones impersonales jsou ve \u0161pan\u011bl\u0161tin\u011b v\u011bty, kter\u00e9 nemaj\u00ed konkr\u00e9tn\u00edho podm\u011btu. \u010casto se pou\u017e\u00edvaj\u00ed k vyj\u00e1d\u0159en\u00ed obecn\u00fdch pravd, p\u0159\u00edrodn\u00edch jev\u016f nebo\" \/>\n<meta property=\"og:url\" content=\"https:\/\/talkpal.ai\/cs\/grammar_exercises\/oraciones-impersonales-cviceni-pro-spanelskou-gramatiku\/\" \/>\n<meta property=\"og:site_name\" content=\"Talkpal\" \/>\n<meta property=\"article:publisher\" content=\"https:\/\/www.facebook.com\/profile.php?id=100090733639311\" \/>\n<meta property=\"og:image\" content=\"https:\/\/talkpal.ai\/wp-content\/uploads\/2025\/02\/Progress-tab-16_9.png\" \/>\n\t<meta property=\"og:image:width\" content=\"2880\" \/>\n\t<meta property=\"og:image:height\" content=\"1620\" \/>\n\t<meta property=\"og:image:type\" content=\"image\/png\" \/>\n<meta name=\"twitter:card\" content=\"summary_large_image\" \/>\n<meta name=\"twitter:site\" content=\"@talkpalai\" \/>\n<meta name=\"twitter:label1\" content=\"Odhadovan\u00e1 doba \u010dten\u00ed\" \/>\n\t<meta name=\"twitter:data1\" content=\"2 minuty\" \/>\n<script type=\"application\/ld+json\" class=\"yoast-schema-graph\">{\"@context\":\"https:\/\/schema.org\",\"@graph\":[{\"@type\":\"WebPage\",\"@id\":\"https:\/\/talkpal.ai\/cs\/grammar_exercises\/oraciones-impersonales-cviceni-pro-spanelskou-gramatiku\/\",\"url\":\"https:\/\/talkpal.ai\/cs\/grammar_exercises\/oraciones-impersonales-cviceni-pro-spanelskou-gramatiku\/\",\"name\":\"Oraciones impersonales Cvi\u010den\u00ed pro \u0161pan\u011blskou gramatiku - Talkpal\",\"isPartOf\":{\"@id\":\"https:\/\/talkpal.ai\/cs\/#website\"},\"primaryImageOfPage\":{\"@id\":\"https:\/\/talkpal.ai\/cs\/grammar_exercises\/oraciones-impersonales-cviceni-pro-spanelskou-gramatiku\/#primaryimage\"},\"image\":{\"@id\":\"https:\/\/talkpal.ai\/cs\/grammar_exercises\/oraciones-impersonales-cviceni-pro-spanelskou-gramatiku\/#primaryimage\"},\"thumbnailUrl\":\"https:\/\/talkpal.ai\/wp-content\/uploads\/2025\/12\/woman-at-cafe-learning-languages-sunset.webp\",\"datePublished\":\"2025-07-06T16:22:37+00:00\",\"description\":\"Oraciones impersonales jsou ve \u0161pan\u011bl\u0161tin\u011b v\u011bty, kter\u00e9 nemaj\u00ed konkr\u00e9tn\u00edho podm\u011btu. \u010casto se pou\u017e\u00edvaj\u00ed k vyj\u00e1d\u0159en\u00ed obecn\u00fdch pravd, p\u0159\u00edrodn\u00edch jev\u016f nebo\",\"breadcrumb\":{\"@id\":\"https:\/\/talkpal.ai\/cs\/grammar_exercises\/oraciones-impersonales-cviceni-pro-spanelskou-gramatiku\/#breadcrumb\"},\"inLanguage\":\"cs\",\"potentialAction\":[{\"@type\":\"ReadAction\",\"target\":[\"https:\/\/talkpal.ai\/cs\/grammar_exercises\/oraciones-impersonales-cviceni-pro-spanelskou-gramatiku\/\"]}]},{\"@type\":\"ImageObject\",\"inLanguage\":\"cs\",\"@id\":\"https:\/\/talkpal.ai\/cs\/grammar_exercises\/oraciones-impersonales-cviceni-pro-spanelskou-gramatiku\/#primaryimage\",\"url\":\"https:\/\/talkpal.ai\/wp-content\/uploads\/2025\/12\/woman-at-cafe-learning-languages-sunset.webp\",\"contentUrl\":\"https:\/\/talkpal.ai\/wp-content\/uploads\/2025\/12\/woman-at-cafe-learning-languages-sunset.webp\",\"width\":1200,\"height\":896,\"caption\":\"A student wears headphones and takes notes while learning languages at a cafe during sunset.\"},{\"@type\":\"BreadcrumbList\",\"@id\":\"https:\/\/talkpal.ai\/cs\/grammar_exercises\/oraciones-impersonales-cviceni-pro-spanelskou-gramatiku\/#breadcrumb\",\"itemListElement\":[{\"@type\":\"ListItem\",\"position\":1,\"name\":\"Homepage\",\"item\":\"https:\/\/talkpal.ai\/cs\/\"},{\"@type\":\"ListItem\",\"position\":2,\"name\":\"Oraciones impersonales Cvi\u010den\u00ed pro \u0161pan\u011blskou gramatiku\"}]},{\"@type\":\"WebSite\",\"@id\":\"https:\/\/talkpal.ai\/cs\/#website\",\"url\":\"https:\/\/talkpal.ai\/cs\/\",\"name\":\"Talkpal\",\"description\":\"AI Language Learning\",\"publisher\":{\"@id\":\"https:\/\/talkpal.ai\/cs\/#organization\"},\"alternateName\":\"Talkpal AI\",\"potentialAction\":[{\"@type\":\"SearchAction\",\"target\":{\"@type\":\"EntryPoint\",\"urlTemplate\":\"https:\/\/talkpal.ai\/cs\/?s={search_term_string}\"},\"query-input\":{\"@type\":\"PropertyValueSpecification\",\"valueRequired\":true,\"valueName\":\"search_term_string\"}}],\"inLanguage\":\"cs\"},{\"@type\":\"Organization\",\"@id\":\"https:\/\/talkpal.ai\/cs\/#organization\",\"name\":\"Talkpal, Inc.\",\"alternateName\":\"Talkpal AI\",\"url\":\"https:\/\/talkpal.ai\/cs\/\",\"logo\":{\"@type\":\"ImageObject\",\"inLanguage\":\"cs\",\"@id\":\"https:\/\/talkpal.ai\/cs\/#\/schema\/logo\/image\/\",\"url\":\"https:\/\/talkpal.ai\/wp-content\/uploads\/2024\/03\/Talkpal-Logo-Icon.png\",\"contentUrl\":\"https:\/\/talkpal.ai\/wp-content\/uploads\/2024\/03\/Talkpal-Logo-Icon.png\",\"width\":2880,\"height\":2880,\"caption\":\"Talkpal, Inc.\"},\"image\":{\"@id\":\"https:\/\/talkpal.ai\/cs\/#\/schema\/logo\/image\/\"},\"sameAs\":[\"https:\/\/www.facebook.com\/profile.php?id=100090733639311\",\"https:\/\/x.com\/talkpalai\",\"https:\/\/www.linkedin.com\/company\/talkpal\/\",\"https:\/\/www.youtube.com\/@TalkPal\/\",\"https:\/\/www.tiktok.com\/@talkpal\",\"https:\/\/www.instagram.com\/talkpal_ai\/\",\"https:\/\/www.crunchbase.com\/organization\/talkpal-9cde\",\"https:\/\/www.g2.com\/products\/talkpal-for-business\/\",\"https:\/\/www.trustpilot.com\/review\/talkpal.ai\",\"https:\/\/www.capterra.com\/p\/10006800\/TalkPal\/\"],\"description\":\"Talkpal is a language learning web and mobile education app, powered by the latest AI technologies, that provides engaging experiences to its customers in many different languages to help them improve their language skills. Users can chat about unlimited amount of topics with the app and use other modes to practice their language learning.\",\"email\":\"support@talkpal.ai\",\"legalName\":\"Talkpal, Inc.\",\"foundingDate\":\"2023-04-03\",\"duns\":\"118989042\",\"numberOfEmployees\":{\"@type\":\"QuantitativeValue\",\"minValue\":\"11\",\"maxValue\":\"50\"},\"publishingPrinciples\":\"https:\/\/talkpal.ai\/publishing-principles\/\",\"actionableFeedbackPolicy\":\"https:\/\/talkpal.ai\/actionable-feedback-policy\/\",\"correctionsPolicy\":\"https:\/\/talkpal.ai\/corrections-policy\/\",\"ethicsPolicy\":\"https:\/\/talkpal.ai\/ethics-policy\/\",\"diversityPolicy\":\"https:\/\/talkpal.ai\/diversity-policy\/\",\"diversityStaffingReport\":\"https:\/\/talkpal.ai\/diversity-policy\/\"}]}<\/script>\n<!-- \/ Yoast SEO Premium plugin. -->","yoast_head_json":{"title":"Oraciones impersonales Cvi\u010den\u00ed pro \u0161pan\u011blskou gramatiku - Talkpal","description":"Oraciones impersonales jsou ve \u0161pan\u011bl\u0161tin\u011b v\u011bty, kter\u00e9 nemaj\u00ed konkr\u00e9tn\u00edho podm\u011btu. \u010casto se pou\u017e\u00edvaj\u00ed k vyj\u00e1d\u0159en\u00ed obecn\u00fdch pravd, p\u0159\u00edrodn\u00edch jev\u016f nebo","robots":{"index":"index","follow":"follow","max-snippet":"max-snippet:-1","max-image-preview":"max-image-preview:large","max-video-preview":"max-video-preview:-1"},"canonical":"https:\/\/talkpal.ai\/cs\/grammar_exercises\/oraciones-impersonales-cviceni-pro-spanelskou-gramatiku\/","og_locale":"cs_CZ","og_type":"article","og_title":"Oraciones impersonales Cvi\u010den\u00ed pro \u0161pan\u011blskou gramatiku","og_description":"Oraciones impersonales jsou ve \u0161pan\u011bl\u0161tin\u011b v\u011bty, kter\u00e9 nemaj\u00ed konkr\u00e9tn\u00edho podm\u011btu. \u010casto se pou\u017e\u00edvaj\u00ed k vyj\u00e1d\u0159en\u00ed obecn\u00fdch pravd, p\u0159\u00edrodn\u00edch jev\u016f nebo","og_url":"https:\/\/talkpal.ai\/cs\/grammar_exercises\/oraciones-impersonales-cviceni-pro-spanelskou-gramatiku\/","og_site_name":"Talkpal","article_publisher":"https:\/\/www.facebook.com\/profile.php?id=100090733639311","og_image":[{"width":2880,"height":1620,"url":"https:\/\/talkpal.ai\/wp-content\/uploads\/2025\/02\/Progress-tab-16_9.png","type":"image\/png"}],"twitter_card":"summary_large_image","twitter_site":"@talkpalai","twitter_misc":{"Odhadovan\u00e1 doba \u010dten\u00ed":"2 minuty"},"schema":{"@context":"https:\/\/schema.org","@graph":[{"@type":"WebPage","@id":"https:\/\/talkpal.ai\/cs\/grammar_exercises\/oraciones-impersonales-cviceni-pro-spanelskou-gramatiku\/","url":"https:\/\/talkpal.ai\/cs\/grammar_exercises\/oraciones-impersonales-cviceni-pro-spanelskou-gramatiku\/","name":"Oraciones impersonales Cvi\u010den\u00ed pro \u0161pan\u011blskou gramatiku - Talkpal","isPartOf":{"@id":"https:\/\/talkpal.ai\/cs\/#website"},"primaryImageOfPage":{"@id":"https:\/\/talkpal.ai\/cs\/grammar_exercises\/oraciones-impersonales-cviceni-pro-spanelskou-gramatiku\/#primaryimage"},"image":{"@id":"https:\/\/talkpal.ai\/cs\/grammar_exercises\/oraciones-impersonales-cviceni-pro-spanelskou-gramatiku\/#primaryimage"},"thumbnailUrl":"https:\/\/talkpal.ai\/wp-content\/uploads\/2025\/12\/woman-at-cafe-learning-languages-sunset.webp","datePublished":"2025-07-06T16:22:37+00:00","description":"Oraciones impersonales jsou ve \u0161pan\u011bl\u0161tin\u011b v\u011bty, kter\u00e9 nemaj\u00ed konkr\u00e9tn\u00edho podm\u011btu. \u010casto se pou\u017e\u00edvaj\u00ed k vyj\u00e1d\u0159en\u00ed obecn\u00fdch pravd, p\u0159\u00edrodn\u00edch jev\u016f nebo","breadcrumb":{"@id":"https:\/\/talkpal.ai\/cs\/grammar_exercises\/oraciones-impersonales-cviceni-pro-spanelskou-gramatiku\/#breadcrumb"},"inLanguage":"cs","potentialAction":[{"@type":"ReadAction","target":["https:\/\/talkpal.ai\/cs\/grammar_exercises\/oraciones-impersonales-cviceni-pro-spanelskou-gramatiku\/"]}]},{"@type":"ImageObject","inLanguage":"cs","@id":"https:\/\/talkpal.ai\/cs\/grammar_exercises\/oraciones-impersonales-cviceni-pro-spanelskou-gramatiku\/#primaryimage","url":"https:\/\/talkpal.ai\/wp-content\/uploads\/2025\/12\/woman-at-cafe-learning-languages-sunset.webp","contentUrl":"https:\/\/talkpal.ai\/wp-content\/uploads\/2025\/12\/woman-at-cafe-learning-languages-sunset.webp","width":1200,"height":896,"caption":"A student wears headphones and takes notes while learning languages at a cafe during sunset."},{"@type":"BreadcrumbList","@id":"https:\/\/talkpal.ai\/cs\/grammar_exercises\/oraciones-impersonales-cviceni-pro-spanelskou-gramatiku\/#breadcrumb","itemListElement":[{"@type":"ListItem","position":1,"name":"Homepage","item":"https:\/\/talkpal.ai\/cs\/"},{"@type":"ListItem","position":2,"name":"Oraciones impersonales Cvi\u010den\u00ed pro \u0161pan\u011blskou gramatiku"}]},{"@type":"WebSite","@id":"https:\/\/talkpal.ai\/cs\/#website","url":"https:\/\/talkpal.ai\/cs\/","name":"Talkpal","description":"AI Language Learning","publisher":{"@id":"https:\/\/talkpal.ai\/cs\/#organization"},"alternateName":"Talkpal AI","potentialAction":[{"@type":"SearchAction","target":{"@type":"EntryPoint","urlTemplate":"https:\/\/talkpal.ai\/cs\/?s={search_term_string}"},"query-input":{"@type":"PropertyValueSpecification","valueRequired":true,"valueName":"search_term_string"}}],"inLanguage":"cs"},{"@type":"Organization","@id":"https:\/\/talkpal.ai\/cs\/#organization","name":"Talkpal, Inc.","alternateName":"Talkpal AI","url":"https:\/\/talkpal.ai\/cs\/","logo":{"@type":"ImageObject","inLanguage":"cs","@id":"https:\/\/talkpal.ai\/cs\/#\/schema\/logo\/image\/","url":"https:\/\/talkpal.ai\/wp-content\/uploads\/2024\/03\/Talkpal-Logo-Icon.png","contentUrl":"https:\/\/talkpal.ai\/wp-content\/uploads\/2024\/03\/Talkpal-Logo-Icon.png","width":2880,"height":2880,"caption":"Talkpal, Inc."},"image":{"@id":"https:\/\/talkpal.ai\/cs\/#\/schema\/logo\/image\/"},"sameAs":["https:\/\/www.facebook.com\/profile.php?id=100090733639311","https:\/\/x.com\/talkpalai","https:\/\/www.linkedin.com\/company\/talkpal\/","https:\/\/www.youtube.com\/@TalkPal\/","https:\/\/www.tiktok.com\/@talkpal","https:\/\/www.instagram.com\/talkpal_ai\/","https:\/\/www.crunchbase.com\/organization\/talkpal-9cde","https:\/\/www.g2.com\/products\/talkpal-for-business\/","https:\/\/www.trustpilot.com\/review\/talkpal.ai","https:\/\/www.capterra.com\/p\/10006800\/TalkPal\/"],"description":"Talkpal is a language learning web and mobile education app, powered by the latest AI technologies, that provides engaging experiences to its customers in many different languages to help them improve their language skills. Users can chat about unlimited amount of topics with the app and use other modes to practice their language learning.","email":"support@talkpal.ai","legalName":"Talkpal, Inc.","foundingDate":"2023-04-03","duns":"118989042","numberOfEmployees":{"@type":"QuantitativeValue","minValue":"11","maxValue":"50"},"publishingPrinciples":"https:\/\/talkpal.ai\/publishing-principles\/","actionableFeedbackPolicy":"https:\/\/talkpal.ai\/actionable-feedback-policy\/","correctionsPolicy":"https:\/\/talkpal.ai\/corrections-policy\/","ethicsPolicy":"https:\/\/talkpal.ai\/ethics-policy\/","diversityPolicy":"https:\/\/talkpal.ai\/diversity-policy\/","diversityStaffingReport":"https:\/\/talkpal.ai\/diversity-policy\/"}]}},"_links":{"self":[{"href":"https:\/\/talkpal.ai\/cs\/wp-json\/wp\/v2\/grammar_exercises\/1164998","targetHints":{"allow":["GET"]}}],"collection":[{"href":"https:\/\/talkpal.ai\/cs\/wp-json\/wp\/v2\/grammar_exercises"}],"about":[{"href":"https:\/\/talkpal.ai\/cs\/wp-json\/wp\/v2\/types\/grammar_exercises"}],"wp:featuredmedia":[{"embeddable":true,"href":"https:\/\/talkpal.ai\/cs\/wp-json\/wp\/v2\/media\/1528078"}],"wp:attachment":[{"href":"https:\/\/talkpal.ai\/cs\/wp-json\/wp\/v2\/media?parent=1164998"}],"wp:term":[{"taxonomy":"exercise_language","embeddable":true,"href":"https:\/\/talkpal.ai\/cs\/wp-json\/wp\/v2\/exercise_language?post=1164998"}],"curies":[{"name":"wp","href":"https:\/\/api.w.org\/{rel}","templated":true}]}}