{"id":1164980,"date":"2025-07-06T16:22:16","date_gmt":"2025-07-06T16:22:16","guid":{"rendered":"https:\/\/talkpal.ai\/grammar_exercises\/pronombres-reflexivos-cviceni-pro-spanelskou-gramatiku\/"},"modified":"2025-07-06T16:22:16","modified_gmt":"2025-07-06T16:22:16","slug":"pronombres-reflexivos-cviceni-pro-spanelskou-gramatiku","status":"publish","type":"grammar_exercises","link":"https:\/\/talkpal.ai\/cs\/grammar_exercises\/pronombres-reflexivos-cviceni-pro-spanelskou-gramatiku\/","title":{"rendered":"Pronombres reflexivos Cvi\u010den\u00ed pro \u0161pan\u011blskou gramatiku"},"content":{"rendered":"<p>Procvi\u010dte si pou\u017e\u00edv\u00e1n\u00ed zvratn\u00fdch z\u00e1jmen ve \u0161pan\u011bl\u0161tin\u011b. Zvratn\u00e1 z\u00e1jmena (<a href=\"https:\/\/talkpal.ai\/ar\/grammar_exercises\/pronombres-reflexivos-%d8%aa%d9%85%d8%a7%d8%b1%d9%8a%d9%86-%d9%84%d9%82%d9%88%d8%a7%d8%b9%d8%af-%d8%a7%d9%84%d9%84%d8%ba%d8%a9-%d8%a7%d9%84%d8%a5%d8%b3%d8%a8%d8%a7%d9%86%d9%8a%d8%a9\/\">pronombres reflexivos<\/a>) se pou\u017e\u00edvaj\u00ed, kdy\u017e podm\u011bt a p\u0159edm\u011bt v\u011bty jsou stejn\u00e1 osoba, nap\u0159\u00edklad &#8222;se&#8220; ve v\u011bt\u011b &#8222;Ella se lava&#8220;. V tomto cvi\u010den\u00ed dopl\u0148te spr\u00e1vn\u00e9 zvratn\u00e9 z\u00e1jmeno podle osoby a \u010d\u00edsla. V\u011bnujte pozornost kontextu v\u011bty a spr\u00e1vn\u00e9mu tvaru z\u00e1jmena.<\/p>\n<h3>Pronombres reflexivos Cvi\u010den\u00ed 1<\/h3>\n<div class=\"input_sentences\">\n1. Yo siempre *me* levanto temprano. (Zvratn\u00e9 z\u00e1jmeno pro prvn\u00ed osobu jednotn\u00e9ho \u010d\u00edsla)<br \/>\n2. T\u00fa *te* cepillas los dientes despu\u00e9s de comer. (Zvratn\u00e9 z\u00e1jmeno pro druhou osobu jednotn\u00e9ho \u010d\u00edsla)<br \/>\n3. \u00c9l *se* viste r\u00e1pidamente para ir al trabajo. (Zvratn\u00e9 z\u00e1jmeno pro t\u0159et\u00ed osobu jednotn\u00e9ho \u010d\u00edsla)<br \/>\n4. Nosotros *nos* duchamos por la ma\u00f1ana. (Zvratn\u00e9 z\u00e1jmeno pro prvn\u00ed osobu mno\u017en\u00e9ho \u010d\u00edsla)<br \/>\n5. Vosotros *os* pein\u00e1is antes de salir. (Zvratn\u00e9 z\u00e1jmeno pro druhou osobu mno\u017en\u00e9ho \u010d\u00edsla)<br \/>\n6. Ellos *se* acuestan muy tarde. (Zvratn\u00e9 z\u00e1jmeno pro t\u0159et\u00ed osobu mno\u017en\u00e9ho \u010d\u00edsla)<br \/>\n7. Ella *se* maquilla frente al <a href=\"https:\/\/talkpal.ai\/locations\/language-courses-in-espejo\/\">espejo<\/a>. (Zvratn\u00e9 z\u00e1jmeno pro t\u0159et\u00ed osobu jednotn\u00e9ho \u010d\u00edsla)<br \/>\n8. Nosotros *nos* relajamos despu\u00e9s del trabajo. (Zvratn\u00e9 z\u00e1jmeno pro prvn\u00ed osobu mno\u017en\u00e9ho \u010d\u00edsla)<br \/>\n9. T\u00fa *te* pones la chaqueta porque hace fr\u00edo. (Zvratn\u00e9 z\u00e1jmeno pro druhou osobu jednotn\u00e9ho \u010d\u00edsla)<br \/>\n10. Ellas *se* despiertan a las seis de la ma\u00f1ana. (Zvratn\u00e9 z\u00e1jmeno pro t\u0159et\u00ed osobu mno\u017en\u00e9ho \u010d\u00edsla)\n<\/div>\n<div class=\"exercise\"><\/div>\n<h3>Pronombres reflexivos Cvi\u010den\u00ed 2<\/h3>\n<div class=\"input_sentences\">\n1. Yo *me* siento cansado despu\u00e9s de correr. (Zvratn\u00e9 z\u00e1jmeno pro prvn\u00ed osobu jednotn\u00e9ho \u010d\u00edsla)<br \/>\n2. T\u00fa *te* miras en el espejo cada ma\u00f1ana. (Zvratn\u00e9 z\u00e1jmeno pro druhou osobu jednotn\u00e9ho \u010d\u00edsla)<br \/>\n3. \u00c9l *se* lava las manos antes de cenar. (Zvratn\u00e9 z\u00e1jmeno pro t\u0159et\u00ed osobu jednotn\u00e9ho \u010d\u00edsla)<br \/>\n4. Nosotros *nos* preparamos para el examen. (Zvratn\u00e9 z\u00e1jmeno pro prvn\u00ed osobu mno\u017en\u00e9ho \u010d\u00edsla)<br \/>\n5. Vosotros *os* divert\u00eds mucho en la fiesta. (Zvratn\u00e9 z\u00e1jmeno pro druhou osobu mno\u017en\u00e9ho \u010d\u00edsla)<br \/>\n6. Ellas *se* maquillan para la boda. (Zvratn\u00e9 z\u00e1jmeno pro t\u0159et\u00ed osobu mno\u017en\u00e9ho \u010d\u00edsla)<br \/>\n7. T\u00fa *te* duchas despu\u00e9s de hacer ejercicio. (Zvratn\u00e9 z\u00e1jmeno pro druhou osobu jednotn\u00e9ho \u010d\u00edsla)<br \/>\n8. Nosotros *nos* encontramos en el parque. (Zvratn\u00e9 z\u00e1jmeno pro prvn\u00ed osobu mno\u017en\u00e9ho \u010d\u00edsla)<br \/>\n9. \u00c9l *se* cambia de ropa antes de salir. (Zvratn\u00e9 z\u00e1jmeno pro t\u0159et\u00ed osobu jednotn\u00e9ho \u010d\u00edsla)<br \/>\n10. Ellos *se* saludan con un abrazo. (Zvratn\u00e9 z\u00e1jmeno pro t\u0159et\u00ed osobu mno\u017en\u00e9ho \u010d\u00edsla)\n<\/div>\n<div class=\"exercise\"><\/div>\n","protected":false},"featured_media":1527740,"parent":0,"menu_order":0,"template":"","exercise_language":[20303,20508],"class_list":["post-1164980","grammar_exercises","type-grammar_exercises","status-publish","has-post-thumbnail","hentry","exercise_language-spanelska-cviceni","exercise_language-zajmena-spanelska-gramatika"],"acf":[],"yoast_head":"<!-- This site is optimized with the Yoast SEO Premium plugin v27.2 (Yoast SEO v27.2) - https:\/\/yoast.com\/product\/yoast-seo-premium-wordpress\/ -->\n<title>Pronombres reflexivos Cvi\u010den\u00ed pro \u0161pan\u011blskou gramatiku - Talkpal<\/title>\n<meta name=\"description\" content=\"Procvi\u010dte si pou\u017e\u00edv\u00e1n\u00ed zvratn\u00fdch z\u00e1jmen ve \u0161pan\u011bl\u0161tin\u011b. Zvratn\u00e1 z\u00e1jmena (pronombres reflexivos) se pou\u017e\u00edvaj\u00ed, kdy\u017e podm\u011bt a p\u0159edm\u011bt v\u011bty jsou stejn\u00e1\" \/>\n<meta name=\"robots\" content=\"index, follow, max-snippet:-1, max-image-preview:large, max-video-preview:-1\" \/>\n<link rel=\"canonical\" href=\"https:\/\/talkpal.ai\/cs\/grammar_exercises\/pronombres-reflexivos-cviceni-pro-spanelskou-gramatiku\/\" \/>\n<meta property=\"og:locale\" content=\"cs_CZ\" \/>\n<meta property=\"og:type\" content=\"article\" \/>\n<meta property=\"og:title\" content=\"Pronombres reflexivos Cvi\u010den\u00ed pro \u0161pan\u011blskou gramatiku\" \/>\n<meta property=\"og:description\" content=\"Procvi\u010dte si pou\u017e\u00edv\u00e1n\u00ed zvratn\u00fdch z\u00e1jmen ve \u0161pan\u011bl\u0161tin\u011b. Zvratn\u00e1 z\u00e1jmena (pronombres reflexivos) se pou\u017e\u00edvaj\u00ed, kdy\u017e podm\u011bt a p\u0159edm\u011bt v\u011bty jsou stejn\u00e1\" \/>\n<meta property=\"og:url\" content=\"https:\/\/talkpal.ai\/cs\/grammar_exercises\/pronombres-reflexivos-cviceni-pro-spanelskou-gramatiku\/\" \/>\n<meta property=\"og:site_name\" content=\"Talkpal\" \/>\n<meta property=\"article:publisher\" content=\"https:\/\/www.facebook.com\/profile.php?id=100090733639311\" \/>\n<meta property=\"og:image\" content=\"https:\/\/talkpal.ai\/wp-content\/uploads\/2025\/02\/Progress-tab-16_9.png\" \/>\n\t<meta property=\"og:image:width\" content=\"2880\" \/>\n\t<meta property=\"og:image:height\" content=\"1620\" \/>\n\t<meta property=\"og:image:type\" content=\"image\/png\" \/>\n<meta name=\"twitter:card\" content=\"summary_large_image\" \/>\n<meta name=\"twitter:site\" content=\"@talkpalai\" \/>\n<meta name=\"twitter:label1\" content=\"Odhadovan\u00e1 doba \u010dten\u00ed\" \/>\n\t<meta name=\"twitter:data1\" content=\"2 minuty\" \/>\n<script type=\"application\/ld+json\" class=\"yoast-schema-graph\">{\"@context\":\"https:\/\/schema.org\",\"@graph\":[{\"@type\":\"WebPage\",\"@id\":\"https:\/\/talkpal.ai\/cs\/grammar_exercises\/pronombres-reflexivos-cviceni-pro-spanelskou-gramatiku\/\",\"url\":\"https:\/\/talkpal.ai\/cs\/grammar_exercises\/pronombres-reflexivos-cviceni-pro-spanelskou-gramatiku\/\",\"name\":\"Pronombres reflexivos Cvi\u010den\u00ed pro \u0161pan\u011blskou gramatiku - Talkpal\",\"isPartOf\":{\"@id\":\"https:\/\/talkpal.ai\/cs\/#website\"},\"primaryImageOfPage\":{\"@id\":\"https:\/\/talkpal.ai\/cs\/grammar_exercises\/pronombres-reflexivos-cviceni-pro-spanelskou-gramatiku\/#primaryimage\"},\"image\":{\"@id\":\"https:\/\/talkpal.ai\/cs\/grammar_exercises\/pronombres-reflexivos-cviceni-pro-spanelskou-gramatiku\/#primaryimage\"},\"thumbnailUrl\":\"https:\/\/talkpal.ai\/wp-content\/uploads\/2025\/12\/learning-languages-by-the-sunset-window.webp\",\"datePublished\":\"2025-07-06T16:22:16+00:00\",\"description\":\"Procvi\u010dte si pou\u017e\u00edv\u00e1n\u00ed zvratn\u00fdch z\u00e1jmen ve \u0161pan\u011bl\u0161tin\u011b. Zvratn\u00e1 z\u00e1jmena (pronombres reflexivos) se pou\u017e\u00edvaj\u00ed, kdy\u017e podm\u011bt a p\u0159edm\u011bt v\u011bty jsou stejn\u00e1\",\"breadcrumb\":{\"@id\":\"https:\/\/talkpal.ai\/cs\/grammar_exercises\/pronombres-reflexivos-cviceni-pro-spanelskou-gramatiku\/#breadcrumb\"},\"inLanguage\":\"cs\",\"potentialAction\":[{\"@type\":\"ReadAction\",\"target\":[\"https:\/\/talkpal.ai\/cs\/grammar_exercises\/pronombres-reflexivos-cviceni-pro-spanelskou-gramatiku\/\"]}]},{\"@type\":\"ImageObject\",\"inLanguage\":\"cs\",\"@id\":\"https:\/\/talkpal.ai\/cs\/grammar_exercises\/pronombres-reflexivos-cviceni-pro-spanelskou-gramatiku\/#primaryimage\",\"url\":\"https:\/\/talkpal.ai\/wp-content\/uploads\/2025\/12\/learning-languages-by-the-sunset-window.webp\",\"contentUrl\":\"https:\/\/talkpal.ai\/wp-content\/uploads\/2025\/12\/learning-languages-by-the-sunset-window.webp\",\"width\":1200,\"height\":896,\"caption\":\"A young woman sits on the floor near a window while learning languages during a beautiful sunset.\"},{\"@type\":\"BreadcrumbList\",\"@id\":\"https:\/\/talkpal.ai\/cs\/grammar_exercises\/pronombres-reflexivos-cviceni-pro-spanelskou-gramatiku\/#breadcrumb\",\"itemListElement\":[{\"@type\":\"ListItem\",\"position\":1,\"name\":\"Homepage\",\"item\":\"https:\/\/talkpal.ai\/cs\/\"},{\"@type\":\"ListItem\",\"position\":2,\"name\":\"Pronombres reflexivos Cvi\u010den\u00ed pro \u0161pan\u011blskou gramatiku\"}]},{\"@type\":\"WebSite\",\"@id\":\"https:\/\/talkpal.ai\/cs\/#website\",\"url\":\"https:\/\/talkpal.ai\/cs\/\",\"name\":\"Talkpal\",\"description\":\"AI Language Learning\",\"publisher\":{\"@id\":\"https:\/\/talkpal.ai\/cs\/#organization\"},\"alternateName\":\"Talkpal AI\",\"potentialAction\":[{\"@type\":\"SearchAction\",\"target\":{\"@type\":\"EntryPoint\",\"urlTemplate\":\"https:\/\/talkpal.ai\/cs\/?s={search_term_string}\"},\"query-input\":{\"@type\":\"PropertyValueSpecification\",\"valueRequired\":true,\"valueName\":\"search_term_string\"}}],\"inLanguage\":\"cs\"},{\"@type\":\"Organization\",\"@id\":\"https:\/\/talkpal.ai\/cs\/#organization\",\"name\":\"Talkpal, Inc.\",\"alternateName\":\"Talkpal AI\",\"url\":\"https:\/\/talkpal.ai\/cs\/\",\"logo\":{\"@type\":\"ImageObject\",\"inLanguage\":\"cs\",\"@id\":\"https:\/\/talkpal.ai\/cs\/#\/schema\/logo\/image\/\",\"url\":\"https:\/\/talkpal.ai\/wp-content\/uploads\/2024\/03\/Talkpal-Logo-Icon.png\",\"contentUrl\":\"https:\/\/talkpal.ai\/wp-content\/uploads\/2024\/03\/Talkpal-Logo-Icon.png\",\"width\":2880,\"height\":2880,\"caption\":\"Talkpal, Inc.\"},\"image\":{\"@id\":\"https:\/\/talkpal.ai\/cs\/#\/schema\/logo\/image\/\"},\"sameAs\":[\"https:\/\/www.facebook.com\/profile.php?id=100090733639311\",\"https:\/\/x.com\/talkpalai\",\"https:\/\/www.linkedin.com\/company\/talkpal\/\",\"https:\/\/www.youtube.com\/@TalkPal\/\",\"https:\/\/www.tiktok.com\/@talkpal\",\"https:\/\/www.instagram.com\/talkpal_ai\/\",\"https:\/\/www.crunchbase.com\/organization\/talkpal-9cde\",\"https:\/\/www.g2.com\/products\/talkpal-for-business\/\",\"https:\/\/www.trustpilot.com\/review\/talkpal.ai\",\"https:\/\/www.capterra.com\/p\/10006800\/TalkPal\/\"],\"description\":\"Talkpal is a language learning web and mobile education app, powered by the latest AI technologies, that provides engaging experiences to its customers in many different languages to help them improve their language skills. Users can chat about unlimited amount of topics with the app and use other modes to practice their language learning.\",\"email\":\"support@talkpal.ai\",\"legalName\":\"Talkpal, Inc.\",\"foundingDate\":\"2023-04-03\",\"duns\":\"118989042\",\"numberOfEmployees\":{\"@type\":\"QuantitativeValue\",\"minValue\":\"11\",\"maxValue\":\"50\"},\"publishingPrinciples\":\"https:\/\/talkpal.ai\/publishing-principles\/\",\"actionableFeedbackPolicy\":\"https:\/\/talkpal.ai\/actionable-feedback-policy\/\",\"correctionsPolicy\":\"https:\/\/talkpal.ai\/corrections-policy\/\",\"ethicsPolicy\":\"https:\/\/talkpal.ai\/ethics-policy\/\",\"diversityPolicy\":\"https:\/\/talkpal.ai\/diversity-policy\/\",\"diversityStaffingReport\":\"https:\/\/talkpal.ai\/diversity-policy\/\"}]}<\/script>\n<!-- \/ Yoast SEO Premium plugin. -->","yoast_head_json":{"title":"Pronombres reflexivos Cvi\u010den\u00ed pro \u0161pan\u011blskou gramatiku - Talkpal","description":"Procvi\u010dte si pou\u017e\u00edv\u00e1n\u00ed zvratn\u00fdch z\u00e1jmen ve \u0161pan\u011bl\u0161tin\u011b. Zvratn\u00e1 z\u00e1jmena (pronombres reflexivos) se pou\u017e\u00edvaj\u00ed, kdy\u017e podm\u011bt a p\u0159edm\u011bt v\u011bty jsou stejn\u00e1","robots":{"index":"index","follow":"follow","max-snippet":"max-snippet:-1","max-image-preview":"max-image-preview:large","max-video-preview":"max-video-preview:-1"},"canonical":"https:\/\/talkpal.ai\/cs\/grammar_exercises\/pronombres-reflexivos-cviceni-pro-spanelskou-gramatiku\/","og_locale":"cs_CZ","og_type":"article","og_title":"Pronombres reflexivos Cvi\u010den\u00ed pro \u0161pan\u011blskou gramatiku","og_description":"Procvi\u010dte si pou\u017e\u00edv\u00e1n\u00ed zvratn\u00fdch z\u00e1jmen ve \u0161pan\u011bl\u0161tin\u011b. Zvratn\u00e1 z\u00e1jmena (pronombres reflexivos) se pou\u017e\u00edvaj\u00ed, kdy\u017e podm\u011bt a p\u0159edm\u011bt v\u011bty jsou stejn\u00e1","og_url":"https:\/\/talkpal.ai\/cs\/grammar_exercises\/pronombres-reflexivos-cviceni-pro-spanelskou-gramatiku\/","og_site_name":"Talkpal","article_publisher":"https:\/\/www.facebook.com\/profile.php?id=100090733639311","og_image":[{"width":2880,"height":1620,"url":"https:\/\/talkpal.ai\/wp-content\/uploads\/2025\/02\/Progress-tab-16_9.png","type":"image\/png"}],"twitter_card":"summary_large_image","twitter_site":"@talkpalai","twitter_misc":{"Odhadovan\u00e1 doba \u010dten\u00ed":"2 minuty"},"schema":{"@context":"https:\/\/schema.org","@graph":[{"@type":"WebPage","@id":"https:\/\/talkpal.ai\/cs\/grammar_exercises\/pronombres-reflexivos-cviceni-pro-spanelskou-gramatiku\/","url":"https:\/\/talkpal.ai\/cs\/grammar_exercises\/pronombres-reflexivos-cviceni-pro-spanelskou-gramatiku\/","name":"Pronombres reflexivos Cvi\u010den\u00ed pro \u0161pan\u011blskou gramatiku - Talkpal","isPartOf":{"@id":"https:\/\/talkpal.ai\/cs\/#website"},"primaryImageOfPage":{"@id":"https:\/\/talkpal.ai\/cs\/grammar_exercises\/pronombres-reflexivos-cviceni-pro-spanelskou-gramatiku\/#primaryimage"},"image":{"@id":"https:\/\/talkpal.ai\/cs\/grammar_exercises\/pronombres-reflexivos-cviceni-pro-spanelskou-gramatiku\/#primaryimage"},"thumbnailUrl":"https:\/\/talkpal.ai\/wp-content\/uploads\/2025\/12\/learning-languages-by-the-sunset-window.webp","datePublished":"2025-07-06T16:22:16+00:00","description":"Procvi\u010dte si pou\u017e\u00edv\u00e1n\u00ed zvratn\u00fdch z\u00e1jmen ve \u0161pan\u011bl\u0161tin\u011b. Zvratn\u00e1 z\u00e1jmena (pronombres reflexivos) se pou\u017e\u00edvaj\u00ed, kdy\u017e podm\u011bt a p\u0159edm\u011bt v\u011bty jsou stejn\u00e1","breadcrumb":{"@id":"https:\/\/talkpal.ai\/cs\/grammar_exercises\/pronombres-reflexivos-cviceni-pro-spanelskou-gramatiku\/#breadcrumb"},"inLanguage":"cs","potentialAction":[{"@type":"ReadAction","target":["https:\/\/talkpal.ai\/cs\/grammar_exercises\/pronombres-reflexivos-cviceni-pro-spanelskou-gramatiku\/"]}]},{"@type":"ImageObject","inLanguage":"cs","@id":"https:\/\/talkpal.ai\/cs\/grammar_exercises\/pronombres-reflexivos-cviceni-pro-spanelskou-gramatiku\/#primaryimage","url":"https:\/\/talkpal.ai\/wp-content\/uploads\/2025\/12\/learning-languages-by-the-sunset-window.webp","contentUrl":"https:\/\/talkpal.ai\/wp-content\/uploads\/2025\/12\/learning-languages-by-the-sunset-window.webp","width":1200,"height":896,"caption":"A young woman sits on the floor near a window while learning languages during a beautiful sunset."},{"@type":"BreadcrumbList","@id":"https:\/\/talkpal.ai\/cs\/grammar_exercises\/pronombres-reflexivos-cviceni-pro-spanelskou-gramatiku\/#breadcrumb","itemListElement":[{"@type":"ListItem","position":1,"name":"Homepage","item":"https:\/\/talkpal.ai\/cs\/"},{"@type":"ListItem","position":2,"name":"Pronombres reflexivos Cvi\u010den\u00ed pro \u0161pan\u011blskou gramatiku"}]},{"@type":"WebSite","@id":"https:\/\/talkpal.ai\/cs\/#website","url":"https:\/\/talkpal.ai\/cs\/","name":"Talkpal","description":"AI Language Learning","publisher":{"@id":"https:\/\/talkpal.ai\/cs\/#organization"},"alternateName":"Talkpal AI","potentialAction":[{"@type":"SearchAction","target":{"@type":"EntryPoint","urlTemplate":"https:\/\/talkpal.ai\/cs\/?s={search_term_string}"},"query-input":{"@type":"PropertyValueSpecification","valueRequired":true,"valueName":"search_term_string"}}],"inLanguage":"cs"},{"@type":"Organization","@id":"https:\/\/talkpal.ai\/cs\/#organization","name":"Talkpal, Inc.","alternateName":"Talkpal AI","url":"https:\/\/talkpal.ai\/cs\/","logo":{"@type":"ImageObject","inLanguage":"cs","@id":"https:\/\/talkpal.ai\/cs\/#\/schema\/logo\/image\/","url":"https:\/\/talkpal.ai\/wp-content\/uploads\/2024\/03\/Talkpal-Logo-Icon.png","contentUrl":"https:\/\/talkpal.ai\/wp-content\/uploads\/2024\/03\/Talkpal-Logo-Icon.png","width":2880,"height":2880,"caption":"Talkpal, Inc."},"image":{"@id":"https:\/\/talkpal.ai\/cs\/#\/schema\/logo\/image\/"},"sameAs":["https:\/\/www.facebook.com\/profile.php?id=100090733639311","https:\/\/x.com\/talkpalai","https:\/\/www.linkedin.com\/company\/talkpal\/","https:\/\/www.youtube.com\/@TalkPal\/","https:\/\/www.tiktok.com\/@talkpal","https:\/\/www.instagram.com\/talkpal_ai\/","https:\/\/www.crunchbase.com\/organization\/talkpal-9cde","https:\/\/www.g2.com\/products\/talkpal-for-business\/","https:\/\/www.trustpilot.com\/review\/talkpal.ai","https:\/\/www.capterra.com\/p\/10006800\/TalkPal\/"],"description":"Talkpal is a language learning web and mobile education app, powered by the latest AI technologies, that provides engaging experiences to its customers in many different languages to help them improve their language skills. Users can chat about unlimited amount of topics with the app and use other modes to practice their language learning.","email":"support@talkpal.ai","legalName":"Talkpal, Inc.","foundingDate":"2023-04-03","duns":"118989042","numberOfEmployees":{"@type":"QuantitativeValue","minValue":"11","maxValue":"50"},"publishingPrinciples":"https:\/\/talkpal.ai\/publishing-principles\/","actionableFeedbackPolicy":"https:\/\/talkpal.ai\/actionable-feedback-policy\/","correctionsPolicy":"https:\/\/talkpal.ai\/corrections-policy\/","ethicsPolicy":"https:\/\/talkpal.ai\/ethics-policy\/","diversityPolicy":"https:\/\/talkpal.ai\/diversity-policy\/","diversityStaffingReport":"https:\/\/talkpal.ai\/diversity-policy\/"}]}},"_links":{"self":[{"href":"https:\/\/talkpal.ai\/cs\/wp-json\/wp\/v2\/grammar_exercises\/1164980","targetHints":{"allow":["GET"]}}],"collection":[{"href":"https:\/\/talkpal.ai\/cs\/wp-json\/wp\/v2\/grammar_exercises"}],"about":[{"href":"https:\/\/talkpal.ai\/cs\/wp-json\/wp\/v2\/types\/grammar_exercises"}],"wp:featuredmedia":[{"embeddable":true,"href":"https:\/\/talkpal.ai\/cs\/wp-json\/wp\/v2\/media\/1527740"}],"wp:attachment":[{"href":"https:\/\/talkpal.ai\/cs\/wp-json\/wp\/v2\/media?parent=1164980"}],"wp:term":[{"taxonomy":"exercise_language","embeddable":true,"href":"https:\/\/talkpal.ai\/cs\/wp-json\/wp\/v2\/exercise_language?post=1164980"}],"curies":[{"name":"wp","href":"https:\/\/api.w.org\/{rel}","templated":true}]}}