{"id":1164865,"date":"2025-07-06T16:20:22","date_gmt":"2025-07-06T16:20:22","guid":{"rendered":"https:\/\/talkpal.ai\/grammar_exercises\/adverbien-cviceni-pro-nemeckou-gramatiku\/"},"modified":"2025-07-06T16:20:22","modified_gmt":"2025-07-06T16:20:22","slug":"adverbien-cviceni-pro-nemeckou-gramatiku","status":"publish","type":"grammar_exercises","link":"https:\/\/talkpal.ai\/cs\/grammar_exercises\/adverbien-cviceni-pro-nemeckou-gramatiku\/","title":{"rendered":"Adverbien Cvi\u010den\u00ed pro n\u011bmeckou gramatiku"},"content":{"rendered":"<p><a href=\"https:\/\/talkpal.ai\/ar\/grammar_exercises\/adverbien-%d8%aa%d9%85%d8%a7%d8%b1%d9%8a%d9%86-%d9%84%d9%84%d9%82%d9%88%d8%a7%d8%b9%d8%af-%d8%a7%d9%84%d8%a3%d9%84%d9%85%d8%a7%d9%86%d9%8a%d8%a9\/\">Adverbien<\/a> jsou d\u016fle\u017eitou sou\u010d\u00e1st\u00ed n\u011bmeck\u00e9 gramatiky, proto\u017ee n\u00e1m pom\u00e1haj\u00ed bl\u00ed\u017ee ur\u010dit, jak, kdy, kde nebo pro\u010d se n\u011bco d\u011bje. V t\u011bchto cvi\u010den\u00edch si procvi\u010d\u00edme r\u016fzn\u00e9 druhy p\u0159\u00edslovc\u00ed a jejich spr\u00e1vn\u00e9 pou\u017eit\u00ed ve v\u011bt\u00e1ch.<\/p>\n<h3>Adverbien Cvi\u010den\u00ed 1: \u010casov\u00e1 p\u0159\u00edslovce<\/h3>\n<div class=\"input_sentences\">\n1. Ich komme *heute* zum Unterricht. (Kdy p\u0159ijdu? <a href=\"https:\/\/talkpal.ai\/culture\/what-are-the-temporal-adverbs-in-czech\/\">\u010casov\u00e1 p\u0159\u00edslovce<\/a> ur\u010duj\u00edc\u00ed den.)<br \/>\n2. Wir treffen uns *morgen* im Park. (Kdy se setk\u00e1me? \u010casov\u00e1 p\u0159\u00edslovce budoucnosti.)<br \/>\n3. Er hat *gestern* das Buch gelesen. (Kdy \u010detl? \u010casov\u00e1 p\u0159\u00edslovce minulosti.)<br \/>\n4. Sie arbeitet *jetzt* im B\u00fcro. (Kdy pracuje? \u010casov\u00e1 p\u0159\u00edslovce p\u0159\u00edtomnosti.)<br \/>\n5. Das Konzert beginnt *bald*. (Kdy za\u010dne? \u010casov\u00e1 p\u0159\u00edslovce bl\u00edzk\u00e9 budoucnosti.)<br \/>\n6. Ich warte *immer* auf dich. (Jak \u010dasto \u010dek\u00e1m? P\u0159\u00edslovce frekvence.)<br \/>\n7. Du musst *sofort* antworten. (Kdy mus\u00ed\u0161 odpov\u011bd\u011bt? \u010casov\u00e1 p\u0159\u00edslovce okam\u017eiku.)<br \/>\n8. Wir haben *fr\u00fcher* zusammen gespielt. (Kdy jsme hr\u00e1li? \u010casov\u00e1 p\u0159\u00edslovce minulosti.)<br \/>\n9. Sie kommt *sp\u00e4ter* zur Party. (Kdy p\u0159ijde? \u010casov\u00e1 p\u0159\u00edslovce odkladu.)<br \/>\n10. Er arbeitet *oft* am Wochenende. (Jak \u010dasto pracuje? P\u0159\u00edslovce frekvence.)\n<\/div>\n<div class=\"exercise\"><\/div>\n<h3>Adverbien Cvi\u010den\u00ed 2: M\u00edstn\u00ed p\u0159\u00edslovce<\/h3>\n<div class=\"input_sentences\">\n1. Das Buch liegt *hier* auf dem Tisch. (Kde le\u017e\u00ed kniha? M\u00edstn\u00ed p\u0159\u00edslovce bl\u00edzk\u00e9ho m\u00edsta.)<br \/>\n2. Wir fahren *dort* in den Urlaub. (Kam jedeme? M\u00edstn\u00ed p\u0159\u00edslovce vzd\u00e1len\u00e9ho m\u00edsta.)<br \/>\n3. Sie wohnt *\u00fcberall* in der Stadt. (Kde bydl\u00ed? P\u0159\u00edslovce ur\u010duj\u00edc\u00ed roz\u0161\u00ed\u0159en\u00fd prostor.)<br \/>\n4. Er kommt *nach Hause* sp\u00e4t. (Kam p\u0159ich\u00e1z\u00ed? Sm\u011br p\u0159\u00edslovce.)<br \/>\n5. Die Katze versteckt sich *unten* im <a href=\"https:\/\/talkpal.ai\/locations\/language-courses-in-keller\/\">Keller<\/a>. (Kde se schov\u00e1v\u00e1? M\u00edstn\u00ed p\u0159\u00edslovce sm\u011bru dol\u016f.)<br \/>\n6. Wir warten *drau\u00dfen* vor dem Geb\u00e4ude. (Kde \u010dek\u00e1me? P\u0159\u00edslovce m\u00edsta venku.)<br \/>\n7. Die Kinder spielen *oben* im Garten. (Kde hraj\u00ed? P\u0159\u00edslovce sm\u011bru nahoru.)<br \/>\n8. Sie geht *zur\u00fcck* ins Zimmer. (Kam jde? Sm\u011brov\u00e9 p\u0159\u00edslovce zp\u011bt.)<br \/>\n9. Ich finde das Gesch\u00e4ft *nahebei*. (Kde se obchod nach\u00e1z\u00ed? P\u0159\u00edslovce bl\u00edzkosti.)<br \/>\n10. Wir laufen *weiter* in den Wald hinein. (Kam b\u011b\u017e\u00edme? P\u0159\u00edslovce sm\u011bru d\u00e1l.)\n<\/div>\n<div class=\"exercise\"><\/div>\n","protected":false},"featured_media":1527987,"parent":0,"menu_order":0,"template":"","exercise_language":[20299,20399],"class_list":["post-1164865","grammar_exercises","type-grammar_exercises","status-publish","has-post-thumbnail","hentry","exercise_language-cviceni-z-nemciny","exercise_language-prislovce-nemecka-gramatika"],"acf":[],"yoast_head":"<!-- This site is optimized with the Yoast SEO Premium plugin v27.2 (Yoast SEO v27.2) - https:\/\/yoast.com\/product\/yoast-seo-premium-wordpress\/ -->\n<title>Adverbien Cvi\u010den\u00ed pro n\u011bmeckou gramatiku - Talkpal<\/title>\n<meta name=\"description\" content=\"Adverbien jsou d\u016fle\u017eitou sou\u010d\u00e1st\u00ed n\u011bmeck\u00e9 gramatiky, proto\u017ee n\u00e1m pom\u00e1haj\u00ed bl\u00ed\u017ee ur\u010dit, jak, kdy, kde nebo pro\u010d se n\u011bco d\u011bje. V t\u011bchto cvi\u010den\u00edch si\" \/>\n<meta name=\"robots\" content=\"index, follow, max-snippet:-1, max-image-preview:large, max-video-preview:-1\" \/>\n<link rel=\"canonical\" href=\"https:\/\/talkpal.ai\/cs\/grammar_exercises\/adverbien-cviceni-pro-nemeckou-gramatiku\/\" \/>\n<meta property=\"og:locale\" content=\"cs_CZ\" \/>\n<meta property=\"og:type\" content=\"article\" \/>\n<meta property=\"og:title\" content=\"Adverbien Cvi\u010den\u00ed pro n\u011bmeckou gramatiku\" \/>\n<meta property=\"og:description\" content=\"Adverbien jsou d\u016fle\u017eitou sou\u010d\u00e1st\u00ed n\u011bmeck\u00e9 gramatiky, proto\u017ee n\u00e1m pom\u00e1haj\u00ed bl\u00ed\u017ee ur\u010dit, jak, kdy, kde nebo pro\u010d se n\u011bco d\u011bje. V t\u011bchto cvi\u010den\u00edch si\" \/>\n<meta property=\"og:url\" content=\"https:\/\/talkpal.ai\/cs\/grammar_exercises\/adverbien-cviceni-pro-nemeckou-gramatiku\/\" \/>\n<meta property=\"og:site_name\" content=\"Talkpal\" \/>\n<meta property=\"article:publisher\" content=\"https:\/\/www.facebook.com\/profile.php?id=100090733639311\" \/>\n<meta property=\"og:image\" content=\"https:\/\/talkpal.ai\/wp-content\/uploads\/2025\/02\/Progress-tab-16_9.png\" \/>\n\t<meta property=\"og:image:width\" content=\"2880\" \/>\n\t<meta property=\"og:image:height\" content=\"1620\" \/>\n\t<meta property=\"og:image:type\" content=\"image\/png\" \/>\n<meta name=\"twitter:card\" content=\"summary_large_image\" \/>\n<meta name=\"twitter:site\" content=\"@talkpalai\" \/>\n<meta name=\"twitter:label1\" content=\"Odhadovan\u00e1 doba \u010dten\u00ed\" \/>\n\t<meta name=\"twitter:data1\" content=\"2 minuty\" \/>\n<script type=\"application\/ld+json\" class=\"yoast-schema-graph\">{\"@context\":\"https:\/\/schema.org\",\"@graph\":[{\"@type\":\"WebPage\",\"@id\":\"https:\/\/talkpal.ai\/cs\/grammar_exercises\/adverbien-cviceni-pro-nemeckou-gramatiku\/\",\"url\":\"https:\/\/talkpal.ai\/cs\/grammar_exercises\/adverbien-cviceni-pro-nemeckou-gramatiku\/\",\"name\":\"Adverbien Cvi\u010den\u00ed pro n\u011bmeckou gramatiku - Talkpal\",\"isPartOf\":{\"@id\":\"https:\/\/talkpal.ai\/cs\/#website\"},\"primaryImageOfPage\":{\"@id\":\"https:\/\/talkpal.ai\/cs\/grammar_exercises\/adverbien-cviceni-pro-nemeckou-gramatiku\/#primaryimage\"},\"image\":{\"@id\":\"https:\/\/talkpal.ai\/cs\/grammar_exercises\/adverbien-cviceni-pro-nemeckou-gramatiku\/#primaryimage\"},\"thumbnailUrl\":\"https:\/\/talkpal.ai\/wp-content\/uploads\/2025\/12\/students-type-on-laptop-learning-languages.webp\",\"datePublished\":\"2025-07-06T16:20:22+00:00\",\"description\":\"Adverbien jsou d\u016fle\u017eitou sou\u010d\u00e1st\u00ed n\u011bmeck\u00e9 gramatiky, proto\u017ee n\u00e1m pom\u00e1haj\u00ed bl\u00ed\u017ee ur\u010dit, jak, kdy, kde nebo pro\u010d se n\u011bco d\u011bje. V t\u011bchto cvi\u010den\u00edch si\",\"breadcrumb\":{\"@id\":\"https:\/\/talkpal.ai\/cs\/grammar_exercises\/adverbien-cviceni-pro-nemeckou-gramatiku\/#breadcrumb\"},\"inLanguage\":\"cs\",\"potentialAction\":[{\"@type\":\"ReadAction\",\"target\":[\"https:\/\/talkpal.ai\/cs\/grammar_exercises\/adverbien-cviceni-pro-nemeckou-gramatiku\/\"]}]},{\"@type\":\"ImageObject\",\"inLanguage\":\"cs\",\"@id\":\"https:\/\/talkpal.ai\/cs\/grammar_exercises\/adverbien-cviceni-pro-nemeckou-gramatiku\/#primaryimage\",\"url\":\"https:\/\/talkpal.ai\/wp-content\/uploads\/2025\/12\/students-type-on-laptop-learning-languages.webp\",\"contentUrl\":\"https:\/\/talkpal.ai\/wp-content\/uploads\/2025\/12\/students-type-on-laptop-learning-languages.webp\",\"width\":1200,\"height\":896,\"caption\":\"A man and woman use a laptop and textbooks for learning languages at an outdoor table with snacks.\"},{\"@type\":\"BreadcrumbList\",\"@id\":\"https:\/\/talkpal.ai\/cs\/grammar_exercises\/adverbien-cviceni-pro-nemeckou-gramatiku\/#breadcrumb\",\"itemListElement\":[{\"@type\":\"ListItem\",\"position\":1,\"name\":\"Homepage\",\"item\":\"https:\/\/talkpal.ai\/cs\/\"},{\"@type\":\"ListItem\",\"position\":2,\"name\":\"Adverbien Cvi\u010den\u00ed pro n\u011bmeckou gramatiku\"}]},{\"@type\":\"WebSite\",\"@id\":\"https:\/\/talkpal.ai\/cs\/#website\",\"url\":\"https:\/\/talkpal.ai\/cs\/\",\"name\":\"Talkpal\",\"description\":\"AI Language Learning\",\"publisher\":{\"@id\":\"https:\/\/talkpal.ai\/cs\/#organization\"},\"alternateName\":\"Talkpal AI\",\"potentialAction\":[{\"@type\":\"SearchAction\",\"target\":{\"@type\":\"EntryPoint\",\"urlTemplate\":\"https:\/\/talkpal.ai\/cs\/?s={search_term_string}\"},\"query-input\":{\"@type\":\"PropertyValueSpecification\",\"valueRequired\":true,\"valueName\":\"search_term_string\"}}],\"inLanguage\":\"cs\"},{\"@type\":\"Organization\",\"@id\":\"https:\/\/talkpal.ai\/cs\/#organization\",\"name\":\"Talkpal, Inc.\",\"alternateName\":\"Talkpal AI\",\"url\":\"https:\/\/talkpal.ai\/cs\/\",\"logo\":{\"@type\":\"ImageObject\",\"inLanguage\":\"cs\",\"@id\":\"https:\/\/talkpal.ai\/cs\/#\/schema\/logo\/image\/\",\"url\":\"https:\/\/talkpal.ai\/wp-content\/uploads\/2024\/03\/Talkpal-Logo-Icon.png\",\"contentUrl\":\"https:\/\/talkpal.ai\/wp-content\/uploads\/2024\/03\/Talkpal-Logo-Icon.png\",\"width\":2880,\"height\":2880,\"caption\":\"Talkpal, Inc.\"},\"image\":{\"@id\":\"https:\/\/talkpal.ai\/cs\/#\/schema\/logo\/image\/\"},\"sameAs\":[\"https:\/\/www.facebook.com\/profile.php?id=100090733639311\",\"https:\/\/x.com\/talkpalai\",\"https:\/\/www.linkedin.com\/company\/talkpal\/\",\"https:\/\/www.youtube.com\/@TalkPal\/\",\"https:\/\/www.tiktok.com\/@talkpal\",\"https:\/\/www.instagram.com\/talkpal_ai\/\",\"https:\/\/www.crunchbase.com\/organization\/talkpal-9cde\",\"https:\/\/www.g2.com\/products\/talkpal-for-business\/\",\"https:\/\/www.trustpilot.com\/review\/talkpal.ai\",\"https:\/\/www.capterra.com\/p\/10006800\/TalkPal\/\"],\"description\":\"Talkpal is a language learning web and mobile education app, powered by the latest AI technologies, that provides engaging experiences to its customers in many different languages to help them improve their language skills. Users can chat about unlimited amount of topics with the app and use other modes to practice their language learning.\",\"email\":\"support@talkpal.ai\",\"legalName\":\"Talkpal, Inc.\",\"foundingDate\":\"2023-04-03\",\"duns\":\"118989042\",\"numberOfEmployees\":{\"@type\":\"QuantitativeValue\",\"minValue\":\"11\",\"maxValue\":\"50\"},\"publishingPrinciples\":\"https:\/\/talkpal.ai\/publishing-principles\/\",\"actionableFeedbackPolicy\":\"https:\/\/talkpal.ai\/actionable-feedback-policy\/\",\"correctionsPolicy\":\"https:\/\/talkpal.ai\/corrections-policy\/\",\"ethicsPolicy\":\"https:\/\/talkpal.ai\/ethics-policy\/\",\"diversityPolicy\":\"https:\/\/talkpal.ai\/diversity-policy\/\",\"diversityStaffingReport\":\"https:\/\/talkpal.ai\/diversity-policy\/\"}]}<\/script>\n<!-- \/ Yoast SEO Premium plugin. -->","yoast_head_json":{"title":"Adverbien Cvi\u010den\u00ed pro n\u011bmeckou gramatiku - Talkpal","description":"Adverbien jsou d\u016fle\u017eitou sou\u010d\u00e1st\u00ed n\u011bmeck\u00e9 gramatiky, proto\u017ee n\u00e1m pom\u00e1haj\u00ed bl\u00ed\u017ee ur\u010dit, jak, kdy, kde nebo pro\u010d se n\u011bco d\u011bje. V t\u011bchto cvi\u010den\u00edch si","robots":{"index":"index","follow":"follow","max-snippet":"max-snippet:-1","max-image-preview":"max-image-preview:large","max-video-preview":"max-video-preview:-1"},"canonical":"https:\/\/talkpal.ai\/cs\/grammar_exercises\/adverbien-cviceni-pro-nemeckou-gramatiku\/","og_locale":"cs_CZ","og_type":"article","og_title":"Adverbien Cvi\u010den\u00ed pro n\u011bmeckou gramatiku","og_description":"Adverbien jsou d\u016fle\u017eitou sou\u010d\u00e1st\u00ed n\u011bmeck\u00e9 gramatiky, proto\u017ee n\u00e1m pom\u00e1haj\u00ed bl\u00ed\u017ee ur\u010dit, jak, kdy, kde nebo pro\u010d se n\u011bco d\u011bje. V t\u011bchto cvi\u010den\u00edch si","og_url":"https:\/\/talkpal.ai\/cs\/grammar_exercises\/adverbien-cviceni-pro-nemeckou-gramatiku\/","og_site_name":"Talkpal","article_publisher":"https:\/\/www.facebook.com\/profile.php?id=100090733639311","og_image":[{"width":2880,"height":1620,"url":"https:\/\/talkpal.ai\/wp-content\/uploads\/2025\/02\/Progress-tab-16_9.png","type":"image\/png"}],"twitter_card":"summary_large_image","twitter_site":"@talkpalai","twitter_misc":{"Odhadovan\u00e1 doba \u010dten\u00ed":"2 minuty"},"schema":{"@context":"https:\/\/schema.org","@graph":[{"@type":"WebPage","@id":"https:\/\/talkpal.ai\/cs\/grammar_exercises\/adverbien-cviceni-pro-nemeckou-gramatiku\/","url":"https:\/\/talkpal.ai\/cs\/grammar_exercises\/adverbien-cviceni-pro-nemeckou-gramatiku\/","name":"Adverbien Cvi\u010den\u00ed pro n\u011bmeckou gramatiku - Talkpal","isPartOf":{"@id":"https:\/\/talkpal.ai\/cs\/#website"},"primaryImageOfPage":{"@id":"https:\/\/talkpal.ai\/cs\/grammar_exercises\/adverbien-cviceni-pro-nemeckou-gramatiku\/#primaryimage"},"image":{"@id":"https:\/\/talkpal.ai\/cs\/grammar_exercises\/adverbien-cviceni-pro-nemeckou-gramatiku\/#primaryimage"},"thumbnailUrl":"https:\/\/talkpal.ai\/wp-content\/uploads\/2025\/12\/students-type-on-laptop-learning-languages.webp","datePublished":"2025-07-06T16:20:22+00:00","description":"Adverbien jsou d\u016fle\u017eitou sou\u010d\u00e1st\u00ed n\u011bmeck\u00e9 gramatiky, proto\u017ee n\u00e1m pom\u00e1haj\u00ed bl\u00ed\u017ee ur\u010dit, jak, kdy, kde nebo pro\u010d se n\u011bco d\u011bje. V t\u011bchto cvi\u010den\u00edch si","breadcrumb":{"@id":"https:\/\/talkpal.ai\/cs\/grammar_exercises\/adverbien-cviceni-pro-nemeckou-gramatiku\/#breadcrumb"},"inLanguage":"cs","potentialAction":[{"@type":"ReadAction","target":["https:\/\/talkpal.ai\/cs\/grammar_exercises\/adverbien-cviceni-pro-nemeckou-gramatiku\/"]}]},{"@type":"ImageObject","inLanguage":"cs","@id":"https:\/\/talkpal.ai\/cs\/grammar_exercises\/adverbien-cviceni-pro-nemeckou-gramatiku\/#primaryimage","url":"https:\/\/talkpal.ai\/wp-content\/uploads\/2025\/12\/students-type-on-laptop-learning-languages.webp","contentUrl":"https:\/\/talkpal.ai\/wp-content\/uploads\/2025\/12\/students-type-on-laptop-learning-languages.webp","width":1200,"height":896,"caption":"A man and woman use a laptop and textbooks for learning languages at an outdoor table with snacks."},{"@type":"BreadcrumbList","@id":"https:\/\/talkpal.ai\/cs\/grammar_exercises\/adverbien-cviceni-pro-nemeckou-gramatiku\/#breadcrumb","itemListElement":[{"@type":"ListItem","position":1,"name":"Homepage","item":"https:\/\/talkpal.ai\/cs\/"},{"@type":"ListItem","position":2,"name":"Adverbien Cvi\u010den\u00ed pro n\u011bmeckou gramatiku"}]},{"@type":"WebSite","@id":"https:\/\/talkpal.ai\/cs\/#website","url":"https:\/\/talkpal.ai\/cs\/","name":"Talkpal","description":"AI Language Learning","publisher":{"@id":"https:\/\/talkpal.ai\/cs\/#organization"},"alternateName":"Talkpal AI","potentialAction":[{"@type":"SearchAction","target":{"@type":"EntryPoint","urlTemplate":"https:\/\/talkpal.ai\/cs\/?s={search_term_string}"},"query-input":{"@type":"PropertyValueSpecification","valueRequired":true,"valueName":"search_term_string"}}],"inLanguage":"cs"},{"@type":"Organization","@id":"https:\/\/talkpal.ai\/cs\/#organization","name":"Talkpal, Inc.","alternateName":"Talkpal AI","url":"https:\/\/talkpal.ai\/cs\/","logo":{"@type":"ImageObject","inLanguage":"cs","@id":"https:\/\/talkpal.ai\/cs\/#\/schema\/logo\/image\/","url":"https:\/\/talkpal.ai\/wp-content\/uploads\/2024\/03\/Talkpal-Logo-Icon.png","contentUrl":"https:\/\/talkpal.ai\/wp-content\/uploads\/2024\/03\/Talkpal-Logo-Icon.png","width":2880,"height":2880,"caption":"Talkpal, Inc."},"image":{"@id":"https:\/\/talkpal.ai\/cs\/#\/schema\/logo\/image\/"},"sameAs":["https:\/\/www.facebook.com\/profile.php?id=100090733639311","https:\/\/x.com\/talkpalai","https:\/\/www.linkedin.com\/company\/talkpal\/","https:\/\/www.youtube.com\/@TalkPal\/","https:\/\/www.tiktok.com\/@talkpal","https:\/\/www.instagram.com\/talkpal_ai\/","https:\/\/www.crunchbase.com\/organization\/talkpal-9cde","https:\/\/www.g2.com\/products\/talkpal-for-business\/","https:\/\/www.trustpilot.com\/review\/talkpal.ai","https:\/\/www.capterra.com\/p\/10006800\/TalkPal\/"],"description":"Talkpal is a language learning web and mobile education app, powered by the latest AI technologies, that provides engaging experiences to its customers in many different languages to help them improve their language skills. Users can chat about unlimited amount of topics with the app and use other modes to practice their language learning.","email":"support@talkpal.ai","legalName":"Talkpal, Inc.","foundingDate":"2023-04-03","duns":"118989042","numberOfEmployees":{"@type":"QuantitativeValue","minValue":"11","maxValue":"50"},"publishingPrinciples":"https:\/\/talkpal.ai\/publishing-principles\/","actionableFeedbackPolicy":"https:\/\/talkpal.ai\/actionable-feedback-policy\/","correctionsPolicy":"https:\/\/talkpal.ai\/corrections-policy\/","ethicsPolicy":"https:\/\/talkpal.ai\/ethics-policy\/","diversityPolicy":"https:\/\/talkpal.ai\/diversity-policy\/","diversityStaffingReport":"https:\/\/talkpal.ai\/diversity-policy\/"}]}},"_links":{"self":[{"href":"https:\/\/talkpal.ai\/cs\/wp-json\/wp\/v2\/grammar_exercises\/1164865","targetHints":{"allow":["GET"]}}],"collection":[{"href":"https:\/\/talkpal.ai\/cs\/wp-json\/wp\/v2\/grammar_exercises"}],"about":[{"href":"https:\/\/talkpal.ai\/cs\/wp-json\/wp\/v2\/types\/grammar_exercises"}],"wp:featuredmedia":[{"embeddable":true,"href":"https:\/\/talkpal.ai\/cs\/wp-json\/wp\/v2\/media\/1527987"}],"wp:attachment":[{"href":"https:\/\/talkpal.ai\/cs\/wp-json\/wp\/v2\/media?parent=1164865"}],"wp:term":[{"taxonomy":"exercise_language","embeddable":true,"href":"https:\/\/talkpal.ai\/cs\/wp-json\/wp\/v2\/exercise_language?post=1164865"}],"curies":[{"name":"wp","href":"https:\/\/api.w.org\/{rel}","templated":true}]}}