{"id":1164860,"date":"2025-07-06T16:20:18","date_gmt":"2025-07-06T16:20:18","guid":{"rendered":"https:\/\/talkpal.ai\/grammar_exercises\/relativpronomen-cviceni-pro-nemeckou-gramatiku\/"},"modified":"2025-07-06T16:20:18","modified_gmt":"2025-07-06T16:20:18","slug":"relativpronomen-cviceni-pro-nemeckou-gramatiku","status":"publish","type":"grammar_exercises","link":"https:\/\/talkpal.ai\/cs\/grammar_exercises\/relativpronomen-cviceni-pro-nemeckou-gramatiku\/","title":{"rendered":"Relativpronomen Cvi\u010den\u00ed pro n\u011bmeckou gramatiku"},"content":{"rendered":"<p>V tomto cvi\u010den\u00ed si procvi\u010d\u00edme pou\u017eit\u00ed relativn\u00edch z\u00e1jmen (<a href=\"https:\/\/talkpal.ai\/hi\/grammar_exercises\/relativpronomen-%e0%a4%9c%e0%a4%b0%e0%a5%8d%e0%a4%ae%e0%a4%a8-%e0%a4%b5%e0%a5%8d%e0%a4%af%e0%a4%be%e0%a4%95%e0%a4%b0%e0%a4%a3-%e0%a4%95%e0%a5%87-%e0%a4%b2%e0%a4%bf%e0%a4%8f-%e0%a4%85%e0%a4%ad%e0%a5%8d\/\">Relativpronomen<\/a>) v n\u011bmeck\u00e9 gramatice. Relativn\u00ed z\u00e1jmena se pou\u017e\u00edvaj\u00ed k propojen\u00ed dvou v\u011bt, kde druh\u00e1 v\u011bta bli\u017e\u0161\u00ed specifikuje podstatn\u00e9 jm\u00e9no z v\u011bty prvn\u00ed. Nau\u010d\u00edme se, jak spr\u00e1vn\u011b vybrat relativn\u00ed z\u00e1jmeno podle rodu, \u010d\u00edsla a p\u00e1du podstatn\u00e9ho jm\u00e9na.<\/p>\n<h3>Relativpronomen Cvi\u010den\u00ed 1: V\u00fdb\u011br spr\u00e1vn\u00e9ho z\u00e1jmena<\/h3>\n<div class=\"input_sentences\">\n1. Das ist der Mann, *der* das Auto repariert. (mu\u017e, kdo n\u011bco d\u011bl\u00e1)<br \/>\n2. Ich kenne das M\u00e4dchen, *das* im Park spielt. (d\u00edvka, co n\u011bco d\u011bl\u00e1)<br \/>\n3. Wir besuchen die Stadt, *die* sehr alt ist. (m\u011bsto, kter\u00e9)<br \/>\n4. Das ist der Hund, *den* ich gestern gesehen habe. (pes, koho vid\u00edm \u2013 akuzativ)<br \/>\n5. Ich habe einen Freund, *der* in <a href=\"https:\/\/talkpal.ai\/locations\/language-courses-in-berlin\/\">Berlin<\/a> wohnt. (p\u0159\u00edtel, kdo n\u011bco d\u011bl\u00e1)<br \/>\n6. Sie liest das Buch, *das* sehr spannend ist. (kniha, kter\u00e1)<br \/>\n7. Kennst du die Frau, *die* dort steht? (\u017eena, kter\u00e1)<br \/>\n8. Das ist der <a href=\"https:\/\/talkpal.ai\/talkpal-discount-for-teachers\/\">Lehrer<\/a>, *dem* ich die Frage gestellt habe. (u\u010ditel, komu \u2013 dativ)<br \/>\n9. Ich habe ein Haus, *das* einen gro\u00dfen Garten hat. (d\u016fm, kter\u00fd)<br \/>\n10. Hier ist das Kind, *dessen* Ball kaputt ist. (d\u00edt\u011b, jeho\u017e \u2013 genitiv)\n<\/div>\n<div class=\"exercise\"><\/div>\n<h3>Relativpronomen Cvi\u010den\u00ed 2: Vypl\u0148ov\u00e1n\u00ed spr\u00e1vn\u00e9ho tvaru<\/h3>\n<div class=\"input_sentences\">\n1. Der Mann, *der* am Fenster steht, ist mein Vater. (mu\u017e, kdo stoj\u00ed \u2013 nominativ)<br \/>\n2. Ich sehe den Film, *den* du empfohlen hast. (film, kter\u00fd \u2013 akuzativ)<br \/>\n3. Das M\u00e4dchen, *dem* ich helfe, ist meine Schwester. (d\u00edvka, komu pom\u00e1h\u00e1m \u2013 dativ)<br \/>\n4. Die Frau, *deren* Auto kaputt ist, braucht Hilfe. (\u017eena, jej\u00ed\u017e auto \u2013 genitiv)<br \/>\n5. Wir besuchen das Museum, *das* neu er\u00f6ffnet wurde. (muzeum, kter\u00e9)<br \/>\n6. Der Hund, *den* ich f\u00fcttere, ist sehr freundlich. (pes, kter\u00e9ho \u2013 akuzativ)<br \/>\n7. Ich habe einen Bruder, *der* in <a href=\"https:\/\/talkpal.ai\/locations\/language-courses-in-hamburg\/\">Hamburg<\/a> lebt. (bratr, kdo \u017eije)<br \/>\n8. Das ist die Stadt, *in der* ich geboren wurde. (m\u011bsto, kde \u2013 lokaliza\u010dn\u00ed vztah)<br \/>\n9. Kennst du die Leute, *die* gestern gekommen sind? (lid\u00e9, kte\u0159\u00ed)<br \/>\n10. Das Buch, *wessen* Titel ich vergessen habe, ist interessant. (kniha, jej\u00ed\u017e \u2013 genitiv)\n<\/div>\n<div class=\"exercise\"><\/div>\n","protected":false},"featured_media":1527715,"parent":0,"menu_order":0,"template":"","exercise_language":[20299,20381],"class_list":["post-1164860","grammar_exercises","type-grammar_exercises","status-publish","has-post-thumbnail","hentry","exercise_language-cviceni-z-nemciny","exercise_language-zajmena-nemecka-gramatika"],"acf":[],"yoast_head":"<!-- This site is optimized with the Yoast SEO Premium plugin v27.2 (Yoast SEO v27.2) - https:\/\/yoast.com\/product\/yoast-seo-premium-wordpress\/ -->\n<title>Relativpronomen Cvi\u010den\u00ed pro n\u011bmeckou gramatiku - Talkpal<\/title>\n<meta name=\"description\" content=\"V tomto cvi\u010den\u00ed si procvi\u010d\u00edme pou\u017eit\u00ed relativn\u00edch z\u00e1jmen (Relativpronomen) v n\u011bmeck\u00e9 gramatice. Relativn\u00ed z\u00e1jmena se pou\u017e\u00edvaj\u00ed k propojen\u00ed dvou v\u011bt, kde\" \/>\n<meta name=\"robots\" content=\"index, follow, max-snippet:-1, max-image-preview:large, max-video-preview:-1\" \/>\n<link rel=\"canonical\" href=\"https:\/\/talkpal.ai\/cs\/grammar_exercises\/relativpronomen-cviceni-pro-nemeckou-gramatiku\/\" \/>\n<meta property=\"og:locale\" content=\"cs_CZ\" \/>\n<meta property=\"og:type\" content=\"article\" \/>\n<meta property=\"og:title\" content=\"Relativpronomen Cvi\u010den\u00ed pro n\u011bmeckou gramatiku\" \/>\n<meta property=\"og:description\" content=\"V tomto cvi\u010den\u00ed si procvi\u010d\u00edme pou\u017eit\u00ed relativn\u00edch z\u00e1jmen (Relativpronomen) v n\u011bmeck\u00e9 gramatice. Relativn\u00ed z\u00e1jmena se pou\u017e\u00edvaj\u00ed k propojen\u00ed dvou v\u011bt, kde\" \/>\n<meta property=\"og:url\" content=\"https:\/\/talkpal.ai\/cs\/grammar_exercises\/relativpronomen-cviceni-pro-nemeckou-gramatiku\/\" \/>\n<meta property=\"og:site_name\" content=\"Talkpal\" \/>\n<meta property=\"article:publisher\" content=\"https:\/\/www.facebook.com\/profile.php?id=100090733639311\" \/>\n<meta property=\"og:image\" content=\"https:\/\/talkpal.ai\/wp-content\/uploads\/2025\/02\/Progress-tab-16_9.png\" \/>\n\t<meta property=\"og:image:width\" content=\"2880\" \/>\n\t<meta property=\"og:image:height\" content=\"1620\" \/>\n\t<meta property=\"og:image:type\" content=\"image\/png\" \/>\n<meta name=\"twitter:card\" content=\"summary_large_image\" \/>\n<meta name=\"twitter:site\" content=\"@talkpalai\" \/>\n<meta name=\"twitter:label1\" content=\"Odhadovan\u00e1 doba \u010dten\u00ed\" \/>\n\t<meta name=\"twitter:data1\" content=\"2 minuty\" \/>\n<script type=\"application\/ld+json\" class=\"yoast-schema-graph\">{\"@context\":\"https:\/\/schema.org\",\"@graph\":[{\"@type\":\"WebPage\",\"@id\":\"https:\/\/talkpal.ai\/cs\/grammar_exercises\/relativpronomen-cviceni-pro-nemeckou-gramatiku\/\",\"url\":\"https:\/\/talkpal.ai\/cs\/grammar_exercises\/relativpronomen-cviceni-pro-nemeckou-gramatiku\/\",\"name\":\"Relativpronomen Cvi\u010den\u00ed pro n\u011bmeckou gramatiku - Talkpal\",\"isPartOf\":{\"@id\":\"https:\/\/talkpal.ai\/cs\/#website\"},\"primaryImageOfPage\":{\"@id\":\"https:\/\/talkpal.ai\/cs\/grammar_exercises\/relativpronomen-cviceni-pro-nemeckou-gramatiku\/#primaryimage\"},\"image\":{\"@id\":\"https:\/\/talkpal.ai\/cs\/grammar_exercises\/relativpronomen-cviceni-pro-nemeckou-gramatiku\/#primaryimage\"},\"thumbnailUrl\":\"https:\/\/talkpal.ai\/wp-content\/uploads\/2025\/12\/laptop-is-typed-on-to-learn-languages.webp\",\"datePublished\":\"2025-07-06T16:20:18+00:00\",\"description\":\"V tomto cvi\u010den\u00ed si procvi\u010d\u00edme pou\u017eit\u00ed relativn\u00edch z\u00e1jmen (Relativpronomen) v n\u011bmeck\u00e9 gramatice. Relativn\u00ed z\u00e1jmena se pou\u017e\u00edvaj\u00ed k propojen\u00ed dvou v\u011bt, kde\",\"breadcrumb\":{\"@id\":\"https:\/\/talkpal.ai\/cs\/grammar_exercises\/relativpronomen-cviceni-pro-nemeckou-gramatiku\/#breadcrumb\"},\"inLanguage\":\"cs\",\"potentialAction\":[{\"@type\":\"ReadAction\",\"target\":[\"https:\/\/talkpal.ai\/cs\/grammar_exercises\/relativpronomen-cviceni-pro-nemeckou-gramatiku\/\"]}]},{\"@type\":\"ImageObject\",\"inLanguage\":\"cs\",\"@id\":\"https:\/\/talkpal.ai\/cs\/grammar_exercises\/relativpronomen-cviceni-pro-nemeckou-gramatiku\/#primaryimage\",\"url\":\"https:\/\/talkpal.ai\/wp-content\/uploads\/2025\/12\/laptop-is-typed-on-to-learn-languages.webp\",\"contentUrl\":\"https:\/\/talkpal.ai\/wp-content\/uploads\/2025\/12\/laptop-is-typed-on-to-learn-languages.webp\",\"width\":1200,\"height\":896,\"caption\":\"First-person view of hands typing on a laptop to learn languages between two tall stacks of books.\"},{\"@type\":\"BreadcrumbList\",\"@id\":\"https:\/\/talkpal.ai\/cs\/grammar_exercises\/relativpronomen-cviceni-pro-nemeckou-gramatiku\/#breadcrumb\",\"itemListElement\":[{\"@type\":\"ListItem\",\"position\":1,\"name\":\"Homepage\",\"item\":\"https:\/\/talkpal.ai\/cs\/\"},{\"@type\":\"ListItem\",\"position\":2,\"name\":\"Relativpronomen Cvi\u010den\u00ed pro n\u011bmeckou gramatiku\"}]},{\"@type\":\"WebSite\",\"@id\":\"https:\/\/talkpal.ai\/cs\/#website\",\"url\":\"https:\/\/talkpal.ai\/cs\/\",\"name\":\"Talkpal\",\"description\":\"AI Language Learning\",\"publisher\":{\"@id\":\"https:\/\/talkpal.ai\/cs\/#organization\"},\"alternateName\":\"Talkpal AI\",\"potentialAction\":[{\"@type\":\"SearchAction\",\"target\":{\"@type\":\"EntryPoint\",\"urlTemplate\":\"https:\/\/talkpal.ai\/cs\/?s={search_term_string}\"},\"query-input\":{\"@type\":\"PropertyValueSpecification\",\"valueRequired\":true,\"valueName\":\"search_term_string\"}}],\"inLanguage\":\"cs\"},{\"@type\":\"Organization\",\"@id\":\"https:\/\/talkpal.ai\/cs\/#organization\",\"name\":\"Talkpal, Inc.\",\"alternateName\":\"Talkpal AI\",\"url\":\"https:\/\/talkpal.ai\/cs\/\",\"logo\":{\"@type\":\"ImageObject\",\"inLanguage\":\"cs\",\"@id\":\"https:\/\/talkpal.ai\/cs\/#\/schema\/logo\/image\/\",\"url\":\"https:\/\/talkpal.ai\/wp-content\/uploads\/2024\/03\/Talkpal-Logo-Icon.png\",\"contentUrl\":\"https:\/\/talkpal.ai\/wp-content\/uploads\/2024\/03\/Talkpal-Logo-Icon.png\",\"width\":2880,\"height\":2880,\"caption\":\"Talkpal, Inc.\"},\"image\":{\"@id\":\"https:\/\/talkpal.ai\/cs\/#\/schema\/logo\/image\/\"},\"sameAs\":[\"https:\/\/www.facebook.com\/profile.php?id=100090733639311\",\"https:\/\/x.com\/talkpalai\",\"https:\/\/www.linkedin.com\/company\/talkpal\/\",\"https:\/\/www.youtube.com\/@TalkPal\/\",\"https:\/\/www.tiktok.com\/@talkpal\",\"https:\/\/www.instagram.com\/talkpal_ai\/\",\"https:\/\/www.crunchbase.com\/organization\/talkpal-9cde\",\"https:\/\/www.g2.com\/products\/talkpal-for-business\/\",\"https:\/\/www.trustpilot.com\/review\/talkpal.ai\",\"https:\/\/www.capterra.com\/p\/10006800\/TalkPal\/\"],\"description\":\"Talkpal is a language learning web and mobile education app, powered by the latest AI technologies, that provides engaging experiences to its customers in many different languages to help them improve their language skills. Users can chat about unlimited amount of topics with the app and use other modes to practice their language learning.\",\"email\":\"support@talkpal.ai\",\"legalName\":\"Talkpal, Inc.\",\"foundingDate\":\"2023-04-03\",\"duns\":\"118989042\",\"numberOfEmployees\":{\"@type\":\"QuantitativeValue\",\"minValue\":\"11\",\"maxValue\":\"50\"},\"publishingPrinciples\":\"https:\/\/talkpal.ai\/publishing-principles\/\",\"actionableFeedbackPolicy\":\"https:\/\/talkpal.ai\/actionable-feedback-policy\/\",\"correctionsPolicy\":\"https:\/\/talkpal.ai\/corrections-policy\/\",\"ethicsPolicy\":\"https:\/\/talkpal.ai\/ethics-policy\/\",\"diversityPolicy\":\"https:\/\/talkpal.ai\/diversity-policy\/\",\"diversityStaffingReport\":\"https:\/\/talkpal.ai\/diversity-policy\/\"}]}<\/script>\n<!-- \/ Yoast SEO Premium plugin. -->","yoast_head_json":{"title":"Relativpronomen Cvi\u010den\u00ed pro n\u011bmeckou gramatiku - Talkpal","description":"V tomto cvi\u010den\u00ed si procvi\u010d\u00edme pou\u017eit\u00ed relativn\u00edch z\u00e1jmen (Relativpronomen) v n\u011bmeck\u00e9 gramatice. Relativn\u00ed z\u00e1jmena se pou\u017e\u00edvaj\u00ed k propojen\u00ed dvou v\u011bt, kde","robots":{"index":"index","follow":"follow","max-snippet":"max-snippet:-1","max-image-preview":"max-image-preview:large","max-video-preview":"max-video-preview:-1"},"canonical":"https:\/\/talkpal.ai\/cs\/grammar_exercises\/relativpronomen-cviceni-pro-nemeckou-gramatiku\/","og_locale":"cs_CZ","og_type":"article","og_title":"Relativpronomen Cvi\u010den\u00ed pro n\u011bmeckou gramatiku","og_description":"V tomto cvi\u010den\u00ed si procvi\u010d\u00edme pou\u017eit\u00ed relativn\u00edch z\u00e1jmen (Relativpronomen) v n\u011bmeck\u00e9 gramatice. Relativn\u00ed z\u00e1jmena se pou\u017e\u00edvaj\u00ed k propojen\u00ed dvou v\u011bt, kde","og_url":"https:\/\/talkpal.ai\/cs\/grammar_exercises\/relativpronomen-cviceni-pro-nemeckou-gramatiku\/","og_site_name":"Talkpal","article_publisher":"https:\/\/www.facebook.com\/profile.php?id=100090733639311","og_image":[{"width":2880,"height":1620,"url":"https:\/\/talkpal.ai\/wp-content\/uploads\/2025\/02\/Progress-tab-16_9.png","type":"image\/png"}],"twitter_card":"summary_large_image","twitter_site":"@talkpalai","twitter_misc":{"Odhadovan\u00e1 doba \u010dten\u00ed":"2 minuty"},"schema":{"@context":"https:\/\/schema.org","@graph":[{"@type":"WebPage","@id":"https:\/\/talkpal.ai\/cs\/grammar_exercises\/relativpronomen-cviceni-pro-nemeckou-gramatiku\/","url":"https:\/\/talkpal.ai\/cs\/grammar_exercises\/relativpronomen-cviceni-pro-nemeckou-gramatiku\/","name":"Relativpronomen Cvi\u010den\u00ed pro n\u011bmeckou gramatiku - Talkpal","isPartOf":{"@id":"https:\/\/talkpal.ai\/cs\/#website"},"primaryImageOfPage":{"@id":"https:\/\/talkpal.ai\/cs\/grammar_exercises\/relativpronomen-cviceni-pro-nemeckou-gramatiku\/#primaryimage"},"image":{"@id":"https:\/\/talkpal.ai\/cs\/grammar_exercises\/relativpronomen-cviceni-pro-nemeckou-gramatiku\/#primaryimage"},"thumbnailUrl":"https:\/\/talkpal.ai\/wp-content\/uploads\/2025\/12\/laptop-is-typed-on-to-learn-languages.webp","datePublished":"2025-07-06T16:20:18+00:00","description":"V tomto cvi\u010den\u00ed si procvi\u010d\u00edme pou\u017eit\u00ed relativn\u00edch z\u00e1jmen (Relativpronomen) v n\u011bmeck\u00e9 gramatice. Relativn\u00ed z\u00e1jmena se pou\u017e\u00edvaj\u00ed k propojen\u00ed dvou v\u011bt, kde","breadcrumb":{"@id":"https:\/\/talkpal.ai\/cs\/grammar_exercises\/relativpronomen-cviceni-pro-nemeckou-gramatiku\/#breadcrumb"},"inLanguage":"cs","potentialAction":[{"@type":"ReadAction","target":["https:\/\/talkpal.ai\/cs\/grammar_exercises\/relativpronomen-cviceni-pro-nemeckou-gramatiku\/"]}]},{"@type":"ImageObject","inLanguage":"cs","@id":"https:\/\/talkpal.ai\/cs\/grammar_exercises\/relativpronomen-cviceni-pro-nemeckou-gramatiku\/#primaryimage","url":"https:\/\/talkpal.ai\/wp-content\/uploads\/2025\/12\/laptop-is-typed-on-to-learn-languages.webp","contentUrl":"https:\/\/talkpal.ai\/wp-content\/uploads\/2025\/12\/laptop-is-typed-on-to-learn-languages.webp","width":1200,"height":896,"caption":"First-person view of hands typing on a laptop to learn languages between two tall stacks of books."},{"@type":"BreadcrumbList","@id":"https:\/\/talkpal.ai\/cs\/grammar_exercises\/relativpronomen-cviceni-pro-nemeckou-gramatiku\/#breadcrumb","itemListElement":[{"@type":"ListItem","position":1,"name":"Homepage","item":"https:\/\/talkpal.ai\/cs\/"},{"@type":"ListItem","position":2,"name":"Relativpronomen Cvi\u010den\u00ed pro n\u011bmeckou gramatiku"}]},{"@type":"WebSite","@id":"https:\/\/talkpal.ai\/cs\/#website","url":"https:\/\/talkpal.ai\/cs\/","name":"Talkpal","description":"AI Language Learning","publisher":{"@id":"https:\/\/talkpal.ai\/cs\/#organization"},"alternateName":"Talkpal AI","potentialAction":[{"@type":"SearchAction","target":{"@type":"EntryPoint","urlTemplate":"https:\/\/talkpal.ai\/cs\/?s={search_term_string}"},"query-input":{"@type":"PropertyValueSpecification","valueRequired":true,"valueName":"search_term_string"}}],"inLanguage":"cs"},{"@type":"Organization","@id":"https:\/\/talkpal.ai\/cs\/#organization","name":"Talkpal, Inc.","alternateName":"Talkpal AI","url":"https:\/\/talkpal.ai\/cs\/","logo":{"@type":"ImageObject","inLanguage":"cs","@id":"https:\/\/talkpal.ai\/cs\/#\/schema\/logo\/image\/","url":"https:\/\/talkpal.ai\/wp-content\/uploads\/2024\/03\/Talkpal-Logo-Icon.png","contentUrl":"https:\/\/talkpal.ai\/wp-content\/uploads\/2024\/03\/Talkpal-Logo-Icon.png","width":2880,"height":2880,"caption":"Talkpal, Inc."},"image":{"@id":"https:\/\/talkpal.ai\/cs\/#\/schema\/logo\/image\/"},"sameAs":["https:\/\/www.facebook.com\/profile.php?id=100090733639311","https:\/\/x.com\/talkpalai","https:\/\/www.linkedin.com\/company\/talkpal\/","https:\/\/www.youtube.com\/@TalkPal\/","https:\/\/www.tiktok.com\/@talkpal","https:\/\/www.instagram.com\/talkpal_ai\/","https:\/\/www.crunchbase.com\/organization\/talkpal-9cde","https:\/\/www.g2.com\/products\/talkpal-for-business\/","https:\/\/www.trustpilot.com\/review\/talkpal.ai","https:\/\/www.capterra.com\/p\/10006800\/TalkPal\/"],"description":"Talkpal is a language learning web and mobile education app, powered by the latest AI technologies, that provides engaging experiences to its customers in many different languages to help them improve their language skills. Users can chat about unlimited amount of topics with the app and use other modes to practice their language learning.","email":"support@talkpal.ai","legalName":"Talkpal, Inc.","foundingDate":"2023-04-03","duns":"118989042","numberOfEmployees":{"@type":"QuantitativeValue","minValue":"11","maxValue":"50"},"publishingPrinciples":"https:\/\/talkpal.ai\/publishing-principles\/","actionableFeedbackPolicy":"https:\/\/talkpal.ai\/actionable-feedback-policy\/","correctionsPolicy":"https:\/\/talkpal.ai\/corrections-policy\/","ethicsPolicy":"https:\/\/talkpal.ai\/ethics-policy\/","diversityPolicy":"https:\/\/talkpal.ai\/diversity-policy\/","diversityStaffingReport":"https:\/\/talkpal.ai\/diversity-policy\/"}]}},"_links":{"self":[{"href":"https:\/\/talkpal.ai\/cs\/wp-json\/wp\/v2\/grammar_exercises\/1164860","targetHints":{"allow":["GET"]}}],"collection":[{"href":"https:\/\/talkpal.ai\/cs\/wp-json\/wp\/v2\/grammar_exercises"}],"about":[{"href":"https:\/\/talkpal.ai\/cs\/wp-json\/wp\/v2\/types\/grammar_exercises"}],"wp:featuredmedia":[{"embeddable":true,"href":"https:\/\/talkpal.ai\/cs\/wp-json\/wp\/v2\/media\/1527715"}],"wp:attachment":[{"href":"https:\/\/talkpal.ai\/cs\/wp-json\/wp\/v2\/media?parent=1164860"}],"wp:term":[{"taxonomy":"exercise_language","embeddable":true,"href":"https:\/\/talkpal.ai\/cs\/wp-json\/wp\/v2\/exercise_language?post=1164860"}],"curies":[{"name":"wp","href":"https:\/\/api.w.org\/{rel}","templated":true}]}}